{"id":11755,"date":"2019-02-05T08:32:28","date_gmt":"2019-02-05T07:32:28","guid":{"rendered":"http:\/\/aline-voinot.com\/?page_id=11755"},"modified":"2022-10-21T01:39:35","modified_gmt":"2022-10-20T23:39:35","slug":"heritage-de-jean-jacques-ampere","status":"publish","type":"page","link":"https:\/\/aline-voinot.com\/index.php\/heritage-de-jean-jacques-ampere\/","title":{"rendered":"H\u00e9ritage de Jean-Jacques Amp\u00e8re"},"content":{"rendered":"<p>[vc_row full_width=\u00a0\u00bbstretch_row\u00a0\u00bb css=\u00a0\u00bb.vc_custom_1513000693114{background-color: #272727 !important;}\u00a0\u00bb][vc_column width=\u00a0\u00bb1\/6&Prime;][vc_single_image image=\u00a0\u00bb1516&Prime; img_size=\u00a0\u00bb150X150&Prime; alignment=\u00a0\u00bbcenter\u00a0\u00bb][\/vc_column][vc_column width=\u00a0\u00bb1\/6&Prime;][vc_btn title=\u00a0\u00bbPortraits\u00a0\u00bb size=\u00a0\u00bblg\u00a0\u00bb align=\u00a0\u00bbcenter\u00a0\u00bb button_block=\u00a0\u00bbtrue\u00a0\u00bb link=\u00a0\u00bburl:http%3A%2F%2Faline-voinot.com%2Findex.php%2Fjean-jacques-ampere%2F|||\u00a0\u00bb][vc_btn title=\u00a0\u00bbR\u00e9sidences\u00a0\u00bb size=\u00a0\u00bblg\u00a0\u00bb align=\u00a0\u00bbcenter\u00a0\u00bb button_block=\u00a0\u00bbtrue\u00a0\u00bb link=\u00a0\u00bburl:http%3A%2F%2Faline-voinot.com%2Findex.php%2Fresidences-de-jean-jacques-ampere%2F|||\u00a0\u00bb][\/vc_column][vc_column width=\u00a0\u00bb1\/6&Prime;][vc_btn title=\u00a0\u00bbR\u00e9seau Social\u00a0\u00bb size=\u00a0\u00bblg\u00a0\u00bb align=\u00a0\u00bbcenter\u00a0\u00bb button_block=\u00a0\u00bbtrue\u00a0\u00bb link=\u00a0\u00bburl:http%3A%2F%2Faline-voinot.com%2Findex.php%2Freseau-social-de-jean-jacques-ampere%2F|||\u00a0\u00bb][vc_btn title=\u00a0\u00bbG\u00e9n\u00e9alogie\u00a0\u00bb color=\u00a0\u00bbdefault\u00a0\u00bb size=\u00a0\u00bblg\u00a0\u00bb align=\u00a0\u00bbcenter\u00a0\u00bb button_block=\u00a0\u00bbtrue\u00a0\u00bb link=\u00a0\u00bburl:http%3A%2F%2Faline-voinot.com%2Findex.php%2Fgenealogie-de-jean-jacques-ampere%2F|||\u00a0\u00bb][\/vc_column][vc_column width=\u00a0\u00bb1\/6&Prime;][vc_btn title=\u00a0\u00bb\u0152uvres\u00a0\u00bb size=\u00a0\u00bblg\u00a0\u00bb align=\u00a0\u00bbcenter\u00a0\u00bb button_block=\u00a0\u00bbtrue\u00a0\u00bb link=\u00a0\u00bburl:http%3A%2F%2Faline-voinot.com%2Findex.php%2Foeuvre-de-jean-jacques-ampere%2F|||\u00a0\u00bb][vc_btn title=\u00a0\u00bbS\u00e9pulture\u00a0\u00bb size=\u00a0\u00bblg\u00a0\u00bb align=\u00a0\u00bbcenter\u00a0\u00bb button_block=\u00a0\u00bbtrue\u00a0\u00bb link=\u00a0\u00bburl:http%3A%2F%2Faline-voinot.com%2Findex.php%2Fsepulture-de-jean-jacques-ampere%2F|||\u00a0\u00bb][\/vc_column][vc_column width=\u00a0\u00bb1\/6&Prime;][vc_btn title=\u00a0\u00bbWikipedia\u00a0\u00bb size=\u00a0\u00bblg\u00a0\u00bb align=\u00a0\u00bbcenter\u00a0\u00bb button_block=\u00a0\u00bbtrue\u00a0\u00bb link=\u00a0\u00bburl:http%3A%2F%2Faline-voinot.com%2Findex.php%2Fexpositions-sur-juliette-recamier%2F|||\u00a0\u00bb][vc_btn title=\u00a0\u00bbH\u00e9ritage\u00a0\u00bb color=\u00a0\u00bbdanger\u00a0\u00bb size=\u00a0\u00bblg\u00a0\u00bb align=\u00a0\u00bbcenter\u00a0\u00bb button_block=\u00a0\u00bbtrue\u00a0\u00bb link=\u00a0\u00bburl:http%3A%2F%2Faline-voinot.com%2Findex.php%2Fheritage-de-jean-jacques-ampere%2F|||\u00a0\u00bb][\/vc_column][vc_column width=\u00a0\u00bb1\/6&Prime;][\/vc_column][\/vc_row][vc_row][\/vc_row][vc_row][vc_column][vc_empty_space][vc_btn title=\u00a0\u00bbJean-Jacques Amp\u00e8re obtient le Prix de philosophie au concours g\u00e9n\u00e9ral. \u00a0\u00bb color=\u00a0\u00bbwarning\u00a0\u00bb size=\u00a0\u00bblg\u00a0\u00bb align=\u00a0\u00bbcenter\u00a0\u00bb button_block=\u00a0\u00bbtrue\u00a0\u00bb][vc_btn title=\u00a0\u00bbSes amis sont M\u00e9rim\u00e9e, Juliette R\u00e9camier (dont il tomba fou amoureux) et avec qui il voyagea en 1823. En 1826, il rencontra en Allemagne Goethe, Schlegel, des fr\u00e8res Jacob et Wilhelm Grimm. outon\u00a0\u00bb color=\u00a0\u00bbwarning\u00a0\u00bb size=\u00a0\u00bblg\u00a0\u00bb align=\u00a0\u00bbcenter\u00a0\u00bb button_block=\u00a0\u00bbtrue\u00a0\u00bb][vc_btn title=\u00a0\u00bbProfesseur il enseigne l\u2019histoire de la po\u00e9sie scandinave \u00e0 l\u2019Ath\u00e9n\u00e9e de Marseille (1830) puis \u00e0 la Sorbonne (chaire d\u2019histoire de litt\u00e9rature \u00e9trang\u00e8re), Ma\u00eetre de conf\u00e9rences \u00e0 l\u2019\u00c9cole normale, il obtient la chaire de Litt\u00e9rature du Coll\u00e8ge de France (1834, qu\u2019il occupe jusqu\u2019en 1864).\u00a0\u00bb color=\u00a0\u00bbwarning\u00a0\u00bb size=\u00a0\u00bblg\u00a0\u00bb align=\u00a0\u00bbcenter\u00a0\u00bb button_block=\u00a0\u00bbtrue\u00a0\u00bb][vc_btn title=\u00a0\u00bbAmp\u00e8re est nomm\u00e9 \u00e0 l\u2019Acad\u00e9mie des Inscriptions en 1842.\u00a0\u00bb color=\u00a0\u00bbwarning\u00a0\u00bb size=\u00a0\u00bblg\u00a0\u00bb align=\u00a0\u00bbcenter\u00a0\u00bb button_block=\u00a0\u00bbtrue\u00a0\u00bb][\/vc_column][\/vc_row]<\/p>\n","protected":false},"excerpt":{"rendered":"<p>[vc_row full_width=\u00a0\u00bbstretch_row\u00a0\u00bb css=\u00a0\u00bb.vc_custom_1513000693114{background-color: #272727 !important;}\u00a0\u00bb][vc_column width=\u00a0\u00bb1\/6&Prime;][vc_single_image image=\u00a0\u00bb1516&Prime; img_size=\u00a0\u00bb150X150&Prime; alignment=\u00a0\u00bbcenter\u00a0\u00bb][\/vc_column][vc_column width=\u00a0\u00bb1\/6&Prime;][vc_btn title=\u00a0\u00bbPortraits\u00a0\u00bb size=\u00a0\u00bblg\u00a0\u00bb align=\u00a0\u00bbcenter\u00a0\u00bb button_block=\u00a0\u00bbtrue\u00a0\u00bb link=\u00a0\u00bburl:http%3A%2F%2Faline-voinot.com%2Findex.php%2Fjean-jacques-ampere%2F|||\u00a0\u00bb][vc_btn title=\u00a0\u00bbR\u00e9sidences\u00a0\u00bb size=\u00a0\u00bblg\u00a0\u00bb align=\u00a0\u00bbcenter\u00a0\u00bb button_block=\u00a0\u00bbtrue\u00a0\u00bb link=\u00a0\u00bburl:http%3A%2F%2Faline-voinot.com%2Findex.php%2Fresidences-de-jean-jacques-ampere%2F|||\u00a0\u00bb][\/vc_column][vc_column width=\u00a0\u00bb1\/6&Prime;][vc_btn title=\u00a0\u00bbR\u00e9seau Social\u00a0\u00bb size=\u00a0\u00bblg\u00a0\u00bb align=\u00a0\u00bbcenter\u00a0\u00bb button_block=\u00a0\u00bbtrue\u00a0\u00bb link=\u00a0\u00bburl:http%3A%2F%2Faline-voinot.com%2Findex.php%2Freseau-social-de-jean-jacques-ampere%2F|||\u00a0\u00bb][vc_btn title=\u00a0\u00bbG\u00e9n\u00e9alogie\u00a0\u00bb color=\u00a0\u00bbdefault\u00a0\u00bb size=\u00a0\u00bblg\u00a0\u00bb align=\u00a0\u00bbcenter\u00a0\u00bb button_block=\u00a0\u00bbtrue\u00a0\u00bb link=\u00a0\u00bburl:http%3A%2F%2Faline-voinot.com%2Findex.php%2Fgenealogie-de-jean-jacques-ampere%2F|||\u00a0\u00bb][\/vc_column][vc_column width=\u00a0\u00bb1\/6&Prime;][vc_btn title=\u00a0\u00bb\u0152uvres\u00a0\u00bb size=\u00a0\u00bblg\u00a0\u00bb align=\u00a0\u00bbcenter\u00a0\u00bb button_block=\u00a0\u00bbtrue\u00a0\u00bb link=\u00a0\u00bburl:http%3A%2F%2Faline-voinot.com%2Findex.php%2Foeuvre-de-jean-jacques-ampere%2F|||\u00a0\u00bb][vc_btn title=\u00a0\u00bbS\u00e9pulture\u00a0\u00bb<\/p>\n","protected":false},"author":1,"featured_media":0,"parent":0,"menu_order":0,"comment_status":"closed","ping_status":"closed","template":"","meta":{"footnotes":""},"class_list":["post-11755","page","type-page","status-publish","hentry"],"yoast_head":"<!-- This site is optimized with the Yoast SEO plugin v22.8 - https:\/\/yoast.com\/wordpress\/plugins\/seo\/ -->\n<title>H\u00e9ritage de Jean-Jacques Amp\u00e8re - L&#039;Histoire est un roman...<\/title>\n<meta name=\"robots\" content=\"index, follow, max-snippet:-1, max-image-preview:large, max-video-preview:-1\" \/>\n<link rel=\"canonical\" href=\"https:\/\/aline-voinot.com\/index.php\/heritage-de-jean-jacques-ampere\/\" \/>\n<meta property=\"og:locale\" content=\"fr_FR\" \/>\n<meta property=\"og:type\" content=\"article\" \/>\n<meta property=\"og:title\" content=\"H\u00e9ritage de Jean-Jacques Amp\u00e8re - L&#039;Histoire est un roman...\" \/>\n<meta property=\"og:description\" content=\"[vc_row full_width=\u00a0\u00bbstretch_row\u00a0\u00bb css=\u00a0\u00bb.vc_custom_1513000693114{background-color: #272727 !important;}\u00a0\u00bb][vc_column width=\u00a0\u00bb1\/6&Prime;][vc_single_image image=\u00a0\u00bb1516&Prime; img_size=\u00a0\u00bb150X150&Prime; alignment=\u00a0\u00bbcenter\u00a0\u00bb][\/vc_column][vc_column width=\u00a0\u00bb1\/6&Prime;][vc_btn title=\u00a0\u00bbPortraits\u00a0\u00bb size=\u00a0\u00bblg\u00a0\u00bb align=\u00a0\u00bbcenter\u00a0\u00bb button_block=\u00a0\u00bbtrue\u00a0\u00bb link=\u00a0\u00bburl:http%3A%2F%2Faline-voinot.com%2Findex.php%2Fjean-jacques-ampere%2F|||\u00a0\u00bb][vc_btn title=\u00a0\u00bbR\u00e9sidences\u00a0\u00bb size=\u00a0\u00bblg\u00a0\u00bb align=\u00a0\u00bbcenter\u00a0\u00bb button_block=\u00a0\u00bbtrue\u00a0\u00bb link=\u00a0\u00bburl:http%3A%2F%2Faline-voinot.com%2Findex.php%2Fresidences-de-jean-jacques-ampere%2F|||\u00a0\u00bb][\/vc_column][vc_column width=\u00a0\u00bb1\/6&Prime;][vc_btn title=\u00a0\u00bbR\u00e9seau Social\u00a0\u00bb size=\u00a0\u00bblg\u00a0\u00bb align=\u00a0\u00bbcenter\u00a0\u00bb button_block=\u00a0\u00bbtrue\u00a0\u00bb link=\u00a0\u00bburl:http%3A%2F%2Faline-voinot.com%2Findex.php%2Freseau-social-de-jean-jacques-ampere%2F|||\u00a0\u00bb][vc_btn title=\u00a0\u00bbG\u00e9n\u00e9alogie\u00a0\u00bb color=\u00a0\u00bbdefault\u00a0\u00bb size=\u00a0\u00bblg\u00a0\u00bb align=\u00a0\u00bbcenter\u00a0\u00bb button_block=\u00a0\u00bbtrue\u00a0\u00bb link=\u00a0\u00bburl:http%3A%2F%2Faline-voinot.com%2Findex.php%2Fgenealogie-de-jean-jacques-ampere%2F|||\u00a0\u00bb][\/vc_column][vc_column width=\u00a0\u00bb1\/6&Prime;][vc_btn title=\u00a0\u00bb\u0152uvres\u00a0\u00bb size=\u00a0\u00bblg\u00a0\u00bb align=\u00a0\u00bbcenter\u00a0\u00bb button_block=\u00a0\u00bbtrue\u00a0\u00bb link=\u00a0\u00bburl:http%3A%2F%2Faline-voinot.com%2Findex.php%2Foeuvre-de-jean-jacques-ampere%2F|||\u00a0\u00bb][vc_btn title=\u00a0\u00bbS\u00e9pulture\u00a0\u00bb\" \/>\n<meta property=\"og:url\" content=\"https:\/\/aline-voinot.com\/index.php\/heritage-de-jean-jacques-ampere\/\" \/>\n<meta property=\"og:site_name\" content=\"L&#039;Histoire est un roman...\" \/>\n<meta property=\"article:modified_time\" content=\"2022-10-20T23:39:35+00:00\" \/>\n<meta name=\"twitter:card\" content=\"summary_large_image\" \/>\n<meta name=\"twitter:label1\" content=\"Dur\u00e9e de lecture estim\u00e9e\" \/>\n\t<meta name=\"twitter:data1\" content=\"2 minutes\" \/>\n<script type=\"application\/ld+json\" class=\"yoast-schema-graph\">{\"@context\":\"https:\/\/schema.org\",\"@graph\":[{\"@type\":\"WebPage\",\"@id\":\"https:\/\/aline-voinot.com\/index.php\/heritage-de-jean-jacques-ampere\/\",\"url\":\"https:\/\/aline-voinot.com\/index.php\/heritage-de-jean-jacques-ampere\/\",\"name\":\"H\u00e9ritage de Jean-Jacques Amp\u00e8re - L&#039;Histoire est un roman...\",\"isPartOf\":{\"@id\":\"https:\/\/aline-voinot.com\/#website\"},\"datePublished\":\"2019-02-05T07:32:28+00:00\",\"dateModified\":\"2022-10-20T23:39:35+00:00\",\"breadcrumb\":{\"@id\":\"https:\/\/aline-voinot.com\/index.php\/heritage-de-jean-jacques-ampere\/#breadcrumb\"},\"inLanguage\":\"fr-FR\",\"potentialAction\":[{\"@type\":\"ReadAction\",\"target\":[\"https:\/\/aline-voinot.com\/index.php\/heritage-de-jean-jacques-ampere\/\"]}]},{\"@type\":\"BreadcrumbList\",\"@id\":\"https:\/\/aline-voinot.com\/index.php\/heritage-de-jean-jacques-ampere\/#breadcrumb\",\"itemListElement\":[{\"@type\":\"ListItem\",\"position\":1,\"name\":\"Accueil\",\"item\":\"https:\/\/aline-voinot.com\/\"},{\"@type\":\"ListItem\",\"position\":2,\"name\":\"H\u00e9ritage de Jean-Jacques Amp\u00e8re\"}]},{\"@type\":\"WebSite\",\"@id\":\"https:\/\/aline-voinot.com\/#website\",\"url\":\"https:\/\/aline-voinot.com\/\",\"name\":\"L&#039;Histoire est un roman...\",\"description\":\"&quot;Destins connus, destins crois\u00e9s&quot; la premi\u00e8re encyclop\u00e9die romanc\u00e9e...\",\"potentialAction\":[{\"@type\":\"SearchAction\",\"target\":{\"@type\":\"EntryPoint\",\"urlTemplate\":\"https:\/\/aline-voinot.com\/?s={search_term_string}\"},\"query-input\":\"required name=search_term_string\"}],\"inLanguage\":\"fr-FR\"}]}<\/script>\n<!-- \/ Yoast SEO plugin. -->","yoast_head_json":{"title":"H\u00e9ritage de Jean-Jacques Amp\u00e8re - L&#039;Histoire est un roman...","robots":{"index":"index","follow":"follow","max-snippet":"max-snippet:-1","max-image-preview":"max-image-preview:large","max-video-preview":"max-video-preview:-1"},"canonical":"https:\/\/aline-voinot.com\/index.php\/heritage-de-jean-jacques-ampere\/","og_locale":"fr_FR","og_type":"article","og_title":"H\u00e9ritage de Jean-Jacques Amp\u00e8re - L&#039;Histoire est un roman...","og_description":"[vc_row full_width=\u00a0\u00bbstretch_row\u00a0\u00bb css=\u00a0\u00bb.vc_custom_1513000693114{background-color: #272727 !important;}\u00a0\u00bb][vc_column width=\u00a0\u00bb1\/6&Prime;][vc_single_image image=\u00a0\u00bb1516&Prime; img_size=\u00a0\u00bb150X150&Prime; alignment=\u00a0\u00bbcenter\u00a0\u00bb][\/vc_column][vc_column width=\u00a0\u00bb1\/6&Prime;][vc_btn title=\u00a0\u00bbPortraits\u00a0\u00bb size=\u00a0\u00bblg\u00a0\u00bb align=\u00a0\u00bbcenter\u00a0\u00bb button_block=\u00a0\u00bbtrue\u00a0\u00bb link=\u00a0\u00bburl:http%3A%2F%2Faline-voinot.com%2Findex.php%2Fjean-jacques-ampere%2F|||\u00a0\u00bb][vc_btn title=\u00a0\u00bbR\u00e9sidences\u00a0\u00bb size=\u00a0\u00bblg\u00a0\u00bb align=\u00a0\u00bbcenter\u00a0\u00bb button_block=\u00a0\u00bbtrue\u00a0\u00bb link=\u00a0\u00bburl:http%3A%2F%2Faline-voinot.com%2Findex.php%2Fresidences-de-jean-jacques-ampere%2F|||\u00a0\u00bb][\/vc_column][vc_column width=\u00a0\u00bb1\/6&Prime;][vc_btn title=\u00a0\u00bbR\u00e9seau Social\u00a0\u00bb size=\u00a0\u00bblg\u00a0\u00bb align=\u00a0\u00bbcenter\u00a0\u00bb button_block=\u00a0\u00bbtrue\u00a0\u00bb link=\u00a0\u00bburl:http%3A%2F%2Faline-voinot.com%2Findex.php%2Freseau-social-de-jean-jacques-ampere%2F|||\u00a0\u00bb][vc_btn title=\u00a0\u00bbG\u00e9n\u00e9alogie\u00a0\u00bb color=\u00a0\u00bbdefault\u00a0\u00bb size=\u00a0\u00bblg\u00a0\u00bb align=\u00a0\u00bbcenter\u00a0\u00bb button_block=\u00a0\u00bbtrue\u00a0\u00bb link=\u00a0\u00bburl:http%3A%2F%2Faline-voinot.com%2Findex.php%2Fgenealogie-de-jean-jacques-ampere%2F|||\u00a0\u00bb][\/vc_column][vc_column width=\u00a0\u00bb1\/6&Prime;][vc_btn title=\u00a0\u00bb\u0152uvres\u00a0\u00bb size=\u00a0\u00bblg\u00a0\u00bb align=\u00a0\u00bbcenter\u00a0\u00bb button_block=\u00a0\u00bbtrue\u00a0\u00bb link=\u00a0\u00bburl:http%3A%2F%2Faline-voinot.com%2Findex.php%2Foeuvre-de-jean-jacques-ampere%2F|||\u00a0\u00bb][vc_btn title=\u00a0\u00bbS\u00e9pulture\u00a0\u00bb","og_url":"https:\/\/aline-voinot.com\/index.php\/heritage-de-jean-jacques-ampere\/","og_site_name":"L&#039;Histoire est un roman...","article_modified_time":"2022-10-20T23:39:35+00:00","twitter_card":"summary_large_image","twitter_misc":{"Dur\u00e9e de lecture estim\u00e9e":"2 minutes"},"schema":{"@context":"https:\/\/schema.org","@graph":[{"@type":"WebPage","@id":"https:\/\/aline-voinot.com\/index.php\/heritage-de-jean-jacques-ampere\/","url":"https:\/\/aline-voinot.com\/index.php\/heritage-de-jean-jacques-ampere\/","name":"H\u00e9ritage de Jean-Jacques Amp\u00e8re - L&#039;Histoire est un roman...","isPartOf":{"@id":"https:\/\/aline-voinot.com\/#website"},"datePublished":"2019-02-05T07:32:28+00:00","dateModified":"2022-10-20T23:39:35+00:00","breadcrumb":{"@id":"https:\/\/aline-voinot.com\/index.php\/heritage-de-jean-jacques-ampere\/#breadcrumb"},"inLanguage":"fr-FR","potentialAction":[{"@type":"ReadAction","target":["https:\/\/aline-voinot.com\/index.php\/heritage-de-jean-jacques-ampere\/"]}]},{"@type":"BreadcrumbList","@id":"https:\/\/aline-voinot.com\/index.php\/heritage-de-jean-jacques-ampere\/#breadcrumb","itemListElement":[{"@type":"ListItem","position":1,"name":"Accueil","item":"https:\/\/aline-voinot.com\/"},{"@type":"ListItem","position":2,"name":"H\u00e9ritage de Jean-Jacques Amp\u00e8re"}]},{"@type":"WebSite","@id":"https:\/\/aline-voinot.com\/#website","url":"https:\/\/aline-voinot.com\/","name":"L&#039;Histoire est un roman...","description":"&quot;Destins connus, destins crois\u00e9s&quot; la premi\u00e8re encyclop\u00e9die romanc\u00e9e...","potentialAction":[{"@type":"SearchAction","target":{"@type":"EntryPoint","urlTemplate":"https:\/\/aline-voinot.com\/?s={search_term_string}"},"query-input":"required name=search_term_string"}],"inLanguage":"fr-FR"}]}},"_links":{"self":[{"href":"https:\/\/aline-voinot.com\/index.php\/wp-json\/wp\/v2\/pages\/11755","targetHints":{"allow":["GET"]}}],"collection":[{"href":"https:\/\/aline-voinot.com\/index.php\/wp-json\/wp\/v2\/pages"}],"about":[{"href":"https:\/\/aline-voinot.com\/index.php\/wp-json\/wp\/v2\/types\/page"}],"author":[{"embeddable":true,"href":"https:\/\/aline-voinot.com\/index.php\/wp-json\/wp\/v2\/users\/1"}],"replies":[{"embeddable":true,"href":"https:\/\/aline-voinot.com\/index.php\/wp-json\/wp\/v2\/comments?post=11755"}],"version-history":[{"count":0,"href":"https:\/\/aline-voinot.com\/index.php\/wp-json\/wp\/v2\/pages\/11755\/revisions"}],"wp:attachment":[{"href":"https:\/\/aline-voinot.com\/index.php\/wp-json\/wp\/v2\/media?parent=11755"}],"curies":[{"name":"wp","href":"https:\/\/api.w.org\/{rel}","templated":true}]}}