{"id":12625,"date":"2019-02-09T16:44:54","date_gmt":"2019-02-09T15:44:54","guid":{"rendered":"http:\/\/aline-voinot.com\/?page_id=12625"},"modified":"2020-03-23T18:08:07","modified_gmt":"2020-03-23T17:08:07","slug":"reseau-social-de-george-iv","status":"publish","type":"page","link":"https:\/\/aline-voinot.com\/index.php\/reseau-social-de-george-iv\/","title":{"rendered":"R\u00e9seau social de George IV"},"content":{"rendered":"<p>[vc_row full_width=\u00a0\u00bbstretch_row\u00a0\u00bb css=\u00a0\u00bb.vc_custom_1513000693114{background-color: #272727 !important;}\u00a0\u00bb][vc_column width=\u00a0\u00bb1\/6&Prime;][vc_single_image image=\u00a0\u00bb1672&Prime; img_size=\u00a0\u00bb150X150&Prime; alignment=\u00a0\u00bbcenter\u00a0\u00bb][\/vc_column][vc_column width=\u00a0\u00bb1\/6&Prime;][vc_btn title=\u00a0\u00bbPortraits\u00a0\u00bb color=\u00a0\u00bbdefault\u00a0\u00bb size=\u00a0\u00bblg\u00a0\u00bb align=\u00a0\u00bbcenter\u00a0\u00bb button_block=\u00a0\u00bbtrue\u00a0\u00bb link=\u00a0\u00bburl:http%3A%2F%2Faline-voinot.com%2Findex.php%2Fgeorge-iV%2F|||\u00a0\u00bb][vc_btn title=\u00a0\u00bbR\u00e9sidences\u00a0\u00bb size=\u00a0\u00bblg\u00a0\u00bb align=\u00a0\u00bbcenter\u00a0\u00bb button_block=\u00a0\u00bbtrue\u00a0\u00bb link=\u00a0\u00bburl:http%3A%2F%2Faline-voinot.com%2Findex.php%2Fresidences-de-george-iV%2F|||\u00a0\u00bb][\/vc_column][vc_column width=\u00a0\u00bb1\/6&Prime;][vc_btn title=\u00a0\u00bbR\u00e9seau Social\u00a0\u00bb color=\u00a0\u00bbdanger\u00a0\u00bb size=\u00a0\u00bblg\u00a0\u00bb align=\u00a0\u00bbcenter\u00a0\u00bb button_block=\u00a0\u00bbtrue\u00a0\u00bb link=\u00a0\u00bburl:http%3A%2F%2Faline-voinot.com%2Findex.php%2Freseau-social-de-george-iV%2F|||\u00a0\u00bb][vc_btn title=\u00a0\u00bbG\u00e9n\u00e9alogie\u00a0\u00bb size=\u00a0\u00bblg\u00a0\u00bb align=\u00a0\u00bbcenter\u00a0\u00bb button_block=\u00a0\u00bbtrue\u00a0\u00bb link=\u00a0\u00bburl:http%3A%2F%2Faline-voinot.com%2Findex.php%2Fgenealogie-de-george-iV%2F|||\u00a0\u00bb][\/vc_column][vc_column width=\u00a0\u00bb1\/6&Prime;][vc_btn title=\u00a0\u00bb\u0152uvres\u00a0\u00bb size=\u00a0\u00bblg\u00a0\u00bb align=\u00a0\u00bbcenter\u00a0\u00bb button_block=\u00a0\u00bbtrue\u00a0\u00bb link=\u00a0\u00bburl:http%3A%2F%2Faline-voinot.com%2Findex.php%2Foeuvres-de-george-iV%2F|||\u00a0\u00bb][vc_btn title=\u00a0\u00bbS\u00e9pulture\u00a0\u00bb size=\u00a0\u00bblg\u00a0\u00bb align=\u00a0\u00bbcenter\u00a0\u00bb button_block=\u00a0\u00bbtrue\u00a0\u00bb link=\u00a0\u00bburl:http%3A%2F%2Faline-voinot.com%2Findex.php%2Fsepulture-de-george-iV%2F|||\u00a0\u00bb][\/vc_column][vc_column width=\u00a0\u00bb1\/6&Prime;][vc_btn title=\u00a0\u00bbWikipedia\u00a0\u00bb size=\u00a0\u00bblg\u00a0\u00bb align=\u00a0\u00bbcenter\u00a0\u00bb button_block=\u00a0\u00bbtrue\u00a0\u00bb link=\u00a0\u00bburl:https%3A%2F%2Ffr.wikipedia.org%2Fwiki%2FGeorge_III_(roi_du_Royaume-Uni)||target:%20_blank|rel:nofollow\u00a0\u00bb][vc_btn title=\u00a0\u00bbH\u00e9ritage\u00a0\u00bb size=\u00a0\u00bblg\u00a0\u00bb align=\u00a0\u00bbcenter\u00a0\u00bb button_block=\u00a0\u00bbtrue\u00a0\u00bb link=\u00a0\u00bburl:http%3A%2F%2Faline-voinot.com%2Findex.php%2Fheritage-de-george-iV%2F|||\u00a0\u00bb][\/vc_column][vc_column width=\u00a0\u00bb1\/6&Prime;][\/vc_column][\/vc_row]<br \/>\n[vc_row][vc_column][vc_btn title=\u00a0\u00bbPAGE EN CONSTRUCTION &#8211; PATIENCE !!!!! \u00a0\u00bb color=\u00a0\u00bbdanger\u00a0\u00bb align=\u00a0\u00bbcenter\u00a0\u00bb i_type=\u00a0\u00bbopeniconic\u00a0\u00bb i_icon_openiconic=\u00a0\u00bbvc-oi vc-oi-cog\u00a0\u00bb button_block=\u00a0\u00bbtrue\u00a0\u00bb add_icon=\u00a0\u00bbtrue\u00a0\u00bb][vc_btn title=\u00a0\u00bbQUI SONT SES AMIS PR\u00d4CHES?\u00a0\u00bb color=\u00a0\u00bbinverse\u00a0\u00bb align=\u00a0\u00bbcenter\u00a0\u00bb button_block=\u00a0\u00bbtrue\u00a0\u00bb][vc_column_text css=\u00a0\u00bb.vc_custom_1518283718772{margin-right: -10px !important;margin-left: -10px !important;padding-top: 10px !important;padding-right: 50px !important;padding-bottom: 10px !important;padding-left: 50px !important;}\u00a0\u00bb]<\/p>\n<p>Apprenez \u00e0 les reconnaitre. Vous d\u00e9couvrirez leurs noms en survolant avec votre souris sur les diff\u00e9rents portraits<\/p>\n            <div class=\"oxi-addons-container noLightbox oxi-image-hover-wrapper-106 \" id=\"oxi-image-hover-wrapper-106\">\n                <div class=\"oxi-addons-row\">\n                                <div class=\"oxi-image-hover-style oxi-image-hover-style-32 oxi-bt-col-lg-3 oxi-bt-col-md-6 oxi-bt-col-sm-12                         \" >\n                <div class=\"oxi-image-hover-style-general\">\n                    <div class=\"oxi-image-hover oxi-image-general-hover oxi-image-general-hover-style-32 oxi-image-general-hover-106-8428\">\n                                                    <div class=\"oxi-image-hover-figure\">\n                                <div class=\"oxi-image-hover-image\">\n                                    <img decoding=\"async\" src=\"https:\/\/aline-voinot.com\/wp-content\/uploads\/2018\/01\/PP5V-George-III-2-400-520.jpg\" >\n                                <\/div>\n                                <div class=\"oxi-image-hover-figure-caption\">\n                                    <div class=\"oxi-image-hover-caption-tab   image-hover-align-center-center\">\n                                                                                    <h3 class=\"oxi-image-hover-heading                                                                                          \">GEORGE III,\u00a0George William Frederick, Roi du Royaume-Uni de Grande-Bretagne et d\u2019Irlande<\/h3>\n                                                                                            <div class=\"oxi-image-hover-content  \">P\u00e8re<\/div>\n                                                                                        <div class=\"oxi-image-hover-button  \">\n                                                <a  href=\"https:\/\/aline-voinot.com\/index.php\/george-iii\/\" target=\"_blank\" rel=\"nofollow\" class=\"oxi-image-btn\">George IV fut r\u00e9gent, d\u00e8s 1811, suite \u00e0 la maladie mentale de son p\u00e8re George III. Fox, dont George IV \u00e9tait proche, \u00e9tait \u00ab pour \u00bb, contrairement \u00e0 Pitt. Monarque dilettante il soutint peu ses gouvernements pour combattre Napol\u00e9on.<\/a>\n                                            <\/div>\n                                                                                <\/div>\n                                <\/div>\n                            <\/div>\n                                                <\/div>\n                <\/div>\n                            <\/div> \n                        <div class=\"oxi-image-hover-style oxi-image-hover-style-32 oxi-bt-col-lg-3 oxi-bt-col-md-6 oxi-bt-col-sm-12                         \" >\n                <div class=\"oxi-image-hover-style-general\">\n                    <div class=\"oxi-image-hover oxi-image-general-hover oxi-image-general-hover-style-32 oxi-image-general-hover-106-8429\">\n                                                    <div class=\"oxi-image-hover-figure\">\n                                <div class=\"oxi-image-hover-image\">\n                                    <img decoding=\"async\" src=\"https:\/\/aline-voinot.com\/wp-content\/uploads\/2018\/02\/PPV-PITT.jpg\" >\n                                <\/div>\n                                <div class=\"oxi-image-hover-figure-caption\">\n                                    <div class=\"oxi-image-hover-caption-tab   image-hover-align-center-center\">\n                                                                                    <h3 class=\"oxi-image-hover-heading                                                                                          \">William PITT, dit William Pitt le Jeune, Premier Ministre Britannique<\/h3>\n                                                                                            <div class=\"oxi-image-hover-button  \">\n                                                <a  href=\"https:\/\/aline-voinot.com\/index.php\/william-pitt-dit-william-pitt-le-jeune\/\" target=\"_blank\" class=\"oxi-image-btn\">George IV fut r\u00e9gent, d\u00e8s 1811, suite \u00e0 la maladie mentale de son p\u00e8re George III. Fox, dont George IV \u00e9tait proche, \u00e9tait \u00ab pour \u00bb, contrairement \u00e0 Pitt. Monarque dilettante il soutint peu ses gouvernements pour combattre Napol\u00e9on.<\/a>\n                                            <\/div>\n                                                                                <\/div>\n                                <\/div>\n                            <\/div>\n                                                <\/div>\n                <\/div>\n                            <\/div> \n                        <div class=\"oxi-image-hover-style oxi-image-hover-style-32 oxi-bt-col-lg-3 oxi-bt-col-md-6 oxi-bt-col-sm-12                         \" >\n                <div class=\"oxi-image-hover-style-general\">\n                    <div class=\"oxi-image-hover oxi-image-general-hover oxi-image-general-hover-style-32 oxi-image-general-hover-106-8430\">\n                                                    <div class=\"oxi-image-hover-figure\">\n                                <div class=\"oxi-image-hover-image\">\n                                    <img decoding=\"async\" src=\"https:\/\/aline-voinot.com\/wp-content\/uploads\/2018\/01\/PPV-Fox-400-520.jpg\" >\n                                <\/div>\n                                <div class=\"oxi-image-hover-figure-caption\">\n                                    <div class=\"oxi-image-hover-caption-tab   image-hover-align-center-center\">\n                                                                                    <h3 class=\"oxi-image-hover-heading                                                                                          \">Charles James FOX, Politicien anglais<\/h3>\n                                                                                            <div class=\"oxi-image-hover-button  \">\n                                                <a  href=\"https:\/\/aline-voinot.com\/index.php\/charles-james-fox\/\" target=\"_blank\" class=\"oxi-image-btn\">George IV fut r\u00e9gent, d\u00e8s 1811, suite \u00e0 la maladie mentale de son p\u00e8re. Fox, dont George IV \u00e9tait proche, \u00e9tait \u00ab pour \u00bb, contrairement \u00e0 Pitt. Monarque dilettante il soutint peu ses gouvernements pour combattre Napol\u00e9on.<\/a>\n                                            <\/div>\n                                                                                <\/div>\n                                <\/div>\n                            <\/div>\n                                                <\/div>\n                <\/div>\n                            <\/div> \n                        <div class=\"oxi-image-hover-style oxi-image-hover-style-32 oxi-bt-col-lg-3 oxi-bt-col-md-6 oxi-bt-col-sm-12                         \" >\n                <div class=\"oxi-image-hover-style-general\">\n                    <div class=\"oxi-image-hover oxi-image-general-hover oxi-image-general-hover-style-32 oxi-image-general-hover-106-8431\">\n                                                    <div class=\"oxi-image-hover-figure\">\n                                <div class=\"oxi-image-hover-image\">\n                                    <img decoding=\"async\" src=\"https:\/\/aline-voinot.com\/wp-content\/uploads\/2018\/01\/PPV-Devonshire-400-520.jpg\" >\n                                <\/div>\n                                <div class=\"oxi-image-hover-figure-caption\">\n                                    <div class=\"oxi-image-hover-caption-tab   image-hover-align-center-center\">\n                                                                                    <h3 class=\"oxi-image-hover-heading                                                                                          \">Georgiana Cavendish, Aristocrate anglaise<\/h3>\n                                                                                            <div class=\"oxi-image-hover-button  \">\n                                                <a  href=\"https:\/\/aline-voinot.com\/index.php\/georgiana-de-devonshire\/\" target=\"_blank\" class=\"oxi-image-btn\">Aristocratie britannique. Cercle d'amis communs.<\/a>\n                                            <\/div>\n                                                                                <\/div>\n                                <\/div>\n                            <\/div>\n                                                <\/div>\n                <\/div>\n                            <\/div> \n                        <div class=\"oxi-image-hover-style oxi-image-hover-style-32 oxi-bt-col-lg-3 oxi-bt-col-md-6 oxi-bt-col-sm-12                         \" >\n                <div class=\"oxi-image-hover-style-general\">\n                    <div class=\"oxi-image-hover oxi-image-general-hover oxi-image-general-hover-style-32 oxi-image-general-hover-106-8432\">\n                                                    <div class=\"oxi-image-hover-figure\">\n                                <div class=\"oxi-image-hover-image\">\n                                    <img decoding=\"async\" src=\"https:\/\/aline-voinot.com\/wp-content\/uploads\/2019\/11\/PP15V-Charles-X.jpg\" >\n                                <\/div>\n                                <div class=\"oxi-image-hover-figure-caption\">\n                                    <div class=\"oxi-image-hover-caption-tab   image-hover-align-center-center\">\n                                                                                    <h3 class=\"oxi-image-hover-heading                                                                                          \">CHARLES X,\u00a0Charles- Philippe de France, Roi<\/h3>\n                                                                                            <div class=\"oxi-image-hover-button  \">\n                                                <a  href=\"https:\/\/aline-voinot.com\/index.php\/charles-x\/\" target=\"_blank\" class=\"oxi-image-btn\">Relations diplomatiques - Relations post \u00e8re Napol\u00e9onienne<\/a>\n                                            <\/div>\n                                                                                <\/div>\n                                <\/div>\n                            <\/div>\n                                                <\/div>\n                <\/div>\n                            <\/div> \n                        <div class=\"oxi-image-hover-style oxi-image-hover-style-32 oxi-bt-col-lg-3 oxi-bt-col-md-6 oxi-bt-col-sm-12                         \" >\n                <div class=\"oxi-image-hover-style-general\">\n                    <div class=\"oxi-image-hover oxi-image-general-hover oxi-image-general-hover-style-32 oxi-image-general-hover-106-8433\">\n                                                    <div class=\"oxi-image-hover-figure\">\n                                <div class=\"oxi-image-hover-image\">\n                                    <img decoding=\"async\" src=\"https:\/\/aline-voinot.com\/wp-content\/uploads\/2017\/10\/PPV10-RECAMIER-400-520.jpg\" >\n                                <\/div>\n                                <div class=\"oxi-image-hover-figure-caption\">\n                                    <div class=\"oxi-image-hover-caption-tab   image-hover-align-center-center\">\n                                                                                    <h3 class=\"oxi-image-hover-heading                                                                                          \">Juliette R\u00c9CAMIER, Salonni\u00e8re<\/h3>\n                                                                                            <div class=\"oxi-image-hover-content  \">Amie<\/div>\n                                                                                        <div class=\"oxi-image-hover-button  \">\n                                                <a  href=\"https:\/\/aline-voinot.com\/index.php\/juliette-recamier\/\" target=\"_blank\" class=\"oxi-image-btn\">Alors qu\u2019il n\u2019\u00e9tait encore que prince de Galles, Juliette R\u00e9camier rencontra l\u2019h\u00e9ritier de la couronne. Ils sortirent ensemble \u00e0 l\u2019op\u00e9ra et firent des promenades dans les jardins londoniens. Il tenta lui aussi de s\u00e9duire la belle parisienne.<\/a>\n                                            <\/div>\n                                                                                <\/div>\n                                <\/div>\n                            <\/div>\n                                                <\/div>\n                <\/div>\n                            <\/div> \n                        <div class=\"oxi-image-hover-style oxi-image-hover-style-32 oxi-bt-col-lg-3 oxi-bt-col-md-6 oxi-bt-col-sm-12                         \" >\n                <div class=\"oxi-image-hover-style-general\">\n                    <div class=\"oxi-image-hover oxi-image-general-hover oxi-image-general-hover-style-32 oxi-image-general-hover-106-8434\">\n                                                    <div class=\"oxi-image-hover-figure\">\n                                <div class=\"oxi-image-hover-image\">\n                                    <img decoding=\"async\" src=\"https:\/\/aline-voinot.com\/wp-content\/uploads\/2018\/01\/PPV-Chateaubriand-400-520.jpg\" >\n                                <\/div>\n                                <div class=\"oxi-image-hover-figure-caption\">\n                                    <div class=\"oxi-image-hover-caption-tab   image-hover-align-center-center\">\n                                                                                    <h3 class=\"oxi-image-hover-heading                                                                                          \">Fran\u00e7ois-Ren\u00e9 CHATEAUBRIAND, \u00c9crivain, Politicien, Diplomatie<\/h3>\n                                                                                            <div class=\"oxi-image-hover-button  \">\n                                                <a  href=\"https:\/\/aline-voinot.com\/index.php\/francois-rene-chateaubriand\/\" target=\"_blank\" rel=\"nofollow\" class=\"oxi-image-btn\">Les deux hommes se rencontr\u00e8rent durant l\u2019exil de Chateaubriand pendant la R\u00e9volution fran\u00e7aise, puis se retrouv\u00e8rent plus tard, lorsque sous Louis-Philippe, Chateaubriand fut nomm\u00e9 ambassadeur de France en Angleterre.<\/a>\n                                            <\/div>\n                                                                                <\/div>\n                                <\/div>\n                            <\/div>\n                                                <\/div>\n                <\/div>\n                            <\/div> \n                        <div class=\"oxi-image-hover-style oxi-image-hover-style-32 oxi-bt-col-lg-3 oxi-bt-col-md-6 oxi-bt-col-sm-12                         \" >\n                <div class=\"oxi-image-hover-style-general\">\n                    <div class=\"oxi-image-hover oxi-image-general-hover oxi-image-general-hover-style-32 oxi-image-general-hover-106-8435\">\n                                                    <div class=\"oxi-image-hover-figure\">\n                                <div class=\"oxi-image-hover-image\">\n                                    <img decoding=\"async\" src=\"https:\/\/aline-voinot.com\/wp-content\/uploads\/2018\/02\/PPV-de-Stael-400-520.jpg\" >\n                                <\/div>\n                                <div class=\"oxi-image-hover-figure-caption\">\n                                    <div class=\"oxi-image-hover-caption-tab   image-hover-align-center-center\">\n                                                                                    <h3 class=\"oxi-image-hover-heading                                                                                          \">Germaine de STA\u00cbL, \u00c9crivain, Intellectuelle<\/h3>\n                                                                                            <div class=\"oxi-image-hover-button  \">\n                                                <a  href=\"https:\/\/aline-voinot.com\/index.php\/germaine-de-stael\/\" target=\"_blank\" rel=\"nofollow\" class=\"oxi-image-btn\">Durant son exil, tandis que George IV n\u2019\u00e9tait encore que le prince de Galles, Germaine de Sta\u00ebl \u00e9voluait avec son maie la Duchesse de Devonshire dans le m\u00eame cercle d\u2019amis aristocrates.<\/a>\n                                            <\/div>\n                                                                                <\/div>\n                                <\/div>\n                            <\/div>\n                                                <\/div>\n                <\/div>\n                            <\/div> \n                        <div class=\"oxi-image-hover-style oxi-image-hover-style-32 oxi-bt-col-lg-3 oxi-bt-col-md-6 oxi-bt-col-sm-12                         \" >\n                <div class=\"oxi-image-hover-style-general\">\n                    <div class=\"oxi-image-hover oxi-image-general-hover oxi-image-general-hover-style-32 oxi-image-general-hover-106-8436\">\n                                                    <div class=\"oxi-image-hover-figure\">\n                                <div class=\"oxi-image-hover-image\">\n                                    <img decoding=\"async\" src=\"https:\/\/aline-voinot.com\/wp-content\/uploads\/2020\/04\/PP0V-Louis-Philippe-400-520.png\" >\n                                <\/div>\n                                <div class=\"oxi-image-hover-figure-caption\">\n                                    <div class=\"oxi-image-hover-caption-tab   image-hover-align-center-center\">\n                                                                                    <h3 class=\"oxi-image-hover-heading                                                                                          \">LOUIS-PHILIPPE Ier,\u00a0Louis-Philippe d\u2019ORL\u00c9ANS, Roi des Fran\u00e7ais<\/h3>\n                                                                                            <div class=\"oxi-image-hover-button  \">\n                                                <a  href=\"https:\/\/aline-voinot.com\/index.php\/louis-philippe-ier-louis-philippe-dorleans\/\" target=\"_blank\" rel=\"nofollow\" class=\"oxi-image-btn\">Relations cordiales durant son exil.<\/a>\n                                            <\/div>\n                                                                                <\/div>\n                                <\/div>\n                            <\/div>\n                                                <\/div>\n                <\/div>\n                            <\/div> \n                        <div class=\"oxi-image-hover-style oxi-image-hover-style-32 oxi-bt-col-lg-3 oxi-bt-col-md-6 oxi-bt-col-sm-12                         \" >\n                <div class=\"oxi-image-hover-style-general\">\n                    <div class=\"oxi-image-hover oxi-image-general-hover oxi-image-general-hover-style-32 oxi-image-general-hover-106-8438\">\n                                                    <div class=\"oxi-image-hover-figure\">\n                                <div class=\"oxi-image-hover-image\">\n                                    <img decoding=\"async\" src=\"https:\/\/aline-voinot.com\/wp-content\/uploads\/2018\/01\/PPV-Ferdinand-VII-dEspagne-400-520-VII-dEspagne-3.jpg\" >\n                                <\/div>\n                                <div class=\"oxi-image-hover-figure-caption\">\n                                    <div class=\"oxi-image-hover-caption-tab   image-hover-align-center-center\">\n                                                                                    <h3 class=\"oxi-image-hover-heading                                                                                          \">FERDINAND VII, Prince d\u2019Espagne, Prince des Asturies, Roi d\u2019Espagne<\/h3>\n                                                                                            <div class=\"oxi-image-hover-button  \">\n                                                <a  href=\"https:\/\/aline-voinot.com\/index.php\/ferdinand-vii\/\" target=\"_blank\" rel=\"nofollow\" class=\"oxi-image-btn\">Relations entre monarques - Relations post \u00e8re Napol\u00e9onienne.<\/a>\n                                            <\/div>\n                                                                                <\/div>\n                                <\/div>\n                            <\/div>\n                                                <\/div>\n                <\/div>\n                            <\/div> \n                        <div class=\"oxi-image-hover-style oxi-image-hover-style-32 oxi-bt-col-lg-3 oxi-bt-col-md-6 oxi-bt-col-sm-12                         \" >\n                <div class=\"oxi-image-hover-style-general\">\n                    <div class=\"oxi-image-hover oxi-image-general-hover oxi-image-general-hover-style-32 oxi-image-general-hover-106-8440\">\n                                                    <div class=\"oxi-image-hover-figure\">\n                                <div class=\"oxi-image-hover-image\">\n                                    <img decoding=\"async\" src=\"https:\/\/aline-voinot.com\/wp-content\/uploads\/2018\/01\/PPV-Louis-XVIII.-400-520jpg.jpg\" >\n                                <\/div>\n                                <div class=\"oxi-image-hover-figure-caption\">\n                                    <div class=\"oxi-image-hover-caption-tab   image-hover-align-center-center\">\n                                                                                    <h3 class=\"oxi-image-hover-heading                                                                                          \">LOUIS XVIII,\u00a0Louis Stanislas Xavier de FRANCE, Roi de France et de Navarrei<\/h3>\n                                                                                            <div class=\"oxi-image-hover-button  \">\n                                                <a  href=\"https:\/\/aline-voinot.com\/index.php\/louis-xviii-louis-stanislas-xavier-de-france\/\" target=\"_blank\" rel=\"nofollow\" class=\"oxi-image-btn\">Relations entre monarques - Post \u00e8re napol\u00e9onienne<\/a>\n                                            <\/div>\n                                                                                <\/div>\n                                <\/div>\n                            <\/div>\n                                                <\/div>\n                <\/div>\n                            <\/div> \n                        <div class=\"oxi-image-hover-style oxi-image-hover-style-32 oxi-bt-col-lg-3 oxi-bt-col-md-6 oxi-bt-col-sm-12                         \" >\n                <div class=\"oxi-image-hover-style-general\">\n                    <div class=\"oxi-image-hover oxi-image-general-hover oxi-image-general-hover-style-32 oxi-image-general-hover-106-8441\">\n                                                    <div class=\"oxi-image-hover-figure\">\n                                <div class=\"oxi-image-hover-image\">\n                                    <img decoding=\"async\" src=\"https:\/\/aline-voinot.com\/wp-content\/uploads\/2018\/02\/PPV-NELSON.jpg\" >\n                                <\/div>\n                                <div class=\"oxi-image-hover-figure-caption\">\n                                    <div class=\"oxi-image-hover-caption-tab   image-hover-align-center-center\">\n                                                                                    <h3 class=\"oxi-image-hover-heading                                                                                          \">HoratioHoratio\u00a0NELSON, 1er vicomte NELSON, Amiral britannique<\/h3>\n                                                                                            <div class=\"oxi-image-hover-button  \">\n                                                <a  href=\"https:\/\/aline-voinot.com\/index.php\/horatio-nelson-1er-vicomte-nelson-duc-de-bronte\/\" target=\"_blank\" rel=\"nofollow\" class=\"oxi-image-btn\">La marine britannique de George III \u00e9tait la meilleure au monde et Horatio Nelson l\u2019amiral le plus performant de son si\u00e8cle. H\u00e9ros britannique vainqueur de Trafalgar en 1805 o\u00f9 il perdit la vie contre la flotte fran\u00e7aise, Trafalgar Square \u00e0 Londres honore sa m\u00e9moire, avec sa statue en haut de la colonne.<\/a>\n                                            <\/div>\n                                                                                <\/div>\n                                <\/div>\n                            <\/div>\n                                                <\/div>\n                <\/div>\n                            <\/div> \n                        <div class=\"oxi-image-hover-style oxi-image-hover-style-32 oxi-bt-col-lg-3 oxi-bt-col-md-6 oxi-bt-col-sm-12                         \" >\n                <div class=\"oxi-image-hover-style-general\">\n                    <div class=\"oxi-image-hover oxi-image-general-hover oxi-image-general-hover-style-32 oxi-image-general-hover-106-8442\">\n                                                    <div class=\"oxi-image-hover-figure\">\n                                <div class=\"oxi-image-hover-image\">\n                                    <img decoding=\"async\" src=\"https:\/\/aline-voinot.com\/wp-content\/uploads\/2018\/02\/PPV.-WELLESLEYpng.png\" >\n                                <\/div>\n                                <div class=\"oxi-image-hover-figure-caption\">\n                                    <div class=\"oxi-image-hover-caption-tab   image-hover-align-center-center\">\n                                                                                    <h3 class=\"oxi-image-hover-heading                                                                                          \">Arthur WELLESLEY, Militaire, PoliticienWellington<\/h3>\n                                                                                            <div class=\"oxi-image-hover-button  \">\n                                                <a  href=\"https:\/\/aline-voinot.com\/index.php\/arthur-wellesley-duc-de-wellington\/\" target=\"_blank\" rel=\"nofollow\" class=\"oxi-image-btn\">Wellesley fut le premier duc de Wellington. Il fut le h\u00e9ros de Waterloo, g\u00e9n\u00e9ral qui battit l'Empereur Napol\u00e9on Ier. \u00c0 la suite de cette d\u00e9faite, Napol\u00e9on se livra aux Britanniques qui le retinrent prisonnier sur l\u2019\u00eele de Sainte-H\u00e9l\u00e8ne au milieu de l\u2019atlantique sud.<\/a>\n                                            <\/div>\n                                                                                <\/div>\n                                <\/div>\n                            <\/div>\n                                                <\/div>\n                <\/div>\n                            <\/div> \n                        <div class=\"oxi-image-hover-style oxi-image-hover-style-32 oxi-bt-col-lg-3 oxi-bt-col-md-6 oxi-bt-col-sm-12                         \" >\n                <div class=\"oxi-image-hover-style-general\">\n                    <div class=\"oxi-image-hover oxi-image-general-hover oxi-image-general-hover-style-32 oxi-image-general-hover-106-8443\">\n                                                    <div class=\"oxi-image-hover-figure\">\n                                <div class=\"oxi-image-hover-image\">\n                                    <img decoding=\"async\" src=\"https:\/\/aline-voinot.com\/wp-content\/uploads\/2018\/01\/PPV-Macadam-400-520.jpg\" >\n                                <\/div>\n                                <div class=\"oxi-image-hover-figure-caption\">\n                                    <div class=\"oxi-image-hover-caption-tab   image-hover-align-center-center\">\n                                                                                    <h3 class=\"oxi-image-hover-heading                                                                                          \">MacadamJohn Loudon MACADAM, <\/h3>\n                                                                                            <div class=\"oxi-image-hover-button  \">\n                                                <a  href=\"https:\/\/aline-voinot.com\/index.php\/john-loudon-macadam\/\" target=\"_blank\" rel=\"nofollow\" class=\"oxi-image-btn\">Ing\u00e9nieur inventeur \u00e9cossais son proc\u00e9d\u00e9 de rev\u00eatement des routes fut introduit \u00e0 Paris en 1849 sous le nom de macadam. Pitt et Fox furent les leaders politiques des deux principaux partis de son \u00e9poque et George III et George IV en furent les deux souverains.<\/a>\n                                            <\/div>\n                                                                                <\/div>\n                                <\/div>\n                            <\/div>\n                                                <\/div>\n                <\/div>\n                            <\/div> \n                        <div class=\"oxi-image-hover-style oxi-image-hover-style-32 oxi-bt-col-lg-3 oxi-bt-col-md-6 oxi-bt-col-sm-12                         \" >\n                <div class=\"oxi-image-hover-style-general\">\n                    <div class=\"oxi-image-hover oxi-image-general-hover oxi-image-general-hover-style-32 oxi-image-general-hover-106-8444\">\n                                                    <div class=\"oxi-image-hover-figure\">\n                                <div class=\"oxi-image-hover-image\">\n                                    <img decoding=\"async\" src=\"https:\/\/aline-voinot.com\/wp-content\/uploads\/2018\/01\/PPV-Malthus-400-520.jpg\" >\n                                <\/div>\n                                <div class=\"oxi-image-hover-figure-caption\">\n                                    <div class=\"oxi-image-hover-caption-tab   image-hover-align-center-center\">\n                                                                                    <h3 class=\"oxi-image-hover-heading                                                                                          \">Thomas Robert\u00a0MALTHUS, \u00c9conomiste, Pasteur anglican<\/h3>\n                                                                                            <div class=\"oxi-image-hover-button  \">\n                                                <a  href=\"https:\/\/aline-voinot.com\/index.php\/thomas-robert-malthus\/\" target=\"_blank\" rel=\"nofollow\" class=\"oxi-image-btn\">\u00c9conomiste anglais controvers\u00e9, sous le r\u00e8gne de George III, \u00e0 l'origine des th\u00e9ories malthusiennes.<\/a>\n                                            <\/div>\n                                                                                <\/div>\n                                <\/div>\n                            <\/div>\n                                                <\/div>\n                <\/div>\n                            <\/div> \n                        <div class=\"oxi-image-hover-style oxi-image-hover-style-32 oxi-bt-col-lg-3 oxi-bt-col-md-6 oxi-bt-col-sm-12                         \" >\n                <div class=\"oxi-image-hover-style-general\">\n                    <div class=\"oxi-image-hover oxi-image-general-hover oxi-image-general-hover-style-32 oxi-image-general-hover-106-8445\">\n                                                    <div class=\"oxi-image-hover-figure\">\n                                <div class=\"oxi-image-hover-image\">\n                                    <img decoding=\"async\" src=\"https:\/\/aline-voinot.com\/wp-content\/uploads\/2018\/01\/PP2V-Careme-400-520.jpg\" >\n                                <\/div>\n                                <div class=\"oxi-image-hover-figure-caption\">\n                                    <div class=\"oxi-image-hover-caption-tab   image-hover-align-center-center\">\n                                                                                    <h3 class=\"oxi-image-hover-heading                                                                                          \">Marie-Antoine\u00a0CAR\u00caME\u00a0dit \u00ab Antonin \u00bb<\/h3>\n                                                                                            <div class=\"oxi-image-hover-button  \">\n                                                <a  href=\"https:\/\/aline-voinot.com\/index.php\/marie-antoine-careme\/\" target=\"_blank\" rel=\"nofollow\" class=\"oxi-image-btn\">Cuisinier de Talleyrand lors de congr\u00e8s de Vienne, Antonin Car\u00eame \u00e9tait \u00ab Le chef des cuisiniers et le cuisinier des chefs \u00bb. \u00ab Tout bon diplomate doit avoir un bon cuisinier, car la diplomatie commence \u00e0 table \u00bb, disait le ministre des Relations ext\u00e9rieures fran\u00e7ais. Il fut aussi au service de Napol\u00e9on Ier, de George IV (roi d\u2019Angleterre) et d\u2019Alexandre Ier.<\/a>\n                                            <\/div>\n                                                                                <\/div>\n                                <\/div>\n                            <\/div>\n                                                <\/div>\n                <\/div>\n                            <\/div> \n                        <div class=\"oxi-image-hover-style oxi-image-hover-style-32 oxi-bt-col-lg-3 oxi-bt-col-md-6 oxi-bt-col-sm-12                         \" >\n                <div class=\"oxi-image-hover-style-general\">\n                    <div class=\"oxi-image-hover oxi-image-general-hover oxi-image-general-hover-style-32 oxi-image-general-hover-106-8447\">\n                                                    <div class=\"oxi-image-hover-figure\">\n                                <div class=\"oxi-image-hover-image\">\n                                    <img decoding=\"async\" src=\"https:\/\/aline-voinot.com\/wp-content\/uploads\/2018\/02\/PPV-NELSON.jpg\" >\n                                <\/div>\n                                <div class=\"oxi-image-hover-figure-caption\">\n                                    <div class=\"oxi-image-hover-caption-tab   image-hover-align-center-center\">\n                                                                                    <h3 class=\"oxi-image-hover-heading                                                                                          \">Horatio\u00a0 NELSON, Amiral britannique<\/h3>\n                                                                                            <div class=\"oxi-image-hover-button  \">\n                                                <a  href=\"https:\/\/aline-voinot.com\/index.php\/horatio-nelson-1er-vicomte-nelson-duc-de-bronte\/\" target=\"_blank\" class=\"oxi-image-btn\">H\u00e9ros britannique, sujet du roi George IV,\u00a0vainqueur de Trafalgar o\u00f9 il perdit la vie contre la flotte fran\u00e7aise de Charles de Villeneuve. Napol\u00e9on redoutait l\u2019excellence de la flotte britannique, d\u2019autant plus quand l\u2019amiral Nelson \u00e9tait \u00e0 sa t\u00eate. Nelson avait coul\u00e9 l\u2019ensemble de la flotte fran\u00e7aise lors de la bataille d\u2019Aboukir durant la campagne d\u2019\u00c9gypte. <\/a>\n                                            <\/div>\n                                                                                <\/div>\n                                <\/div>\n                            <\/div>\n                                                <\/div>\n                <\/div>\n                            <\/div> \n                        <div class=\"oxi-image-hover-style oxi-image-hover-style-32 oxi-bt-col-lg-3 oxi-bt-col-md-6 oxi-bt-col-sm-12                         \" >\n                <div class=\"oxi-image-hover-style-general\">\n                    <div class=\"oxi-image-hover oxi-image-general-hover oxi-image-general-hover-style-32 oxi-image-general-hover-106-8568\">\n                                                    <div class=\"oxi-image-hover-figure\">\n                                <div class=\"oxi-image-hover-image\">\n                                    <img decoding=\"async\" src=\"https:\/\/aline-voinot.com\/wp-content\/uploads\/2018\/02\/PPV-METTERNICH.jpg\" >\n                                <\/div>\n                                <div class=\"oxi-image-hover-figure-caption\">\n                                    <div class=\"oxi-image-hover-caption-tab   image-hover-align-center-center\">\n                                                                                    <h3 class=\"oxi-image-hover-heading                                                                                          \">Cl\u00e9ment\u00a0METTERNICH, Politicien, Diplomate<\/h3>\n                                                                                            <div class=\"oxi-image-hover-button  \">\n                                                <a  href=\"https:\/\/aline-voinot.com\/index.php\/clement-metternich\/\" target=\"_blank\" rel=\"nofollow\" class=\"oxi-image-btn\">Au congr\u00e8s de Vienne, Metternich est d\u2019abord favorable \u00e0 Napol\u00e9on II, car petit-fils de l\u2019Empereur d'Autriche et \u00e0 une r\u00e9gence de sa m\u00e8re l'imp\u00e9ratrice Marie-Louise. Finalement, il accepta la proposition des Britanniques pour une restauration des Bourbon.<\/a>\n                                            <\/div>\n                                                                                <\/div>\n                                <\/div>\n                            <\/div>\n                                                <\/div>\n                <\/div>\n                            <\/div> \n                            <\/div>\n            <\/div>\n\t\t\t\n","protected":false},"excerpt":{"rendered":"<p>[vc_row full_width=\u00a0\u00bbstretch_row\u00a0\u00bb css=\u00a0\u00bb.vc_custom_1513000693114{background-color: #272727 !important;}\u00a0\u00bb][vc_column width=\u00a0\u00bb1\/6&Prime;][vc_single_image image=\u00a0\u00bb1672&Prime; img_size=\u00a0\u00bb150X150&Prime; alignment=\u00a0\u00bbcenter\u00a0\u00bb][\/vc_column][vc_column width=\u00a0\u00bb1\/6&Prime;][vc_btn title=\u00a0\u00bbPortraits\u00a0\u00bb color=\u00a0\u00bbdefault\u00a0\u00bb size=\u00a0\u00bblg\u00a0\u00bb align=\u00a0\u00bbcenter\u00a0\u00bb button_block=\u00a0\u00bbtrue\u00a0\u00bb link=\u00a0\u00bburl:http%3A%2F%2Faline-voinot.com%2Findex.php%2Fgeorge-iV%2F|||\u00a0\u00bb][vc_btn title=\u00a0\u00bbR\u00e9sidences\u00a0\u00bb size=\u00a0\u00bblg\u00a0\u00bb align=\u00a0\u00bbcenter\u00a0\u00bb button_block=\u00a0\u00bbtrue\u00a0\u00bb link=\u00a0\u00bburl:http%3A%2F%2Faline-voinot.com%2Findex.php%2Fresidences-de-george-iV%2F|||\u00a0\u00bb][\/vc_column][vc_column width=\u00a0\u00bb1\/6&Prime;][vc_btn title=\u00a0\u00bbR\u00e9seau Social\u00a0\u00bb color=\u00a0\u00bbdanger\u00a0\u00bb size=\u00a0\u00bblg\u00a0\u00bb align=\u00a0\u00bbcenter\u00a0\u00bb button_block=\u00a0\u00bbtrue\u00a0\u00bb link=\u00a0\u00bburl:http%3A%2F%2Faline-voinot.com%2Findex.php%2Freseau-social-de-george-iV%2F|||\u00a0\u00bb][vc_btn title=\u00a0\u00bbG\u00e9n\u00e9alogie\u00a0\u00bb size=\u00a0\u00bblg\u00a0\u00bb align=\u00a0\u00bbcenter\u00a0\u00bb button_block=\u00a0\u00bbtrue\u00a0\u00bb link=\u00a0\u00bburl:http%3A%2F%2Faline-voinot.com%2Findex.php%2Fgenealogie-de-george-iV%2F|||\u00a0\u00bb][\/vc_column][vc_column width=\u00a0\u00bb1\/6&Prime;][vc_btn title=\u00a0\u00bb\u0152uvres\u00a0\u00bb size=\u00a0\u00bblg\u00a0\u00bb align=\u00a0\u00bbcenter\u00a0\u00bb button_block=\u00a0\u00bbtrue\u00a0\u00bb link=\u00a0\u00bburl:http%3A%2F%2Faline-voinot.com%2Findex.php%2Foeuvres-de-george-iV%2F|||\u00a0\u00bb][vc_btn<\/p>\n","protected":false},"author":1,"featured_media":0,"parent":0,"menu_order":0,"comment_status":"closed","ping_status":"closed","template":"","meta":{"footnotes":""},"class_list":["post-12625","page","type-page","status-publish","hentry"],"yoast_head":"<!-- This site is optimized with the Yoast SEO plugin v22.8 - https:\/\/yoast.com\/wordpress\/plugins\/seo\/ -->\n<title>R\u00e9seau social de George IV - L&#039;Histoire est un roman...<\/title>\n<meta name=\"robots\" content=\"index, follow, max-snippet:-1, max-image-preview:large, max-video-preview:-1\" \/>\n<link rel=\"canonical\" href=\"https:\/\/aline-voinot.com\/index.php\/reseau-social-de-george-iv\/\" \/>\n<meta property=\"og:locale\" content=\"fr_FR\" \/>\n<meta property=\"og:type\" content=\"article\" \/>\n<meta property=\"og:title\" content=\"R\u00e9seau social de George IV - L&#039;Histoire est un roman...\" \/>\n<meta property=\"og:description\" content=\"[vc_row full_width=\u00a0\u00bbstretch_row\u00a0\u00bb css=\u00a0\u00bb.vc_custom_1513000693114{background-color: #272727 !important;}\u00a0\u00bb][vc_column width=\u00a0\u00bb1\/6&Prime;][vc_single_image image=\u00a0\u00bb1672&Prime; img_size=\u00a0\u00bb150X150&Prime; alignment=\u00a0\u00bbcenter\u00a0\u00bb][\/vc_column][vc_column width=\u00a0\u00bb1\/6&Prime;][vc_btn title=\u00a0\u00bbPortraits\u00a0\u00bb color=\u00a0\u00bbdefault\u00a0\u00bb size=\u00a0\u00bblg\u00a0\u00bb align=\u00a0\u00bbcenter\u00a0\u00bb button_block=\u00a0\u00bbtrue\u00a0\u00bb link=\u00a0\u00bburl:http%3A%2F%2Faline-voinot.com%2Findex.php%2Fgeorge-iV%2F|||\u00a0\u00bb][vc_btn title=\u00a0\u00bbR\u00e9sidences\u00a0\u00bb size=\u00a0\u00bblg\u00a0\u00bb align=\u00a0\u00bbcenter\u00a0\u00bb button_block=\u00a0\u00bbtrue\u00a0\u00bb link=\u00a0\u00bburl:http%3A%2F%2Faline-voinot.com%2Findex.php%2Fresidences-de-george-iV%2F|||\u00a0\u00bb][\/vc_column][vc_column width=\u00a0\u00bb1\/6&Prime;][vc_btn title=\u00a0\u00bbR\u00e9seau Social\u00a0\u00bb color=\u00a0\u00bbdanger\u00a0\u00bb size=\u00a0\u00bblg\u00a0\u00bb align=\u00a0\u00bbcenter\u00a0\u00bb button_block=\u00a0\u00bbtrue\u00a0\u00bb link=\u00a0\u00bburl:http%3A%2F%2Faline-voinot.com%2Findex.php%2Freseau-social-de-george-iV%2F|||\u00a0\u00bb][vc_btn title=\u00a0\u00bbG\u00e9n\u00e9alogie\u00a0\u00bb size=\u00a0\u00bblg\u00a0\u00bb align=\u00a0\u00bbcenter\u00a0\u00bb button_block=\u00a0\u00bbtrue\u00a0\u00bb link=\u00a0\u00bburl:http%3A%2F%2Faline-voinot.com%2Findex.php%2Fgenealogie-de-george-iV%2F|||\u00a0\u00bb][\/vc_column][vc_column width=\u00a0\u00bb1\/6&Prime;][vc_btn title=\u00a0\u00bb\u0152uvres\u00a0\u00bb size=\u00a0\u00bblg\u00a0\u00bb align=\u00a0\u00bbcenter\u00a0\u00bb button_block=\u00a0\u00bbtrue\u00a0\u00bb link=\u00a0\u00bburl:http%3A%2F%2Faline-voinot.com%2Findex.php%2Foeuvres-de-george-iV%2F|||\u00a0\u00bb][vc_btn\" \/>\n<meta property=\"og:url\" content=\"https:\/\/aline-voinot.com\/index.php\/reseau-social-de-george-iv\/\" \/>\n<meta property=\"og:site_name\" content=\"L&#039;Histoire est un roman...\" \/>\n<meta property=\"article:modified_time\" content=\"2020-03-23T17:08:07+00:00\" \/>\n<meta name=\"twitter:card\" content=\"summary_large_image\" \/>\n<meta name=\"twitter:label1\" content=\"Dur\u00e9e de lecture estim\u00e9e\" \/>\n\t<meta name=\"twitter:data1\" content=\"2 minutes\" \/>\n<script type=\"application\/ld+json\" class=\"yoast-schema-graph\">{\"@context\":\"https:\/\/schema.org\",\"@graph\":[{\"@type\":\"WebPage\",\"@id\":\"https:\/\/aline-voinot.com\/index.php\/reseau-social-de-george-iv\/\",\"url\":\"https:\/\/aline-voinot.com\/index.php\/reseau-social-de-george-iv\/\",\"name\":\"R\u00e9seau social de George IV - L&#039;Histoire est un roman...\",\"isPartOf\":{\"@id\":\"https:\/\/aline-voinot.com\/#website\"},\"datePublished\":\"2019-02-09T15:44:54+00:00\",\"dateModified\":\"2020-03-23T17:08:07+00:00\",\"breadcrumb\":{\"@id\":\"https:\/\/aline-voinot.com\/index.php\/reseau-social-de-george-iv\/#breadcrumb\"},\"inLanguage\":\"fr-FR\",\"potentialAction\":[{\"@type\":\"ReadAction\",\"target\":[\"https:\/\/aline-voinot.com\/index.php\/reseau-social-de-george-iv\/\"]}]},{\"@type\":\"BreadcrumbList\",\"@id\":\"https:\/\/aline-voinot.com\/index.php\/reseau-social-de-george-iv\/#breadcrumb\",\"itemListElement\":[{\"@type\":\"ListItem\",\"position\":1,\"name\":\"Accueil\",\"item\":\"https:\/\/aline-voinot.com\/\"},{\"@type\":\"ListItem\",\"position\":2,\"name\":\"R\u00e9seau social de George IV\"}]},{\"@type\":\"WebSite\",\"@id\":\"https:\/\/aline-voinot.com\/#website\",\"url\":\"https:\/\/aline-voinot.com\/\",\"name\":\"L&#039;Histoire est un roman...\",\"description\":\"&quot;Destins connus, destins crois\u00e9s&quot; la premi\u00e8re encyclop\u00e9die romanc\u00e9e...\",\"potentialAction\":[{\"@type\":\"SearchAction\",\"target\":{\"@type\":\"EntryPoint\",\"urlTemplate\":\"https:\/\/aline-voinot.com\/?s={search_term_string}\"},\"query-input\":\"required name=search_term_string\"}],\"inLanguage\":\"fr-FR\"}]}<\/script>\n<!-- \/ Yoast SEO plugin. -->","yoast_head_json":{"title":"R\u00e9seau social de George IV - L&#039;Histoire est un roman...","robots":{"index":"index","follow":"follow","max-snippet":"max-snippet:-1","max-image-preview":"max-image-preview:large","max-video-preview":"max-video-preview:-1"},"canonical":"https:\/\/aline-voinot.com\/index.php\/reseau-social-de-george-iv\/","og_locale":"fr_FR","og_type":"article","og_title":"R\u00e9seau social de George IV - L&#039;Histoire est un roman...","og_description":"[vc_row full_width=\u00a0\u00bbstretch_row\u00a0\u00bb css=\u00a0\u00bb.vc_custom_1513000693114{background-color: #272727 !important;}\u00a0\u00bb][vc_column width=\u00a0\u00bb1\/6&Prime;][vc_single_image image=\u00a0\u00bb1672&Prime; img_size=\u00a0\u00bb150X150&Prime; alignment=\u00a0\u00bbcenter\u00a0\u00bb][\/vc_column][vc_column width=\u00a0\u00bb1\/6&Prime;][vc_btn title=\u00a0\u00bbPortraits\u00a0\u00bb color=\u00a0\u00bbdefault\u00a0\u00bb size=\u00a0\u00bblg\u00a0\u00bb align=\u00a0\u00bbcenter\u00a0\u00bb button_block=\u00a0\u00bbtrue\u00a0\u00bb link=\u00a0\u00bburl:http%3A%2F%2Faline-voinot.com%2Findex.php%2Fgeorge-iV%2F|||\u00a0\u00bb][vc_btn title=\u00a0\u00bbR\u00e9sidences\u00a0\u00bb size=\u00a0\u00bblg\u00a0\u00bb align=\u00a0\u00bbcenter\u00a0\u00bb button_block=\u00a0\u00bbtrue\u00a0\u00bb link=\u00a0\u00bburl:http%3A%2F%2Faline-voinot.com%2Findex.php%2Fresidences-de-george-iV%2F|||\u00a0\u00bb][\/vc_column][vc_column width=\u00a0\u00bb1\/6&Prime;][vc_btn title=\u00a0\u00bbR\u00e9seau Social\u00a0\u00bb color=\u00a0\u00bbdanger\u00a0\u00bb size=\u00a0\u00bblg\u00a0\u00bb align=\u00a0\u00bbcenter\u00a0\u00bb button_block=\u00a0\u00bbtrue\u00a0\u00bb link=\u00a0\u00bburl:http%3A%2F%2Faline-voinot.com%2Findex.php%2Freseau-social-de-george-iV%2F|||\u00a0\u00bb][vc_btn title=\u00a0\u00bbG\u00e9n\u00e9alogie\u00a0\u00bb size=\u00a0\u00bblg\u00a0\u00bb align=\u00a0\u00bbcenter\u00a0\u00bb button_block=\u00a0\u00bbtrue\u00a0\u00bb link=\u00a0\u00bburl:http%3A%2F%2Faline-voinot.com%2Findex.php%2Fgenealogie-de-george-iV%2F|||\u00a0\u00bb][\/vc_column][vc_column width=\u00a0\u00bb1\/6&Prime;][vc_btn title=\u00a0\u00bb\u0152uvres\u00a0\u00bb size=\u00a0\u00bblg\u00a0\u00bb align=\u00a0\u00bbcenter\u00a0\u00bb button_block=\u00a0\u00bbtrue\u00a0\u00bb link=\u00a0\u00bburl:http%3A%2F%2Faline-voinot.com%2Findex.php%2Foeuvres-de-george-iV%2F|||\u00a0\u00bb][vc_btn","og_url":"https:\/\/aline-voinot.com\/index.php\/reseau-social-de-george-iv\/","og_site_name":"L&#039;Histoire est un roman...","article_modified_time":"2020-03-23T17:08:07+00:00","twitter_card":"summary_large_image","twitter_misc":{"Dur\u00e9e de lecture estim\u00e9e":"2 minutes"},"schema":{"@context":"https:\/\/schema.org","@graph":[{"@type":"WebPage","@id":"https:\/\/aline-voinot.com\/index.php\/reseau-social-de-george-iv\/","url":"https:\/\/aline-voinot.com\/index.php\/reseau-social-de-george-iv\/","name":"R\u00e9seau social de George IV - L&#039;Histoire est un roman...","isPartOf":{"@id":"https:\/\/aline-voinot.com\/#website"},"datePublished":"2019-02-09T15:44:54+00:00","dateModified":"2020-03-23T17:08:07+00:00","breadcrumb":{"@id":"https:\/\/aline-voinot.com\/index.php\/reseau-social-de-george-iv\/#breadcrumb"},"inLanguage":"fr-FR","potentialAction":[{"@type":"ReadAction","target":["https:\/\/aline-voinot.com\/index.php\/reseau-social-de-george-iv\/"]}]},{"@type":"BreadcrumbList","@id":"https:\/\/aline-voinot.com\/index.php\/reseau-social-de-george-iv\/#breadcrumb","itemListElement":[{"@type":"ListItem","position":1,"name":"Accueil","item":"https:\/\/aline-voinot.com\/"},{"@type":"ListItem","position":2,"name":"R\u00e9seau social de George IV"}]},{"@type":"WebSite","@id":"https:\/\/aline-voinot.com\/#website","url":"https:\/\/aline-voinot.com\/","name":"L&#039;Histoire est un roman...","description":"&quot;Destins connus, destins crois\u00e9s&quot; la premi\u00e8re encyclop\u00e9die romanc\u00e9e...","potentialAction":[{"@type":"SearchAction","target":{"@type":"EntryPoint","urlTemplate":"https:\/\/aline-voinot.com\/?s={search_term_string}"},"query-input":"required name=search_term_string"}],"inLanguage":"fr-FR"}]}},"_links":{"self":[{"href":"https:\/\/aline-voinot.com\/index.php\/wp-json\/wp\/v2\/pages\/12625","targetHints":{"allow":["GET"]}}],"collection":[{"href":"https:\/\/aline-voinot.com\/index.php\/wp-json\/wp\/v2\/pages"}],"about":[{"href":"https:\/\/aline-voinot.com\/index.php\/wp-json\/wp\/v2\/types\/page"}],"author":[{"embeddable":true,"href":"https:\/\/aline-voinot.com\/index.php\/wp-json\/wp\/v2\/users\/1"}],"replies":[{"embeddable":true,"href":"https:\/\/aline-voinot.com\/index.php\/wp-json\/wp\/v2\/comments?post=12625"}],"version-history":[{"count":0,"href":"https:\/\/aline-voinot.com\/index.php\/wp-json\/wp\/v2\/pages\/12625\/revisions"}],"wp:attachment":[{"href":"https:\/\/aline-voinot.com\/index.php\/wp-json\/wp\/v2\/media?parent=12625"}],"curies":[{"name":"wp","href":"https:\/\/api.w.org\/{rel}","templated":true}]}}