{"id":12690,"date":"2019-02-09T17:11:42","date_gmt":"2019-02-09T16:11:42","guid":{"rendered":"http:\/\/aline-voinot.com\/?page_id=12690"},"modified":"2023-03-22T14:29:07","modified_gmt":"2023-03-22T13:29:07","slug":"residences-de-johann-wolfgang-von-goethe","status":"publish","type":"page","link":"https:\/\/aline-voinot.com\/index.php\/residences-de-johann-wolfgang-von-goethe\/","title":{"rendered":"R\u00e9sidences de  Johann Wolfgang von Goethe"},"content":{"rendered":"<p>[vc_row full_width=\u00a0\u00bbstretch_row\u00a0\u00bb css=\u00a0\u00bb.vc_custom_1513000693114{background-color: #272727 !important;}\u00a0\u00bb][vc_column width=\u00a0\u00bb1\/6&Prime;][vc_single_image image=\u00a0\u00bb1595&Prime; img_size=\u00a0\u00bb150X150&Prime; alignment=\u00a0\u00bbcenter\u00a0\u00bb][\/vc_column][vc_column width=\u00a0\u00bb1\/6&Prime;][vc_btn title=\u00a0\u00bbPortraits\u00a0\u00bb size=\u00a0\u00bblg\u00a0\u00bb align=\u00a0\u00bbcenter\u00a0\u00bb button_block=\u00a0\u00bbtrue\u00a0\u00bb link=\u00a0\u00bburl:http%3A%2F%2Faline-voinot.com%2Findex.php%2johann-wolfgang-von-goethe%2F|||\u00a0\u00bb][vc_btn title=\u00a0\u00bbR\u00e9sidences\u00a0\u00bb color=\u00a0\u00bbdanger\u00a0\u00bb size=\u00a0\u00bblg\u00a0\u00bb align=\u00a0\u00bbcenter\u00a0\u00bb button_block=\u00a0\u00bbtrue\u00a0\u00bb link=\u00a0\u00bburl:http%3A%2F%2Faline-voinot.com%2Findex.php%2Fresidences-de-johann-wolfgang-von-goethe%2F|||\u00a0\u00bb][\/vc_column][vc_column width=\u00a0\u00bb1\/6&Prime;][vc_btn title=\u00a0\u00bbR\u00e9seau Social\u00a0\u00bb size=\u00a0\u00bblg\u00a0\u00bb align=\u00a0\u00bbcenter\u00a0\u00bb button_block=\u00a0\u00bbtrue\u00a0\u00bb link=\u00a0\u00bburl:http%3A%2F%2Faline-voinot.com%2Findex.php%2Freseau-social-de-johann-wolfgang-von-goethe%2F|||\u00a0\u00bb][vc_btn title=\u00a0\u00bbG\u00e9n\u00e9alogie\u00a0\u00bb color=\u00a0\u00bbdefault\u00a0\u00bb size=\u00a0\u00bblg\u00a0\u00bb align=\u00a0\u00bbcenter\u00a0\u00bb button_block=\u00a0\u00bbtrue\u00a0\u00bb link=\u00a0\u00bburl:http%3A%2F%2Faline-voinot.com%2Findex.php%2Fgenealogie-de-johann-wolfgang-von-goethe%2F|||\u00a0\u00bb][\/vc_column][vc_column width=\u00a0\u00bb1\/6&Prime;][vc_btn title=\u00a0\u00bb\u0152uvres\u00a0\u00bb size=\u00a0\u00bblg\u00a0\u00bb align=\u00a0\u00bbcenter\u00a0\u00bb button_block=\u00a0\u00bbtrue\u00a0\u00bb link=\u00a0\u00bburl:http%3A%2F%2Faline-voinot.com%2Findex.php%2Foeuvres-de-johann-wolfgang-von-goethe%2F|||\u00a0\u00bb][vc_btn title=\u00a0\u00bbS\u00e9pulture\u00a0\u00bb size=\u00a0\u00bblg\u00a0\u00bb align=\u00a0\u00bbcenter\u00a0\u00bb button_block=\u00a0\u00bbtrue\u00a0\u00bb link=\u00a0\u00bburl:http%3A%2F%2Faline-voinot.com%2Findex.php%2Fsepulture-de-johann-wolfgang-von-goethe%2F|||\u00a0\u00bb][\/vc_column][vc_column width=\u00a0\u00bb1\/6&Prime;][vc_btn title=\u00a0\u00bbWikipedia\u00a0\u00bb size=\u00a0\u00bblg\u00a0\u00bb align=\u00a0\u00bbcenter\u00a0\u00bb button_block=\u00a0\u00bbtrue\u00a0\u00bb link=\u00a0\u00bburl:https%3A%2F%2Ffr.wikipedia.org%2Fwiki%2FJohann_Wolfgang_von_Goethe||target:%20_blank|rel:nofollow\u00a0\u00bb][vc_btn title=\u00a0\u00bbH\u00e9ritage\u00a0\u00bb size=\u00a0\u00bblg\u00a0\u00bb align=\u00a0\u00bbcenter\u00a0\u00bb button_block=\u00a0\u00bbtrue\u00a0\u00bb link=\u00a0\u00bburl:http%3A%2F%2Faline-voinot.com%2Findex.php%2Fheritage-de-johann-wolfgang-von-goethe%2F|||\u00a0\u00bb][\/vc_column][vc_column width=\u00a0\u00bb1\/6&Prime;][\/vc_column][\/vc_row][vc_row][vc_column][vc_btn title=\u00a0\u00bbMaison natale de Goethe \u00e0 Francfort-sur-le-Main &#8211; Gro\u00dfer Hirschgraben 23-25, 60311 Frankfurt am Main (Allemagne) &#8211; \u00a0\u00bb shape=\u00a0\u00bbsquare\u00a0\u00bb color=\u00a0\u00bbinverse\u00a0\u00bb size=\u00a0\u00bblg\u00a0\u00bb align=\u00a0\u00bbcenter\u00a0\u00bb i_align=\u00a0\u00bbright\u00a0\u00bb i_icon_fontawesome=\u00a0\u00bbfa fa-eye\u00a0\u00bb button_block=\u00a0\u00bbtrue\u00a0\u00bb add_icon=\u00a0\u00bbtrue\u00a0\u00bb link=\u00a0\u00bburl:https%3A%2F%2Ffrankfurter-goethe-haus.de%2F||target:%20_blank|rel:nofollow\u00a0\u00bb][vc_btn title=\u00a0\u00bbGro\u00dfer Hirschgraben 23-25, 60311 Frankfurt am Main, Allemagne\u00a0\u00bb shape=\u00a0\u00bbsquare\u00a0\u00bb color=\u00a0\u00bbdefault\u00a0\u00bb size=\u00a0\u00bblg\u00a0\u00bb align=\u00a0\u00bbcenter\u00a0\u00bb button_block=\u00a0\u00bbtrue\u00a0\u00bb link=\u00a0\u00bb||target:%20_blank|rel:nofollow\u00a0\u00bb][vc_row_inner css=\u00a0\u00bb.vc_custom_1549217795167{border-top-width: 1px !important;border-right-width: 1px !important;border-bottom-width: 1px !important;border-left-width: 1px !important;border-radius: 1px !important;}\u00a0\u00bb][vc_column_inner width=\u00a0\u00bb1\/4&Prime;][vc_single_image image=\u00a0\u00bb34970&Prime; img_size=\u00a0\u00bb350X350&Prime; onclick=\u00a0\u00bblink_image\u00a0\u00bb css=\u00a0\u00bb.vc_custom_1673624010867{margin-bottom: -15px !important;}\u00a0\u00bb][vc_btn title=\u00a0\u00bbFa\u00e7ade rue Maison de Goethe &#8211; Photographie Dimosthenis Michalis (2022) &#8211; Source Google Maps\u00a0\u00bb shape=\u00a0\u00bbsquare\u00a0\u00bb size=\u00a0\u00bblg\u00a0\u00bb align=\u00a0\u00bbcenter\u00a0\u00bb i_align=\u00a0\u00bbright\u00a0\u00bb i_icon_fontawesome=\u00a0\u00bbfa fa-eye\u00a0\u00bb button_block=\u00a0\u00bbtrue\u00a0\u00bb add_icon=\u00a0\u00bbtrue\u00a0\u00bb link=\u00a0\u00bburl:https%3A%2F%2Fwww.google.fr%2Fmaps%2Fplace%2FGoethe-Haus%2F%4050.1113414%2C8.6776096%2C3a%2C75y%2C90t%2Fdata%3D!3m8!1e2!3m6!1sAF1QipOKdxV-OFsq3HocbY8JP-Y4HGig2QY8MFM5w7Wz!2e10!3e12!6shttps%3A%252F%252Flh5.googleusercontent.com%252Fp%252FAF1QipOKdxV-OFsq3HocbY8JP-Y4HGig2QY8MFM5w7Wz%253Dw152-h86-k-no!7i4608!8i2592!4m5!3m4!1s0x47bd0ea8d5e69c85%3A0x878955f797728eed!8m2!3d50.1113414!4d8.6776096||target:%20_blank|rel:nofollow\u00a0\u00bb][\/vc_column_inner][vc_column_inner width=\u00a0\u00bb1\/4&Prime;][vc_single_image image=\u00a0\u00bb34980&Prime; img_size=\u00a0\u00bb450X450&Prime; onclick=\u00a0\u00bblink_image\u00a0\u00bb css=\u00a0\u00bb.vc_custom_1673686052229{margin-bottom: -15px !important;}\u00a0\u00bb][vc_btn title=\u00a0\u00bbFa\u00e7ade rue Maison de Goethe, Reconstruction en 1949 &#8211; Photographie source Bundesarchiv, Bild 183-2005-0717-527 \/ CC-BY-SA 3.0&Prime; shape=\u00a0\u00bbsquare\u00a0\u00bb size=\u00a0\u00bblg\u00a0\u00bb align=\u00a0\u00bbcenter\u00a0\u00bb i_align=\u00a0\u00bbright\u00a0\u00bb i_icon_fontawesome=\u00a0\u00bbfa fa-eye\u00a0\u00bb button_block=\u00a0\u00bbtrue\u00a0\u00bb add_icon=\u00a0\u00bbtrue\u00a0\u00bb link=\u00a0\u00bburl:https%3A%2F%2Ffr.wikipedia.org%2Fwiki%2FMaison_de_Goethe_(Francfort-sur-le-Main)%23%2Fmedia%2FFichier%3ABundesarchiv_Bild_183-2005-0717-527%2C_Frankfurt-Main%2C_Wiederaufbau_Goethehaus.jpg||target:%20_blank|rel:nofollow\u00a0\u00bb][\/vc_column_inner][vc_column_inner width=\u00a0\u00bb1\/4&Prime;][vc_single_image image=\u00a0\u00bb34969&Prime; img_size=\u00a0\u00bb450X450&Prime; onclick=\u00a0\u00bblink_image\u00a0\u00bb css=\u00a0\u00bb.vc_custom_1673623537840{margin-bottom: -15px !important;}\u00a0\u00bb][vc_btn title=\u00a0\u00bbLa fontaine de Goethe &#8211; Photographie Karsten11 (2012) &#8211; Travail personnel\u00a0\u00bb shape=\u00a0\u00bbsquare\u00a0\u00bb size=\u00a0\u00bblg\u00a0\u00bb align=\u00a0\u00bbcenter\u00a0\u00bb i_align=\u00a0\u00bbright\u00a0\u00bb i_icon_fontawesome=\u00a0\u00bbfa fa-eye\u00a0\u00bb button_block=\u00a0\u00bbtrue\u00a0\u00bb add_icon=\u00a0\u00bbtrue\u00a0\u00bb link=\u00a0\u00bburl:https%3A%2F%2Ffr.wikipedia.org%2Fwiki%2FMaison_de_Goethe_(Francfort-sur-le-Main)%23%2Fmedia%2FFichier%3AFrankfurt%2C_Brunnen_Goethehaus.JPG||target:%20_blank|rel:nofollow\u00a0\u00bb][\/vc_column_inner][vc_column_inner width=\u00a0\u00bb1\/4&Prime;][vc_single_image image=\u00a0\u00bb34972&Prime; img_size=\u00a0\u00bb450X450&Prime; onclick=\u00a0\u00bblink_image\u00a0\u00bb css=\u00a0\u00bb.vc_custom_1673624487731{margin-bottom: -15px !important;}\u00a0\u00bb][vc_btn title=\u00a0\u00bbBureau de Goethe &#8211; Photographie \u0130kbal \u00c7i\u011fdem K\u00f6se (2022) &#8211; Source Google Maps\u00a0\u00bb shape=\u00a0\u00bbsquare\u00a0\u00bb size=\u00a0\u00bblg\u00a0\u00bb align=\u00a0\u00bbcenter\u00a0\u00bb i_align=\u00a0\u00bbright\u00a0\u00bb i_icon_fontawesome=\u00a0\u00bbfa fa-eye\u00a0\u00bb button_block=\u00a0\u00bbtrue\u00a0\u00bb add_icon=\u00a0\u00bbtrue\u00a0\u00bb link=\u00a0\u00bburl:https%3A%2F%2Fwww.google.fr%2Fmaps%2Fplace%2FGoethe-Haus%2F%4050.1112959%2C8.6777852%2C3a%2C75y%2C90t%2Fdata%3D!3m8!1e2!3m6!1sAF1QipOjv6X7eq9Q7NOs0LWwsOu8yCnzZVdLZz6gxKeF!2e10!3e12!6shttps%3A%252F%252Flh5.googleusercontent.com%252Fp%252FAF1QipOjv6X7eq9Q7NOs0LWwsOu8yCnzZVdLZz6gxKeF%253Dw203-h203-k-no!7i3472!8i3472!4m5!3m4!1s0x47bd0ea8d5e69c85%3A0x878955f797728eed!8m2!3d50.1113414!4d8.6776096||target:%20_blank|rel:nofollow\u00a0\u00bb][\/vc_column_inner][\/vc_row_inner][vc_row_inner css=\u00a0\u00bb.vc_custom_1549217795167{border-top-width: 1px !important;border-right-width: 1px !important;border-bottom-width: 1px !important;border-left-width: 1px !important;border-radius: 1px !important;}\u00a0\u00bb][vc_column_inner width=\u00a0\u00bb1\/4&Prime;][vc_single_image image=\u00a0\u00bb34973&Prime; img_size=\u00a0\u00bb450X450&Prime; onclick=\u00a0\u00bblink_image\u00a0\u00bb css=\u00a0\u00bb.vc_custom_1673624502486{margin-bottom: -15px !important;}\u00a0\u00bb][vc_btn title=\u00a0\u00bbBiblioth\u00e8que &#8211; Photographie Fabio Machado (2022) &#8211; Source Google Maps\u00a0\u00bb shape=\u00a0\u00bbsquare\u00a0\u00bb size=\u00a0\u00bblg\u00a0\u00bb align=\u00a0\u00bbcenter\u00a0\u00bb i_align=\u00a0\u00bbright\u00a0\u00bb i_icon_fontawesome=\u00a0\u00bbfa fa-eye\u00a0\u00bb button_block=\u00a0\u00bbtrue\u00a0\u00bb add_icon=\u00a0\u00bbtrue\u00a0\u00bb link=\u00a0\u00bburl:https%3A%2F%2Fwww.google.fr%2Fmaps%2Fplace%2FGoethe-Haus%2F%4050.1113414%2C8.6776096%2C3a%2C75y%2C90t%2Fdata%3D!3m8!1e2!3m6!1sAF1QipM6D3WTtoXWVA3k1Dmfg3LN6-HgUVS1bKdFeVmb!2e10!3e12!6shttps%3A%252F%252Flh5.googleusercontent.com%252Fp%252FAF1QipM6D3WTtoXWVA3k1Dmfg3LN6-HgUVS1bKdFeVmb%253Dw203-h270-k-no!7i3024!8i4032!4m5!3m4!1s0x47bd0ea8d5e69c85%3A0x878955f797728eed!8m2!3d50.1113414!4d8.6776096||target:%20_blank|rel:nofollow\u00a0\u00bb][\/vc_column_inner][vc_column_inner width=\u00a0\u00bb1\/4&Prime;][vc_single_image image=\u00a0\u00bb34974&Prime; img_size=\u00a0\u00bb350X350&Prime; onclick=\u00a0\u00bblink_image\u00a0\u00bb css=\u00a0\u00bb.vc_custom_1673624513927{margin-bottom: -15px !important;}\u00a0\u00bb][vc_btn title=\u00a0\u00bbGrand salon &#8211; Photographie Alessandro Cutelli (2022) &#8211; Source Google Maps\u00a0\u00bb shape=\u00a0\u00bbsquare\u00a0\u00bb size=\u00a0\u00bblg\u00a0\u00bb align=\u00a0\u00bbcenter\u00a0\u00bb i_align=\u00a0\u00bbright\u00a0\u00bb i_icon_fontawesome=\u00a0\u00bbfa fa-eye\u00a0\u00bb button_block=\u00a0\u00bbtrue\u00a0\u00bb add_icon=\u00a0\u00bbtrue\u00a0\u00bb link=\u00a0\u00bburl:https%3A%2F%2Fwww.google.fr%2Fmaps%2Fplace%2FGoethe-Haus%2F%4050.1113414%2C8.6776096%2C3a%2C75y%2C90t%2Fdata%3D!3m8!1e2!3m6!1sAF1QipM6D3WTtoXWVA3k1Dmfg3LN6-HgUVS1bKdFeVmb!2e10!3e12!6shttps%3A%252F%252Flh5.googleusercontent.com%252Fp%252FAF1QipM6D3WTtoXWVA3k1Dmfg3LN6-HgUVS1bKdFeVmb%253Dw203-h270-k-no!7i3024!8i4032!4m5!3m4!1s0x47bd0ea8d5e69c85%3A0x878955f797728eed!8m2!3d50.1113414!4d8.6776096||target:%20_blank|rel:nofollow\u00a0\u00bb][\/vc_column_inner][vc_column_inner width=\u00a0\u00bb1\/4&Prime;][vc_single_image image=\u00a0\u00bb34975&Prime; img_size=\u00a0\u00bb450X450&Prime; onclick=\u00a0\u00bblink_image\u00a0\u00bb css=\u00a0\u00bb.vc_custom_1673624529970{margin-bottom: -15px !important;}\u00a0\u00bb][vc_btn title=\u00a0\u00bbSalle \u00e0 manger &#8211; Photographie \u0130kbal \u00c7i\u011fdem K\u00f6se (2022) &#8211; Source Google Maps\u00a0\u00bb shape=\u00a0\u00bbsquare\u00a0\u00bb size=\u00a0\u00bblg\u00a0\u00bb align=\u00a0\u00bbcenter\u00a0\u00bb i_align=\u00a0\u00bbright\u00a0\u00bb i_icon_fontawesome=\u00a0\u00bbfa fa-eye\u00a0\u00bb button_block=\u00a0\u00bbtrue\u00a0\u00bb add_icon=\u00a0\u00bbtrue\u00a0\u00bb link=\u00a0\u00bburl:https%3A%2F%2Fwww.google.fr%2Fmaps%2Fplace%2FGoethe-Haus%2F%4050.1112959%2C8.6777852%2C3a%2C75y%2C90t%2Fdata%3D!3m8!1e2!3m6!1sAF1QipP6BH7ohelohZFWq2YPN4SNFO6RMtXQYNOE516p!2e10!3e12!6shttps%3A%252F%252Flh5.googleusercontent.com%252Fp%252FAF1QipP6BH7ohelohZFWq2YPN4SNFO6RMtXQYNOE516p%253Dw203-h203-k-no!7i2992!8i2992!4m5!3m4!1s0x47bd0ea8d5e69c85%3A0x878955f797728eed!8m2!3d50.1113414!4d8.6776096||target:%20_blank|rel:nofollow\u00a0\u00bb][\/vc_column_inner][vc_column_inner width=\u00a0\u00bb1\/4&Prime;][vc_gmaps link=\u00a0\u00bb#E-8_JTNDaWZyYW1lJTIwc3JjJTNEJTIyaHR0cHMlM0ElMkYlMkZ3d3cuZ29vZ2xlLmNvbSUyRm1hcHMlMkZlbWJlZCUzRnBiJTNEJTIxMW0xOCUyMTFtMTIlMjExbTMlMjExZDI1NTguNjU2MTYwNDUzOTE3JTIxMmQ4LjY3NTQzNzAxNzQ0Mzg0OCUyMTNkNTAuMTExNDQyNSUyMTJtMyUyMTFmMCUyMTJmMCUyMTNmMCUyMTNtMiUyMTFpMTAyNCUyMTJpNzY4JTIxNGYxMy4xJTIxM20zJTIxMW0yJTIxMXMweDQ3YmQwZWE5MjgyMWYzYTUlMjUzQTB4NjkxOTE5MTVlYTAxNGRjNCUyMTJzR3JvJTI1QzMlMjU5RmVyJTI1MjBIaXJzY2hncmFiZW4lMjUyMDIzLTI1JTI1MkMlMjUyMDYwMzExJTI1MjBGcmFua2Z1cnQlMjUyMGFtJTI1MjBNYWluJTI1MkMlMjUyMEFsbGVtYWduZSUyMTVlMCUyMTNtMiUyMTFzZnIlMjEyc2ZyJTIxNHYxNjczNjk0OTU1NDA2JTIxNW0yJTIxMXNmciUyMTJzZnIlMjIlMjB3aWR0aCUzRCUyMjYwMCUyMiUyMGhlaWdodCUzRCUyMjQ1MCUyMiUyMHN0eWxlJTNEJTIyYm9yZGVyJTNBMCUzQiUyMiUyMGFsbG93ZnVsbHNjcmVlbiUzRCUyMiUyMiUyMGxvYWRpbmclM0QlMjJsYXp5JTIyJTIwcmVmZXJyZXJwb2xpY3klM0QlMjJuby1yZWZlcnJlci13aGVuLWRvd25ncmFkZSUyMiUzRSUzQyUyRmlmcmFtZSUzRQ==\u00a0\u00bb size=\u00a0\u00bb350&Prime;][\/vc_column_inner][\/vc_row_inner][\/vc_column][\/vc_row][vc_row][\/vc_row][vc_row css=\u00a0\u00bb.vc_custom_1673562458440{margin-top: 20px !important;}\u00a0\u00bb][vc_column][vc_btn title=\u00a0\u00bbMaison de Goethe &#8211; 36, rue du Vieux-March\u00e9-aux-Poissons Strasbourg (France) &#8211; \u00a0\u00bb shape=\u00a0\u00bbsquare\u00a0\u00bb color=\u00a0\u00bbdanger\u00a0\u00bb size=\u00a0\u00bblg\u00a0\u00bb align=\u00a0\u00bbcenter\u00a0\u00bb i_align=\u00a0\u00bbright\u00a0\u00bb i_icon_fontawesome=\u00a0\u00bbfa fa-eye\u00a0\u00bb button_block=\u00a0\u00bbtrue\u00a0\u00bb add_icon=\u00a0\u00bbtrue\u00a0\u00bb link=\u00a0\u00bb||target:%20_blank|rel:nofollow\u00a0\u00bb][vc_btn title=\u00a0\u00bbGoethe r\u00e9sida au 2e \u00e9tage de cette maison pendant ses \u00e9tudes  de 1770 \u00e0 1771. Le jeune homme \u00e9tait convalescent \u00e0 la suite d&rsquo;une tuberculose. Il avait alors 21 ans.\u00a0\u00bb shape=\u00a0\u00bbsquare\u00a0\u00bb color=\u00a0\u00bbdefault\u00a0\u00bb size=\u00a0\u00bblg\u00a0\u00bb align=\u00a0\u00bbcenter\u00a0\u00bb button_block=\u00a0\u00bbtrue\u00a0\u00bb link=\u00a0\u00bburl:https%3A%2F%2Ffr.wikipedia.org%2Fwiki%2FMaison_de_Goethe_(Strasbourg)%23%2Fmedia%2FFichier%3AMaison_Goethe_Strasbourg.jpg||target:%20_blank|rel:nofollow\u00a0\u00bb][vc_row_inner css=\u00a0\u00bb.vc_custom_1549217795167{border-top-width: 1px !important;border-right-width: 1px !important;border-bottom-width: 1px !important;border-left-width: 1px !important;border-radius: 1px !important;}\u00a0\u00bb][vc_column_inner width=\u00a0\u00bb1\/4&Prime;][vc_single_image image=\u00a0\u00bb34948&Prime; img_size=\u00a0\u00bb450X450&Prime; onclick=\u00a0\u00bblink_image\u00a0\u00bb css=\u00a0\u00bb.vc_custom_1673699083426{margin-bottom: -15px !important;}\u00a0\u00bb][vc_btn title=\u00a0\u00bbNom &#8211; Photographie Jean-Marc Pascolo (2012) &#8211; Travail personnel\u00a0\u00bb shape=\u00a0\u00bbsquare\u00a0\u00bb size=\u00a0\u00bblg\u00a0\u00bb align=\u00a0\u00bbcenter\u00a0\u00bb i_align=\u00a0\u00bbright\u00a0\u00bb i_icon_fontawesome=\u00a0\u00bbfa fa-eye\u00a0\u00bb button_block=\u00a0\u00bbtrue\u00a0\u00bb add_icon=\u00a0\u00bbtrue\u00a0\u00bb link=\u00a0\u00bburl:https%3A%2F%2Ffr.wikipedia.org%2Fwiki%2FMaison_de_Goethe_(Strasbourg)%23%2Fmedia%2FFichier%3AMaison_Goethe_Strasbourg.jpg||target:%20_blank|rel:nofollow\u00a0\u00bb][\/vc_column_inner][vc_column_inner width=\u00a0\u00bb1\/4&Prime;][\/vc_column_inner][vc_column_inner width=\u00a0\u00bb1\/4&Prime;][\/vc_column_inner][vc_column_inner width=\u00a0\u00bb1\/4&Prime;][vc_gmaps link=\u00a0\u00bb#E-8_JTNDaWZyYW1lJTIwc3JjJTNEJTIyaHR0cHMlM0ElMkYlMkZ3d3cuZ29vZ2xlLmNvbSUyRm1hcHMlMkZlbWJlZCUzRnBiJTNEJTIxMW0xOCUyMTFtMTIlMjExbTMlMjExZDI2MzkuNTI0MDAwMDczNzk5NSUyMTJkNy43NDc0MzY2MTU1Mjc4MzglMjEzZDQ4LjU4MDY2NDkyODE3NTM0NSUyMTJtMyUyMTFmMCUyMTJmMCUyMTNmMCUyMTNtMiUyMTFpMTAyNCUyMTJpNzY4JTIxNGYxMy4xJTIxM20zJTIxMW0yJTIxMXMweDQ3OTZjODUyZTIzZGFjMjclMjUzQTB4ZDk5NzE2YWYwN2QxZTQ4ZiUyMTJzMzYlMjUyMFJ1ZSUyNTIwZHUlMjUyMFZpZXV4LU1hcmNoJTI1QzMlMjVBOS1hdXgtUG9pc3NvbnMlMjUyQyUyNTIwNjcwMDAlMjUyMFN0cmFzYm91cmclMjE1ZTAlMjEzbTIlMjExc2ZyJTIxMnNmciUyMTR2MTY3MzY5OTg4MDY0MiUyMTVtMiUyMTFzZnIlMjEyc2ZyJTIyJTIwd2lkdGglM0QlMjI2MDAlMjIlMjBoZWlnaHQlM0QlMjI0NTAlMjIlMjBzdHlsZSUzRCUyMmJvcmRlciUzQTAlM0IlMjIlMjBhbGxvd2Z1bGxzY3JlZW4lM0QlMjIlMjIlMjBsb2FkaW5nJTNEJTIybGF6eSUyMiUyMHJlZmVycmVycG9saWN5JTNEJTIybm8tcmVmZXJyZXItd2hlbi1kb3duZ3JhZGUlMjIlM0UlM0MlMkZpZnJhbWUlM0U=\u00a0\u00bb size=\u00a0\u00bb350&Prime;][\/vc_column_inner][\/vc_row_inner][\/vc_column][\/vc_row][vc_row][\/vc_row][vc_row][vc_column][vc_btn title=\u00a0\u00bbMaison de Goethe &#8211; Frauenplan 1, 99423 Weimar (Allemagne) &#8211; Lien site web, cliquez ici\u00a0\u00bb shape=\u00a0\u00bbsquare\u00a0\u00bb color=\u00a0\u00bbinverse\u00a0\u00bb size=\u00a0\u00bblg\u00a0\u00bb align=\u00a0\u00bbcenter\u00a0\u00bb i_align=\u00a0\u00bbright\u00a0\u00bb i_icon_fontawesome=\u00a0\u00bbfa fa-eye\u00a0\u00bb button_block=\u00a0\u00bbtrue\u00a0\u00bb add_icon=\u00a0\u00bbtrue\u00a0\u00bb link=\u00a0\u00bburl:https%3A%2F%2Fwww.klassik-stiftung.de%2Fgoethe-nationalmuseum%2Fgoethes-wohnhaus%2F||target:%20_blank|rel:nofollow\u00a0\u00bb][vc_row_inner css=\u00a0\u00bb.vc_custom_1549217795167{border-top-width: 1px !important;border-right-width: 1px !important;border-bottom-width: 1px !important;border-left-width: 1px !important;border-radius: 1px !important;}\u00a0\u00bb][vc_column_inner width=\u00a0\u00bb1\/4&Prime;][vc_single_image image=\u00a0\u00bb34952&Prime; img_size=\u00a0\u00bb450X450&Prime; onclick=\u00a0\u00bblink_image\u00a0\u00bb css=\u00a0\u00bb.vc_custom_1673563083392{margin-bottom: -15px !important;}\u00a0\u00bb][vc_btn title=\u00a0\u00bbLa maison de Goethe sur le Frauenplan &#8211; Johann Gottlob Samuel R\u00f6sel &#8211; 1828 -Goethe National Museum, Weimer (Allemagne)\u00a0\u00bb shape=\u00a0\u00bbsquare\u00a0\u00bb size=\u00a0\u00bblg\u00a0\u00bb align=\u00a0\u00bbcenter\u00a0\u00bb i_align=\u00a0\u00bbright\u00a0\u00bb i_icon_fontawesome=\u00a0\u00bbfa fa-eye\u00a0\u00bb button_block=\u00a0\u00bbtrue\u00a0\u00bb add_icon=\u00a0\u00bbtrue\u00a0\u00bb link=\u00a0\u00bburl:https%3A%2F%2Ffr.wikipedia.org%2Fwiki%2FMaison_de_Goethe_(Weimar)%23%2Fmedia%2FFichier%3AGoethes_Wohnhaus_am_Frauenplan%2C_1828.jpg||target:%20_blank|rel:nofollow\u00a0\u00bb][\/vc_column_inner][vc_column_inner width=\u00a0\u00bb1\/4&Prime;][vc_single_image image=\u00a0\u00bb34953&Prime; img_size=\u00a0\u00bb350X350&Prime; onclick=\u00a0\u00bblink_image\u00a0\u00bb css=\u00a0\u00bb.vc_custom_1673563097158{margin-bottom: -15px !important;}\u00a0\u00bb][vc_btn title=\u00a0\u00bbVue ext\u00e9rieure, fa\u00e7ade principale &#8211; Photographie L.Kenzel (2011) &#8211; Travail personnel\u00a0\u00bb shape=\u00a0\u00bbsquare\u00a0\u00bb size=\u00a0\u00bblg\u00a0\u00bb align=\u00a0\u00bbcenter\u00a0\u00bb i_align=\u00a0\u00bbright\u00a0\u00bb i_icon_fontawesome=\u00a0\u00bbfa fa-eye\u00a0\u00bb button_block=\u00a0\u00bbtrue\u00a0\u00bb add_icon=\u00a0\u00bbtrue\u00a0\u00bb link=\u00a0\u00bburl:https%3A%2F%2Ffr.wikipedia.org%2Fwiki%2FMaison_de_Goethe_(Weimar)%23%2Fmedia%2FFichier%3AGoethehaus01.jpg||target:%20_blank|rel:nofollow\u00a0\u00bb][\/vc_column_inner][vc_column_inner width=\u00a0\u00bb1\/4&Prime;][vc_single_image image=\u00a0\u00bb34954&Prime; img_size=\u00a0\u00bb450X450&Prime; onclick=\u00a0\u00bblink_image\u00a0\u00bb css=\u00a0\u00bb.vc_custom_1673563109229{margin-bottom: -15px !important;}\u00a0\u00bb][vc_btn title=\u00a0\u00bbInscription du portail &#8211; Photographie Andreas praefcke (2012) &#8211; Travail personnel\u00a0\u00bb shape=\u00a0\u00bbsquare\u00a0\u00bb size=\u00a0\u00bblg\u00a0\u00bb align=\u00a0\u00bbcenter\u00a0\u00bb i_align=\u00a0\u00bbright\u00a0\u00bb i_icon_fontawesome=\u00a0\u00bbfa fa-eye\u00a0\u00bb button_block=\u00a0\u00bbtrue\u00a0\u00bb add_icon=\u00a0\u00bbtrue\u00a0\u00bb link=\u00a0\u00bburl:https%3A%2F%2Ffr.wikipedia.org%2Fwiki%2FMaison_de_Goethe_(Weimar)%23%2Fmedia%2FFichier%3AWeimar_Goethehaus_Portal_02.jpg||target:%20_blank|rel:nofollow\u00a0\u00bb][\/vc_column_inner][vc_column_inner width=\u00a0\u00bb1\/4&Prime;][vc_single_image image=\u00a0\u00bb34955&Prime; img_size=\u00a0\u00bb450X450&Prime; onclick=\u00a0\u00bblink_image\u00a0\u00bb css=\u00a0\u00bb.vc_custom_1673563120645{margin-bottom: -15px !important;}\u00a0\u00bb][vc_btn title=\u00a0\u00bbBureau de Goethe &#8211; Photographie Michiel Hendryckx (2013) &#8211; Travail personnel\u00a0\u00bb shape=\u00a0\u00bbsquare\u00a0\u00bb size=\u00a0\u00bblg\u00a0\u00bb align=\u00a0\u00bbcenter\u00a0\u00bb i_align=\u00a0\u00bbright\u00a0\u00bb i_icon_fontawesome=\u00a0\u00bbfa fa-eye\u00a0\u00bb button_block=\u00a0\u00bbtrue\u00a0\u00bb add_icon=\u00a0\u00bbtrue\u00a0\u00bb link=\u00a0\u00bburl:https%3A%2F%2Ffr.wikipedia.org%2Fwiki%2FMaison_de_Goethe_(Weimar)%23%2Fmedia%2FFichier%3AGoethe_Weimar_675.jpg||target:%20_blank|rel:nofollow\u00a0\u00bb][\/vc_column_inner][\/vc_row_inner][vc_row_inner css=\u00a0\u00bb.vc_custom_1549217795167{border-top-width: 1px !important;border-right-width: 1px !important;border-bottom-width: 1px !important;border-left-width: 1px !important;border-radius: 1px !important;}\u00a0\u00bb][vc_column_inner width=\u00a0\u00bb1\/4&Prime;][vc_single_image image=\u00a0\u00bb34956&Prime; img_size=\u00a0\u00bb450X450&Prime; onclick=\u00a0\u00bblink_image\u00a0\u00bb css=\u00a0\u00bb.vc_custom_1673563133554{margin-bottom: -15px !important;}\u00a0\u00bb][vc_btn title=\u00a0\u00bbLa chambre de Goethe &#8211; Photographie Deutsche Fotothek\u200e (1962) &#8211; Source wikipedia\u00a0\u00bb shape=\u00a0\u00bbsquare\u00a0\u00bb size=\u00a0\u00bblg\u00a0\u00bb align=\u00a0\u00bbcenter\u00a0\u00bb i_align=\u00a0\u00bbright\u00a0\u00bb i_icon_fontawesome=\u00a0\u00bbfa fa-eye\u00a0\u00bb button_block=\u00a0\u00bbtrue\u00a0\u00bb add_icon=\u00a0\u00bbtrue\u00a0\u00bb link=\u00a0\u00bburl:https%3A%2F%2Ffr.wikipedia.org%2Fwiki%2FMaison_de_Goethe_(Weimar)%23%2Fmedia%2FFichier%3AFotothek_df_ps_0006086_Wohnh%25C3%25A4user.jpg||target:%20_blank|rel:nofollow\u00a0\u00bb][\/vc_column_inner][vc_column_inner width=\u00a0\u00bb1\/4&Prime;][vc_single_image image=\u00a0\u00bb34957&Prime; img_size=\u00a0\u00bb350X350&Prime; onclick=\u00a0\u00bblink_image\u00a0\u00bb css=\u00a0\u00bb.vc_custom_1673563149590{margin-bottom: -15px !important;}\u00a0\u00bb][vc_btn title=\u00a0\u00bbPi\u00e8ce au piano &#8211; Photographie Hajotthu (2015) &#8211; Travail personnel\u00a0\u00bb shape=\u00a0\u00bbsquare\u00a0\u00bb size=\u00a0\u00bblg\u00a0\u00bb align=\u00a0\u00bbcenter\u00a0\u00bb i_align=\u00a0\u00bbright\u00a0\u00bb i_icon_fontawesome=\u00a0\u00bbfa fa-eye\u00a0\u00bb button_block=\u00a0\u00bbtrue\u00a0\u00bb add_icon=\u00a0\u00bbtrue\u00a0\u00bb link=\u00a0\u00bburl:https%3A%2F%2Ffr.wikipedia.org%2Fwiki%2FMaison_de_Goethe_(Weimar)%23%2Fmedia%2FFichier%3AWeimar_Goethe_Wohnhaus%4020150930_02.JPG||target:%20_blank|rel:nofollow\u00a0\u00bb][\/vc_column_inner][vc_column_inner width=\u00a0\u00bb1\/4&Prime;][vc_single_image image=\u00a0\u00bb34958&Prime; img_size=\u00a0\u00bb450X450&Prime; onclick=\u00a0\u00bblink_image\u00a0\u00bb css=\u00a0\u00bb.vc_custom_1673563164979{margin-bottom: -15px !important;}\u00a0\u00bb][vc_btn title=\u00a0\u00bbSalle des bustes &#8211; Photographie Bodow (2017) &#8211; Travail personnel\u00a0\u00bb shape=\u00a0\u00bbsquare\u00a0\u00bb size=\u00a0\u00bblg\u00a0\u00bb align=\u00a0\u00bbcenter\u00a0\u00bb i_align=\u00a0\u00bbright\u00a0\u00bb i_icon_fontawesome=\u00a0\u00bbfa fa-eye\u00a0\u00bb button_block=\u00a0\u00bbtrue\u00a0\u00bb add_icon=\u00a0\u00bbtrue\u00a0\u00bb link=\u00a0\u00bburl:https%3A%2F%2Ffr.wikipedia.org%2Fwiki%2FMaison_de_Goethe_(Weimar)%23%2Fmedia%2FFichier%3AGoethes_Wohnhaus_-_Zimmer_mit_Torso_und_B%25C3%25BCsten.jpg||target:%20_blank|rel:nofollow\u00a0\u00bb][\/vc_column_inner][vc_column_inner width=\u00a0\u00bb1\/4&Prime;][vc_single_image image=\u00a0\u00bb34960&Prime; img_size=\u00a0\u00bb450X450&Prime; onclick=\u00a0\u00bblink_image\u00a0\u00bb css=\u00a0\u00bb.vc_custom_1673563179946{margin-bottom: -15px !important;}\u00a0\u00bb][vc_btn title=\u00a0\u00bb\u00ab\u00a0La batarde\u00ab\u00a0, voiture de Goethe &#8211; Photographie Hajotthu (2015) &#8211; Travail personnel\u00a0\u00bb shape=\u00a0\u00bbsquare\u00a0\u00bb size=\u00a0\u00bblg\u00a0\u00bb align=\u00a0\u00bbcenter\u00a0\u00bb i_align=\u00a0\u00bbright\u00a0\u00bb i_icon_fontawesome=\u00a0\u00bbfa fa-eye\u00a0\u00bb button_block=\u00a0\u00bbtrue\u00a0\u00bb add_icon=\u00a0\u00bbtrue\u00a0\u00bb link=\u00a0\u00bburl:https%3A%2F%2Ffr.wikipedia.org%2Fwiki%2FMaison_de_Goethe_(Weimar)%23%2Fmedia%2FFichier%3AGoethes_Kutsche%40Goethes_Wohnhaus_Weimar.JPG||target:%20_blank|rel:nofollow\u00a0\u00bb][\/vc_column_inner][\/vc_row_inner][vc_row_inner css=\u00a0\u00bb.vc_custom_1549217795167{border-top-width: 1px !important;border-right-width: 1px !important;border-bottom-width: 1px !important;border-left-width: 1px !important;border-radius: 1px !important;}\u00a0\u00bb][vc_column_inner width=\u00a0\u00bb1\/4&Prime;][vc_single_image image=\u00a0\u00bb34959&Prime; img_size=\u00a0\u00bb450X450&Prime; onclick=\u00a0\u00bblink_image\u00a0\u00bb css=\u00a0\u00bb.vc_custom_1673563601002{margin-bottom: -15px !important;}\u00a0\u00bb][vc_btn title=\u00a0\u00bbJardin de la demeure &#8211; Photographie Andreas Trepte (2006) &#8211; Travail personnel\u00a0\u00bb shape=\u00a0\u00bbsquare\u00a0\u00bb size=\u00a0\u00bblg\u00a0\u00bb align=\u00a0\u00bbcenter\u00a0\u00bb i_align=\u00a0\u00bbright\u00a0\u00bb i_icon_fontawesome=\u00a0\u00bbfa fa-eye\u00a0\u00bb button_block=\u00a0\u00bbtrue\u00a0\u00bb add_icon=\u00a0\u00bbtrue\u00a0\u00bb link=\u00a0\u00bburl:https%3A%2F%2Ffr.wikipedia.org%2Fwiki%2FMaison_de_Goethe_(Weimar)%23%2Fmedia%2FFichier%3AFotothek_df_ps_0006084_Wohnh%25C3%25A4user_%5E_Museen_%5E_kulturhistorische_Museen.jpg||target:%20_blank|rel:nofollow\u00a0\u00bb][\/vc_column_inner][vc_column_inner width=\u00a0\u00bb1\/4&Prime;][vc_single_image image=\u00a0\u00bb34961&Prime; img_size=\u00a0\u00bb450X450&Prime; onclick=\u00a0\u00bblink_image\u00a0\u00bb css=\u00a0\u00bb.vc_custom_1673563202645{margin-bottom: -15px !important;}\u00a0\u00bb][vc_single_image image=\u00a0\u00bb34982&Prime; img_size=\u00a0\u00bb450X450&Prime; onclick=\u00a0\u00bblink_image\u00a0\u00bb css=\u00a0\u00bb.vc_custom_1673698165389{margin-bottom: -15px !important;}\u00a0\u00bb][vc_btn title=\u00a0\u00bbPi\u00e8ce int\u00e9rieure &#8211; Photographie  Goethes Wohnhaus (2018) &#8211; Source Google Maps\u00a0\u00bb shape=\u00a0\u00bbsquare\u00a0\u00bb size=\u00a0\u00bblg\u00a0\u00bb align=\u00a0\u00bbcenter\u00a0\u00bb i_align=\u00a0\u00bbright\u00a0\u00bb i_icon_fontawesome=\u00a0\u00bbfa fa-eye\u00a0\u00bb button_block=\u00a0\u00bbtrue\u00a0\u00bb add_icon=\u00a0\u00bbtrue\u00a0\u00bb link=\u00a0\u00bburl:https%3A%2F%2Fwww.google.fr%2Fmaps%2Fplace%2FMaison%2Bde%2BGoethe%2F%4050.9776839%2C11.3288509%2C3a%2C75y%2C90t%2Fdata%3D!3m8!1e2!3m6!1sAF1QipPex3dMj-iccguTyVTiySrJFnDd7jGimRqRW2yw!2e10!3e12!6shttps%3A%252F%252Flh5.googleusercontent.com%252Fp%252FAF1QipPex3dMj-iccguTyVTiySrJFnDd7jGimRqRW2yw%253Dw203-h135-k-no!7i4000!8i2668!4m5!3m4!1s0x47a41ac53b9285b1%3A0x947e9fbe4f6197c!8m2!3d50.9775772!4d11.3287067||target:%20_blank|rel:nofollow\u00a0\u00bb][\/vc_column_inner][vc_column_inner width=\u00a0\u00bb1\/4&Prime;][vc_single_image image=\u00a0\u00bb34983&Prime; img_size=\u00a0\u00bb450X450&Prime; onclick=\u00a0\u00bblink_image\u00a0\u00bb css=\u00a0\u00bb.vc_custom_1673698307596{margin-bottom: -15px !important;}\u00a0\u00bb][vc_btn title=\u00a0\u00bbchambre \u00e0 coucher- Photographie  Orest \u0422itov (2022) &#8211; Travail personnel\u00a0\u00bb shape=\u00a0\u00bbsquare\u00a0\u00bb size=\u00a0\u00bblg\u00a0\u00bb align=\u00a0\u00bbcenter\u00a0\u00bb i_align=\u00a0\u00bbright\u00a0\u00bb i_icon_fontawesome=\u00a0\u00bbfa fa-eye\u00a0\u00bb button_block=\u00a0\u00bbtrue\u00a0\u00bb add_icon=\u00a0\u00bbtrue\u00a0\u00bb link=\u00a0\u00bburl:https%3A%2F%2Ffr.wikipedia.org%2Fwiki%2FMaison_de_Goethe_(Weimar)%23%2Fmedia%2FFichier%3AWeimar_Goethe_Garten.jpg||target:%20_blank|rel:nofollow\u00a0\u00bb][\/vc_column_inner][vc_column_inner width=\u00a0\u00bb1\/4&Prime;][vc_gmaps link=\u00a0\u00bb#E-8_JTNDaWZyYW1lJTIwc3JjJTNEJTIyaHR0cHMlM0ElMkYlMkZ3d3cuZ29vZ2xlLmNvbSUyRm1hcHMlMkZlbWJlZCUzRnBiJTNEJTIxMW0xOCUyMTFtMTIlMjExbTMlMjExZDI1MTIuMDg3MTA0NTUyMTUzNSUyMTJkMTEuMzI2NTE4MDE1NjA3NDgzJTIxM2Q1MC45Nzc1ODA1NTcxMjMwNTUlMjEybTMlMjExZjAlMjEyZjAlMjEzZjAlMjEzbTIlMjExaTEwMjQlMjEyaTc2OCUyMTRmMTMuMSUyMTNtMyUyMTFtMiUyMTFzMHg0N2E0MWFjNTNiOTI4NWIxJTI1M0EweDk0N2U5ZmJlNGY2MTk3YyUyMTJzTWFpc29uJTI1MjBkZSUyNTIwR29ldGhlJTIxNWUwJTIxM20yJTIxMXNmciUyMTJzZnIlMjE0djE2NzM1NjMzNjkyNjQlMjE1bTIlMjExc2ZyJTIxMnNmciUyMiUyMHdpZHRoJTNEJTIyNjAwJTIyJTIwaGVpZ2h0JTNEJTIyNDUwJTIyJTIwc3R5bGUlM0QlMjJib3JkZXIlM0EwJTNCJTIyJTIwYWxsb3dmdWxsc2NyZWVuJTNEJTIyJTIyJTIwbG9hZGluZyUzRCUyMmxhenklMjIlMjByZWZlcnJlcnBvbGljeSUzRCUyMm5vLXJlZmVycmVyLXdoZW4tZG93bmdyYWRlJTIyJTNFJTNDJTJGaWZyYW1lJTNF\u00a0\u00bb size=\u00a0\u00bb350&Prime;][\/vc_column_inner][\/vc_row_inner][\/vc_column][\/vc_row][vc_row][vc_column][vc_btn title=\u00a0\u00bbMaison Goethe \u00e0 Rome &#8211; Via del Corso, 18, 00186 Roma RM (Italie) &#8211; Visites, lien site Web, cliquez ici\u00a0\u00bb shape=\u00a0\u00bbsquare\u00a0\u00bb color=\u00a0\u00bbdanger\u00a0\u00bb size=\u00a0\u00bblg\u00a0\u00bb align=\u00a0\u00bbcenter\u00a0\u00bb i_align=\u00a0\u00bbright\u00a0\u00bb i_icon_fontawesome=\u00a0\u00bbfa fa-eye\u00a0\u00bb button_block=\u00a0\u00bbtrue\u00a0\u00bb add_icon=\u00a0\u00bbtrue\u00a0\u00bb link=\u00a0\u00bburl:https%3A%2F%2Fcasadigoethe.it%2Fit%2F||target:%20_blank|rel:nofollow\u00a0\u00bb][vc_row_inner css=\u00a0\u00bb.vc_custom_1549217795167{border-top-width: 1px !important;border-right-width: 1px !important;border-bottom-width: 1px !important;border-left-width: 1px !important;border-radius: 1px !important;}\u00a0\u00bb][vc_column_inner width=\u00a0\u00bb1\/4&Prime;][vc_single_image image=\u00a0\u00bb34962&Prime; img_size=\u00a0\u00bb450X450&Prime; onclick=\u00a0\u00bblink_image\u00a0\u00bb css=\u00a0\u00bb.vc_custom_1673562995808{margin-bottom: -15px !important;}\u00a0\u00bb][vc_btn title=\u00a0\u00bbMaison romaine de Goethe &#8211; Photographie Tom86 (2015) &#8211; Travail personnel\u00a0\u00bb shape=\u00a0\u00bbsquare\u00a0\u00bb size=\u00a0\u00bblg\u00a0\u00bb align=\u00a0\u00bbcenter\u00a0\u00bb i_align=\u00a0\u00bbright\u00a0\u00bb i_icon_fontawesome=\u00a0\u00bbfa fa-eye\u00a0\u00bb button_block=\u00a0\u00bbtrue\u00a0\u00bb add_icon=\u00a0\u00bbtrue\u00a0\u00bb link=\u00a0\u00bburl:https%3A%2F%2Ffr.wikipedia.org%2Fwiki%2FMaison_de_Goethe_(Rome)%23%2Fmedia%2FFichier%3ACasa_di_goethe_fassade.JPG||target:%20_blank|rel:nofollow\u00a0\u00bb][\/vc_column_inner][vc_column_inner width=\u00a0\u00bb1\/4&Prime;][vc_single_image image=\u00a0\u00bb34963&Prime; img_size=\u00a0\u00bb350X350&Prime; onclick=\u00a0\u00bblink_image\u00a0\u00bb css=\u00a0\u00bb.vc_custom_1673563006441{margin-bottom: -15px !important;}\u00a0\u00bb][vc_btn title=\u00a0\u00bbMaison Goethe Romaine &#8211; Photographie Source Google Maps\u00a0\u00bb shape=\u00a0\u00bbsquare\u00a0\u00bb size=\u00a0\u00bblg\u00a0\u00bb align=\u00a0\u00bbcenter\u00a0\u00bb i_align=\u00a0\u00bbright\u00a0\u00bb i_icon_fontawesome=\u00a0\u00bbfa fa-eye\u00a0\u00bb button_block=\u00a0\u00bbtrue\u00a0\u00bb add_icon=\u00a0\u00bbtrue\u00a0\u00bb link=\u00a0\u00bburl:https%3A%2F%2Fwww.google.fr%2Fmaps%2Fplace%2FVia%2Bdel%2BCorso%2C%2B18%2C%2B00186%2BRoma%2BRM%2C%2BItalie%2F%4041.9089148%2C12.4771021%2C3a%2C90y%2C23.76h%2C107.9t%2Fdata%3D!3m7!1e1!3m5!1sx3dqQjrbqRkfSa0C&#8211;MF2Q!2e0!6shttps%3A%252F%252Fstreetviewpixels-pa.googleapis.com%252Fv1%252Fthumbnail%253Fpanoid%253Dx3dqQjrbqRkfSa0C&#8211;MF2Q%2526cb_client%253Dsearch.gws-prod.gps%2526w%253D86%2526h%253D86%2526yaw%253D34.017395%2526pitch%253D0%2526thumbfov%253D100!7i16384!8i8192!4m5!3m4!1s0x132f60f8a3e3133d%3A0xeade5ef236762c3b!8m2!3d41.9089896!4d12.4771713||target:%20_blank|rel:nofollow\u00a0\u00bb][\/vc_column_inner][vc_column_inner width=\u00a0\u00bb1\/4&Prime;][vc_single_image image=\u00a0\u00bb34989&Prime; img_size=\u00a0\u00bb350X350&Prime; onclick=\u00a0\u00bblink_image\u00a0\u00bb css=\u00a0\u00bb.vc_custom_1673698528028{margin-bottom: -15px !important;}\u00a0\u00bb][vc_btn title=\u00a0\u00bbMaison Goethe Romaine, pleine fa\u00e7ade &#8211; Photographie  Adyantoine Mougin (2017) &#8211; Source Google Maps\u00a0\u00bb shape=\u00a0\u00bbsquare\u00a0\u00bb size=\u00a0\u00bblg\u00a0\u00bb align=\u00a0\u00bbcenter\u00a0\u00bb i_align=\u00a0\u00bbright\u00a0\u00bb i_icon_fontawesome=\u00a0\u00bbfa fa-eye\u00a0\u00bb button_block=\u00a0\u00bbtrue\u00a0\u00bb add_icon=\u00a0\u00bbtrue\u00a0\u00bb link=\u00a0\u00bburl:https%3A%2F%2Fwww.google.fr%2Fmaps%2Fplace%2FMaison%2Bde%2BGoethe%2F%4041.909019%2C12.477264%2C3a%2C108.3y%2C90t%2Fdata%3D!3m8!1e2!3m6!1sAF1QipPjWHj05D2oq7kjjo3YT5YTX6QRq-l0uN9KA7JW!2e10!3e12!6shttps%3A%252F%252Flh5.googleusercontent.com%252Fp%252FAF1QipPjWHj05D2oq7kjjo3YT5YTX6QRq-l0uN9KA7JW%253Dw203-h160-k-no!7i550!8i434!4m14!1m6!3m5!1s0x132f60f8a3bb80eb%3A0xc2ca973b0f711753!2sMaison%2Bde%2BGoethe!8m2!3d41.909019!4d12.477264!3m6!1s0x132f60f8a3bb80eb%3A0xc2ca973b0f711753!8m2!3d41.909019!4d12.477264!15sCkBNYWlzb24gR29ldGhlIMOgIFJvbWUgLSBWaWEgZGVsIENvcnNvLCAxOCwgMDAxODYgUm9tYSBSTSAoSXRhbGllWj0iO21haXNvbiBnb2V0aGUgw6Agcm9tZSB2aWEgZGVsIGNvcnNvIDE4IDAwMTg2IHJvbWEgcm0gaXRhbGllkgEGbXVzZXVtmgEkQ2hkRFNVaE5NRzluUzBWSlEwRm5TVU10YjNKRGIzbFJSUkFC4AEA!16s%252Fm%252F012ccr52||target:%20_blank|rel:nofollow\u00a0\u00bb][\/vc_column_inner][vc_column_inner width=\u00a0\u00bb1\/4&Prime;][vc_single_image image=\u00a0\u00bb34987&Prime; img_size=\u00a0\u00bb350X350&Prime; onclick=\u00a0\u00bblink_image\u00a0\u00bb css=\u00a0\u00bb.vc_custom_1673698560092{margin-bottom: -15px !important;}\u00a0\u00bb][vc_btn title=\u00a0\u00bbVue de la maison Goethe &#8211; Photographie Hartmut Pfortner (2012)-  Source Google Maps\u00a0\u00bb shape=\u00a0\u00bbsquare\u00a0\u00bb size=\u00a0\u00bblg\u00a0\u00bb align=\u00a0\u00bbcenter\u00a0\u00bb i_align=\u00a0\u00bbright\u00a0\u00bb i_icon_fontawesome=\u00a0\u00bbfa fa-eye\u00a0\u00bb button_block=\u00a0\u00bbtrue\u00a0\u00bb add_icon=\u00a0\u00bbtrue\u00a0\u00bb link=\u00a0\u00bburl:https%3A%2F%2Fwww.google.fr%2Fmaps%2Fplace%2FMaison%2Bde%2BGoethe%2F%4041.909019%2C12.477264%2C3a%2C75y%2C90t%2Fdata%3D!3m8!1e2!3m6!1sAF1QipO4F-n-WQ9wzYrGHatGwyLXptFfIek1fqi087x9!2e10!3e12!6shttps%3A%252F%252Flh5.googleusercontent.com%252Fp%252FAF1QipO4F-n-WQ9wzYrGHatGwyLXptFfIek1fqi087x9%253Dw203-h360-k-no!7i2268!8i4032!4m14!1m6!3m5!1s0x132f60f8a3bb80eb%3A0xc2ca973b0f711753!2sMaison%2Bde%2BGoethe!8m2!3d41.909019!4d12.477264!3m6!1s0x132f60f8a3bb80eb%3A0xc2ca973b0f711753!8m2!3d41.909019!4d12.477264!15sCkBNYWlzb24gR29ldGhlIMOgIFJvbWUgLSBWaWEgZGVsIENvcnNvLCAxOCwgMDAxODYgUm9tYSBSTSAoSXRhbGllWj0iO21haXNvbiBnb2V0aGUgw6Agcm9tZSB2aWEgZGVsIGNvcnNvIDE4IDAwMTg2IHJvbWEgcm0gaXRhbGllkgEGbXVzZXVtmgEkQ2hkRFNVaE5NRzluUzBWSlEwRm5TVU10YjNKRGIzbFJSUkFC4AEA!16s%252Fm%252F012ccr52||target:%20_blank|rel:nofollow\u00a0\u00bb][\/vc_column_inner][\/vc_row_inner][vc_row_inner css=\u00a0\u00bb.vc_custom_1549217795167{border-top-width: 1px !important;border-right-width: 1px !important;border-bottom-width: 1px !important;border-left-width: 1px !important;border-radius: 1px !important;}\u00a0\u00bb][vc_column_inner width=\u00a0\u00bb1\/4&Prime;][vc_single_image image=\u00a0\u00bb34988&Prime; img_size=\u00a0\u00bb450X450&Prime; onclick=\u00a0\u00bblink_image\u00a0\u00bb css=\u00a0\u00bb.vc_custom_1673698659649{margin-bottom: -15px !important;}\u00a0\u00bb][vc_btn title=\u00a0\u00bbMaison romaine de Goethe &#8211; Photographie  Vladas Portapas (2021) &#8211; Travail personnel\u00a0\u00bb shape=\u00a0\u00bbsquare\u00a0\u00bb size=\u00a0\u00bblg\u00a0\u00bb align=\u00a0\u00bbcenter\u00a0\u00bb i_align=\u00a0\u00bbright\u00a0\u00bb i_icon_fontawesome=\u00a0\u00bbfa fa-eye\u00a0\u00bb button_block=\u00a0\u00bbtrue\u00a0\u00bb add_icon=\u00a0\u00bbtrue\u00a0\u00bb link=\u00a0\u00bburl:https%3A%2F%2Fwww.google.fr%2Fmaps%2Fplace%2FMaison%2Bde%2BGoethe%2F%4041.909019%2C12.477264%2C3a%2C75y%2C90t%2Fdata%3D!3m8!1e2!3m6!1sAF1QipM1L0vwxono3yejSnmz-K2JmxYPJSXNkyn51I3u!2e10!3e12!6shttps%3A%252F%252Flh5.googleusercontent.com%252Fp%252FAF1QipM1L0vwxono3yejSnmz-K2JmxYPJSXNkyn51I3u%253Dw203-h270-k-no!7i3024!8i4032!4m14!1m6!3m5!1s0x132f60f8a3bb80eb%3A0xc2ca973b0f711753!2sMaison%2Bde%2BGoethe!8m2!3d41.909019!4d12.477264!3m6!1s0x132f60f8a3bb80eb%3A0xc2ca973b0f711753!8m2!3d41.909019!4d12.477264!15sCkBNYWlzb24gR29ldGhlIMOgIFJvbWUgLSBWaWEgZGVsIENvcnNvLCAxOCwgMDAxODYgUm9tYSBSTSAoSXRhbGllWj0iO21haXNvbiBnb2V0aGUgw6Agcm9tZSB2aWEgZGVsIGNvcnNvIDE4IDAwMTg2IHJvbWEgcm0gaXRhbGllkgEGbXVzZXVtmgEkQ2hkRFNVaE5NRzluUzBWSlEwRm5TVU10YjNKRGIzbFJSUkFC4AEA!16s%252Fm%252F012ccr52||target:%20_blank|rel:nofollow\u00a0\u00bb][\/vc_column_inner][vc_column_inner width=\u00a0\u00bb1\/4&Prime;][vc_single_image image=\u00a0\u00bb34985&Prime; img_size=\u00a0\u00bb350X350&Prime; onclick=\u00a0\u00bblink_image\u00a0\u00bb css=\u00a0\u00bb.vc_custom_1673698676294{margin-bottom: -15px !important;}\u00a0\u00bb][vc_btn title=\u00a0\u00bbMaison Goethe Romaine &#8211; Photographie FrancescaViaggio (2021) &#8211; Source Google Maps\u00a0\u00bb shape=\u00a0\u00bbsquare\u00a0\u00bb size=\u00a0\u00bblg\u00a0\u00bb align=\u00a0\u00bbcenter\u00a0\u00bb i_align=\u00a0\u00bbright\u00a0\u00bb i_icon_fontawesome=\u00a0\u00bbfa fa-eye\u00a0\u00bb button_block=\u00a0\u00bbtrue\u00a0\u00bb add_icon=\u00a0\u00bbtrue\u00a0\u00bb link=\u00a0\u00bburl:https%3A%2F%2Fwww.google.fr%2Fmaps%2Fplace%2FMaison%2Bde%2BGoethe%2F%4041.909019%2C12.477264%2C3a%2C75y%2C90t%2Fdata%3D!3m8!1e2!3m6!1sAF1QipM4OXu_TCtKd09Bizjvq47w8oKfIU7bb1JyoA1-!2e10!3e12!6shttps%3A%252F%252Flh5.googleusercontent.com%252Fp%252FAF1QipM4OXu_TCtKd09Bizjvq47w8oKfIU7bb1JyoA1-%253Dw203-h152-k-no!7i2048!8i1536!4m14!1m6!3m5!1s0x132f60f8a3bb80eb%3A0xc2ca973b0f711753!2sMaison%2Bde%2BGoethe!8m2!3d41.909019!4d12.477264!3m6!1s0x132f60f8a3bb80eb%3A0xc2ca973b0f711753!8m2!3d41.909019!4d12.477264!15sCkBNYWlzb24gR29ldGhlIMOgIFJvbWUgLSBWaWEgZGVsIENvcnNvLCAxOCwgMDAxODYgUm9tYSBSTSAoSXRhbGllWj0iO21haXNvbiBnb2V0aGUgw6Agcm9tZSB2aWEgZGVsIGNvcnNvIDE4IDAwMTg2IHJvbWEgcm0gaXRhbGllkgEGbXVzZXVtmgEkQ2hkRFNVaE5NRzluUzBWSlEwRm5TVU10YjNKRGIzbFJSUkFC4AEA!16s%252Fm%252F012ccr52||target:%20_blank|rel:nofollow\u00a0\u00bb][\/vc_column_inner][vc_column_inner width=\u00a0\u00bb1\/4&Prime;][vc_single_image image=\u00a0\u00bb34984&Prime; img_size=\u00a0\u00bb350X350&Prime; onclick=\u00a0\u00bblink_image\u00a0\u00bb css=\u00a0\u00bb.vc_custom_1673698715589{margin-bottom: -15px !important;}\u00a0\u00bb][vc_btn title=\u00a0\u00bbMaison Goethe Romaine &#8211; Photographie Claudio Neciaev (2018) &#8211; Source Google Maps\u00a0\u00bb shape=\u00a0\u00bbsquare\u00a0\u00bb size=\u00a0\u00bblg\u00a0\u00bb align=\u00a0\u00bbcenter\u00a0\u00bb i_align=\u00a0\u00bbright\u00a0\u00bb i_icon_fontawesome=\u00a0\u00bbfa fa-eye\u00a0\u00bb button_block=\u00a0\u00bbtrue\u00a0\u00bb add_icon=\u00a0\u00bbtrue\u00a0\u00bb link=\u00a0\u00bburl:https%3A%2F%2Fwww.google.fr%2Fmaps%2Fplace%2FMaison%2Bde%2BGoethe%2F%4041.9089768%2C12.4770785%2C3a%2C89.5y%2C90t%2Fdata%3D!3m8!1e2!3m6!1sAF1QipOqLefs46VaugcMMTpaYSpA3yk1iQzHrRM1JlOA!2e10!3e12!6shttps%3A%252F%252Flh5.googleusercontent.com%252Fp%252FAF1QipOqLefs46VaugcMMTpaYSpA3yk1iQzHrRM1JlOA%253Dw203-h135-k-no!7i990!8i659!4m14!1m6!3m5!1s0x132f60f8a3bb80eb%3A0xc2ca973b0f711753!2sMaison%2Bde%2BGoethe!8m2!3d41.909019!4d12.477264!3m6!1s0x132f60f8a3bb80eb%3A0xc2ca973b0f711753!8m2!3d41.909019!4d12.477264!15sCkBNYWlzb24gR29ldGhlIMOgIFJvbWUgLSBWaWEgZGVsIENvcnNvLCAxOCwgMDAxODYgUm9tYSBSTSAoSXRhbGllWj0iO21haXNvbiBnb2V0aGUgw6Agcm9tZSB2aWEgZGVsIGNvcnNvIDE4IDAwMTg2IHJvbWEgcm0gaXRhbGllkgEGbXVzZXVtmgEkQ2hkRFNVaE5NRzluUzBWSlEwRm5TVU10YjNKRGIzbFJSUkFC4AEA!16s%252Fm%252F012ccr52||target:%20_blank|rel:nofollow\u00a0\u00bb][\/vc_column_inner][vc_column_inner width=\u00a0\u00bb1\/4&Prime;][vc_gmaps link=\u00a0\u00bb#E-8_JTNDaWZyYW1lJTIwc3JjJTNEJTIyaHR0cHMlM0ElMkYlMkZ3d3cuZ29vZ2xlLmNvbSUyRm1hcHMlMkZlbWJlZCUzRnBiJTNEJTIxMW0xOCUyMTFtMTIlMjExbTMlMjExZDI5NjkuMjQ5NTYyMDg5MDQxMyUyMTJkMTIuNDc0OTgyNjE1MzI0Mjg4JTIxM2Q0MS45MDg5OTM1NzE0NTk1MyUyMTJtMyUyMTFmMCUyMTJmMCUyMTNmMCUyMTNtMiUyMTFpMTAyNCUyMTJpNzY4JTIxNGYxMy4xJTIxM20zJTIxMW0yJTIxMXMweDEzMmY2MGY4YTNlMzEzM2QlMjUzQTB4ZWFkZTVlZjIzNjc2MmMzYiUyMTJzVmlhJTI1MjBkZWwlMjUyMENvcnNvJTI1MkMlMjUyMDE4JTI1MkMlMjUyMDAwMTg2JTI1MjBSb21hJTI1MjBSTSUyNTJDJTI1MjBJdGFsaWUlMjE1ZTAlMjEzbTIlMjExc2ZyJTIxMnNmciUyMTR2MTY3MzU2MjU5ODU4MiUyMTVtMiUyMTFzZnIlMjEyc2ZyJTIyJTIwd2lkdGglM0QlMjI2MDAlMjIlMjBoZWlnaHQlM0QlMjI0NTAlMjIlMjBzdHlsZSUzRCUyMmJvcmRlciUzQTAlM0IlMjIlMjBhbGxvd2Z1bGxzY3JlZW4lM0QlMjIlMjIlMjBsb2FkaW5nJTNEJTIybGF6eSUyMiUyMHJlZmVycmVycG9saWN5JTNEJTIybm8tcmVmZXJyZXItd2hlbi1kb3duZ3JhZGUlMjIlM0UlM0MlMkZpZnJhbWUlM0U=\u00a0\u00bb size=\u00a0\u00bb350&Prime;][\/vc_column_inner][\/vc_row_inner][\/vc_column][\/vc_row][vc_row][\/vc_row][vc_column_text][\/vc_column_text]<\/p>\n","protected":false},"excerpt":{"rendered":"<p>[vc_row full_width=\u00a0\u00bbstretch_row\u00a0\u00bb css=\u00a0\u00bb.vc_custom_1513000693114{background-color: #272727 !important;}\u00a0\u00bb][vc_column width=\u00a0\u00bb1\/6&Prime;][vc_single_image image=\u00a0\u00bb1595&Prime; img_size=\u00a0\u00bb150X150&Prime; alignment=\u00a0\u00bbcenter\u00a0\u00bb][\/vc_column][vc_column width=\u00a0\u00bb1\/6&Prime;][vc_btn title=\u00a0\u00bbPortraits\u00a0\u00bb size=\u00a0\u00bblg\u00a0\u00bb align=\u00a0\u00bbcenter\u00a0\u00bb button_block=\u00a0\u00bbtrue\u00a0\u00bb link=\u00a0\u00bburl:http%3A%2F%2Faline-voinot.com%2Findex.php%2johann-wolfgang-von-goethe%2F|||\u00a0\u00bb][vc_btn title=\u00a0\u00bbR\u00e9sidences\u00a0\u00bb color=\u00a0\u00bbdanger\u00a0\u00bb size=\u00a0\u00bblg\u00a0\u00bb align=\u00a0\u00bbcenter\u00a0\u00bb button_block=\u00a0\u00bbtrue\u00a0\u00bb link=\u00a0\u00bburl:http%3A%2F%2Faline-voinot.com%2Findex.php%2Fresidences-de-johann-wolfgang-von-goethe%2F|||\u00a0\u00bb][\/vc_column][vc_column width=\u00a0\u00bb1\/6&Prime;][vc_btn title=\u00a0\u00bbR\u00e9seau Social\u00a0\u00bb size=\u00a0\u00bblg\u00a0\u00bb align=\u00a0\u00bbcenter\u00a0\u00bb button_block=\u00a0\u00bbtrue\u00a0\u00bb link=\u00a0\u00bburl:http%3A%2F%2Faline-voinot.com%2Findex.php%2Freseau-social-de-johann-wolfgang-von-goethe%2F|||\u00a0\u00bb][vc_btn title=\u00a0\u00bbG\u00e9n\u00e9alogie\u00a0\u00bb color=\u00a0\u00bbdefault\u00a0\u00bb size=\u00a0\u00bblg\u00a0\u00bb align=\u00a0\u00bbcenter\u00a0\u00bb button_block=\u00a0\u00bbtrue\u00a0\u00bb link=\u00a0\u00bburl:http%3A%2F%2Faline-voinot.com%2Findex.php%2Fgenealogie-de-johann-wolfgang-von-goethe%2F|||\u00a0\u00bb][\/vc_column][vc_column width=\u00a0\u00bb1\/6&Prime;][vc_btn title=\u00a0\u00bb\u0152uvres\u00a0\u00bb size=\u00a0\u00bblg\u00a0\u00bb align=\u00a0\u00bbcenter\u00a0\u00bb button_block=\u00a0\u00bbtrue\u00a0\u00bb link=\u00a0\u00bburl:http%3A%2F%2Faline-voinot.com%2Findex.php%2Foeuvres-de-johann-wolfgang-von-goethe%2F|||\u00a0\u00bb][vc_btn<\/p>\n","protected":false},"author":1,"featured_media":0,"parent":0,"menu_order":0,"comment_status":"closed","ping_status":"closed","template":"","meta":{"footnotes":""},"class_list":["post-12690","page","type-page","status-publish","hentry"],"yoast_head":"<!-- This site is optimized with the Yoast SEO plugin v22.8 - https:\/\/yoast.com\/wordpress\/plugins\/seo\/ -->\n<title>R\u00e9sidences de Johann Wolfgang von Goethe - L&#039;Histoire est un roman...<\/title>\n<meta name=\"robots\" content=\"index, follow, max-snippet:-1, max-image-preview:large, max-video-preview:-1\" \/>\n<link rel=\"canonical\" href=\"https:\/\/aline-voinot.com\/index.php\/residences-de-johann-wolfgang-von-goethe\/\" \/>\n<meta property=\"og:locale\" content=\"fr_FR\" \/>\n<meta property=\"og:type\" content=\"article\" \/>\n<meta property=\"og:title\" content=\"R\u00e9sidences de Johann Wolfgang von Goethe - L&#039;Histoire est un roman...\" \/>\n<meta property=\"og:description\" content=\"[vc_row full_width=\u00a0\u00bbstretch_row\u00a0\u00bb css=\u00a0\u00bb.vc_custom_1513000693114{background-color: #272727 !important;}\u00a0\u00bb][vc_column width=\u00a0\u00bb1\/6&Prime;][vc_single_image image=\u00a0\u00bb1595&Prime; img_size=\u00a0\u00bb150X150&Prime; alignment=\u00a0\u00bbcenter\u00a0\u00bb][\/vc_column][vc_column width=\u00a0\u00bb1\/6&Prime;][vc_btn title=\u00a0\u00bbPortraits\u00a0\u00bb size=\u00a0\u00bblg\u00a0\u00bb align=\u00a0\u00bbcenter\u00a0\u00bb button_block=\u00a0\u00bbtrue\u00a0\u00bb link=\u00a0\u00bburl:http%3A%2F%2Faline-voinot.com%2Findex.php%2johann-wolfgang-von-goethe%2F|||\u00a0\u00bb][vc_btn title=\u00a0\u00bbR\u00e9sidences\u00a0\u00bb color=\u00a0\u00bbdanger\u00a0\u00bb size=\u00a0\u00bblg\u00a0\u00bb align=\u00a0\u00bbcenter\u00a0\u00bb button_block=\u00a0\u00bbtrue\u00a0\u00bb link=\u00a0\u00bburl:http%3A%2F%2Faline-voinot.com%2Findex.php%2Fresidences-de-johann-wolfgang-von-goethe%2F|||\u00a0\u00bb][\/vc_column][vc_column width=\u00a0\u00bb1\/6&Prime;][vc_btn title=\u00a0\u00bbR\u00e9seau Social\u00a0\u00bb size=\u00a0\u00bblg\u00a0\u00bb align=\u00a0\u00bbcenter\u00a0\u00bb button_block=\u00a0\u00bbtrue\u00a0\u00bb link=\u00a0\u00bburl:http%3A%2F%2Faline-voinot.com%2Findex.php%2Freseau-social-de-johann-wolfgang-von-goethe%2F|||\u00a0\u00bb][vc_btn title=\u00a0\u00bbG\u00e9n\u00e9alogie\u00a0\u00bb color=\u00a0\u00bbdefault\u00a0\u00bb size=\u00a0\u00bblg\u00a0\u00bb align=\u00a0\u00bbcenter\u00a0\u00bb button_block=\u00a0\u00bbtrue\u00a0\u00bb link=\u00a0\u00bburl:http%3A%2F%2Faline-voinot.com%2Findex.php%2Fgenealogie-de-johann-wolfgang-von-goethe%2F|||\u00a0\u00bb][\/vc_column][vc_column width=\u00a0\u00bb1\/6&Prime;][vc_btn title=\u00a0\u00bb\u0152uvres\u00a0\u00bb size=\u00a0\u00bblg\u00a0\u00bb align=\u00a0\u00bbcenter\u00a0\u00bb button_block=\u00a0\u00bbtrue\u00a0\u00bb link=\u00a0\u00bburl:http%3A%2F%2Faline-voinot.com%2Findex.php%2Foeuvres-de-johann-wolfgang-von-goethe%2F|||\u00a0\u00bb][vc_btn\" \/>\n<meta property=\"og:url\" content=\"https:\/\/aline-voinot.com\/index.php\/residences-de-johann-wolfgang-von-goethe\/\" \/>\n<meta property=\"og:site_name\" content=\"L&#039;Histoire est un roman...\" \/>\n<meta property=\"article:modified_time\" content=\"2023-03-22T13:29:07+00:00\" \/>\n<meta name=\"twitter:card\" content=\"summary_large_image\" \/>\n<meta name=\"twitter:label1\" content=\"Dur\u00e9e de lecture estim\u00e9e\" \/>\n\t<meta name=\"twitter:data1\" content=\"2 minutes\" \/>\n<script type=\"application\/ld+json\" class=\"yoast-schema-graph\">{\"@context\":\"https:\/\/schema.org\",\"@graph\":[{\"@type\":\"WebPage\",\"@id\":\"https:\/\/aline-voinot.com\/index.php\/residences-de-johann-wolfgang-von-goethe\/\",\"url\":\"https:\/\/aline-voinot.com\/index.php\/residences-de-johann-wolfgang-von-goethe\/\",\"name\":\"R\u00e9sidences de Johann Wolfgang von Goethe - L&#039;Histoire est un roman...\",\"isPartOf\":{\"@id\":\"https:\/\/aline-voinot.com\/#website\"},\"datePublished\":\"2019-02-09T16:11:42+00:00\",\"dateModified\":\"2023-03-22T13:29:07+00:00\",\"breadcrumb\":{\"@id\":\"https:\/\/aline-voinot.com\/index.php\/residences-de-johann-wolfgang-von-goethe\/#breadcrumb\"},\"inLanguage\":\"fr-FR\",\"potentialAction\":[{\"@type\":\"ReadAction\",\"target\":[\"https:\/\/aline-voinot.com\/index.php\/residences-de-johann-wolfgang-von-goethe\/\"]}]},{\"@type\":\"BreadcrumbList\",\"@id\":\"https:\/\/aline-voinot.com\/index.php\/residences-de-johann-wolfgang-von-goethe\/#breadcrumb\",\"itemListElement\":[{\"@type\":\"ListItem\",\"position\":1,\"name\":\"Accueil\",\"item\":\"https:\/\/aline-voinot.com\/\"},{\"@type\":\"ListItem\",\"position\":2,\"name\":\"R\u00e9sidences de Johann Wolfgang von Goethe\"}]},{\"@type\":\"WebSite\",\"@id\":\"https:\/\/aline-voinot.com\/#website\",\"url\":\"https:\/\/aline-voinot.com\/\",\"name\":\"L&#039;Histoire est un roman...\",\"description\":\"&quot;Destins connus, destins crois\u00e9s&quot; la premi\u00e8re encyclop\u00e9die romanc\u00e9e...\",\"potentialAction\":[{\"@type\":\"SearchAction\",\"target\":{\"@type\":\"EntryPoint\",\"urlTemplate\":\"https:\/\/aline-voinot.com\/?s={search_term_string}\"},\"query-input\":\"required name=search_term_string\"}],\"inLanguage\":\"fr-FR\"}]}<\/script>\n<!-- \/ Yoast SEO plugin. -->","yoast_head_json":{"title":"R\u00e9sidences de Johann Wolfgang von Goethe - L&#039;Histoire est un roman...","robots":{"index":"index","follow":"follow","max-snippet":"max-snippet:-1","max-image-preview":"max-image-preview:large","max-video-preview":"max-video-preview:-1"},"canonical":"https:\/\/aline-voinot.com\/index.php\/residences-de-johann-wolfgang-von-goethe\/","og_locale":"fr_FR","og_type":"article","og_title":"R\u00e9sidences de Johann Wolfgang von Goethe - L&#039;Histoire est un roman...","og_description":"[vc_row full_width=\u00a0\u00bbstretch_row\u00a0\u00bb css=\u00a0\u00bb.vc_custom_1513000693114{background-color: #272727 !important;}\u00a0\u00bb][vc_column width=\u00a0\u00bb1\/6&Prime;][vc_single_image image=\u00a0\u00bb1595&Prime; img_size=\u00a0\u00bb150X150&Prime; alignment=\u00a0\u00bbcenter\u00a0\u00bb][\/vc_column][vc_column width=\u00a0\u00bb1\/6&Prime;][vc_btn title=\u00a0\u00bbPortraits\u00a0\u00bb size=\u00a0\u00bblg\u00a0\u00bb align=\u00a0\u00bbcenter\u00a0\u00bb button_block=\u00a0\u00bbtrue\u00a0\u00bb link=\u00a0\u00bburl:http%3A%2F%2Faline-voinot.com%2Findex.php%2johann-wolfgang-von-goethe%2F|||\u00a0\u00bb][vc_btn title=\u00a0\u00bbR\u00e9sidences\u00a0\u00bb color=\u00a0\u00bbdanger\u00a0\u00bb size=\u00a0\u00bblg\u00a0\u00bb align=\u00a0\u00bbcenter\u00a0\u00bb button_block=\u00a0\u00bbtrue\u00a0\u00bb link=\u00a0\u00bburl:http%3A%2F%2Faline-voinot.com%2Findex.php%2Fresidences-de-johann-wolfgang-von-goethe%2F|||\u00a0\u00bb][\/vc_column][vc_column width=\u00a0\u00bb1\/6&Prime;][vc_btn title=\u00a0\u00bbR\u00e9seau Social\u00a0\u00bb size=\u00a0\u00bblg\u00a0\u00bb align=\u00a0\u00bbcenter\u00a0\u00bb button_block=\u00a0\u00bbtrue\u00a0\u00bb link=\u00a0\u00bburl:http%3A%2F%2Faline-voinot.com%2Findex.php%2Freseau-social-de-johann-wolfgang-von-goethe%2F|||\u00a0\u00bb][vc_btn title=\u00a0\u00bbG\u00e9n\u00e9alogie\u00a0\u00bb color=\u00a0\u00bbdefault\u00a0\u00bb size=\u00a0\u00bblg\u00a0\u00bb align=\u00a0\u00bbcenter\u00a0\u00bb button_block=\u00a0\u00bbtrue\u00a0\u00bb link=\u00a0\u00bburl:http%3A%2F%2Faline-voinot.com%2Findex.php%2Fgenealogie-de-johann-wolfgang-von-goethe%2F|||\u00a0\u00bb][\/vc_column][vc_column width=\u00a0\u00bb1\/6&Prime;][vc_btn title=\u00a0\u00bb\u0152uvres\u00a0\u00bb size=\u00a0\u00bblg\u00a0\u00bb align=\u00a0\u00bbcenter\u00a0\u00bb button_block=\u00a0\u00bbtrue\u00a0\u00bb link=\u00a0\u00bburl:http%3A%2F%2Faline-voinot.com%2Findex.php%2Foeuvres-de-johann-wolfgang-von-goethe%2F|||\u00a0\u00bb][vc_btn","og_url":"https:\/\/aline-voinot.com\/index.php\/residences-de-johann-wolfgang-von-goethe\/","og_site_name":"L&#039;Histoire est un roman...","article_modified_time":"2023-03-22T13:29:07+00:00","twitter_card":"summary_large_image","twitter_misc":{"Dur\u00e9e de lecture estim\u00e9e":"2 minutes"},"schema":{"@context":"https:\/\/schema.org","@graph":[{"@type":"WebPage","@id":"https:\/\/aline-voinot.com\/index.php\/residences-de-johann-wolfgang-von-goethe\/","url":"https:\/\/aline-voinot.com\/index.php\/residences-de-johann-wolfgang-von-goethe\/","name":"R\u00e9sidences de Johann Wolfgang von Goethe - L&#039;Histoire est un roman...","isPartOf":{"@id":"https:\/\/aline-voinot.com\/#website"},"datePublished":"2019-02-09T16:11:42+00:00","dateModified":"2023-03-22T13:29:07+00:00","breadcrumb":{"@id":"https:\/\/aline-voinot.com\/index.php\/residences-de-johann-wolfgang-von-goethe\/#breadcrumb"},"inLanguage":"fr-FR","potentialAction":[{"@type":"ReadAction","target":["https:\/\/aline-voinot.com\/index.php\/residences-de-johann-wolfgang-von-goethe\/"]}]},{"@type":"BreadcrumbList","@id":"https:\/\/aline-voinot.com\/index.php\/residences-de-johann-wolfgang-von-goethe\/#breadcrumb","itemListElement":[{"@type":"ListItem","position":1,"name":"Accueil","item":"https:\/\/aline-voinot.com\/"},{"@type":"ListItem","position":2,"name":"R\u00e9sidences de Johann Wolfgang von Goethe"}]},{"@type":"WebSite","@id":"https:\/\/aline-voinot.com\/#website","url":"https:\/\/aline-voinot.com\/","name":"L&#039;Histoire est un roman...","description":"&quot;Destins connus, destins crois\u00e9s&quot; la premi\u00e8re encyclop\u00e9die romanc\u00e9e...","potentialAction":[{"@type":"SearchAction","target":{"@type":"EntryPoint","urlTemplate":"https:\/\/aline-voinot.com\/?s={search_term_string}"},"query-input":"required name=search_term_string"}],"inLanguage":"fr-FR"}]}},"_links":{"self":[{"href":"https:\/\/aline-voinot.com\/index.php\/wp-json\/wp\/v2\/pages\/12690","targetHints":{"allow":["GET"]}}],"collection":[{"href":"https:\/\/aline-voinot.com\/index.php\/wp-json\/wp\/v2\/pages"}],"about":[{"href":"https:\/\/aline-voinot.com\/index.php\/wp-json\/wp\/v2\/types\/page"}],"author":[{"embeddable":true,"href":"https:\/\/aline-voinot.com\/index.php\/wp-json\/wp\/v2\/users\/1"}],"replies":[{"embeddable":true,"href":"https:\/\/aline-voinot.com\/index.php\/wp-json\/wp\/v2\/comments?post=12690"}],"version-history":[{"count":19,"href":"https:\/\/aline-voinot.com\/index.php\/wp-json\/wp\/v2\/pages\/12690\/revisions"}],"predecessor-version":[{"id":36481,"href":"https:\/\/aline-voinot.com\/index.php\/wp-json\/wp\/v2\/pages\/12690\/revisions\/36481"}],"wp:attachment":[{"href":"https:\/\/aline-voinot.com\/index.php\/wp-json\/wp\/v2\/media?parent=12690"}],"curies":[{"name":"wp","href":"https:\/\/api.w.org\/{rel}","templated":true}]}}