{"id":13683,"date":"2019-02-11T09:47:47","date_gmt":"2019-02-11T08:47:47","guid":{"rendered":"http:\/\/aline-voinot.com\/?page_id=13683"},"modified":"2020-03-23T19:37:27","modified_gmt":"2020-03-23T18:37:27","slug":"reseau-social-de-mathieu-de-montmorency-duc-de-montmorency-laval","status":"publish","type":"page","link":"https:\/\/aline-voinot.com\/index.php\/reseau-social-de-mathieu-de-montmorency-duc-de-montmorency-laval\/","title":{"rendered":"R\u00e9seau social de Mathieu Jean F\u00e9licit\u00e9 de Montmorency , duc de Montmorency-Laval"},"content":{"rendered":"<p>[vc_row full_width=\u00a0\u00bbstretch_row\u00a0\u00bb css=\u00a0\u00bb.vc_custom_1513000693114{background-color: #272727 !important;}\u00a0\u00bb][vc_column width=\u00a0\u00bb1\/6&Prime;][vc_single_image image=\u00a0\u00bb1781&Prime; img_size=\u00a0\u00bb150X150&Prime; alignment=\u00a0\u00bbcenter\u00a0\u00bb][\/vc_column][vc_column width=\u00a0\u00bb1\/6&Prime;][vc_btn title=\u00a0\u00bbPortraits\u00a0\u00bb size=\u00a0\u00bblg\u00a0\u00bb align=\u00a0\u00bbcenter\u00a0\u00bb button_block=\u00a0\u00bbtrue\u00a0\u00bb link=\u00a0\u00bburl:http%3A%2F%2Faline-voinot.com%2Findex.php%2Fmathieu-de-montmorency-duc-de-montmorency-laval%2F|||\u00a0\u00bb][vc_btn title=\u00a0\u00bbR\u00e9sidences\u00a0\u00bb size=\u00a0\u00bblg\u00a0\u00bb align=\u00a0\u00bbcenter\u00a0\u00bb button_block=\u00a0\u00bbtrue\u00a0\u00bb link=\u00a0\u00bburl:http%3A%2F%2Faline-voinot.com%2Findex.php%2Fresidences-de-mathieu-de-montmorency-duc-de-montmorency-laval%2F|||\u00a0\u00bb][\/vc_column][vc_column width=\u00a0\u00bb1\/6&Prime;][vc_btn title=\u00a0\u00bbR\u00e9seau Social\u00a0\u00bb color=\u00a0\u00bbdanger\u00a0\u00bb size=\u00a0\u00bblg\u00a0\u00bb align=\u00a0\u00bbcenter\u00a0\u00bb button_block=\u00a0\u00bbtrue\u00a0\u00bb link=\u00a0\u00bburl:http%3A%2F%2Faline-voinot.com%2Findex.php%2Freseau-social-de-mathieu-de-montmorency-duc-de-montmorency-laval%2F|||\u00a0\u00bb][vc_btn title=\u00a0\u00bbG\u00e9n\u00e9alogie\u00a0\u00bb color=\u00a0\u00bbdefault\u00a0\u00bb size=\u00a0\u00bblg\u00a0\u00bb align=\u00a0\u00bbcenter\u00a0\u00bb button_block=\u00a0\u00bbtrue\u00a0\u00bb link=\u00a0\u00bburl:http%3A%2F%2Faline-voinot.com%2Findex.php%2Fgenealogie-de-mathieu-de-montmorency-duc-de-montmorency-laval%2F|||\u00a0\u00bb][\/vc_column][vc_column width=\u00a0\u00bb1\/6&Prime;][vc_btn title=\u00a0\u00bb\u0152uvres\u00a0\u00bb size=\u00a0\u00bblg\u00a0\u00bb align=\u00a0\u00bbcenter\u00a0\u00bb button_block=\u00a0\u00bbtrue\u00a0\u00bb link=\u00a0\u00bburl:http%3A%2F%2Faline-voinot.com%2Findex.php%2Foeuvres-de-mathieu-de-montmorency-duc-de-montmorency-laval%2F|||\u00a0\u00bb][vc_btn title=\u00a0\u00bbS\u00e9pulture\u00a0\u00bb size=\u00a0\u00bblg\u00a0\u00bb align=\u00a0\u00bbcenter\u00a0\u00bb button_block=\u00a0\u00bbtrue\u00a0\u00bb link=\u00a0\u00bburl:http%3A%2F%2Faline-voinot.com%2Findex.php%2Fsepulture-de-mathieu-de-montmorency-duc-de-montmorency-laval%2F|||\u00a0\u00bb][\/vc_column][vc_column width=\u00a0\u00bb1\/6&Prime;][vc_btn title=\u00a0\u00bbWikipedia\u00a0\u00bb size=\u00a0\u00bblg\u00a0\u00bb align=\u00a0\u00bbcenter\u00a0\u00bb button_block=\u00a0\u00bbtrue\u00a0\u00bb link=\u00a0\u00bburl:https%3A%2F%2Ffr.wikipedia.org%2Fwiki%2FMathieu_de_Montmorency-Laval||target:%20_blank|rel:nofollow\u00a0\u00bb][vc_btn title=\u00a0\u00bbH\u00e9ritage\u00a0\u00bb size=\u00a0\u00bblg\u00a0\u00bb align=\u00a0\u00bbcenter\u00a0\u00bb button_block=\u00a0\u00bbtrue\u00a0\u00bb link=\u00a0\u00bburl:http%3A%2F%2Faline-voinot.com%2Findex.php%2Fheritage-de-mathieu-de-montmorency-duc-de-montmorency-laval%2F|||\u00a0\u00bb][\/vc_column][vc_column width=\u00a0\u00bb1\/6&Prime;][\/vc_column][\/vc_row]<br \/>\n[vc_row][vc_column][vc_btn title=\u00a0\u00bbPAGE EN CONSTRUCTION &#8211; PATIENCE !!!!! \u00a0\u00bb color=\u00a0\u00bbdanger\u00a0\u00bb align=\u00a0\u00bbcenter\u00a0\u00bb i_type=\u00a0\u00bbopeniconic\u00a0\u00bb i_icon_openiconic=\u00a0\u00bbvc-oi vc-oi-cog\u00a0\u00bb button_block=\u00a0\u00bbtrue\u00a0\u00bb add_icon=\u00a0\u00bbtrue\u00a0\u00bb][vc_btn title=\u00a0\u00bbQUI SONT SES AMIS PR\u00d4CHES?\u00a0\u00bb color=\u00a0\u00bbinverse\u00a0\u00bb align=\u00a0\u00bbcenter\u00a0\u00bb button_block=\u00a0\u00bbtrue\u00a0\u00bb][vc_column_text css=\u00a0\u00bb.vc_custom_1518283718772{margin-right: -10px !important;margin-left: -10px !important;padding-top: 10px !important;padding-right: 50px !important;padding-bottom: 10px !important;padding-left: 50px !important;}\u00a0\u00bb]<\/p>\n<p>Apprenez \u00e0 les reconnaitre. Vous d\u00e9couvrirez leurs noms en survolant avec votre souris sur les diff\u00e9rents portraits<br \/>\n            <div class=\"oxi-addons-container noLightbox oxi-image-hover-wrapper-61 \" id=\"oxi-image-hover-wrapper-61\">\n                <div class=\"oxi-addons-row\">\n                                <div class=\"oxi-image-hover-style oxi-image-hover-style-32 oxi-bt-col-lg-3 oxi-bt-col-md-6 oxi-bt-col-sm-12                         \" >\n                <div class=\"oxi-image-hover-style-general\">\n                    <div class=\"oxi-image-hover oxi-image-general-hover oxi-image-general-hover-style-32 oxi-image-general-hover-61-224\">\n                                                    <a  href=\"https:\/\/aline-voinot.com\/index.php\/juliette-recamier\/\" target=\"_blank\">\n                                                            <div class=\"oxi-image-hover-figure\">\n                                <div class=\"oxi-image-hover-image\">\n                                    <img decoding=\"async\" src=\"https:\/\/aline-voinot.com\/wp-content\/uploads\/2017\/10\/PPV10-RECAMIER-400-520.jpg\" >\n                                <\/div>\n                                <div class=\"oxi-image-hover-figure-caption\">\n                                    <div class=\"oxi-image-hover-caption-tab   image-hover-align-center-center\">\n                                                                                    <h3 class=\"oxi-image-hover-heading iheu-fade-up                                                                                         \">Juliette R\u00c9CAMIER, Salonni\u00e8re<\/h3>\n                                                                                            <div class=\"oxi-image-hover-content iheu-fade-up \">Amie intime<\/div>\n                                                                                <\/div>\n                                <\/div>\n                            <\/div>\n                                                        <\/a>\n\t\t\t\t\t\t\t\t                    <\/div>\n                <\/div>\n                            <\/div> \n                        <div class=\"oxi-image-hover-style oxi-image-hover-style-32 oxi-bt-col-lg-3 oxi-bt-col-md-6 oxi-bt-col-sm-12                         \" >\n                <div class=\"oxi-image-hover-style-general\">\n                    <div class=\"oxi-image-hover oxi-image-general-hover oxi-image-general-hover-style-32 oxi-image-general-hover-61-374\">\n                                                    <div class=\"oxi-image-hover-figure\">\n                                <div class=\"oxi-image-hover-image\">\n                                    <img decoding=\"async\" src=\"https:\/\/aline-voinot.com\/wp-content\/uploads\/2018\/01\/PPV-Barante-400-520.jpg\" >\n                                <\/div>\n                                <div class=\"oxi-image-hover-figure-caption\">\n                                    <div class=\"oxi-image-hover-caption-tab   image-hover-align-center-center\">\n                                                                                    <h3 class=\"oxi-image-hover-heading iheu-fade-up                                                                                         \">Prosper\u00a0BARANTE, Historien, \u00c9crivain, Politicien<\/h3>\n                                                                                            <div class=\"oxi-image-hover-button iheu-fade-up \">\n                                                <a  href=\"https:\/\/aline-voinot.com\/index.php\/prosper-barante\/\" target=\"_blank\" rel=\"nofollow\" class=\"oxi-image-btn\">Cercle R\u00e9camier<\/a>\n                                            <\/div>\n                                                                                <\/div>\n                                <\/div>\n                            <\/div>\n                                                <\/div>\n                <\/div>\n                            <\/div> \n                        <div class=\"oxi-image-hover-style oxi-image-hover-style-32 oxi-bt-col-lg-3 oxi-bt-col-md-6 oxi-bt-col-sm-12                         \" >\n                <div class=\"oxi-image-hover-style-general\">\n                    <div class=\"oxi-image-hover oxi-image-general-hover oxi-image-general-hover-style-32 oxi-image-general-hover-61-449\">\n                                                    <a  href=\"https:\/\/aline-voinot.com\/index.php\/elisa-bonaparte\/\" target=\"_blank\">\n                                                            <div class=\"oxi-image-hover-figure\">\n                                <div class=\"oxi-image-hover-image\">\n                                    <img decoding=\"async\" src=\"https:\/\/aline-voinot.com\/wp-content\/uploads\/2018\/01\/pp3velisabonaparte.jpg\" >\n                                <\/div>\n                                <div class=\"oxi-image-hover-figure-caption\">\n                                    <div class=\"oxi-image-hover-caption-tab   image-hover-align-center-center\">\n                                                                                    <h3 class=\"oxi-image-hover-heading iheu-fade-up                                                                                         \">\u00c9lisa BONAPARTE BACCIOCHI, s\u0153ur de Napol\u00e9on<\/h3>\n                                                                                            <div class=\"oxi-image-hover-content iheu-fade-up \">Connaissance<\/div>\n                                                                                <\/div>\n                                <\/div>\n                            <\/div>\n                                                        <\/a>\n\t\t\t\t\t\t\t\t                    <\/div>\n                <\/div>\n                            <\/div> \n                        <div class=\"oxi-image-hover-style oxi-image-hover-style-32 oxi-bt-col-lg-3 oxi-bt-col-md-6 oxi-bt-col-sm-12                         \" >\n                <div class=\"oxi-image-hover-style-general\">\n                    <div class=\"oxi-image-hover oxi-image-general-hover oxi-image-general-hover-style-32 oxi-image-general-hover-61-3301\">\n                                                    <div class=\"oxi-image-hover-figure\">\n                                <div class=\"oxi-image-hover-image\">\n                                    <img decoding=\"async\" src=\"https:\/\/aline-voinot.com\/wp-content\/uploads\/2018\/01\/PP2bisV-Cambaceres-.jpg\" >\n                                <\/div>\n                                <div class=\"oxi-image-hover-figure-caption\">\n                                    <div class=\"oxi-image-hover-caption-tab   image-hover-align-center-center\">\n                                                                                    <h3 class=\"oxi-image-hover-heading iheu-fade-up                                                                                         \">Jean-Jacques R\u00e9gis de\u00a0CAMBAC\u00c9R\u00c8S, 2nd Consul,<\/h3>\n                                                                                            <div class=\"oxi-image-hover-button iheu-fade-up \">\n                                                <a  href=\"https:\/\/aline-voinot.com\/index.php\/jean-jacques-regis-de-cambaceres\/\" target=\"_blank\" rel=\"nofollow\" class=\"oxi-image-btn\">Tous deux membres de l'Acad\u00e9mie Fran\u00e7aise<\/a>\n                                            <\/div>\n                                                                                <\/div>\n                                <\/div>\n                            <\/div>\n                                                <\/div>\n                <\/div>\n                            <\/div> \n                        <div class=\"oxi-image-hover-style oxi-image-hover-style-32 oxi-bt-col-lg-3 oxi-bt-col-md-6 oxi-bt-col-sm-12                         \" >\n                <div class=\"oxi-image-hover-style-general\">\n                    <div class=\"oxi-image-hover oxi-image-general-hover oxi-image-general-hover-style-32 oxi-image-general-hover-61-3308\">\n                                                    <div class=\"oxi-image-hover-figure\">\n                                <div class=\"oxi-image-hover-image\">\n                                    <img decoding=\"async\" src=\"https:\/\/aline-voinot.com\/wp-content\/uploads\/2018\/01\/PPV-Chateaubriand-400-520.jpg\" >\n                                <\/div>\n                                <div class=\"oxi-image-hover-figure-caption\">\n                                    <div class=\"oxi-image-hover-caption-tab   image-hover-align-center-center\">\n                                                                                    <h3 class=\"oxi-image-hover-heading iheu-fade-up                                                                                         \">Fran\u00e7ois-Ren\u00e9\u00a0CHATEAUBRIAND, Vicomte<\/h3>\n                                                                                            <div class=\"oxi-image-hover-button iheu-fade-up \">\n                                                <a  href=\"https:\/\/aline-voinot.com\/index.php\/francois-rene-chateaubriand\/\" target=\"_blank\" rel=\"nofollow\" class=\"oxi-image-btn\">Tous deux membres de l'Acad\u00e9mie Fran\u00e7aise - Cercle R\u00e9camier<\/a>\n                                            <\/div>\n                                                                                <\/div>\n                                <\/div>\n                            <\/div>\n                                                <\/div>\n                <\/div>\n                            <\/div> \n                        <div class=\"oxi-image-hover-style oxi-image-hover-style-32 oxi-bt-col-lg-3 oxi-bt-col-md-6 oxi-bt-col-sm-12                         \" >\n                <div class=\"oxi-image-hover-style-general\">\n                    <div class=\"oxi-image-hover oxi-image-general-hover oxi-image-general-hover-style-32 oxi-image-general-hover-61-3325\">\n                                                    <div class=\"oxi-image-hover-figure\">\n                                <div class=\"oxi-image-hover-image\">\n                                    <img decoding=\"async\" src=\"https:\/\/aline-voinot.com\/wp-content\/uploads\/2018\/01\/PP4V-De-la-Harpe-400-520.jpg\" >\n                                <\/div>\n                                <div class=\"oxi-image-hover-figure-caption\">\n                                    <div class=\"oxi-image-hover-caption-tab   image-hover-align-center-center\">\n                                                                                    <h3 class=\"oxi-image-hover-heading iheu-fade-up                                                                                         \">Jean-Fran\u00e7ois de la\u00a0HARPE, \u00c9crivain, Critique<\/h3>\n                                                                                            <div class=\"oxi-image-hover-button iheu-fade-up \">\n                                                <a  href=\"https:\/\/aline-voinot.com\/index.php\/jean-francois-de-la-harpe\/\" target=\"_blank\" rel=\"nofollow\" class=\"oxi-image-btn\">Tous deux membres de l'Acad\u00e9mie Fran\u00e7aise<\/a>\n                                            <\/div>\n                                                                                <\/div>\n                                <\/div>\n                            <\/div>\n                                                <\/div>\n                <\/div>\n                            <\/div> \n                        <div class=\"oxi-image-hover-style oxi-image-hover-style-32 oxi-bt-col-lg-3 oxi-bt-col-md-6 oxi-bt-col-sm-12                         \" >\n                <div class=\"oxi-image-hover-style-general\">\n                    <div class=\"oxi-image-hover oxi-image-general-hover oxi-image-general-hover-style-32 oxi-image-general-hover-61-3330\">\n                                                    <div class=\"oxi-image-hover-figure\">\n                                <div class=\"oxi-image-hover-image\">\n                                    <img decoding=\"async\" src=\"https:\/\/aline-voinot.com\/wp-content\/uploads\/2018\/02\/PPV-MARET-duc-BASSANO.jpg\" >\n                                <\/div>\n                                <div class=\"oxi-image-hover-figure-caption\">\n                                    <div class=\"oxi-image-hover-caption-tab   image-hover-align-center-center\">\n                                                                                    <h3 class=\"oxi-image-hover-heading iheu-fade-up                                                                                         \">Hugues-Bernard\u00a0MARET, Politicien, Diplomate<\/h3>\n                                                                                            <div class=\"oxi-image-hover-button iheu-fade-up \">\n                                                <a  href=\"https:\/\/aline-voinot.com\/index.php\/hugues-bernard-maret-duc-de-bassano\/\" target=\"_blank\" rel=\"nofollow\" class=\"oxi-image-btn\">Tous deux membres de l'Acad\u00e9mie Fran\u00e7aise<\/a>\n                                            <\/div>\n                                                                                <\/div>\n                                <\/div>\n                            <\/div>\n                                                <\/div>\n                <\/div>\n                            <\/div> \n                        <div class=\"oxi-image-hover-style oxi-image-hover-style-32 oxi-bt-col-lg-3 oxi-bt-col-md-6 oxi-bt-col-sm-12                         \" >\n                <div class=\"oxi-image-hover-style-general\">\n                    <div class=\"oxi-image-hover oxi-image-general-hover oxi-image-general-hover-style-32 oxi-image-general-hover-61-3350\">\n                                                    <div class=\"oxi-image-hover-figure\">\n                                <div class=\"oxi-image-hover-image\">\n                                    <img decoding=\"async\" src=\"https:\/\/aline-voinot.com\/wp-content\/uploads\/2018\/01\/PP3V.-JORDAN-400-520.jpg\" >\n                                <\/div>\n                                <div class=\"oxi-image-hover-figure-caption\">\n                                    <div class=\"oxi-image-hover-caption-tab   image-hover-align-center-center\">\n                                                                                    <h3 class=\"oxi-image-hover-heading iheu-fade-up                                                                                         \">Camille\u00a0JORDAN, Politicien, \u00c9crivain<\/h3>\n                                                                                            <div class=\"oxi-image-hover-button iheu-fade-up \">\n                                                <a  href=\"https:\/\/aline-voinot.com\/index.php\/camille-jordan\/\" target=\"_blank\" rel=\"nofollow\" class=\"oxi-image-btn\">Cercle R\u00e9camier<\/a>\n                                            <\/div>\n                                                                                <\/div>\n                                <\/div>\n                            <\/div>\n                                                <\/div>\n                <\/div>\n                            <\/div> \n                        <div class=\"oxi-image-hover-style oxi-image-hover-style-32 oxi-bt-col-lg-3 oxi-bt-col-md-6 oxi-bt-col-sm-12                         \" >\n                <div class=\"oxi-image-hover-style-general\">\n                    <div class=\"oxi-image-hover oxi-image-general-hover oxi-image-general-hover-style-32 oxi-image-general-hover-61-3351\">\n                                                    <div class=\"oxi-image-hover-figure\">\n                                <div class=\"oxi-image-hover-image\">\n                                    <img decoding=\"async\" src=\"https:\/\/aline-voinot.com\/wp-content\/uploads\/2018\/01\/BALLANCHE-400-520.jpg\" >\n                                <\/div>\n                                <div class=\"oxi-image-hover-figure-caption\">\n                                    <div class=\"oxi-image-hover-caption-tab   image-hover-align-center-center\">\n                                                                                    <h3 class=\"oxi-image-hover-heading iheu-fade-up                                                                                         \">Pierre-Simon\u00a0BALLANCHE, \u00c9crivain, Philosophe<\/h3>\n                                                                                            <div class=\"oxi-image-hover-button iheu-fade-up \">\n                                                <a  href=\"https:\/\/aline-voinot.com\/index.php\/pierre-simon-ballanche\/\" target=\"_blank\" rel=\"nofollow\" class=\"oxi-image-btn\">Cercle R\u00e9camier<\/a>\n                                            <\/div>\n                                                                                <\/div>\n                                <\/div>\n                            <\/div>\n                                                <\/div>\n                <\/div>\n                            <\/div> \n                        <div class=\"oxi-image-hover-style oxi-image-hover-style-32 oxi-bt-col-lg-3 oxi-bt-col-md-6 oxi-bt-col-sm-12                         \" >\n                <div class=\"oxi-image-hover-style-general\">\n                    <div class=\"oxi-image-hover oxi-image-general-hover oxi-image-general-hover-style-32 oxi-image-general-hover-61-3363\">\n                                                    <div class=\"oxi-image-hover-figure\">\n                                <div class=\"oxi-image-hover-image\">\n                                    <img decoding=\"async\" src=\"https:\/\/aline-voinot.com\/wp-content\/uploads\/2018\/01\/PP1V-Biot.jpg\" >\n                                <\/div>\n                                <div class=\"oxi-image-hover-figure-caption\">\n                                    <div class=\"oxi-image-hover-caption-tab   image-hover-align-center-center\">\n                                                                                    <h3 class=\"oxi-image-hover-heading iheu-fade-up                                                                                         \">Jean-Baptiste\u00a0BIOT, Physicien, Astronome, Math\u00e9maticien<\/h3>\n                                                                                            <div class=\"oxi-image-hover-button iheu-fade-up \">\n                                                <a  href=\"https:\/\/aline-voinot.com\/index.php\/jean-baptiste-biot\/\" target=\"_blank\" rel=\"nofollow\" class=\"oxi-image-btn\">Tous deux membres de l'Acad\u00e9mie Fran\u00e7aise<\/a>\n                                            <\/div>\n                                                                                <\/div>\n                                <\/div>\n                            <\/div>\n                                                <\/div>\n                <\/div>\n                            <\/div> \n                        <div class=\"oxi-image-hover-style oxi-image-hover-style-32 oxi-bt-col-lg-3 oxi-bt-col-md-6 oxi-bt-col-sm-12                         \" >\n                <div class=\"oxi-image-hover-style-general\">\n                    <div class=\"oxi-image-hover oxi-image-general-hover oxi-image-general-hover-style-32 oxi-image-general-hover-61-3377\">\n                                                    <div class=\"oxi-image-hover-figure\">\n                                <div class=\"oxi-image-hover-image\">\n                                    <img decoding=\"async\" src=\"https:\/\/aline-voinot.com\/wp-content\/uploads\/2018\/01\/PPV-Laplace-400-520.jpg\" >\n                                <\/div>\n                                <div class=\"oxi-image-hover-figure-caption\">\n                                    <div class=\"oxi-image-hover-caption-tab   image-hover-align-center-center\">\n                                                                                    <h3 class=\"oxi-image-hover-heading iheu-fade-up                                                                                         \">\u00a0Pierre-Simon de\u00a0LAPLACE, \u00a0Math\u00e9maticien, Astronome, Physicien<\/h3>\n                                                                                            <div class=\"oxi-image-hover-button iheu-fade-up \">\n                                                <a  href=\"https:\/\/aline-voinot.com\/index.php\/pierre-simon-de-laplace\/\" target=\"_blank\" rel=\"nofollow\" class=\"oxi-image-btn\">Tous deux membres de l'Acad\u00e9mie Fran\u00e7aise<\/a>\n                                            <\/div>\n                                                                                <\/div>\n                                <\/div>\n                            <\/div>\n                                                <\/div>\n                <\/div>\n                            <\/div> \n                        <div class=\"oxi-image-hover-style oxi-image-hover-style-32 oxi-bt-col-lg-3 oxi-bt-col-md-6 oxi-bt-col-sm-12                         \" >\n                <div class=\"oxi-image-hover-style-general\">\n                    <div class=\"oxi-image-hover oxi-image-general-hover oxi-image-general-hover-style-32 oxi-image-general-hover-61-3384\">\n                                                    <div class=\"oxi-image-hover-figure\">\n                                <div class=\"oxi-image-hover-image\">\n                                    <img decoding=\"async\" src=\"https:\/\/aline-voinot.com\/wp-content\/uploads\/2018\/02\/PPV-Segur-400-5205408.jpg\" >\n                                <\/div>\n                                <div class=\"oxi-image-hover-figure-caption\">\n                                    <div class=\"oxi-image-hover-caption-tab   image-hover-align-center-center\">\n                                                                                    <h3 class=\"oxi-image-hover-heading iheu-fade-up                                                                                         \">Louis Philippe de\u00a0S\u00c9GUR, Militaire, Diplomate<\/h3>\n                                                                                            <div class=\"oxi-image-hover-button iheu-fade-up \">\n                                                <a  href=\"https:\/\/aline-voinot.com\/index.php\/louis-philippe-de-segur\/\" target=\"_blank\" rel=\"nofollow\" class=\"oxi-image-btn\">Tous deux membres de l'Acad\u00e9mie Fran\u00e7aise<\/a>\n                                            <\/div>\n                                                                                <\/div>\n                                <\/div>\n                            <\/div>\n                                                <\/div>\n                <\/div>\n                            <\/div> \n                        <div class=\"oxi-image-hover-style oxi-image-hover-style-32 oxi-bt-col-lg-3 oxi-bt-col-md-6 oxi-bt-col-sm-12                         \" >\n                <div class=\"oxi-image-hover-style-general\">\n                    <div class=\"oxi-image-hover oxi-image-general-hover oxi-image-general-hover-style-32 oxi-image-general-hover-61-3400\">\n                                                    <div class=\"oxi-image-hover-figure\">\n                                <div class=\"oxi-image-hover-image\">\n                                    <img decoding=\"async\" src=\"https:\/\/aline-voinot.com\/wp-content\/uploads\/2018\/02\/PP1V-Sieyes-400-520.jpg\" >\n                                <\/div>\n                                <div class=\"oxi-image-hover-figure-caption\">\n                                    <div class=\"oxi-image-hover-caption-tab   image-hover-align-center-center\">\n                                                                                    <h3 class=\"oxi-image-hover-heading iheu-fade-up                                                                                         \">Emmanuel-Joseph\u00a0SIEY\u00c8S, Politicien, Essayiste<\/h3>\n                                                                                            <div class=\"oxi-image-hover-button iheu-fade-up \">\n                                                <a  href=\"https:\/\/aline-voinot.com\/index.php\/emmanuel-joseph-sieyes\/\" target=\"_blank\" rel=\"nofollow\" class=\"oxi-image-btn\">Tous deux membres de l'Acad\u00e9mie Fran\u00e7aise<\/a>\n                                            <\/div>\n                                                                                <\/div>\n                                <\/div>\n                            <\/div>\n                                                <\/div>\n                <\/div>\n                            <\/div> \n                        <div class=\"oxi-image-hover-style oxi-image-hover-style-32 oxi-bt-col-lg-3 oxi-bt-col-md-6 oxi-bt-col-sm-12                         \" >\n                <div class=\"oxi-image-hover-style-general\">\n                    <div class=\"oxi-image-hover oxi-image-general-hover oxi-image-general-hover-style-32 oxi-image-general-hover-61-3401\">\n                                                    <div class=\"oxi-image-hover-figure\">\n                                <div class=\"oxi-image-hover-image\">\n                                    <img decoding=\"async\" src=\"https:\/\/aline-voinot.com\/wp-content\/uploads\/2019\/11\/PP7V.-Lucien-Bonaparte-.jpg\" >\n                                <\/div>\n                                <div class=\"oxi-image-hover-figure-caption\">\n                                    <div class=\"oxi-image-hover-caption-tab   image-hover-align-center-center\">\n                                                                                    <h3 class=\"oxi-image-hover-heading iheu-fade-up                                                                                         \">Lucien\u00a0BONAPARTE, Politicien, Prince de Canino<\/h3>\n                                                                                            <div class=\"oxi-image-hover-button iheu-fade-up \">\n                                                <a  href=\"http:\/\/Lucien\u00a0BONAPARTE,%20Politicien,%20Prince%20de%20Canino\" target=\"_blank\" rel=\"nofollow\" class=\"oxi-image-btn\">Tous deux membres de l'Acad\u00e9mie Fran\u00e7aise<\/a>\n                                            <\/div>\n                                                                                <\/div>\n                                <\/div>\n                            <\/div>\n                                                <\/div>\n                <\/div>\n                            <\/div> \n                        <div class=\"oxi-image-hover-style oxi-image-hover-style-32 oxi-bt-col-lg-3 oxi-bt-col-md-6 oxi-bt-col-sm-12                         \" >\n                <div class=\"oxi-image-hover-style-general\">\n                    <div class=\"oxi-image-hover oxi-image-general-hover oxi-image-general-hover-style-32 oxi-image-general-hover-61-7625\">\n                                                    <div class=\"oxi-image-hover-figure\">\n                                <div class=\"oxi-image-hover-image\">\n                                    <img decoding=\"async\" src=\"https:\/\/aline-voinot.com\/wp-content\/uploads\/2020\/05\/PP6V-SCHLEGEL.png\" >\n                                <\/div>\n                                <div class=\"oxi-image-hover-figure-caption\">\n                                    <div class=\"oxi-image-hover-caption-tab   image-hover-align-center-center\">\n                                                                                    <h3 class=\"oxi-image-hover-heading iheu-fade-up                                                                                         \">Auguste Wilhem von\u00a0 SCHLEGEL, \u00c9crivain, Philosophe<\/h3>\n                                                                                            <div class=\"oxi-image-hover-button iheu-fade-up \">\n                                                <a  href=\"https:\/\/aline-voinot.com\/index.php\/auguste-schlegel\/\" target=\"_blank\" rel=\"nofollow\" class=\"oxi-image-btn\">Friedrich Schlegel fut l\u2019amant de la baronne de Sta\u00ebl. Leur relation intime d\u00e9buta lorsque le couple qu\u2019elle formait avec Benjamin constant battait de l\u2019aile. Pour se rapprocher de sa bien-aim\u00e9e, Schlegel avait accept\u00e9 de devenir le pr\u00e9cepteur de ses enfants, mais cette t\u00e2che lui pesait. N\u00e9anmoins, tous deux faisaient partie de ces intellectuels du groupe de Coppet et avaient donc l\u2019occasion de se croiser r\u00e9guli\u00e8rement.<\/a>\n                                            <\/div>\n                                                                                <\/div>\n                                <\/div>\n                            <\/div>\n                                                <\/div>\n                <\/div>\n                            <\/div> \n                        <div class=\"oxi-image-hover-style oxi-image-hover-style-32 oxi-bt-col-lg-3 oxi-bt-col-md-6 oxi-bt-col-sm-12                         \" >\n                <div class=\"oxi-image-hover-style-general\">\n                    <div class=\"oxi-image-hover oxi-image-general-hover oxi-image-general-hover-style-32 oxi-image-general-hover-61-7651\">\n                                                    <div class=\"oxi-image-hover-figure\">\n                                <div class=\"oxi-image-hover-image\">\n                                    <img decoding=\"async\" src=\"https:\/\/aline-voinot.com\/wp-content\/uploads\/2018\/01\/PPV-MONTMORENCY-Adrien-1.png\" >\n                                <\/div>\n                                <div class=\"oxi-image-hover-figure-caption\">\n                                    <div class=\"oxi-image-hover-caption-tab   image-hover-align-center-center\">\n                                                                                    <h3 class=\"oxi-image-hover-heading iheu-fade-up                                                                                         \">Anne- Adrien de\u00a0 MONTMORENCY, Politicien, Diplomate<\/h3>\n                                                                                            <div class=\"oxi-image-hover-button iheu-fade-up \">\n                                                <a  href=\"https:\/\/aline-voinot.com\/index.php\/anne-adrien-pierre-de-montmorency-duc-de-laval-et-de-san-fernando-luis\/\" target=\"_blank\" class=\"oxi-image-btn\">Mathieu et Adrien sont cousins, tr\u00e8s proches de Juliette R\u00e9camier et fid\u00e8les de ses salons litt\u00e9raires.<\/a>\n                                            <\/div>\n                                                                                <\/div>\n                                <\/div>\n                            <\/div>\n                                                <\/div>\n                <\/div>\n                            <\/div> \n                        <div class=\"oxi-image-hover-style oxi-image-hover-style-32 oxi-bt-col-lg-3 oxi-bt-col-md-6 oxi-bt-col-sm-12                         \" >\n                <div class=\"oxi-image-hover-style-general\">\n                    <div class=\"oxi-image-hover oxi-image-general-hover oxi-image-general-hover-style-32 oxi-image-general-hover-61-7678\">\n                                                    <div class=\"oxi-image-hover-figure\">\n                                <div class=\"oxi-image-hover-image\">\n                                    <img decoding=\"async\" src=\"https:\/\/aline-voinot.com\/wp-content\/uploads\/2018\/02\/PRUSSE2-AUGUSTE.jpg\" >\n                                <\/div>\n                                <div class=\"oxi-image-hover-figure-caption\">\n                                    <div class=\"oxi-image-hover-caption-tab   image-hover-align-center-center\">\n                                                                                    <h3 class=\"oxi-image-hover-heading iheu-fade-up                                                                                         \">Auguste de PRUSSE, Militaire<\/h3>\n                                                                                            <div class=\"oxi-image-hover-button iheu-fade-up \">\n                                                <a  href=\"https:\/\/aline-voinot.com\/index.php\/auguste-de-prusse\/\" target=\"_blank\" class=\"oxi-image-btn\">Auguste, tr\u00e8s ami avec Mme de Sta\u00ebl, fut invit\u00e9 \u00e0 Coppet sur son passage lors de son voyage en Italie, et rencontra les membres de ce groupe \u00e0 cette occasion.<\/a>\n                                            <\/div>\n                                                                                <\/div>\n                                <\/div>\n                            <\/div>\n                                                <\/div>\n                <\/div>\n                            <\/div> \n                        <div class=\"oxi-image-hover-style oxi-image-hover-style-32 oxi-bt-col-lg-3 oxi-bt-col-md-6 oxi-bt-col-sm-12                         \" >\n                <div class=\"oxi-image-hover-style-general\">\n                    <div class=\"oxi-image-hover oxi-image-general-hover oxi-image-general-hover-style-32 oxi-image-general-hover-61-7689\">\n                                                    <div class=\"oxi-image-hover-figure\">\n                                <div class=\"oxi-image-hover-image\">\n                                    <img decoding=\"async\" src=\"https:\/\/aline-voinot.com\/wp-content\/uploads\/2018\/01\/PPV-Ge\u0301rando-400-520.jpg\" >\n                                <\/div>\n                                <div class=\"oxi-image-hover-figure-caption\">\n                                    <div class=\"oxi-image-hover-caption-tab   image-hover-align-center-center\">\n                                                                                    <h3 class=\"oxi-image-hover-heading iheu-fade-up                                                                                         \">Joseph-Marie DEG\u00c9RANDO ou de G\u00c9RANDO, Linguiste, Anthropologue,<\/h3>\n                                                                                            <div class=\"oxi-image-hover-button iheu-fade-up \">\n                                                <a  href=\"https:\/\/aline-voinot.com\/index.php\/joseph-marie-de-gerando\/\" target=\"_blank\" class=\"oxi-image-btn\">Ami intime, avec Juliette R\u00e9camier, Benjamin Constant, August Wilhelm Schlegel, Jean de Sismondi, Joseph-Marie de G\u00e9rando, les Barante p\u00e8re et fils, ainsi que les deux cousins tous deux Mathieu et Hadrien de Montmorency font partie de la bande de Coppet, le groupe d\u2019amis intimes de Germaine qu\u2019elle aimait r\u00e9unir dans son ch\u00e2teau familial de Coppet. Ce groupe d\u2019intellectuel \u00e9tait farouchement oppos\u00e9 \u00e0 la politique de Napol\u00e9on.<\/a>\n                                            <\/div>\n                                                                                <\/div>\n                                <\/div>\n                            <\/div>\n                                                <\/div>\n                <\/div>\n                            <\/div> \n                            <\/div>\n            <\/div>\n","protected":false},"excerpt":{"rendered":"<p>[vc_row full_width=\u00a0\u00bbstretch_row\u00a0\u00bb css=\u00a0\u00bb.vc_custom_1513000693114{background-color: #272727 !important;}\u00a0\u00bb][vc_column width=\u00a0\u00bb1\/6&Prime;][vc_single_image image=\u00a0\u00bb1781&Prime; img_size=\u00a0\u00bb150X150&Prime; alignment=\u00a0\u00bbcenter\u00a0\u00bb][\/vc_column][vc_column width=\u00a0\u00bb1\/6&Prime;][vc_btn title=\u00a0\u00bbPortraits\u00a0\u00bb size=\u00a0\u00bblg\u00a0\u00bb align=\u00a0\u00bbcenter\u00a0\u00bb button_block=\u00a0\u00bbtrue\u00a0\u00bb link=\u00a0\u00bburl:http%3A%2F%2Faline-voinot.com%2Findex.php%2Fmathieu-de-montmorency-duc-de-montmorency-laval%2F|||\u00a0\u00bb][vc_btn title=\u00a0\u00bbR\u00e9sidences\u00a0\u00bb size=\u00a0\u00bblg\u00a0\u00bb align=\u00a0\u00bbcenter\u00a0\u00bb button_block=\u00a0\u00bbtrue\u00a0\u00bb link=\u00a0\u00bburl:http%3A%2F%2Faline-voinot.com%2Findex.php%2Fresidences-de-mathieu-de-montmorency-duc-de-montmorency-laval%2F|||\u00a0\u00bb][\/vc_column][vc_column width=\u00a0\u00bb1\/6&Prime;][vc_btn title=\u00a0\u00bbR\u00e9seau Social\u00a0\u00bb color=\u00a0\u00bbdanger\u00a0\u00bb size=\u00a0\u00bblg\u00a0\u00bb align=\u00a0\u00bbcenter\u00a0\u00bb button_block=\u00a0\u00bbtrue\u00a0\u00bb link=\u00a0\u00bburl:http%3A%2F%2Faline-voinot.com%2Findex.php%2Freseau-social-de-mathieu-de-montmorency-duc-de-montmorency-laval%2F|||\u00a0\u00bb][vc_btn title=\u00a0\u00bbG\u00e9n\u00e9alogie\u00a0\u00bb color=\u00a0\u00bbdefault\u00a0\u00bb size=\u00a0\u00bblg\u00a0\u00bb align=\u00a0\u00bbcenter\u00a0\u00bb button_block=\u00a0\u00bbtrue\u00a0\u00bb link=\u00a0\u00bburl:http%3A%2F%2Faline-voinot.com%2Findex.php%2Fgenealogie-de-mathieu-de-montmorency-duc-de-montmorency-laval%2F|||\u00a0\u00bb][\/vc_column][vc_column width=\u00a0\u00bb1\/6&Prime;][vc_btn title=\u00a0\u00bb\u0152uvres\u00a0\u00bb size=\u00a0\u00bblg\u00a0\u00bb align=\u00a0\u00bbcenter\u00a0\u00bb button_block=\u00a0\u00bbtrue\u00a0\u00bb link=\u00a0\u00bburl:http%3A%2F%2Faline-voinot.com%2Findex.php%2Foeuvres-de-mathieu-de-montmorency-duc-de-montmorency-laval%2F|||\u00a0\u00bb][vc_btn<\/p>\n","protected":false},"author":1,"featured_media":0,"parent":0,"menu_order":0,"comment_status":"closed","ping_status":"closed","template":"","meta":{"footnotes":""},"class_list":["post-13683","page","type-page","status-publish","hentry"],"yoast_head":"<!-- This site is optimized with the Yoast SEO plugin v22.8 - https:\/\/yoast.com\/wordpress\/plugins\/seo\/ -->\n<title>R\u00e9seau social de Mathieu Jean F\u00e9licit\u00e9 de Montmorency , duc de Montmorency-Laval - L&#039;Histoire est un roman...<\/title>\n<meta name=\"robots\" content=\"index, follow, max-snippet:-1, max-image-preview:large, max-video-preview:-1\" \/>\n<link rel=\"canonical\" href=\"https:\/\/aline-voinot.com\/index.php\/reseau-social-de-mathieu-de-montmorency-duc-de-montmorency-laval\/\" \/>\n<meta property=\"og:locale\" content=\"fr_FR\" \/>\n<meta property=\"og:type\" content=\"article\" \/>\n<meta property=\"og:title\" content=\"R\u00e9seau social de Mathieu Jean F\u00e9licit\u00e9 de Montmorency , duc de Montmorency-Laval - L&#039;Histoire est un roman...\" \/>\n<meta property=\"og:description\" content=\"[vc_row full_width=\u00a0\u00bbstretch_row\u00a0\u00bb css=\u00a0\u00bb.vc_custom_1513000693114{background-color: #272727 !important;}\u00a0\u00bb][vc_column width=\u00a0\u00bb1\/6&Prime;][vc_single_image image=\u00a0\u00bb1781&Prime; img_size=\u00a0\u00bb150X150&Prime; alignment=\u00a0\u00bbcenter\u00a0\u00bb][\/vc_column][vc_column width=\u00a0\u00bb1\/6&Prime;][vc_btn title=\u00a0\u00bbPortraits\u00a0\u00bb size=\u00a0\u00bblg\u00a0\u00bb align=\u00a0\u00bbcenter\u00a0\u00bb button_block=\u00a0\u00bbtrue\u00a0\u00bb link=\u00a0\u00bburl:http%3A%2F%2Faline-voinot.com%2Findex.php%2Fmathieu-de-montmorency-duc-de-montmorency-laval%2F|||\u00a0\u00bb][vc_btn title=\u00a0\u00bbR\u00e9sidences\u00a0\u00bb size=\u00a0\u00bblg\u00a0\u00bb align=\u00a0\u00bbcenter\u00a0\u00bb button_block=\u00a0\u00bbtrue\u00a0\u00bb link=\u00a0\u00bburl:http%3A%2F%2Faline-voinot.com%2Findex.php%2Fresidences-de-mathieu-de-montmorency-duc-de-montmorency-laval%2F|||\u00a0\u00bb][\/vc_column][vc_column width=\u00a0\u00bb1\/6&Prime;][vc_btn title=\u00a0\u00bbR\u00e9seau Social\u00a0\u00bb color=\u00a0\u00bbdanger\u00a0\u00bb size=\u00a0\u00bblg\u00a0\u00bb align=\u00a0\u00bbcenter\u00a0\u00bb button_block=\u00a0\u00bbtrue\u00a0\u00bb link=\u00a0\u00bburl:http%3A%2F%2Faline-voinot.com%2Findex.php%2Freseau-social-de-mathieu-de-montmorency-duc-de-montmorency-laval%2F|||\u00a0\u00bb][vc_btn title=\u00a0\u00bbG\u00e9n\u00e9alogie\u00a0\u00bb color=\u00a0\u00bbdefault\u00a0\u00bb size=\u00a0\u00bblg\u00a0\u00bb align=\u00a0\u00bbcenter\u00a0\u00bb button_block=\u00a0\u00bbtrue\u00a0\u00bb link=\u00a0\u00bburl:http%3A%2F%2Faline-voinot.com%2Findex.php%2Fgenealogie-de-mathieu-de-montmorency-duc-de-montmorency-laval%2F|||\u00a0\u00bb][\/vc_column][vc_column width=\u00a0\u00bb1\/6&Prime;][vc_btn title=\u00a0\u00bb\u0152uvres\u00a0\u00bb size=\u00a0\u00bblg\u00a0\u00bb align=\u00a0\u00bbcenter\u00a0\u00bb button_block=\u00a0\u00bbtrue\u00a0\u00bb link=\u00a0\u00bburl:http%3A%2F%2Faline-voinot.com%2Findex.php%2Foeuvres-de-mathieu-de-montmorency-duc-de-montmorency-laval%2F|||\u00a0\u00bb][vc_btn\" \/>\n<meta property=\"og:url\" content=\"https:\/\/aline-voinot.com\/index.php\/reseau-social-de-mathieu-de-montmorency-duc-de-montmorency-laval\/\" \/>\n<meta property=\"og:site_name\" content=\"L&#039;Histoire est un roman...\" \/>\n<meta property=\"article:modified_time\" content=\"2020-03-23T18:37:27+00:00\" \/>\n<meta name=\"twitter:card\" content=\"summary_large_image\" \/>\n<meta name=\"twitter:label1\" content=\"Dur\u00e9e de lecture estim\u00e9e\" \/>\n\t<meta name=\"twitter:data1\" content=\"2 minutes\" \/>\n<script type=\"application\/ld+json\" class=\"yoast-schema-graph\">{\"@context\":\"https:\/\/schema.org\",\"@graph\":[{\"@type\":\"WebPage\",\"@id\":\"https:\/\/aline-voinot.com\/index.php\/reseau-social-de-mathieu-de-montmorency-duc-de-montmorency-laval\/\",\"url\":\"https:\/\/aline-voinot.com\/index.php\/reseau-social-de-mathieu-de-montmorency-duc-de-montmorency-laval\/\",\"name\":\"R\u00e9seau social de Mathieu Jean F\u00e9licit\u00e9 de Montmorency , duc de Montmorency-Laval - L&#039;Histoire est un roman...\",\"isPartOf\":{\"@id\":\"https:\/\/aline-voinot.com\/#website\"},\"datePublished\":\"2019-02-11T08:47:47+00:00\",\"dateModified\":\"2020-03-23T18:37:27+00:00\",\"breadcrumb\":{\"@id\":\"https:\/\/aline-voinot.com\/index.php\/reseau-social-de-mathieu-de-montmorency-duc-de-montmorency-laval\/#breadcrumb\"},\"inLanguage\":\"fr-FR\",\"potentialAction\":[{\"@type\":\"ReadAction\",\"target\":[\"https:\/\/aline-voinot.com\/index.php\/reseau-social-de-mathieu-de-montmorency-duc-de-montmorency-laval\/\"]}]},{\"@type\":\"BreadcrumbList\",\"@id\":\"https:\/\/aline-voinot.com\/index.php\/reseau-social-de-mathieu-de-montmorency-duc-de-montmorency-laval\/#breadcrumb\",\"itemListElement\":[{\"@type\":\"ListItem\",\"position\":1,\"name\":\"Accueil\",\"item\":\"https:\/\/aline-voinot.com\/\"},{\"@type\":\"ListItem\",\"position\":2,\"name\":\"R\u00e9seau social de Mathieu Jean F\u00e9licit\u00e9 de Montmorency , duc de Montmorency-Laval\"}]},{\"@type\":\"WebSite\",\"@id\":\"https:\/\/aline-voinot.com\/#website\",\"url\":\"https:\/\/aline-voinot.com\/\",\"name\":\"L&#039;Histoire est un roman...\",\"description\":\"&quot;Destins connus, destins crois\u00e9s&quot; la premi\u00e8re encyclop\u00e9die romanc\u00e9e...\",\"potentialAction\":[{\"@type\":\"SearchAction\",\"target\":{\"@type\":\"EntryPoint\",\"urlTemplate\":\"https:\/\/aline-voinot.com\/?s={search_term_string}\"},\"query-input\":\"required name=search_term_string\"}],\"inLanguage\":\"fr-FR\"}]}<\/script>\n<!-- \/ Yoast SEO plugin. -->","yoast_head_json":{"title":"R\u00e9seau social de Mathieu Jean F\u00e9licit\u00e9 de Montmorency , duc de Montmorency-Laval - L&#039;Histoire est un roman...","robots":{"index":"index","follow":"follow","max-snippet":"max-snippet:-1","max-image-preview":"max-image-preview:large","max-video-preview":"max-video-preview:-1"},"canonical":"https:\/\/aline-voinot.com\/index.php\/reseau-social-de-mathieu-de-montmorency-duc-de-montmorency-laval\/","og_locale":"fr_FR","og_type":"article","og_title":"R\u00e9seau social de Mathieu Jean F\u00e9licit\u00e9 de Montmorency , duc de Montmorency-Laval - L&#039;Histoire est un roman...","og_description":"[vc_row full_width=\u00a0\u00bbstretch_row\u00a0\u00bb css=\u00a0\u00bb.vc_custom_1513000693114{background-color: #272727 !important;}\u00a0\u00bb][vc_column width=\u00a0\u00bb1\/6&Prime;][vc_single_image image=\u00a0\u00bb1781&Prime; img_size=\u00a0\u00bb150X150&Prime; alignment=\u00a0\u00bbcenter\u00a0\u00bb][\/vc_column][vc_column width=\u00a0\u00bb1\/6&Prime;][vc_btn title=\u00a0\u00bbPortraits\u00a0\u00bb size=\u00a0\u00bblg\u00a0\u00bb align=\u00a0\u00bbcenter\u00a0\u00bb button_block=\u00a0\u00bbtrue\u00a0\u00bb link=\u00a0\u00bburl:http%3A%2F%2Faline-voinot.com%2Findex.php%2Fmathieu-de-montmorency-duc-de-montmorency-laval%2F|||\u00a0\u00bb][vc_btn title=\u00a0\u00bbR\u00e9sidences\u00a0\u00bb size=\u00a0\u00bblg\u00a0\u00bb align=\u00a0\u00bbcenter\u00a0\u00bb button_block=\u00a0\u00bbtrue\u00a0\u00bb link=\u00a0\u00bburl:http%3A%2F%2Faline-voinot.com%2Findex.php%2Fresidences-de-mathieu-de-montmorency-duc-de-montmorency-laval%2F|||\u00a0\u00bb][\/vc_column][vc_column width=\u00a0\u00bb1\/6&Prime;][vc_btn title=\u00a0\u00bbR\u00e9seau Social\u00a0\u00bb color=\u00a0\u00bbdanger\u00a0\u00bb size=\u00a0\u00bblg\u00a0\u00bb align=\u00a0\u00bbcenter\u00a0\u00bb button_block=\u00a0\u00bbtrue\u00a0\u00bb link=\u00a0\u00bburl:http%3A%2F%2Faline-voinot.com%2Findex.php%2Freseau-social-de-mathieu-de-montmorency-duc-de-montmorency-laval%2F|||\u00a0\u00bb][vc_btn title=\u00a0\u00bbG\u00e9n\u00e9alogie\u00a0\u00bb color=\u00a0\u00bbdefault\u00a0\u00bb size=\u00a0\u00bblg\u00a0\u00bb align=\u00a0\u00bbcenter\u00a0\u00bb button_block=\u00a0\u00bbtrue\u00a0\u00bb link=\u00a0\u00bburl:http%3A%2F%2Faline-voinot.com%2Findex.php%2Fgenealogie-de-mathieu-de-montmorency-duc-de-montmorency-laval%2F|||\u00a0\u00bb][\/vc_column][vc_column width=\u00a0\u00bb1\/6&Prime;][vc_btn title=\u00a0\u00bb\u0152uvres\u00a0\u00bb size=\u00a0\u00bblg\u00a0\u00bb align=\u00a0\u00bbcenter\u00a0\u00bb button_block=\u00a0\u00bbtrue\u00a0\u00bb link=\u00a0\u00bburl:http%3A%2F%2Faline-voinot.com%2Findex.php%2Foeuvres-de-mathieu-de-montmorency-duc-de-montmorency-laval%2F|||\u00a0\u00bb][vc_btn","og_url":"https:\/\/aline-voinot.com\/index.php\/reseau-social-de-mathieu-de-montmorency-duc-de-montmorency-laval\/","og_site_name":"L&#039;Histoire est un roman...","article_modified_time":"2020-03-23T18:37:27+00:00","twitter_card":"summary_large_image","twitter_misc":{"Dur\u00e9e de lecture estim\u00e9e":"2 minutes"},"schema":{"@context":"https:\/\/schema.org","@graph":[{"@type":"WebPage","@id":"https:\/\/aline-voinot.com\/index.php\/reseau-social-de-mathieu-de-montmorency-duc-de-montmorency-laval\/","url":"https:\/\/aline-voinot.com\/index.php\/reseau-social-de-mathieu-de-montmorency-duc-de-montmorency-laval\/","name":"R\u00e9seau social de Mathieu Jean F\u00e9licit\u00e9 de Montmorency , duc de Montmorency-Laval - L&#039;Histoire est un roman...","isPartOf":{"@id":"https:\/\/aline-voinot.com\/#website"},"datePublished":"2019-02-11T08:47:47+00:00","dateModified":"2020-03-23T18:37:27+00:00","breadcrumb":{"@id":"https:\/\/aline-voinot.com\/index.php\/reseau-social-de-mathieu-de-montmorency-duc-de-montmorency-laval\/#breadcrumb"},"inLanguage":"fr-FR","potentialAction":[{"@type":"ReadAction","target":["https:\/\/aline-voinot.com\/index.php\/reseau-social-de-mathieu-de-montmorency-duc-de-montmorency-laval\/"]}]},{"@type":"BreadcrumbList","@id":"https:\/\/aline-voinot.com\/index.php\/reseau-social-de-mathieu-de-montmorency-duc-de-montmorency-laval\/#breadcrumb","itemListElement":[{"@type":"ListItem","position":1,"name":"Accueil","item":"https:\/\/aline-voinot.com\/"},{"@type":"ListItem","position":2,"name":"R\u00e9seau social de Mathieu Jean F\u00e9licit\u00e9 de Montmorency , duc de Montmorency-Laval"}]},{"@type":"WebSite","@id":"https:\/\/aline-voinot.com\/#website","url":"https:\/\/aline-voinot.com\/","name":"L&#039;Histoire est un roman...","description":"&quot;Destins connus, destins crois\u00e9s&quot; la premi\u00e8re encyclop\u00e9die romanc\u00e9e...","potentialAction":[{"@type":"SearchAction","target":{"@type":"EntryPoint","urlTemplate":"https:\/\/aline-voinot.com\/?s={search_term_string}"},"query-input":"required name=search_term_string"}],"inLanguage":"fr-FR"}]}},"_links":{"self":[{"href":"https:\/\/aline-voinot.com\/index.php\/wp-json\/wp\/v2\/pages\/13683","targetHints":{"allow":["GET"]}}],"collection":[{"href":"https:\/\/aline-voinot.com\/index.php\/wp-json\/wp\/v2\/pages"}],"about":[{"href":"https:\/\/aline-voinot.com\/index.php\/wp-json\/wp\/v2\/types\/page"}],"author":[{"embeddable":true,"href":"https:\/\/aline-voinot.com\/index.php\/wp-json\/wp\/v2\/users\/1"}],"replies":[{"embeddable":true,"href":"https:\/\/aline-voinot.com\/index.php\/wp-json\/wp\/v2\/comments?post=13683"}],"version-history":[{"count":0,"href":"https:\/\/aline-voinot.com\/index.php\/wp-json\/wp\/v2\/pages\/13683\/revisions"}],"wp:attachment":[{"href":"https:\/\/aline-voinot.com\/index.php\/wp-json\/wp\/v2\/media?parent=13683"}],"curies":[{"name":"wp","href":"https:\/\/api.w.org\/{rel}","templated":true}]}}