{"id":13762,"date":"2019-02-11T13:37:45","date_gmt":"2019-02-11T12:37:45","guid":{"rendered":"http:\/\/aline-voinot.com\/?page_id=13762"},"modified":"2020-03-23T19:37:27","modified_gmt":"2020-03-23T18:37:27","slug":"reseau-social-de-jean-victor-marie-moreau","status":"publish","type":"page","link":"https:\/\/aline-voinot.com\/index.php\/reseau-social-de-jean-victor-marie-moreau\/","title":{"rendered":"R\u00e9seau social de Jean Victor Marie Moreau"},"content":{"rendered":"<p>[vc_row full_width=\u00a0\u00bbstretch_row\u00a0\u00bb css=\u00a0\u00bb.vc_custom_1513000693114{background-color: #272727 !important;}\u00a0\u00bb][vc_column width=\u00a0\u00bb1\/6&Prime;][vc_single_image image=\u00a0\u00bb1704&Prime; img_size=\u00a0\u00bb150X150&Prime; alignment=\u00a0\u00bbcenter\u00a0\u00bb][\/vc_column][vc_column width=\u00a0\u00bb1\/6&Prime;][vc_btn title=\u00a0\u00bbPortraits\u00a0\u00bb size=\u00a0\u00bblg\u00a0\u00bb align=\u00a0\u00bbcenter\u00a0\u00bb button_block=\u00a0\u00bbtrue\u00a0\u00bb link=\u00a0\u00bburl:http%3A%2F%2Faline-voinot.com%2Findex.php%2Fjean-victor-marie-moreau%2F|||\u00a0\u00bb][vc_btn title=\u00a0\u00bbR\u00e9sidences\u00a0\u00bb size=\u00a0\u00bblg\u00a0\u00bb align=\u00a0\u00bbcenter\u00a0\u00bb button_block=\u00a0\u00bbtrue\u00a0\u00bb link=\u00a0\u00bburl:http%3A%2F%2Faline-voinot.com%2Findex.php%2Fresidences-de-jean-victor-marie-moreau%2F|||\u00a0\u00bb][\/vc_column][vc_column width=\u00a0\u00bb1\/6&Prime;][vc_btn title=\u00a0\u00bbR\u00e9seau Social\u00a0\u00bb color=\u00a0\u00bbdanger\u00a0\u00bb size=\u00a0\u00bblg\u00a0\u00bb align=\u00a0\u00bbcenter\u00a0\u00bb button_block=\u00a0\u00bbtrue\u00a0\u00bb link=\u00a0\u00bburl:http%3A%2F%2Faline-voinot.com%2Findex.php%2Freseau-social-de-jean-victor-marie-moreau%2F|||\u00a0\u00bb][vc_btn title=\u00a0\u00bbG\u00e9n\u00e9alogie\u00a0\u00bb color=\u00a0\u00bbdefault\u00a0\u00bb size=\u00a0\u00bblg\u00a0\u00bb align=\u00a0\u00bbcenter\u00a0\u00bb button_block=\u00a0\u00bbtrue\u00a0\u00bb link=\u00a0\u00bburl:http%3A%2F%2Faline-voinot.com%2Findex.php%2Fgenealogie-de-jean-victor-marie-moreau%2F|||\u00a0\u00bb][\/vc_column][vc_column width=\u00a0\u00bb1\/6&Prime;][vc_btn title=\u00a0\u00bb\u0152uvres\u00a0\u00bb size=\u00a0\u00bblg\u00a0\u00bb align=\u00a0\u00bbcenter\u00a0\u00bb button_block=\u00a0\u00bbtrue\u00a0\u00bb link=\u00a0\u00bburl:http%3A%2F%2Faline-voinot.com%2Findex.php%2Foeuvres-de-jean-victor-marie-moreau%2F|||\u00a0\u00bb][vc_btn title=\u00a0\u00bbS\u00e9pulture\u00a0\u00bb size=\u00a0\u00bblg\u00a0\u00bb align=\u00a0\u00bbcenter\u00a0\u00bb button_block=\u00a0\u00bbtrue\u00a0\u00bb link=\u00a0\u00bburl:http%3A%2F%2Faline-voinot.com%2Findex.php%2Fsepulture-de-jean-victor-marie-moreau%2F|||\u00a0\u00bb][\/vc_column][vc_column width=\u00a0\u00bb1\/6&Prime;][vc_btn title=\u00a0\u00bbWikipedia\u00a0\u00bb size=\u00a0\u00bblg\u00a0\u00bb align=\u00a0\u00bbcenter\u00a0\u00bb button_block=\u00a0\u00bbtrue\u00a0\u00bb link=\u00a0\u00bburl:https%3A%2F%2Ffr.wikipedia.org%2Fwiki%2FJean_Victor_Marie_Moreau||target:%20_blank|rel:nofollow\u00a0\u00bb][vc_btn title=\u00a0\u00bbH\u00e9ritage\u00a0\u00bb size=\u00a0\u00bblg\u00a0\u00bb align=\u00a0\u00bbcenter\u00a0\u00bb button_block=\u00a0\u00bbtrue\u00a0\u00bb link=\u00a0\u00bburl:http%3A%2F%2Faline-voinot.com%2Findex.php%2Fheritage-de-jean-victor-marie-moreau%2F|||\u00a0\u00bb][\/vc_column][vc_column width=\u00a0\u00bb1\/6&Prime;][\/vc_column][\/vc_row]<br \/>\n[vc_row][vc_column][vc_btn title=\u00a0\u00bbPAGE EN CONSTRUCTION &#8211; PATIENCE !!!!! \u00a0\u00bb color=\u00a0\u00bbdanger\u00a0\u00bb align=\u00a0\u00bbcenter\u00a0\u00bb i_type=\u00a0\u00bbopeniconic\u00a0\u00bb i_icon_openiconic=\u00a0\u00bbvc-oi vc-oi-cog\u00a0\u00bb button_block=\u00a0\u00bbtrue\u00a0\u00bb add_icon=\u00a0\u00bbtrue\u00a0\u00bb][vc_btn title=\u00a0\u00bbQUI SONT SES AMIS PR\u00d4CHES?\u00a0\u00bb color=\u00a0\u00bbinverse\u00a0\u00bb align=\u00a0\u00bbcenter\u00a0\u00bb button_block=\u00a0\u00bbtrue\u00a0\u00bb][vc_column_text css=\u00a0\u00bb.vc_custom_1518283718772{margin-right: -10px !important;margin-left: -10px !important;padding-top: 10px !important;padding-right: 50px !important;padding-bottom: 10px !important;padding-left: 50px !important;}\u00a0\u00bb]<\/p>\n<p>Apprenez \u00e0 les reconnaitre. Vous d\u00e9couvrirez leurs noms en survolant avec votre souris sur les diff\u00e9rents portraits<br \/>\n            <div class=\"oxi-addons-container noLightbox oxi-image-hover-wrapper-60 \" id=\"oxi-image-hover-wrapper-60\">\n                <div class=\"oxi-addons-row\">\n                                <div class=\"oxi-image-hover-style oxi-image-hover-style-32 oxi-bt-col-lg-3 oxi-bt-col-md-6 oxi-bt-col-sm-12                         \" >\n                <div class=\"oxi-image-hover-style-general\">\n                    <div class=\"oxi-image-hover oxi-image-general-hover oxi-image-general-hover-style-32 oxi-image-general-hover-60-7775\">\n                                                    <div class=\"oxi-image-hover-figure\">\n                                <div class=\"oxi-image-hover-image\">\n                                    <img decoding=\"async\" src=\"https:\/\/aline-voinot.com\/wp-content\/uploads\/2020\/11\/FA1V-MOREAU-Moreau-epouse.png\" >\n                                <\/div>\n                                <div class=\"oxi-image-hover-figure-caption\">\n                                    <div class=\"oxi-image-hover-caption-tab   image-hover-align-center-center\">\n                                                                                    <h3 class=\"oxi-image-hover-heading                                                                                          \">Eug\u00e9nie MOREAU<\/h3>\n                                                                                            <div class=\"oxi-image-hover-button  \">\n                                                <a  href=\"https:\/\/ru.wikipedia.org\/wiki\/%D0%9C%D0%BE%D1%80%D0%BE,_%D0%96%D0%B0%D0%BD_%D0%92%D0%B8%D0%BA%D1%82%D0%BE%D1%80#\/media\/%D0%A4%D0%B0%D0%B9%D0%BB:Madame_Moreau.jpg\" target=\"_blank\" rel=\"nofollow\" class=\"oxi-image-btn\">\u00c9pouse du G\u00e9n\u00e9ral Moreau<\/a>\n                                            <\/div>\n                                                                                <\/div>\n                                <\/div>\n                            <\/div>\n                                                <\/div>\n                <\/div>\n                            <\/div> \n                        <div class=\"oxi-image-hover-style oxi-image-hover-style-32 oxi-bt-col-lg-3 oxi-bt-col-md-6 oxi-bt-col-sm-12                         \" >\n                <div class=\"oxi-image-hover-style-general\">\n                    <div class=\"oxi-image-hover oxi-image-general-hover oxi-image-general-hover-style-32 oxi-image-general-hover-60-7776\">\n                                                    <div class=\"oxi-image-hover-figure\">\n                                <div class=\"oxi-image-hover-image\">\n                                    <img decoding=\"async\" src=\"https:\/\/aline-voinot.com\/wp-content\/uploads\/2018\/01\/16napoleonbonaparte.jpg\" >\n                                <\/div>\n                                <div class=\"oxi-image-hover-figure-caption\">\n                                    <div class=\"oxi-image-hover-caption-tab   image-hover-align-center-center\">\n                                                                                    <h3 class=\"oxi-image-hover-heading                                                                                          \">Napol\u00e9on\u00a0\u00a0BONAPARTE<\/h3>\n                                                                                            <div class=\"oxi-image-hover-button  \">\n                                                <a  href=\"https:\/\/aline-voinot.com\/index.php\/napoleon-bonaparte\/\" target=\"_blank\" rel=\"nofollow\" class=\"oxi-image-btn\">Napol\u00e9on aurait voulu donner la main de Caroline \u00e0 Moreau, mais elle lui pr\u00e9f\u00e9ra Murat et Napol\u00e9on c\u00e9da pour son bonheur. Moreau \u00e9pousa une amie de Jos\u00e9phine. Pr\u00e9sent lors du coup d\u2019\u00c9tat du 18 brumaire, il fut sous les ordres de Pichegru \u00e0 ses d\u00e9buts, les deux hommes devinrent amis. Cette relation lui vaudra des ennuis, suite au proc\u00e8s Cadoudal il dut s\u2019exiler aux USA. Moreau revint en Russie Fed-Marechal et fut tu\u00e9 lors de la bataille de Dresde. Louis XVIII le fit mar\u00e9chal de France \u00e0 titre posthume<\/a>\n                                            <\/div>\n                                                                                <\/div>\n                                <\/div>\n                            <\/div>\n                                                <\/div>\n                <\/div>\n                            <\/div> \n                        <div class=\"oxi-image-hover-style oxi-image-hover-style-32 oxi-bt-col-lg-3 oxi-bt-col-md-6 oxi-bt-col-sm-12                         \" >\n                <div class=\"oxi-image-hover-style-general\">\n                    <div class=\"oxi-image-hover oxi-image-general-hover oxi-image-general-hover-style-32 oxi-image-general-hover-60-7777\">\n                                                    <div class=\"oxi-image-hover-figure\">\n                                <div class=\"oxi-image-hover-image\">\n                                    <img decoding=\"async\" src=\"https:\/\/aline-voinot.com\/wp-content\/uploads\/2018\/01\/PP8V-Josephine-de-Beauharnais.png\" >\n                                <\/div>\n                                <div class=\"oxi-image-hover-figure-caption\">\n                                    <div class=\"oxi-image-hover-caption-tab   image-hover-align-center-center\">\n                                                                                    <h3 class=\"oxi-image-hover-heading                                                                                          \">Jos\u00e9phine de\u00a0 BEAUHARNAIS, Imp\u00e9ratrice, Reine<\/h3>\n                                                                                            <div class=\"oxi-image-hover-button  \">\n                                                <a  href=\"https:\/\/aline-voinot.com\/index.php\/josephine-de-beauharnais\/\" target=\"_blank\" rel=\"nofollow\" class=\"oxi-image-btn\">Jos\u00e9phine fut l\u2019amie de l\u2019\u00e9pouse de Moreau. Jalouse de l\u2019ascension qu\u2019elle eut en \u00e9pousant Bonaparte, sa belle-famille prit l\u2019ascendant sur lui et le poussa \u00e0 s\u2019exposer contre Bonaparte, il sera exil\u00e9 aux \u00c9tats-Unis suite \u00e0 l\u2019affaire Cadoudal. Moreau revint en Russie Fed-Mar\u00e9chal et fut tu\u00e9 lors de la bataille de Dresde<\/a>\n                                            <\/div>\n                                                                                <\/div>\n                                <\/div>\n                            <\/div>\n                                                <\/div>\n                <\/div>\n                            <\/div> \n                        <div class=\"oxi-image-hover-style oxi-image-hover-style-32 oxi-bt-col-lg-3 oxi-bt-col-md-6 oxi-bt-col-sm-12                         \" >\n                <div class=\"oxi-image-hover-style-general\">\n                    <div class=\"oxi-image-hover oxi-image-general-hover oxi-image-general-hover-style-32 oxi-image-general-hover-60-7778\">\n                                                    <div class=\"oxi-image-hover-figure\">\n                                <div class=\"oxi-image-hover-image\">\n                                    <img decoding=\"async\" src=\"https:\/\/aline-voinot.com\/wp-content\/uploads\/2019\/10\/PP3V-Bernadotte-W.png\" >\n                                <\/div>\n                                <div class=\"oxi-image-hover-figure-caption\">\n                                    <div class=\"oxi-image-hover-caption-tab   image-hover-align-center-center\">\n                                                                                    <h3 class=\"oxi-image-hover-heading                                                                                          \">Jean-Baptiste\u00a0BERNADOTTE<\/h3>\n                                                                                            <div class=\"oxi-image-hover-button  \">\n                                                <a  href=\"https:\/\/aline-voinot.com\/index.php\/jean-baptiste-bernadotte-dit-charles-xiv-jean-de-suede-et-charles-iii-jean-de-norvege\/\" target=\"_blank\" rel=\"nofollow\" class=\"oxi-image-btn\">Bernadotte \u00e9tait hostile au pouvoir napol\u00e9onien. Contrairement \u00e0 Moreau, il admit qu'il n'\u00e9tait plus possible de pr\u00e9server la R\u00e9publique et que mieux valait en cons\u00e9quence se rallier \u00e0 Napol\u00e9on que de courir le risque d'une restauration monarchique. Il se rangea donc du c\u00f4t\u00e9 de l\u2019Empereur. Puis, Bernadotte, h\u00e9ritier du tr\u00f4ne de su\u00e8de, recommanda Moreau, apr\u00e8s d\u2019Alexandre Ier qui le nomma Fed-Marechal dans l\u2019arm\u00e9e russe. Moreau fut tu\u00e9 lors de la bataille de Dresde. Louis XVIII le fit mar\u00e9chal de France \u00e0 titre posthume.<\/a>\n                                            <\/div>\n                                                                                <\/div>\n                                <\/div>\n                            <\/div>\n                                                <\/div>\n                <\/div>\n                            <\/div> \n                        <div class=\"oxi-image-hover-style oxi-image-hover-style-32 oxi-bt-col-lg-3 oxi-bt-col-md-6 oxi-bt-col-sm-12                         \" >\n                <div class=\"oxi-image-hover-style-general\">\n                    <div class=\"oxi-image-hover oxi-image-general-hover oxi-image-general-hover-style-32 oxi-image-general-hover-60-7779\">\n                                                    <div class=\"oxi-image-hover-figure\">\n                                <div class=\"oxi-image-hover-image\">\n                                    <img decoding=\"async\" src=\"https:\/\/aline-voinot.com\/wp-content\/uploads\/2019\/10\/PP7V-Alexandre-Ier.jpg\" >\n                                <\/div>\n                                <div class=\"oxi-image-hover-figure-caption\">\n                                    <div class=\"oxi-image-hover-caption-tab   image-hover-align-center-center\">\n                                                                                    <h3 class=\"oxi-image-hover-heading                                                                                          \">Alexandre ROMANOV, dit ALEXANDRE Ier<\/h3>\n                                                                                            <div class=\"oxi-image-hover-button  \">\n                                                <a  href=\"https:\/\/aline-voinot.com\/index.php\/alexandre-romanov-dit-alexandre-ier\/\" target=\"_blank\" rel=\"nofollow\" class=\"oxi-image-btn\">Moreau recrut\u00e9 dans l\u2019arm\u00e9e russe comme Fed-Marechal, nomm\u00e9 par Alexandre Ier sur recommandation de Bernadotte, il fut tu\u00e9 lors de la bataille de Dresde. Louis XVIII le fit mar\u00e9chal de France \u00e0 titre posthume<\/a>\n                                            <\/div>\n                                                                                <\/div>\n                                <\/div>\n                            <\/div>\n                                                <\/div>\n                <\/div>\n                            <\/div> \n                        <div class=\"oxi-image-hover-style oxi-image-hover-style-32 oxi-bt-col-lg-3 oxi-bt-col-md-6 oxi-bt-col-sm-12                         \" >\n                <div class=\"oxi-image-hover-style-general\">\n                    <div class=\"oxi-image-hover oxi-image-general-hover oxi-image-general-hover-style-32 oxi-image-general-hover-60-7780\">\n                                                    <div class=\"oxi-image-hover-figure\">\n                                <div class=\"oxi-image-hover-image\">\n                                    <img decoding=\"async\" src=\"https:\/\/aline-voinot.com\/wp-content\/uploads\/2018\/01\/PPV-Louis-XVIII.-400-520jpg.jpg\" >\n                                <\/div>\n                                <div class=\"oxi-image-hover-figure-caption\">\n                                    <div class=\"oxi-image-hover-caption-tab   image-hover-align-center-center\">\n                                                                                    <h3 class=\"oxi-image-hover-heading                                                                                          \">LOUIS XVIII, Roi de France et de Navarre<\/h3>\n                                                                                            <div class=\"oxi-image-hover-button  \">\n                                                <a  href=\"https:\/\/aline-voinot.com\/index.php\/louis-xviii-louis-stanislas-xavier-de-france\/\" target=\"_blank\" rel=\"nofollow\" class=\"oxi-image-btn\"> Louis XVIII l\u2019\u00e9leva au grade de Mar\u00e9chal de France \u00e0 titre posthume. G\u00e9n\u00e9ral fran\u00e7ais de la r\u00e9volution nomm\u00e9 par Carnot alors ministre de la guerre. Pendant son exil suite \u00e0 l\u2019affaire Cadoudal, Bernadotte le recommanda \u00e0 Alexandre Ier qui en fit un feld-mar\u00e9chal de Russie<\/a>\n                                            <\/div>\n                                                                                <\/div>\n                                <\/div>\n                            <\/div>\n                                                <\/div>\n                <\/div>\n                            <\/div> \n                        <div class=\"oxi-image-hover-style oxi-image-hover-style-32 oxi-bt-col-lg-3 oxi-bt-col-md-6 oxi-bt-col-sm-12                         \" >\n                <div class=\"oxi-image-hover-style-general\">\n                    <div class=\"oxi-image-hover oxi-image-general-hover oxi-image-general-hover-style-32 oxi-image-general-hover-60-7781\">\n                                                    <div class=\"oxi-image-hover-figure\">\n                                <div class=\"oxi-image-hover-image\">\n                                    <img decoding=\"async\" src=\"https:\/\/aline-voinot.com\/wp-content\/uploads\/2017\/10\/PPV10-RECAMIER-400-520.jpg\" >\n                                <\/div>\n                                <div class=\"oxi-image-hover-figure-caption\">\n                                    <div class=\"oxi-image-hover-caption-tab   image-hover-align-center-center\">\n                                                                                    <h3 class=\"oxi-image-hover-heading                                                                                          \">Juliette R\u00c9CAMIER<\/h3>\n                                                                                            <div class=\"oxi-image-hover-content  \">Amie intime<\/div>\n                                                                                        <div class=\"oxi-image-hover-button  \">\n                                                <a  href=\"https:\/\/aline-voinot.com\/index.php\/juliette-recamier\/\" target=\"_blank\" rel=\"nofollow\" class=\"oxi-image-btn\">Madame R\u00e9camier assista au proc\u00e8s Cadoudal afin de soutenir Moreau qui \u00e9tait de ses amis. Convaincue de son innocence, elle marquait par sa pr\u00e9sence son d\u00e9saccord. C\u2019est Brillat-Savarin, magistrat et cousin de son mari, qui lui permit d\u2019entrer au palais de justice par une porte d\u00e9rob\u00e9e. Sa pr\u00e9sence aga\u00e7a Bonaparte qui eut ce mot : \"Qu'est-ce que madame R\u00e9camier pouvait bien faire l\u00e0 !\"<\/a>\n                                            <\/div>\n                                                                                <\/div>\n                                <\/div>\n                            <\/div>\n                                                <\/div>\n                <\/div>\n                            <\/div> \n                        <div class=\"oxi-image-hover-style oxi-image-hover-style-32 oxi-bt-col-lg-3 oxi-bt-col-md-6 oxi-bt-col-sm-12                         \" >\n                <div class=\"oxi-image-hover-style-general\">\n                    <div class=\"oxi-image-hover oxi-image-general-hover oxi-image-general-hover-style-32 oxi-image-general-hover-60-7782\">\n                                                    <div class=\"oxi-image-hover-figure\">\n                                <div class=\"oxi-image-hover-image\">\n                                    <img decoding=\"async\" src=\"https:\/\/aline-voinot.com\/wp-content\/uploads\/2019\/11\/PP7V.-Lucien-Bonaparte-.jpg\" >\n                                <\/div>\n                                <div class=\"oxi-image-hover-figure-caption\">\n                                    <div class=\"oxi-image-hover-caption-tab   image-hover-align-center-center\">\n                                                                                    <h3 class=\"oxi-image-hover-heading                                                                                          \">Lucien\u00a0BONAPARTE, Politicien, Prince de Canino<\/h3>\n                                                                                            <div class=\"oxi-image-hover-button  \">\n                                                <a  href=\"https:\/\/aline-voinot.com\/index.php\/lucien-bonaparte\/\" target=\"_blank\" rel=\"nofollow\" class=\"oxi-image-btn\">Ministre de l'Int\u00e9rieur<\/a>\n                                            <\/div>\n                                                                                <\/div>\n                                <\/div>\n                            <\/div>\n                                                <\/div>\n                <\/div>\n                            <\/div> \n                        <div class=\"oxi-image-hover-style oxi-image-hover-style-32 oxi-bt-col-lg-3 oxi-bt-col-md-6 oxi-bt-col-sm-12                         \" >\n                <div class=\"oxi-image-hover-style-general\">\n                    <div class=\"oxi-image-hover oxi-image-general-hover oxi-image-general-hover-style-32 oxi-image-general-hover-60-7783\">\n                                                    <a  href=\"https:\/\/aline-voinot.com\/index.php\/elisa-bonaparte\/\" target=\"_blank\">\n                                                            <div class=\"oxi-image-hover-figure\">\n                                <div class=\"oxi-image-hover-image\">\n                                    <img decoding=\"async\" src=\"https:\/\/aline-voinot.com\/wp-content\/uploads\/2018\/01\/pp3velisabonaparte.jpg\" >\n                                <\/div>\n                                <div class=\"oxi-image-hover-figure-caption\">\n                                    <div class=\"oxi-image-hover-caption-tab   image-hover-align-center-center\">\n                                                                                    <h3 class=\"oxi-image-hover-heading                                                                                          \">\u00c9lisa BONAPARTE BACCIOCHI, s\u0153ur de Napol\u00e9on<\/h3>\n                                                                                            <div class=\"oxi-image-hover-content  \">Connaissance<\/div>\n                                                                                <\/div>\n                                <\/div>\n                            <\/div>\n                                                        <\/a>\n\t\t\t\t\t\t\t\t                    <\/div>\n                <\/div>\n                            <\/div> \n                        <div class=\"oxi-image-hover-style oxi-image-hover-style-32 oxi-bt-col-lg-3 oxi-bt-col-md-6 oxi-bt-col-sm-12                         \" >\n                <div class=\"oxi-image-hover-style-general\">\n                    <div class=\"oxi-image-hover oxi-image-general-hover oxi-image-general-hover-style-32 oxi-image-general-hover-60-7784\">\n                                                    <div class=\"oxi-image-hover-figure\">\n                                <div class=\"oxi-image-hover-image\">\n                                    <img decoding=\"async\" src=\"https:\/\/aline-voinot.com\/wp-content\/uploads\/2018\/01\/PP6V-Caroline-Bonaparte.jpg\" >\n                                <\/div>\n                                <div class=\"oxi-image-hover-figure-caption\">\n                                    <div class=\"oxi-image-hover-caption-tab   image-hover-align-center-center\">\n                                                                                    <h3 class=\"oxi-image-hover-heading                                                                                          \">Caroline\u00a0BONAPARTE, Reine de Naples<\/h3>\n                                                                                            <div class=\"oxi-image-hover-button  \">\n                                                <a  href=\"https:\/\/aline-voinot.com\/index.php\/caroline-bonaparte\/\" target=\"_blank\" rel=\"nofollow\" class=\"oxi-image-btn\">Moreau participa au coup d\u2019\u00c9tat du 18 brumaire. Il refusa la main de Caroline pour \u00e9pouser une amie de Jos\u00e9phine dont la famille prit l\u2019ascendant sur lui et le poussa \u00e0 s\u2019exposer contre Bonaparte. Exil\u00e9 suite au proc\u00e8s Cadoudal, il revint en Russie Fed-Mar\u00e9chal et fut tu\u00e9 lors de la bataille de Dresde. Louis XVIII le fit mar\u00e9chal de France \u00e0 titre posthume<\/a>\n                                            <\/div>\n                                                                                <\/div>\n                                <\/div>\n                            <\/div>\n                                                <\/div>\n                <\/div>\n                            <\/div> \n                        <div class=\"oxi-image-hover-style oxi-image-hover-style-32 oxi-bt-col-lg-3 oxi-bt-col-md-6 oxi-bt-col-sm-12                         \" >\n                <div class=\"oxi-image-hover-style-general\">\n                    <div class=\"oxi-image-hover oxi-image-general-hover oxi-image-general-hover-style-32 oxi-image-general-hover-60-7785\">\n                                                    <div class=\"oxi-image-hover-figure\">\n                                <div class=\"oxi-image-hover-image\">\n                                    <img decoding=\"async\" src=\"https:\/\/aline-voinot.com\/wp-content\/uploads\/2018\/01\/PP2V-Augereau-400-520-e1545233562626.jpg\" >\n                                <\/div>\n                                <div class=\"oxi-image-hover-figure-caption\">\n                                    <div class=\"oxi-image-hover-caption-tab   image-hover-align-center-center\">\n                                                                                    <h3 class=\"oxi-image-hover-heading                                                                                          \">Charles Pierre AUGEREAU, <\/h3>\n                                                                                            <div class=\"oxi-image-hover-button  \">\n                                                <a  href=\"https:\/\/aline-voinot.com\/index.php\/pierre-augereau\/\" target=\"_blank\" rel=\"nofollow\" class=\"oxi-image-btn\">Cas unique parmi les mar\u00e9chaux de Napol\u00e9on, Augereau, jeune, sert dans l'arm\u00e9e prussienne. Augereau fut sous les ordres de Bonaparte avant de commander son propre corps d\u2019arm\u00e9e. En 1814, il se rallie \u00e0 Louis XVIII qui le fait pair de France. Napol\u00e9on le d\u00e9clarera \u00ab traite \u00e0 la France \u00bb et ne le reprendra pas durant les 100 jours. Napol\u00e9on aura des termes durs sur lui dans ses m\u00e9moires \u00e0 Sainte-H\u00e9l\u00e8ne<\/a>\n                                            <\/div>\n                                                                                <\/div>\n                                <\/div>\n                            <\/div>\n                                                <\/div>\n                <\/div>\n                            <\/div> \n                        <div class=\"oxi-image-hover-style oxi-image-hover-style-32 oxi-bt-col-lg-3 oxi-bt-col-md-6 oxi-bt-col-sm-12                         \" >\n                <div class=\"oxi-image-hover-style-general\">\n                    <div class=\"oxi-image-hover oxi-image-general-hover oxi-image-general-hover-style-32 oxi-image-general-hover-60-7786\">\n                                                    <div class=\"oxi-image-hover-figure\">\n                                <div class=\"oxi-image-hover-image\">\n                                    <img decoding=\"async\" src=\"https:\/\/aline-voinot.com\/wp-content\/uploads\/2018\/01\/PPV-Fouche\u0301-400-520-1-.jpg\" >\n                                <\/div>\n                                <div class=\"oxi-image-hover-figure-caption\">\n                                    <div class=\"oxi-image-hover-caption-tab   image-hover-align-center-center\">\n                                                                                    <h3 class=\"oxi-image-hover-heading                                                                                          \">Joseph FOUCH\u00c9, Ministre de la Police<\/h3>\n                                                                                            <div class=\"oxi-image-hover-button  \">\n                                                <a  href=\"https:\/\/aline-voinot.com\/index.php\/joseph-fouche\/\" target=\"_blank\" rel=\"nofollow\" class=\"oxi-image-btn\">Fouch\u00e9 et Savary d\u00e9jou\u00e8rent la conspiration de Cadoudal, tous les participants furent arr\u00eat\u00e9s. Cadoudal devait \u00e9liminer Bonaparte, Pichegru \u00e9tait charg\u00e9 de prendre la t\u00eate du gouvernement et de proclamer Louis XVIII roi de France, Moreau devait pr\u00e9senter le duc d\u2019Enghien aux arm\u00e9es. Le duc d\u2019Enghien et Cadoudal furent ex\u00e9cut\u00e9s, Pichegru se suicida dans sa cellule. Ami de Moreau, Fouch\u00e9 l\u2019aida \u00e0 convertir sa peine de prison en exil et l\u2019aida \u00e0 gagner les \u00c9tats-Unis.<\/a>\n                                            <\/div>\n                                                                                <\/div>\n                                <\/div>\n                            <\/div>\n                                                <\/div>\n                <\/div>\n                            <\/div> \n                        <div class=\"oxi-image-hover-style oxi-image-hover-style-32 oxi-bt-col-lg-3 oxi-bt-col-md-6 oxi-bt-col-sm-12                         \" >\n                <div class=\"oxi-image-hover-style-general\">\n                    <div class=\"oxi-image-hover oxi-image-general-hover oxi-image-general-hover-style-32 oxi-image-general-hover-60-7787\">\n                                                    <div class=\"oxi-image-hover-figure\">\n                                <div class=\"oxi-image-hover-image\">\n                                    <img decoding=\"async\" src=\"https:\/\/aline-voinot.com\/wp-content\/uploads\/2019\/10\/PPV-Berthier-W.jpg\" >\n                                <\/div>\n                                <div class=\"oxi-image-hover-figure-caption\">\n                                    <div class=\"oxi-image-hover-caption-tab   image-hover-align-center-center\">\n                                                                                    <h3 class=\"oxi-image-hover-heading                                                                                          \">Louis-Alexandre\u00a0BERTHIER, Ministre de la Guerre<\/h3>\n                                                                                            <div class=\"oxi-image-hover-content  \"> Mar\u00e9chal d'Empire<\/div>\n                                                                                        <div class=\"oxi-image-hover-button  \">\n                                                <a  href=\"https:\/\/aline-voinot.com\/index.php\/alexandre-berthier\/\" rel=\"nofollow\" class=\"oxi-image-btn\">Il d\u00e9bute chef de l\u2019\u00c9tat Major de Bonaparte pour finir Major g\u00e9n\u00e9ral de la Grande arm\u00e9e.\u00a0Conseiller tr\u00e8s proche et Loyal de Bonaparte. II pr\u00e9parera le coup d\u2019\u00c9tat du 18 Brumaire. Il se ralliera \u00e0 Louis XVIII qui le fera Pair de France pour peu de temps car mourra peu de temps apr\u00e8s d\u00e9fenestr\u00e9 dans des circonstances troubles juste avant la bataille de Waterloo. Napol\u00e9on en sera tr\u00e8s affect\u00e9.<\/a>\n                                            <\/div>\n                                                                                <\/div>\n                                <\/div>\n                            <\/div>\n                                                <\/div>\n                <\/div>\n                            <\/div> \n                        <div class=\"oxi-image-hover-style oxi-image-hover-style-32 oxi-bt-col-lg-3 oxi-bt-col-md-6 oxi-bt-col-sm-12                         \" >\n                <div class=\"oxi-image-hover-style-general\">\n                    <div class=\"oxi-image-hover oxi-image-general-hover oxi-image-general-hover-style-32 oxi-image-general-hover-60-7788\">\n                                                    <div class=\"oxi-image-hover-figure\">\n                                <div class=\"oxi-image-hover-image\">\n                                    <img decoding=\"async\" src=\"https:\/\/aline-voinot.com\/wp-content\/uploads\/2018\/01\/PPV-Grouchy-1-400-520.jpg\" >\n                                <\/div>\n                                <div class=\"oxi-image-hover-figure-caption\">\n                                    <div class=\"oxi-image-hover-caption-tab   image-hover-align-center-center\">\n                                                                                    <h3 class=\"oxi-image-hover-heading                                                                                          \">Emmanuel de\u00a0GROUCHY<\/h3>\n                                                                                            <div class=\"oxi-image-hover-content  \">Amis<\/div>\n                                                                                        <div class=\"oxi-image-hover-button  \">\n                                                <a  href=\"https:\/\/aline-voinot.com\/index.php\/emmanuel-de-grouchy\/\" rel=\"nofollow\" class=\"oxi-image-btn\">Grouchy fut sous les ordres de Moreau. Le jeune Georges Washington de La Fayette, fils de Lafayette fut son aide de camp et lui sauva la vie \u00e0 Eylau. Le marquis de Lafayette fut le t\u00e9moin de mariage de la s\u0153ur a\u00een\u00e9e d'Emmanuel de Grouchy et de Condorcet. Gouverneur de Madrid sous les ordres de Murat il participa \u00e0 la r\u00e9pression de l\u2019insurrection de mai 1808. Durant la bataille de Waterloo, Napol\u00e9on lui reprocha de graves erreurs de commandement <\/a>\n                                            <\/div>\n                                                                                <\/div>\n                                <\/div>\n                            <\/div>\n                                                <\/div>\n                <\/div>\n                            <\/div> \n                        <div class=\"oxi-image-hover-style oxi-image-hover-style-32 oxi-bt-col-lg-3 oxi-bt-col-md-6 oxi-bt-col-sm-12                         \" >\n                <div class=\"oxi-image-hover-style-general\">\n                    <div class=\"oxi-image-hover oxi-image-general-hover oxi-image-general-hover-style-32 oxi-image-general-hover-60-7789\">\n                                                    <div class=\"oxi-image-hover-figure\">\n                                <div class=\"oxi-image-hover-image\">\n                                    <img decoding=\"async\" src=\"https:\/\/aline-voinot.com\/wp-content\/uploads\/2018\/01\/PP1V-Kellermann-400-520.jpg\" >\n                                <\/div>\n                                <div class=\"oxi-image-hover-figure-caption\">\n                                    <div class=\"oxi-image-hover-caption-tab   image-hover-align-center-center\">\n                                                                                    <h3 class=\"oxi-image-hover-heading                                                                                          \">Fran\u00e7ois-Christophe\u00a0KELLERMANN, Politicien, Militaire<\/h3>\n                                                                                            <div class=\"oxi-image-hover-content  \">Mar\u00e9chal d'Empire<br><br><\/div>\n                                                                                        <div class=\"oxi-image-hover-button  \">\n                                                <a  href=\"https:\/\/aline-voinot.com\/index.php\/francois-christophe-kellermann\/\" target=\"_blank\" rel=\"nofollow\" class=\"oxi-image-btn\">Kellermann sous les ordres de Bonaparte, Mass\u00e9na, Macdonald, Bernadotte, Junot et Ney. Il et commanda une division de cavalerie \u00e0 l'arm\u00e9e que le duc de Berry qui devait s'opposer \u00e0 Napol\u00e9on lors de son retour de l'\u00eele d'Elbe. Son fils Fran\u00e7ois Christophe Edmond Kellermann (1802-1868) fut diplomate et d\u00e9put\u00e9 sous le r\u00e8gne de Louis-Philippe Ier.<\/a>\n                                            <\/div>\n                                                                                <\/div>\n                                <\/div>\n                            <\/div>\n                                                <\/div>\n                <\/div>\n                            <\/div> \n                        <div class=\"oxi-image-hover-style oxi-image-hover-style-32 oxi-bt-col-lg-3 oxi-bt-col-md-6 oxi-bt-col-sm-12                         \" >\n                <div class=\"oxi-image-hover-style-general\">\n                    <div class=\"oxi-image-hover oxi-image-general-hover oxi-image-general-hover-style-32 oxi-image-general-hover-60-7790\">\n                                                    <div class=\"oxi-image-hover-figure\">\n                                <div class=\"oxi-image-hover-image\">\n                                    <img decoding=\"async\" src=\"https:\/\/aline-voinot.com\/wp-content\/uploads\/2018\/01\/PPV-Kleber-400-520.jpg\" >\n                                <\/div>\n                                <div class=\"oxi-image-hover-figure-caption\">\n                                    <div class=\"oxi-image-hover-caption-tab   image-hover-align-center-center\">\n                                                                                    <h3 class=\"oxi-image-hover-heading                                                                                          \">Jean-Baptiste\u00a0KLEBER, Militaire<\/h3>\n                                                                                            <div class=\"oxi-image-hover-button  \">\n                                                <a  href=\"https:\/\/aline-voinot.com\/index.php\/jean-baptiste-kleber\/\" target=\"_blank\" rel=\"nofollow\" class=\"oxi-image-btn\">Compagnons d'armes<\/a>\n                                            <\/div>\n                                                                                <\/div>\n                                <\/div>\n                            <\/div>\n                                                <\/div>\n                <\/div>\n                            <\/div> \n                        <div class=\"oxi-image-hover-style oxi-image-hover-style-32 oxi-bt-col-lg-3 oxi-bt-col-md-6 oxi-bt-col-sm-12                         \" >\n                <div class=\"oxi-image-hover-style-general\">\n                    <div class=\"oxi-image-hover oxi-image-general-hover oxi-image-general-hover-style-32 oxi-image-general-hover-60-7791\">\n                                                    <div class=\"oxi-image-hover-figure\">\n                                <div class=\"oxi-image-hover-image\">\n                                    <img decoding=\"async\" src=\"https:\/\/aline-voinot.com\/wp-content\/uploads\/2018\/01\/PP1V-Desaix-400-520.jpg\" >\n                                <\/div>\n                                <div class=\"oxi-image-hover-figure-caption\">\n                                    <div class=\"oxi-image-hover-caption-tab   image-hover-align-center-center\">\n                                                                                    <h3 class=\"oxi-image-hover-heading                                                                                          \">Louis Charles Antoine\u00a0DESAIX, Militaire<\/h3>\n                                                                                            <div class=\"oxi-image-hover-button  \">\n                                                <a  href=\"https:\/\/aline-voinot.com\/index.php\/louis-charles-antoine-desaix\/\" target=\"_blank\" rel=\"nofollow\" class=\"oxi-image-btn\">Compagnons d'armes<\/a>\n                                            <\/div>\n                                                                                <\/div>\n                                <\/div>\n                            <\/div>\n                                                <\/div>\n                <\/div>\n                            <\/div> \n                        <div class=\"oxi-image-hover-style oxi-image-hover-style-32 oxi-bt-col-lg-3 oxi-bt-col-md-6 oxi-bt-col-sm-12                         \" >\n                <div class=\"oxi-image-hover-style-general\">\n                    <div class=\"oxi-image-hover oxi-image-general-hover oxi-image-general-hover-style-32 oxi-image-general-hover-60-7792\">\n                                                    <div class=\"oxi-image-hover-figure\">\n                                <div class=\"oxi-image-hover-image\">\n                                    <img decoding=\"async\" src=\"https:\/\/aline-voinot.com\/wp-content\/uploads\/2018\/01\/PP3V-Duroc-400-520.jpg\" >\n                                <\/div>\n                                <div class=\"oxi-image-hover-figure-caption\">\n                                    <div class=\"oxi-image-hover-caption-tab   image-hover-align-center-center\">\n                                                                                    <h3 class=\"oxi-image-hover-heading                                                                                          \">Michel\u00a0DUROC, Militaire, Grand Mar\u00e9chal du Palais de Napol\u00e9on I<\/h3>\n                                                                                            <div class=\"oxi-image-hover-button  \">\n                                                <a  href=\"https:\/\/aline-voinot.com\/index.php\/michel-duroc\/\" target=\"_blank\" rel=\"nofollow\" class=\"oxi-image-btn\">Compagnons d'armes<\/a>\n                                            <\/div>\n                                                                                <\/div>\n                                <\/div>\n                            <\/div>\n                                                <\/div>\n                <\/div>\n                            <\/div> \n                        <div class=\"oxi-image-hover-style oxi-image-hover-style-32 oxi-bt-col-lg-3 oxi-bt-col-md-6 oxi-bt-col-sm-12                         \" >\n                <div class=\"oxi-image-hover-style-general\">\n                    <div class=\"oxi-image-hover oxi-image-general-hover oxi-image-general-hover-style-32 oxi-image-general-hover-60-7793\">\n                                                    <div class=\"oxi-image-hover-figure\">\n                                <div class=\"oxi-image-hover-image\">\n                                    <img decoding=\"async\" src=\"https:\/\/aline-voinot.com\/wp-content\/uploads\/2018\/01\/PPV-Lannes-400-520.jpg\" >\n                                <\/div>\n                                <div class=\"oxi-image-hover-figure-caption\">\n                                    <div class=\"oxi-image-hover-caption-tab   image-hover-align-center-center\">\n                                                                                    <div class=\"oxi-image-hover-content  \">Jean\u00a0LANNES, Militaire<\/div>\n                                                                                        <div class=\"oxi-image-hover-button  \">\n                                                <a  href=\"https:\/\/aline-voinot.com\/index.php\/jean-lannes-duc-de-montebello\/\" rel=\"nofollow\" class=\"oxi-image-btn\">Mar\u00e9chal d'Empire<\/a>\n                                            <\/div>\n                                                                                <\/div>\n                                <\/div>\n                            <\/div>\n                                                <\/div>\n                <\/div>\n                            <\/div> \n                        <div class=\"oxi-image-hover-style oxi-image-hover-style-32 oxi-bt-col-lg-3 oxi-bt-col-md-6 oxi-bt-col-sm-12                         \" >\n                <div class=\"oxi-image-hover-style-general\">\n                    <div class=\"oxi-image-hover oxi-image-general-hover oxi-image-general-hover-style-32 oxi-image-general-hover-60-7794\">\n                                                    <a  href=\"https:\/\/aline-voinot.com\/index.php\/dominique-jean-larrey\/\" target=\"_blank\" rel=\"nofollow\">\n                                                            <div class=\"oxi-image-hover-figure\">\n                                <div class=\"oxi-image-hover-image\">\n                                    <img decoding=\"async\" src=\"https:\/\/aline-voinot.com\/wp-content\/uploads\/2018\/01\/PPV-Larrey-400-520.jpg\" >\n                                <\/div>\n                                <div class=\"oxi-image-hover-figure-caption\">\n                                    <div class=\"oxi-image-hover-caption-tab   image-hover-align-center-center\">\n                                                                                    <h3 class=\"oxi-image-hover-heading                                                                                          \">Dominique-Jean\u00a0LARREY, Chirurgien<\/h3>\n                                                                                    <\/div>\n                                <\/div>\n                            <\/div>\n                                                        <\/a>\n\t\t\t\t\t\t\t\t                    <\/div>\n                <\/div>\n                            <\/div> \n                        <div class=\"oxi-image-hover-style oxi-image-hover-style-32 oxi-bt-col-lg-3 oxi-bt-col-md-6 oxi-bt-col-sm-12                         \" >\n                <div class=\"oxi-image-hover-style-general\">\n                    <div class=\"oxi-image-hover oxi-image-general-hover oxi-image-general-hover-style-32 oxi-image-general-hover-60-7795\">\n                                                    <div class=\"oxi-image-hover-figure\">\n                                <div class=\"oxi-image-hover-image\">\n                                    <img decoding=\"async\" src=\"https:\/\/aline-voinot.com\/wp-content\/uploads\/2018\/01\/PPV-MASSENA.jpg\" >\n                                <\/div>\n                                <div class=\"oxi-image-hover-figure-caption\">\n                                    <div class=\"oxi-image-hover-caption-tab   image-hover-align-center-center\">\n                                                                                    <h3 class=\"oxi-image-hover-heading                                                                                          \">Andr\u00e9\u00a0MASSENA, Militaire<\/h3>\n                                                                                            <div class=\"oxi-image-hover-button  \">\n                                                <a  href=\"https:\/\/aline-voinot.com\/index.php\/andre-massena\/\" target=\"_blank\" rel=\"nofollow\" class=\"oxi-image-btn\">Mar\u00e9chal d'Empire<\/a>\n                                            <\/div>\n                                                                                <\/div>\n                                <\/div>\n                            <\/div>\n                                                <\/div>\n                <\/div>\n                            <\/div> \n                        <div class=\"oxi-image-hover-style oxi-image-hover-style-32 oxi-bt-col-lg-3 oxi-bt-col-md-6 oxi-bt-col-sm-12                         \" >\n                <div class=\"oxi-image-hover-style-general\">\n                    <div class=\"oxi-image-hover oxi-image-general-hover oxi-image-general-hover-style-32 oxi-image-general-hover-60-7796\">\n                                                    <div class=\"oxi-image-hover-figure\">\n                                <div class=\"oxi-image-hover-image\">\n                                    <img decoding=\"async\" src=\"https:\/\/aline-voinot.com\/wp-content\/uploads\/2018\/02\/PPV-NEY.jpg\" >\n                                <\/div>\n                                <div class=\"oxi-image-hover-figure-caption\">\n                                    <div class=\"oxi-image-hover-caption-tab   image-hover-align-center-center\">\n                                                                                    <h3 class=\"oxi-image-hover-heading                                                                                          \">Michel\u00a0NEY, Militaire<\/h3>\n                                                                                            <div class=\"oxi-image-hover-button  \">\n                                                <a  href=\"https:\/\/aline-voinot.com\/index.php\/michel-ney-duc-delchingen-prince-de-la-moskowa\/\" target=\"_blank\" rel=\"nofollow\" class=\"oxi-image-btn\">Ney servit sous Kleber, Mass\u00e9na et Moreau. Surnomm\u00e9 \u00ab l\u2019infatigable \u00bb, orgueilleux il n\u2019avait peur de rien. Ney eut de mauvaises relations avec Soult et Mass\u00e9na.\u00a0\u00c0 Fontainebleau, il pressa l\u2019empereur d\u2019abdiquer pour se rallier aux Bourbons. Premier mar\u00e9chal \u00e0 abandonner Napol\u00e9on, il fut fait pair de France par Louis XVIII, mais sera condamn\u00e9 \u00e0 mort suite \u00e0 son action durant les 100 jours o\u00f9 partit pour ramener Bonaparte \u00ab dans une cage de lions \u00bb il se rallia \u00e0 lui<\/a>\n                                            <\/div>\n                                                                                <\/div>\n                                <\/div>\n                            <\/div>\n                                                <\/div>\n                <\/div>\n                            <\/div> \n                        <div class=\"oxi-image-hover-style oxi-image-hover-style-32 oxi-bt-col-lg-3 oxi-bt-col-md-6 oxi-bt-col-sm-12                         \" >\n                <div class=\"oxi-image-hover-style-general\">\n                    <div class=\"oxi-image-hover oxi-image-general-hover oxi-image-general-hover-style-32 oxi-image-general-hover-60-7797\">\n                                                    <div class=\"oxi-image-hover-figure\">\n                                <div class=\"oxi-image-hover-image\">\n                                    <img decoding=\"async\" src=\"https:\/\/aline-voinot.com\/wp-content\/uploads\/2018\/02\/PPV-PONIATOWSKI.jpg\" >\n                                <\/div>\n                                <div class=\"oxi-image-hover-figure-caption\">\n                                    <div class=\"oxi-image-hover-caption-tab   image-hover-align-center-center\">\n                                                                                    <h3 class=\"oxi-image-hover-heading                                                                                          \">J\u00f3zef Antoni\u00a0PONIATOWSKI, Militaire<\/h3>\n                                                                                            <div class=\"oxi-image-hover-button  \">\n                                                <a  href=\"https:\/\/aline-voinot.com\/index.php\/jozef-antoni-poniatowski\/\" target=\"_blank\" rel=\"nofollow\" class=\"oxi-image-btn\">Compagnon d\u2019armes, Poniatowski fut \u00e9lev\u00e9 \u00e0 la dignit\u00e9 de Mar\u00e9chal d\u2019Empire, unique fois o\u00f9 cette dignit\u00e9 fut attribu\u00e9e \u00e0 un g\u00e9n\u00e9ral \u00e9tranger<\/a>\n                                            <\/div>\n                                                                                <\/div>\n                                <\/div>\n                            <\/div>\n                                                <\/div>\n                <\/div>\n                            <\/div> \n                        <div class=\"oxi-image-hover-style oxi-image-hover-style-32 oxi-bt-col-lg-3 oxi-bt-col-md-6 oxi-bt-col-sm-12                         \" >\n                <div class=\"oxi-image-hover-style-general\">\n                    <div class=\"oxi-image-hover oxi-image-general-hover oxi-image-general-hover-style-32 oxi-image-general-hover-60-7798\">\n                                                    <div class=\"oxi-image-hover-figure\">\n                                <div class=\"oxi-image-hover-image\">\n                                    <img decoding=\"async\" src=\"https:\/\/aline-voinot.com\/wp-content\/uploads\/2018\/02\/PPV-RAPP.jpg\" >\n                                <\/div>\n                                <div class=\"oxi-image-hover-figure-caption\">\n                                    <div class=\"oxi-image-hover-caption-tab   image-hover-align-center-center\">\n                                                                                    <h3 class=\"oxi-image-hover-heading                                                                                          \">Jean\u00a0RAPP, Militaire, PoliticienCompagnons d'armes<\/h3>\n                                                                                            <div class=\"oxi-image-hover-button  \">\n                                                <a  href=\"https:\/\/aline-voinot.com\/index.php\/jean-rapp\/\" target=\"_blank\" rel=\"nofollow\" class=\"oxi-image-btn\">Compagnons d'armes<\/a>\n                                            <\/div>\n                                                                                <\/div>\n                                <\/div>\n                            <\/div>\n                                                <\/div>\n                <\/div>\n                            <\/div> \n                        <div class=\"oxi-image-hover-style oxi-image-hover-style-32 oxi-bt-col-lg-3 oxi-bt-col-md-6 oxi-bt-col-sm-12                         \" >\n                <div class=\"oxi-image-hover-style-general\">\n                    <div class=\"oxi-image-hover oxi-image-general-hover oxi-image-general-hover-style-32 oxi-image-general-hover-60-7799\">\n                                                    <div class=\"oxi-image-hover-figure\">\n                                <div class=\"oxi-image-hover-image\">\n                                    <img decoding=\"async\" src=\"https:\/\/aline-voinot.com\/wp-content\/uploads\/2018\/02\/PPV-Soult-400-520-copie.jpg\" >\n                                <\/div>\n                                <div class=\"oxi-image-hover-figure-caption\">\n                                    <div class=\"oxi-image-hover-caption-tab   image-hover-align-center-center\">\n                                                                                    <h3 class=\"oxi-image-hover-heading                                                                                          \">Jean-de-dieu\u00a0SOULT<\/h3>\n                                                                                            <div class=\"oxi-image-hover-button  \">\n                                                <a  href=\"https:\/\/aline-voinot.com\/index.php\/jean-de-dieu-soult\/\" target=\"_blank\" rel=\"nofollow\" class=\"oxi-image-btn\">Soult fut un des rares mar\u00e9chaux capables de diriger une arm\u00e9e en l\u2019absence de l\u2019Empereur. Soult fut sous les ordres de Moreau, Kl\u00e9ber, Mass\u00e9na et ses relations furent tendues avec Suchet et Joseph Bonaparte en Espagne. Il se rallie \u00e0 Louis XVIII, mais pendant les 100 jours Napol\u00e9on le promut Major g\u00e9n\u00e9ral des Arm\u00e9es pour succ\u00e9der \u00e0 Berthier d\u00e9c\u00e9d\u00e9. Nomm\u00e9 pair de France par Charles X, il eut une riche carri\u00e8re politique sous Louis Philippe, ce dernier lui remit le titre de Mar\u00e9chal g\u00e9n\u00e9ral de France<\/a>\n                                            <\/div>\n                                                                                <\/div>\n                                <\/div>\n                            <\/div>\n                                                <\/div>\n                <\/div>\n                            <\/div> \n                        <div class=\"oxi-image-hover-style oxi-image-hover-style-32 oxi-bt-col-lg-3 oxi-bt-col-md-6 oxi-bt-col-sm-12                         \" >\n                <div class=\"oxi-image-hover-style-general\">\n                    <div class=\"oxi-image-hover oxi-image-general-hover oxi-image-general-hover-style-32 oxi-image-general-hover-60-7800\">\n                                                    <div class=\"oxi-image-hover-figure\">\n                                <div class=\"oxi-image-hover-image\">\n                                    <img decoding=\"async\" src=\"https:\/\/aline-voinot.com\/wp-content\/uploads\/2018\/02\/PPV-SUCHET.jpg\" >\n                                <\/div>\n                                <div class=\"oxi-image-hover-figure-caption\">\n                                    <div class=\"oxi-image-hover-caption-tab   image-hover-align-center-center\">\n                                                                                    <h3 class=\"oxi-image-hover-heading                                                                                          \">Louis-Gabriel SUCHET, Militaire<\/h3>\n                                                                                            <div class=\"oxi-image-hover-button  \">\n                                                <a  href=\"https:\/\/aline-voinot.com\/index.php\/louis-gabriel-suchet-duc-dalbufera\/\" target=\"_blank\" rel=\"nofollow\" class=\"oxi-image-btn\">Mar\u00e9chal d'Empire<\/a>\n                                            <\/div>\n                                                                                <\/div>\n                                <\/div>\n                            <\/div>\n                                                <\/div>\n                <\/div>\n                            <\/div> \n                        <div class=\"oxi-image-hover-style oxi-image-hover-style-32 oxi-bt-col-lg-3 oxi-bt-col-md-6 oxi-bt-col-sm-12                         \" >\n                <div class=\"oxi-image-hover-style-general\">\n                    <div class=\"oxi-image-hover oxi-image-general-hover oxi-image-general-hover-style-32 oxi-image-general-hover-60-7801\">\n                                                    <div class=\"oxi-image-hover-figure\">\n                                <div class=\"oxi-image-hover-image\">\n                                    <img decoding=\"async\" src=\"https:\/\/aline-voinot.com\/wp-content\/uploads\/2018\/02\/PPV1-VILLENEUVE.jpg\" >\n                                <\/div>\n                                <div class=\"oxi-image-hover-figure-caption\">\n                                    <div class=\"oxi-image-hover-caption-tab   image-hover-align-center-center\">\n                                                                                    <h3 class=\"oxi-image-hover-heading                                                                                          \">Pierre Charles Silvestre de VILLENEUVE, Militaire<\/h3>\n                                                                                            <div class=\"oxi-image-hover-button  \">\n                                                <a  href=\"https:\/\/aline-voinot.com\/index.php\/pierre-charles-silvestre-de-villeneuve\/\" target=\"_blank\" rel=\"nofollow\" class=\"oxi-image-btn\">Amiral<\/a>\n                                            <\/div>\n                                                                                <\/div>\n                                <\/div>\n                            <\/div>\n                                                <\/div>\n                <\/div>\n                            <\/div> \n                        <div class=\"oxi-image-hover-style oxi-image-hover-style-32 oxi-bt-col-lg-3 oxi-bt-col-md-6 oxi-bt-col-sm-12                         \" >\n                <div class=\"oxi-image-hover-style-general\">\n                    <div class=\"oxi-image-hover oxi-image-general-hover oxi-image-general-hover-style-32 oxi-image-general-hover-60-7802\">\n                                                    <div class=\"oxi-image-hover-figure\">\n                                <div class=\"oxi-image-hover-image\">\n                                    <img decoding=\"async\" src=\"https:\/\/aline-voinot.com\/wp-content\/uploads\/2018\/01\/PPV-Duc-Enghien-400-520.jpg\" >\n                                <\/div>\n                                <div class=\"oxi-image-hover-figure-caption\">\n                                    <div class=\"oxi-image-hover-caption-tab   image-hover-align-center-center\">\n                                                                                    <h3 class=\"oxi-image-hover-heading                                                                                          \">Louis-Antoine-Henri de\u00a0BOURBON-COND\u00c9, duc d\u2019Enghien, Militaire<\/h3>\n                                                                                            <div class=\"oxi-image-hover-button  \">\n                                                <a  href=\"https:\/\/aline-voinot.com\/index.php\/louis-antoine-henri-de-bourbon-conde-dit-duc-denghien\/\" target=\"_blank\" class=\"oxi-image-btn\">Le jeune le duc d\u2019Enghien, dernier descendant de la maison des Cond\u00e9, fut enr\u00f4l\u00e9 en 1804, dans le nouveau complot organis\u00e9 par Cadoudal pour \u00e9liminer le Bonaparte. Tandis que Pichegru fut charg\u00e9 de prendre la t\u00eate du gouvernement et de proclamer Louis XVIII roi de France, le duc d\u2019Enghien, devait \u00eatre pr\u00e9sent\u00e9 aux arm\u00e9es par Moreau. La conspiration fut d\u00e9jou\u00e9e par Fouch\u00e9, les conspirateurs arr\u00eat\u00e9s. Le duc d\u2019Enghien fut ex\u00e9cut\u00e9 sans vrai proc\u00e8s, Pichegru se suicida dans sa cellule, Moreau s\u2019exila aux \u00c9tats-Unis et Cadoudal fut guillotin\u00e9.<\/a>\n                                            <\/div>\n                                                                                <\/div>\n                                <\/div>\n                            <\/div>\n                                                <\/div>\n                <\/div>\n                            <\/div> \n                        <div class=\"oxi-image-hover-style oxi-image-hover-style-32 oxi-bt-col-lg-3 oxi-bt-col-md-6 oxi-bt-col-sm-12                         \" >\n                <div class=\"oxi-image-hover-style-general\">\n                    <div class=\"oxi-image-hover oxi-image-general-hover oxi-image-general-hover-style-32 oxi-image-general-hover-60-7803\">\n                                                    <div class=\"oxi-image-hover-figure\">\n                                <div class=\"oxi-image-hover-image\">\n                                    <img decoding=\"async\" src=\"https:\/\/aline-voinot.com\/wp-content\/uploads\/2018\/02\/PP1V-Savary_5403.jpg\" >\n                                <\/div>\n                                <div class=\"oxi-image-hover-figure-caption\">\n                                    <div class=\"oxi-image-hover-caption-tab   image-hover-align-center-center\">\n                                                                                    <h3 class=\"oxi-image-hover-heading                                                                                          \">Anne Jean Marie Ren\u00e9\u00a0 SAVARY, Militaire<\/h3>\n                                                                                            <div class=\"oxi-image-hover-button  \">\n                                                <a  href=\"https:\/\/aline-voinot.com\/index.php\/anne-jean-marie-rene-savary\/\" target=\"_blank\" class=\"oxi-image-btn\">En octobre 1803, le service de Savary r\u00e9v\u00e8le l'existence d'un projet d'enl\u00e8vement du Premier consul organis\u00e9 par Cadoudal. Savary s'introduit habilement dans le lieu de r\u00e9union des comploteurs \u00e0 Biville, en Normandie. Le complot impliquait aussi le g\u00e9n\u00e9ral Pichegru et le g\u00e9n\u00e9ral Moreau. Pichegru est arr\u00eat\u00e9 et se suicide le 4 avril 1804 au Temple o\u00f9 il est emprisonn\u00e9, tandis que Moreau est banni. Cadoudal, arr\u00eat\u00e9 le 9 mars 1804, est condamn\u00e9 \u00e0 mort et guillotin\u00e9 le 25 juin 1804.<\/a>\n                                            <\/div>\n                                                                                <\/div>\n                                <\/div>\n                            <\/div>\n                                                <\/div>\n                <\/div>\n                            <\/div> \n                        <div class=\"oxi-image-hover-style oxi-image-hover-style-32 oxi-bt-col-lg-3 oxi-bt-col-md-6 oxi-bt-col-sm-12                         \" >\n                <div class=\"oxi-image-hover-style-general\">\n                    <div class=\"oxi-image-hover oxi-image-general-hover oxi-image-general-hover-style-32 oxi-image-general-hover-60-7804\">\n                                                    <div class=\"oxi-image-hover-figure\">\n                                <div class=\"oxi-image-hover-image\">\n                                    <img decoding=\"async\" src=\"https:\/\/aline-voinot.com\/wp-content\/uploads\/2018\/02\/PPV-PICHEGRU.jpg\" >\n                                <\/div>\n                                <div class=\"oxi-image-hover-figure-caption\">\n                                    <div class=\"oxi-image-hover-caption-tab   image-hover-align-center-center\">\n                                                                                    <h3 class=\"oxi-image-hover-heading                                                                                          \">Jean-Charles\u00a0PICHEGRU, Militaire<\/h3>\n                                                                                            <div class=\"oxi-image-hover-button  \">\n                                                <a  href=\"https:\/\/aline-voinot.com\/index.php\/jean-charles-pichegru\/\" target=\"_blank\" rel=\"nofollow\" class=\"oxi-image-btn\">Fr\u00e8re d\u2019armes et ami de Pichegru cette relation vaudra \u00e0 Moreau d\u2019\u00eatre enr\u00f4l\u00e9 en 1804, dans le nouveau complot organis\u00e9 par Cadoudal pour \u00e9liminer le Bonaparte tandis Pichegru fut charg\u00e9 de prendre la t\u00eate du gouvernement et de proclamer Louis XVIII, le duc d\u2019Enghien lui, devait \u00eatre pr\u00e9sent\u00e9 aux arm\u00e9es par Moreau. La conspiration fut d\u00e9jou\u00e9e par Fouch\u00e9, les conspirateurs furent arr\u00eat\u00e9s. Le duc d\u2019Enghien fut ex\u00e9cut\u00e9 sans vrai proc\u00e8s, Pichegru fut retrouv\u00e9 suicid\u00e9 dans sa cellule, Moreau s\u2019exila aux \u00c9tats-Unis et Cadoudal fut guillotin\u00e9<\/a>\n                                            <\/div>\n                                                                                <\/div>\n                                <\/div>\n                            <\/div>\n                                                <\/div>\n                <\/div>\n                            <\/div> \n                        <div class=\"oxi-image-hover-style oxi-image-hover-style-32 oxi-bt-col-lg-3 oxi-bt-col-md-6 oxi-bt-col-sm-12                         \" >\n                <div class=\"oxi-image-hover-style-general\">\n                    <div class=\"oxi-image-hover oxi-image-general-hover oxi-image-general-hover-style-32 oxi-image-general-hover-60-7805\">\n                                                    <div class=\"oxi-image-hover-figure\">\n                                <div class=\"oxi-image-hover-image\">\n                                    <img decoding=\"async\" src=\"https:\/\/aline-voinot.com\/wp-content\/uploads\/2019\/11\/PP5V-Cadoudal-Georges-W.jpg\" >\n                                <\/div>\n                                <div class=\"oxi-image-hover-figure-caption\">\n                                    <div class=\"oxi-image-hover-caption-tab   image-hover-align-center-center\">\n                                                                                    <h3 class=\"oxi-image-hover-heading                                                                                          \">Georges\u00a0CADOUDAL, Chouan<\/h3>\n                                                                                            <div class=\"oxi-image-hover-button  \">\n                                                <a  href=\"https:\/\/aline-voinot.com\/index.php\/georges-cadoudal\/\" target=\"_blank\" class=\"oxi-image-btn\">En 1804, Cadoudal organisa un nouveau complot \u00e0 Paris pour \u00e9liminer le Bonaparte. Tandis que Pichegru fut charg\u00e9 de prendre la t\u00eate du gouvernement et de proclamer Louis XVIII, le duc d\u2019Enghien devait \u00e0 l\u2019issu de ce complot \u00eatre pr\u00e9sent\u00e9 aux arm\u00e9es par Moreau. La conspiration fut d\u00e9jou\u00e9e par Fouch\u00e9, les conspirateurs furent arr\u00eat\u00e9s, le duc d\u2019Enghien fut ex\u00e9cut\u00e9 sans vrai proc\u00e8s, Pichegru fut retrouv\u00e9 suicid\u00e9 dans sa cellule, Moreau s\u2019exila aux \u00c9tats-Unis et Cadoudal fut guillotin\u00e9<\/a>\n                                            <\/div>\n                                                                                <\/div>\n                                <\/div>\n                            <\/div>\n                                                <\/div>\n                <\/div>\n                            <\/div> \n                        <div class=\"oxi-image-hover-style oxi-image-hover-style-32 oxi-bt-col-lg-3 oxi-bt-col-md-6 oxi-bt-col-sm-12                         \" >\n                <div class=\"oxi-image-hover-style-general\">\n                    <div class=\"oxi-image-hover oxi-image-general-hover oxi-image-general-hover-style-32 oxi-image-general-hover-60-7807\">\n                                                    <div class=\"oxi-image-hover-figure\">\n                                <div class=\"oxi-image-hover-image\">\n                                    <img decoding=\"async\" src=\"https:\/\/aline-voinot.com\/wp-content\/uploads\/2018\/01\/PP3V-Carnot-pe\u0300re-400-520.jpg\" >\n                                <\/div>\n                                <div class=\"oxi-image-hover-figure-caption\">\n                                    <div class=\"oxi-image-hover-caption-tab   image-hover-align-center-center\">\n                                                                                    <h3 class=\"oxi-image-hover-heading                                                                                          \">Lazare\u00a0CARNOT, Physicien, Math\u00e9maticien, Politicien<\/h3>\n                                                                                            <div class=\"oxi-image-hover-button  \">\n                                                <a  href=\"https:\/\/aline-voinot.com\/index.php\/lazare-carnot\/\" target=\"_blank\" rel=\"nofollow\" class=\"oxi-image-btn\">G\u00e9n\u00e9ral fran\u00e7ais de la r\u00e9volution nomm\u00e9 par Carnot, alors ministre de la guerre. Pendant son exil suite \u00e0 l\u2019affaire Cadoudal, Bernadotte le recommanda \u00e0 Alexandre Ier qui en fit un feld-mar\u00e9chal de Russie. Louis XVIII l\u2019\u00e9leva au grade de Mar\u00e9chal de France \u00e0 titre posthume <\/a>\n                                            <\/div>\n                                                                                <\/div>\n                                <\/div>\n                            <\/div>\n                                                <\/div>\n                <\/div>\n                            <\/div> \n                        <div class=\"oxi-image-hover-style oxi-image-hover-style-32 oxi-bt-col-lg-3 oxi-bt-col-md-6 oxi-bt-col-sm-12                         \" >\n                <div class=\"oxi-image-hover-style-general\">\n                    <div class=\"oxi-image-hover oxi-image-general-hover oxi-image-general-hover-style-32 oxi-image-general-hover-60-7808\">\n                                                    <div class=\"oxi-image-hover-figure\">\n                                <div class=\"oxi-image-hover-image\">\n                                    <img decoding=\"async\" src=\"https:\/\/aline-voinot.com\/wp-content\/uploads\/2022\/11\/PP4V-Brillat-Savarin-W.png\" >\n                                <\/div>\n                                <div class=\"oxi-image-hover-figure-caption\">\n                                    <div class=\"oxi-image-hover-caption-tab   image-hover-align-center-center\">\n                                                                                    <h3 class=\"oxi-image-hover-heading                                                                                          \">Jean Anthelme\u00a0BRILLAT-SAVARIN, Avocat, Magistrat, Gastronome, Auteur Culinaire<\/h3>\n                                                                                            <div class=\"oxi-image-hover-button  \">\n                                                <a  href=\"https:\/\/aline-voinot.com\/index.php\/jean-anthelme-brillat-savarin\/\" target=\"_blank\" rel=\"nofollow\" class=\"oxi-image-btn\">Magistrat lors du proc\u00e8s Cadoudal, Brillat-Savarin permit \u00e0 Juliette R\u00e9camier sa cousine par alliance, d'\u00eatre pr\u00e9sente au proc\u00e8s. Moreau, lui aussi jug\u00e9 \u00e0 ce proc\u00e8s lui avait demand\u00e9 qu'elle manifesta son soutien par sa pr\u00e9sence, ce qui aga\u00e7a Bonaparte qui eut ce mot : \"Qu'est-ce que madame R\u00e9camier pouvait bien faire l\u00e0 !\"<\/a>\n                                            <\/div>\n                                                                                <\/div>\n                                <\/div>\n                            <\/div>\n                                                <\/div>\n                <\/div>\n                            <\/div> \n                        <div class=\"oxi-image-hover-style oxi-image-hover-style-32 oxi-bt-col-lg-3 oxi-bt-col-md-6 oxi-bt-col-sm-12                         \" >\n                <div class=\"oxi-image-hover-style-general\">\n                    <div class=\"oxi-image-hover oxi-image-general-hover oxi-image-general-hover-style-32 oxi-image-general-hover-60-10858\">\n                                                    <div class=\"oxi-image-hover-figure\">\n                                <div class=\"oxi-image-hover-image\">\n                                    <img decoding=\"async\" src=\"https:\/\/aline-voinot.com\/wp-content\/uploads\/2018\/01\/PPV-Lahorie-400-520.jpg\" >\n                                <\/div>\n                                <div class=\"oxi-image-hover-figure-caption\">\n                                    <div class=\"oxi-image-hover-caption-tab   image-hover-align-center-center\">\n                                                                                    <h3 class=\"oxi-image-hover-heading                                                                                          \">Victor Claude Alexandre FANNEAU de\u00a0La HORIE, Militaire<\/h3>\n                                                                                            <div class=\"oxi-image-hover-button  \">\n                                                <a  href=\"https:\/\/aline-voinot.com\/index.php\/victor-claude-alexandre-fanneau-de-la-horie\/\" target=\"_blank\" rel=\"nofollow\" class=\"oxi-image-btn\">En 1799, La Horie est nomm\u00e9 adjudant-g\u00e9n\u00e9ral chef de brigade et rejoint Moreau en Italie. Lorsqu\u2019en d\u00e9cembre Moreau est nomm\u00e9 commandant en chef de l\u2019arm\u00e9e du Rhin, La Horie est son chef d\u2019\u00e9tat-major. Il se retrouve d\u2019ailleurs au camp avec Sigisbert Hugo qui le rejoint \u00e0 B\u00e2le. Hugo et La Horie sont tr\u00e8s proches. La Horie deviendra le parrain de son fils qui portera son pr\u00e9nom. Il sera aussi l\u2019amant de Madame Hugo.<\/a>\n                                            <\/div>\n                                                                                <\/div>\n                                <\/div>\n                            <\/div>\n                                                <\/div>\n                <\/div>\n                            <\/div> \n                            <\/div>\n            <\/div>\n","protected":false},"excerpt":{"rendered":"<p>[vc_row full_width=\u00a0\u00bbstretch_row\u00a0\u00bb css=\u00a0\u00bb.vc_custom_1513000693114{background-color: #272727 !important;}\u00a0\u00bb][vc_column width=\u00a0\u00bb1\/6&Prime;][vc_single_image image=\u00a0\u00bb1704&Prime; img_size=\u00a0\u00bb150X150&Prime; alignment=\u00a0\u00bbcenter\u00a0\u00bb][\/vc_column][vc_column width=\u00a0\u00bb1\/6&Prime;][vc_btn title=\u00a0\u00bbPortraits\u00a0\u00bb size=\u00a0\u00bblg\u00a0\u00bb align=\u00a0\u00bbcenter\u00a0\u00bb button_block=\u00a0\u00bbtrue\u00a0\u00bb link=\u00a0\u00bburl:http%3A%2F%2Faline-voinot.com%2Findex.php%2Fjean-victor-marie-moreau%2F|||\u00a0\u00bb][vc_btn title=\u00a0\u00bbR\u00e9sidences\u00a0\u00bb size=\u00a0\u00bblg\u00a0\u00bb align=\u00a0\u00bbcenter\u00a0\u00bb button_block=\u00a0\u00bbtrue\u00a0\u00bb link=\u00a0\u00bburl:http%3A%2F%2Faline-voinot.com%2Findex.php%2Fresidences-de-jean-victor-marie-moreau%2F|||\u00a0\u00bb][\/vc_column][vc_column width=\u00a0\u00bb1\/6&Prime;][vc_btn title=\u00a0\u00bbR\u00e9seau Social\u00a0\u00bb color=\u00a0\u00bbdanger\u00a0\u00bb size=\u00a0\u00bblg\u00a0\u00bb align=\u00a0\u00bbcenter\u00a0\u00bb button_block=\u00a0\u00bbtrue\u00a0\u00bb link=\u00a0\u00bburl:http%3A%2F%2Faline-voinot.com%2Findex.php%2Freseau-social-de-jean-victor-marie-moreau%2F|||\u00a0\u00bb][vc_btn title=\u00a0\u00bbG\u00e9n\u00e9alogie\u00a0\u00bb color=\u00a0\u00bbdefault\u00a0\u00bb size=\u00a0\u00bblg\u00a0\u00bb align=\u00a0\u00bbcenter\u00a0\u00bb button_block=\u00a0\u00bbtrue\u00a0\u00bb link=\u00a0\u00bburl:http%3A%2F%2Faline-voinot.com%2Findex.php%2Fgenealogie-de-jean-victor-marie-moreau%2F|||\u00a0\u00bb][\/vc_column][vc_column width=\u00a0\u00bb1\/6&Prime;][vc_btn title=\u00a0\u00bb\u0152uvres\u00a0\u00bb size=\u00a0\u00bblg\u00a0\u00bb align=\u00a0\u00bbcenter\u00a0\u00bb button_block=\u00a0\u00bbtrue\u00a0\u00bb link=\u00a0\u00bburl:http%3A%2F%2Faline-voinot.com%2Findex.php%2Foeuvres-de-jean-victor-marie-moreau%2F|||\u00a0\u00bb][vc_btn<\/p>\n","protected":false},"author":1,"featured_media":0,"parent":0,"menu_order":0,"comment_status":"closed","ping_status":"closed","template":"","meta":{"footnotes":""},"class_list":["post-13762","page","type-page","status-publish","hentry"],"yoast_head":"<!-- This site is optimized with the Yoast SEO plugin v22.8 - https:\/\/yoast.com\/wordpress\/plugins\/seo\/ -->\n<title>R\u00e9seau social de Jean Victor Marie Moreau - L&#039;Histoire est un roman...<\/title>\n<meta name=\"robots\" content=\"index, follow, max-snippet:-1, max-image-preview:large, max-video-preview:-1\" \/>\n<link rel=\"canonical\" href=\"https:\/\/aline-voinot.com\/index.php\/reseau-social-de-jean-victor-marie-moreau\/\" \/>\n<meta property=\"og:locale\" content=\"fr_FR\" \/>\n<meta property=\"og:type\" content=\"article\" \/>\n<meta property=\"og:title\" content=\"R\u00e9seau social de Jean Victor Marie Moreau - L&#039;Histoire est un roman...\" \/>\n<meta property=\"og:description\" content=\"[vc_row full_width=\u00a0\u00bbstretch_row\u00a0\u00bb css=\u00a0\u00bb.vc_custom_1513000693114{background-color: #272727 !important;}\u00a0\u00bb][vc_column width=\u00a0\u00bb1\/6&Prime;][vc_single_image image=\u00a0\u00bb1704&Prime; img_size=\u00a0\u00bb150X150&Prime; alignment=\u00a0\u00bbcenter\u00a0\u00bb][\/vc_column][vc_column width=\u00a0\u00bb1\/6&Prime;][vc_btn title=\u00a0\u00bbPortraits\u00a0\u00bb size=\u00a0\u00bblg\u00a0\u00bb align=\u00a0\u00bbcenter\u00a0\u00bb button_block=\u00a0\u00bbtrue\u00a0\u00bb link=\u00a0\u00bburl:http%3A%2F%2Faline-voinot.com%2Findex.php%2Fjean-victor-marie-moreau%2F|||\u00a0\u00bb][vc_btn title=\u00a0\u00bbR\u00e9sidences\u00a0\u00bb size=\u00a0\u00bblg\u00a0\u00bb align=\u00a0\u00bbcenter\u00a0\u00bb button_block=\u00a0\u00bbtrue\u00a0\u00bb link=\u00a0\u00bburl:http%3A%2F%2Faline-voinot.com%2Findex.php%2Fresidences-de-jean-victor-marie-moreau%2F|||\u00a0\u00bb][\/vc_column][vc_column width=\u00a0\u00bb1\/6&Prime;][vc_btn title=\u00a0\u00bbR\u00e9seau Social\u00a0\u00bb color=\u00a0\u00bbdanger\u00a0\u00bb size=\u00a0\u00bblg\u00a0\u00bb align=\u00a0\u00bbcenter\u00a0\u00bb button_block=\u00a0\u00bbtrue\u00a0\u00bb link=\u00a0\u00bburl:http%3A%2F%2Faline-voinot.com%2Findex.php%2Freseau-social-de-jean-victor-marie-moreau%2F|||\u00a0\u00bb][vc_btn title=\u00a0\u00bbG\u00e9n\u00e9alogie\u00a0\u00bb color=\u00a0\u00bbdefault\u00a0\u00bb size=\u00a0\u00bblg\u00a0\u00bb align=\u00a0\u00bbcenter\u00a0\u00bb button_block=\u00a0\u00bbtrue\u00a0\u00bb link=\u00a0\u00bburl:http%3A%2F%2Faline-voinot.com%2Findex.php%2Fgenealogie-de-jean-victor-marie-moreau%2F|||\u00a0\u00bb][\/vc_column][vc_column width=\u00a0\u00bb1\/6&Prime;][vc_btn title=\u00a0\u00bb\u0152uvres\u00a0\u00bb size=\u00a0\u00bblg\u00a0\u00bb align=\u00a0\u00bbcenter\u00a0\u00bb button_block=\u00a0\u00bbtrue\u00a0\u00bb link=\u00a0\u00bburl:http%3A%2F%2Faline-voinot.com%2Findex.php%2Foeuvres-de-jean-victor-marie-moreau%2F|||\u00a0\u00bb][vc_btn\" \/>\n<meta property=\"og:url\" content=\"https:\/\/aline-voinot.com\/index.php\/reseau-social-de-jean-victor-marie-moreau\/\" \/>\n<meta property=\"og:site_name\" content=\"L&#039;Histoire est un roman...\" \/>\n<meta property=\"article:modified_time\" content=\"2020-03-23T18:37:27+00:00\" \/>\n<meta name=\"twitter:card\" content=\"summary_large_image\" \/>\n<meta name=\"twitter:label1\" content=\"Dur\u00e9e de lecture estim\u00e9e\" \/>\n\t<meta name=\"twitter:data1\" content=\"2 minutes\" \/>\n<script type=\"application\/ld+json\" class=\"yoast-schema-graph\">{\"@context\":\"https:\/\/schema.org\",\"@graph\":[{\"@type\":\"WebPage\",\"@id\":\"https:\/\/aline-voinot.com\/index.php\/reseau-social-de-jean-victor-marie-moreau\/\",\"url\":\"https:\/\/aline-voinot.com\/index.php\/reseau-social-de-jean-victor-marie-moreau\/\",\"name\":\"R\u00e9seau social de Jean Victor Marie Moreau - L&#039;Histoire est un roman...\",\"isPartOf\":{\"@id\":\"https:\/\/aline-voinot.com\/#website\"},\"datePublished\":\"2019-02-11T12:37:45+00:00\",\"dateModified\":\"2020-03-23T18:37:27+00:00\",\"breadcrumb\":{\"@id\":\"https:\/\/aline-voinot.com\/index.php\/reseau-social-de-jean-victor-marie-moreau\/#breadcrumb\"},\"inLanguage\":\"fr-FR\",\"potentialAction\":[{\"@type\":\"ReadAction\",\"target\":[\"https:\/\/aline-voinot.com\/index.php\/reseau-social-de-jean-victor-marie-moreau\/\"]}]},{\"@type\":\"BreadcrumbList\",\"@id\":\"https:\/\/aline-voinot.com\/index.php\/reseau-social-de-jean-victor-marie-moreau\/#breadcrumb\",\"itemListElement\":[{\"@type\":\"ListItem\",\"position\":1,\"name\":\"Accueil\",\"item\":\"https:\/\/aline-voinot.com\/\"},{\"@type\":\"ListItem\",\"position\":2,\"name\":\"R\u00e9seau social de Jean Victor Marie Moreau\"}]},{\"@type\":\"WebSite\",\"@id\":\"https:\/\/aline-voinot.com\/#website\",\"url\":\"https:\/\/aline-voinot.com\/\",\"name\":\"L&#039;Histoire est un roman...\",\"description\":\"&quot;Destins connus, destins crois\u00e9s&quot; la premi\u00e8re encyclop\u00e9die romanc\u00e9e...\",\"potentialAction\":[{\"@type\":\"SearchAction\",\"target\":{\"@type\":\"EntryPoint\",\"urlTemplate\":\"https:\/\/aline-voinot.com\/?s={search_term_string}\"},\"query-input\":\"required name=search_term_string\"}],\"inLanguage\":\"fr-FR\"}]}<\/script>\n<!-- \/ Yoast SEO plugin. -->","yoast_head_json":{"title":"R\u00e9seau social de Jean Victor Marie Moreau - L&#039;Histoire est un roman...","robots":{"index":"index","follow":"follow","max-snippet":"max-snippet:-1","max-image-preview":"max-image-preview:large","max-video-preview":"max-video-preview:-1"},"canonical":"https:\/\/aline-voinot.com\/index.php\/reseau-social-de-jean-victor-marie-moreau\/","og_locale":"fr_FR","og_type":"article","og_title":"R\u00e9seau social de Jean Victor Marie Moreau - L&#039;Histoire est un roman...","og_description":"[vc_row full_width=\u00a0\u00bbstretch_row\u00a0\u00bb css=\u00a0\u00bb.vc_custom_1513000693114{background-color: #272727 !important;}\u00a0\u00bb][vc_column width=\u00a0\u00bb1\/6&Prime;][vc_single_image image=\u00a0\u00bb1704&Prime; img_size=\u00a0\u00bb150X150&Prime; alignment=\u00a0\u00bbcenter\u00a0\u00bb][\/vc_column][vc_column width=\u00a0\u00bb1\/6&Prime;][vc_btn title=\u00a0\u00bbPortraits\u00a0\u00bb size=\u00a0\u00bblg\u00a0\u00bb align=\u00a0\u00bbcenter\u00a0\u00bb button_block=\u00a0\u00bbtrue\u00a0\u00bb link=\u00a0\u00bburl:http%3A%2F%2Faline-voinot.com%2Findex.php%2Fjean-victor-marie-moreau%2F|||\u00a0\u00bb][vc_btn title=\u00a0\u00bbR\u00e9sidences\u00a0\u00bb size=\u00a0\u00bblg\u00a0\u00bb align=\u00a0\u00bbcenter\u00a0\u00bb button_block=\u00a0\u00bbtrue\u00a0\u00bb link=\u00a0\u00bburl:http%3A%2F%2Faline-voinot.com%2Findex.php%2Fresidences-de-jean-victor-marie-moreau%2F|||\u00a0\u00bb][\/vc_column][vc_column width=\u00a0\u00bb1\/6&Prime;][vc_btn title=\u00a0\u00bbR\u00e9seau Social\u00a0\u00bb color=\u00a0\u00bbdanger\u00a0\u00bb size=\u00a0\u00bblg\u00a0\u00bb align=\u00a0\u00bbcenter\u00a0\u00bb button_block=\u00a0\u00bbtrue\u00a0\u00bb link=\u00a0\u00bburl:http%3A%2F%2Faline-voinot.com%2Findex.php%2Freseau-social-de-jean-victor-marie-moreau%2F|||\u00a0\u00bb][vc_btn title=\u00a0\u00bbG\u00e9n\u00e9alogie\u00a0\u00bb color=\u00a0\u00bbdefault\u00a0\u00bb size=\u00a0\u00bblg\u00a0\u00bb align=\u00a0\u00bbcenter\u00a0\u00bb button_block=\u00a0\u00bbtrue\u00a0\u00bb link=\u00a0\u00bburl:http%3A%2F%2Faline-voinot.com%2Findex.php%2Fgenealogie-de-jean-victor-marie-moreau%2F|||\u00a0\u00bb][\/vc_column][vc_column width=\u00a0\u00bb1\/6&Prime;][vc_btn title=\u00a0\u00bb\u0152uvres\u00a0\u00bb size=\u00a0\u00bblg\u00a0\u00bb align=\u00a0\u00bbcenter\u00a0\u00bb button_block=\u00a0\u00bbtrue\u00a0\u00bb link=\u00a0\u00bburl:http%3A%2F%2Faline-voinot.com%2Findex.php%2Foeuvres-de-jean-victor-marie-moreau%2F|||\u00a0\u00bb][vc_btn","og_url":"https:\/\/aline-voinot.com\/index.php\/reseau-social-de-jean-victor-marie-moreau\/","og_site_name":"L&#039;Histoire est un roman...","article_modified_time":"2020-03-23T18:37:27+00:00","twitter_card":"summary_large_image","twitter_misc":{"Dur\u00e9e de lecture estim\u00e9e":"2 minutes"},"schema":{"@context":"https:\/\/schema.org","@graph":[{"@type":"WebPage","@id":"https:\/\/aline-voinot.com\/index.php\/reseau-social-de-jean-victor-marie-moreau\/","url":"https:\/\/aline-voinot.com\/index.php\/reseau-social-de-jean-victor-marie-moreau\/","name":"R\u00e9seau social de Jean Victor Marie Moreau - L&#039;Histoire est un roman...","isPartOf":{"@id":"https:\/\/aline-voinot.com\/#website"},"datePublished":"2019-02-11T12:37:45+00:00","dateModified":"2020-03-23T18:37:27+00:00","breadcrumb":{"@id":"https:\/\/aline-voinot.com\/index.php\/reseau-social-de-jean-victor-marie-moreau\/#breadcrumb"},"inLanguage":"fr-FR","potentialAction":[{"@type":"ReadAction","target":["https:\/\/aline-voinot.com\/index.php\/reseau-social-de-jean-victor-marie-moreau\/"]}]},{"@type":"BreadcrumbList","@id":"https:\/\/aline-voinot.com\/index.php\/reseau-social-de-jean-victor-marie-moreau\/#breadcrumb","itemListElement":[{"@type":"ListItem","position":1,"name":"Accueil","item":"https:\/\/aline-voinot.com\/"},{"@type":"ListItem","position":2,"name":"R\u00e9seau social de Jean Victor Marie Moreau"}]},{"@type":"WebSite","@id":"https:\/\/aline-voinot.com\/#website","url":"https:\/\/aline-voinot.com\/","name":"L&#039;Histoire est un roman...","description":"&quot;Destins connus, destins crois\u00e9s&quot; la premi\u00e8re encyclop\u00e9die romanc\u00e9e...","potentialAction":[{"@type":"SearchAction","target":{"@type":"EntryPoint","urlTemplate":"https:\/\/aline-voinot.com\/?s={search_term_string}"},"query-input":"required name=search_term_string"}],"inLanguage":"fr-FR"}]}},"_links":{"self":[{"href":"https:\/\/aline-voinot.com\/index.php\/wp-json\/wp\/v2\/pages\/13762","targetHints":{"allow":["GET"]}}],"collection":[{"href":"https:\/\/aline-voinot.com\/index.php\/wp-json\/wp\/v2\/pages"}],"about":[{"href":"https:\/\/aline-voinot.com\/index.php\/wp-json\/wp\/v2\/types\/page"}],"author":[{"embeddable":true,"href":"https:\/\/aline-voinot.com\/index.php\/wp-json\/wp\/v2\/users\/1"}],"replies":[{"embeddable":true,"href":"https:\/\/aline-voinot.com\/index.php\/wp-json\/wp\/v2\/comments?post=13762"}],"version-history":[{"count":0,"href":"https:\/\/aline-voinot.com\/index.php\/wp-json\/wp\/v2\/pages\/13762\/revisions"}],"wp:attachment":[{"href":"https:\/\/aline-voinot.com\/index.php\/wp-json\/wp\/v2\/media?parent=13762"}],"curies":[{"name":"wp","href":"https:\/\/api.w.org\/{rel}","templated":true}]}}