{"id":14598,"date":"2019-02-12T18:37:24","date_gmt":"2019-02-12T17:37:24","guid":{"rendered":"http:\/\/aline-voinot.com\/?page_id=14598"},"modified":"2022-11-05T00:50:02","modified_gmt":"2022-11-04T23:50:02","slug":"oeuvres-de-francois-joseph-talma","status":"publish","type":"page","link":"https:\/\/aline-voinot.com\/index.php\/oeuvres-de-francois-joseph-talma\/","title":{"rendered":"\u0152uvres de Fran\u00e7ois-Joseph Talma"},"content":{"rendered":"<p>[vc_row full_width=\u00a0\u00bbstretch_row\u00a0\u00bb css=\u00a0\u00bb.vc_custom_1513000693114{background-color: #272727 !important;}\u00a0\u00bb][vc_column width=\u00a0\u00bb1\/6&Prime;][vc_single_image image=\u00a0\u00bb1818&Prime; img_size=\u00a0\u00bb150X150&Prime; alignment=\u00a0\u00bbcenter\u00a0\u00bb][\/vc_column][vc_column width=\u00a0\u00bb1\/6&Prime;][vc_btn title=\u00a0\u00bbPortraits\u00a0\u00bb size=\u00a0\u00bblg\u00a0\u00bb align=\u00a0\u00bbcenter\u00a0\u00bb button_block=\u00a0\u00bbtrue\u00a0\u00bb link=\u00a0\u00bburl:http%3A%2F%2Faline-voinot.com%2Findex.php%2Ffrancois-joseph-talma%2F|||\u00a0\u00bb][vc_btn title=\u00a0\u00bbR\u00e9sidences\u00a0\u00bb size=\u00a0\u00bblg\u00a0\u00bb align=\u00a0\u00bbcenter\u00a0\u00bb button_block=\u00a0\u00bbtrue\u00a0\u00bb link=\u00a0\u00bburl:http%3A%2F%2Faline-voinot.com%2Findex.php%2Fresidences-de-francois-joseph-talma%2F|||\u00a0\u00bb][\/vc_column][vc_column width=\u00a0\u00bb1\/6&Prime;][vc_btn title=\u00a0\u00bbR\u00e9seau Social\u00a0\u00bb size=\u00a0\u00bblg\u00a0\u00bb align=\u00a0\u00bbcenter\u00a0\u00bb button_block=\u00a0\u00bbtrue\u00a0\u00bb link=\u00a0\u00bburl:http%3A%2F%2Faline-voinot.com%2Findex.php%2Freseau-social-de-francois-joseph-talma%2F|||\u00a0\u00bb][vc_btn title=\u00a0\u00bbG\u00e9n\u00e9alogie\u00a0\u00bb color=\u00a0\u00bbdefault\u00a0\u00bb size=\u00a0\u00bblg\u00a0\u00bb align=\u00a0\u00bbcenter\u00a0\u00bb button_block=\u00a0\u00bbtrue\u00a0\u00bb link=\u00a0\u00bburl:http%3A%2F%2Faline-voinot.com%2Findex.php%2Fgenealogie-de-francois-joseph-talma%2F|||\u00a0\u00bb][\/vc_column][vc_column width=\u00a0\u00bb1\/6&Prime;][vc_btn title=\u00a0\u00bb\u0152uvres\u00a0\u00bb color=\u00a0\u00bbdanger\u00a0\u00bb size=\u00a0\u00bblg\u00a0\u00bb align=\u00a0\u00bbcenter\u00a0\u00bb button_block=\u00a0\u00bbtrue\u00a0\u00bb link=\u00a0\u00bburl:http%3A%2F%2Faline-voinot.com%2Findex.php%2Foeuvres-de-francois-joseph-talma%2F|||\u00a0\u00bb][vc_btn title=\u00a0\u00bbS\u00e9pulture\u00a0\u00bb size=\u00a0\u00bblg\u00a0\u00bb align=\u00a0\u00bbcenter\u00a0\u00bb button_block=\u00a0\u00bbtrue\u00a0\u00bb link=\u00a0\u00bburl:http%3A%2F%2Faline-voinot.com%2Findex.php%2Fsepulture-de-francois-joseph-talma%2F|||\u00a0\u00bb][\/vc_column][vc_column width=\u00a0\u00bb1\/6&Prime;][vc_btn title=\u00a0\u00bbWikipedia\u00a0\u00bb size=\u00a0\u00bblg\u00a0\u00bb align=\u00a0\u00bbcenter\u00a0\u00bb button_block=\u00a0\u00bbtrue\u00a0\u00bb link=\u00a0\u00bburl:https%3A%2F%2Ffr.wikipedia.org%2Fwiki%2FFran%25C3%25A7ois-Joseph_Talma||target:%20_blank|rel:nofollow\u00a0\u00bb][vc_btn title=\u00a0\u00bbH\u00e9ritage\u00a0\u00bb size=\u00a0\u00bblg\u00a0\u00bb align=\u00a0\u00bbcenter\u00a0\u00bb button_block=\u00a0\u00bbtrue\u00a0\u00bb link=\u00a0\u00bburl:http%3A%2F%2Faline-voinot.com%2Findex.php%2Fheritage-de-francois-joseph-talma%2F|||\u00a0\u00bb][\/vc_column][vc_column width=\u00a0\u00bb1\/6&Prime;][\/vc_column][\/vc_row][vc_row][vc_column][\/vc_column][\/vc_row][vc_row][vc_column][vc_btn title=\u00a0\u00bb\u00c9V\u00c9NEMENTS\u00a0\u00bb shape=\u00a0\u00bbsquare\u00a0\u00bb color=\u00a0\u00bbinverse\u00a0\u00bb size=\u00a0\u00bblg\u00a0\u00bb align=\u00a0\u00bbcenter\u00a0\u00bb button_block=\u00a0\u00bbtrue\u00a0\u00bb][\/vc_column][\/vc_row][vc_row][vc_column width=\u00a0\u00bb1\/4&Prime;][vc_single_image image=\u00a0\u00bb1818&Prime; img_size=\u00a0\u00bb350&#215;350&Prime; alignment=\u00a0\u00bbcenter\u00a0\u00bb onclick=\u00a0\u00bbcustom_link\u00a0\u00bb css=\u00a0\u00bb.vc_custom_1667603350991{margin-bottom: -10px !important;}\u00a0\u00bb link=\u00a0\u00bbhttps:\/\/commons.wikimedia.org\/wiki\/File:RiesenerFrJosTalm.jpg#\/media\/File:RiesenerFrJosTalm.jpg\u00a0\u00bb][vc_btn title=\u00a0\u00bbTalma r\u00e9volutionne le th\u00e9\u00e2tre, en particulier dans le domaine des costumes, o\u00f9 dans \u00ab Brutus \u00bb de Voltaire, il joue Titus v\u00eatu de costume d\u2019\u00e9poque, habill\u00e9 en romain avec une toge, bras et jambes nues.\u00a0\u00bb shape=\u00a0\u00bbsquare\u00a0\u00bb color=\u00a0\u00bbdefault\u00a0\u00bb size=\u00a0\u00bblg\u00a0\u00bb align=\u00a0\u00bbcenter\u00a0\u00bb button_block=\u00a0\u00bbtrue\u00a0\u00bb link=\u00a0\u00bb||target:%20_blank|\u00a0\u00bb css=\u00a0\u00bb.vc_custom_1667603358658{margin-top: -5px !important;}\u00a0\u00bb][\/vc_column][vc_column width=\u00a0\u00bb1\/4&Prime;][vc_single_image image=\u00a0\u00bb31661&Prime; img_size=\u00a0\u00bb350&#215;350&Prime; alignment=\u00a0\u00bbcenter\u00a0\u00bb onclick=\u00a0\u00bbcustom_link\u00a0\u00bb css=\u00a0\u00bb.vc_custom_1667603303351{margin-bottom: -10px !important;}\u00a0\u00bb link=\u00a0\u00bbhttps:\/\/fr.wikipedia.org\/wiki\/Com%C3%A9die-Fran%C3%A7aise#\/media\/Fichier:Com%C3%A9die_Fran%C3%A7aise_colonnes.jpg\u00a0\u00bb][vc_btn title=\u00a0\u00bbCom\u00e9die fran\u00e7aise : Talma fit son entr\u00e9e en 1787, et fut nomm\u00e9 soci\u00e9taire en 1789.\u00a0\u00bb shape=\u00a0\u00bbsquare\u00a0\u00bb color=\u00a0\u00bbdefault\u00a0\u00bb size=\u00a0\u00bblg\u00a0\u00bb align=\u00a0\u00bbcenter\u00a0\u00bb button_block=\u00a0\u00bbtrue\u00a0\u00bb link=\u00a0\u00bb||target:%20_blank|\u00a0\u00bb css=\u00a0\u00bb.vc_custom_1667603368953{margin-top: -5px !important;}\u00a0\u00bb][\/vc_column][vc_column width=\u00a0\u00bb1\/4&Prime;][vc_single_image image=\u00a0\u00bb31670&Prime; img_size=\u00a0\u00bb350&#215;350&Prime; alignment=\u00a0\u00bbcenter\u00a0\u00bb onclick=\u00a0\u00bbcustom_link\u00a0\u00bb css=\u00a0\u00bb.vc_custom_1667605798778{margin-bottom: -10px !important;}\u00a0\u00bb link=\u00a0\u00bbhttps:\/\/commons.wikimedia.org\/wiki\/File:Talma_with_lyra.jpg#\/media\/File:Talma_with_lyra.jpg\u00a0\u00bb][vc_btn title=\u00a0\u00bbEn 1937, Adolphe Saal, mari de la petite-fille de Talma, offre le c\u0153ur embaum\u00e9 de Talma \u00e0 la Com\u00e9die-Fran\u00e7aise.\u00a0\u00bb shape=\u00a0\u00bbsquare\u00a0\u00bb color=\u00a0\u00bbdefault\u00a0\u00bb size=\u00a0\u00bblg\u00a0\u00bb align=\u00a0\u00bbcenter\u00a0\u00bb button_block=\u00a0\u00bbtrue\u00a0\u00bb link=\u00a0\u00bb||target:%20_blank|\u00a0\u00bb css=\u00a0\u00bb.vc_custom_1667602248829{margin-top: -5px !important;}\u00a0\u00bb][\/vc_column][vc_column width=\u00a0\u00bb1\/4&Prime;][vc_single_image image=\u00a0\u00bb21281&Prime; img_size=\u00a0\u00bb350&#215;350&Prime; alignment=\u00a0\u00bbcenter\u00a0\u00bb onclick=\u00a0\u00bbcustom_link\u00a0\u00bb css=\u00a0\u00bb.vc_custom_1667603434701{margin-bottom: -10px !important;}\u00a0\u00bb link=\u00a0\u00bbhttps:\/\/commons.wikimedia.org\/wiki\/File:Alexandre_Dumas.jpg?uselang=fr#\/media\/File:Alexandre_Dumas.jpg\u00a0\u00bb][vc_btn title=\u00a0\u00bbAlexandre Dumas se chargea de publier les \u00ab M\u00e9moires de J-F Talma, \u00e9crits par lui-m\u00eame \u00bb en 1850.\u00a0\u00bb shape=\u00a0\u00bbsquare\u00a0\u00bb color=\u00a0\u00bbdefault\u00a0\u00bb size=\u00a0\u00bblg\u00a0\u00bb align=\u00a0\u00bbcenter\u00a0\u00bb button_block=\u00a0\u00bbtrue\u00a0\u00bb link=\u00a0\u00bb||target:%20_blank|\u00a0\u00bb css=\u00a0\u00bb.vc_custom_1667600874098{margin-top: -5px !important;}\u00a0\u00bb][\/vc_column][\/vc_row][vc_row][vc_column][vc_btn title=\u00a0\u00bbBIBLIOGRAPHIE SUR XXXXXXX\u00a0\u00bb shape=\u00a0\u00bbsquare\u00a0\u00bb color=\u00a0\u00bbinverse\u00a0\u00bb size=\u00a0\u00bblg\u00a0\u00bb align=\u00a0\u00bbcenter\u00a0\u00bb button_block=\u00a0\u00bbtrue\u00a0\u00bb][\/vc_column][\/vc_row][vc_row][vc_column width=\u00a0\u00bb1\/4&Prime;][vc_single_image image=\u00a0\u00bb31651&Prime; img_size=\u00a0\u00bbfull\u00a0\u00bb alignment=\u00a0\u00bbcenter\u00a0\u00bb onclick=\u00a0\u00bblink_image\u00a0\u00bb css=\u00a0\u00bb.vc_custom_1667600950263{margin-bottom: -10px !important;}\u00a0\u00bb][vc_btn title=\u00a0\u00bbM\u00e9moires historiques et litt\u00e9raires sur F.-J. Talma &#8211; 1826 &#8211; Charles Moreau &#8211; Ladvocat, Paris\u00a0\u00bb shape=\u00a0\u00bbsquare\u00a0\u00bb color=\u00a0\u00bbdefault\u00a0\u00bb size=\u00a0\u00bblg\u00a0\u00bb align=\u00a0\u00bbcenter\u00a0\u00bb button_block=\u00a0\u00bbtrue\u00a0\u00bb link=\u00a0\u00bburl:https%3A%2F%2Farchive.org%2Fdetails%2Fmmoireshistori00more%2Fmode%2F2up%3Fview%3Dtheater||target:%20_blank|rel:nofollow\u00a0\u00bb][vc_btn title=\u00a0\u00bbLire le texte\u00a0\u00bb shape=\u00a0\u00bbsquare\u00a0\u00bb color=\u00a0\u00bbprimary\u00a0\u00bb size=\u00a0\u00bbxs\u00a0\u00bb align=\u00a0\u00bbcenter\u00a0\u00bb i_align=\u00a0\u00bbright\u00a0\u00bb i_icon_fontawesome=\u00a0\u00bbfa fa-book\u00a0\u00bb button_block=\u00a0\u00bbtrue\u00a0\u00bb add_icon=\u00a0\u00bbtrue\u00a0\u00bb link=\u00a0\u00bburl:https%3A%2F%2Farchive.org%2Fdetails%2Fmmoireshistori00more%2Fmode%2F2up%3Fview%3Dtheater||target:%20_blank|\u00a0\u00bb css=\u00a0\u00bb.vc_custom_1667602125756{margin-top: -20px !important;}\u00a0\u00bb][\/vc_column][vc_column width=\u00a0\u00bb1\/4&Prime;][vc_single_image image=\u00a0\u00bb31652&Prime; img_size=\u00a0\u00bbfull\u00a0\u00bb alignment=\u00a0\u00bbcenter\u00a0\u00bb css=\u00a0\u00bb.vc_custom_1667600961490{margin-bottom: -10px !important;}\u00a0\u00bb][vc_btn title=\u00a0\u00bb\u00c9tudes sur l&rsquo;art th\u00e9\u00e2tral: suivies d&rsquo;anecdotes in\u00e9dites sur Talma &#8211;  Caroline (Vanhove ) Talma, Jean-Fran\u00e7ois Ducis, Mathieu Guillaume Th\u00e9r\u00e8se de Villenave, Fran\u00e7ois Joseph Talma &#8211; 1836 &#8211; \u00c9diteur  H. Feret \u00a0\u00bb shape=\u00a0\u00bbsquare\u00a0\u00bb color=\u00a0\u00bbdefault\u00a0\u00bb size=\u00a0\u00bblg\u00a0\u00bb align=\u00a0\u00bbcenter\u00a0\u00bb button_block=\u00a0\u00bbtrue\u00a0\u00bb link=\u00a0\u00bburl:https%3A%2F%2Farchive.org%2Fdetails%2Ftudessurlarttht00talmgoog%2Fpage%2Fn13%2Fmode%2F2up%3Fview%3Dtheater||target:%20_blank|rel:nofollow\u00a0\u00bb][vc_btn title=\u00a0\u00bbLire le texte\u00a0\u00bb shape=\u00a0\u00bbsquare\u00a0\u00bb color=\u00a0\u00bbprimary\u00a0\u00bb size=\u00a0\u00bbxs\u00a0\u00bb align=\u00a0\u00bbcenter\u00a0\u00bb i_align=\u00a0\u00bbright\u00a0\u00bb i_icon_fontawesome=\u00a0\u00bbfa fa-book\u00a0\u00bb button_block=\u00a0\u00bbtrue\u00a0\u00bb add_icon=\u00a0\u00bbtrue\u00a0\u00bb link=\u00a0\u00bburl:https%3A%2F%2Farchive.org%2Fdetails%2Ftudessurlarttht00talmgoog%2Fpage%2Fn13%2Fmode%2F2up%3Fview%3Dtheater||target:%20_blank|\u00a0\u00bb css=\u00a0\u00bb.vc_custom_1667602067037{margin-top: -20px !important;}\u00a0\u00bb][\/vc_column][vc_column width=\u00a0\u00bb1\/4&Prime;][vc_single_image image=\u00a0\u00bb31657&Prime; img_size=\u00a0\u00bbfull\u00a0\u00bb alignment=\u00a0\u00bbcenter\u00a0\u00bb css=\u00a0\u00bb.vc_custom_1667601059401{margin-bottom: -10px !important;}\u00a0\u00bb][vc_btn title=\u00a0\u00bb\u00a0\u00bb shape=\u00a0\u00bbsquare\u00a0\u00bb color=\u00a0\u00bbdefault\u00a0\u00bb size=\u00a0\u00bblg\u00a0\u00bb align=\u00a0\u00bbcenter\u00a0\u00bb button_block=\u00a0\u00bbtrue\u00a0\u00bb link=\u00a0\u00bb||target:%20_blank|rel:nofollow\u00a0\u00bb][vc_btn title=\u00a0\u00bbLire le texte\u00a0\u00bb shape=\u00a0\u00bbsquare\u00a0\u00bb color=\u00a0\u00bbprimary\u00a0\u00bb size=\u00a0\u00bbxs\u00a0\u00bb align=\u00a0\u00bbcenter\u00a0\u00bb i_align=\u00a0\u00bbright\u00a0\u00bb i_icon_fontawesome=\u00a0\u00bbfa fa-book\u00a0\u00bb button_block=\u00a0\u00bbtrue\u00a0\u00bb add_icon=\u00a0\u00bbtrue\u00a0\u00bb link=\u00a0\u00bb||target:%20_blank|\u00a0\u00bb css=\u00a0\u00bb.vc_custom_1667602091399{margin-top: -20px !important;}\u00a0\u00bb][\/vc_column][vc_column width=\u00a0\u00bb1\/4&Prime;][vc_single_image image=\u00a0\u00bb31659&Prime; img_size=\u00a0\u00bbfull\u00a0\u00bb alignment=\u00a0\u00bbcenter\u00a0\u00bb css=\u00a0\u00bb.vc_custom_1667601775367{margin-bottom: -10px !important;}\u00a0\u00bb][vc_btn title=\u00a0\u00bbMemoire sur Lekain et sur l&rsquo;art dramatique &#8211; 1827 &#8211; Talma, Fran\u00e7ois Joseph &#8211;  Bruxelles : A. Delavault\u00a0\u00bb shape=\u00a0\u00bbsquare\u00a0\u00bb color=\u00a0\u00bbdefault\u00a0\u00bb size=\u00a0\u00bblg\u00a0\u00bb align=\u00a0\u00bbcenter\u00a0\u00bb button_block=\u00a0\u00bbtrue\u00a0\u00bb link=\u00a0\u00bburl:https%3A%2F%2Farchive.org%2Fdetails%2Fmemoiresurlekain00talm%2Fpage%2Fn3%2Fmode%2F2up%3Fview%3Dtheater||target:%20_blank|\u00a0\u00bb][vc_btn title=\u00a0\u00bbLire le texte\u00a0\u00bb shape=\u00a0\u00bbsquare\u00a0\u00bb color=\u00a0\u00bbprimary\u00a0\u00bb size=\u00a0\u00bbxs\u00a0\u00bb align=\u00a0\u00bbcenter\u00a0\u00bb i_align=\u00a0\u00bbright\u00a0\u00bb i_icon_fontawesome=\u00a0\u00bbfa fa-book\u00a0\u00bb button_block=\u00a0\u00bbtrue\u00a0\u00bb add_icon=\u00a0\u00bbtrue\u00a0\u00bb link=\u00a0\u00bburl:https%3A%2F%2Farchive.org%2Fdetails%2Fmmoiresurlekai00talmuoft%2Fpage%2Fn5%2Fmode%2F2up%3Fview%3Dtheater||target:%20_blank|\u00a0\u00bb css=\u00a0\u00bb.vc_custom_1667602104362{margin-top: -20px !important;}\u00a0\u00bb][\/vc_column][\/vc_row]<\/p>\n","protected":false},"excerpt":{"rendered":"<p>[vc_row full_width=\u00a0\u00bbstretch_row\u00a0\u00bb css=\u00a0\u00bb.vc_custom_1513000693114{background-color: #272727 !important;}\u00a0\u00bb][vc_column width=\u00a0\u00bb1\/6&Prime;][vc_single_image image=\u00a0\u00bb1818&Prime; img_size=\u00a0\u00bb150X150&Prime; alignment=\u00a0\u00bbcenter\u00a0\u00bb][\/vc_column][vc_column width=\u00a0\u00bb1\/6&Prime;][vc_btn title=\u00a0\u00bbPortraits\u00a0\u00bb size=\u00a0\u00bblg\u00a0\u00bb align=\u00a0\u00bbcenter\u00a0\u00bb button_block=\u00a0\u00bbtrue\u00a0\u00bb link=\u00a0\u00bburl:http%3A%2F%2Faline-voinot.com%2Findex.php%2Ffrancois-joseph-talma%2F|||\u00a0\u00bb][vc_btn title=\u00a0\u00bbR\u00e9sidences\u00a0\u00bb size=\u00a0\u00bblg\u00a0\u00bb align=\u00a0\u00bbcenter\u00a0\u00bb button_block=\u00a0\u00bbtrue\u00a0\u00bb link=\u00a0\u00bburl:http%3A%2F%2Faline-voinot.com%2Findex.php%2Fresidences-de-francois-joseph-talma%2F|||\u00a0\u00bb][\/vc_column][vc_column width=\u00a0\u00bb1\/6&Prime;][vc_btn title=\u00a0\u00bbR\u00e9seau Social\u00a0\u00bb size=\u00a0\u00bblg\u00a0\u00bb align=\u00a0\u00bbcenter\u00a0\u00bb button_block=\u00a0\u00bbtrue\u00a0\u00bb link=\u00a0\u00bburl:http%3A%2F%2Faline-voinot.com%2Findex.php%2Freseau-social-de-francois-joseph-talma%2F|||\u00a0\u00bb][vc_btn title=\u00a0\u00bbG\u00e9n\u00e9alogie\u00a0\u00bb color=\u00a0\u00bbdefault\u00a0\u00bb size=\u00a0\u00bblg\u00a0\u00bb align=\u00a0\u00bbcenter\u00a0\u00bb button_block=\u00a0\u00bbtrue\u00a0\u00bb link=\u00a0\u00bburl:http%3A%2F%2Faline-voinot.com%2Findex.php%2Fgenealogie-de-francois-joseph-talma%2F|||\u00a0\u00bb][\/vc_column][vc_column width=\u00a0\u00bb1\/6&Prime;][vc_btn title=\u00a0\u00bb\u0152uvres\u00a0\u00bb color=\u00a0\u00bbdanger\u00a0\u00bb size=\u00a0\u00bblg\u00a0\u00bb align=\u00a0\u00bbcenter\u00a0\u00bb button_block=\u00a0\u00bbtrue\u00a0\u00bb link=\u00a0\u00bburl:http%3A%2F%2Faline-voinot.com%2Findex.php%2Foeuvres-de-francois-joseph-talma%2F|||\u00a0\u00bb][vc_btn<\/p>\n","protected":false},"author":1,"featured_media":0,"parent":0,"menu_order":0,"comment_status":"closed","ping_status":"closed","template":"","meta":{"footnotes":""},"class_list":["post-14598","page","type-page","status-publish","hentry"],"yoast_head":"<!-- This site is optimized with the Yoast SEO plugin v22.8 - https:\/\/yoast.com\/wordpress\/plugins\/seo\/ -->\n<title>\u0152uvres de Fran\u00e7ois-Joseph Talma - L&#039;Histoire est un roman...<\/title>\n<meta name=\"robots\" content=\"index, follow, max-snippet:-1, max-image-preview:large, max-video-preview:-1\" \/>\n<link rel=\"canonical\" href=\"https:\/\/aline-voinot.com\/index.php\/oeuvres-de-francois-joseph-talma\/\" \/>\n<meta property=\"og:locale\" content=\"fr_FR\" \/>\n<meta property=\"og:type\" content=\"article\" \/>\n<meta property=\"og:title\" content=\"\u0152uvres de Fran\u00e7ois-Joseph Talma - L&#039;Histoire est un roman...\" \/>\n<meta property=\"og:description\" content=\"[vc_row full_width=\u00a0\u00bbstretch_row\u00a0\u00bb css=\u00a0\u00bb.vc_custom_1513000693114{background-color: #272727 !important;}\u00a0\u00bb][vc_column width=\u00a0\u00bb1\/6&Prime;][vc_single_image image=\u00a0\u00bb1818&Prime; img_size=\u00a0\u00bb150X150&Prime; alignment=\u00a0\u00bbcenter\u00a0\u00bb][\/vc_column][vc_column width=\u00a0\u00bb1\/6&Prime;][vc_btn title=\u00a0\u00bbPortraits\u00a0\u00bb size=\u00a0\u00bblg\u00a0\u00bb align=\u00a0\u00bbcenter\u00a0\u00bb button_block=\u00a0\u00bbtrue\u00a0\u00bb link=\u00a0\u00bburl:http%3A%2F%2Faline-voinot.com%2Findex.php%2Ffrancois-joseph-talma%2F|||\u00a0\u00bb][vc_btn title=\u00a0\u00bbR\u00e9sidences\u00a0\u00bb size=\u00a0\u00bblg\u00a0\u00bb align=\u00a0\u00bbcenter\u00a0\u00bb button_block=\u00a0\u00bbtrue\u00a0\u00bb link=\u00a0\u00bburl:http%3A%2F%2Faline-voinot.com%2Findex.php%2Fresidences-de-francois-joseph-talma%2F|||\u00a0\u00bb][\/vc_column][vc_column width=\u00a0\u00bb1\/6&Prime;][vc_btn title=\u00a0\u00bbR\u00e9seau Social\u00a0\u00bb size=\u00a0\u00bblg\u00a0\u00bb align=\u00a0\u00bbcenter\u00a0\u00bb button_block=\u00a0\u00bbtrue\u00a0\u00bb link=\u00a0\u00bburl:http%3A%2F%2Faline-voinot.com%2Findex.php%2Freseau-social-de-francois-joseph-talma%2F|||\u00a0\u00bb][vc_btn title=\u00a0\u00bbG\u00e9n\u00e9alogie\u00a0\u00bb color=\u00a0\u00bbdefault\u00a0\u00bb size=\u00a0\u00bblg\u00a0\u00bb align=\u00a0\u00bbcenter\u00a0\u00bb button_block=\u00a0\u00bbtrue\u00a0\u00bb link=\u00a0\u00bburl:http%3A%2F%2Faline-voinot.com%2Findex.php%2Fgenealogie-de-francois-joseph-talma%2F|||\u00a0\u00bb][\/vc_column][vc_column width=\u00a0\u00bb1\/6&Prime;][vc_btn title=\u00a0\u00bb\u0152uvres\u00a0\u00bb color=\u00a0\u00bbdanger\u00a0\u00bb size=\u00a0\u00bblg\u00a0\u00bb align=\u00a0\u00bbcenter\u00a0\u00bb button_block=\u00a0\u00bbtrue\u00a0\u00bb link=\u00a0\u00bburl:http%3A%2F%2Faline-voinot.com%2Findex.php%2Foeuvres-de-francois-joseph-talma%2F|||\u00a0\u00bb][vc_btn\" \/>\n<meta property=\"og:url\" content=\"https:\/\/aline-voinot.com\/index.php\/oeuvres-de-francois-joseph-talma\/\" \/>\n<meta property=\"og:site_name\" content=\"L&#039;Histoire est un roman...\" \/>\n<meta property=\"article:modified_time\" content=\"2022-11-04T23:50:02+00:00\" \/>\n<meta name=\"twitter:card\" content=\"summary_large_image\" \/>\n<meta name=\"twitter:label1\" content=\"Dur\u00e9e de lecture estim\u00e9e\" \/>\n\t<meta name=\"twitter:data1\" content=\"6 minutes\" \/>\n<script type=\"application\/ld+json\" class=\"yoast-schema-graph\">{\"@context\":\"https:\/\/schema.org\",\"@graph\":[{\"@type\":\"WebPage\",\"@id\":\"https:\/\/aline-voinot.com\/index.php\/oeuvres-de-francois-joseph-talma\/\",\"url\":\"https:\/\/aline-voinot.com\/index.php\/oeuvres-de-francois-joseph-talma\/\",\"name\":\"\u0152uvres de Fran\u00e7ois-Joseph Talma - L&#039;Histoire est un roman...\",\"isPartOf\":{\"@id\":\"https:\/\/aline-voinot.com\/#website\"},\"datePublished\":\"2019-02-12T17:37:24+00:00\",\"dateModified\":\"2022-11-04T23:50:02+00:00\",\"breadcrumb\":{\"@id\":\"https:\/\/aline-voinot.com\/index.php\/oeuvres-de-francois-joseph-talma\/#breadcrumb\"},\"inLanguage\":\"fr-FR\",\"potentialAction\":[{\"@type\":\"ReadAction\",\"target\":[\"https:\/\/aline-voinot.com\/index.php\/oeuvres-de-francois-joseph-talma\/\"]}]},{\"@type\":\"BreadcrumbList\",\"@id\":\"https:\/\/aline-voinot.com\/index.php\/oeuvres-de-francois-joseph-talma\/#breadcrumb\",\"itemListElement\":[{\"@type\":\"ListItem\",\"position\":1,\"name\":\"Accueil\",\"item\":\"https:\/\/aline-voinot.com\/\"},{\"@type\":\"ListItem\",\"position\":2,\"name\":\"\u0152uvres de Fran\u00e7ois-Joseph Talma\"}]},{\"@type\":\"WebSite\",\"@id\":\"https:\/\/aline-voinot.com\/#website\",\"url\":\"https:\/\/aline-voinot.com\/\",\"name\":\"L&#039;Histoire est un roman...\",\"description\":\"&quot;Destins connus, destins crois\u00e9s&quot; la premi\u00e8re encyclop\u00e9die romanc\u00e9e...\",\"potentialAction\":[{\"@type\":\"SearchAction\",\"target\":{\"@type\":\"EntryPoint\",\"urlTemplate\":\"https:\/\/aline-voinot.com\/?s={search_term_string}\"},\"query-input\":\"required name=search_term_string\"}],\"inLanguage\":\"fr-FR\"}]}<\/script>\n<!-- \/ Yoast SEO plugin. -->","yoast_head_json":{"title":"\u0152uvres de Fran\u00e7ois-Joseph Talma - L&#039;Histoire est un roman...","robots":{"index":"index","follow":"follow","max-snippet":"max-snippet:-1","max-image-preview":"max-image-preview:large","max-video-preview":"max-video-preview:-1"},"canonical":"https:\/\/aline-voinot.com\/index.php\/oeuvres-de-francois-joseph-talma\/","og_locale":"fr_FR","og_type":"article","og_title":"\u0152uvres de Fran\u00e7ois-Joseph Talma - L&#039;Histoire est un roman...","og_description":"[vc_row full_width=\u00a0\u00bbstretch_row\u00a0\u00bb css=\u00a0\u00bb.vc_custom_1513000693114{background-color: #272727 !important;}\u00a0\u00bb][vc_column width=\u00a0\u00bb1\/6&Prime;][vc_single_image image=\u00a0\u00bb1818&Prime; img_size=\u00a0\u00bb150X150&Prime; alignment=\u00a0\u00bbcenter\u00a0\u00bb][\/vc_column][vc_column width=\u00a0\u00bb1\/6&Prime;][vc_btn title=\u00a0\u00bbPortraits\u00a0\u00bb size=\u00a0\u00bblg\u00a0\u00bb align=\u00a0\u00bbcenter\u00a0\u00bb button_block=\u00a0\u00bbtrue\u00a0\u00bb link=\u00a0\u00bburl:http%3A%2F%2Faline-voinot.com%2Findex.php%2Ffrancois-joseph-talma%2F|||\u00a0\u00bb][vc_btn title=\u00a0\u00bbR\u00e9sidences\u00a0\u00bb size=\u00a0\u00bblg\u00a0\u00bb align=\u00a0\u00bbcenter\u00a0\u00bb button_block=\u00a0\u00bbtrue\u00a0\u00bb link=\u00a0\u00bburl:http%3A%2F%2Faline-voinot.com%2Findex.php%2Fresidences-de-francois-joseph-talma%2F|||\u00a0\u00bb][\/vc_column][vc_column width=\u00a0\u00bb1\/6&Prime;][vc_btn title=\u00a0\u00bbR\u00e9seau Social\u00a0\u00bb size=\u00a0\u00bblg\u00a0\u00bb align=\u00a0\u00bbcenter\u00a0\u00bb button_block=\u00a0\u00bbtrue\u00a0\u00bb link=\u00a0\u00bburl:http%3A%2F%2Faline-voinot.com%2Findex.php%2Freseau-social-de-francois-joseph-talma%2F|||\u00a0\u00bb][vc_btn title=\u00a0\u00bbG\u00e9n\u00e9alogie\u00a0\u00bb color=\u00a0\u00bbdefault\u00a0\u00bb size=\u00a0\u00bblg\u00a0\u00bb align=\u00a0\u00bbcenter\u00a0\u00bb button_block=\u00a0\u00bbtrue\u00a0\u00bb link=\u00a0\u00bburl:http%3A%2F%2Faline-voinot.com%2Findex.php%2Fgenealogie-de-francois-joseph-talma%2F|||\u00a0\u00bb][\/vc_column][vc_column width=\u00a0\u00bb1\/6&Prime;][vc_btn title=\u00a0\u00bb\u0152uvres\u00a0\u00bb color=\u00a0\u00bbdanger\u00a0\u00bb size=\u00a0\u00bblg\u00a0\u00bb align=\u00a0\u00bbcenter\u00a0\u00bb button_block=\u00a0\u00bbtrue\u00a0\u00bb link=\u00a0\u00bburl:http%3A%2F%2Faline-voinot.com%2Findex.php%2Foeuvres-de-francois-joseph-talma%2F|||\u00a0\u00bb][vc_btn","og_url":"https:\/\/aline-voinot.com\/index.php\/oeuvres-de-francois-joseph-talma\/","og_site_name":"L&#039;Histoire est un roman...","article_modified_time":"2022-11-04T23:50:02+00:00","twitter_card":"summary_large_image","twitter_misc":{"Dur\u00e9e de lecture estim\u00e9e":"6 minutes"},"schema":{"@context":"https:\/\/schema.org","@graph":[{"@type":"WebPage","@id":"https:\/\/aline-voinot.com\/index.php\/oeuvres-de-francois-joseph-talma\/","url":"https:\/\/aline-voinot.com\/index.php\/oeuvres-de-francois-joseph-talma\/","name":"\u0152uvres de Fran\u00e7ois-Joseph Talma - L&#039;Histoire est un roman...","isPartOf":{"@id":"https:\/\/aline-voinot.com\/#website"},"datePublished":"2019-02-12T17:37:24+00:00","dateModified":"2022-11-04T23:50:02+00:00","breadcrumb":{"@id":"https:\/\/aline-voinot.com\/index.php\/oeuvres-de-francois-joseph-talma\/#breadcrumb"},"inLanguage":"fr-FR","potentialAction":[{"@type":"ReadAction","target":["https:\/\/aline-voinot.com\/index.php\/oeuvres-de-francois-joseph-talma\/"]}]},{"@type":"BreadcrumbList","@id":"https:\/\/aline-voinot.com\/index.php\/oeuvres-de-francois-joseph-talma\/#breadcrumb","itemListElement":[{"@type":"ListItem","position":1,"name":"Accueil","item":"https:\/\/aline-voinot.com\/"},{"@type":"ListItem","position":2,"name":"\u0152uvres de Fran\u00e7ois-Joseph Talma"}]},{"@type":"WebSite","@id":"https:\/\/aline-voinot.com\/#website","url":"https:\/\/aline-voinot.com\/","name":"L&#039;Histoire est un roman...","description":"&quot;Destins connus, destins crois\u00e9s&quot; la premi\u00e8re encyclop\u00e9die romanc\u00e9e...","potentialAction":[{"@type":"SearchAction","target":{"@type":"EntryPoint","urlTemplate":"https:\/\/aline-voinot.com\/?s={search_term_string}"},"query-input":"required name=search_term_string"}],"inLanguage":"fr-FR"}]}},"_links":{"self":[{"href":"https:\/\/aline-voinot.com\/index.php\/wp-json\/wp\/v2\/pages\/14598","targetHints":{"allow":["GET"]}}],"collection":[{"href":"https:\/\/aline-voinot.com\/index.php\/wp-json\/wp\/v2\/pages"}],"about":[{"href":"https:\/\/aline-voinot.com\/index.php\/wp-json\/wp\/v2\/types\/page"}],"author":[{"embeddable":true,"href":"https:\/\/aline-voinot.com\/index.php\/wp-json\/wp\/v2\/users\/1"}],"replies":[{"embeddable":true,"href":"https:\/\/aline-voinot.com\/index.php\/wp-json\/wp\/v2\/comments?post=14598"}],"version-history":[{"count":0,"href":"https:\/\/aline-voinot.com\/index.php\/wp-json\/wp\/v2\/pages\/14598\/revisions"}],"wp:attachment":[{"href":"https:\/\/aline-voinot.com\/index.php\/wp-json\/wp\/v2\/media?parent=14598"}],"curies":[{"name":"wp","href":"https:\/\/api.w.org\/{rel}","templated":true}]}}