{"id":24200,"date":"2020-10-08T14:30:57","date_gmt":"2020-10-08T12:30:57","guid":{"rendered":"http:\/\/aline-voinot.com\/?page_id=24200"},"modified":"2020-10-08T15:46:19","modified_gmt":"2020-10-08T13:46:19","slug":"volte-face-de-la-grande-armee-des-rives-de-latlantiques-a-celles-du-danube","status":"publish","type":"page","link":"https:\/\/aline-voinot.com\/index.php\/volte-face-de-la-grande-armee-des-rives-de-latlantiques-a-celles-du-danube\/","title":{"rendered":"Volte-face de la Grande Arm\u00e9e &#8211; D\u00e9part de Boulogne-sur-Mer : Des rives de l&rsquo;Atlantiques \u00e0 celles du Danube"},"content":{"rendered":"[vc_row full_width=\u00a0\u00bbstretch_row\u00a0\u00bb css=\u00a0\u00bb.vc_custom_1519929301374{background-color: #376092 !important;}\u00a0\u00bb][vc_column][vc_column_text css=\u00a0\u00bb.vc_custom_1602164611873{margin-top: -20px !important;}\u00a0\u00bb]\n<p style=\"text-align: center;\"><span style=\"color: #ffffff;\">SYNOPSIS<\/span><\/p>\n\n<table>\n<tbody>\n<tr>\n<td style=\"text-align: center;\" width=\"88\"><span style=\"color: #ffffff;\">Ao\u00fbt 1805<\/span><\/td>\n<td style=\"text-align: left;\" width=\"366\"><span style=\"color: #ffffff;\">Napol\u00e9on post\u00e9 \u00e0 Boulogne comprend que les onze navires de guerre dont il avait besoin pour envahir l\u2019Angleterre n\u2019arriveront jamais. Les Anglais bloquent le passage au large de Brest et emp\u00eachant tout bateau fran\u00e7ais de remonter la Manche .<\/span><\/td>\n<\/tr>\n<tr>\n<td style=\"text-align: center;\" width=\"88\"><span style=\"color: #ffffff;\">Ao\u00fbt 1805<\/span><\/td>\n<td style=\"text-align: left;\" width=\"366\"><span style=\"color: #ffffff;\">C\u00f4t\u00e9 terre, les services de renseignement des Relations ext\u00e9rieures de Talleyrand ont appris que le Premier ministre britannique William Pitt a&nbsp; convaincu la Russie, l\u2019Autriche et la Su\u00e8de de s\u2019allier contre la France. La 3e coalition \u00e9tait en marche<\/span><\/td>\n<\/tr>\n<tr>\n<td style=\"text-align: center;\" width=\"88\"><span style=\"color: #ffffff;\">Le 23 ao\u00fbt 1805<\/span><\/td>\n<td width=\"366\">\n<p class=\"p1\"><span style=\"color: #ffffff;\">Les Anglais avaient \u00e9t\u00e9 habiles, car si les soldats de l\u2019Empereur \u00e9taient attaqu\u00e9s par la terre, ils ne se pr\u00e9occuperaient plus de vouloir traverser la Manche pour les envahir. L\u2019arm\u00e9e fran\u00e7aise ne pouvait se battre de deux c\u00f4t\u00e9s \u00e0 la fois.D<span style=\"font-family: inherit; font-size: inherit;\">ans le plus grand secret, volte-face vers l\u2019Est \u00e0 son arm\u00e9e pour aller combattre les Autrichiens, d\u00e9j\u00e0 en route pour attaquer la France.<\/span><\/span><\/p>\n<\/td>\n<\/tr>\n<\/tbody>\n<\/table>\n[\/vc_column_text][vc_btn title=\u00a0\u00bbTome 2&Prime; color=\u00a0\u00bbprimary\u00a0\u00bb size=\u00a0\u00bbxs\u00a0\u00bb align=\u00a0\u00bbcenter\u00a0\u00bb][\/vc_column][\/vc_row][vc_row][vc_column][vc_column_text]\n<h6 class=\"p1\">Le 23 Ao\u00fbt 1805, l&rsquo;arm\u00e9e quitte le camp de Boulogne-sur-Mer pour devenir celle qu\u2019on appellerait d\u00e9sormais la <i>Grande Arm\u00e9e<\/i>.<\/h6>\n<h6 class=\"p1\">Jamais l\u2019Empereur ne se sentit aussi fort\u202f: son arm\u00e9e \u00e9tait d\u00e9j\u00e0 constitu\u00e9e \u00e0 Boulogne. Le ministre du Tr\u00e9sor Fran\u00e7ois de Barb\u00e9-Marbois lui fournit l\u2019argent et les plaines de l\u2019Est et du Nord-Est allaient offrir un immense champ de bataille. Napol\u00e9on allait utiliser la ruse pour tromper ses adversaires. En r\u00e9pandit des informations trompeuses, il lan\u00e7a de fausses attaques et serait l\u00e0 o\u00f9 on ne l\u2019attendrait pas, quand on ne l\u2019attendrait pas. Il aller passer&nbsp;avec deux cent mille soldats des rives de l\u2019Atlantique \u00e0 celles du fleuve Danube<\/h6>\n\n\n[\/vc_column_text][\/vc_column][\/vc_row][vc_row][vc_column width=\u00a0\u00bb1\/3&Prime;][vc_single_image image=\u00a0\u00bb24204&Prime; img_size=\u00a0\u00bbfull\u00a0\u00bb onclick=\u00a0\u00bblink_image\u00a0\u00bb css=\u00a0\u00bb.vc_custom_1602163729047{margin-bottom: -10px !important;}\u00a0\u00bb][vc_btn title=\u00a0\u00bbLe 23 Ao\u00fbt 1805, la Grande Arm\u00e9e quitte le Camp de Boulogne\u00a0\u00bb style=\u00a0\u00bbclassic\u00a0\u00bb shape=\u00a0\u00bbsquare\u00a0\u00bb color=\u00a0\u00bbdefault\u00a0\u00bb size=\u00a0\u00bblg\u00a0\u00bb align=\u00a0\u00bbcenter\u00a0\u00bb button_block=\u00a0\u00bbtrue\u00a0\u00bb css=\u00a0\u00bb.vc_custom_1602164100971{margin-top: -5px !important;margin-left: -5px !important;}\u00a0\u00bb link=\u00a0\u00bb||target:%20_blank|\u00a0\u00bb][\/vc_column][vc_column width=\u00a0\u00bb1\/3&Prime;][vc_single_image image=\u00a0\u00bb24195&Prime; img_size=\u00a0\u00bbfull\u00a0\u00bb onclick=\u00a0\u00bblink_image\u00a0\u00bb css=\u00a0\u00bb.vc_custom_1602163736751{margin-bottom: -10px !important;}\u00a0\u00bb][vc_btn title=\u00a0\u00bb1. Boulogne &#8211; Strasbourg\u00a0\u00bb style=\u00a0\u00bbclassic\u00a0\u00bb shape=\u00a0\u00bbsquare\u00a0\u00bb color=\u00a0\u00bbdefault\u00a0\u00bb size=\u00a0\u00bblg\u00a0\u00bb align=\u00a0\u00bbcenter\u00a0\u00bb button_block=\u00a0\u00bbtrue\u00a0\u00bb css=\u00a0\u00bb.vc_custom_1602164352639{margin-top: -5px !important;margin-left: -5px !important;}\u00a0\u00bb link=\u00a0\u00bb||target:%20_blank|\u00a0\u00bb][\/vc_column][vc_column width=\u00a0\u00bb1\/3&Prime;][vc_single_image image=\u00a0\u00bb24196&Prime; img_size=\u00a0\u00bbfull\u00a0\u00bb onclick=\u00a0\u00bblink_image\u00a0\u00bb css=\u00a0\u00bb.vc_custom_1602163787652{margin-bottom: -10px !important;}\u00a0\u00bb][vc_btn title=\u00a0\u00bb2. Strasbourg &#8211; Ulm &#8211; Bataille d&rsquo;Ulm &#8211; Fran\u00e7ais vainqueurs\u00a0\u00bb style=\u00a0\u00bbclassic\u00a0\u00bb shape=\u00a0\u00bbsquare\u00a0\u00bb color=\u00a0\u00bbdefault\u00a0\u00bb size=\u00a0\u00bblg\u00a0\u00bb align=\u00a0\u00bbcenter\u00a0\u00bb button_block=\u00a0\u00bbtrue\u00a0\u00bb css=\u00a0\u00bb.vc_custom_1602164359571{margin-top: -5px !important;margin-left: -5px !important;}\u00a0\u00bb link=\u00a0\u00bb||target:%20_blank|\u00a0\u00bb][\/vc_column][\/vc_row][vc_row][vc_column width=\u00a0\u00bb1\/3&Prime;][vc_single_image image=\u00a0\u00bb24197&Prime; img_size=\u00a0\u00bbfull\u00a0\u00bb onclick=\u00a0\u00bblink_image\u00a0\u00bb css=\u00a0\u00bb.vc_custom_1602164069028{margin-bottom: -10px !important;}\u00a0\u00bb][vc_btn title=\u00a0\u00bb3. Ulm &#8211; Munich\u00a0\u00bb style=\u00a0\u00bbclassic\u00a0\u00bb shape=\u00a0\u00bbsquare\u00a0\u00bb color=\u00a0\u00bbdefault\u00a0\u00bb size=\u00a0\u00bblg\u00a0\u00bb align=\u00a0\u00bbcenter\u00a0\u00bb button_block=\u00a0\u00bbtrue\u00a0\u00bb css=\u00a0\u00bb.vc_custom_1602164366935{margin-top: -5px !important;margin-left: -5px !important;}\u00a0\u00bb link=\u00a0\u00bb||target:%20_blank|\u00a0\u00bb][\/vc_column][vc_column width=\u00a0\u00bb1\/3&Prime;][vc_single_image image=\u00a0\u00bb24198&Prime; img_size=\u00a0\u00bbfull\u00a0\u00bb onclick=\u00a0\u00bblink_image\u00a0\u00bb css=\u00a0\u00bb.vc_custom_1602163808439{margin-bottom: -10px !important;}\u00a0\u00bb][vc_btn title=\u00a0\u00bb4. Munich &#8211; Vienne\u00a0\u00bb style=\u00a0\u00bbclassic\u00a0\u00bb shape=\u00a0\u00bbsquare\u00a0\u00bb color=\u00a0\u00bbdefault\u00a0\u00bb size=\u00a0\u00bblg\u00a0\u00bb align=\u00a0\u00bbcenter\u00a0\u00bb button_block=\u00a0\u00bbtrue\u00a0\u00bb css=\u00a0\u00bb.vc_custom_1602164373360{margin-top: -5px !important;margin-left: -5px !important;}\u00a0\u00bb link=\u00a0\u00bb||target:%20_blank|\u00a0\u00bb][\/vc_column][vc_column width=\u00a0\u00bb1\/3&Prime;][vc_single_image image=\u00a0\u00bb24199&Prime; img_size=\u00a0\u00bbfull\u00a0\u00bb onclick=\u00a0\u00bblink_image\u00a0\u00bb css=\u00a0\u00bb.vc_custom_1602163821113{margin-bottom: -10px !important;}\u00a0\u00bb][vc_btn title=\u00a0\u00bb5. Vienne &#8211; Austerlitz\u00a0\u00bb style=\u00a0\u00bbclassic\u00a0\u00bb shape=\u00a0\u00bbsquare\u00a0\u00bb color=\u00a0\u00bbdefault\u00a0\u00bb size=\u00a0\u00bblg\u00a0\u00bb align=\u00a0\u00bbcenter\u00a0\u00bb button_block=\u00a0\u00bbtrue\u00a0\u00bb css=\u00a0\u00bb.vc_custom_1602164380095{margin-top: -5px !important;margin-left: -5px !important;}\u00a0\u00bb link=\u00a0\u00bb||target:%20_blank|\u00a0\u00bb][\/vc_column][\/vc_row]<!-- \/wp:post-content -->","protected":false},"excerpt":{"rendered":"<p>[vc_row full_width=\u00a0\u00bbstretch_row\u00a0\u00bb css=\u00a0\u00bb.vc_custom_1519929301374{background-color: #376092 !important;}\u00a0\u00bb][vc_column][vc_column_text css=\u00a0\u00bb.vc_custom_1602164611873{margin-top: -20px !important;}\u00a0\u00bb] SYNOPSIS Ao\u00fbt 1805 Napol\u00e9on post\u00e9 \u00e0 Boulogne comprend que les onze navires de guerre dont il avait besoin pour envahir l\u2019Angleterre n\u2019arriveront jamais. Les Anglais bloquent le passage au large de Brest<\/p>\n","protected":false},"author":1,"featured_media":0,"parent":0,"menu_order":0,"comment_status":"closed","ping_status":"closed","template":"","meta":{"footnotes":""},"class_list":["post-24200","page","type-page","status-publish","hentry"],"yoast_head":"<!-- This site is optimized with the Yoast SEO plugin v22.8 - https:\/\/yoast.com\/wordpress\/plugins\/seo\/ -->\n<title>Volte-face de la Grande Arm\u00e9e - D\u00e9part de Boulogne-sur-Mer : Des rives de l&#039;Atlantiques \u00e0 celles du Danube - L&#039;Histoire est un roman...<\/title>\n<meta name=\"robots\" content=\"index, follow, max-snippet:-1, max-image-preview:large, max-video-preview:-1\" \/>\n<link rel=\"canonical\" href=\"https:\/\/aline-voinot.com\/index.php\/volte-face-de-la-grande-armee-des-rives-de-latlantiques-a-celles-du-danube\/\" \/>\n<meta property=\"og:locale\" content=\"fr_FR\" \/>\n<meta property=\"og:type\" content=\"article\" \/>\n<meta property=\"og:title\" content=\"Volte-face de la Grande Arm\u00e9e - D\u00e9part de Boulogne-sur-Mer : Des rives de l&#039;Atlantiques \u00e0 celles du Danube - L&#039;Histoire est un roman...\" \/>\n<meta property=\"og:description\" content=\"[vc_row full_width=\u00a0\u00bbstretch_row\u00a0\u00bb css=\u00a0\u00bb.vc_custom_1519929301374{background-color: #376092 !important;}\u00a0\u00bb][vc_column][vc_column_text css=\u00a0\u00bb.vc_custom_1602164611873{margin-top: -20px !important;}\u00a0\u00bb] SYNOPSIS Ao\u00fbt 1805 Napol\u00e9on post\u00e9 \u00e0 Boulogne comprend que les onze navires de guerre dont il avait besoin pour envahir l\u2019Angleterre n\u2019arriveront jamais. Les Anglais bloquent le passage au large de Brest\" \/>\n<meta property=\"og:url\" content=\"https:\/\/aline-voinot.com\/index.php\/volte-face-de-la-grande-armee-des-rives-de-latlantiques-a-celles-du-danube\/\" \/>\n<meta property=\"og:site_name\" content=\"L&#039;Histoire est un roman...\" \/>\n<meta property=\"article:modified_time\" content=\"2020-10-08T13:46:19+00:00\" \/>\n<meta name=\"twitter:card\" content=\"summary_large_image\" \/>\n<meta name=\"twitter:label1\" content=\"Dur\u00e9e de lecture estim\u00e9e\" \/>\n\t<meta name=\"twitter:data1\" content=\"4 minutes\" \/>\n<script type=\"application\/ld+json\" class=\"yoast-schema-graph\">{\"@context\":\"https:\/\/schema.org\",\"@graph\":[{\"@type\":\"WebPage\",\"@id\":\"https:\/\/aline-voinot.com\/index.php\/volte-face-de-la-grande-armee-des-rives-de-latlantiques-a-celles-du-danube\/\",\"url\":\"https:\/\/aline-voinot.com\/index.php\/volte-face-de-la-grande-armee-des-rives-de-latlantiques-a-celles-du-danube\/\",\"name\":\"Volte-face de la Grande Arm\u00e9e - D\u00e9part de Boulogne-sur-Mer : Des rives de l'Atlantiques \u00e0 celles du Danube - L&#039;Histoire est un roman...\",\"isPartOf\":{\"@id\":\"https:\/\/aline-voinot.com\/#website\"},\"datePublished\":\"2020-10-08T12:30:57+00:00\",\"dateModified\":\"2020-10-08T13:46:19+00:00\",\"breadcrumb\":{\"@id\":\"https:\/\/aline-voinot.com\/index.php\/volte-face-de-la-grande-armee-des-rives-de-latlantiques-a-celles-du-danube\/#breadcrumb\"},\"inLanguage\":\"fr-FR\",\"potentialAction\":[{\"@type\":\"ReadAction\",\"target\":[\"https:\/\/aline-voinot.com\/index.php\/volte-face-de-la-grande-armee-des-rives-de-latlantiques-a-celles-du-danube\/\"]}]},{\"@type\":\"BreadcrumbList\",\"@id\":\"https:\/\/aline-voinot.com\/index.php\/volte-face-de-la-grande-armee-des-rives-de-latlantiques-a-celles-du-danube\/#breadcrumb\",\"itemListElement\":[{\"@type\":\"ListItem\",\"position\":1,\"name\":\"Accueil\",\"item\":\"https:\/\/aline-voinot.com\/\"},{\"@type\":\"ListItem\",\"position\":2,\"name\":\"Volte-face de la Grande Arm\u00e9e &#8211; D\u00e9part de Boulogne-sur-Mer : Des rives de l&rsquo;Atlantiques \u00e0 celles du Danube\"}]},{\"@type\":\"WebSite\",\"@id\":\"https:\/\/aline-voinot.com\/#website\",\"url\":\"https:\/\/aline-voinot.com\/\",\"name\":\"L&#039;Histoire est un roman...\",\"description\":\"&quot;Destins connus, destins crois\u00e9s&quot; la premi\u00e8re encyclop\u00e9die romanc\u00e9e...\",\"potentialAction\":[{\"@type\":\"SearchAction\",\"target\":{\"@type\":\"EntryPoint\",\"urlTemplate\":\"https:\/\/aline-voinot.com\/?s={search_term_string}\"},\"query-input\":\"required name=search_term_string\"}],\"inLanguage\":\"fr-FR\"}]}<\/script>\n<!-- \/ Yoast SEO plugin. -->","yoast_head_json":{"title":"Volte-face de la Grande Arm\u00e9e - D\u00e9part de Boulogne-sur-Mer : Des rives de l'Atlantiques \u00e0 celles du Danube - L&#039;Histoire est un roman...","robots":{"index":"index","follow":"follow","max-snippet":"max-snippet:-1","max-image-preview":"max-image-preview:large","max-video-preview":"max-video-preview:-1"},"canonical":"https:\/\/aline-voinot.com\/index.php\/volte-face-de-la-grande-armee-des-rives-de-latlantiques-a-celles-du-danube\/","og_locale":"fr_FR","og_type":"article","og_title":"Volte-face de la Grande Arm\u00e9e - D\u00e9part de Boulogne-sur-Mer : Des rives de l'Atlantiques \u00e0 celles du Danube - L&#039;Histoire est un roman...","og_description":"[vc_row full_width=\u00a0\u00bbstretch_row\u00a0\u00bb css=\u00a0\u00bb.vc_custom_1519929301374{background-color: #376092 !important;}\u00a0\u00bb][vc_column][vc_column_text css=\u00a0\u00bb.vc_custom_1602164611873{margin-top: -20px !important;}\u00a0\u00bb] SYNOPSIS Ao\u00fbt 1805 Napol\u00e9on post\u00e9 \u00e0 Boulogne comprend que les onze navires de guerre dont il avait besoin pour envahir l\u2019Angleterre n\u2019arriveront jamais. Les Anglais bloquent le passage au large de Brest","og_url":"https:\/\/aline-voinot.com\/index.php\/volte-face-de-la-grande-armee-des-rives-de-latlantiques-a-celles-du-danube\/","og_site_name":"L&#039;Histoire est un roman...","article_modified_time":"2020-10-08T13:46:19+00:00","twitter_card":"summary_large_image","twitter_misc":{"Dur\u00e9e de lecture estim\u00e9e":"4 minutes"},"schema":{"@context":"https:\/\/schema.org","@graph":[{"@type":"WebPage","@id":"https:\/\/aline-voinot.com\/index.php\/volte-face-de-la-grande-armee-des-rives-de-latlantiques-a-celles-du-danube\/","url":"https:\/\/aline-voinot.com\/index.php\/volte-face-de-la-grande-armee-des-rives-de-latlantiques-a-celles-du-danube\/","name":"Volte-face de la Grande Arm\u00e9e - D\u00e9part de Boulogne-sur-Mer : Des rives de l'Atlantiques \u00e0 celles du Danube - L&#039;Histoire est un roman...","isPartOf":{"@id":"https:\/\/aline-voinot.com\/#website"},"datePublished":"2020-10-08T12:30:57+00:00","dateModified":"2020-10-08T13:46:19+00:00","breadcrumb":{"@id":"https:\/\/aline-voinot.com\/index.php\/volte-face-de-la-grande-armee-des-rives-de-latlantiques-a-celles-du-danube\/#breadcrumb"},"inLanguage":"fr-FR","potentialAction":[{"@type":"ReadAction","target":["https:\/\/aline-voinot.com\/index.php\/volte-face-de-la-grande-armee-des-rives-de-latlantiques-a-celles-du-danube\/"]}]},{"@type":"BreadcrumbList","@id":"https:\/\/aline-voinot.com\/index.php\/volte-face-de-la-grande-armee-des-rives-de-latlantiques-a-celles-du-danube\/#breadcrumb","itemListElement":[{"@type":"ListItem","position":1,"name":"Accueil","item":"https:\/\/aline-voinot.com\/"},{"@type":"ListItem","position":2,"name":"Volte-face de la Grande Arm\u00e9e &#8211; D\u00e9part de Boulogne-sur-Mer : Des rives de l&rsquo;Atlantiques \u00e0 celles du Danube"}]},{"@type":"WebSite","@id":"https:\/\/aline-voinot.com\/#website","url":"https:\/\/aline-voinot.com\/","name":"L&#039;Histoire est un roman...","description":"&quot;Destins connus, destins crois\u00e9s&quot; la premi\u00e8re encyclop\u00e9die romanc\u00e9e...","potentialAction":[{"@type":"SearchAction","target":{"@type":"EntryPoint","urlTemplate":"https:\/\/aline-voinot.com\/?s={search_term_string}"},"query-input":"required name=search_term_string"}],"inLanguage":"fr-FR"}]}},"_links":{"self":[{"href":"https:\/\/aline-voinot.com\/index.php\/wp-json\/wp\/v2\/pages\/24200","targetHints":{"allow":["GET"]}}],"collection":[{"href":"https:\/\/aline-voinot.com\/index.php\/wp-json\/wp\/v2\/pages"}],"about":[{"href":"https:\/\/aline-voinot.com\/index.php\/wp-json\/wp\/v2\/types\/page"}],"author":[{"embeddable":true,"href":"https:\/\/aline-voinot.com\/index.php\/wp-json\/wp\/v2\/users\/1"}],"replies":[{"embeddable":true,"href":"https:\/\/aline-voinot.com\/index.php\/wp-json\/wp\/v2\/comments?post=24200"}],"version-history":[{"count":0,"href":"https:\/\/aline-voinot.com\/index.php\/wp-json\/wp\/v2\/pages\/24200\/revisions"}],"wp:attachment":[{"href":"https:\/\/aline-voinot.com\/index.php\/wp-json\/wp\/v2\/media?parent=24200"}],"curies":[{"name":"wp","href":"https:\/\/api.w.org\/{rel}","templated":true}]}}