{"id":2654,"date":"2018-02-24T20:53:16","date_gmt":"2018-02-24T19:53:16","guid":{"rendered":"http:\/\/aline-voinot.com\/?page_id=2654"},"modified":"2019-11-05T09:00:08","modified_gmt":"2019-11-05T08:00:08","slug":"napoleon-louis-bonaparte","status":"publish","type":"page","link":"https:\/\/aline-voinot.com\/index.php\/napoleon-louis-bonaparte\/","title":{"rendered":"Napol\u00e9on Louis Bonaparte"},"content":{"rendered":"<p>[vc_row full_width=\u00a0\u00bbstretch_row\u00a0\u00bb css=\u00a0\u00bb.vc_custom_1513000693114{background-color: #272727 !important;}\u00a0\u00bb][vc_column width=\u00a0\u00bb1\/4&Prime;][vc_single_image image=\u00a0\u00bb1638&Prime; img_size=\u00a0\u00bb250 x 295&Prime; alignment=\u00a0\u00bbcenter\u00a0\u00bb][\/vc_column][vc_column width=\u00a0\u00bb1\/4&Prime;][vc_column_text css=\u00a0\u00bb.vc_custom_1546179012863{margin-bottom: -10px !important;}\u00a0\u00bb]<\/p>\n<h6><span style=\"color: #999999;\">Paris (1804) &#8211; Forli, Italie (1831) d\u00e9c\u00e9d\u00e9 \u00e0 27 ans<\/span><\/h6>\n<h6><span style=\"color: #999999;\">H\u00e9ritier du tr\u00f4ne imp\u00e9rial fran\u00e7ais<\/span><\/h6>\n<h6><span style=\"color: #999999;\">Roi de Hollande, Grand-duc de Berg<\/span><\/h6>\n<h6><span style=\"color: #999999;\">Fran\u00e7ais<\/span><\/h6>\n<p>[\/vc_column_text][vc_row_inner css=\u00a0\u00bb.vc_custom_1546179040333{margin-top: 32px !important;}\u00a0\u00bb][vc_column_inner width=\u00a0\u00bb1\/4&Prime;][vc_btn title=\u00a0\u00bbTome 1&Prime; color=\u00a0\u00bbdanger\u00a0\u00bb size=\u00a0\u00bbsm\u00a0\u00bb][\/vc_column_inner][vc_column_inner width=\u00a0\u00bb1\/4&Prime;][vc_btn title=\u00a0\u00bbTome 2&Prime; color=\u00a0\u00bbprimary\u00a0\u00bb size=\u00a0\u00bbsm\u00a0\u00bb][\/vc_column_inner][vc_column_inner width=\u00a0\u00bb1\/4&Prime;][vc_btn title=\u00a0\u00bbTome 3&Prime; color=\u00a0\u00bbgreen\u00a0\u00bb size=\u00a0\u00bbsm\u00a0\u00bb][\/vc_column_inner][vc_column_inner width=\u00a0\u00bb1\/4&Prime;][vc_btn title=\u00a0\u00bbTome 4&Prime; color=\u00a0\u00bbwarning\u00a0\u00bb size=\u00a0\u00bbsm\u00a0\u00bb][\/vc_column_inner][\/vc_row_inner][\/vc_column][vc_column width=\u00a0\u00bb1\/4&Prime;][vc_btn title=\u00a0\u00bbPortraits\u00a0\u00bb color=\u00a0\u00bbdanger\u00a0\u00bb size=\u00a0\u00bblg\u00a0\u00bb align=\u00a0\u00bbcenter\u00a0\u00bb button_block=\u00a0\u00bbtrue\u00a0\u00bb link=\u00a0\u00bburl:http%3A%2F%2Faline-voinot.com%2Findex.php%2Fnapoleon-louis-bonaparte%2F|||\u00a0\u00bb][vc_btn title=\u00a0\u00bbR\u00e9sidences\u00a0\u00bb size=\u00a0\u00bblg\u00a0\u00bb align=\u00a0\u00bbcenter\u00a0\u00bb button_block=\u00a0\u00bbtrue\u00a0\u00bb link=\u00a0\u00bburl:http%3A%2F%2Faline-voinot.com%2Findex.php%2Fresidences-de-napoleon-louis-bonaparte%2F|||\u00a0\u00bb][vc_btn title=\u00a0\u00bbR\u00e9seau Social\u00a0\u00bb size=\u00a0\u00bblg\u00a0\u00bb align=\u00a0\u00bbcenter\u00a0\u00bb button_block=\u00a0\u00bbtrue\u00a0\u00bb link=\u00a0\u00bburl:http%3A%2F%2Faline-voinot.com%2Findex.php%2Freseau-social-de-napoleon-louis-bonaparte%2F|||\u00a0\u00bb][vc_btn title=\u00a0\u00bbG\u00e9n\u00e9alogie\u00a0\u00bb size=\u00a0\u00bblg\u00a0\u00bb align=\u00a0\u00bbcenter\u00a0\u00bb button_block=\u00a0\u00bbtrue\u00a0\u00bb link=\u00a0\u00bburl:http%3A%2F%2Faline-voinot.com%2Findex.php%2Fgenealogie-de-napoleon-louis-bonaparte%2F|||\u00a0\u00bb][\/vc_column][vc_column width=\u00a0\u00bb1\/4&Prime;][vc_btn title=\u00a0\u00bb\u00c9v\u00e9nements\u00a0\u00bb size=\u00a0\u00bblg\u00a0\u00bb align=\u00a0\u00bbcenter\u00a0\u00bb button_block=\u00a0\u00bbtrue\u00a0\u00bb link=\u00a0\u00bburl:http%3A%2F%2Faline-voinot.com%2Findex.php%2Fevenements-de-napoleon-louis-bonaparte%2F|||\u00a0\u00bb][vc_btn title=\u00a0\u00bbS\u00e9pulture\u00a0\u00bb size=\u00a0\u00bblg\u00a0\u00bb align=\u00a0\u00bbcenter\u00a0\u00bb button_block=\u00a0\u00bbtrue\u00a0\u00bb link=\u00a0\u00bburl:http%3A%2F%2Faline-voinot.com%2Findex.php%2Fsepulture-de-napoleon-louis-bonaparte%2F|||\u00a0\u00bb][vc_btn title=\u00a0\u00bbWikipedia\u00a0\u00bb size=\u00a0\u00bblg\u00a0\u00bb align=\u00a0\u00bbcenter\u00a0\u00bb button_block=\u00a0\u00bbtrue\u00a0\u00bb link=\u00a0\u00bburl:https%3A%2F%2Ffr.wikipedia.org%2Fwiki%2FNapol%25C3%25A9on-Louis_Bonaparte_(1804-1831)||target:%20_blank|rel:nofollow\u00a0\u00bb][vc_btn title=\u00a0\u00bbH\u00e9ritage\u00a0\u00bb size=\u00a0\u00bblg\u00a0\u00bb align=\u00a0\u00bbcenter\u00a0\u00bb button_block=\u00a0\u00bbtrue\u00a0\u00bb link=\u00a0\u00bburl:http%3A%2F%2Faline-voinot.com%2Findex.php%2Fheritage-de-napoleon-louis-bonaparte%2F|||\u00a0\u00bb][\/vc_column][\/vc_row][vc_row][vc_column][vc_empty_space][vc_btn title=\u00a0\u00bbPAGE EN CONSTRUCTION &#8211; PATIENCE !!!!\u00a0\u00bb shape=\u00a0\u00bbsquare\u00a0\u00bb color=\u00a0\u00bbdanger\u00a0\u00bb size=\u00a0\u00bblg\u00a0\u00bb align=\u00a0\u00bbcenter\u00a0\u00bb i_align=\u00a0\u00bbright\u00a0\u00bb i_type=\u00a0\u00bbopeniconic\u00a0\u00bb i_icon_openiconic=\u00a0\u00bbvc-oi vc-oi-cog\u00a0\u00bb button_block=\u00a0\u00bbtrue\u00a0\u00bb add_icon=\u00a0\u00bbtrue\u00a0\u00bb link=\u00a0\u00bb||target:%20_blank|rel:nofollow\u00a0\u00bb css=\u00a0\u00bb.vc_custom_1546530677678{margin-top: -5px !important;}\u00a0\u00bb][vc_btn title=\u00a0\u00bbPORTRAITS\u00a0\u00bb shape=\u00a0\u00bbsquare\u00a0\u00bb color=\u00a0\u00bbinverse\u00a0\u00bb size=\u00a0\u00bblg\u00a0\u00bb align=\u00a0\u00bbcenter\u00a0\u00bb button_block=\u00a0\u00bbtrue\u00a0\u00bb link=\u00a0\u00bb||target:%20_blank|rel:nofollow\u00a0\u00bb css=\u00a0\u00bb.vc_custom_1546530715539{margin-top: -5px !important;}\u00a0\u00bb][\/vc_column][\/vc_row][vc_row][vc_column width=\u00a0\u00bb1\/4&Prime;][vc_btn title=\u00a0\u00bb\u00c0 2 ans\u00a0\u00bb shape=\u00a0\u00bbsquare\u00a0\u00bb color=\u00a0\u00bbmulled-wine\u00a0\u00bb size=\u00a0\u00bbsm\u00a0\u00bb align=\u00a0\u00bbcenter\u00a0\u00bb button_block=\u00a0\u00bbtrue\u00a0\u00bb link=\u00a0\u00bb||target:%20_blank|rel:nofollow\u00a0\u00bb css=\u00a0\u00bb.vc_custom_1572940435401{margin-bottom: -5px !important;}\u00a0\u00bb][vc_single_image image=\u00a0\u00bb18127&Prime; img_size=\u00a0\u00bb350X350&Prime; alignment=\u00a0\u00bbcenter\u00a0\u00bb onclick=\u00a0\u00bblink_image\u00a0\u00bb css=\u00a0\u00bb.vc_custom_1572936015304{margin-bottom: -20px !important;}\u00a0\u00bb][vc_btn title=\u00a0\u00bb\u00c9tude pr\u00e9paratoire de Napol\u00e9on-Louis Bonaparte, Prince fran\u00e7ais et altesse imp\u00e9riale, Prince Royal de Hollande &#8211; 1806 &#8211; Fran\u00e7ois Kinson &#8211; Lieu de conservation inconnu\u00a0\u00bb shape=\u00a0\u00bbsquare\u00a0\u00bb color=\u00a0\u00bbmulled-wine\u00a0\u00bb align=\u00a0\u00bbcenter\u00a0\u00bb i_align=\u00a0\u00bbright\u00a0\u00bb i_icon_fontawesome=\u00a0\u00bbfa fa-eye\u00a0\u00bb add_icon=\u00a0\u00bbtrue\u00a0\u00bb link=\u00a0\u00bburl:https%3A%2F%2Fcommons.wikimedia.org%2Fwiki%2FCategory%3ANapol%25C3%25A9on_Louis_Bonaparte%23%2Fmedia%2FFile%3ANapol%25C3%25A9on-Louis_Bonaparte%2C_by_Fran%25C3%25A7ois-Joseph_Kinson.jpg||target:%20_blank|\u00a0\u00bb css=\u00a0\u00bb.vc_custom_1572936339997{margin-top: -5px !important;}\u00a0\u00bb][\/vc_column][vc_column width=\u00a0\u00bb1\/4&Prime;][vc_btn title=\u00a0\u00bb\u00c0 7 ans\u00a0\u00bb shape=\u00a0\u00bbsquare\u00a0\u00bb color=\u00a0\u00bbmulled-wine\u00a0\u00bb size=\u00a0\u00bbsm\u00a0\u00bb align=\u00a0\u00bbcenter\u00a0\u00bb button_block=\u00a0\u00bbtrue\u00a0\u00bb link=\u00a0\u00bb||target:%20_blank|rel:nofollow\u00a0\u00bb css=\u00a0\u00bb.vc_custom_1572940491293{margin-bottom: -5px !important;}\u00a0\u00bb][vc_single_image image=\u00a0\u00bb18132&Prime; img_size=\u00a0\u00bb350X350&Prime; alignment=\u00a0\u00bbcenter\u00a0\u00bb onclick=\u00a0\u00bblink_image\u00a0\u00bb css=\u00a0\u00bb.vc_custom_1572936034888{margin-bottom: -20px !important;}\u00a0\u00bb][vc_btn title=\u00a0\u00bbHortense Beauharnais Bonaparte avec ses deux fils &#8211; 1811 &#8211; Auteur et lieu de conservation inconnus\u00a0\u00bb shape=\u00a0\u00bbsquare\u00a0\u00bb color=\u00a0\u00bbmulled-wine\u00a0\u00bb align=\u00a0\u00bbcenter\u00a0\u00bb i_align=\u00a0\u00bbright\u00a0\u00bb i_icon_fontawesome=\u00a0\u00bbfa fa-eye\u00a0\u00bb add_icon=\u00a0\u00bbtrue\u00a0\u00bb link=\u00a0\u00bburl:https%3A%2F%2Fcommons.wikimedia.org%2Fwiki%2FCategory%3ANapol%25C3%25A9on_Louis_Bonaparte%23%2Fmedia%2FFile%3AHortense_with_her_children.jpg||target:%20_blank|\u00a0\u00bb css=\u00a0\u00bb.vc_custom_1572936640607{margin-top: -5px !important;}\u00a0\u00bb][\/vc_column][vc_column width=\u00a0\u00bb1\/4&Prime;][vc_btn title=\u00a0\u00bb\u00c0 8 ans\u00a0\u00bb shape=\u00a0\u00bbsquare\u00a0\u00bb color=\u00a0\u00bbmulled-wine\u00a0\u00bb size=\u00a0\u00bbsm\u00a0\u00bb align=\u00a0\u00bbcenter\u00a0\u00bb button_block=\u00a0\u00bbtrue\u00a0\u00bb link=\u00a0\u00bb||target:%20_blank|rel:nofollow\u00a0\u00bb css=\u00a0\u00bb.vc_custom_1572940506139{margin-bottom: -5px !important;}\u00a0\u00bb][vc_single_image image=\u00a0\u00bb18133&Prime; img_size=\u00a0\u00bb350X350&Prime; alignment=\u00a0\u00bbcenter\u00a0\u00bb onclick=\u00a0\u00bblink_image\u00a0\u00bb css=\u00a0\u00bb.vc_custom_1572936051215{margin-bottom: -20px !important;}\u00a0\u00bb][vc_btn title=\u00a0\u00bbLa reine Hortense et ses deux fils &#8211; 1812 &#8211; Marie-El\u00e9onore Godfrond &#8211; Lieu de conservation inconnu\u00a0\u00bb shape=\u00a0\u00bbsquare\u00a0\u00bb color=\u00a0\u00bbmulled-wine\u00a0\u00bb align=\u00a0\u00bbcenter\u00a0\u00bb i_align=\u00a0\u00bbright\u00a0\u00bb i_icon_fontawesome=\u00a0\u00bbfa fa-eye\u00a0\u00bb add_icon=\u00a0\u00bbtrue\u00a0\u00bb link=\u00a0\u00bburl:https%3A%2F%2Fcommons.wikimedia.org%2Fwiki%2FCategory%3ANapol%25C3%25A9on_Louis_Bonaparte%23%2Fmedia%2FFile%3AQueen_Hortense_of_Holland_and_two_sons.jpg||target:%20_blank|\u00a0\u00bb css=\u00a0\u00bb.vc_custom_1572938743584{margin-top: -5px !important;}\u00a0\u00bb][\/vc_column][vc_column width=\u00a0\u00bb1\/4&Prime;][vc_btn title=\u00a0\u00bb\u00c0 10 ans\u00a0\u00bb shape=\u00a0\u00bbsquare\u00a0\u00bb color=\u00a0\u00bbmulled-wine\u00a0\u00bb size=\u00a0\u00bbsm\u00a0\u00bb align=\u00a0\u00bbcenter\u00a0\u00bb button_block=\u00a0\u00bbtrue\u00a0\u00bb link=\u00a0\u00bb||target:%20_blank|rel:nofollow\u00a0\u00bb css=\u00a0\u00bb.vc_custom_1572940517453{margin-bottom: -5px !important;}\u00a0\u00bb][vc_single_image image=\u00a0\u00bb18130&Prime; img_size=\u00a0\u00bb350X350&Prime; alignment=\u00a0\u00bbcenter\u00a0\u00bb onclick=\u00a0\u00bblink_image\u00a0\u00bb css=\u00a0\u00bb.vc_custom_1572936065910{margin-bottom: -20px !important;}\u00a0\u00bb][vc_btn title=\u00a0\u00bbL&rsquo;imp\u00e9ratrice Jos\u00e9phine re\u00e7oit \u00e0 la Malmaison la visite du Tsar Alexandre Ier &#8211; 1814 &#8211; Hector Viger &#8211; Ch\u00e2teau de Malmaison &#8211; Rueil-Malmaison (France) \u00a0\u00bb shape=\u00a0\u00bbsquare\u00a0\u00bb color=\u00a0\u00bbmulled-wine\u00a0\u00bb align=\u00a0\u00bbcenter\u00a0\u00bb i_align=\u00a0\u00bbright\u00a0\u00bb i_icon_fontawesome=\u00a0\u00bbfa fa-eye\u00a0\u00bb add_icon=\u00a0\u00bbtrue\u00a0\u00bb link=\u00a0\u00bburl:https%3A%2F%2Fcommons.wikimedia.org%2Fwiki%2FCategory%3ANapol%25C3%25A9on_Louis_Bonaparte%23%2Fmedia%2FFile%3AHector_Viger_-_L&rsquo;imp%25C3%25A9ratrice_Jos%25C3%25A9phine_re%25C3%25A7oit_%25C3%25A0_la_Malmaison_la_visite_du_Tsar_Alexandre_Ier.jpg||target:%20_blank|\u00a0\u00bb css=\u00a0\u00bb.vc_custom_1572936510308{margin-top: -5px !important;}\u00a0\u00bb][\/vc_column][\/vc_row][vc_row][vc_column width=\u00a0\u00bb1\/4&Prime;][vc_btn title=\u00a0\u00bbVers 15 ans\u00a0\u00bb shape=\u00a0\u00bbsquare\u00a0\u00bb color=\u00a0\u00bbmulled-wine\u00a0\u00bb size=\u00a0\u00bbsm\u00a0\u00bb align=\u00a0\u00bbcenter\u00a0\u00bb button_block=\u00a0\u00bbtrue\u00a0\u00bb link=\u00a0\u00bb||target:%20_blank|rel:nofollow\u00a0\u00bb css=\u00a0\u00bb.vc_custom_1572940535965{margin-bottom: -5px !important;}\u00a0\u00bb][vc_single_image image=\u00a0\u00bb18128&Prime; img_size=\u00a0\u00bb350X350&Prime; alignment=\u00a0\u00bbcenter\u00a0\u00bb onclick=\u00a0\u00bblink_image\u00a0\u00bb css=\u00a0\u00bb.vc_custom_1572936091276{margin-bottom: -20px !important;}\u00a0\u00bb][vc_btn title=\u00a0\u00bbNapol\u00e9on-Louis Bonaparte &#8211; Felix Cottrau &#8211; Ch\u00e2teau de Malmaison, Rueil-Malmaison (France)\u00a0\u00bb shape=\u00a0\u00bbsquare\u00a0\u00bb color=\u00a0\u00bbmulled-wine\u00a0\u00bb align=\u00a0\u00bbcenter\u00a0\u00bb i_align=\u00a0\u00bbright\u00a0\u00bb i_icon_fontawesome=\u00a0\u00bbfa fa-eye\u00a0\u00bb add_icon=\u00a0\u00bbtrue\u00a0\u00bb link=\u00a0\u00bburl:https%3A%2F%2Fcommons.wikimedia.org%2Fwiki%2FCategory%3ANapol%25C3%25A9on_Louis_Bonaparte%23%2Fmedia%2FFile%3ACottrau_-_Napol%25C3%25A9on-Louis_Bonaparte_(1804-1831).jpg||target:%20_blank|\u00a0\u00bb css=\u00a0\u00bb.vc_custom_1572936425346{margin-top: -5px !important;}\u00a0\u00bb][\/vc_column][vc_column width=\u00a0\u00bb1\/4&Prime;][vc_btn title=\u00a0\u00bbVers 15 ans\u00a0\u00bb shape=\u00a0\u00bbsquare\u00a0\u00bb color=\u00a0\u00bbmulled-wine\u00a0\u00bb size=\u00a0\u00bbsm\u00a0\u00bb align=\u00a0\u00bbcenter\u00a0\u00bb button_block=\u00a0\u00bbtrue\u00a0\u00bb link=\u00a0\u00bb||target:%20_blank|rel:nofollow\u00a0\u00bb css=\u00a0\u00bb.vc_custom_1572940543618{margin-bottom: -5px !important;}\u00a0\u00bb][vc_single_image image=\u00a0\u00bb18131&Prime; img_size=\u00a0\u00bb350X350&Prime; alignment=\u00a0\u00bbcenter\u00a0\u00bb onclick=\u00a0\u00bblink_image\u00a0\u00bb css=\u00a0\u00bb.vc_custom_1572936104578{margin-bottom: -20px !important;}\u00a0\u00bb][vc_btn title=\u00a0\u00bb Louis Bonaparte, et son fils Louis-Napol\u00e9on &#8211; Jean-Baptiste Wicar &#8211; Date et lieu de Conservation inconnu\u00a0\u00bb shape=\u00a0\u00bbsquare\u00a0\u00bb color=\u00a0\u00bbmulled-wine\u00a0\u00bb align=\u00a0\u00bbcenter\u00a0\u00bb i_align=\u00a0\u00bbright\u00a0\u00bb i_icon_fontawesome=\u00a0\u00bbfa fa-eye\u00a0\u00bb add_icon=\u00a0\u00bbtrue\u00a0\u00bb link=\u00a0\u00bburl:https%3A%2F%2Fcommons.wikimedia.org%2Fwiki%2FCategory%3ANapol%25C3%25A9on_Louis_Bonaparte%23%2Fmedia%2FFile%3APortrait_of_Louis_Bonapart.jpg||target:%20_blank|\u00a0\u00bb css=\u00a0\u00bb.vc_custom_1572936929515{margin-top: -5px !important;}\u00a0\u00bb][\/vc_column][vc_column width=\u00a0\u00bb1\/4&Prime;][vc_btn title=\u00a0\u00bbVers 27 ans\u00a0\u00bb shape=\u00a0\u00bbsquare\u00a0\u00bb color=\u00a0\u00bbmulled-wine\u00a0\u00bb size=\u00a0\u00bbsm\u00a0\u00bb align=\u00a0\u00bbcenter\u00a0\u00bb button_block=\u00a0\u00bbtrue\u00a0\u00bb link=\u00a0\u00bb||target:%20_blank|rel:nofollow\u00a0\u00bb css=\u00a0\u00bb.vc_custom_1572940558815{margin-bottom: -5px !important;}\u00a0\u00bb][vc_single_image image=\u00a0\u00bb18129&Prime; img_size=\u00a0\u00bb350X350&Prime; alignment=\u00a0\u00bbcenter\u00a0\u00bb onclick=\u00a0\u00bblink_image\u00a0\u00bb css=\u00a0\u00bb.vc_custom_1572936116727{margin-bottom: -20px !important;}\u00a0\u00bb][vc_btn title=\u00a0\u00bbPortrait posthume du prince Napol\u00e9on-Louis Bonaparte &#8211; Jean Baptiste Fortun\u00e9 de Fournier &#8211; Ch\u00e2teau de Malmaison, Rueil-Malmaison (France)\u00a0\u00bb shape=\u00a0\u00bbsquare\u00a0\u00bb color=\u00a0\u00bbmulled-wine\u00a0\u00bb align=\u00a0\u00bbcenter\u00a0\u00bb i_align=\u00a0\u00bbright\u00a0\u00bb i_icon_fontawesome=\u00a0\u00bbfa fa-eye\u00a0\u00bb add_icon=\u00a0\u00bbtrue\u00a0\u00bb link=\u00a0\u00bburl:https%3A%2F%2Fcommons.wikimedia.org%2Fwiki%2FCategory%3ANapol%25C3%25A9on_Louis_Bonaparte%23%2Fmedia%2FFile%3ANapol%25C3%25A9on_Louis_Bonaparte_(1804-1831).jpg||target:%20_blank|\u00a0\u00bb css=\u00a0\u00bb.vc_custom_1572936776699{margin-top: -5px !important;}\u00a0\u00bb][\/vc_column][vc_column width=\u00a0\u00bb1\/4&Prime;][vc_btn title=\u00a0\u00bbLouis-Napol\u00e9on Bonaparte est d\u00e9c\u00e9d\u00e9 \u00e0 27 ans &#8211; Voir sa s\u00e9pulture\u00a0\u00bb shape=\u00a0\u00bbsquare\u00a0\u00bb color=\u00a0\u00bbmulled-wine\u00a0\u00bb align=\u00a0\u00bbcenter\u00a0\u00bb i_align=\u00a0\u00bbright\u00a0\u00bb i_icon_fontawesome=\u00a0\u00bbfa fa-eye\u00a0\u00bb add_icon=\u00a0\u00bbtrue\u00a0\u00bb link=\u00a0\u00bburl:http%3A%2F%2Faline-voinot.com%2Findex.php%2Fsepulture-de-napoleon-louis-bonaparte%2F||target:%20_blank|\u00a0\u00bb css=\u00a0\u00bb.vc_custom_1572936236445{margin-top: -5px !important;}\u00a0\u00bb][\/vc_column][\/vc_row]<\/p>\n","protected":false},"excerpt":{"rendered":"<p>[vc_row full_width=\u00a0\u00bbstretch_row\u00a0\u00bb css=\u00a0\u00bb.vc_custom_1513000693114{background-color: #272727 !important;}\u00a0\u00bb][vc_column width=\u00a0\u00bb1\/4&Prime;][vc_single_image image=\u00a0\u00bb1638&Prime; img_size=\u00a0\u00bb250 x 295&Prime; alignment=\u00a0\u00bbcenter\u00a0\u00bb][\/vc_column][vc_column width=\u00a0\u00bb1\/4&Prime;][vc_column_text css=\u00a0\u00bb.vc_custom_1546179012863{margin-bottom: -10px !important;}\u00a0\u00bb] Paris (1804) &#8211; Forli, Italie (1831) d\u00e9c\u00e9d\u00e9 \u00e0 27 ans H\u00e9ritier du tr\u00f4ne imp\u00e9rial fran\u00e7ais Roi de Hollande, Grand-duc de Berg Fran\u00e7ais [\/vc_column_text][vc_row_inner css=\u00a0\u00bb.vc_custom_1546179040333{margin-top: 32px<\/p>\n","protected":false},"author":1,"featured_media":0,"parent":0,"menu_order":0,"comment_status":"closed","ping_status":"closed","template":"","meta":{"footnotes":""},"class_list":["post-2654","page","type-page","status-publish","hentry"],"yoast_head":"<!-- This site is optimized with the Yoast SEO plugin v22.8 - https:\/\/yoast.com\/wordpress\/plugins\/seo\/ -->\n<title>Napol\u00e9on Louis Bonaparte - L&#039;Histoire est un roman...<\/title>\n<meta name=\"robots\" content=\"index, follow, max-snippet:-1, max-image-preview:large, max-video-preview:-1\" \/>\n<link rel=\"canonical\" href=\"https:\/\/aline-voinot.com\/index.php\/napoleon-louis-bonaparte\/\" \/>\n<meta property=\"og:locale\" content=\"fr_FR\" \/>\n<meta property=\"og:type\" content=\"article\" \/>\n<meta property=\"og:title\" content=\"Napol\u00e9on Louis Bonaparte - L&#039;Histoire est un roman...\" \/>\n<meta property=\"og:description\" content=\"[vc_row full_width=\u00a0\u00bbstretch_row\u00a0\u00bb css=\u00a0\u00bb.vc_custom_1513000693114{background-color: #272727 !important;}\u00a0\u00bb][vc_column width=\u00a0\u00bb1\/4&Prime;][vc_single_image image=\u00a0\u00bb1638&Prime; img_size=\u00a0\u00bb250 x 295&Prime; alignment=\u00a0\u00bbcenter\u00a0\u00bb][\/vc_column][vc_column width=\u00a0\u00bb1\/4&Prime;][vc_column_text css=\u00a0\u00bb.vc_custom_1546179012863{margin-bottom: -10px !important;}\u00a0\u00bb] Paris (1804) &#8211; Forli, Italie (1831) d\u00e9c\u00e9d\u00e9 \u00e0 27 ans H\u00e9ritier du tr\u00f4ne imp\u00e9rial fran\u00e7ais Roi de Hollande, Grand-duc de Berg Fran\u00e7ais [\/vc_column_text][vc_row_inner css=\u00a0\u00bb.vc_custom_1546179040333{margin-top: 32px\" \/>\n<meta property=\"og:url\" content=\"https:\/\/aline-voinot.com\/index.php\/napoleon-louis-bonaparte\/\" \/>\n<meta property=\"og:site_name\" content=\"L&#039;Histoire est un roman...\" \/>\n<meta property=\"article:modified_time\" content=\"2019-11-05T08:00:08+00:00\" \/>\n<meta name=\"twitter:card\" content=\"summary_large_image\" \/>\n<meta name=\"twitter:label1\" content=\"Dur\u00e9e de lecture estim\u00e9e\" \/>\n\t<meta name=\"twitter:data1\" content=\"7 minutes\" \/>\n<script type=\"application\/ld+json\" class=\"yoast-schema-graph\">{\"@context\":\"https:\/\/schema.org\",\"@graph\":[{\"@type\":\"WebPage\",\"@id\":\"https:\/\/aline-voinot.com\/index.php\/napoleon-louis-bonaparte\/\",\"url\":\"https:\/\/aline-voinot.com\/index.php\/napoleon-louis-bonaparte\/\",\"name\":\"Napol\u00e9on Louis Bonaparte - L&#039;Histoire est un roman...\",\"isPartOf\":{\"@id\":\"https:\/\/aline-voinot.com\/#website\"},\"datePublished\":\"2018-02-24T19:53:16+00:00\",\"dateModified\":\"2019-11-05T08:00:08+00:00\",\"breadcrumb\":{\"@id\":\"https:\/\/aline-voinot.com\/index.php\/napoleon-louis-bonaparte\/#breadcrumb\"},\"inLanguage\":\"fr-FR\",\"potentialAction\":[{\"@type\":\"ReadAction\",\"target\":[\"https:\/\/aline-voinot.com\/index.php\/napoleon-louis-bonaparte\/\"]}]},{\"@type\":\"BreadcrumbList\",\"@id\":\"https:\/\/aline-voinot.com\/index.php\/napoleon-louis-bonaparte\/#breadcrumb\",\"itemListElement\":[{\"@type\":\"ListItem\",\"position\":1,\"name\":\"Accueil\",\"item\":\"https:\/\/aline-voinot.com\/\"},{\"@type\":\"ListItem\",\"position\":2,\"name\":\"Napol\u00e9on Louis Bonaparte\"}]},{\"@type\":\"WebSite\",\"@id\":\"https:\/\/aline-voinot.com\/#website\",\"url\":\"https:\/\/aline-voinot.com\/\",\"name\":\"L&#039;Histoire est un roman...\",\"description\":\"&quot;Destins connus, destins crois\u00e9s&quot; la premi\u00e8re encyclop\u00e9die romanc\u00e9e...\",\"potentialAction\":[{\"@type\":\"SearchAction\",\"target\":{\"@type\":\"EntryPoint\",\"urlTemplate\":\"https:\/\/aline-voinot.com\/?s={search_term_string}\"},\"query-input\":\"required name=search_term_string\"}],\"inLanguage\":\"fr-FR\"}]}<\/script>\n<!-- \/ Yoast SEO plugin. -->","yoast_head_json":{"title":"Napol\u00e9on Louis Bonaparte - L&#039;Histoire est un roman...","robots":{"index":"index","follow":"follow","max-snippet":"max-snippet:-1","max-image-preview":"max-image-preview:large","max-video-preview":"max-video-preview:-1"},"canonical":"https:\/\/aline-voinot.com\/index.php\/napoleon-louis-bonaparte\/","og_locale":"fr_FR","og_type":"article","og_title":"Napol\u00e9on Louis Bonaparte - L&#039;Histoire est un roman...","og_description":"[vc_row full_width=\u00a0\u00bbstretch_row\u00a0\u00bb css=\u00a0\u00bb.vc_custom_1513000693114{background-color: #272727 !important;}\u00a0\u00bb][vc_column width=\u00a0\u00bb1\/4&Prime;][vc_single_image image=\u00a0\u00bb1638&Prime; img_size=\u00a0\u00bb250 x 295&Prime; alignment=\u00a0\u00bbcenter\u00a0\u00bb][\/vc_column][vc_column width=\u00a0\u00bb1\/4&Prime;][vc_column_text css=\u00a0\u00bb.vc_custom_1546179012863{margin-bottom: -10px !important;}\u00a0\u00bb] Paris (1804) &#8211; Forli, Italie (1831) d\u00e9c\u00e9d\u00e9 \u00e0 27 ans H\u00e9ritier du tr\u00f4ne imp\u00e9rial fran\u00e7ais Roi de Hollande, Grand-duc de Berg Fran\u00e7ais [\/vc_column_text][vc_row_inner css=\u00a0\u00bb.vc_custom_1546179040333{margin-top: 32px","og_url":"https:\/\/aline-voinot.com\/index.php\/napoleon-louis-bonaparte\/","og_site_name":"L&#039;Histoire est un roman...","article_modified_time":"2019-11-05T08:00:08+00:00","twitter_card":"summary_large_image","twitter_misc":{"Dur\u00e9e de lecture estim\u00e9e":"7 minutes"},"schema":{"@context":"https:\/\/schema.org","@graph":[{"@type":"WebPage","@id":"https:\/\/aline-voinot.com\/index.php\/napoleon-louis-bonaparte\/","url":"https:\/\/aline-voinot.com\/index.php\/napoleon-louis-bonaparte\/","name":"Napol\u00e9on Louis Bonaparte - L&#039;Histoire est un roman...","isPartOf":{"@id":"https:\/\/aline-voinot.com\/#website"},"datePublished":"2018-02-24T19:53:16+00:00","dateModified":"2019-11-05T08:00:08+00:00","breadcrumb":{"@id":"https:\/\/aline-voinot.com\/index.php\/napoleon-louis-bonaparte\/#breadcrumb"},"inLanguage":"fr-FR","potentialAction":[{"@type":"ReadAction","target":["https:\/\/aline-voinot.com\/index.php\/napoleon-louis-bonaparte\/"]}]},{"@type":"BreadcrumbList","@id":"https:\/\/aline-voinot.com\/index.php\/napoleon-louis-bonaparte\/#breadcrumb","itemListElement":[{"@type":"ListItem","position":1,"name":"Accueil","item":"https:\/\/aline-voinot.com\/"},{"@type":"ListItem","position":2,"name":"Napol\u00e9on Louis Bonaparte"}]},{"@type":"WebSite","@id":"https:\/\/aline-voinot.com\/#website","url":"https:\/\/aline-voinot.com\/","name":"L&#039;Histoire est un roman...","description":"&quot;Destins connus, destins crois\u00e9s&quot; la premi\u00e8re encyclop\u00e9die romanc\u00e9e...","potentialAction":[{"@type":"SearchAction","target":{"@type":"EntryPoint","urlTemplate":"https:\/\/aline-voinot.com\/?s={search_term_string}"},"query-input":"required name=search_term_string"}],"inLanguage":"fr-FR"}]}},"_links":{"self":[{"href":"https:\/\/aline-voinot.com\/index.php\/wp-json\/wp\/v2\/pages\/2654","targetHints":{"allow":["GET"]}}],"collection":[{"href":"https:\/\/aline-voinot.com\/index.php\/wp-json\/wp\/v2\/pages"}],"about":[{"href":"https:\/\/aline-voinot.com\/index.php\/wp-json\/wp\/v2\/types\/page"}],"author":[{"embeddable":true,"href":"https:\/\/aline-voinot.com\/index.php\/wp-json\/wp\/v2\/users\/1"}],"replies":[{"embeddable":true,"href":"https:\/\/aline-voinot.com\/index.php\/wp-json\/wp\/v2\/comments?post=2654"}],"version-history":[{"count":0,"href":"https:\/\/aline-voinot.com\/index.php\/wp-json\/wp\/v2\/pages\/2654\/revisions"}],"wp:attachment":[{"href":"https:\/\/aline-voinot.com\/index.php\/wp-json\/wp\/v2\/media?parent=2654"}],"curies":[{"name":"wp","href":"https:\/\/api.w.org\/{rel}","templated":true}]}}