{"id":3120,"date":"2018-02-27T16:06:13","date_gmt":"2018-02-27T15:06:13","guid":{"rendered":"http:\/\/aline-voinot.com\/?page_id=3120"},"modified":"2022-12-12T14:16:10","modified_gmt":"2022-12-12T13:16:10","slug":"george-iv","status":"publish","type":"page","link":"https:\/\/aline-voinot.com\/index.php\/george-iv\/","title":{"rendered":"George IV, George Augustus Frederick, Roi du Royaume-Uni"},"content":{"rendered":"<p>[vc_row full_width=\u00a0\u00bbstretch_row\u00a0\u00bb css=\u00a0\u00bb.vc_custom_1513000693114{background-color: #272727 !important;}\u00a0\u00bb][vc_column width=\u00a0\u00bb1\/4&Prime;][vc_single_image image=\u00a0\u00bb1672&Prime; img_size=\u00a0\u00bb250 x 295&Prime; alignment=\u00a0\u00bbcenter\u00a0\u00bb][\/vc_column][vc_column width=\u00a0\u00bb1\/4&Prime;][vc_column_text css=\u00a0\u00bb.vc_custom_1546251528667{margin-bottom: -10px !important;}\u00a0\u00bb]<\/p>\n<h6><span style=\"color: #999999;\">Palais Saint-James (1762) &#8211; Chateau de Windsor, Royaume-Uni (1830), d\u00e9c\u00e9d\u00e9 \u00e0 68 ans<\/span><\/h6>\n<h6><span style=\"color: #999999;\">Prince h\u00e9ritier du Royaume-Uni, R\u00e9gent du Royaume-Uni, Roi du Royaume-Uni et de Hanovre<\/span><\/h6>\n<h6><span style=\"color: #999999;\">Britannique<\/span><\/h6>\n<p>[\/vc_column_text][vc_row_inner css=\u00a0\u00bb.vc_custom_1546251559334{margin-top: 25px !important;}\u00a0\u00bb][vc_column_inner width=\u00a0\u00bb1\/4&Prime;][vc_btn title=\u00a0\u00bbTome 1&Prime; color=\u00a0\u00bbdanger\u00a0\u00bb size=\u00a0\u00bbsm\u00a0\u00bb][\/vc_column_inner][vc_column_inner width=\u00a0\u00bb1\/4&Prime;][vc_btn title=\u00a0\u00bbTome 2&Prime; color=\u00a0\u00bbprimary\u00a0\u00bb size=\u00a0\u00bbsm\u00a0\u00bb][\/vc_column_inner][vc_column_inner width=\u00a0\u00bb1\/4&Prime;][vc_btn title=\u00a0\u00bbTome 3&Prime; color=\u00a0\u00bbgreen\u00a0\u00bb size=\u00a0\u00bbsm\u00a0\u00bb][\/vc_column_inner][vc_column_inner width=\u00a0\u00bb1\/4&Prime;][vc_btn title=\u00a0\u00bbTome 4&Prime; color=\u00a0\u00bbwarning\u00a0\u00bb size=\u00a0\u00bbsm\u00a0\u00bb][\/vc_column_inner][\/vc_row_inner][\/vc_column][vc_column width=\u00a0\u00bb1\/4&Prime;][vc_btn title=\u00a0\u00bbPortraits\u00a0\u00bb color=\u00a0\u00bbdanger\u00a0\u00bb size=\u00a0\u00bblg\u00a0\u00bb align=\u00a0\u00bbcenter\u00a0\u00bb button_block=\u00a0\u00bbtrue\u00a0\u00bb link=\u00a0\u00bburl:http%3A%2F%2Faline-voinot.com%2Findex.php%2Fgeorge-iv%2F|||\u00a0\u00bb][vc_btn title=\u00a0\u00bbR\u00e9sidences\u00a0\u00bb size=\u00a0\u00bblg\u00a0\u00bb align=\u00a0\u00bbcenter\u00a0\u00bb button_block=\u00a0\u00bbtrue\u00a0\u00bb link=\u00a0\u00bburl:http%3A%2F%2Faline-voinot.com%2Findex.php%2Fresidences-de-george-iv%2F|||\u00a0\u00bb][vc_btn title=\u00a0\u00bbR\u00e9seau Social\u00a0\u00bb size=\u00a0\u00bblg\u00a0\u00bb align=\u00a0\u00bbcenter\u00a0\u00bb button_block=\u00a0\u00bbtrue\u00a0\u00bb link=\u00a0\u00bburl:http%3A%2F%2Faline-voinot.com%2Findex.php%2Freseau-social-de-george-iv%2F|||\u00a0\u00bb][vc_btn title=\u00a0\u00bbG\u00e9n\u00e9alogie\u00a0\u00bb size=\u00a0\u00bblg\u00a0\u00bb align=\u00a0\u00bbcenter\u00a0\u00bb button_block=\u00a0\u00bbtrue\u00a0\u00bb link=\u00a0\u00bburl:http%3A%2F%2Faline-voinot.com%2Findex.php%2Fgenealogie-de-george-iv%2F|||\u00a0\u00bb][\/vc_column][vc_column width=\u00a0\u00bb1\/4&Prime;][vc_btn title=\u00a0\u00bb\u0152uvres\u00a0\u00bb size=\u00a0\u00bblg\u00a0\u00bb align=\u00a0\u00bbcenter\u00a0\u00bb button_block=\u00a0\u00bbtrue\u00a0\u00bb link=\u00a0\u00bburl:http%3A%2F%2Faline-voinot.com%2Findex.php%2Foeuvres-de-george-iv%2F|||\u00a0\u00bb][vc_btn title=\u00a0\u00bbS\u00e9pulture\u00a0\u00bb size=\u00a0\u00bblg\u00a0\u00bb align=\u00a0\u00bbcenter\u00a0\u00bb button_block=\u00a0\u00bbtrue\u00a0\u00bb link=\u00a0\u00bburl:http%3A%2F%2Faline-voinot.com%2Findex.php%2Fsepulture-de-george-iv%2F|||\u00a0\u00bb][vc_btn title=\u00a0\u00bbWikipedia\u00a0\u00bb size=\u00a0\u00bblg\u00a0\u00bb align=\u00a0\u00bbcenter\u00a0\u00bb button_block=\u00a0\u00bbtrue\u00a0\u00bb link=\u00a0\u00bburl:https%3A%2F%2Ffr.wikipedia.org%2Fwiki%2FGeorge_IV||target:%20_blank|rel:nofollow\u00a0\u00bb][vc_btn title=\u00a0\u00bbH\u00e9ritage\u00a0\u00bb size=\u00a0\u00bblg\u00a0\u00bb align=\u00a0\u00bbcenter\u00a0\u00bb button_block=\u00a0\u00bbtrue\u00a0\u00bb link=\u00a0\u00bburl:http%3A%2F%2Faline-voinot.com%2Findex.php%2Fheritage-de-george-iv%2F|||\u00a0\u00bb][\/vc_column][\/vc_row][vc_row][vc_column][\/vc_column][\/vc_row][vc_row][vc_column width=\u00a0\u00bb1\/4&Prime;][vc_btn title=\u00a0\u00bbVers 6 ans\u00a0\u00bb shape=\u00a0\u00bbsquare\u00a0\u00bb color=\u00a0\u00bbmulled-wine\u00a0\u00bb size=\u00a0\u00bbsm\u00a0\u00bb align=\u00a0\u00bbcenter\u00a0\u00bb button_block=\u00a0\u00bbtrue\u00a0\u00bb link=\u00a0\u00bb||target:%20_blank|rel:nofollow\u00a0\u00bb css=\u00a0\u00bb.vc_custom_1670803555097{margin-bottom: -5px !important;}\u00a0\u00bb][vc_single_image image=\u00a0\u00bb33974&Prime; img_size=\u00a0\u00bb350X350&Prime; alignment=\u00a0\u00bbcenter\u00a0\u00bb onclick=\u00a0\u00bblink_image\u00a0\u00bb css=\u00a0\u00bb.vc_custom_1670799548063{margin-bottom: -20px !important;}\u00a0\u00bb][vc_btn title=\u00a0\u00bbGeorge III, la reine Charlotte et leurs six enfants a\u00een\u00e9s &#8211; 1770 &#8211; Johan Zoffany &#8211; Royal Collection (Royaume-Uni)\u00a0\u00bb shape=\u00a0\u00bbsquare\u00a0\u00bb color=\u00a0\u00bbmulled-wine\u00a0\u00bb align=\u00a0\u00bbcenter\u00a0\u00bb i_align=\u00a0\u00bbright\u00a0\u00bb i_icon_fontawesome=\u00a0\u00bbfa fa-eye\u00a0\u00bb add_icon=\u00a0\u00bbtrue\u00a0\u00bb link=\u00a0\u00bburl:https%3A%2F%2Fcommons.wikimedia.org%2Fwiki%2FFile%3AGeorge_III%2C_Queen_Charlotte_and_their_Six_Eldest_Children.png%23%2Fmedia%2FFile%3AGeorge_III%2C_Queen_Charlotte_and_their_Six_Eldest_Children.png||target:%20_blank|\u00a0\u00bb css=\u00a0\u00bb.vc_custom_1670800426673{margin-top: -5px !important;}\u00a0\u00bb][\/vc_column][vc_column width=\u00a0\u00bb1\/4&Prime;][vc_btn title=\u00a0\u00bbVers 14 ans\u00a0\u00bb shape=\u00a0\u00bbsquare\u00a0\u00bb color=\u00a0\u00bbmulled-wine\u00a0\u00bb size=\u00a0\u00bbsm\u00a0\u00bb align=\u00a0\u00bbcenter\u00a0\u00bb button_block=\u00a0\u00bbtrue\u00a0\u00bb link=\u00a0\u00bb||target:%20_blank|rel:nofollow\u00a0\u00bb css=\u00a0\u00bb.vc_custom_1670803544026{margin-bottom: -5px !important;}\u00a0\u00bb][vc_single_image image=\u00a0\u00bb33961&Prime; img_size=\u00a0\u00bb350X350&Prime; alignment=\u00a0\u00bbcenter\u00a0\u00bb onclick=\u00a0\u00bblink_image\u00a0\u00bb css=\u00a0\u00bb.vc_custom_1670800143930{margin-bottom: -20px !important;}\u00a0\u00bb][vc_btn title=\u00a0\u00bbLe prince George, alors prince de Galles &#8211; Date, auteur et lieu de conservation inconnus\u00a0\u00bb shape=\u00a0\u00bbsquare\u00a0\u00bb color=\u00a0\u00bbmulled-wine\u00a0\u00bb align=\u00a0\u00bbcenter\u00a0\u00bb i_align=\u00a0\u00bbright\u00a0\u00bb i_icon_fontawesome=\u00a0\u00bbfa fa-eye\u00a0\u00bb add_icon=\u00a0\u00bbtrue\u00a0\u00bb link=\u00a0\u00bburl:https%3A%2F%2Fcommons.wikimedia.org%2Fwiki%2FFile%3APrince_george_(George_IV)_in_order_of_the_garter_robes.jpg%23%2Fmedia%2FFile%3APrince_george_(George_IV)_in_order_of_the_garter_robes.jpg||target:%20_blank|\u00a0\u00bb css=\u00a0\u00bb.vc_custom_1670802971452{margin-top: -5px !important;}\u00a0\u00bb][\/vc_column][vc_column width=\u00a0\u00bb1\/4&Prime;][vc_btn title=\u00a0\u00bbVers 17 ans\u00a0\u00bb shape=\u00a0\u00bbsquare\u00a0\u00bb color=\u00a0\u00bbmulled-wine\u00a0\u00bb size=\u00a0\u00bbsm\u00a0\u00bb align=\u00a0\u00bbcenter\u00a0\u00bb button_block=\u00a0\u00bbtrue\u00a0\u00bb link=\u00a0\u00bb||target:%20_blank|rel:nofollow\u00a0\u00bb css=\u00a0\u00bb.vc_custom_1670803532951{margin-bottom: -5px !important;}\u00a0\u00bb][vc_single_image image=\u00a0\u00bb21551&Prime; img_size=\u00a0\u00bb350X350&Prime; alignment=\u00a0\u00bbcenter\u00a0\u00bb onclick=\u00a0\u00bblink_image\u00a0\u00bb css=\u00a0\u00bb.vc_custom_1589210800971{margin-bottom: -20px !important;}\u00a0\u00bb][vc_btn title=\u00a0\u00bbLe prince George de Galles &#8211; 1781 &#8211; Richard Cosway &#8211;  National Portrait Gallery, Londres (Royaume-Uni)\u00a0\u00bb shape=\u00a0\u00bbsquare\u00a0\u00bb color=\u00a0\u00bbmulled-wine\u00a0\u00bb align=\u00a0\u00bbcenter\u00a0\u00bb i_align=\u00a0\u00bbright\u00a0\u00bb i_icon_fontawesome=\u00a0\u00bbfa fa-eye\u00a0\u00bb add_icon=\u00a0\u00bbtrue\u00a0\u00bb link=\u00a0\u00bburl:https%3A%2F%2Ffr.wikipedia.org%2Fwiki%2FGeorge_IV%23%2Fmedia%2FFichier%3AGeorgeIV1780.jpg||target:%20_blank|\u00a0\u00bb css=\u00a0\u00bb.vc_custom_1670794338985{margin-top: -5px !important;}\u00a0\u00bb][\/vc_column][vc_column width=\u00a0\u00bb1\/4&Prime;][vc_btn title=\u00a0\u00bbVers 21 ans\u00a0\u00bb shape=\u00a0\u00bbsquare\u00a0\u00bb color=\u00a0\u00bbmulled-wine\u00a0\u00bb size=\u00a0\u00bbsm\u00a0\u00bb align=\u00a0\u00bbcenter\u00a0\u00bb button_block=\u00a0\u00bbtrue\u00a0\u00bb link=\u00a0\u00bb||target:%20_blank|rel:nofollow\u00a0\u00bb css=\u00a0\u00bb.vc_custom_1670803517886{margin-bottom: -5px !important;}\u00a0\u00bb][vc_single_image image=\u00a0\u00bb33970&Prime; img_size=\u00a0\u00bb350X350&Prime; alignment=\u00a0\u00bbcenter\u00a0\u00bb onclick=\u00a0\u00bblink_image\u00a0\u00bb css=\u00a0\u00bb.vc_custom_1670799790237{margin-bottom: -20px !important;}\u00a0\u00bb][vc_btn title=\u00a0\u00bbGeorge IV comme prince de Galles &#8211; 1781 &#8211; Gainsborough Dupont &#8211; National Gallery of Art, Washington (\u00c9tats-Unis)\u00a0\u00bb shape=\u00a0\u00bbsquare\u00a0\u00bb color=\u00a0\u00bbmulled-wine\u00a0\u00bb align=\u00a0\u00bbcenter\u00a0\u00bb i_align=\u00a0\u00bbright\u00a0\u00bb i_icon_fontawesome=\u00a0\u00bbfa fa-eye\u00a0\u00bb add_icon=\u00a0\u00bbtrue\u00a0\u00bb link=\u00a0\u00bburl:https%3A%2F%2Fcommons.wikimedia.org%2Fwiki%2FFile%3AGeorge_IV_as_Prince_of_Wales_F-000102.jpg%23%2Fmedia%2FFile%3AGeorge_IV_as_Prince_of_Wales_F-000102.jpg||target:%20_blank|\u00a0\u00bb css=\u00a0\u00bb.vc_custom_1670800534241{margin-top: -5px !important;}\u00a0\u00bb][\/vc_column][\/vc_row][vc_row][vc_column width=\u00a0\u00bb1\/4&Prime;][vc_btn title=\u00a0\u00bbVers 25 ans\u00a0\u00bb shape=\u00a0\u00bbsquare\u00a0\u00bb color=\u00a0\u00bbmulled-wine\u00a0\u00bb size=\u00a0\u00bbsm\u00a0\u00bb align=\u00a0\u00bbcenter\u00a0\u00bb button_block=\u00a0\u00bbtrue\u00a0\u00bb link=\u00a0\u00bb||target:%20_blank|rel:nofollow\u00a0\u00bb css=\u00a0\u00bb.vc_custom_1670803503618{margin-bottom: -5px !important;}\u00a0\u00bb][vc_single_image image=\u00a0\u00bb33971&Prime; img_size=\u00a0\u00bb350X350&Prime; alignment=\u00a0\u00bbcenter\u00a0\u00bb onclick=\u00a0\u00bblink_image\u00a0\u00bb css=\u00a0\u00bb.vc_custom_1670799439317{margin-bottom: -20px !important;}\u00a0\u00bb][vc_btn title=\u00a0\u00bbPortrait de George, Prince de Galle &#8211; 1785 &#8211; Joshua Reynolds &#8211; National Gallery, Londres (Royaume-Uni)\u00a0\u00bb shape=\u00a0\u00bbsquare\u00a0\u00bb color=\u00a0\u00bbmulled-wine\u00a0\u00bb align=\u00a0\u00bbcenter\u00a0\u00bb i_align=\u00a0\u00bbright\u00a0\u00bb i_icon_fontawesome=\u00a0\u00bbfa fa-eye\u00a0\u00bb add_icon=\u00a0\u00bbtrue\u00a0\u00bb link=\u00a0\u00bburl:https%3A%2F%2Fcommons.wikimedia.org%2Fwiki%2FFile%3AJoshua_Reynolds_(1723-1792)_-_George_IV_when_Prince_of_Wales_-_N00890_-_National_Gallery.jpg%23%2Fmedia%2FFile%3AJoshua_Reynolds_(1723-1792)_-_George_IV_when_Prince_of_Wales_-_N00890_-_National_Gallery.jpg||target:%20_blank|\u00a0\u00bb css=\u00a0\u00bb.vc_custom_1670800902920{margin-top: -5px !important;}\u00a0\u00bb][\/vc_column][vc_column width=\u00a0\u00bb1\/4&Prime;][vc_btn title=\u00a0\u00bbVers 27 ans\u00a0\u00bb shape=\u00a0\u00bbsquare\u00a0\u00bb color=\u00a0\u00bbmulled-wine\u00a0\u00bb size=\u00a0\u00bbsm\u00a0\u00bb align=\u00a0\u00bbcenter\u00a0\u00bb button_block=\u00a0\u00bbtrue\u00a0\u00bb link=\u00a0\u00bb||target:%20_blank|rel:nofollow\u00a0\u00bb css=\u00a0\u00bb.vc_custom_1670803486594{margin-bottom: -5px !important;}\u00a0\u00bb][vc_single_image image=\u00a0\u00bb33972&Prime; img_size=\u00a0\u00bb350X350&Prime; alignment=\u00a0\u00bbcenter\u00a0\u00bb onclick=\u00a0\u00bblink_image\u00a0\u00bb css=\u00a0\u00bb.vc_custom_1670799734683{margin-bottom: -20px !important;}\u00a0\u00bb][vc_btn title=\u00a0\u00bbGeorge IV &#8211; 1787 &#8211; Alexandre-Auguste Robineau &#8211; Royal Collection (Royaume-Uni)\u00a0\u00bb shape=\u00a0\u00bbsquare\u00a0\u00bb color=\u00a0\u00bbmulled-wine\u00a0\u00bb align=\u00a0\u00bbcenter\u00a0\u00bb i_align=\u00a0\u00bbright\u00a0\u00bb i_icon_fontawesome=\u00a0\u00bbfa fa-eye\u00a0\u00bb add_icon=\u00a0\u00bbtrue\u00a0\u00bb link=\u00a0\u00bburl:https%3A%2F%2Fcommons.wikimedia.org%2Fwiki%2FFile%3AAlexandre-Auguste_Robineau_(1747-1828)_-_George_IV_(1762-1830)_when_Prince_of_Wales_-_RCIN_405016_-_Royal_Collection.jpg||target:%20_blank|\u00a0\u00bb css=\u00a0\u00bb.vc_custom_1670800932475{margin-top: -5px !important;}\u00a0\u00bb][\/vc_column][vc_column width=\u00a0\u00bb1\/4&Prime;][vc_btn title=\u00a0\u00bbVers 27 ans\u00a0\u00bb shape=\u00a0\u00bbsquare\u00a0\u00bb color=\u00a0\u00bbmulled-wine\u00a0\u00bb size=\u00a0\u00bbsm\u00a0\u00bb align=\u00a0\u00bbcenter\u00a0\u00bb button_block=\u00a0\u00bbtrue\u00a0\u00bb link=\u00a0\u00bb||target:%20_blank|rel:nofollow\u00a0\u00bb css=\u00a0\u00bb.vc_custom_1670803472624{margin-bottom: -5px !important;}\u00a0\u00bb][vc_single_image image=\u00a0\u00bb33973&Prime; img_size=\u00a0\u00bb350X350&Prime; alignment=\u00a0\u00bbcenter\u00a0\u00bb onclick=\u00a0\u00bblink_image\u00a0\u00bb css=\u00a0\u00bb.vc_custom_1670800276504{margin-bottom: -20px !important;}\u00a0\u00bb][vc_btn title=\u00a0\u00bbPortrait de George, Prince de Galle &#8211; 1787 &#8211; Joshua Reynolds &#8211; Royal Collection (Royaume-Uni)\u00a0\u00bb shape=\u00a0\u00bbsquare\u00a0\u00bb color=\u00a0\u00bbmulled-wine\u00a0\u00bb align=\u00a0\u00bbcenter\u00a0\u00bb i_align=\u00a0\u00bbright\u00a0\u00bb i_icon_fontawesome=\u00a0\u00bbfa fa-eye\u00a0\u00bb add_icon=\u00a0\u00bbtrue\u00a0\u00bb link=\u00a0\u00bburl:https%3A%2F%2Fcommons.wikimedia.org%2Fwiki%2FFile%3AAfter_Sir_Joshua_Reynolds_(1723-92)_-_George_IV_(1762-1830)_when_Prince_of_Wales_-_RCIN_406457_-_Royal_Collection.jpg%23%2Fmedia%2FFile%3AAfter_Sir_Joshua_Reynolds_(1723-92)_-_George_IV_(1762-1830)_when_Prince_of_Wales_-_RCIN_406457_-_Royal_Collection.jpg||target:%20_blank|\u00a0\u00bb css=\u00a0\u00bb.vc_custom_1670801057973{margin-top: -5px !important;}\u00a0\u00bb][\/vc_column][vc_column width=\u00a0\u00bb1\/4&Prime;][vc_btn title=\u00a0\u00bbVers 30 ans\u00a0\u00bb shape=\u00a0\u00bbsquare\u00a0\u00bb color=\u00a0\u00bbmulled-wine\u00a0\u00bb size=\u00a0\u00bbsm\u00a0\u00bb align=\u00a0\u00bbcenter\u00a0\u00bb button_block=\u00a0\u00bbtrue\u00a0\u00bb link=\u00a0\u00bb||target:%20_blank|rel:nofollow\u00a0\u00bb css=\u00a0\u00bb.vc_custom_1670803463234{margin-bottom: -5px !important;}\u00a0\u00bb][vc_single_image image=\u00a0\u00bb33967&Prime; img_size=\u00a0\u00bb350X350&Prime; alignment=\u00a0\u00bbcenter\u00a0\u00bb onclick=\u00a0\u00bblink_image\u00a0\u00bb css=\u00a0\u00bb.vc_custom_1670799392042{margin-bottom: -20px !important;}\u00a0\u00bb][vc_btn title=\u00a0\u00bbPortrait du roi George IV &#8211; 1792 &#8211; Richard Cosway &#8211; National Portrait Gallery, Londres (Royaume-Uni)\u00a0\u00bb shape=\u00a0\u00bbsquare\u00a0\u00bb color=\u00a0\u00bbmulled-wine\u00a0\u00bb align=\u00a0\u00bbcenter\u00a0\u00bb i_align=\u00a0\u00bbright\u00a0\u00bb i_icon_fontawesome=\u00a0\u00bbfa fa-eye\u00a0\u00bb add_icon=\u00a0\u00bbtrue\u00a0\u00bb link=\u00a0\u00bburl:https%3A%2F%2Fcommons.wikimedia.org%2Fwiki%2FFile%3AGeorge_IV_1792.jpg%23%2Fmedia%2FFile%3AGeorge_IV_1792.jpg||target:%20_blank|\u00a0\u00bb css=\u00a0\u00bb.vc_custom_1670801320761{margin-top: -5px !important;}\u00a0\u00bb][\/vc_column][\/vc_row][vc_row][vc_column width=\u00a0\u00bb1\/4&Prime;][vc_btn title=\u00a0\u00bbVers 33 ans\u00a0\u00bb shape=\u00a0\u00bbsquare\u00a0\u00bb color=\u00a0\u00bbmulled-wine\u00a0\u00bb size=\u00a0\u00bbsm\u00a0\u00bb align=\u00a0\u00bbcenter\u00a0\u00bb button_block=\u00a0\u00bbtrue\u00a0\u00bb link=\u00a0\u00bb||target:%20_blank|rel:nofollow\u00a0\u00bb css=\u00a0\u00bb.vc_custom_1670803443853{margin-bottom: -5px !important;}\u00a0\u00bb][vc_single_image image=\u00a0\u00bb33966&Prime; img_size=\u00a0\u00bb350X350&Prime; alignment=\u00a0\u00bbcenter\u00a0\u00bb onclick=\u00a0\u00bblink_image\u00a0\u00bb css=\u00a0\u00bb.vc_custom_1670798949192{margin-bottom: -20px !important;}\u00a0\u00bb][vc_btn title=\u00a0\u00bbPortrait du Prince de Galles &#8211; 1798 &#8211; Sir William Beechey &#8211; Royal Academy collection (Royaume-Uni)\u00a0\u00bb shape=\u00a0\u00bbsquare\u00a0\u00bb color=\u00a0\u00bbmulled-wine\u00a0\u00bb align=\u00a0\u00bbcenter\u00a0\u00bb i_align=\u00a0\u00bbright\u00a0\u00bb i_icon_fontawesome=\u00a0\u00bbfa fa-eye\u00a0\u00bb add_icon=\u00a0\u00bbtrue\u00a0\u00bb link=\u00a0\u00bburl:https%3A%2F%2Fcommons.wikimedia.org%2Fwiki%2FFile%3APrince_of_Wales_(later_George_IV)%2C_ca._1798.jpg%23%2Fmedia%2FFile%3APrince_of_Wales_(later_George_IV)%2C_ca._1798.jpg||target:%20_blank|\u00a0\u00bb css=\u00a0\u00bb.vc_custom_1670799009352{margin-top: -5px !important;}\u00a0\u00bb][\/vc_column][vc_column width=\u00a0\u00bb1\/4&Prime;][vc_btn title=\u00a0\u00bbVers 35 ans\u00a0\u00bb shape=\u00a0\u00bbsquare\u00a0\u00bb color=\u00a0\u00bbmulled-wine\u00a0\u00bb size=\u00a0\u00bbsm\u00a0\u00bb align=\u00a0\u00bbcenter\u00a0\u00bb button_block=\u00a0\u00bbtrue\u00a0\u00bb link=\u00a0\u00bb||target:%20_blank|rel:nofollow\u00a0\u00bb css=\u00a0\u00bb.vc_custom_1670803417543{margin-bottom: -5px !important;}\u00a0\u00bb][vc_single_image image=\u00a0\u00bb21563&Prime; img_size=\u00a0\u00bb350X350&Prime; alignment=\u00a0\u00bbcenter\u00a0\u00bb onclick=\u00a0\u00bblink_image\u00a0\u00bb css=\u00a0\u00bb.vc_custom_1589210767890{margin-bottom: -20px !important;}\u00a0\u00bb][vc_btn title=\u00a0\u00bbLe futur roi George IV &#8211; 1809, huile &#8211; John Singleton Copley &#8211; Museum of Fine Arts Boston (\u00c9tats-Unis)\u00a0\u00bb shape=\u00a0\u00bbsquare\u00a0\u00bb color=\u00a0\u00bbmulled-wine\u00a0\u00bb align=\u00a0\u00bbcenter\u00a0\u00bb i_align=\u00a0\u00bbright\u00a0\u00bb i_icon_fontawesome=\u00a0\u00bbfa fa-eye\u00a0\u00bb add_icon=\u00a0\u00bbtrue\u00a0\u00bb link=\u00a0\u00bburl:https%3A%2F%2Ffr.wikipedia.org%2Fwiki%2FGeorge_IV%23%2Fmedia%2FFichier%3AKing_George_IV_1809.jpg||target:%20_blank|\u00a0\u00bb css=\u00a0\u00bb.vc_custom_1670795056790{margin-top: -5px !important;}\u00a0\u00bb][\/vc_column][vc_column width=\u00a0\u00bb1\/4&Prime;][vc_btn title=\u00a0\u00bbVers 35 ans\u00a0\u00bb shape=\u00a0\u00bbsquare\u00a0\u00bb color=\u00a0\u00bbmulled-wine\u00a0\u00bb size=\u00a0\u00bbsm\u00a0\u00bb align=\u00a0\u00bbcenter\u00a0\u00bb button_block=\u00a0\u00bbtrue\u00a0\u00bb link=\u00a0\u00bb||target:%20_blank|rel:nofollow\u00a0\u00bb css=\u00a0\u00bb.vc_custom_1670803417543{margin-bottom: -5px !important;}\u00a0\u00bb][vc_single_image image=\u00a0\u00bb33964&Prime; img_size=\u00a0\u00bb350X350&Prime; alignment=\u00a0\u00bbcenter\u00a0\u00bb onclick=\u00a0\u00bblink_image\u00a0\u00bb css=\u00a0\u00bb.vc_custom_1670799260216{margin-bottom: -20px !important;}\u00a0\u00bb][vc_btn title=\u00a0\u00bbGeorge IV alors que le monarque \u00e9tait encore prince r\u00e9gent &#8211; Thomas Lawrence &#8211; National Gallery of Victoria (Australie)\u00a0\u00bb shape=\u00a0\u00bbsquare\u00a0\u00bb color=\u00a0\u00bbmulled-wine\u00a0\u00bb align=\u00a0\u00bbcenter\u00a0\u00bb i_align=\u00a0\u00bbright\u00a0\u00bb i_icon_fontawesome=\u00a0\u00bbfa fa-eye\u00a0\u00bb add_icon=\u00a0\u00bbtrue\u00a0\u00bb link=\u00a0\u00bburl:https%3A%2F%2Fcommons.wikimedia.org%2Fwiki%2FFile%3APortrait_of_King_George_IV_of_the_United_Kingdom_as_Prince_Regent_(by_Studio_of_Thomas_Lawrence)_-_National_Gallery_of_Victoria%2C_Melbourne.jpg%23%2Fmedia%2FFile%3APortrait_of_King_George_IV_of_the_United_Kingdom_as_Prince_Regent_(by_Studio_of_Thomas_Lawrence)_-_National_Gallery_of_Victoria%2C_Melbourne.jpg||target:%20_blank|\u00a0\u00bb css=\u00a0\u00bb.vc_custom_1670801450909{margin-top: -5px !important;}\u00a0\u00bb][\/vc_column][vc_column width=\u00a0\u00bb1\/4&Prime;][vc_btn title=\u00a0\u00bbVers 37 ans\u00a0\u00bb shape=\u00a0\u00bbsquare\u00a0\u00bb color=\u00a0\u00bbmulled-wine\u00a0\u00bb size=\u00a0\u00bbsm\u00a0\u00bb align=\u00a0\u00bbcenter\u00a0\u00bb button_block=\u00a0\u00bbtrue\u00a0\u00bb link=\u00a0\u00bb||target:%20_blank|rel:nofollow\u00a0\u00bb css=\u00a0\u00bb.vc_custom_1670803407359{margin-bottom: -5px !important;}\u00a0\u00bb][vc_single_image image=\u00a0\u00bb21547&Prime; img_size=\u00a0\u00bb350X350&Prime; alignment=\u00a0\u00bbcenter\u00a0\u00bb onclick=\u00a0\u00bblink_image\u00a0\u00bb css=\u00a0\u00bb.vc_custom_1589210553464{margin-bottom: -20px !important;}\u00a0\u00bb][vc_btn title=\u00a0\u00bbLe roi George IV lorsque le prince r\u00e9gent &#8211; 1816 &#8211; Henry Bone d&rsquo;apr\u00e8s Thomas Lawrence &#8211; Collection priv\u00e9e\u00a0\u00bb shape=\u00a0\u00bbsquare\u00a0\u00bb color=\u00a0\u00bbmulled-wine\u00a0\u00bb align=\u00a0\u00bbcenter\u00a0\u00bb i_align=\u00a0\u00bbright\u00a0\u00bb i_icon_fontawesome=\u00a0\u00bbfa fa-eye\u00a0\u00bb add_icon=\u00a0\u00bbtrue\u00a0\u00bb link=\u00a0\u00bburl:https%3A%2F%2Fcommons.wikimedia.org%2Fwiki%2FFile%3AKing_George_IV_when_Prince_Regent_(1762-1830)%2C_by_Henry_Bone.jpg%23%2Fmedia%2FFile%3AKing_George_IV_when_Prince_Regent_(1762-1830)%2C_by_Henry_Bone.jpg||target:%20_blank|\u00a0\u00bb css=\u00a0\u00bb.vc_custom_1670795499017{margin-top: -5px !important;}\u00a0\u00bb][\/vc_column][\/vc_row][vc_row][vc_column width=\u00a0\u00bb1\/4&Prime;][vc_btn title=\u00a0\u00bbVers 49 ans\u00a0\u00bb shape=\u00a0\u00bbsquare\u00a0\u00bb color=\u00a0\u00bbmulled-wine\u00a0\u00bb size=\u00a0\u00bbsm\u00a0\u00bb align=\u00a0\u00bbcenter\u00a0\u00bb button_block=\u00a0\u00bbtrue\u00a0\u00bb link=\u00a0\u00bb||target:%20_blank|rel:nofollow\u00a0\u00bb css=\u00a0\u00bb.vc_custom_1670803341203{margin-bottom: -5px !important;}\u00a0\u00bb][vc_single_image image=\u00a0\u00bb21564&Prime; img_size=\u00a0\u00bb350X350&Prime; alignment=\u00a0\u00bbcenter\u00a0\u00bb onclick=\u00a0\u00bblink_image\u00a0\u00bb css=\u00a0\u00bb.vc_custom_1589210591653{margin-bottom: -20px !important;}\u00a0\u00bb][vc_btn title=\u00a0\u00bbRoi de Hanovre, roi de Grande-Bretagne et d&rsquo;Irlande &#8211; 1811 &#8211; Auteur inconnu &#8211; Mus\u00e9e de la r\u00e9sidence au ch\u00e2teau de Celle (Allemagne)\u00a0\u00bb shape=\u00a0\u00bbsquare\u00a0\u00bb color=\u00a0\u00bbmulled-wine\u00a0\u00bb align=\u00a0\u00bbcenter\u00a0\u00bb i_align=\u00a0\u00bbright\u00a0\u00bb i_icon_fontawesome=\u00a0\u00bbfa fa-eye\u00a0\u00bb add_icon=\u00a0\u00bbtrue\u00a0\u00bb link=\u00a0\u00bburl:https%3A%2F%2Fde.wikipedia.org%2Fwiki%2FDatei%3AGeorg_IV._(Vereinigtes_K%25C3%25B6nigreich)%40Residenzmuseum_Celle20160708.jpg%23%2Fmedia%2FDatei%3AGeorg_IV._(Vereinigtes_K%25C3%25B6nigreich)%40Residenzmuseum_Celle20160708.jpg||target:%20_blank|\u00a0\u00bb css=\u00a0\u00bb.vc_custom_1670802701594{margin-top: -5px !important;}\u00a0\u00bb][\/vc_column][vc_column width=\u00a0\u00bb1\/4&Prime;][vc_btn title=\u00a0\u00bbVers 52 ans\u00a0\u00bb shape=\u00a0\u00bbsquare\u00a0\u00bb color=\u00a0\u00bbmulled-wine\u00a0\u00bb size=\u00a0\u00bbsm\u00a0\u00bb align=\u00a0\u00bbcenter\u00a0\u00bb button_block=\u00a0\u00bbtrue\u00a0\u00bb link=\u00a0\u00bb||target:%20_blank|rel:nofollow\u00a0\u00bb css=\u00a0\u00bb.vc_custom_1670803302992{margin-bottom: -5px !important;}\u00a0\u00bb][vc_single_image image=\u00a0\u00bb33979&Prime; img_size=\u00a0\u00bb350X350&Prime; alignment=\u00a0\u00bbcenter\u00a0\u00bb onclick=\u00a0\u00bblink_image\u00a0\u00bb css=\u00a0\u00bb.vc_custom_1670802204525{margin-bottom: -20px !important;}\u00a0\u00bb][vc_btn title=\u00a0\u00bbRoi George IV &#8211; 1814 &#8211; Thomas Lawrence &#8211; National Trust (Royaume-Uni)\u00a0\u00bb shape=\u00a0\u00bbsquare\u00a0\u00bb color=\u00a0\u00bbmulled-wine\u00a0\u00bb align=\u00a0\u00bbcenter\u00a0\u00bb i_align=\u00a0\u00bbright\u00a0\u00bb i_icon_fontawesome=\u00a0\u00bbfa fa-eye\u00a0\u00bb add_icon=\u00a0\u00bbtrue\u00a0\u00bb link=\u00a0\u00bburl:https%3A%2F%2Fcommons.wikimedia.org%2Fwiki%2FFile%3AThomas_Lawrence_(1769-1830)_(studio_of)_-_George_IV_(1762%25E2%2580%25931830)_-_1175948_-_National_Trust.jpg%23%2Fmedia%2FFile%3AThomas_Lawrence_(1769-1830)_(studio_of)_-_George_IV_(1762%25E2%2580%25931830)_-_1175948_-_National_Trust.jpg||target:%20_blank|\u00a0\u00bb css=\u00a0\u00bb.vc_custom_1670802299578{margin-top: -5px !important;}\u00a0\u00bb][\/vc_column][vc_column width=\u00a0\u00bb1\/4&Prime;][vc_btn title=\u00a0\u00bbVers 52 ans\u00a0\u00bb shape=\u00a0\u00bbsquare\u00a0\u00bb color=\u00a0\u00bbmulled-wine\u00a0\u00bb size=\u00a0\u00bbsm\u00a0\u00bb align=\u00a0\u00bbcenter\u00a0\u00bb button_block=\u00a0\u00bbtrue\u00a0\u00bb link=\u00a0\u00bb||target:%20_blank|rel:nofollow\u00a0\u00bb css=\u00a0\u00bb.vc_custom_1670803302992{margin-bottom: -5px !important;}\u00a0\u00bb][vc_single_image image=\u00a0\u00bb1672&Prime; img_size=\u00a0\u00bb350X350&Prime; alignment=\u00a0\u00bbcenter\u00a0\u00bb onclick=\u00a0\u00bblink_image\u00a0\u00bb css=\u00a0\u00bb.vc_custom_1670850921666{margin-bottom: -20px !important;}\u00a0\u00bb][vc_single_image image=\u00a0\u00bb21548&Prime; img_size=\u00a0\u00bb350X350&Prime; alignment=\u00a0\u00bbcenter\u00a0\u00bb onclick=\u00a0\u00bblink_image\u00a0\u00bb css=\u00a0\u00bb.vc_custom_1670794002962{margin-bottom: -20px !important;}\u00a0\u00bb][vc_btn title=\u00a0\u00bbLe prince-r\u00e9gent &#8211; 1814 &#8211; Thomas Lawrence &#8211; National Portrait Gallery, Londres (Royaume-Uni)\u00a0\u00bb shape=\u00a0\u00bbsquare\u00a0\u00bb color=\u00a0\u00bbmulled-wine\u00a0\u00bb align=\u00a0\u00bbcenter\u00a0\u00bb i_align=\u00a0\u00bbright\u00a0\u00bb i_icon_fontawesome=\u00a0\u00bbfa fa-eye\u00a0\u00bb add_icon=\u00a0\u00bbtrue\u00a0\u00bb link=\u00a0\u00bburl:https%3A%2F%2Fcommons.wikimedia.org%2Fwiki%2FFile%3AGeorge_IV_bust1.jpg%23%2Fmedia%2FFile%3AGeorge_IV_bust1.jpg||target:%20_blank|\u00a0\u00bb css=\u00a0\u00bb.vc_custom_1670794109391{margin-top: -5px !important;}\u00a0\u00bb][\/vc_column][vc_column width=\u00a0\u00bb1\/4&Prime;][vc_btn title=\u00a0\u00bbVers 59 ans\u00a0\u00bb shape=\u00a0\u00bbsquare\u00a0\u00bb color=\u00a0\u00bbmulled-wine\u00a0\u00bb size=\u00a0\u00bbsm\u00a0\u00bb align=\u00a0\u00bbcenter\u00a0\u00bb button_block=\u00a0\u00bbtrue\u00a0\u00bb link=\u00a0\u00bb||target:%20_blank|rel:nofollow\u00a0\u00bb css=\u00a0\u00bb.vc_custom_1670803377426{margin-bottom: -5px !important;}\u00a0\u00bb][vc_single_image image=\u00a0\u00bb21545&Prime; img_size=\u00a0\u00bb350X350&Prime; alignment=\u00a0\u00bbcenter\u00a0\u00bb onclick=\u00a0\u00bblink_image\u00a0\u00bb css=\u00a0\u00bb.vc_custom_1589210567486{margin-bottom: -20px !important;}\u00a0\u00bb][vc_btn title=\u00a0\u00bbLe roi George IV repr\u00e9sent\u00e9 portant des robes de couronnement et quatre colliers d&rsquo;ordres chevaleresques : la Toison d&rsquo;or, le Royal Guelphic, le Bath et le Garter &#8211; 1821 &#8211; Thomas Lawrence &#8211; Royal Collection (Royaume-Uni)\u00a0\u00bb shape=\u00a0\u00bbsquare\u00a0\u00bb color=\u00a0\u00bbmulled-wine\u00a0\u00bb align=\u00a0\u00bbcenter\u00a0\u00bb i_align=\u00a0\u00bbright\u00a0\u00bb i_icon_fontawesome=\u00a0\u00bbfa fa-eye\u00a0\u00bb add_icon=\u00a0\u00bbtrue\u00a0\u00bb link=\u00a0\u00bburl:https%3A%2F%2Ffr.wikipedia.org%2Fwiki%2FGeorge_IV%23%2Fmedia%2FFichier%3AGeorge_IVcoronation.jpg||target:%20_blank|\u00a0\u00bb css=\u00a0\u00bb.vc_custom_1670793710861{margin-top: -5px !important;}\u00a0\u00bb][\/vc_column][\/vc_row][vc_row][vc_column width=\u00a0\u00bb1\/4&Prime;][vc_btn title=\u00a0\u00bbVers 59 ans\u00a0\u00bb shape=\u00a0\u00bbsquare\u00a0\u00bb color=\u00a0\u00bbmulled-wine\u00a0\u00bb size=\u00a0\u00bbsm\u00a0\u00bb align=\u00a0\u00bbcenter\u00a0\u00bb button_block=\u00a0\u00bbtrue\u00a0\u00bb link=\u00a0\u00bb||target:%20_blank|rel:nofollow\u00a0\u00bb css=\u00a0\u00bb.vc_custom_1670803245856{margin-bottom: -5px !important;}\u00a0\u00bb][vc_single_image image=\u00a0\u00bb11540&Prime; img_size=\u00a0\u00bb350X350&Prime; alignment=\u00a0\u00bbcenter\u00a0\u00bb onclick=\u00a0\u00bblink_image\u00a0\u00bb css=\u00a0\u00bb.vc_custom_1670801795365{margin-bottom: -20px !important;}\u00a0\u00bb][vc_btn title=\u00a0\u00bbPortrait du couronnement de George IV &#8211; 1821 &#8211; Thomas Lawrence &#8211; Royal Collection (Royaume-Uni)\u00a0\u00bb shape=\u00a0\u00bbsquare\u00a0\u00bb color=\u00a0\u00bbmulled-wine\u00a0\u00bb align=\u00a0\u00bbcenter\u00a0\u00bb i_align=\u00a0\u00bbright\u00a0\u00bb i_icon_fontawesome=\u00a0\u00bbfa fa-eye\u00a0\u00bb add_icon=\u00a0\u00bbtrue\u00a0\u00bb link=\u00a0\u00bburl:https%3A%2F%2Fcommons.wikimedia.org%2Fwiki%2FFile%3AGeorge_IV_1821_color.jpg%23%2Fmedia%2FFile%3AGeorge_IV_1821_color.jpg||target:%20_blank|\u00a0\u00bb css=\u00a0\u00bb.vc_custom_1670801937799{margin-top: -5px !important;}\u00a0\u00bb][\/vc_column][vc_column width=\u00a0\u00bb1\/4&Prime;][vc_btn title=\u00a0\u00bbVers 60 ans\u00a0\u00bb shape=\u00a0\u00bbsquare\u00a0\u00bb color=\u00a0\u00bbmulled-wine\u00a0\u00bb size=\u00a0\u00bbsm\u00a0\u00bb align=\u00a0\u00bbcenter\u00a0\u00bb button_block=\u00a0\u00bbtrue\u00a0\u00bb link=\u00a0\u00bb||target:%20_blank|rel:nofollow\u00a0\u00bb css=\u00a0\u00bb.vc_custom_1670803256157{margin-bottom: -5px !important;}\u00a0\u00bb][vc_single_image image=\u00a0\u00bb21566&Prime; img_size=\u00a0\u00bb350X350&Prime; alignment=\u00a0\u00bbcenter\u00a0\u00bb onclick=\u00a0\u00bblink_image\u00a0\u00bb css=\u00a0\u00bb.vc_custom_1670799978390{margin-bottom: -20px !important;}\u00a0\u00bb][vc_btn title=\u00a0\u00bbPeinture de George IV durant sa visite de l&rsquo;\u00c9cosse en 1822 &#8211; 1829 &#8211; David Wilkie &#8211; Royal Collection (\u00c9tats-Unis)\u00a0\u00bb shape=\u00a0\u00bbsquare\u00a0\u00bb color=\u00a0\u00bbmulled-wine\u00a0\u00bb align=\u00a0\u00bbcenter\u00a0\u00bb i_align=\u00a0\u00bbright\u00a0\u00bb i_icon_fontawesome=\u00a0\u00bbfa fa-eye\u00a0\u00bb add_icon=\u00a0\u00bbtrue\u00a0\u00bb link=\u00a0\u00bburl:https%3A%2F%2Ffr.wikipedia.org%2Fwiki%2FGeorge_IV%23%2Fmedia%2FFichier%3AGeorge_IV_in_kilt%2C_by_Wilkie.jpg||target:%20_blank|\u00a0\u00bb css=\u00a0\u00bb.vc_custom_1670795220300{margin-top: -5px !important;}\u00a0\u00bb][\/vc_column][vc_column width=\u00a0\u00bb1\/4&Prime;][vc_btn title=\u00a0\u00bbVers 60 ans\u00a0\u00bb shape=\u00a0\u00bbsquare\u00a0\u00bb color=\u00a0\u00bbmulled-wine\u00a0\u00bb size=\u00a0\u00bbsm\u00a0\u00bb align=\u00a0\u00bbcenter\u00a0\u00bb button_block=\u00a0\u00bbtrue\u00a0\u00bb link=\u00a0\u00bb||target:%20_blank|rel:nofollow\u00a0\u00bb css=\u00a0\u00bb.vc_custom_1670803027856{margin-bottom: -5px !important;}\u00a0\u00bb][vc_single_image image=\u00a0\u00bb21562&Prime; img_size=\u00a0\u00bb350X350&Prime; alignment=\u00a0\u00bbcenter\u00a0\u00bb onclick=\u00a0\u00bblink_image\u00a0\u00bb css=\u00a0\u00bb.vc_custom_1589210627719{margin-bottom: -20px !important;}\u00a0\u00bb][vc_btn title=\u00a0\u00bbPortrait de George IV &#8211; 1822 &#8211; Thomas Lawrence &#8211; Chatsworth House Estate (Royaume-Uni)\u00a0\u00bb shape=\u00a0\u00bbsquare\u00a0\u00bb color=\u00a0\u00bbmulled-wine\u00a0\u00bb align=\u00a0\u00bbcenter\u00a0\u00bb i_align=\u00a0\u00bbright\u00a0\u00bb i_icon_fontawesome=\u00a0\u00bbfa fa-eye\u00a0\u00bb add_icon=\u00a0\u00bbtrue\u00a0\u00bb link=\u00a0\u00bburl:https%3A%2F%2Ffr.wikipedia.org%2Fwiki%2FGeorge_IV%23%2Fmedia%2FFichier%3AGeorge_IV._of_the_United_Kingdom.jpg||target:%20_blank|\u00a0\u00bb css=\u00a0\u00bb.vc_custom_1670793869381{margin-top: -5px !important;}\u00a0\u00bb][\/vc_column][vc_column width=\u00a0\u00bb1\/4&Prime;][vc_btn title=\u00a0\u00bbVers 62 ans\u00a0\u00bb shape=\u00a0\u00bbsquare\u00a0\u00bb color=\u00a0\u00bbmulled-wine\u00a0\u00bb size=\u00a0\u00bbsm\u00a0\u00bb align=\u00a0\u00bbcenter\u00a0\u00bb button_block=\u00a0\u00bbtrue\u00a0\u00bb link=\u00a0\u00bb||target:%20_blank|rel:nofollow\u00a0\u00bb css=\u00a0\u00bb.vc_custom_1670803281774{margin-bottom: -5px !important;}\u00a0\u00bb][vc_single_image image=\u00a0\u00bb33965&Prime; img_size=\u00a0\u00bb350X350&Prime; alignment=\u00a0\u00bbcenter\u00a0\u00bb onclick=\u00a0\u00bblink_image\u00a0\u00bb css=\u00a0\u00bb.vc_custom_1670801136123{margin-bottom: -20px !important;}\u00a0\u00bb][vc_btn title=\u00a0\u00bbGeorge IV, roi de Grande-Bretagne et roi de Hanovre &#8211; 1824 &#8211; Wilhelm Gottfried Bauer &#8211; Royal Collection (\u00c9tats-Unis)\u00a0\u00bb shape=\u00a0\u00bbsquare\u00a0\u00bb color=\u00a0\u00bbmulled-wine\u00a0\u00bb align=\u00a0\u00bbcenter\u00a0\u00bb i_align=\u00a0\u00bbright\u00a0\u00bb i_icon_fontawesome=\u00a0\u00bbfa fa-eye\u00a0\u00bb add_icon=\u00a0\u00bbtrue\u00a0\u00bb link=\u00a0\u00bburl:https%3A%2F%2Fcommons.wikimedia.org%2Fwiki%2FFile%3AWilhelm_Gottfried_Bauer_-_George_IV%2C_King_of_the_Great_Britain_and_King_of_Hanover_1824.jpg%23%2Fmedia%2FFile%3AWilhelm_Gottfried_Bauer_-_George_IV%2C_King_of_the_Great_Britain_and_King_of_Hanover_1824.jpg||target:%20_blank|\u00a0\u00bb css=\u00a0\u00bb.vc_custom_1670801224735{margin-top: -5px !important;}\u00a0\u00bb][vc_btn title=\u00a0\u00bbGeorge IV est d\u00e9c\u00e9d\u00e9 \u00e0 68 ans &#8211; voir sa s\u00e9pulture\u00a0\u00bb shape=\u00a0\u00bbsquare\u00a0\u00bb color=\u00a0\u00bbmulled-wine\u00a0\u00bb align=\u00a0\u00bbcenter\u00a0\u00bb i_align=\u00a0\u00bbright\u00a0\u00bb i_icon_fontawesome=\u00a0\u00bbfa fa-eye\u00a0\u00bb add_icon=\u00a0\u00bbtrue\u00a0\u00bb link=\u00a0\u00bburl:http%3A%2F%2Faline-voinot.com%2Findex.php%2Fsepulture-de-george-iv%2F||target:%20_blank|rel:nofollow\u00a0\u00bb css=\u00a0\u00bb.vc_custom_1589211560816{margin-top: -5px !important;}\u00a0\u00bb][\/vc_column][\/vc_row]<\/p>\n","protected":false},"excerpt":{"rendered":"<p>[vc_row full_width=\u00a0\u00bbstretch_row\u00a0\u00bb css=\u00a0\u00bb.vc_custom_1513000693114{background-color: #272727 !important;}\u00a0\u00bb][vc_column width=\u00a0\u00bb1\/4&Prime;][vc_single_image image=\u00a0\u00bb1672&Prime; img_size=\u00a0\u00bb250 x 295&Prime; alignment=\u00a0\u00bbcenter\u00a0\u00bb][\/vc_column][vc_column width=\u00a0\u00bb1\/4&Prime;][vc_column_text css=\u00a0\u00bb.vc_custom_1546251528667{margin-bottom: -10px !important;}\u00a0\u00bb] Palais Saint-James (1762) &#8211; Chateau de Windsor, Royaume-Uni (1830), d\u00e9c\u00e9d\u00e9 \u00e0 68 ans Prince h\u00e9ritier du Royaume-Uni, R\u00e9gent du Royaume-Uni, Roi du Royaume-Uni et de<\/p>\n","protected":false},"author":1,"featured_media":0,"parent":0,"menu_order":0,"comment_status":"closed","ping_status":"closed","template":"","meta":{"footnotes":""},"class_list":["post-3120","page","type-page","status-publish","hentry"],"yoast_head":"<!-- This site is optimized with the Yoast SEO plugin v22.8 - https:\/\/yoast.com\/wordpress\/plugins\/seo\/ -->\n<title>George IV, George Augustus Frederick, Roi du Royaume-Uni - L&#039;Histoire est un roman...<\/title>\n<meta name=\"robots\" content=\"index, follow, max-snippet:-1, max-image-preview:large, max-video-preview:-1\" \/>\n<link rel=\"canonical\" href=\"https:\/\/aline-voinot.com\/index.php\/george-iv\/\" \/>\n<meta property=\"og:locale\" content=\"fr_FR\" \/>\n<meta property=\"og:type\" content=\"article\" \/>\n<meta property=\"og:title\" content=\"George IV, George Augustus Frederick, Roi du Royaume-Uni - L&#039;Histoire est un roman...\" \/>\n<meta property=\"og:description\" content=\"[vc_row full_width=\u00a0\u00bbstretch_row\u00a0\u00bb css=\u00a0\u00bb.vc_custom_1513000693114{background-color: #272727 !important;}\u00a0\u00bb][vc_column width=\u00a0\u00bb1\/4&Prime;][vc_single_image image=\u00a0\u00bb1672&Prime; img_size=\u00a0\u00bb250 x 295&Prime; alignment=\u00a0\u00bbcenter\u00a0\u00bb][\/vc_column][vc_column width=\u00a0\u00bb1\/4&Prime;][vc_column_text css=\u00a0\u00bb.vc_custom_1546251528667{margin-bottom: -10px !important;}\u00a0\u00bb] Palais Saint-James (1762) &#8211; Chateau de Windsor, Royaume-Uni (1830), d\u00e9c\u00e9d\u00e9 \u00e0 68 ans Prince h\u00e9ritier du Royaume-Uni, R\u00e9gent du Royaume-Uni, Roi du Royaume-Uni et de\" \/>\n<meta property=\"og:url\" content=\"https:\/\/aline-voinot.com\/index.php\/george-iv\/\" \/>\n<meta property=\"og:site_name\" content=\"L&#039;Histoire est un roman...\" \/>\n<meta property=\"article:modified_time\" content=\"2022-12-12T13:16:10+00:00\" \/>\n<meta name=\"twitter:card\" content=\"summary_large_image\" \/>\n<meta name=\"twitter:label1\" content=\"Dur\u00e9e de lecture estim\u00e9e\" \/>\n\t<meta name=\"twitter:data1\" content=\"15 minutes\" \/>\n<script type=\"application\/ld+json\" class=\"yoast-schema-graph\">{\"@context\":\"https:\/\/schema.org\",\"@graph\":[{\"@type\":\"WebPage\",\"@id\":\"https:\/\/aline-voinot.com\/index.php\/george-iv\/\",\"url\":\"https:\/\/aline-voinot.com\/index.php\/george-iv\/\",\"name\":\"George IV, George Augustus Frederick, Roi du Royaume-Uni - L&#039;Histoire est un roman...\",\"isPartOf\":{\"@id\":\"https:\/\/aline-voinot.com\/#website\"},\"datePublished\":\"2018-02-27T15:06:13+00:00\",\"dateModified\":\"2022-12-12T13:16:10+00:00\",\"breadcrumb\":{\"@id\":\"https:\/\/aline-voinot.com\/index.php\/george-iv\/#breadcrumb\"},\"inLanguage\":\"fr-FR\",\"potentialAction\":[{\"@type\":\"ReadAction\",\"target\":[\"https:\/\/aline-voinot.com\/index.php\/george-iv\/\"]}]},{\"@type\":\"BreadcrumbList\",\"@id\":\"https:\/\/aline-voinot.com\/index.php\/george-iv\/#breadcrumb\",\"itemListElement\":[{\"@type\":\"ListItem\",\"position\":1,\"name\":\"Accueil\",\"item\":\"https:\/\/aline-voinot.com\/\"},{\"@type\":\"ListItem\",\"position\":2,\"name\":\"George IV, George Augustus Frederick, Roi du Royaume-Uni\"}]},{\"@type\":\"WebSite\",\"@id\":\"https:\/\/aline-voinot.com\/#website\",\"url\":\"https:\/\/aline-voinot.com\/\",\"name\":\"L&#039;Histoire est un roman...\",\"description\":\"&quot;Destins connus, destins crois\u00e9s&quot; la premi\u00e8re encyclop\u00e9die romanc\u00e9e...\",\"potentialAction\":[{\"@type\":\"SearchAction\",\"target\":{\"@type\":\"EntryPoint\",\"urlTemplate\":\"https:\/\/aline-voinot.com\/?s={search_term_string}\"},\"query-input\":\"required name=search_term_string\"}],\"inLanguage\":\"fr-FR\"}]}<\/script>\n<!-- \/ Yoast SEO plugin. -->","yoast_head_json":{"title":"George IV, George Augustus Frederick, Roi du Royaume-Uni - L&#039;Histoire est un roman...","robots":{"index":"index","follow":"follow","max-snippet":"max-snippet:-1","max-image-preview":"max-image-preview:large","max-video-preview":"max-video-preview:-1"},"canonical":"https:\/\/aline-voinot.com\/index.php\/george-iv\/","og_locale":"fr_FR","og_type":"article","og_title":"George IV, George Augustus Frederick, Roi du Royaume-Uni - L&#039;Histoire est un roman...","og_description":"[vc_row full_width=\u00a0\u00bbstretch_row\u00a0\u00bb css=\u00a0\u00bb.vc_custom_1513000693114{background-color: #272727 !important;}\u00a0\u00bb][vc_column width=\u00a0\u00bb1\/4&Prime;][vc_single_image image=\u00a0\u00bb1672&Prime; img_size=\u00a0\u00bb250 x 295&Prime; alignment=\u00a0\u00bbcenter\u00a0\u00bb][\/vc_column][vc_column width=\u00a0\u00bb1\/4&Prime;][vc_column_text css=\u00a0\u00bb.vc_custom_1546251528667{margin-bottom: -10px !important;}\u00a0\u00bb] Palais Saint-James (1762) &#8211; Chateau de Windsor, Royaume-Uni (1830), d\u00e9c\u00e9d\u00e9 \u00e0 68 ans Prince h\u00e9ritier du Royaume-Uni, R\u00e9gent du Royaume-Uni, Roi du Royaume-Uni et de","og_url":"https:\/\/aline-voinot.com\/index.php\/george-iv\/","og_site_name":"L&#039;Histoire est un roman...","article_modified_time":"2022-12-12T13:16:10+00:00","twitter_card":"summary_large_image","twitter_misc":{"Dur\u00e9e de lecture estim\u00e9e":"15 minutes"},"schema":{"@context":"https:\/\/schema.org","@graph":[{"@type":"WebPage","@id":"https:\/\/aline-voinot.com\/index.php\/george-iv\/","url":"https:\/\/aline-voinot.com\/index.php\/george-iv\/","name":"George IV, George Augustus Frederick, Roi du Royaume-Uni - L&#039;Histoire est un roman...","isPartOf":{"@id":"https:\/\/aline-voinot.com\/#website"},"datePublished":"2018-02-27T15:06:13+00:00","dateModified":"2022-12-12T13:16:10+00:00","breadcrumb":{"@id":"https:\/\/aline-voinot.com\/index.php\/george-iv\/#breadcrumb"},"inLanguage":"fr-FR","potentialAction":[{"@type":"ReadAction","target":["https:\/\/aline-voinot.com\/index.php\/george-iv\/"]}]},{"@type":"BreadcrumbList","@id":"https:\/\/aline-voinot.com\/index.php\/george-iv\/#breadcrumb","itemListElement":[{"@type":"ListItem","position":1,"name":"Accueil","item":"https:\/\/aline-voinot.com\/"},{"@type":"ListItem","position":2,"name":"George IV, George Augustus Frederick, Roi du Royaume-Uni"}]},{"@type":"WebSite","@id":"https:\/\/aline-voinot.com\/#website","url":"https:\/\/aline-voinot.com\/","name":"L&#039;Histoire est un roman...","description":"&quot;Destins connus, destins crois\u00e9s&quot; la premi\u00e8re encyclop\u00e9die romanc\u00e9e...","potentialAction":[{"@type":"SearchAction","target":{"@type":"EntryPoint","urlTemplate":"https:\/\/aline-voinot.com\/?s={search_term_string}"},"query-input":"required name=search_term_string"}],"inLanguage":"fr-FR"}]}},"_links":{"self":[{"href":"https:\/\/aline-voinot.com\/index.php\/wp-json\/wp\/v2\/pages\/3120","targetHints":{"allow":["GET"]}}],"collection":[{"href":"https:\/\/aline-voinot.com\/index.php\/wp-json\/wp\/v2\/pages"}],"about":[{"href":"https:\/\/aline-voinot.com\/index.php\/wp-json\/wp\/v2\/types\/page"}],"author":[{"embeddable":true,"href":"https:\/\/aline-voinot.com\/index.php\/wp-json\/wp\/v2\/users\/1"}],"replies":[{"embeddable":true,"href":"https:\/\/aline-voinot.com\/index.php\/wp-json\/wp\/v2\/comments?post=3120"}],"version-history":[{"count":9,"href":"https:\/\/aline-voinot.com\/index.php\/wp-json\/wp\/v2\/pages\/3120\/revisions"}],"predecessor-version":[{"id":33984,"href":"https:\/\/aline-voinot.com\/index.php\/wp-json\/wp\/v2\/pages\/3120\/revisions\/33984"}],"wp:attachment":[{"href":"https:\/\/aline-voinot.com\/index.php\/wp-json\/wp\/v2\/media?parent=3120"}],"curies":[{"name":"wp","href":"https:\/\/api.w.org\/{rel}","templated":true}]}}