{"id":3263,"date":"2018-02-28T13:07:59","date_gmt":"2018-02-28T12:07:59","guid":{"rendered":"http:\/\/aline-voinot.com\/?page_id=3263"},"modified":"2020-06-06T12:00:29","modified_gmt":"2020-06-06T10:00:29","slug":"campagne-ditalie-1799-1800","status":"publish","type":"page","link":"https:\/\/aline-voinot.com\/index.php\/campagne-ditalie-1799-1800\/","title":{"rendered":"Deuxi\u00e8me campagne d&rsquo;Italie (1799-1800)"},"content":{"rendered":"<p>[vc_row full_width=\u00a0\u00bbstretch_row\u00a0\u00bb css=\u00a0\u00bb.vc_custom_1519929301374{background-color: #376092 !important;}\u00a0\u00bb][vc_column width=\u00a0\u00bb1\/2&Prime;][vc_row_inner][vc_column_inner css=\u00a0\u00bb.vc_custom_1519814829730{padding-right: 50px !important;}\u00a0\u00bb][vc_column_text]<\/p>\n<p style=\"text-align: center;\"><span style=\"color: #ffffff;\">SYNOPSIS<\/span><\/p>\n<table>\n<tbody>\n<tr>\n<td width=\"86\"><span style=\"color: #ffffff;\"><strong>BELLLIGERANTS<\/strong><\/span><\/td>\n<td width=\"369\"><span style=\"color: #ffffff;\"><strong>R\u00e9publique fran\u00e7aise contre Archiduch\u00e9 d&rsquo;Autriche, Empire Russe<\/strong><\/span><\/td>\n<\/tr>\n<tr>\n<td width=\"86\"><span style=\"color: #ffffff;\"><strong>DATE<\/strong><\/span><\/td>\n<td width=\"369\"><span style=\"color: #ffffff;\"><strong>1799-1800<\/strong><\/span><\/td>\n<\/tr>\n<tr>\n<td width=\"86\"><span style=\"color: #ffffff;\"><strong>LIEU<\/strong><\/span><\/td>\n<td width=\"369\"><span style=\"color: #ffffff;\"><strong>Italie<\/strong><\/span><\/td>\n<\/tr>\n<tr>\n<td width=\"86\"><span style=\"color: #ffffff;\"><strong>R\u00c9SULTATS<\/strong><\/span><\/td>\n<td width=\"369\"><span style=\"color: #ffffff;\"><strong>Victoire fran\u00e7aise<\/strong><\/span><\/td>\n<\/tr>\n<tr>\n<td width=\"86\"><span style=\"color: #ffffff;\"><strong>CONS\u00c9QUENCES<\/strong><\/span><\/td>\n<td width=\"369\">\n<ul>\n<li><span style=\"color: #ffffff;\"><strong>Capitulation d&rsquo;Alexandrie<\/strong><\/span><\/li>\n<li><span style=\"color: #ffffff;\"><strong>Paix de Lun\u00e9ville qui confirme le trait\u00e9 de Campo-Formio sign\u00e9 lors de la pr\u00e9c\u00e9dente campagne d&rsquo;Italie<\/strong><\/span><\/li>\n<li><span style=\"color: #ffffff;\">Cette campagne renforcera l&rsquo;image de Napol\u00e9on Bonaparte qui prendra le pouvoir d\u00e8s son retour \u00e0 Paris gr\u00e2ce au coup d&rsquo;\u00c9tat du 18 Brumaire (9 novembre 1799)<\/span><\/li>\n<\/ul>\n<\/td>\n<\/tr>\n<\/tbody>\n<\/table>\n<p>[\/vc_column_text][\/vc_column_inner][\/vc_row_inner][\/vc_column][vc_column width=\u00a0\u00bb1\/2&Prime;][vc_row_inner][vc_column_inner width=\u00a0\u00bb1\/2&Prime;][vc_column_text]<\/p>\n<h6 style=\"text-align: center;\"><span style=\"color: #ffffff;\">REPUBLIQUE FRAN\u00c7AISE<\/span><\/h6>\n<p style=\"text-align: center;\">[\/vc_column_text][vc_btn title=\u00a0\u00bbPrincipaux g\u00e9n\u00e9raux\u00a0\u00bb shape=\u00a0\u00bbsquare\u00a0\u00bb color=\u00a0\u00bbmulled-wine\u00a0\u00bb size=\u00a0\u00bblg\u00a0\u00bb align=\u00a0\u00bbcenter\u00a0\u00bb i_align=\u00a0\u00bbright\u00a0\u00bb i_type=\u00a0\u00bbentypo\u00a0\u00bb i_icon_entypo=\u00a0\u00bbentypo-icon entypo-icon-user\u00a0\u00bb button_block=\u00a0\u00bbtrue\u00a0\u00bb add_icon=\u00a0\u00bbtrue\u00a0\u00bb][vc_column_text]<\/p>\n<ul>\n<li><span style=\"color: #ffffff;\">Napol\u00e9on Bonaparte (Fr)<\/span><\/li>\n<li><span style=\"color: #ffffff;\">Barth\u00e9lemy Sch\u00e9rer&nbsp;(Fr)<\/span><\/li>\n<li><span style=\"color: #ffffff;\">Jean Victor Moreau&nbsp;(Fr)<\/span><\/li>\n<li><span style=\"color: #ffffff;\">\u00c9tienne Macdonald&nbsp;(Fr)<\/span><\/li>\n<li><span style=\"color: #ffffff;\">Jean Lannes&nbsp;(Fr)<\/span><\/li>\n<li><span style=\"color: #ffffff;\">Barth\u00e9lemy Joubert \u2020&nbsp;(Fr)<\/span><\/li>\n<li><span style=\"color: #ffffff;\">Jean Championnet \u2020&nbsp;(Fr)<\/span><\/li>\n<li><span style=\"color: #ffffff;\">Louis Desaix \u2020&nbsp;(Fr)<\/span><\/li>\n<li><span style=\"color: #ffffff;\">Jean-de-Dieu Soult&nbsp;(Fr)<\/span><\/li>\n<\/ul>\n<p>[\/vc_column_text][\/vc_column_inner][vc_column_inner width=\u00a0\u00bb1\/2&Prime;][vc_column_text]<\/p>\n<h6 style=\"text-align: center;\"><span style=\"color: #ffffff;\">DEUXI\u00c8ME COALITION<\/span><\/h6>\n<p>[\/vc_column_text][vc_btn title=\u00a0\u00bbPrincipaux g\u00e9n\u00e9raux\u00a0\u00bb shape=\u00a0\u00bbsquare\u00a0\u00bb color=\u00a0\u00bbmulled-wine\u00a0\u00bb size=\u00a0\u00bblg\u00a0\u00bb align=\u00a0\u00bbcenter\u00a0\u00bb i_align=\u00a0\u00bbright\u00a0\u00bb i_type=\u00a0\u00bbentypo\u00a0\u00bb i_icon_entypo=\u00a0\u00bbentypo-icon entypo-icon-user\u00a0\u00bb button_block=\u00a0\u00bbtrue\u00a0\u00bb add_icon=\u00a0\u00bbtrue\u00a0\u00bb][vc_column_text]<\/p>\n<ul>\n<li><span style=\"color: #ffffff;\">Alexandre Souvorov<\/span><\/li>\n<li><span style=\"color: #ffffff;\">Michael von Melas (Au)<\/span><\/li>\n<\/ul>\n<p>[\/vc_column_text][vc_btn title=\u00a0\u00bbTome 1&Prime; color=\u00a0\u00bbdanger\u00a0\u00bb size=\u00a0\u00bbxs\u00a0\u00bb][\/vc_column_inner][\/vc_row_inner][\/vc_column][\/vc_row][vc_row][vc_column][vc_row_inner][vc_column_inner width=\u00a0\u00bb1\/3&Prime;][vc_single_image image=\u00a0\u00bb3538&Prime; img_size=\u00a0\u00bb500X282&Prime; onclick=\u00a0\u00bblink_image\u00a0\u00bb css=\u00a0\u00bb.vc_custom_1520419998675{margin-bottom: -10px !important;}\u00a0\u00bb][vc_btn title=\u00a0\u00bbBataille de Verone &#8211; 26 mar 1799 &#8211; Auteur et lieu de conservation inconnus\u00a0\u00bb style=\u00a0\u00bbclassic\u00a0\u00bb shape=\u00a0\u00bbsquare\u00a0\u00bb color=\u00a0\u00bbdefault\u00a0\u00bb align=\u00a0\u00bbcenter\u00a0\u00bb i_align=\u00a0\u00bbright\u00a0\u00bb i_icon_fontawesome=\u00a0\u00bbfa fa-eye\u00a0\u00bb add_icon=\u00a0\u00bbtrue\u00a0\u00bb css=\u00a0\u00bb.vc_custom_1544704947373{margin-top: -5px !important;}\u00a0\u00bb link=\u00a0\u00bb|||\u00a0\u00bb][vc_icon icon_fontawesome=\u00a0\u00bbfa fa-map-marker\u00a0\u00bb size=\u00a0\u00bbsm\u00a0\u00bb align=\u00a0\u00bbcenter\u00a0\u00bb css=\u00a0\u00bb.vc_custom_1544703066645{margin-top: -30px !important;margin-bottom: -10px !important;}\u00a0\u00bb link=\u00a0\u00bburl:https%3A%2F%2Fwww.google.fr%2Fmaps%2Fplace%2FV%25C3%25A9rone%2C%2BItalie%2F%4045.4263494%2C6.5101068%2C6z%2Fdata%3D!4m5!3m4!1s0x477f5f68699be0e3%3A0x53f85a636882595b!8m2!3d45.4383842!4d10.9916215%3Fhl%3Dfr||target:%20_blank|rel:nofollow\u00a0\u00bb][\/vc_column_inner][vc_column_inner width=\u00a0\u00bb1\/3&Prime;][vc_single_image image=\u00a0\u00bb3514&Prime; img_size=\u00a0\u00bbfull\u00a0\u00bb onclick=\u00a0\u00bblink_image\u00a0\u00bb css=\u00a0\u00bb.vc_custom_1520420047602{margin-bottom: -10px !important;}\u00a0\u00bb][vc_btn title=\u00a0\u00bbBataille de Cassano &#8211; 27 avril 1799 &#8211; Dipinto di Luigi Schiavonetti &#8211; Lieu de conservation inconnu\u00a0\u00bb style=\u00a0\u00bbclassic\u00a0\u00bb shape=\u00a0\u00bbsquare\u00a0\u00bb color=\u00a0\u00bbdefault\u00a0\u00bb align=\u00a0\u00bbcenter\u00a0\u00bb i_align=\u00a0\u00bbright\u00a0\u00bb i_icon_fontawesome=\u00a0\u00bbfa fa-eye\u00a0\u00bb add_icon=\u00a0\u00bbtrue\u00a0\u00bb css=\u00a0\u00bb.vc_custom_1544705111811{margin-top: -5px !important;}\u00a0\u00bb link=\u00a0\u00bburl:https%3A%2F%2Ffr.wikipedia.org%2Fwiki%2FBataille_de_Cassano_(1799)%23%2Fmedia%2FFile%3ASuvorovs_Battle_By_Adda.jpg||target:%20_blank|rel:nofollow\u00a0\u00bb][vc_icon icon_fontawesome=\u00a0\u00bbfa fa-map-marker\u00a0\u00bb size=\u00a0\u00bbsm\u00a0\u00bb align=\u00a0\u00bbcenter\u00a0\u00bb css=\u00a0\u00bb.vc_custom_1544703080414{margin-top: -30px !important;margin-bottom: -10px !important;}\u00a0\u00bb link=\u00a0\u00bb||target:%20_blank|rel:nofollow\u00a0\u00bb][\/vc_column_inner][vc_column_inner width=\u00a0\u00bb1\/3&Prime;][vc_single_image image=\u00a0\u00bb3531&Prime; img_size=\u00a0\u00bbfull\u00a0\u00bb onclick=\u00a0\u00bblink_image\u00a0\u00bb css=\u00a0\u00bb.vc_custom_1520420144564{margin-bottom: -10px !important;}\u00a0\u00bb][vc_btn title=\u00a0\u00bbBataille de la Trebbia &#8211; 17-19 juin 1799 &#8211; Alexandre von Kotzebue &#8211; Lieu de conservation inconnu\u00a0\u00bb style=\u00a0\u00bbclassic\u00a0\u00bb shape=\u00a0\u00bbsquare\u00a0\u00bb color=\u00a0\u00bbdefault\u00a0\u00bb align=\u00a0\u00bbcenter\u00a0\u00bb i_align=\u00a0\u00bbright\u00a0\u00bb i_icon_fontawesome=\u00a0\u00bbfa fa-eye\u00a0\u00bb add_icon=\u00a0\u00bbtrue\u00a0\u00bb css=\u00a0\u00bb.vc_custom_1544705530601{margin-top: -5px !important;}\u00a0\u00bb link=\u00a0\u00bburl:https%3A%2F%2Ffr.wikipedia.org%2Fwiki%2FBataille_de_la_Trebbia_(1799)%23%2Fmedia%2FFile%3ASuvorov_Trebbia.jpg||target:%20_blank|rel:nofollow\u00a0\u00bb][vc_icon icon_fontawesome=\u00a0\u00bbfa fa-map-marker\u00a0\u00bb size=\u00a0\u00bbsm\u00a0\u00bb align=\u00a0\u00bbcenter\u00a0\u00bb css=\u00a0\u00bb.vc_custom_1544703335017{margin-top: -30px !important;margin-bottom: -10px !important;}\u00a0\u00bb link=\u00a0\u00bburl:https%3A%2F%2Fwww.google.fr%2Fmaps%2Fplace%2FFiume%2BTrebbia%2F%4044.7884947%2C7.2120284%2C7z%2Fdata%3D!4m5!3m4!1s0x12d4ab789698775f%3A0xd526bef369436b94!8m2!3d44.7888903!4d9.4534052%3Fhl%3Dfr||target:%20_blank|rel:nofollow\u00a0\u00bb][\/vc_column_inner][\/vc_row_inner][vc_row_inner][vc_column_inner width=\u00a0\u00bb1\/3&Prime;][vc_single_image image=\u00a0\u00bb3518&Prime; img_size=\u00a0\u00bbfull\u00a0\u00bb onclick=\u00a0\u00bbcustom_link\u00a0\u00bb img_link_target=\u00a0\u00bb_blank\u00a0\u00bb css=\u00a0\u00bb.vc_custom_1544713241751{margin-bottom: -10px !important;}\u00a0\u00bb link=\u00a0\u00bbhttps:\/\/www.jpmaps.co.uk\/mapimages\/originals\/35221.jpg\u00a0\u00bb][vc_btn title=\u00a0\u00bbSecond si\u00e8ge de Mantoue &#8211; avril \u00e0 juin 1799 &#8211; Plan de la ville et de la citadelle de Mantoue &#8211; Crepy &#8211; Publisher Jonathan Potter \u00a0\u00bb style=\u00a0\u00bbclassic\u00a0\u00bb shape=\u00a0\u00bbsquare\u00a0\u00bb color=\u00a0\u00bbdefault\u00a0\u00bb align=\u00a0\u00bbcenter\u00a0\u00bb i_align=\u00a0\u00bbright\u00a0\u00bb i_icon_fontawesome=\u00a0\u00bbfa fa-eye\u00a0\u00bb add_icon=\u00a0\u00bbtrue\u00a0\u00bb css=\u00a0\u00bb.vc_custom_1544713282362{margin-top: -5px !important;}\u00a0\u00bb link=\u00a0\u00bburl:https%3A%2F%2Fwww.google.fr%2Fmaps%2Fplace%2F46100%2BMantoue%2C%2BItalie%2F%4045.1618479%2C10.7382311%2C6z%2Fdata%3D!4m5!3m4!1s0x4781d40f82e52ed9%3A0xc1c7fd07590e7b85!8m2!3d45.1564168!4d10.7913751%3Fhl%3Dfr|||\u00a0\u00bb][vc_icon icon_fontawesome=\u00a0\u00bbfa fa-map-marker\u00a0\u00bb size=\u00a0\u00bbsm\u00a0\u00bb align=\u00a0\u00bbcenter\u00a0\u00bb css=\u00a0\u00bb.vc_custom_1544703501125{margin-top: -30px !important;margin-bottom: -10px !important;}\u00a0\u00bb link=\u00a0\u00bb||target:%20_blank|rel:nofollow\u00a0\u00bb][\/vc_column_inner][vc_column_inner width=\u00a0\u00bb1\/3&Prime;][vc_single_image image=\u00a0\u00bb3528&Prime; img_size=\u00a0\u00bbfull\u00a0\u00bb onclick=\u00a0\u00bblink_image\u00a0\u00bb css=\u00a0\u00bb.vc_custom_1520420184150{margin-bottom: -10px !important;}\u00a0\u00bb][vc_btn title=\u00a0\u00bbBataille de Novi &#8211; 15 ao\u00fbt 1799 &#8211; Alexander Kotzebue &#8211; Conservation inconnue\u00a0\u00bb style=\u00a0\u00bbclassic\u00a0\u00bb shape=\u00a0\u00bbsquare\u00a0\u00bb color=\u00a0\u00bbdefault\u00a0\u00bb align=\u00a0\u00bbcenter\u00a0\u00bb i_align=\u00a0\u00bbright\u00a0\u00bb i_icon_fontawesome=\u00a0\u00bbfa fa-eye\u00a0\u00bb add_icon=\u00a0\u00bbtrue\u00a0\u00bb css=\u00a0\u00bb.vc_custom_1544713412369{margin-top: -5px !important;}\u00a0\u00bb link=\u00a0\u00bburl:https%3A%2F%2Ffr.wikipedia.org%2Fwiki%2FBataille_de_Novi%23%2Fmedia%2FFile%3ABattle_of_Novi.jpg||target:%20_blank|rel:nofollow\u00a0\u00bb][vc_icon icon_fontawesome=\u00a0\u00bbfa fa-map-marker\u00a0\u00bb size=\u00a0\u00bbsm\u00a0\u00bb align=\u00a0\u00bbcenter\u00a0\u00bb css=\u00a0\u00bb.vc_custom_1544703490861{margin-top: -30px !important;margin-bottom: -10px !important;}\u00a0\u00bb link=\u00a0\u00bburl:https%3A%2F%2Fwww.google.fr%2Fmaps%2Fplace%2F15067%2BNovi%2BLigure%2C%2BAlexandrie%2C%2BItalie%2F%4044.7664945%2C7.6668248%2C7z%2Fdata%3D!4m5!3m4!1s0x4787668ffdda1575%3A0x58f386236508ff49!8m2!3d44.7620048!4d8.7858956%3Fhl%3Dfr||target:%20_blank|rel:nofollow\u00a0\u00bb][\/vc_column_inner][vc_column_inner width=\u00a0\u00bb1\/3&Prime;][vc_single_image image=\u00a0\u00bb3527&Prime; img_size=\u00a0\u00bbfull\u00a0\u00bb onclick=\u00a0\u00bblink_image\u00a0\u00bb css=\u00a0\u00bb.vc_custom_1520420889041{margin-bottom: -10px !important;}\u00a0\u00bb][vc_btn title=\u00a0\u00bbBataille de Montebello &#8211; 9 juin 1800 &#8211; Giuseppe Pietro Bagetti &#8211; Lieu de conservation inconnu\u00a0\u00bb style=\u00a0\u00bbclassic\u00a0\u00bb shape=\u00a0\u00bbsquare\u00a0\u00bb color=\u00a0\u00bbdefault\u00a0\u00bb align=\u00a0\u00bbcenter\u00a0\u00bb css=\u00a0\u00bb.vc_custom_1544717086042{margin-top: -5px !important;margin-left: -5px !important;}\u00a0\u00bb link=\u00a0\u00bb||target:%20_blank|rel:nofollow\u00a0\u00bb][vc_icon icon_fontawesome=\u00a0\u00bbfa fa-map-marker\u00a0\u00bb size=\u00a0\u00bbsm\u00a0\u00bb align=\u00a0\u00bbcenter\u00a0\u00bb css=\u00a0\u00bb.vc_custom_1544703483457{margin-top: -30px !important;margin-bottom: -10px !important;}\u00a0\u00bb link=\u00a0\u00bburl:https%3A%2F%2Fwww.google.fr%2Fmaps%2Fplace%2F47825%2BMontebello%2BRimini%2C%2BItalie%2F%4043.970491%2C7.8850746%2C6z%2Fdata%3D!4m5!3m4!1s0x132c941558a0c2ff%3A0x26079b0d159a5f11!8m2!3d43.9702874!4d12.3682241%3Fhl%3Dfr||target:%20_blank|rel:nofollow\u00a0\u00bb][\/vc_column_inner][\/vc_row_inner][vc_row_inner][vc_column_inner width=\u00a0\u00bb1\/3&Prime;][vc_single_image image=\u00a0\u00bb3536&Prime; img_size=\u00a0\u00bb500&#215;280&Prime; onclick=\u00a0\u00bblink_image\u00a0\u00bb css=\u00a0\u00bb.vc_custom_1520420332346{margin-bottom: -10px !important;}\u00a0\u00bb][vc_btn title=\u00a0\u00bbSi\u00e8ge de G\u00eanes, Massena- 20 avril au 4 juin 1800 &#8211; Gravure de Ch. Geoffroy d\u00b4apr\u00e8s E. Charpentier &#8211; Lieu de conservation inconnu.\u00a0\u00bb style=\u00a0\u00bbclassic\u00a0\u00bb shape=\u00a0\u00bbsquare\u00a0\u00bb color=\u00a0\u00bbdefault\u00a0\u00bb align=\u00a0\u00bbcenter\u00a0\u00bb css=\u00a0\u00bb.vc_custom_1544717724999{margin-top: -5px !important;}\u00a0\u00bb link=\u00a0\u00bb||target:%20_blank|rel:nofollow\u00a0\u00bb][vc_icon icon_fontawesome=\u00a0\u00bbfa fa-map-marker\u00a0\u00bb size=\u00a0\u00bbsm\u00a0\u00bb align=\u00a0\u00bbcenter\u00a0\u00bb css=\u00a0\u00bb.vc_custom_1544703573145{margin-top: -30px !important;margin-bottom: -10px !important;}\u00a0\u00bb link=\u00a0\u00bburl:https%3A%2F%2Fwww.google.fr%2Fmaps%2Fplace%2FG%25C3%25AAnes%2C%2BItalie%2F%4044.4471372%2C4.4083996%2C6z%2Fdata%3D!4m5!3m4!1s0x12d34152dcd49aad%3A0x236a84f11881620a!8m2!3d44.4056499!4d8.946256%3Fhl%3Dfr||target:%20_blank|rel:nofollow\u00a0\u00bb][\/vc_column_inner][vc_column_inner width=\u00a0\u00bb1\/3&Prime;][vc_single_image image=\u00a0\u00bb3521&Prime; img_size=\u00a0\u00bbfull\u00a0\u00bb onclick=\u00a0\u00bblink_image\u00a0\u00bb css=\u00a0\u00bb.vc_custom_1520420815291{margin-bottom: -10px !important;}\u00a0\u00bb][vc_btn title=\u00a0\u00bbBataille de Marengo &#8211; 14 juin 1800 &#8211; Louis-Fran\u00e7ois Lejeune &#8211;  Chateau de Versailles (France)\u00a0\u00bb style=\u00a0\u00bbclassic\u00a0\u00bb shape=\u00a0\u00bbsquare\u00a0\u00bb color=\u00a0\u00bbdefault\u00a0\u00bb align=\u00a0\u00bbcenter\u00a0\u00bb i_align=\u00a0\u00bbright\u00a0\u00bb i_icon_fontawesome=\u00a0\u00bbfa fa-eye\u00a0\u00bb add_icon=\u00a0\u00bbtrue\u00a0\u00bb css=\u00a0\u00bb.vc_custom_1544704686138{margin-top: -5px !important;}\u00a0\u00bb link=\u00a0\u00bburl:https%3A%2F%2Ffr.wikipedia.org%2Fwiki%2FBataille_de_Marengo%23%2Fmedia%2FFile%3ALejeune_-_Bataille_de_Marengo.jpg||target:%20_blank|rel:nofollow\u00a0\u00bb][vc_icon icon_fontawesome=\u00a0\u00bbfa fa-map-marker\u00a0\u00bb size=\u00a0\u00bbsm\u00a0\u00bb align=\u00a0\u00bbcenter\u00a0\u00bb css=\u00a0\u00bb.vc_custom_1544705653841{margin-top: -30px !important;margin-bottom: -10px !important;}\u00a0\u00bb link=\u00a0\u00bburl:http%3A%2F%2Faline-voinot.com%2Findex.php%2Fmarengo%2F||target:%20_blank|rel:nofollow\u00a0\u00bb][\/vc_column_inner][vc_column_inner width=\u00a0\u00bb1\/3&Prime;][vc_single_image image=\u00a0\u00bb3529&Prime; img_size=\u00a0\u00bbfull\u00a0\u00bb onclick=\u00a0\u00bblink_image\u00a0\u00bb css=\u00a0\u00bb.vc_custom_1520420845932{margin-bottom: -10px !important;}\u00a0\u00bb][vc_btn title=\u00a0\u00bbPassage du Mincio et bataille de Pozzolo &#8211; 25 d\u00e9cembre 1800 &#8211; Gravure de Boussod &amp; Valadon d&rsquo;apr\u00e8s Bellang\u00e9 &#8211; Lieu conservation inconnu\u00a0\u00bb style=\u00a0\u00bbclassic\u00a0\u00bb shape=\u00a0\u00bbsquare\u00a0\u00bb color=\u00a0\u00bbdefault\u00a0\u00bb align=\u00a0\u00bbcenter\u00a0\u00bb i_align=\u00a0\u00bbright\u00a0\u00bb i_icon_fontawesome=\u00a0\u00bbfa fa-eye\u00a0\u00bb add_icon=\u00a0\u00bbtrue\u00a0\u00bb css=\u00a0\u00bb.vc_custom_1544717707517{margin-top: -5px !important;}\u00a0\u00bb link=\u00a0\u00bburl:https%3A%2F%2Ffr.wikipedia.org%2Fwiki%2FBataille_de_Pozzolo_(1800)%23%2Fmedia%2FFile%3ABoussod_%2526_Valadon_(1893)_d%2527apr%25C3%25A8s_Bellang%25C3%25A9_-_Passage_du_Mincio_et_bataille_de_Pozzolo_(1800).JPG||target:%20_blank|rel:nofollow\u00a0\u00bb][vc_icon icon_fontawesome=\u00a0\u00bbfa fa-map-marker\u00a0\u00bb size=\u00a0\u00bbsm\u00a0\u00bb align=\u00a0\u00bbcenter\u00a0\u00bb css=\u00a0\u00bb.vc_custom_1544704594096{margin-top: -30px !important;margin-bottom: -10px !important;}\u00a0\u00bb link=\u00a0\u00bburl:https%3A%2F%2Fwww.google.fr%2Fmaps%2Fplace%2F21015%2BLonate%2BPozzolo%2C%2BVar%25C3%25A8se%2C%2BItalie%2F%4045.5941216%2C7.6312857%2C8z%2Fdata%3D!4m5!3m4!1s0x47866025cacd1f3d%3A0xba8661346b36f8d!8m2!3d45.5993133!4d8.753802%3Fhl%3Dfr||target:%20_blank|rel:nofollow\u00a0\u00bb][\/vc_column_inner][\/vc_row_inner][\/vc_column][\/vc_row][vc_row][vc_column][vc_empty_space][vc_btn title=\u00a0\u00bbCarte itin\u00e9raire de la deuxi\u00e8me campagne d&rsquo;Italie (1799-1800)\u00a0\u00bb style=\u00a0\u00bbclassic\u00a0\u00bb shape=\u00a0\u00bbsquare\u00a0\u00bb color=\u00a0\u00bbwarning\u00a0\u00bb align=\u00a0\u00bbcenter\u00a0\u00bb i_align=\u00a0\u00bbright\u00a0\u00bb i_icon_fontawesome=\u00a0\u00bbfa fa-eye\u00a0\u00bb button_block=\u00a0\u00bbtrue\u00a0\u00bb add_icon=\u00a0\u00bbtrue\u00a0\u00bb css=\u00a0\u00bb.vc_custom_1544718631927{margin-top: -5px !important;margin-left: -5px !important;}\u00a0\u00bb link=\u00a0\u00bburl:https%3A%2F%2Fwww.google.com%2Fmaps%2Fd%2Fedit%3Fhl%3Dfr%26mid%3D1qVHuvihzojqwoBiX_J9pNAxYlNGrOlBI%26ll%3D44.3331378915404%252C10.190216925450613%26z%3D8|title:Itin%C3%A9raire%20de%20la%202e%20campagne%20d&rsquo;Italie%20(1799-1800)|target:%20_blank|rel:nofollow\u00a0\u00bb][vc_empty_space][vc_column_text css=\u00a0\u00bb.vc_custom_1520445915513{padding-top: 10px !important;padding-bottom: 10px !important;background-color: #272727 !important;}\u00a0\u00bb]<\/p>\n<p style=\"text-align: center;\"><span style=\"color: #ffffff;\">LES CONS\u00c9QUENCES &#8211; Le trait\u00e9 de Lun\u00e9ville<\/span><\/p>\n<p>[\/vc_column_text][vc_row_inner][vc_column_inner][vc_single_image image=\u00a0\u00bb3351&Prime; img_size=\u00a0\u00bbfull\u00a0\u00bb onclick=\u00a0\u00bbcustom_link\u00a0\u00bb img_link_target=\u00a0\u00bb_blank\u00a0\u00bb link=\u00a0\u00bbhttps:\/\/www.westpoint.edu\/history\/SiteAssets\/SitePages\/Napoleonic%20War\/Nap12.gif\u00a0\u00bb][\/vc_column_inner][\/vc_row_inner][vc_btn title=\u00a0\u00bbExpansion de la France &#8211; Gains territoriaux confirm\u00e9s par le trait\u00e9 de Lun\u00e9ville &#8211; 1801&Prime; style=\u00a0\u00bbclassic\u00a0\u00bb shape=\u00a0\u00bbsquare\u00a0\u00bb color=\u00a0\u00bbdefault\u00a0\u00bb align=\u00a0\u00bbcenter\u00a0\u00bb i_align=\u00a0\u00bbright\u00a0\u00bb i_icon_fontawesome=\u00a0\u00bbfa fa-eye\u00a0\u00bb add_icon=\u00a0\u00bbtrue\u00a0\u00bb css=\u00a0\u00bb.vc_custom_1520424149574{margin-top: -5px !important;margin-left: -5px !important;}\u00a0\u00bb link=\u00a0\u00bburl:https%3A%2F%2Fwww.westpoint.edu%2Fhistory%2FSiteAssets%2FSitePages%2FNapoleonic%2520War%2FNap12.gif|||\u00a0\u00bb][\/vc_column][\/vc_row]<\/p>\n","protected":false},"excerpt":{"rendered":"<p>[vc_row full_width=\u00a0\u00bbstretch_row\u00a0\u00bb css=\u00a0\u00bb.vc_custom_1519929301374{background-color: #376092 !important;}\u00a0\u00bb][vc_column width=\u00a0\u00bb1\/2&Prime;][vc_row_inner][vc_column_inner css=\u00a0\u00bb.vc_custom_1519814829730{padding-right: 50px !important;}\u00a0\u00bb][vc_column_text] SYNOPSIS BELLLIGERANTS R\u00e9publique fran\u00e7aise contre Archiduch\u00e9 d&rsquo;Autriche, Empire Russe DATE 1799-1800 LIEU Italie R\u00c9SULTATS Victoire fran\u00e7aise CONS\u00c9QUENCES Capitulation d&rsquo;Alexandrie Paix de Lun\u00e9ville qui confirme le trait\u00e9 de Campo-Formio sign\u00e9 lors de<\/p>\n","protected":false},"author":1,"featured_media":0,"parent":0,"menu_order":0,"comment_status":"closed","ping_status":"closed","template":"","meta":{"footnotes":""},"class_list":["post-3263","page","type-page","status-publish","hentry"],"yoast_head":"<!-- This site is optimized with the Yoast SEO plugin v22.8 - https:\/\/yoast.com\/wordpress\/plugins\/seo\/ -->\n<title>Deuxi\u00e8me campagne d&#039;Italie (1799-1800) - L&#039;Histoire est un roman...<\/title>\n<meta name=\"robots\" content=\"index, follow, max-snippet:-1, max-image-preview:large, max-video-preview:-1\" \/>\n<link rel=\"canonical\" href=\"https:\/\/aline-voinot.com\/index.php\/campagne-ditalie-1799-1800\/\" \/>\n<meta property=\"og:locale\" content=\"fr_FR\" \/>\n<meta property=\"og:type\" content=\"article\" \/>\n<meta property=\"og:title\" content=\"Deuxi\u00e8me campagne d&#039;Italie (1799-1800) - L&#039;Histoire est un roman...\" \/>\n<meta property=\"og:description\" content=\"[vc_row full_width=\u00a0\u00bbstretch_row\u00a0\u00bb css=\u00a0\u00bb.vc_custom_1519929301374{background-color: #376092 !important;}\u00a0\u00bb][vc_column width=\u00a0\u00bb1\/2&Prime;][vc_row_inner][vc_column_inner css=\u00a0\u00bb.vc_custom_1519814829730{padding-right: 50px !important;}\u00a0\u00bb][vc_column_text] SYNOPSIS BELLLIGERANTS R\u00e9publique fran\u00e7aise contre Archiduch\u00e9 d&rsquo;Autriche, Empire Russe DATE 1799-1800 LIEU Italie R\u00c9SULTATS Victoire fran\u00e7aise CONS\u00c9QUENCES Capitulation d&rsquo;Alexandrie Paix de Lun\u00e9ville qui confirme le trait\u00e9 de Campo-Formio sign\u00e9 lors de\" \/>\n<meta property=\"og:url\" content=\"https:\/\/aline-voinot.com\/index.php\/campagne-ditalie-1799-1800\/\" \/>\n<meta property=\"og:site_name\" content=\"L&#039;Histoire est un roman...\" \/>\n<meta property=\"article:modified_time\" content=\"2020-06-06T10:00:29+00:00\" \/>\n<meta name=\"twitter:card\" content=\"summary_large_image\" \/>\n<meta name=\"twitter:label1\" content=\"Dur\u00e9e de lecture estim\u00e9e\" \/>\n\t<meta name=\"twitter:data1\" content=\"9 minutes\" \/>\n<script type=\"application\/ld+json\" class=\"yoast-schema-graph\">{\"@context\":\"https:\/\/schema.org\",\"@graph\":[{\"@type\":\"WebPage\",\"@id\":\"https:\/\/aline-voinot.com\/index.php\/campagne-ditalie-1799-1800\/\",\"url\":\"https:\/\/aline-voinot.com\/index.php\/campagne-ditalie-1799-1800\/\",\"name\":\"Deuxi\u00e8me campagne d'Italie (1799-1800) - L&#039;Histoire est un roman...\",\"isPartOf\":{\"@id\":\"https:\/\/aline-voinot.com\/#website\"},\"datePublished\":\"2018-02-28T12:07:59+00:00\",\"dateModified\":\"2020-06-06T10:00:29+00:00\",\"breadcrumb\":{\"@id\":\"https:\/\/aline-voinot.com\/index.php\/campagne-ditalie-1799-1800\/#breadcrumb\"},\"inLanguage\":\"fr-FR\",\"potentialAction\":[{\"@type\":\"ReadAction\",\"target\":[\"https:\/\/aline-voinot.com\/index.php\/campagne-ditalie-1799-1800\/\"]}]},{\"@type\":\"BreadcrumbList\",\"@id\":\"https:\/\/aline-voinot.com\/index.php\/campagne-ditalie-1799-1800\/#breadcrumb\",\"itemListElement\":[{\"@type\":\"ListItem\",\"position\":1,\"name\":\"Accueil\",\"item\":\"https:\/\/aline-voinot.com\/\"},{\"@type\":\"ListItem\",\"position\":2,\"name\":\"Deuxi\u00e8me campagne d&rsquo;Italie (1799-1800)\"}]},{\"@type\":\"WebSite\",\"@id\":\"https:\/\/aline-voinot.com\/#website\",\"url\":\"https:\/\/aline-voinot.com\/\",\"name\":\"L&#039;Histoire est un roman...\",\"description\":\"&quot;Destins connus, destins crois\u00e9s&quot; la premi\u00e8re encyclop\u00e9die romanc\u00e9e...\",\"potentialAction\":[{\"@type\":\"SearchAction\",\"target\":{\"@type\":\"EntryPoint\",\"urlTemplate\":\"https:\/\/aline-voinot.com\/?s={search_term_string}\"},\"query-input\":\"required name=search_term_string\"}],\"inLanguage\":\"fr-FR\"}]}<\/script>\n<!-- \/ Yoast SEO plugin. -->","yoast_head_json":{"title":"Deuxi\u00e8me campagne d'Italie (1799-1800) - L&#039;Histoire est un roman...","robots":{"index":"index","follow":"follow","max-snippet":"max-snippet:-1","max-image-preview":"max-image-preview:large","max-video-preview":"max-video-preview:-1"},"canonical":"https:\/\/aline-voinot.com\/index.php\/campagne-ditalie-1799-1800\/","og_locale":"fr_FR","og_type":"article","og_title":"Deuxi\u00e8me campagne d'Italie (1799-1800) - L&#039;Histoire est un roman...","og_description":"[vc_row full_width=\u00a0\u00bbstretch_row\u00a0\u00bb css=\u00a0\u00bb.vc_custom_1519929301374{background-color: #376092 !important;}\u00a0\u00bb][vc_column width=\u00a0\u00bb1\/2&Prime;][vc_row_inner][vc_column_inner css=\u00a0\u00bb.vc_custom_1519814829730{padding-right: 50px !important;}\u00a0\u00bb][vc_column_text] SYNOPSIS BELLLIGERANTS R\u00e9publique fran\u00e7aise contre Archiduch\u00e9 d&rsquo;Autriche, Empire Russe DATE 1799-1800 LIEU Italie R\u00c9SULTATS Victoire fran\u00e7aise CONS\u00c9QUENCES Capitulation d&rsquo;Alexandrie Paix de Lun\u00e9ville qui confirme le trait\u00e9 de Campo-Formio sign\u00e9 lors de","og_url":"https:\/\/aline-voinot.com\/index.php\/campagne-ditalie-1799-1800\/","og_site_name":"L&#039;Histoire est un roman...","article_modified_time":"2020-06-06T10:00:29+00:00","twitter_card":"summary_large_image","twitter_misc":{"Dur\u00e9e de lecture estim\u00e9e":"9 minutes"},"schema":{"@context":"https:\/\/schema.org","@graph":[{"@type":"WebPage","@id":"https:\/\/aline-voinot.com\/index.php\/campagne-ditalie-1799-1800\/","url":"https:\/\/aline-voinot.com\/index.php\/campagne-ditalie-1799-1800\/","name":"Deuxi\u00e8me campagne d'Italie (1799-1800) - L&#039;Histoire est un roman...","isPartOf":{"@id":"https:\/\/aline-voinot.com\/#website"},"datePublished":"2018-02-28T12:07:59+00:00","dateModified":"2020-06-06T10:00:29+00:00","breadcrumb":{"@id":"https:\/\/aline-voinot.com\/index.php\/campagne-ditalie-1799-1800\/#breadcrumb"},"inLanguage":"fr-FR","potentialAction":[{"@type":"ReadAction","target":["https:\/\/aline-voinot.com\/index.php\/campagne-ditalie-1799-1800\/"]}]},{"@type":"BreadcrumbList","@id":"https:\/\/aline-voinot.com\/index.php\/campagne-ditalie-1799-1800\/#breadcrumb","itemListElement":[{"@type":"ListItem","position":1,"name":"Accueil","item":"https:\/\/aline-voinot.com\/"},{"@type":"ListItem","position":2,"name":"Deuxi\u00e8me campagne d&rsquo;Italie (1799-1800)"}]},{"@type":"WebSite","@id":"https:\/\/aline-voinot.com\/#website","url":"https:\/\/aline-voinot.com\/","name":"L&#039;Histoire est un roman...","description":"&quot;Destins connus, destins crois\u00e9s&quot; la premi\u00e8re encyclop\u00e9die romanc\u00e9e...","potentialAction":[{"@type":"SearchAction","target":{"@type":"EntryPoint","urlTemplate":"https:\/\/aline-voinot.com\/?s={search_term_string}"},"query-input":"required name=search_term_string"}],"inLanguage":"fr-FR"}]}},"_links":{"self":[{"href":"https:\/\/aline-voinot.com\/index.php\/wp-json\/wp\/v2\/pages\/3263","targetHints":{"allow":["GET"]}}],"collection":[{"href":"https:\/\/aline-voinot.com\/index.php\/wp-json\/wp\/v2\/pages"}],"about":[{"href":"https:\/\/aline-voinot.com\/index.php\/wp-json\/wp\/v2\/types\/page"}],"author":[{"embeddable":true,"href":"https:\/\/aline-voinot.com\/index.php\/wp-json\/wp\/v2\/users\/1"}],"replies":[{"embeddable":true,"href":"https:\/\/aline-voinot.com\/index.php\/wp-json\/wp\/v2\/comments?post=3263"}],"version-history":[{"count":0,"href":"https:\/\/aline-voinot.com\/index.php\/wp-json\/wp\/v2\/pages\/3263\/revisions"}],"wp:attachment":[{"href":"https:\/\/aline-voinot.com\/index.php\/wp-json\/wp\/v2\/media?parent=3263"}],"curies":[{"name":"wp","href":"https:\/\/api.w.org\/{rel}","templated":true}]}}