{"id":3342,"date":"2018-03-02T12:12:14","date_gmt":"2018-03-02T11:12:14","guid":{"rendered":"http:\/\/aline-voinot.com\/?page_id=3342"},"modified":"2023-06-17T16:45:45","modified_gmt":"2023-06-17T14:45:45","slug":"campagne-degypte","status":"publish","type":"page","link":"https:\/\/aline-voinot.com\/index.php\/campagne-degypte\/","title":{"rendered":"Campagne d&rsquo;Egypte (1798-1801)"},"content":{"rendered":"<p>[vc_row full_width=\u00a0\u00bbstretch_row\u00a0\u00bb css=\u00a0\u00bb.vc_custom_1519929301374{background-color: #376092 !important;}\u00a0\u00bb][vc_column width=\u00a0\u00bb1\/2&Prime;][vc_row_inner][vc_column_inner css=\u00a0\u00bb.vc_custom_1519814829730{padding-right: 50px !important;}\u00a0\u00bb][vc_column_text]<\/p>\n<table>\n<tbody>\n<tr>\n<td width=\"88\"><span style=\"color: #ffffff;\"><strong>BELLLIGERANTS<\/strong><\/span><\/td>\n<td width=\"366\"><span style=\"color: #ffffff;\">R\u00e9publique fran\u00e7aise contre le Grande-Bretagne,<\/span><\/td>\n<\/tr>\n<tr>\n<td width=\"88\"><span style=\"color: #ffffff;\"><strong>DATE<\/strong><\/span><\/td>\n<td width=\"366\"><span style=\"color: #ffffff;\">1798 &#8211; 1801<\/span><\/td>\n<\/tr>\n<tr>\n<td width=\"88\"><span style=\"color: #ffffff;\"><strong>LIEU<\/strong><\/span><\/td>\n<td width=\"366\"><span style=\"color: #ffffff;\">\u00c9gypte, Levant<\/span><\/td>\n<\/tr>\n<tr>\n<td width=\"88\"><span style=\"color: #ffffff;\"><strong>CAUSUS BELLI<\/strong><\/span><\/td>\n<td width=\"366\"><span style=\"color: #ffffff;\">D\u00e9cision du Directoire de s&#8217;emparer de l&rsquo;\u00c9gypte et l&rsquo;Orient afin de bloquer la route des Indes et d&rsquo;affaiblir l\u2019expansion \u00e9conomique de la Grande-Bretagne. C&rsquo;est aussi une excellente occasion pour \u00e9loigner le jeune g\u00e9n\u00e9ral Napol\u00e9on Bonaparte tr\u00e8s populaire suite \u00e0 sa victorieuse campagne d&rsquo;Italie.<\/span><\/td>\n<\/tr>\n<tr>\n<td width=\"88\"><span style=\"color: #ffffff;\"><strong>CONTEXTE<\/strong><\/span><\/td>\n<td width=\"366\"><span style=\"color: #ffffff;\">Malgr\u00e9 la victoire des Pyramides qui ouvrait \u00e0 Bonaparte et ses hommes les portes de la ville du Caire, l\u2019arm\u00e9e fran\u00e7aise essuya une lourde d\u00e9faite face \u00e0 la flotte anglaise men\u00e9e par l\u2019amiral Horatio Nelson. La flotte fran\u00e7aise fut an\u00e9antie et Bonaparte et ses hommes furent contraints de rester plus que pr\u00e9vu en \u00c9gypte.<\/span><\/td>\n<\/tr>\n<tr>\n<td width=\"88\"><span style=\"color: #ffffff;\"><strong>R\u00c9SULTATS<\/strong><\/span><\/td>\n<td width=\"366\"><span style=\"color: #ffffff;\">Victoire ottomano-anglaise<\/span><\/td>\n<\/tr>\n<tr>\n<td width=\"88\"><span style=\"color: #ffffff;\"><strong>CONS\u00c9QUENCES<\/strong><\/span><\/td>\n<td width=\"366\"><span style=\"color: #ffffff;\">Bilan humain d\u00e9sastreux face aux lourdes pertes de part et d\u2019autres,<\/span><\/p>\n<p><span style=\"color: #ffffff;\">\u00c9chec de l\u2019exp\u00e9dition militaire fran\u00e7aise en \u00c9gypte, mais succ\u00e8s de l\u2019exp\u00e9dition scientifique avec la cr\u00e9ation de l\u2019Institut d\u2019\u00c9gypte,<\/span><\/p>\n<p><span style=\"color: #ffffff;\">\u00c9chec sur la tentative fran\u00e7aise de cr\u00e9er une administration moderne.<\/span><\/td>\n<\/tr>\n<\/tbody>\n<\/table>\n<p>&nbsp;[\/vc_column_text][\/vc_column_inner][\/vc_row_inner][\/vc_column][vc_column width=\u00a0\u00bb1\/2&Prime;][vc_row_inner][vc_column_inner width=\u00a0\u00bb1\/2&Prime;][vc_column_text]<\/p>\n<h6 style=\"text-align: center;\"><span style=\"color: #ffffff;\">REPUBLIQUE FRAN\u00c7AISE<\/span><\/h6>\n<p style=\"text-align: center;\"><span style=\"color: #ffffff;\">45 000 Soldats, 10 000 Marins<\/span><\/p>\n<p style=\"text-align: center;\"><span style=\"color: #ffffff;\">15 000 tu\u00e9s ou bless\u00e9s, 8 500 prisonniers<\/span><\/p>\n<p>[\/vc_column_text][vc_btn title=\u00a0\u00bbPrincipaux g\u00e9n\u00e9raux\u00a0\u00bb shape=\u00a0\u00bbsquare\u00a0\u00bb color=\u00a0\u00bbmulled-wine\u00a0\u00bb size=\u00a0\u00bblg\u00a0\u00bb align=\u00a0\u00bbcenter\u00a0\u00bb i_align=\u00a0\u00bbright\u00a0\u00bb i_type=\u00a0\u00bbentypo\u00a0\u00bb i_icon_entypo=\u00a0\u00bbentypo-icon entypo-icon-user\u00a0\u00bb add_icon=\u00a0\u00bbtrue\u00a0\u00bb][vc_column_text]<span style=\"color: #ffffff;\"><a style=\"color: #ffffff;\" href=\"https:\/\/aline-voinot.com\/index.php\/napoleon-bonaparte\/\" target=\"_blank\" rel=\"noopener noreferrer\">Naplo\u00e9on Bonaparte<\/a> (France)<\/span><br \/>\n<span style=\"color: #ffffff;\"><a style=\"color: #ffffff;\" href=\"https:\/\/aline-voinot.com\/index.php\/jean-baptiste-kleber\/\" target=\"_blank\" rel=\"noopener noreferrer\">Jean-Baptiste Kl\u00e9ber<\/a> \u2020 (France)<\/span><br \/>\n<span style=\"color: #ffffff;\">Maximilien de Caffarelli du Falga \u2020 (France)<\/span><br \/>\n<span style=\"color: #ffffff;\">Jacques de Menou de Boussay (France)<\/span><br \/>\n<span style=\"color: #ffffff;\"><a style=\"color: #ffffff;\" href=\"https:\/\/aline-voinot.com\/index.php\/louis-charles-antoine-desaix\/\" target=\"_blank\" rel=\"noopener noreferrer\">Louis Desaix<\/a> (France)<\/span><br \/>\n<span style=\"color: #ffffff;\"><a style=\"color: #ffffff;\" href=\"https:\/\/aline-voinot.com\/index.php\/thomas-alexandre-davy-de-la-pailleterie\/\" target=\"_blank\" rel=\"noopener noreferrer\">Thomas Alexandre Dumas<\/a> (France)<\/span><br \/>\n<span style=\"color: #ffffff;\">Louis Andr\u00e9 Bon \u2020 (France)<\/span><br \/>\n<span style=\"color: #ffffff;\">Fran\u00e7ois Paul de Brueys d&rsquo;Aigalliers \u2020 (France)<\/span>[\/vc_column_text][\/vc_column_inner][vc_column_inner width=\u00a0\u00bb1\/2&Prime;][vc_column_text]<\/p>\n<h6 style=\"text-align: center;\"><span style=\"color: #ffffff;\">PREMIERE COALITION<\/span><\/h6>\n<p style=\"text-align: center;\"><span style=\"color: #ffffff;\">220 000 Ottomans,&nbsp; 30 000 anglais<\/span><\/p>\n<p style=\"text-align: center;\"><span style=\"color: #ffffff;\">dont 50 000 tu\u00e9s ou bless\u00e9s<\/span><\/p>\n<p>[\/vc_column_text][vc_empty_space height=\u00a0\u00bb25&Prime;][vc_btn title=\u00a0\u00bbPrincipaux g\u00e9n\u00e9raux\u00a0\u00bb shape=\u00a0\u00bbsquare\u00a0\u00bb color=\u00a0\u00bbmulled-wine\u00a0\u00bb size=\u00a0\u00bblg\u00a0\u00bb align=\u00a0\u00bbcenter\u00a0\u00bb i_align=\u00a0\u00bbright\u00a0\u00bb i_type=\u00a0\u00bbentypo\u00a0\u00bb i_icon_entypo=\u00a0\u00bbentypo-icon entypo-icon-user\u00a0\u00bb add_icon=\u00a0\u00bbtrue\u00a0\u00bb][vc_column_text]<span style=\"color: #ffffff;\">Mourade Bay&nbsp;(Mamelouk)<\/span><br \/>\n<span style=\"color: #ffffff;\">Djezzar Pacha (Mamelouk)<\/span><br \/>\n<span style=\"color: #ffffff;\">Abdallah Pacha (Mamelouk)<\/span><br \/>\n<span style=\"color: #ffffff;\">Ralph Abercomby (Britannique)<\/span><br \/>\n<span style=\"color: #ffffff;\">Horatio Nelson(Britannique)<\/span><br \/>\n<span style=\"color: #ffffff;\">William Sydney Smith(Britannique)<\/span>[\/vc_column_text][\/vc_column_inner][\/vc_row_inner][vc_row_inner][vc_column_inner][vc_btn title=\u00a0\u00bbTome 1&Prime; color=\u00a0\u00bbdanger\u00a0\u00bb size=\u00a0\u00bbxs\u00a0\u00bb][\/vc_column_inner][\/vc_row_inner][\/vc_column][\/vc_row][vc_row][vc_column][\/vc_column][\/vc_row][vc_row][vc_column][vc_column_text css=\u00a0\u00bb.vc_custom_1520347731737{padding-top: 10px !important;padding-bottom: 10px !important;background-color: #272727 !important;}\u00a0\u00bb]<\/p>\n<p style=\"text-align: center;\"><span style=\"color: #ffffff;\">REPORTAGES SUR L&rsquo;EXP\u00c9DITION D&rsquo;\u00c9GYPTE<\/span><\/p>\n<p>[\/vc_column_text][\/vc_column][\/vc_row][vc_row][vc_column][vc_row_inner][vc_column_inner width=\u00a0\u00bb1\/3&Prime;][vc_single_image image=\u00a0\u00bb3418&Prime; img_size=\u00a0\u00bbfull\u00a0\u00bb onclick=\u00a0\u00bblink_image\u00a0\u00bb css=\u00a0\u00bb.vc_custom_1544669431940{margin-bottom: -10px !important;}\u00a0\u00bb][vc_btn title=\u00a0\u00bbD\u00e9part de Toulon de l&rsquo;arm\u00e9e d&rsquo;Orient pour l&rsquo;\u00c9gypte &#8211; Mai 1798 &#8211; Pierre Martinet &#8211; Anne S.K. Brown Military Collection (USA)\u00a0\u00bb style=\u00a0\u00bbclassic\u00a0\u00bb shape=\u00a0\u00bbsquare\u00a0\u00bb color=\u00a0\u00bbdefault\u00a0\u00bb align=\u00a0\u00bbcenter\u00a0\u00bb i_align=\u00a0\u00bbright\u00a0\u00bb i_icon_fontawesome=\u00a0\u00bbfa fa-eye\u00a0\u00bb add_icon=\u00a0\u00bbtrue\u00a0\u00bb css=\u00a0\u00bb.vc_custom_1544670381593{margin-top: -5px !important;}\u00a0\u00bb link=\u00a0\u00bburl:https%3A%2F%2Frepository.library.brown.edu%2Fstudio%2Fitem%2Fbdr%3A246446%2F||target:%20_blank|rel:nofollow\u00a0\u00bb][vc_icon icon_fontawesome=\u00a0\u00bbfa fa-map-marker\u00a0\u00bb size=\u00a0\u00bbsm\u00a0\u00bb align=\u00a0\u00bbcenter\u00a0\u00bb css=\u00a0\u00bb.vc_custom_1544669413551{margin-top: -20px !important;margin-bottom: -10px !important;}\u00a0\u00bb link=\u00a0\u00bburl:https%3A%2F%2Fwww.google.com%2Fmaps%2Fd%2Fedit%3Fhl%3Dfr%26hl%3Dfr%26mid%3D1VHOeiBvaL5pCev6l5m8rijMrZqKK9_3s%26ll%3D40.46413124920318%252C6.240913363476238%26z%3D5||target:%20_blank|rel:nofollow\u00a0\u00bb][\/vc_column_inner][vc_column_inner width=\u00a0\u00bb1\/3&Prime;][vc_single_image image=\u00a0\u00bb3419&Prime; img_size=\u00a0\u00bbfull\u00a0\u00bb onclick=\u00a0\u00bbcustom_link\u00a0\u00bb css=\u00a0\u00bb.vc_custom_1544669488550{margin-bottom: -10px !important;}\u00a0\u00bb][vc_btn title=\u00a0\u00bbD\u00e9barquement de Bonaparte \u00e0 Alexandrie &#8211; Juillet 1798 &#8211; Mus\u00e9e de la R\u00e9volution fran\u00e7aise, Vizille (France)\u00a0\u00bb style=\u00a0\u00bbclassic\u00a0\u00bb shape=\u00a0\u00bbsquare\u00a0\u00bb color=\u00a0\u00bbdefault\u00a0\u00bb align=\u00a0\u00bbcenter\u00a0\u00bb i_align=\u00a0\u00bbright\u00a0\u00bb i_icon_fontawesome=\u00a0\u00bbfa fa-eye\u00a0\u00bb add_icon=\u00a0\u00bbtrue\u00a0\u00bb css=\u00a0\u00bb.vc_custom_1544670368202{margin-top: -5px !important;}\u00a0\u00bb link=\u00a0\u00bburl:https%3A%2F%2Ffr.wikipedia.org%2Fwiki%2F1798_en_France%23%2Fmedia%2FFile%3AD%25C3%25A9barquement_de_Napol%25C3%25A9on_en_Egypte_juillet_1798%2C_Mus%25C3%25A9e_de_la_r%25C3%25A9volution_fran%25C3%25A7aise_-_Vizillejpg.jpg||target:%20_blank|rel:nofollow\u00a0\u00bb][vc_icon icon_fontawesome=\u00a0\u00bbfa fa-map-marker\u00a0\u00bb size=\u00a0\u00bbsm\u00a0\u00bb align=\u00a0\u00bbcenter\u00a0\u00bb css=\u00a0\u00bb.vc_custom_1544669477330{margin-top: -20px !important;margin-bottom: -10px !important;}\u00a0\u00bb link=\u00a0\u00bburl:https%3A%2F%2Fwww.google.fr%2Fmaps%2Fsearch%2FAlexandrie%2C%2B%25C3%2589gypte%2C%2Bport%2F%4034.3214332%2C26.6117866%2C6z||target:%20_blank|rel:nofollow\u00a0\u00bb][\/vc_column_inner][vc_column_inner width=\u00a0\u00bb1\/3&Prime;][vc_single_image image=\u00a0\u00bb3422&Prime; img_size=\u00a0\u00bbfull\u00a0\u00bb onclick=\u00a0\u00bblink_image\u00a0\u00bb css=\u00a0\u00bb.vc_custom_1544669540344{margin-bottom: -10px !important;}\u00a0\u00bb][vc_btn title=\u00a0\u00bbConqu\u00eate de la Haute \u00c9gypte &#8211; 1799-1800 &#8211; Manuscrit de Etienne Louis Felix Hauet &#8211; Universit\u00e9 am\u00e9ricaine du Caire  \u00a0\u00bb style=\u00a0\u00bbclassic\u00a0\u00bb shape=\u00a0\u00bbsquare\u00a0\u00bb color=\u00a0\u00bbdefault\u00a0\u00bb align=\u00a0\u00bbcenter\u00a0\u00bb i_align=\u00a0\u00bbright\u00a0\u00bb i_icon_fontawesome=\u00a0\u00bbfa fa-eye\u00a0\u00bb add_icon=\u00a0\u00bbtrue\u00a0\u00bb css=\u00a0\u00bb.vc_custom_1544670525508{margin-top: -5px !important;}\u00a0\u00bb link=\u00a0\u00bburl:http%3A%2F%2Fdigitalcollections.aucegypt.edu%2Fcdm%2Fref%2Fcollection%2Fp15795coll6%2Fid%2F216||target:%20_blank|\u00a0\u00bb][vc_icon icon_fontawesome=\u00a0\u00bbfa fa-map-marker\u00a0\u00bb size=\u00a0\u00bbsm\u00a0\u00bb align=\u00a0\u00bbcenter\u00a0\u00bb css=\u00a0\u00bb.vc_custom_1544630763100{margin-top: -20px !important;margin-bottom: -10px !important;}\u00a0\u00bb][\/vc_column_inner][\/vc_row_inner][vc_row_inner][vc_column_inner width=\u00a0\u00bb1\/3&Prime;][vc_single_image image=\u00a0\u00bb3476&Prime; img_size=\u00a0\u00bbfull\u00a0\u00bb onclick=\u00a0\u00bblink_image\u00a0\u00bb css=\u00a0\u00bb.vc_custom_1544669345436{margin-bottom: -10px !important;}\u00a0\u00bb][vc_btn title=\u00a0\u00bbPrise d&rsquo;Alexandre &#8211; 1er-2 juillet 1798 &#8211; Pellerin &#8211; Lieu de conservation inconnu\u00a0\u00bb style=\u00a0\u00bbclassic\u00a0\u00bb shape=\u00a0\u00bbsquare\u00a0\u00bb color=\u00a0\u00bbdefault\u00a0\u00bb align=\u00a0\u00bbcenter\u00a0\u00bb i_align=\u00a0\u00bbright\u00a0\u00bb i_icon_fontawesome=\u00a0\u00bbfa fa-eye\u00a0\u00bb add_icon=\u00a0\u00bbtrue\u00a0\u00bb css=\u00a0\u00bb.vc_custom_1544670908451{margin-top: -5px !important;}\u00a0\u00bb link=\u00a0\u00bburl:http%3A%2F%2Fwww2.culture.gouv.fr%2FWave%2Fimage%2Farchim%2F0019%2Fdafanch06_n200852n00001_2.jpg||target:%20_blank|\u00a0\u00bb][vc_icon icon_fontawesome=\u00a0\u00bbfa fa-map-marker\u00a0\u00bb size=\u00a0\u00bbsm\u00a0\u00bb align=\u00a0\u00bbcenter\u00a0\u00bb css=\u00a0\u00bb.vc_custom_1544670551443{margin-top: -20px !important;margin-bottom: -10px !important;}\u00a0\u00bb link=\u00a0\u00bburl:https%3A%2F%2Fwww.google.fr%2Fmaps%2Fplace%2FCitadelle%2Bde%2BQaitbay%2F%4031.214011%2C29.7455626%2C11z%2Fdata%3D!4m5!3m4!1s0x14f5c3ff1b30e255%3A0xc201e7869ae9971f!8m2!3d31.214011!4d29.8856383|||\u00a0\u00bb][\/vc_column_inner][vc_column_inner width=\u00a0\u00bb1\/3&Prime;][vc_single_image image=\u00a0\u00bb3380&Prime; img_size=\u00a0\u00bbfull\u00a0\u00bb onclick=\u00a0\u00bblink_image\u00a0\u00bb css=\u00a0\u00bb.vc_custom_1544670977074{margin-bottom: -10px !important;}\u00a0\u00bb][vc_btn title=\u00a0\u00bbBataille des Pyramides &#8211; 21 juillet 1798 &#8211; Antoine-Jean Gros &#8211; Ch. Versailles et Trianon (France)\u00a0\u00bb style=\u00a0\u00bbclassic\u00a0\u00bb shape=\u00a0\u00bbsquare\u00a0\u00bb color=\u00a0\u00bbdefault\u00a0\u00bb align=\u00a0\u00bbcenter\u00a0\u00bb i_align=\u00a0\u00bbright\u00a0\u00bb i_icon_fontawesome=\u00a0\u00bbfa fa-eye\u00a0\u00bb add_icon=\u00a0\u00bbtrue\u00a0\u00bb css=\u00a0\u00bb.vc_custom_1544671173038{margin-top: -5px !important;}\u00a0\u00bb link=\u00a0\u00bburl:http%3A%2F%2Fwww2.culture.gouv.fr%2Fpublic%2Fmistral%2Fjoconde_fr%3FACTION%3DRETROUVER%26FIELD_98%3DTOUT%26VALUE_98%3Dbataille%2520des%2520pyramides%26NUMBER%3D6%26GRP%3D0%26REQ%3D%2528%2528bataille%2520des%2520pyramides%2529%2520%253aTOUT%2520%2529%26USRNAME%3Dnobody%26USRPWD%3D4%2524%252534P%26SPEC%3D5%26SYN%3D1%26IMLY%3D%26MAX1%3D1%26MAX2%3D1%26MAX3%3D200%26DOM%3DAll||target:%20_blank|rel:nofollow\u00a0\u00bb][vc_icon icon_fontawesome=\u00a0\u00bbfa fa-map-marker\u00a0\u00bb size=\u00a0\u00bbsm\u00a0\u00bb align=\u00a0\u00bbcenter\u00a0\u00bb css=\u00a0\u00bb.vc_custom_1544670950662{margin-top: -20px !important;margin-bottom: -10px !important;}\u00a0\u00bb link=\u00a0\u00bburl:https%3A%2F%2Fwww.google.fr%2Fmaps%2Fsearch%2Fpyramide%2C%2Ble%2Bcaire%2C%2Begypte%2F%4029.9772303%2C31.1274773%2C2845m%2Fdata%3D!3m1!1e3||target:%20_blank|rel:nofollow\u00a0\u00bb][\/vc_column_inner][vc_column_inner width=\u00a0\u00bb1\/3&Prime;][vc_single_image image=\u00a0\u00bb3370&Prime; img_size=\u00a0\u00bbfull\u00a0\u00bb onclick=\u00a0\u00bblink_image\u00a0\u00bb css=\u00a0\u00bb.vc_custom_1544671830911{margin-bottom: -10px !important;}\u00a0\u00bb][vc_btn title=\u00a0\u00bb1\u00e8re Bataille d&rsquo;Aboukir &#8211; 1er au 2 ao\u00fbt 1798 &#8211; George Arnald &#8211; National Maritime Museum, London (GB)\u00a0\u00bb style=\u00a0\u00bbclassic\u00a0\u00bb shape=\u00a0\u00bbsquare\u00a0\u00bb color=\u00a0\u00bbdefault\u00a0\u00bb align=\u00a0\u00bbcenter\u00a0\u00bb i_align=\u00a0\u00bbright\u00a0\u00bb i_icon_fontawesome=\u00a0\u00bbfa fa-eye\u00a0\u00bb add_icon=\u00a0\u00bbtrue\u00a0\u00bb css=\u00a0\u00bb.vc_custom_1544671501656{margin-top: -5px !important;}\u00a0\u00bb link=\u00a0\u00bburl:https%3A%2F%2Ffr.wikipedia.org%2Fwiki%2FBataille_d%2527Aboukir_(1798)%23%2Fmedia%2FFile%3AThe_Battle_of_the_Nile.jpg||target:%20_blank|\u00a0\u00bb][vc_icon icon_fontawesome=\u00a0\u00bbfa fa-map-marker\u00a0\u00bb size=\u00a0\u00bbsm\u00a0\u00bb align=\u00a0\u00bbcenter\u00a0\u00bb css=\u00a0\u00bb.vc_custom_1544671226745{margin-top: -20px !important;margin-bottom: -10px !important;}\u00a0\u00bb link=\u00a0\u00bburl:https%3A%2F%2Fwww.google.fr%2Fmaps%2Fplace%2FAboukir%2C%2BAbu%2BQir%2BAl%2BGharbeyah%2C%2BQism%2BEl-Montaza%2C%2BAlexandrie%2C%2B%25C3%2589gypte%2F%4031.3114233%2C30.0515794%2C11z%2Fdata%3D!4m5!3m4!1s0x14f5d136a7682add%3A0x4db509f2dcec2b65!8m2!3d31.3114241!4d30.0603342||target:%20_blank|rel:nofollow\u00a0\u00bb][\/vc_column_inner][\/vc_row_inner][vc_row_inner][vc_column_inner width=\u00a0\u00bb1\/3&Prime;][vc_single_image image=\u00a0\u00bb3387&Prime; img_size=\u00a0\u00bbfull\u00a0\u00bb onclick=\u00a0\u00bblink_image\u00a0\u00bb css=\u00a0\u00bb.vc_custom_1544671807579{margin-bottom: -10px !important;}\u00a0\u00bb][vc_btn title=\u00a0\u00bbR\u00e9volte du Caire &#8211; 21 octobre 1798 &#8211; Anne-Louis Girodet-Trioson &#8211; Art Institute of Chicago (\u00c9tats-Unis)\u00a0\u00bb style=\u00a0\u00bbclassic\u00a0\u00bb shape=\u00a0\u00bbsquare\u00a0\u00bb color=\u00a0\u00bbdefault\u00a0\u00bb align=\u00a0\u00bbcenter\u00a0\u00bb i_align=\u00a0\u00bbright\u00a0\u00bb i_icon_fontawesome=\u00a0\u00bbfa fa-eye\u00a0\u00bb button_block=\u00a0\u00bbtrue\u00a0\u00bb add_icon=\u00a0\u00bbtrue\u00a0\u00bb css=\u00a0\u00bb.vc_custom_1623095245776{margin-top: -5px !important;}\u00a0\u00bb link=\u00a0\u00bburl:http%3A%2F%2Faline-voinot.com%2Findex.php%2Fmusee-de-la-legion-dhonneur-paris%2F||target:%20_blank|rel:nofollow\u00a0\u00bb][vc_icon icon_fontawesome=\u00a0\u00bbfa fa-map-marker\u00a0\u00bb size=\u00a0\u00bbsm\u00a0\u00bb align=\u00a0\u00bbcenter\u00a0\u00bb css=\u00a0\u00bb.vc_custom_1544671555934{margin-top: -20px !important;margin-bottom: -10px !important;}\u00a0\u00bb link=\u00a0\u00bburl:https%3A%2F%2Fwww.google.fr%2Fmaps%2Fplace%2FEl-Tahrir%2BSquare%2C%2BCairo%2BGovernorate%2C%2B%25C3%2589gypte%2F%4030.0177314%2C31.1018816%2C51936m%2Fdata%3D!3m1!1e3!4m5!3m4!1s0x145840c640406f07%3A0xbec96781af26951c!8m2!3d30.0440685!4d31.235512||target:%20_blank|rel:nofollow\u00a0\u00bb][\/vc_column_inner][vc_column_inner width=\u00a0\u00bb1\/3&Prime;][vc_single_image image=\u00a0\u00bb3391&Prime; img_size=\u00a0\u00bbfull\u00a0\u00bb onclick=\u00a0\u00bblink_image\u00a0\u00bb css=\u00a0\u00bb.vc_custom_1519996458809{margin-bottom: -10px !important;}\u00a0\u00bb][vc_btn title=\u00a0\u00bbSi\u00e8ge de Jaffa &#8211; 3 au 7 mars 1799 &#8211; Auteur et lieu de conservation inconnus\u00a0\u00bb style=\u00a0\u00bbclassic\u00a0\u00bb shape=\u00a0\u00bbsquare\u00a0\u00bb color=\u00a0\u00bbdefault\u00a0\u00bb align=\u00a0\u00bbcenter\u00a0\u00bb i_align=\u00a0\u00bbright\u00a0\u00bb i_icon_fontawesome=\u00a0\u00bbfa fa-eye\u00a0\u00bb add_icon=\u00a0\u00bbtrue\u00a0\u00bb css=\u00a0\u00bb.vc_custom_1544672578529{margin-top: -5px !important;}\u00a0\u00bb link=\u00a0\u00bb||target:%20_blank|\u00a0\u00bb][vc_icon icon_fontawesome=\u00a0\u00bbfa fa-map-marker\u00a0\u00bb size=\u00a0\u00bbsm\u00a0\u00bb align=\u00a0\u00bbcenter\u00a0\u00bb css=\u00a0\u00bb.vc_custom_1544671585280{margin-top: -20px !important;margin-bottom: -10px !important;}\u00a0\u00bb link=\u00a0\u00bburl:https%3A%2F%2Fwww.google.fr%2Fmaps%2Fplace%2FJaffa%2C%2BTel-Aviv%2C%2BIsra%25C3%25ABl%2F%4032.0412843%2C34.7473926%2C3768m%2Fdata%3D!3m1!1e3!4m5!3m4!1s0x151d4cba171f02dd%3A0xcf0da271e00f643e!8m2!3d32.049357!4d34.758355||target:%20_blank|rel:nofollow\u00a0\u00bb][\/vc_column_inner][vc_column_inner width=\u00a0\u00bb1\/3&Prime;][vc_single_image image=\u00a0\u00bb3389&Prime; img_size=\u00a0\u00bbfull\u00a0\u00bb onclick=\u00a0\u00bblink_image\u00a0\u00bb css=\u00a0\u00bb.vc_custom_1544671930178{margin-bottom: -10px !important;}\u00a0\u00bb][vc_btn title=\u00a0\u00bbSi\u00e8ge de Saint-Jean-d&rsquo;Acre &#8211; 20 mars &#8211; 21 mai 1799 &#8211; Auteur et lieu de conservation inconnus\u00a0\u00bb style=\u00a0\u00bbclassic\u00a0\u00bb shape=\u00a0\u00bbsquare\u00a0\u00bb color=\u00a0\u00bbdefault\u00a0\u00bb align=\u00a0\u00bbcenter\u00a0\u00bb i_align=\u00a0\u00bbright\u00a0\u00bb i_icon_fontawesome=\u00a0\u00bbfa fa-eye\u00a0\u00bb add_icon=\u00a0\u00bbtrue\u00a0\u00bb css=\u00a0\u00bb.vc_custom_1544672586519{margin-top: -5px !important;}\u00a0\u00bb link=\u00a0\u00bburl:https%3A%2F%2Ffr.wikipedia.org%2Fwiki%2FSi%25C3%25A8ge_de_Saint-Jean-d%2527Acre_(1799)%23%2Fmedia%2FFile%3A%25D8%25AD%25D8%25B5%25D8%25A7%25D8%25B1-%25D8%25B9%25D9%2583%25D8%25A7.jpg||target:%20_blank|rel:nofollow\u00a0\u00bb][vc_icon icon_fontawesome=\u00a0\u00bbfa fa-map-marker\u00a0\u00bb size=\u00a0\u00bbsm\u00a0\u00bb align=\u00a0\u00bbcenter\u00a0\u00bb css=\u00a0\u00bb.vc_custom_1544671609284{margin-top: -20px !important;margin-bottom: -10px !important;}\u00a0\u00bb link=\u00a0\u00bburl:https%3A%2F%2Fwww.google.fr%2Fmaps%2Fplace%2FAkko%2BStation%2F%4032.9060237%2C30.5340944%2C1631896m%2Fdata%3D!3m1!1e3!4m5!3m4!1s0x151dc9aaab1e2779%3A0x17165d8446a24d6c!8m2!3d32.928352!4d35.083035||target:%20_blank|rel:nofollow\u00a0\u00bb][\/vc_column_inner][\/vc_row_inner][vc_row_inner][vc_column_inner width=\u00a0\u00bb1\/3&Prime;][vc_single_image image=\u00a0\u00bb3379&Prime; img_size=\u00a0\u00bbfull\u00a0\u00bb onclick=\u00a0\u00bblink_image\u00a0\u00bb css=\u00a0\u00bb.vc_custom_1544672148376{margin-bottom: -10px !important;}\u00a0\u00bb][vc_btn title=\u00a0\u00bbBataille du Mont-Thabor &#8211; 16 avril 1799 &#8211; Louis-Fran\u00e7ois Lejeune &#8211; Chateau de Versailles (France)\u00a0\u00bb style=\u00a0\u00bbclassic\u00a0\u00bb shape=\u00a0\u00bbsquare\u00a0\u00bb color=\u00a0\u00bbdefault\u00a0\u00bb align=\u00a0\u00bbcenter\u00a0\u00bb i_align=\u00a0\u00bbright\u00a0\u00bb i_icon_fontawesome=\u00a0\u00bbfa fa-eye\u00a0\u00bb add_icon=\u00a0\u00bbtrue\u00a0\u00bb css=\u00a0\u00bb.vc_custom_1544672111755{margin-top: -5px !important;margin-left: -5px !important;}\u00a0\u00bb link=\u00a0\u00bburl:https%3A%2F%2Ffr.wikipedia.org%2Fwiki%2FBataille_du_Mont-Thabor%23%2Fmedia%2FFile%3ALa_Bataille_du_mont_Tabor%2C_en_Syrie%2C_le_27_germinal_an_VI_by_Louis_Fran%25C3%25A7ois_Lejeune_Salon_de_1804.jpg||target:%20_blank|rel:nofollow\u00a0\u00bb][vc_icon icon_fontawesome=\u00a0\u00bbfa fa-map-marker\u00a0\u00bb size=\u00a0\u00bbsm\u00a0\u00bb align=\u00a0\u00bbcenter\u00a0\u00bb css=\u00a0\u00bb.vc_custom_1544672020447{margin-top: -20px !important;margin-bottom: -10px !important;}\u00a0\u00bb link=\u00a0\u00bburl:https%3A%2F%2Fwww.google.fr%2Fmaps%2Fplace%2FMt%2BTabor%2F%4031.2435416%2C35.3814541%2C268614a%2C35y%2C30.7t%2Fdata%3D!3m1!1e3!4m5!3m4!1s0x151c4f61d91104f9%3A0x938f03b764c29f71!8m2!3d32.6866112!4d35.3902089||target:%20_blank|rel:nofollow\u00a0\u00bb][\/vc_column_inner][vc_column_inner width=\u00a0\u00bb1\/3&Prime;][vc_single_image image=\u00a0\u00bb3371&Prime; img_size=\u00a0\u00bbfull\u00a0\u00bb onclick=\u00a0\u00bblink_image\u00a0\u00bb css=\u00a0\u00bb.vc_custom_1544672193469{margin-bottom: -10px !important;}\u00a0\u00bb][vc_btn title=\u00a0\u00bbDeuxi\u00e8me Bataille d&rsquo;Aboukir &#8211; 25 juillet 1799 &#8211; Antoine-Jean Gros &#8211; Ch. Versailles (France)\u00a0\u00bb style=\u00a0\u00bbclassic\u00a0\u00bb shape=\u00a0\u00bbsquare\u00a0\u00bb color=\u00a0\u00bbdefault\u00a0\u00bb align=\u00a0\u00bbcenter\u00a0\u00bb i_align=\u00a0\u00bbright\u00a0\u00bb i_icon_fontawesome=\u00a0\u00bbfa fa-eye\u00a0\u00bb add_icon=\u00a0\u00bbtrue\u00a0\u00bb css=\u00a0\u00bb.vc_custom_1544672292119{margin-top: -5px !important;margin-left: -5px !important;}\u00a0\u00bb link=\u00a0\u00bburl:https%3A%2F%2Ffr.wikipedia.org%2Fwiki%2FBataille_d%2527Aboukir_(1799)%23%2Fmedia%2FFile%3AAntoine-Jean_Gros_-_Bataille_d%2527Aboukir%2C_25_juillet_1799_-_Google_Art_Project.jpg||target:%20_blank|rel:nofollow\u00a0\u00bb][vc_icon icon_fontawesome=\u00a0\u00bbfa fa-map-marker\u00a0\u00bb size=\u00a0\u00bbsm\u00a0\u00bb align=\u00a0\u00bbcenter\u00a0\u00bb css=\u00a0\u00bb.vc_custom_1544672174243{margin-top: -20px !important;margin-bottom: -10px !important;}\u00a0\u00bb link=\u00a0\u00bburl:https%3A%2F%2Fwww.google.fr%2Fmaps%2Fplace%2FAboukir%2C%2BAbu%2BQir%2BAl%2BGharbeyah%2C%2BQism%2BEl-Montaza%2C%2BAlexandrie%2C%2B%25C3%2589gypte%2F%4031.3114232%2C30.0428225%2C6411m%2Fdata%3D!3m1!1e3!4m5!3m4!1s0x14f5d136a7682add%3A0x4db509f2dcec2b65!8m2!3d31.3114241!4d30.0603342||target:%20_blank|rel:nofollow\u00a0\u00bb][\/vc_column_inner][vc_column_inner width=\u00a0\u00bb1\/3&Prime;][vc_single_image image=\u00a0\u00bb3392&Prime; img_size=\u00a0\u00bbfull\u00a0\u00bb onclick=\u00a0\u00bblink_image\u00a0\u00bb css=\u00a0\u00bb.vc_custom_1544672341619{margin-bottom: -10px !important;}\u00a0\u00bb][vc_btn title=\u00a0\u00bbBataille d&rsquo;H\u00e9liopolis &#8211; 20 mars 1800 &#8211; L\u00e9on Cogniet &#8211; Ch Versailles (France)\u00a0\u00bb style=\u00a0\u00bbclassic\u00a0\u00bb shape=\u00a0\u00bbsquare\u00a0\u00bb color=\u00a0\u00bbdefault\u00a0\u00bb align=\u00a0\u00bbcenter\u00a0\u00bb i_align=\u00a0\u00bbright\u00a0\u00bb i_icon_fontawesome=\u00a0\u00bbfa fa-eye\u00a0\u00bb add_icon=\u00a0\u00bbtrue\u00a0\u00bb css=\u00a0\u00bb.vc_custom_1544672426953{margin-top: -5px !important;margin-left: -5px !important;}\u00a0\u00bb link=\u00a0\u00bburl:https%3A%2F%2Ffr.wikipedia.org%2Fwiki%2FBataille_d%2527H%25C3%25A9liopolis_(1800)%23%2Fmedia%2FFile%3ACogniet_Leon_Bataille_D_Heliopolis.jpg||target:%20_blank|rel:nofollow\u00a0\u00bb][vc_icon icon_fontawesome=\u00a0\u00bbfa fa-map-marker\u00a0\u00bb size=\u00a0\u00bbsm\u00a0\u00bb align=\u00a0\u00bbcenter\u00a0\u00bb css=\u00a0\u00bb.vc_custom_1544672321755{margin-top: -20px !important;margin-bottom: -10px !important;}\u00a0\u00bb link=\u00a0\u00bburl:https%3A%2F%2Fwww.google.fr%2Fmaps%2Fplace%2F30%25C2%25B007&rsquo;46.0%2522N%2B31%25C2%25B018&rsquo;18.0%2522E%2F%4030.1294386%2C31.1650267%2C51843m%2Fdata%3D!3m1!1e3!4m5!3m4!1s0x0%3A0x0!8m2!3d30.1294444!4d31.305||target:%20_blank|rel:nofollow\u00a0\u00bb][\/vc_column_inner][\/vc_row_inner][vc_row_inner][vc_column_inner width=\u00a0\u00bb1\/3&Prime;][vc_single_image image=\u00a0\u00bb3373&Prime; img_size=\u00a0\u00bbfull\u00a0\u00bb onclick=\u00a0\u00bblink_image\u00a0\u00bb css=\u00a0\u00bb.vc_custom_1519996968607{margin-bottom: -10px !important;}\u00a0\u00bb][vc_btn title=\u00a0\u00bbTroisi\u00e8me Bataille d&rsquo;Aboukir &#8211; 8 mars 1801 &#8211; Auteur et lieu de conservation inconnus\u00a0\u00bb style=\u00a0\u00bbclassic\u00a0\u00bb shape=\u00a0\u00bbsquare\u00a0\u00bb color=\u00a0\u00bbdefault\u00a0\u00bb align=\u00a0\u00bbcenter\u00a0\u00bb i_align=\u00a0\u00bbright\u00a0\u00bb i_icon_fontawesome=\u00a0\u00bbfa fa-eye\u00a0\u00bb add_icon=\u00a0\u00bbtrue\u00a0\u00bb css=\u00a0\u00bb.vc_custom_1544672907043{margin-top: -5px !important;margin-left: -5px !important;}\u00a0\u00bb link=\u00a0\u00bb||target:%20_blank|rel:nofollow\u00a0\u00bb][vc_icon icon_fontawesome=\u00a0\u00bbfa fa-map-marker\u00a0\u00bb size=\u00a0\u00bbsm\u00a0\u00bb align=\u00a0\u00bbcenter\u00a0\u00bb css=\u00a0\u00bb.vc_custom_1544672453839{margin-top: -20px !important;margin-bottom: -10px !important;}\u00a0\u00bb link=\u00a0\u00bburl:https%3A%2F%2Fwww.google.fr%2Fmaps%2Fplace%2FAboukir%2C%2BAbu%2BQir%2BAl%2BGharbeyah%2C%2BQism%2BEl-Montaza%2C%2BAlexandrie%2C%2B%25C3%2589gypte%2F%4031.3114232%2C30.0428225%2C6411m%2Fdata%3D!3m1!1e3!4m5!3m4!1s0x14f5d136a7682add%3A0x4db509f2dcec2b65!8m2!3d31.3114241!4d30.0603342||target:%20_blank|rel:nofollow\u00a0\u00bb][\/vc_column_inner][vc_column_inner width=\u00a0\u00bb1\/3&Prime;][vc_single_image image=\u00a0\u00bb3374&Prime; img_size=\u00a0\u00bbfull\u00a0\u00bb onclick=\u00a0\u00bblink_image\u00a0\u00bb css=\u00a0\u00bb.vc_custom_1544672633110{margin-bottom: -10px !important;}\u00a0\u00bb][vc_btn title=\u00a0\u00bbBataille de Canope ou d&rsquo;Alexandrie &#8211; 21 mars 1801 &#8211; Philippe-Jacques de Loutherbourg &#8211; Scottish National Gallery, Edinburgh (GB)\u00a0\u00bb style=\u00a0\u00bbclassic\u00a0\u00bb shape=\u00a0\u00bbsquare\u00a0\u00bb color=\u00a0\u00bbdefault\u00a0\u00bb align=\u00a0\u00bbcenter\u00a0\u00bb i_align=\u00a0\u00bbright\u00a0\u00bb i_icon_fontawesome=\u00a0\u00bbfa fa-eye\u00a0\u00bb add_icon=\u00a0\u00bbtrue\u00a0\u00bb css=\u00a0\u00bb.vc_custom_1544672865075{margin-top: -5px !important;margin-left: -5px !important;}\u00a0\u00bb link=\u00a0\u00bburl:https%3A%2F%2Fupload.wikimedia.org%2Fwikipedia%2Fcommons%2F9%2F9f%2FPhilip_James_de_Loutherbourg_-_The_Battle_of_Alexandria%252C_21_March_1801_-_Google_Art_Project.jpg||target:%20_blank|rel:nofollow\u00a0\u00bb][vc_icon icon_fontawesome=\u00a0\u00bbfa fa-map-marker\u00a0\u00bb size=\u00a0\u00bbsm\u00a0\u00bb align=\u00a0\u00bbcenter\u00a0\u00bb css=\u00a0\u00bb.vc_custom_1544672618940{margin-top: -20px !important;margin-bottom: -10px !important;}\u00a0\u00bb link=\u00a0\u00bburl:https%3A%2F%2Fwww.google.fr%2Fmaps%2Fplace%2F31%25C2%25B018&rsquo;38.0%2522N%2B30%25C2%25B004&rsquo;06.0%2522E%2F%4031.3105454%2C29.9280308%2C51366m%2Fdata%3D!3m1!1e3!4m5!3m4!1s0x0%3A0x0!8m2!3d31.3105556!4d30.0683333||target:%20_blank|rel:nofollow\u00a0\u00bb][\/vc_column_inner][vc_column_inner width=\u00a0\u00bb1\/3&Prime;][vc_single_image image=\u00a0\u00bb3417&Prime; img_size=\u00a0\u00bbfull\u00a0\u00bb onclick=\u00a0\u00bbcustom_link\u00a0\u00bb img_link_target=\u00a0\u00bb_blank\u00a0\u00bb css=\u00a0\u00bb.vc_custom_1520333071870{margin-bottom: -10px !important;}\u00a0\u00bb link=\u00a0\u00bbhttps:\/\/fr.wikipedia.org\/wiki\/Campagne_d%27%C3%89gypte#\/media\/File:Arriv%C3%A9e_en_France_de_Bonaparte_au_retour_d%27Egypte_le_9_octobre_1799.jpg\u00a0\u00bb][vc_btn title=\u00a0\u00bbBonaparte rentrant d\u2019\u00c9gypte et arrivant \u00e0 Fr\u00e9jus &#8211; 9 octobre 1799 &#8211; Auteur et lien de conservation inconnus\u00a0\u00bb style=\u00a0\u00bbclassic\u00a0\u00bb shape=\u00a0\u00bbsquare\u00a0\u00bb color=\u00a0\u00bbdefault\u00a0\u00bb align=\u00a0\u00bbcenter\u00a0\u00bb i_align=\u00a0\u00bbright\u00a0\u00bb add_icon=\u00a0\u00bbtrue\u00a0\u00bb css=\u00a0\u00bb.vc_custom_1544673220155{margin-top: -5px !important;margin-left: -5px !important;}\u00a0\u00bb link=\u00a0\u00bb||target:%20_blank|\u00a0\u00bb][vc_icon icon_fontawesome=\u00a0\u00bbfa fa-map-marker\u00a0\u00bb size=\u00a0\u00bbsm\u00a0\u00bb align=\u00a0\u00bbcenter\u00a0\u00bb css=\u00a0\u00bb.vc_custom_1544672961453{margin-top: -20px !important;margin-bottom: -10px !important;}\u00a0\u00bb link=\u00a0\u00bburl:https%3A%2F%2Fwww.google.fr%2Fmaps%2Fsearch%2Fport%2C%2Bfrejus%2F%4043.4206806%2C6.7293568%2C5450m%2Fdata%3D!3m1!1e3!4m4!2m3!5m2!5m1!1s2018-03-11||target:%20_blank|rel:nofollow\u00a0\u00bb][\/vc_column_inner][\/vc_row_inner][vc_row_inner][vc_column_inner][vc_column_text css=\u00a0\u00bb.vc_custom_1520072408155{padding-top: 10px !important;padding-bottom: 10px !important;background-color: #272727 !important;}\u00a0\u00bb]<\/p>\n<p style=\"text-align: center;\"><span style=\"color: #ffffff;\">\u00c9V\u00c9NEMENTS<\/span><\/p>\n<p>[\/vc_column_text][\/vc_column_inner][\/vc_row_inner][vc_row_inner][vc_column_inner width=\u00a0\u00bb1\/3&Prime;][vc_single_image image=\u00a0\u00bb3381&Prime; img_size=\u00a0\u00bbfull\u00a0\u00bb onclick=\u00a0\u00bbcustom_link\u00a0\u00bb css=\u00a0\u00bb.vc_custom_1520081121453{margin-bottom: -10px !important;}\u00a0\u00bb link=\u00a0\u00bbhttps:\/\/fr.wikipedia.org\/wiki\/Si%C3%A8ge_de_Jaffa#\/media\/File:Antoine-Jean_Gros_-_Bonaparte_visitant_les_pestif%C3%A9r%C3%A9s_de_Jaffa.jpg\u00a0\u00bb][vc_btn title=\u00a0\u00bbBonaparte visitant les pestif\u00e9r\u00e9s de Jaffa &#8211; Antoine Jean Gros sous la direction de Denon &#8211; Mus\u00e9e du Louvre (France)\u00a0\u00bb style=\u00a0\u00bbclassic\u00a0\u00bb shape=\u00a0\u00bbsquare\u00a0\u00bb color=\u00a0\u00bbdefault\u00a0\u00bb align=\u00a0\u00bbcenter\u00a0\u00bb css=\u00a0\u00bb.vc_custom_1520330564299{margin-top: -5px !important;margin-left: -5px !important;}\u00a0\u00bb link=\u00a0\u00bburl:https%3A%2F%2Fwww.google.fr%2Fmaps%2Fplace%2FJaffa%2C%2BTel-Aviv%2C%2BIsra%25C3%25ABl%2F%4032.0907942%2C34.7940577%2C12.79z%2Fdata%3D!4m5!3m4!1s0x151d4cba171f02dd%3A0xcf0da271e00f643e!8m2!3d32.049357!4d34.758355||target:%20_blank|\u00a0\u00bb][vc_icon icon_fontawesome=\u00a0\u00bbfa fa-map-marker\u00a0\u00bb size=\u00a0\u00bbsm\u00a0\u00bb align=\u00a0\u00bbcenter\u00a0\u00bb css=\u00a0\u00bb.vc_custom_1687008271200{margin-top: -20px !important;margin-bottom: -10px !important;}\u00a0\u00bb link=\u00a0\u00bburl:https%3A%2F%2Fwww.google.fr%2Fmaps%2Fplace%2FJaffa%2C%2BTel-Aviv%2C%2BIsra%25C3%25ABl%2F%4032.0907942%2C34.7940577%2C12z%2Fdata%3D!4m6!3m5!1s0x151d4cba171f02dd%3A0xcf0da271e00f643e!8m2!3d32.049357!4d34.758355!16zL20vMDJ3MG5o%3Fentry%3Dttu||target:%20_blank|rel:nofollow\u00a0\u00bb][\/vc_column_inner][vc_column_inner width=\u00a0\u00bb1\/3&Prime;][vc_single_image image=\u00a0\u00bb3388&Prime; img_size=\u00a0\u00bbfull\u00a0\u00bb onclick=\u00a0\u00bbcustom_link\u00a0\u00bb img_link_target=\u00a0\u00bb_blank\u00a0\u00bb css=\u00a0\u00bb.vc_custom_1520330391983{margin-bottom: -10px !important;}\u00a0\u00bb link=\u00a0\u00bbhttps:\/\/www.akg-images.fr\/archive\/Bonaparte-fait-grace-aux-revoltes-du-Caire&#8211;23-octobre-1798-2UMDHUKWDC6O.html\u00a0\u00bb][vc_btn title=\u00a0\u00bbBonaparte pardonnant aux r\u00e9volt\u00e9s du Caire, le 22 octobre 1798 &#8211; Pierre Narcisse Gu\u00e9rin &#8211; Chateau de Versailles (France)\u00a0\u00bb style=\u00a0\u00bbclassic\u00a0\u00bb shape=\u00a0\u00bbsquare\u00a0\u00bb color=\u00a0\u00bbdefault\u00a0\u00bb align=\u00a0\u00bbcenter\u00a0\u00bb css=\u00a0\u00bb.vc_custom_1520343970700{margin-top: -5px !important;margin-left: -5px !important;}\u00a0\u00bb link=\u00a0\u00bburl:https%3A%2F%2Fwww.google.fr%2Fmaps%2Fplace%2FEl-Tahrir%2BSquare%2C%2BCairo%2BGovernorate%2C%2B%25C3%2589gypte%2F%4030.0177314%2C31.1018816%2C51936m%2Fdata%3D!3m1!1e3!4m5!3m4!1s0x145840c640406f07%3A0xbec96781af26951c!8m2!3d30.0440685!4d31.235512||target:%20_blank|\u00a0\u00bb][vc_icon icon_fontawesome=\u00a0\u00bbfa fa-map-marker\u00a0\u00bb size=\u00a0\u00bbsm\u00a0\u00bb align=\u00a0\u00bbcenter\u00a0\u00bb css=\u00a0\u00bb.vc_custom_1687008294422{margin-top: -20px !important;margin-bottom: -10px !important;}\u00a0\u00bb link=\u00a0\u00bburl:https%3A%2F%2Fwww.google.fr%2Fmaps%2Fplace%2FEl-Tahrir%2BSquare%2C%2BCairo%2BGovernorate%2C%2B%25C3%2589gypte%2F%4030.0177314%2C31.1018816%2C83432m%2Fdata%3D!3m1!1e3!4m6!3m5!1s0x145840c640406f07%3A0xbec96781af26951c!8m2!3d30.0445393!4d31.2352658!16s%252Fg%252F1tsvw585%3Fentry%3Dttu||target:%20_blank|rel:nofollow\u00a0\u00bb][\/vc_column_inner][vc_column_inner width=\u00a0\u00bb1\/3&Prime;][vc_single_image image=\u00a0\u00bb3437&Prime; img_size=\u00a0\u00bbfull\u00a0\u00bb onclick=\u00a0\u00bbcustom_link\u00a0\u00bb img_link_target=\u00a0\u00bb_blank\u00a0\u00bb css=\u00a0\u00bb.vc_custom_1520084379151{margin-bottom: -10px !important;}\u00a0\u00bb link=\u00a0\u00bbhttps:\/\/fr.wikipedia.org\/wiki\/Campagne_d%27%C3%89gypte#\/media\/File:Bonaparte_visitant_les_fontaines_de_Mo%C3%AFse_en_d%C3%A9cembre_1798.jpg\u00a0\u00bb][vc_btn title=\u00a0\u00bbBonaparte visitant les fontaines de Mo\u00efse le 28 d\u00e9cembre 1798 &#8211; J-S. Barth\u00e9l\u00e9my &#8211; Chateau de Versailles (France)\u00a0\u00bb style=\u00a0\u00bbclassic\u00a0\u00bb shape=\u00a0\u00bbsquare\u00a0\u00bb color=\u00a0\u00bbdefault\u00a0\u00bb align=\u00a0\u00bbcenter\u00a0\u00bb i_align=\u00a0\u00bbright\u00a0\u00bb i_icon_fontawesome=\u00a0\u00bbfa fa-eye\u00a0\u00bb add_icon=\u00a0\u00bbtrue\u00a0\u00bb css=\u00a0\u00bb.vc_custom_1687008394949{margin-top: -5px !important;margin-left: -5px !important;}\u00a0\u00bb link=\u00a0\u00bburl:https%3A%2F%2Ffr.wikipedia.org%2Fwiki%2FFichier%3ABonaparte_visitant_les_fontaines_de_Mo%25C3%25AFse_en_d%25C3%25A9cembre_1798.jpg%23%2Fmedia%2FFichier%3ABonaparte_visitant_les_fontaines_de_Mo%25C3%25AFse_en_d%25C3%25A9cembre_1798.jpg||target:%20_blank|\u00a0\u00bb][\/vc_column_inner][\/vc_row_inner][vc_row_inner][vc_column_inner][vc_btn title=\u00a0\u00bbItin\u00e9taire de la campagne d&rsquo;\u00c9gypte sur une carte contemporaine\u00a0\u00bb style=\u00a0\u00bbclassic\u00a0\u00bb shape=\u00a0\u00bbsquare\u00a0\u00bb color=\u00a0\u00bborange\u00a0\u00bb size=\u00a0\u00bblg\u00a0\u00bb align=\u00a0\u00bbcenter\u00a0\u00bb i_align=\u00a0\u00bbright\u00a0\u00bb i_icon_fontawesome=\u00a0\u00bbfa fa-eye\u00a0\u00bb button_block=\u00a0\u00bbtrue\u00a0\u00bb add_icon=\u00a0\u00bbtrue\u00a0\u00bb css=\u00a0\u00bb.vc_custom_1549387495067{margin-top: -5px !important;margin-left: -5px !important;}\u00a0\u00bb link=\u00a0\u00bburl:https%3A%2F%2Fwww.google.com%2Fmaps%2Fd%2Fedit%3Fhl%3Dfr%26hl%3Dfr%26mid%3D12sN-J3_0TIaeNV12EhTuHCNzrL4rIhPx%26ll%3D31.539717706696194%252C31.8234776758095%26z%3D7||target:%20_blank|rel:nofollow\u00a0\u00bb][vc_column_text css=\u00a0\u00bb.vc_custom_1520252806316{padding-top: 10px !important;padding-bottom: 10px !important;background-color: #272727 !important;}\u00a0\u00bb]<\/p>\n<p style=\"text-align: center;\"><span style=\"color: #ffffff;\">H\u00c9RITAGES &#8211; L&rsquo;EXP\u00c9DITION SCIENTIFIQUE &amp; INSTITUT D&rsquo;\u00c9GYPTE<\/span><\/p>\n<p>[\/vc_column_text][\/vc_column_inner][\/vc_row_inner][vc_row_inner][vc_column_inner width=\u00a0\u00bb1\/3&Prime;][vc_single_image image=\u00a0\u00bb3421&Prime; img_size=\u00a0\u00bbfull\u00a0\u00bb onclick=\u00a0\u00bbcustom_link\u00a0\u00bb css=\u00a0\u00bb.vc_custom_1520350854300{margin-bottom: -10px !important;}\u00a0\u00bb link=\u00a0\u00bbhttps:\/\/fr.wikipedia.org\/wiki\/Bonaparte_devant_le_Sphinx#\/media\/File:Jean-L%C3%A9on_G%C3%A9r%C3%B4me_003.jpg\u00a0\u00bb][vc_btn title=\u00a0\u00bbBonaparte devant le Sphinx &#8211; de Jean-L\u00e9on G\u00e9rome (1824-1904) &#8211; Mus\u00e9e Hearst Castle, Californie (USA)\u00a0\u00bb style=\u00a0\u00bbclassic\u00a0\u00bb shape=\u00a0\u00bbsquare\u00a0\u00bb color=\u00a0\u00bbdefault\u00a0\u00bb align=\u00a0\u00bbcenter\u00a0\u00bb i_align=\u00a0\u00bbright\u00a0\u00bb i_icon_fontawesome=\u00a0\u00bbfa fa-eye\u00a0\u00bb add_icon=\u00a0\u00bbtrue\u00a0\u00bb css=\u00a0\u00bb.vc_custom_1687008072778{margin-top: -5px !important;margin-left: -5px !important;}\u00a0\u00bb link=\u00a0\u00bburl:https%3A%2F%2Ffr.wikipedia.org%2Fwiki%2FBonaparte_devant_le_Sphinx%23%2Fmedia%2FFichier%3ABonaparte_ante_la_Esfinge%2C_por_Jean-L%25C3%25A9on_G%25C3%25A9r%25C3%25B4me.jpg||target:%20_blank|\u00a0\u00bb][\/vc_column_inner][vc_column_inner width=\u00a0\u00bb1\/3&Prime;][vc_single_image image=\u00a0\u00bb3420&Prime; img_size=\u00a0\u00bbfull\u00a0\u00bb onclick=\u00a0\u00bblink_image\u00a0\u00bb css=\u00a0\u00bb.vc_custom_1520082214512{margin-bottom: -10px !important;}\u00a0\u00bb][vc_btn title=\u00a0\u00bbLes travaux d&rsquo;arch\u00e9ologie ont permis de d\u00e9couvrir la totalit\u00e9 du monument que Bonaparte n&rsquo;avait pas pu admirer\u00a0\u00bb style=\u00a0\u00bbclassic\u00a0\u00bb shape=\u00a0\u00bbsquare\u00a0\u00bb color=\u00a0\u00bbdefault\u00a0\u00bb align=\u00a0\u00bbcenter\u00a0\u00bb css=\u00a0\u00bb.vc_custom_1520351453242{margin-top: -5px !important;margin-left: -5px !important;}\u00a0\u00bb link=\u00a0\u00bburl:https%3A%2F%2Fwww.westpoint.edu%2Fhistory%2FSiteAssets%2FSitePages%2FNapoleonic%2520War%2FNap08.gif||target:%20_blank|\u00a0\u00bb][\/vc_column_inner][vc_column_inner width=\u00a0\u00bb1\/3&Prime;][vc_single_image image=\u00a0\u00bb3423&Prime; img_size=\u00a0\u00bbfull\u00a0\u00bb onclick=\u00a0\u00bbcustom_link\u00a0\u00bb img_link_target=\u00a0\u00bb_blank\u00a0\u00bb css=\u00a0\u00bb.vc_custom_1520083568357{margin-bottom: -10px !important;}\u00a0\u00bb link=\u00a0\u00bbhttps:\/\/fr.wikipedia.org\/wiki\/Campagne_d%27%C3%89gypte#\/media\/File:Leon_Cogniet_-_L_Expedition_D_Egypte_Sous_Les_Ordres_De_Bonaparte.jpg\u00a0\u00bb][vc_btn title=\u00a0\u00bbExp\u00e9dition d\u2019\u00c9gypte sous les ordres de Bonaparte &#8211; 1835 &#8211; Leon_Cogniet &#8211; Mus\u00e9e du Louvre, Paris (France)\u00a0\u00bb style=\u00a0\u00bbclassic\u00a0\u00bb shape=\u00a0\u00bbsquare\u00a0\u00bb color=\u00a0\u00bbdefault\u00a0\u00bb align=\u00a0\u00bbcenter\u00a0\u00bb i_align=\u00a0\u00bbright\u00a0\u00bb i_icon_fontawesome=\u00a0\u00bbfa fa-eye\u00a0\u00bb button_block=\u00a0\u00bbtrue\u00a0\u00bb add_icon=\u00a0\u00bbtrue\u00a0\u00bb css=\u00a0\u00bb.vc_custom_1549388550929{margin-top: -5px !important;margin-left: -5px !important;}\u00a0\u00bb link=\u00a0\u00bburl:https%3A%2F%2Ffr.wikipedia.org%2Fwiki%2FCampagne_d&rsquo;%25C3%2589gypte%23%2Fmedia%2FFile%3ALeon_Cogniet_-_L_Expedition_D_Egypte_Sous_Les_Ordres_De_Bonaparte.jpg||target:%20_blank|rel:nofollow\u00a0\u00bb][\/vc_column_inner][\/vc_row_inner][vc_row_inner][vc_column_inner width=\u00a0\u00bb1\/3&Prime;][vc_single_image image=\u00a0\u00bb3445&Prime; img_size=\u00a0\u00bbfull\u00a0\u00bb onclick=\u00a0\u00bblink_image\u00a0\u00bb css=\u00a0\u00bb.vc_custom_1687006675121{margin-bottom: -10px !important;}\u00a0\u00bb][vc_btn title=\u00a0\u00bbBonaparte discutant avec les savants de l&rsquo;exp\u00e9dition d&rsquo;\u00c9gypte sur le pont de l&rsquo;Orient &#8211; auteur inconnu &#8211; Archives \u00c9cole Polytechnique \u00a0\u00bb style=\u00a0\u00bbclassic\u00a0\u00bb shape=\u00a0\u00bbsquare\u00a0\u00bb color=\u00a0\u00bbdefault\u00a0\u00bb align=\u00a0\u00bbcenter\u00a0\u00bb i_align=\u00a0\u00bbright\u00a0\u00bb i_icon_fontawesome=\u00a0\u00bbfa fa-eye\u00a0\u00bb add_icon=\u00a0\u00bbtrue\u00a0\u00bb css=\u00a0\u00bb.vc_custom_1687006650527{margin-top: -5px !important;margin-left: -5px !important;}\u00a0\u00bb link=\u00a0\u00bburl:https%3A%2F%2Fcommons.wikimedia.org%2Fwiki%2FFile%3ABonaparte_sur_le_pont_de_l_Ocean_discutant_avec_les_savants_de_l_expedition_d_Egypte_1798.jpg%3Fuselang%3Dfr%23%2Fmedia%2FFile%3ABonaparte_sur_le_pont_de_l_Ocean_discutant_avec_les_savants_de_l_expedition_d_Egypte_1798.jpg||target:%20_blank|\u00a0\u00bb][\/vc_column_inner][vc_column_inner width=\u00a0\u00bb1\/3&Prime;][vc_single_image image=\u00a0\u00bb3444&Prime; img_size=\u00a0\u00bbfull\u00a0\u00bb onclick=\u00a0\u00bblink_image\u00a0\u00bb css=\u00a0\u00bb.vc_custom_1687006692249{margin-bottom: -10px !important;}\u00a0\u00bb][vc_btn title=\u00a0\u00bbCr\u00e9ation de l&rsquo;Institut d&rsquo;\u00c9gypte en ao\u00fbt 1798 par Bonaparte &#8211; Voir reportage France TV.\u00e9ducation\u00a0\u00bb style=\u00a0\u00bbclassic\u00a0\u00bb shape=\u00a0\u00bbsquare\u00a0\u00bb color=\u00a0\u00bbdefault\u00a0\u00bb align=\u00a0\u00bbcenter\u00a0\u00bb i_align=\u00a0\u00bbright\u00a0\u00bb i_icon_fontawesome=\u00a0\u00bbfa fa-eye\u00a0\u00bb add_icon=\u00a0\u00bbtrue\u00a0\u00bb css=\u00a0\u00bb.vc_custom_1520346501931{margin-top: -5px !important;margin-left: -5px !important;}\u00a0\u00bb link=\u00a0\u00bburl:https%3A%2F%2Feducation.francetv.fr%2Fmatiere%2Fepoque-contemporaine%2Fquatrieme%2Fvideo%2Fbonaparte-cree-l-institut-d-egypte||target:%20_blank|\u00a0\u00bb][\/vc_column_inner][vc_column_inner width=\u00a0\u00bb1\/3&Prime;][vc_single_image image=\u00a0\u00bb3447&Prime; img_size=\u00a0\u00bbfull\u00a0\u00bb onclick=\u00a0\u00bblink_image\u00a0\u00bb css=\u00a0\u00bb.vc_custom_1687006700452{margin-bottom: -10px !important;}\u00a0\u00bb][vc_btn title=\u00a0\u00bbR\u00e9ception de Bonaparte \u00e0 l&rsquo;Institut d&rsquo;\u00c9gypte, (\u00ab\u00a0Description de l&rsquo;\u00c9gypte\u00ab\u00a0, \u00c9tat moderne, pl. 55), eau-forte R\u00e9ville et Duplessi-Bertaux, gravure Dormier\u00a0\u00bb style=\u00a0\u00bbclassic\u00a0\u00bb shape=\u00a0\u00bbsquare\u00a0\u00bb color=\u00a0\u00bbdefault\u00a0\u00bb align=\u00a0\u00bbcenter\u00a0\u00bb i_align=\u00a0\u00bbright\u00a0\u00bb i_icon_fontawesome=\u00a0\u00bbfa fa-eye\u00a0\u00bb add_icon=\u00a0\u00bbtrue\u00a0\u00bb css=\u00a0\u00bb.vc_custom_1687006762111{margin-top: -5px !important;margin-left: -5px !important;}\u00a0\u00bb link=\u00a0\u00bburl:https%3A%2F%2Ffr.wikipedia.org%2Fwiki%2FInstitut_d&rsquo;%25C3%2589gypte%23%2Fmedia%2FFichier%3ALe_Kaire_(Cairo)._1-3._Coupes_et_vue_int%25C3%25A9rieure_d&rsquo;une_grande_salle_de_la_maison_de_Hasan_K%25C3%25A2chef%2C_destin%25C3%25A9e_aux_s%25C3%25A9ances_de_l&rsquo;institut%3B_4._D%25C3%25A9tail_d&rsquo;une_porte_de_la_cour_(NYPL_b14212718-1268766).jpg||target:%20_blank|\u00a0\u00bb][\/vc_column_inner][\/vc_row_inner][vc_row_inner][vc_column_inner width=\u00a0\u00bb1\/3&Prime;][vc_single_image image=\u00a0\u00bb3455&Prime; img_size=\u00a0\u00bbfull\u00a0\u00bb onclick=\u00a0\u00bbcustom_link\u00a0\u00bb img_link_target=\u00a0\u00bb_blank\u00a0\u00bb css=\u00a0\u00bb.vc_custom_1522153237439{margin-bottom: -10px !important;}\u00a0\u00bb link=\u00a0\u00bbhttp:\/\/cairobserver.com\/post\/14358165423\/destruction-alert-institut-degypte-burned#.Wro3BdNuaN8&Prime;][vc_btn title=\u00a0\u00bbIncendie de l&rsquo;Institut d&rsquo;Egypte le 18 d\u00e9cembre 2011 au matin, rue Qasr el A\u00efni au Caire\u00a0\u00bb style=\u00a0\u00bbclassic\u00a0\u00bb shape=\u00a0\u00bbsquare\u00a0\u00bb color=\u00a0\u00bbdefault\u00a0\u00bb align=\u00a0\u00bbcenter\u00a0\u00bb i_align=\u00a0\u00bbright\u00a0\u00bb i_icon_fontawesome=\u00a0\u00bbfa fa-eye\u00a0\u00bb add_icon=\u00a0\u00bbtrue\u00a0\u00bb css=\u00a0\u00bb.vc_custom_1687006821963{margin-top: -5px !important;margin-left: -5px !important;}\u00a0\u00bb link=\u00a0\u00bburl:https%3A%2F%2Fcairobserver.com%2Fpost%2F14358165423%2Fdestruction-alert-institut-degypte-burned%23.Wro3BdNuaN8||target:%20_blank|\u00a0\u00bb][\/vc_column_inner][vc_column_inner width=\u00a0\u00bb1\/3&Prime;][vc_single_image image=\u00a0\u00bb3478&Prime; img_size=\u00a0\u00bbfull\u00a0\u00bb onclick=\u00a0\u00bblink_image\u00a0\u00bb css=\u00a0\u00bb.vc_custom_1522153300597{margin-bottom: -10px !important;}\u00a0\u00bb][vc_btn title=\u00a0\u00bbL&rsquo;Institut d&rsquo;Egypte le lendemain de son incendie &#8211; Photo libre de droits\u00a0\u00bb style=\u00a0\u00bbclassic\u00a0\u00bb shape=\u00a0\u00bbsquare\u00a0\u00bb color=\u00a0\u00bbwhite\u00a0\u00bb align=\u00a0\u00bbcenter\u00a0\u00bb css=\u00a0\u00bb.vc_custom_1520346600055{margin-top: -5px !important;margin-left: -5px !important;}\u00a0\u00bb link=\u00a0\u00bb||target:%20_blank|\u00a0\u00bb][\/vc_column_inner][vc_column_inner width=\u00a0\u00bb1\/3&Prime;][vc_single_image image=\u00a0\u00bb3479&Prime; img_size=\u00a0\u00bbfull\u00a0\u00bb onclick=\u00a0\u00bblink_image\u00a0\u00bb css=\u00a0\u00bb.vc_custom_1522153340390{margin-bottom: -10px !important;}\u00a0\u00bb][vc_btn title=\u00a0\u00bbPerte d&rsquo;un patrimoine culturel inestimable pour l&rsquo;\u00c9gypte lors de l&rsquo;incendie du 17-18 d\u00e9cembre 2011&Prime; style=\u00a0\u00bbclassic\u00a0\u00bb shape=\u00a0\u00bbsquare\u00a0\u00bb color=\u00a0\u00bbwhite\u00a0\u00bb align=\u00a0\u00bbcenter\u00a0\u00bb css=\u00a0\u00bb.vc_custom_1520346684483{margin-top: -5px !important;margin-left: -5px !important;}\u00a0\u00bb link=\u00a0\u00bb||target:%20_blank|\u00a0\u00bb][\/vc_column_inner][\/vc_row_inner][vc_row_inner][vc_column_inner width=\u00a0\u00bb1\/3&Prime;][vc_single_image image=\u00a0\u00bb3449&Prime; img_size=\u00a0\u00bbfull\u00a0\u00bb onclick=\u00a0\u00bbcustom_link\u00a0\u00bb img_link_target=\u00a0\u00bb_blank\u00a0\u00bb css=\u00a0\u00bb.vc_custom_1522153572323{margin-bottom: -10px !important;}\u00a0\u00bb link=\u00a0\u00bbhttps:\/\/fr.wikipedia.org\/wiki\/Description_de_l%27%C3%89gypte#\/media\/File:Meuble_%C3%A9gyptien_du_palais_du_Luxembourg.jpg\u00a0\u00bb][vc_btn title=\u00a0\u00bbMeuble \u00e9gyptien renfermant les volumes de la \u00ab\u00a0Description de l&rsquo;\u00c9gypte\u00ab\u00a0 au palais du Luxemboug, Paris (Fr)\u00a0\u00bb style=\u00a0\u00bbclassic\u00a0\u00bb shape=\u00a0\u00bbsquare\u00a0\u00bb color=\u00a0\u00bbwhite\u00a0\u00bb align=\u00a0\u00bbcenter\u00a0\u00bb css=\u00a0\u00bb.vc_custom_1520346523520{margin-top: -5px !important;margin-left: -5px !important;}\u00a0\u00bb link=\u00a0\u00bb||target:%20_blank|\u00a0\u00bb][\/vc_column_inner][vc_column_inner width=\u00a0\u00bb1\/3&Prime;][vc_single_image image=\u00a0\u00bb3450&Prime; img_size=\u00a0\u00bbfull\u00a0\u00bb onclick=\u00a0\u00bbcustom_link\u00a0\u00bb img_link_target=\u00a0\u00bb_blank\u00a0\u00bb css=\u00a0\u00bb.vc_custom_1520274697949{margin-bottom: -10px !important;}\u00a0\u00bb link=\u00a0\u00bbhttps:\/\/aline-voinot.com\/index.php\/description-de-legypte\/\u00a0\u00bb][vc_btn title=\u00a0\u00bbDescription de l&rsquo;\u00c9gypte : ou recueil des observations et des recherches qui ont \u00e9t\u00e9 faites en \u00c9gypte pendant l&rsquo;exp\u00e9dition de l&rsquo;arm\u00e9e fran\u00e7aise &#8211; 2\u00e8me \u00e9dition -1822&Prime; style=\u00a0\u00bbclassic\u00a0\u00bb shape=\u00a0\u00bbsquare\u00a0\u00bb color=\u00a0\u00bbdefault\u00a0\u00bb align=\u00a0\u00bbcenter\u00a0\u00bb i_align=\u00a0\u00bbright\u00a0\u00bb i_icon_fontawesome=\u00a0\u00bbfa fa-book\u00a0\u00bb add_icon=\u00a0\u00bbtrue\u00a0\u00bb css=\u00a0\u00bb.vc_custom_1520346555383{margin-top: -5px !important;margin-left: -5px !important;}\u00a0\u00bb link=\u00a0\u00bburl:https%3A%2F%2Farchive.org%2Fstream%2Fdescriptiondelg00pancgoog%23page%2Fn9%2Fmode%2F2up||target:%20_blank|\u00a0\u00bb][\/vc_column_inner][vc_column_inner width=\u00a0\u00bb1\/3&Prime;][vc_single_image image=\u00a0\u00bb3487&Prime; img_size=\u00a0\u00bbfull\u00a0\u00bb onclick=\u00a0\u00bbcustom_link\u00a0\u00bb img_link_target=\u00a0\u00bb_blank\u00a0\u00bb css=\u00a0\u00bb.vc_custom_1520349003483{margin-bottom: -10px !important;}\u00a0\u00bb link=\u00a0\u00bbhttp:\/\/gallica.bnf.fr\/ark:\/12148\/bpt6k1062115&Prime;][vc_single_image image=\u00a0\u00bb3430&Prime; img_size=\u00a0\u00bbfull\u00a0\u00bb onclick=\u00a0\u00bbcustom_link\u00a0\u00bb css=\u00a0\u00bb.vc_custom_1520084557726{margin-bottom: -10px !important;}\u00a0\u00bb link=\u00a0\u00bbhttps:\/\/archive.org\/stream\/journaldelexpdit01dogu#page\/n11\/mode\/2up\/search\/Doguereau\u00a0\u00bb][vc_btn title=\u00a0\u00bbJournal de l&rsquo;expedition d&rsquo;\u00c9gypte avec portraits, cartes et gravures &#8211;  Edouard  de Villiers du Terrage (1780-1855) &#8211; Librairie Plon\u00a0\u00bb style=\u00a0\u00bbclassic\u00a0\u00bb shape=\u00a0\u00bbsquare\u00a0\u00bb color=\u00a0\u00bbdefault\u00a0\u00bb align=\u00a0\u00bbcenter\u00a0\u00bb i_align=\u00a0\u00bbright\u00a0\u00bb i_icon_fontawesome=\u00a0\u00bbfa fa-book\u00a0\u00bb add_icon=\u00a0\u00bbtrue\u00a0\u00bb css=\u00a0\u00bb.vc_custom_1520349060979{margin-top: -5px !important;margin-left: -5px !important;}\u00a0\u00bb link=\u00a0\u00bburl:http%3A%2F%2Fgallica.bnf.fr%2Fark%3A%2F12148%2Fbpt6k1062115%2Ff5.image||target:%20_blank|\u00a0\u00bb][\/vc_column_inner][vc_column_inner][vc_column_text css=\u00a0\u00bb.vc_custom_1520349150785{margin-right: -10px !important;margin-left: -10px !important;background-color: #272727 !important;}\u00a0\u00bb]<\/p>\n<p style=\"text-align: center;\"><span style=\"color: #ffffff;\"><strong>LISTE DES MEMBRES DE L&rsquo;INSTITUT DE FRANCE<\/strong><\/span><\/p>\n<table width=\"787\">\n<tbody>\n<tr>\n<td width=\"104\"><span style=\"color: #ffffff;\"><strong>Bureau<\/strong><\/span><\/td>\n<td width=\"154\"><span style=\"color: #ffffff;\"><strong>Pr\u00e9sident<\/strong><\/span><\/td>\n<td width=\"169\"><span style=\"color: #ffffff;\"><strong>Gaspard Monge<\/strong><\/span><\/td>\n<td width=\"183\"><span style=\"color: #ffffff;\"><strong>Vice-pr\u00e9sident<\/strong><\/span><\/td>\n<td width=\"168\"><span style=\"color: #ffffff;\"><strong>Napol\u00e9on Bonaparte<\/strong><\/span><\/td>\n<\/tr>\n<tr>\n<td width=\"104\"><span style=\"color: #ffffff;\"><strong>Sections<\/strong><\/span><\/td>\n<td width=\"154\"><span style=\"color: #ffffff;\"><strong>Secr\u00e9taire <\/strong><\/span><\/td>\n<td width=\"169\"><span style=\"color: #ffffff;\"><strong>Joseph Fourier<\/strong><\/span><\/td>\n<td width=\"183\"><span style=\"color: #ffffff;\"><strong>Secr\u00e9taire Adjoint<\/strong><\/span><\/td>\n<td width=\"168\"><span style=\"color: #ffffff;\"><strong>Louis, baron Costaz<\/strong><\/span><\/td>\n<\/tr>\n<tr>\n<td width=\"104\"><span style=\"color: #ffffff;\"><strong>Sections<\/strong><\/span><\/td>\n<td width=\"154\"><span style=\"color: #ffffff;\"><strong>Math\u00e9matiques<\/strong><\/span><\/td>\n<td width=\"169\"><span style=\"color: #ffffff;\"><strong>Physique &amp; Histoire naturelle<\/strong><\/span><\/td>\n<td width=\"183\"><span style=\"color: #ffffff;\"><strong>Litt\u00e9rature &amp; Beaux-arts<\/strong><\/span><\/td>\n<td width=\"168\"><span style=\"color: #ffffff;\"><strong>\u00c9conomie &amp; Politique<\/strong><\/span><\/td>\n<\/tr>\n<tr>\n<td width=\"104\"><span style=\"color: #ffffff;\"><strong>Nombre de membres<\/strong><\/span><\/td>\n<td width=\"154\"><span style=\"color: #ffffff;\"><strong>12<\/strong><\/span><\/td>\n<td width=\"169\"><span style=\"color: #ffffff;\"><strong>10<\/strong><\/span><\/td>\n<td width=\"183\"><span style=\"color: #ffffff;\"><strong>6<\/strong><\/span><\/td>\n<td width=\"168\"><span style=\"color: #ffffff;\"><strong>8<\/strong><\/span><\/td>\n<\/tr>\n<tr>\n<td width=\"104\"><span style=\"color: #ffffff;\"><strong>Membres<\/strong><\/span><\/td>\n<td width=\"154\"><span style=\"color: #ffffff;\"><strong>Napol\u00e9on Bonaparte<\/strong><\/span><\/p>\n<p><span style=\"color: #ffffff;\"><strong>Louis Costaz (G\u00e9om\u00e8tre)<\/strong><\/span><\/p>\n<p><span style=\"color: #ffffff;\"><strong>Joseph Fourier (Math\u00e9maticien, Physicien)<\/strong><\/span><\/p>\n<p><span style=\"color: #ffffff;\"><strong>\u00c9tienne Louis Malus (Math\u00e9maticien, Physicien)<\/strong><\/span><\/p>\n<p><span style=\"color: #ffffff;\"><strong>Gaspard Monge (Math\u00e9maticien)<\/strong><\/span><\/p>\n<p><span style=\"color: #ffffff;\"><strong>Antoine Fran\u00e7ois Andr\u00e9ossy <\/strong><strong>(Hydrographe)<\/strong><\/span><\/p>\n<p><span style=\"color: #ffffff;\"><strong>Michel Ange Lancret (Ing\u00e9nieur civil)<\/strong><\/span><\/p>\n<p><span style=\"color: #ffffff;\"><strong>Nicolas-Antoine Nouet (Astronome)<\/strong><\/span><\/p>\n<p><span style=\"color: #ffffff;\"><strong>Fran\u00e7ois Marie Quenot (Astronome)<\/strong><\/span><\/p>\n<p><span style=\"color: #ffffff;\"><strong>Jacques-Marie Le P\u00e8re (Ing\u00e9nieur civil)<\/strong><\/span><\/p>\n<p><span style=\"color: #ffffff;\"><strong>Charles Dugua (G\u00e9n\u00e9ral de division)<\/strong><\/span><\/td>\n<td width=\"169\"><span style=\"color: #ffffff;\"><strong>Claude Louis Berthollet (Chimiste)<\/strong><\/span><\/p>\n<p><span style=\"color: #ffffff;\"><strong>Ren\u00e9-Nicolas Dufriche Desgenettes (m\u00e9decin militaire) de Dolomieu (G\u00e9ologue)<\/strong><\/span><\/p>\n<p><span style=\"color: #ffffff;\"><strong>\u00c9tienne Geoffroy Saint-Hilaire (Naturaliste)<\/strong><\/span><\/p>\n<p><span style=\"color: #ffffff;\"><strong>Adrien Raffeneau-Delile (Ing\u00e9nieur civil)<\/strong><\/span><\/p>\n<p><span style=\"color: #ffffff;\"><strong>Jules-C\u00e9sar Savigny (Zoologiste)<\/strong><\/span><\/p>\n<p><span style=\"color: #ffffff;\"><strong>Hippolyte-Victor Collet-Descotils (Chimiste)<\/strong><\/span><\/p>\n<p><span style=\"color: #ffffff;\"><strong>Antoine Dubois (Chirurgien)<\/strong><\/span><\/p>\n<p><span style=\"color: #ffffff;\"><strong>Pierre Joseph de Beauchamp (Astronome)<\/strong><\/span><\/p>\n<p><span style=\"color: #ffffff;\"><strong>Denis Samuel Bernard (Ing\u00e9nieur)<\/strong><\/span><\/p>\n<p><span style=\"color: #ffffff;\"><strong>Jacques-Pierre Champy (Chimiste)<\/strong><\/span><\/td>\n<td width=\"183\"><span style=\"color: #ffffff;\"><strong>Maximilien de Caffarelli (G\u00e9n\u00e9ral de Brigade \u2013 G\u00e9nie)<\/strong><\/span><\/p>\n<p><span style=\"color: #ffffff;\"><strong>Jean-Lambert Tallien (Journaliste)<\/strong><\/span><\/p>\n<p><span style=\"color: #ffffff;\"><strong>Louis Alexandre de Corancez (Orientaliste)<\/strong><\/span><\/p>\n<p><span style=\"color: #ffffff;\"><strong>Pierre Jacotin (Cartographe)<\/strong><\/span><\/p>\n<p><span style=\"color: #ffffff;\"><strong>Joseph Sulkowski (Capitaine, Aide de camp de Bonaparte et gendre de Venture de Paradis))<\/strong><\/span><\/td>\n<td width=\"168\"><span style=\"color: #ffffff;\"><strong>Charles Norry (Architecte)<\/strong><\/span><\/p>\n<p><span style=\"color: #ffffff;\"><strong>Jean Constantin Protain (Architecte)<\/strong><\/span><\/p>\n<p><span style=\"color: #ffffff;\"><strong>Louis Ripault (Philologue, Antiquaire)<\/strong><\/span><\/p>\n<p><span style=\"color: #ffffff;\"><strong>Andr\u00e9 Dutertre (Peintre)<\/strong><\/span><\/p>\n<p><span style=\"color: #ffffff;\"><strong>Jean Michel de Venture de Paradis (Orientaliste)<\/strong><\/span><\/p>\n<p><span style=\"color: #ffffff;\"><strong>Michel Rigo (Peintre)<\/strong><\/span><\/p>\n<p><span style=\"color: #ffffff;\"><strong>Vivant Denon (Graveur)<\/strong><\/span><\/p>\n<p><span style=\"color: #ffffff;\"><strong>Jean-Baptiste Lep\u00e8re (Architecte)<\/strong><\/span><\/p>\n<p style=\"text-align: center;\"><span style=\"color: #ffffff;\"><strong>Henri-Joseph Redout\u00e9 (Dessinateur)<\/strong><\/span><\/p>\n<\/td>\n<\/tr>\n<\/tbody>\n<\/table>\n<p>[\/vc_column_text][\/vc_column_inner][\/vc_row_inner][vc_row_inner][vc_column_inner width=\u00a0\u00bb1\/3&Prime;][vc_single_image image=\u00a0\u00bb3488&Prime; img_size=\u00a0\u00bbfull\u00a0\u00bb onclick=\u00a0\u00bblink_image\u00a0\u00bb css=\u00a0\u00bb.vc_custom_1520349618345{margin-bottom: -10px !important;}\u00a0\u00bb][vc_btn title=\u00a0\u00bbPierre de Rosette &#8211; British Museum, Londres (Grande-Bretagne)\u00a0\u00bb style=\u00a0\u00bbclassic\u00a0\u00bb shape=\u00a0\u00bbsquare\u00a0\u00bb color=\u00a0\u00bbdefault\u00a0\u00bb align=\u00a0\u00bbcenter\u00a0\u00bb i_align=\u00a0\u00bbright\u00a0\u00bb i_icon_fontawesome=\u00a0\u00bbfa fa-eye\u00a0\u00bb add_icon=\u00a0\u00bbtrue\u00a0\u00bb css=\u00a0\u00bb.vc_custom_1520349772115{margin-top: -5px !important;margin-left: -5px !important;}\u00a0\u00bb link=\u00a0\u00bburl:https%3A%2F%2Fcommons.wikimedia.org%2Fwiki%2FFile%3ARosetta_Stone.JPG||target:%20_blank|\u00a0\u00bb][\/vc_column_inner][vc_column_inner width=\u00a0\u00bb1\/3&Prime;][vc_single_image image=\u00a0\u00bb3490&Prime; img_size=\u00a0\u00bbfull\u00a0\u00bb onclick=\u00a0\u00bblink_image\u00a0\u00bb css=\u00a0\u00bb.vc_custom_1520349631479{margin-bottom: -10px !important;}\u00a0\u00bb][vc_btn title=\u00a0\u00bbReproduction de la Pierre de Rosette. Champollion a travaill\u00e9 sur une reproduction proche de celle-ci\u00a0\u00bb style=\u00a0\u00bbclassic\u00a0\u00bb shape=\u00a0\u00bbsquare\u00a0\u00bb color=\u00a0\u00bbwhite\u00a0\u00bb align=\u00a0\u00bbcenter\u00a0\u00bb css=\u00a0\u00bb.vc_custom_1520349871858{margin-top: -5px !important;margin-left: -5px !important;}\u00a0\u00bb link=\u00a0\u00bb||target:%20_blank|\u00a0\u00bb][\/vc_column_inner][vc_column_inner width=\u00a0\u00bb1\/3&Prime;][vc_single_image image=\u00a0\u00bb3489&Prime; img_size=\u00a0\u00bbfull\u00a0\u00bb onclick=\u00a0\u00bblink_image\u00a0\u00bb css=\u00a0\u00bb.vc_custom_1520349656163{margin-bottom: -10px !important;}\u00a0\u00bb][vc_btn title=\u00a0\u00bbD\u00e9tails sur les \u00e9crits de la Pierre de Rosette &#8211; Partie haute : hi\u00e9roglyphes, au milieu D\u00e9motique et en bas, qui n&rsquo;apparait pas sur la photo, en Grec\u00a0\u00bb style=\u00a0\u00bbclassic\u00a0\u00bb shape=\u00a0\u00bbsquare\u00a0\u00bb color=\u00a0\u00bbwhite\u00a0\u00bb align=\u00a0\u00bbcenter\u00a0\u00bb css=\u00a0\u00bb.vc_custom_1520350652567{margin-top: -5px !important;margin-left: -5px !important;}\u00a0\u00bb link=\u00a0\u00bb||target:%20_blank|\u00a0\u00bb][\/vc_column_inner][\/vc_row_inner][\/vc_column][\/vc_row][vc_row][vc_column width=\u00a0\u00bb1\/2&Prime;][vc_video link=\u00a0\u00bbhttps:\/\/www.youtube.com\/watch?v=DwqXcjEXkXA&amp;t=183s\u00a0\u00bb][\/vc_column][vc_column width=\u00a0\u00bb1\/2&Prime;][vc_video link=\u00a0\u00bbhttps:\/\/www.youtube.com\/watch?v=n5k0ePU49q0&amp;t=105s\u00a0\u00bb][\/vc_column][\/vc_row][vc_row][vc_column][vc_btn title=\u00a0\u00bbBonaparte, La campagne d&rsquo;Egypte (1798-1801) &#8211; Coproduction : GMT productions  \/ ARTCIVI productions \/ Biblioth\u00e8que Nationale de France \/ R\u00e9union des Mus\u00e9es Nationaux &#8211; Avec la participation de : L&rsquo;\u00c9cole Polytechnique \/ X Passion \/ Civilisation de Monde \/ T\u00e9lessone\u00a0\u00bb size=\u00a0\u00bblg\u00a0\u00bb align=\u00a0\u00bbcenter\u00a0\u00bb i_align=\u00a0\u00bbright\u00a0\u00bb i_icon_fontawesome=\u00a0\u00bbfa fa-eye\u00a0\u00bb button_block=\u00a0\u00bbtrue\u00a0\u00bb add_icon=\u00a0\u00bbtrue\u00a0\u00bb][\/vc_column][\/vc_row]<\/p>\n","protected":false},"excerpt":{"rendered":"<p>[vc_row full_width=\u00a0\u00bbstretch_row\u00a0\u00bb css=\u00a0\u00bb.vc_custom_1519929301374{background-color: #376092 !important;}\u00a0\u00bb][vc_column width=\u00a0\u00bb1\/2&Prime;][vc_row_inner][vc_column_inner css=\u00a0\u00bb.vc_custom_1519814829730{padding-right: 50px !important;}\u00a0\u00bb][vc_column_text] BELLLIGERANTS R\u00e9publique fran\u00e7aise contre le Grande-Bretagne, DATE 1798 &#8211; 1801 LIEU \u00c9gypte, Levant CAUSUS BELLI D\u00e9cision du Directoire de s&#8217;emparer de l&rsquo;\u00c9gypte et l&rsquo;Orient afin de bloquer la route des Indes<\/p>\n","protected":false},"author":1,"featured_media":0,"parent":0,"menu_order":0,"comment_status":"closed","ping_status":"closed","template":"","meta":{"footnotes":""},"class_list":["post-3342","page","type-page","status-publish","hentry"],"yoast_head":"<!-- This site is optimized with the Yoast SEO plugin v22.8 - https:\/\/yoast.com\/wordpress\/plugins\/seo\/ -->\n<title>Campagne d&#039;Egypte (1798-1801) - L&#039;Histoire est un roman...<\/title>\n<meta name=\"robots\" content=\"index, follow, max-snippet:-1, max-image-preview:large, max-video-preview:-1\" \/>\n<link rel=\"canonical\" href=\"https:\/\/aline-voinot.com\/index.php\/campagne-degypte\/\" \/>\n<meta property=\"og:locale\" content=\"fr_FR\" \/>\n<meta property=\"og:type\" content=\"article\" \/>\n<meta property=\"og:title\" content=\"Campagne d&#039;Egypte (1798-1801) - L&#039;Histoire est un roman...\" \/>\n<meta property=\"og:description\" content=\"[vc_row full_width=\u00a0\u00bbstretch_row\u00a0\u00bb css=\u00a0\u00bb.vc_custom_1519929301374{background-color: #376092 !important;}\u00a0\u00bb][vc_column width=\u00a0\u00bb1\/2&Prime;][vc_row_inner][vc_column_inner css=\u00a0\u00bb.vc_custom_1519814829730{padding-right: 50px !important;}\u00a0\u00bb][vc_column_text] BELLLIGERANTS R\u00e9publique fran\u00e7aise contre le Grande-Bretagne, DATE 1798 &#8211; 1801 LIEU \u00c9gypte, Levant CAUSUS BELLI D\u00e9cision du Directoire de s&#8217;emparer de l&rsquo;\u00c9gypte et l&rsquo;Orient afin de bloquer la route des Indes\" \/>\n<meta property=\"og:url\" content=\"https:\/\/aline-voinot.com\/index.php\/campagne-degypte\/\" \/>\n<meta property=\"og:site_name\" content=\"L&#039;Histoire est un roman...\" \/>\n<meta property=\"article:modified_time\" content=\"2023-06-17T14:45:45+00:00\" \/>\n<meta name=\"twitter:card\" content=\"summary_large_image\" \/>\n<meta name=\"twitter:label1\" content=\"Dur\u00e9e de lecture estim\u00e9e\" \/>\n\t<meta name=\"twitter:data1\" content=\"27 minutes\" \/>\n<script type=\"application\/ld+json\" class=\"yoast-schema-graph\">{\"@context\":\"https:\/\/schema.org\",\"@graph\":[{\"@type\":\"WebPage\",\"@id\":\"https:\/\/aline-voinot.com\/index.php\/campagne-degypte\/\",\"url\":\"https:\/\/aline-voinot.com\/index.php\/campagne-degypte\/\",\"name\":\"Campagne d'Egypte (1798-1801) - L&#039;Histoire est un roman...\",\"isPartOf\":{\"@id\":\"https:\/\/aline-voinot.com\/#website\"},\"datePublished\":\"2018-03-02T11:12:14+00:00\",\"dateModified\":\"2023-06-17T14:45:45+00:00\",\"breadcrumb\":{\"@id\":\"https:\/\/aline-voinot.com\/index.php\/campagne-degypte\/#breadcrumb\"},\"inLanguage\":\"fr-FR\",\"potentialAction\":[{\"@type\":\"ReadAction\",\"target\":[\"https:\/\/aline-voinot.com\/index.php\/campagne-degypte\/\"]}]},{\"@type\":\"BreadcrumbList\",\"@id\":\"https:\/\/aline-voinot.com\/index.php\/campagne-degypte\/#breadcrumb\",\"itemListElement\":[{\"@type\":\"ListItem\",\"position\":1,\"name\":\"Accueil\",\"item\":\"https:\/\/aline-voinot.com\/\"},{\"@type\":\"ListItem\",\"position\":2,\"name\":\"Campagne d&rsquo;Egypte (1798-1801)\"}]},{\"@type\":\"WebSite\",\"@id\":\"https:\/\/aline-voinot.com\/#website\",\"url\":\"https:\/\/aline-voinot.com\/\",\"name\":\"L&#039;Histoire est un roman...\",\"description\":\"&quot;Destins connus, destins crois\u00e9s&quot; la premi\u00e8re encyclop\u00e9die romanc\u00e9e...\",\"potentialAction\":[{\"@type\":\"SearchAction\",\"target\":{\"@type\":\"EntryPoint\",\"urlTemplate\":\"https:\/\/aline-voinot.com\/?s={search_term_string}\"},\"query-input\":\"required name=search_term_string\"}],\"inLanguage\":\"fr-FR\"}]}<\/script>\n<!-- \/ Yoast SEO plugin. -->","yoast_head_json":{"title":"Campagne d'Egypte (1798-1801) - L&#039;Histoire est un roman...","robots":{"index":"index","follow":"follow","max-snippet":"max-snippet:-1","max-image-preview":"max-image-preview:large","max-video-preview":"max-video-preview:-1"},"canonical":"https:\/\/aline-voinot.com\/index.php\/campagne-degypte\/","og_locale":"fr_FR","og_type":"article","og_title":"Campagne d'Egypte (1798-1801) - L&#039;Histoire est un roman...","og_description":"[vc_row full_width=\u00a0\u00bbstretch_row\u00a0\u00bb css=\u00a0\u00bb.vc_custom_1519929301374{background-color: #376092 !important;}\u00a0\u00bb][vc_column width=\u00a0\u00bb1\/2&Prime;][vc_row_inner][vc_column_inner css=\u00a0\u00bb.vc_custom_1519814829730{padding-right: 50px !important;}\u00a0\u00bb][vc_column_text] BELLLIGERANTS R\u00e9publique fran\u00e7aise contre le Grande-Bretagne, DATE 1798 &#8211; 1801 LIEU \u00c9gypte, Levant CAUSUS BELLI D\u00e9cision du Directoire de s&#8217;emparer de l&rsquo;\u00c9gypte et l&rsquo;Orient afin de bloquer la route des Indes","og_url":"https:\/\/aline-voinot.com\/index.php\/campagne-degypte\/","og_site_name":"L&#039;Histoire est un roman...","article_modified_time":"2023-06-17T14:45:45+00:00","twitter_card":"summary_large_image","twitter_misc":{"Dur\u00e9e de lecture estim\u00e9e":"27 minutes"},"schema":{"@context":"https:\/\/schema.org","@graph":[{"@type":"WebPage","@id":"https:\/\/aline-voinot.com\/index.php\/campagne-degypte\/","url":"https:\/\/aline-voinot.com\/index.php\/campagne-degypte\/","name":"Campagne d'Egypte (1798-1801) - L&#039;Histoire est un roman...","isPartOf":{"@id":"https:\/\/aline-voinot.com\/#website"},"datePublished":"2018-03-02T11:12:14+00:00","dateModified":"2023-06-17T14:45:45+00:00","breadcrumb":{"@id":"https:\/\/aline-voinot.com\/index.php\/campagne-degypte\/#breadcrumb"},"inLanguage":"fr-FR","potentialAction":[{"@type":"ReadAction","target":["https:\/\/aline-voinot.com\/index.php\/campagne-degypte\/"]}]},{"@type":"BreadcrumbList","@id":"https:\/\/aline-voinot.com\/index.php\/campagne-degypte\/#breadcrumb","itemListElement":[{"@type":"ListItem","position":1,"name":"Accueil","item":"https:\/\/aline-voinot.com\/"},{"@type":"ListItem","position":2,"name":"Campagne d&rsquo;Egypte (1798-1801)"}]},{"@type":"WebSite","@id":"https:\/\/aline-voinot.com\/#website","url":"https:\/\/aline-voinot.com\/","name":"L&#039;Histoire est un roman...","description":"&quot;Destins connus, destins crois\u00e9s&quot; la premi\u00e8re encyclop\u00e9die romanc\u00e9e...","potentialAction":[{"@type":"SearchAction","target":{"@type":"EntryPoint","urlTemplate":"https:\/\/aline-voinot.com\/?s={search_term_string}"},"query-input":"required name=search_term_string"}],"inLanguage":"fr-FR"}]}},"_links":{"self":[{"href":"https:\/\/aline-voinot.com\/index.php\/wp-json\/wp\/v2\/pages\/3342","targetHints":{"allow":["GET"]}}],"collection":[{"href":"https:\/\/aline-voinot.com\/index.php\/wp-json\/wp\/v2\/pages"}],"about":[{"href":"https:\/\/aline-voinot.com\/index.php\/wp-json\/wp\/v2\/types\/page"}],"author":[{"embeddable":true,"href":"https:\/\/aline-voinot.com\/index.php\/wp-json\/wp\/v2\/users\/1"}],"replies":[{"embeddable":true,"href":"https:\/\/aline-voinot.com\/index.php\/wp-json\/wp\/v2\/comments?post=3342"}],"version-history":[{"count":3,"href":"https:\/\/aline-voinot.com\/index.php\/wp-json\/wp\/v2\/pages\/3342\/revisions"}],"predecessor-version":[{"id":36717,"href":"https:\/\/aline-voinot.com\/index.php\/wp-json\/wp\/v2\/pages\/3342\/revisions\/36717"}],"wp:attachment":[{"href":"https:\/\/aline-voinot.com\/index.php\/wp-json\/wp\/v2\/media?parent=3342"}],"curies":[{"name":"wp","href":"https:\/\/api.w.org\/{rel}","templated":true}]}}