{"id":3343,"date":"2018-03-02T12:12:47","date_gmt":"2018-03-02T11:12:47","guid":{"rendered":"http:\/\/aline-voinot.com\/?page_id=3343"},"modified":"2026-04-21T17:03:53","modified_gmt":"2026-04-21T15:03:53","slug":"campagne-ditalie-1796-1797","status":"publish","type":"page","link":"https:\/\/aline-voinot.com\/index.php\/campagne-ditalie-1796-1797\/","title":{"rendered":"Campagne d&rsquo;Italie (1796-1797)"},"content":{"rendered":"<p>[vc_row full_width=\u00a0\u00bbstretch_row\u00a0\u00bb css=\u00a0\u00bb.vc_custom_1519929301374{background-color: #376092 !important;}\u00a0\u00bb][vc_column width=\u00a0\u00bb1\/2&Prime;][vc_column_text]<\/p>\n<h6 style=\"text-align: center;\"><span style=\"color: #ffffff;\">SYNOPSIS<\/span><\/h6>\n<table>\n<tbody>\n<tr>\n<td width=\"86\">\n<h6><span style=\"color: #ffffff;\">BELLLIGERANTS<\/span><\/h6>\n<\/td>\n<td width=\"369\">\n<h6><span style=\"color: #ffffff;\">R\u00e9publique fran\u00e7aise contre l&rsquo;Empire d&rsquo;Autriche et le Royaume de Sardaigne et leurs alli\u00e9s<\/span><\/h6>\n<\/td>\n<\/tr>\n<tr>\n<td width=\"86\">\n<h6><span style=\"color: #ffffff;\">DATE<\/span><\/h6>\n<\/td>\n<td width=\"369\">\n<h6><span style=\"color: #ffffff;\"><time class=\"nowrap date-lien\" datetime=\"1796-03-24\">24&nbsp;mars&nbsp;1796<\/time>&nbsp;&#8211;&nbsp;<time class=\"nowrap date-lien\" datetime=\"1797-04-07\">7&nbsp;avril&nbsp;1797<\/time><\/span><\/h6>\n<\/td>\n<\/tr>\n<tr>\n<td width=\"86\">\n<h6><span style=\"color: #ffffff;\">LIEU<\/span><\/h6>\n<\/td>\n<td width=\"369\">\n<h6><span style=\"color: #ffffff;\">Italie du nord, Archiduch\u00e9 d&rsquo;Autriche<\/span><\/h6>\n<\/td>\n<\/tr>\n<tr>\n<td width=\"86\">\n<h6><span style=\"color: #ffffff;\">R\u00c9SULTATS<\/span><\/h6>\n<\/td>\n<td width=\"369\">\n<h6><span style=\"color: #ffffff;\">Victoire fran\u00e7aise<\/span><\/h6>\n<\/td>\n<\/tr>\n<tr>\n<td width=\"86\">\n<h6><span style=\"color: #ffffff;\"><strong>CONS\u00c9QUENCES<\/strong><\/span><\/h6>\n<\/td>\n<td width=\"369\">\n<ul>\n<li>\n<h6><span style=\"color: #ffffff;\">Trait\u00e9 de Campo-Formio<\/span><\/h6>\n<\/li>\n<li>\n<h6><span style=\"color: #ffffff;\">Dissolution de la Premi\u00e8re coalition<\/span><\/h6>\n<\/li>\n<\/ul>\n<\/td>\n<\/tr>\n<\/tbody>\n<\/table>\n<h6 style=\"text-align: center;\"><span style=\"color: #ffffff;\">&nbsp;<\/span><\/h6>\n<p>[\/vc_column_text][\/vc_column][vc_column width=\u00a0\u00bb1\/4&Prime;][vc_column_text]<\/p>\n<h6 style=\"text-align: center;\"><span style=\"color: #ffffff;\">REPUBLIQUE FRAN\u00c7AISE<\/span><\/h6>\n<p style=\"text-align: center;\"><span style=\"color: #ffffff;\">30 000 hommes<\/span><\/p>\n<p>[\/vc_column_text][vc_btn title=\u00a0\u00bbPrincipaux commandants\u00a0\u00bb color=\u00a0\u00bbmulled-wine\u00a0\u00bb size=\u00a0\u00bblg\u00a0\u00bb align=\u00a0\u00bbcenter\u00a0\u00bb i_align=\u00a0\u00bbright\u00a0\u00bb i_icon_fontawesome=\u00a0\u00bbfa fa-eye\u00a0\u00bb button_block=\u00a0\u00bbtrue\u00a0\u00bb add_icon=\u00a0\u00bbtrue\u00a0\u00bb][vc_column_text]<\/p>\n<ul>\n<li><span style=\"color: #ffffff;\">Napol\u00e9on Bonaparte (France)<\/span><\/li>\n<li><span style=\"color: #ffffff;\">Andr\u00e9 Mass\u00e9na&nbsp;(France)<\/span><\/li>\n<li><span style=\"color: #ffffff;\">Pierre Augereau&nbsp;(France)<\/span><\/li>\n<li><span style=\"color: #ffffff;\">Jean S\u00e9rurier&nbsp;(France)<\/span><\/li>\n<li><span style=\"color: #ffffff;\">Am\u00e9d\u00e9e Laharpe \u2020&nbsp;(France)<\/span><\/li>\n<li><span style=\"color: #ffffff;\">Jean Lannes&nbsp;(France)<\/span><\/li>\n<li><span style=\"color: #ffffff;\">Claude-Victor Perrin&nbsp;(France)<\/span><\/li>\n<li><span style=\"color: #ffffff;\">Joachim Murat&nbsp;(France)<\/span><\/li>\n<li><span style=\"color: #ffffff;\">Jean-Baptiste Bessi\u00e8res&nbsp;(France)<\/span><\/li>\n<li><span style=\"color: #ffffff;\">Auguste-Fr\u00e9d\u00e9ric-Louis de Marmont (Fr)<\/span><\/li>\n<li><span style=\"color: #ffffff;\">Antoine de Lasalle&nbsp;(France)<\/span><\/li>\n<li><span style=\"color: #ffffff;\">Barth\u00e9l\u00e9my Joubert&nbsp;(France)<\/span><\/li>\n<li><span style=\"color: #ffffff;\">Jean-Baptiste Bernadotte (Fr)<\/span><\/li>\n<li><span style=\"color: #ffffff;\">Louis Berthier&nbsp;(France)<\/span><\/li>\n<\/ul>\n<p>[\/vc_column_text][\/vc_column][vc_column width=\u00a0\u00bb1\/4&Prime;][vc_column_text]<\/p>\n<h6 style=\"text-align: center;\"><span style=\"color: #ffffff;\">PREMIERE COALITION<\/span><\/h6>\n<p style=\"text-align: center;\"><span style=\"color: #ffffff;\">70 000 hommes<\/span><\/p>\n<p>[\/vc_column_text][vc_btn title=\u00a0\u00bbPrincipaux commandants\u00a0\u00bb color=\u00a0\u00bbmulled-wine\u00a0\u00bb size=\u00a0\u00bblg\u00a0\u00bb align=\u00a0\u00bbcenter\u00a0\u00bb i_align=\u00a0\u00bbright\u00a0\u00bb i_icon_fontawesome=\u00a0\u00bbfa fa-eye\u00a0\u00bb button_block=\u00a0\u00bbtrue\u00a0\u00bb add_icon=\u00a0\u00bbtrue\u00a0\u00bb][vc_column_text]<\/p>\n<ul>\n<li><span style=\"color: #ffffff;\">Johann von Beaulieu (Autriche)<\/span><\/li>\n<li><span style=\"color: #ffffff;\">Eug\u00e8ne-Guillaume Argenteau (Saint-Empire)<\/span><\/li>\n<li><span style=\"color: #ffffff;\">Giovanni Provera (Saint-Empire)<\/span><\/li>\n<li><span style=\"color: #ffffff;\">Dagobert von Wurmser (Autriche)<\/span><\/li>\n<li><span style=\"color: #ffffff;\">Josef Alvinczy (Autriche)<\/span><\/li>\n<li><span style=\"color: #ffffff;\">Archiduc Charles (Autriche)<\/span><\/li>\n<li><span style=\"color: #ffffff;\">Michelangelo Colli-Marchi (Sardaigne)<\/span><\/li>\n<li><span style=\"color: #ffffff;\">John Jervis (Grande-Bretagne)<\/span><\/li>\n<\/ul>\n<p>[\/vc_column_text][vc_btn title=\u00a0\u00bbTome 1&Prime; color=\u00a0\u00bbdanger\u00a0\u00bb size=\u00a0\u00bbxs\u00a0\u00bb][\/vc_column][\/vc_row][vc_row][vc_column][vc_row_inner][vc_column_inner width=\u00a0\u00bb1\/3&Prime;][vc_single_image image=\u00a0\u00bb3294&Prime; img_size=\u00a0\u00bbfull\u00a0\u00bb onclick=\u00a0\u00bblink_image\u00a0\u00bb css=\u00a0\u00bb.vc_custom_1519897629587{margin-bottom: -10px !important;}\u00a0\u00bb][vc_btn title=\u00a0\u00bbBataille de Loano &#8211; 23-24 novembre 1795 &#8211; Hippolyte Bellang\u00e9 &#8211; Lieu de conservation inconnu\u00a0\u00bb style=\u00a0\u00bbclassic\u00a0\u00bb shape=\u00a0\u00bbsquare\u00a0\u00bb color=\u00a0\u00bbdefault\u00a0\u00bb align=\u00a0\u00bbcenter\u00a0\u00bb i_align=\u00a0\u00bbright\u00a0\u00bb i_icon_fontawesome=\u00a0\u00bbfa fa-copyright\u00a0\u00bb add_icon=\u00a0\u00bbtrue\u00a0\u00bb css=\u00a0\u00bb.vc_custom_1624873209334{margin-top: -5px !important;}\u00a0\u00bb link=\u00a0\u00bburl:https%3A%2F%2Ffr.wikipedia.org%2Fwiki%2FBataille_de_Loano%23%2Fmedia%2FFile%3ABattle_of_Loano.jpg||target:%20_blank|\u00a0\u00bb][vc_icon icon_fontawesome=\u00a0\u00bbfa fa-map-marker\u00a0\u00bb color=\u00a0\u00bborange\u00a0\u00bb size=\u00a0\u00bbsm\u00a0\u00bb align=\u00a0\u00bbcenter\u00a0\u00bb link=\u00a0\u00bburl:https%3A%2F%2Fwww.google.fr%2Fmaps%2Fplace%2F17025%2BLoano%2C%2BSavone%2C%2BItalie%2F%4044.127741%2C7.1319338%2C8z%2Fdata%3D!4m5!3m4!1s0x12d2f65b0a39b1e3%3A0xe18091fad258f181!8m2!3d44.1306408!4d8.2609671|||\u00a0\u00bb css=\u00a0\u00bb.vc_custom_1544621198661{margin-top: -20px !important;margin-bottom: -10px !important;}\u00a0\u00bb][\/vc_column_inner][vc_column_inner width=\u00a0\u00bb1\/3&Prime;][vc_single_image image=\u00a0\u00bb3296&Prime; img_size=\u00a0\u00bbfull\u00a0\u00bb onclick=\u00a0\u00bblink_image\u00a0\u00bb css=\u00a0\u00bb.vc_custom_1519897653177{margin-bottom: -10px !important;}\u00a0\u00bb][vc_btn title=\u00a0\u00bbBataille de Montenotte -12 avril 1796 &#8211; Ren\u00e9 Th\u00e9odore Berthon &#8211; Ch. Versailles et de Trianon\u00a0\u00bb style=\u00a0\u00bbclassic\u00a0\u00bb shape=\u00a0\u00bbsquare\u00a0\u00bb color=\u00a0\u00bbdefault\u00a0\u00bb align=\u00a0\u00bbcenter\u00a0\u00bb i_align=\u00a0\u00bbright\u00a0\u00bb i_icon_fontawesome=\u00a0\u00bbfa fa-copyright\u00a0\u00bb add_icon=\u00a0\u00bbtrue\u00a0\u00bb css=\u00a0\u00bb.vc_custom_1624873228639{margin-top: -5px !important;}\u00a0\u00bb link=\u00a0\u00bburl:https%3A%2F%2Ffr.wikipedia.org%2Fwiki%2FCampagne_d%2527Italie_(1796-1797)%23%2Fmedia%2FFile%3ARampon_Monte_Legino.jpg||target:%20_blank|\u00a0\u00bb][vc_icon icon_fontawesome=\u00a0\u00bbfa fa-map-marker\u00a0\u00bb size=\u00a0\u00bbsm\u00a0\u00bb align=\u00a0\u00bbcenter\u00a0\u00bb link=\u00a0\u00bburl:https%3A%2F%2Fwww.westpoint.edu%2Fhistory%2FSiteAssets%2FSitePages%2FNapoleonic%2520War%2FNap02.gif|||\u00a0\u00bb css=\u00a0\u00bb.vc_custom_1544618452817{margin-top: -20px !important;margin-bottom: -10px !important;}\u00a0\u00bb][\/vc_column_inner][vc_column_inner width=\u00a0\u00bb1\/3&Prime;][vc_single_image image=\u00a0\u00bb3293&Prime; img_size=\u00a0\u00bbfull\u00a0\u00bb onclick=\u00a0\u00bblink_image\u00a0\u00bb css=\u00a0\u00bb.vc_custom_1519897660122{margin-bottom: -10px !important;}\u00a0\u00bb][vc_btn title=\u00a0\u00bbBataille de Dego &#8211; 14-15 avril 1796 &#8211; Giuseppe Pietro Bagetti &#8211; Lieu de conservation inconnu\u00a0\u00bb style=\u00a0\u00bbclassic\u00a0\u00bb shape=\u00a0\u00bbsquare\u00a0\u00bb color=\u00a0\u00bbdefault\u00a0\u00bb align=\u00a0\u00bbcenter\u00a0\u00bb i_align=\u00a0\u00bbright\u00a0\u00bb i_icon_fontawesome=\u00a0\u00bbfa fa-copyright\u00a0\u00bb add_icon=\u00a0\u00bbtrue\u00a0\u00bb css=\u00a0\u00bb.vc_custom_1624873269646{margin-top: -5px !important;}\u00a0\u00bb link=\u00a0\u00bburl:https%3A%2F%2Ffr.wikipedia.org%2Fwiki%2FCampagne_d%2527Italie_(1796-1797)%23%2Fmedia%2FFile%3ARampon_Monte_Legino.jpg||target:%20_blank|\u00a0\u00bb][vc_icon icon_fontawesome=\u00a0\u00bbfa fa-map-marker\u00a0\u00bb color=\u00a0\u00bbwhite\u00a0\u00bb size=\u00a0\u00bbsm\u00a0\u00bb align=\u00a0\u00bbcenter\u00a0\u00bb link=\u00a0\u00bb|||\u00a0\u00bb css=\u00a0\u00bb.vc_custom_1544620097426{margin-top: -20px !important;margin-bottom: -10px !important;}\u00a0\u00bb][\/vc_column_inner][\/vc_row_inner][vc_row_inner][vc_column_inner width=\u00a0\u00bb1\/3&Prime;][vc_single_image image=\u00a0\u00bb3295&Prime; img_size=\u00a0\u00bbfull\u00a0\u00bb onclick=\u00a0\u00bblink_image\u00a0\u00bb css=\u00a0\u00bb.vc_custom_1519897670439{margin-bottom: -10px !important;}\u00a0\u00bb][vc_btn title=\u00a0\u00bbBataille de Mondovi &#8211; 21 avril 1796 &#8211; Bagetti Giuseppe Pietro &#8211; Ch Versailles (France)\u00a0\u00bb style=\u00a0\u00bbclassic\u00a0\u00bb shape=\u00a0\u00bbsquare\u00a0\u00bb color=\u00a0\u00bbdefault\u00a0\u00bb align=\u00a0\u00bbcenter\u00a0\u00bb i_align=\u00a0\u00bbright\u00a0\u00bb i_icon_fontawesome=\u00a0\u00bbfa fa-copyright\u00a0\u00bb add_icon=\u00a0\u00bbtrue\u00a0\u00bb css=\u00a0\u00bb.vc_custom_1544625800626{margin-top: -5px !important;}\u00a0\u00bb link=\u00a0\u00bburl:https%3A%2F%2Ffr.wikipedia.org%2Fwiki%2FBataille_de_Mondovi%23%2Fmedia%2FFile%3AMondovi.jpg||target:%20_blank|\u00a0\u00bb][vc_icon icon_fontawesome=\u00a0\u00bbfa fa-map-marker\u00a0\u00bb size=\u00a0\u00bbsm\u00a0\u00bb align=\u00a0\u00bbcenter\u00a0\u00bb link=\u00a0\u00bburl:https%3A%2F%2Fwww.westpoint.edu%2Fhistory%2FSiteAssets%2FSitePages%2FNapoleonic%2520War%2FNap03.gif|||\u00a0\u00bb css=\u00a0\u00bb.vc_custom_1544620696587{margin-top: -20px !important;margin-bottom: -10px !important;}\u00a0\u00bb][\/vc_column_inner][vc_column_inner width=\u00a0\u00bb1\/3&Prime;][vc_single_image image=\u00a0\u00bb3280&Prime; img_size=\u00a0\u00bbfull\u00a0\u00bb onclick=\u00a0\u00bblink_image\u00a0\u00bb css=\u00a0\u00bb.vc_custom_1519897598049{margin-bottom: -10px !important;}\u00a0\u00bb][vc_btn title=\u00a0\u00bbBataille de Fombio &#8211; 8 mai 1796 &#8211; Giuseppe Pietro Bagetti &#8211; Lieu de conservation inconnu\u00a0\u00bb style=\u00a0\u00bbclassic\u00a0\u00bb shape=\u00a0\u00bbsquare\u00a0\u00bb color=\u00a0\u00bbdefault\u00a0\u00bb align=\u00a0\u00bbcenter\u00a0\u00bb i_align=\u00a0\u00bbright\u00a0\u00bb i_icon_fontawesome=\u00a0\u00bbfa fa-copyright\u00a0\u00bb add_icon=\u00a0\u00bbtrue\u00a0\u00bb css=\u00a0\u00bb.vc_custom_1624876434859{margin-top: -5px !important;}\u00a0\u00bb link=\u00a0\u00bburl:https%3A%2F%2Ffr.wikipedia.org%2Fwiki%2FBataille_de_Fombio%23%2Fmedia%2FFile%3ABattaglia_di_Fombio.jpg||target:%20_blank|\u00a0\u00bb][vc_icon icon_fontawesome=\u00a0\u00bbfa fa-map-marker\u00a0\u00bb size=\u00a0\u00bbsm\u00a0\u00bb align=\u00a0\u00bbcenter\u00a0\u00bb link=\u00a0\u00bburl:https%3A%2F%2Fwww.westpoint.edu%2Fhistory%2FSiteAssets%2FSitePages%2FNapoleonic%2520War%2FNap04.gif||target:%20_blank|\u00a0\u00bb css=\u00a0\u00bb.vc_custom_1544625242217{margin-top: -20px !important;margin-bottom: -10px !important;}\u00a0\u00bb][\/vc_column_inner][vc_column_inner width=\u00a0\u00bb1\/3&Prime;][vc_single_image image=\u00a0\u00bb3287&Prime; img_size=\u00a0\u00bbfull\u00a0\u00bb onclick=\u00a0\u00bblink_image\u00a0\u00bb css=\u00a0\u00bb.vc_custom_1519897678447{margin-bottom: -10px !important;}\u00a0\u00bb][vc_btn title=\u00a0\u00bbBataille du Pont de Lodi &#8211; 10 mai 1796 &#8211; Louis Lejeune &#8211; Ch. de Versailles (France)\u00a0\u00bb style=\u00a0\u00bbclassic\u00a0\u00bb shape=\u00a0\u00bbsquare\u00a0\u00bb color=\u00a0\u00bbdefault\u00a0\u00bb align=\u00a0\u00bbcenter\u00a0\u00bb i_align=\u00a0\u00bbright\u00a0\u00bb i_icon_fontawesome=\u00a0\u00bbfa fa-copyright\u00a0\u00bb add_icon=\u00a0\u00bbtrue\u00a0\u00bb css=\u00a0\u00bb.vc_custom_1544625832803{margin-top: -5px !important;}\u00a0\u00bb link=\u00a0\u00bburl:https%3A%2F%2Ffr.wikipedia.org%2Fwiki%2FBataille_du_pont_de_Lodi%23%2Fmedia%2FFile%3AGeneral_Bonaparte_giving_orders_at_the_Battle_of_Lodi.jpg||target:%20_blank|rel:nofollow\u00a0\u00bb][vc_icon icon_fontawesome=\u00a0\u00bbfa fa-map-marker\u00a0\u00bb color=\u00a0\u00bborange\u00a0\u00bb size=\u00a0\u00bbsm\u00a0\u00bb align=\u00a0\u00bbcenter\u00a0\u00bb link=\u00a0\u00bburl:https%3A%2F%2Fwww.viamichelin.fr%2Fweb%2FCartes-plans%3Ftid%3Dcity-70719-ita|title:Lodi%2C%20Italie|target:%20_blank|\u00a0\u00bb css=\u00a0\u00bb.vc_custom_1544625611762{margin-top: -20px !important;margin-bottom: -10px !important;}\u00a0\u00bb][\/vc_column_inner][\/vc_row_inner][vc_row_inner][vc_column_inner width=\u00a0\u00bb1\/3&Prime;][vc_single_image image=\u00a0\u00bb3283&Prime; img_size=\u00a0\u00bbfull\u00a0\u00bb onclick=\u00a0\u00bblink_image\u00a0\u00bb css=\u00a0\u00bb.vc_custom_1519897687999{margin-bottom: -10px !important;}\u00a0\u00bb][vc_btn title=\u00a0\u00bbReddition de Mantoue &#8211; 2 f\u00e9vrier 17971797 &#8211; Hippolyte  Lecomte &#8211; Ch. Versailles (France)\u00a0\u00bb style=\u00a0\u00bbclassic\u00a0\u00bb shape=\u00a0\u00bbsquare\u00a0\u00bb color=\u00a0\u00bbdefault\u00a0\u00bb align=\u00a0\u00bbcenter\u00a0\u00bb i_align=\u00a0\u00bbright\u00a0\u00bb i_icon_fontawesome=\u00a0\u00bbfa fa-copyright\u00a0\u00bb add_icon=\u00a0\u00bbtrue\u00a0\u00bb css=\u00a0\u00bb.vc_custom_1544627716583{margin-top: -5px !important;}\u00a0\u00bb link=\u00a0\u00bburl:http%3A%2F%2Fwww2.culture.gouv.fr%2FWave%2Fimage%2Fjoconde%2F0633%2Fm507704_83ee510_p.jpg||target:%20_blank|\u00a0\u00bb][vc_icon icon_fontawesome=\u00a0\u00bbfa fa-map-marker\u00a0\u00bb color=\u00a0\u00bborange\u00a0\u00bb size=\u00a0\u00bbsm\u00a0\u00bb align=\u00a0\u00bbcenter\u00a0\u00bb link=\u00a0\u00bburl:https%3A%2F%2Fwww.viamichelin.fr%2Fweb%2FCartes-plans%3Ftid%3Dcity-71151-ita|title:Mantoue%20-%20Campagne%20d&rsquo;Italie%20(1796-1797)|target:%20_blank|rel:nofollow\u00a0\u00bb css=\u00a0\u00bb.vc_custom_1544628040666{margin-top: -20px !important;margin-bottom: -10px !important;}\u00a0\u00bb][\/vc_column_inner][vc_column_inner width=\u00a0\u00bb1\/3&Prime;][vc_single_image image=\u00a0\u00bb3279&Prime; img_size=\u00a0\u00bbfull\u00a0\u00bb onclick=\u00a0\u00bblink_image\u00a0\u00bb css=\u00a0\u00bb.vc_custom_1519897694910{margin-bottom: -10px !important;}\u00a0\u00bb][vc_btn title=\u00a0\u00bbBataille de Castiglione &#8211; 5 aout 1796 &#8211; Victor Adam &#8211; Ch. Versailles (France)\u00a0\u00bb style=\u00a0\u00bbclassic\u00a0\u00bb shape=\u00a0\u00bbsquare\u00a0\u00bb color=\u00a0\u00bbdefault\u00a0\u00bb align=\u00a0\u00bbcenter\u00a0\u00bb i_align=\u00a0\u00bbright\u00a0\u00bb i_icon_fontawesome=\u00a0\u00bbfa fa-copyright\u00a0\u00bb add_icon=\u00a0\u00bbtrue\u00a0\u00bb css=\u00a0\u00bb.vc_custom_1544628222043{margin-top: -5px !important;}\u00a0\u00bb link=\u00a0\u00bburl:https%3A%2F%2Ffr.wikipedia.org%2Fwiki%2FBataille_de_Castiglione%23%2Fmedia%2FFile%3AVictor_Adam_-_Battle_of_Castiglione_-_1836.jpg||target:%20_blank|rel:nofollow\u00a0\u00bb][vc_icon icon_fontawesome=\u00a0\u00bbfa fa-map-marker\u00a0\u00bb size=\u00a0\u00bbsm\u00a0\u00bb align=\u00a0\u00bbcenter\u00a0\u00bb link=\u00a0\u00bburl:https%3A%2F%2Fwww.westpoint.edu%2Fhistory%2FSiteAssets%2FSitePages%2FNapoleonic%2520War%2FNap05.gif|title:Bataille%20Castiglione%20-%20Campagne%20d&rsquo;Italie%20(1796-1797)|target:%20_blank|rel:nofollow\u00a0\u00bb css=\u00a0\u00bb.vc_custom_1544628112114{margin-top: -20px !important;margin-bottom: -10px !important;}\u00a0\u00bb][\/vc_column_inner][vc_column_inner width=\u00a0\u00bb1\/3&Prime;][vc_single_image image=\u00a0\u00bb3290&Prime; img_size=\u00a0\u00bbfull\u00a0\u00bb onclick=\u00a0\u00bblink_image\u00a0\u00bb css=\u00a0\u00bb.vc_custom_1519897704166{margin-bottom: -10px !important;}\u00a0\u00bb][vc_btn title=\u00a0\u00bbCombat de Rovereto &#8211; 4 sept 1796 &#8211; Gravure livre J. Revol, Histoire arm\u00e9e fran\u00e7aise, Paris, Larousse, 1929.\u00a0\u00bb style=\u00a0\u00bbclassic\u00a0\u00bb shape=\u00a0\u00bbsquare\u00a0\u00bb color=\u00a0\u00bbdefault\u00a0\u00bb align=\u00a0\u00bbcenter\u00a0\u00bb i_align=\u00a0\u00bbright\u00a0\u00bb i_icon_fontawesome=\u00a0\u00bbfa fa-copyright\u00a0\u00bb add_icon=\u00a0\u00bbtrue\u00a0\u00bb css=\u00a0\u00bb.vc_custom_1544630458881{margin-top: -5px !important;}\u00a0\u00bb link=\u00a0\u00bburl:https%3A%2F%2Ffr.wikipedia.org%2Fwiki%2FCombat_de_Rovereto%23%2Fmedia%2FFile%3ABataille_de_Rovereto.jpg||target:%20_blank|\u00a0\u00bb][vc_icon icon_fontawesome=\u00a0\u00bbfa fa-map-marker\u00a0\u00bb size=\u00a0\u00bbsm\u00a0\u00bb align=\u00a0\u00bbcenter\u00a0\u00bb link=\u00a0\u00bburl:https%3A%2F%2Fwww.westpoint.edu%2Fhistory%2FSiteAssets%2FSitePages%2FNapoleonic%2520War%2FNap06.gif|title:Combat%20de%20Roveretro%20-%20Campagne%20Italie%20(1796-1797)|target:%20_blank|rel:nofollow\u00a0\u00bb css=\u00a0\u00bb.vc_custom_1544628923354{margin-top: -20px !important;margin-bottom: -10px !important;}\u00a0\u00bb][\/vc_column_inner][\/vc_row_inner][vc_row_inner][vc_column_inner width=\u00a0\u00bb1\/3&Prime;][vc_single_image image=\u00a0\u00bb3278&Prime; img_size=\u00a0\u00bbfull\u00a0\u00bb onclick=\u00a0\u00bblink_image\u00a0\u00bb css=\u00a0\u00bb.vc_custom_1519897715686{margin-bottom: -10px !important;}\u00a0\u00bb][vc_btn title=\u00a0\u00bbBataille de Bassano &#8211; 8 septembre 1796 &#8211; Gravure &#8211; Auteur et Conservation inconnu.\u00a0\u00bb style=\u00a0\u00bbclassic\u00a0\u00bb shape=\u00a0\u00bbsquare\u00a0\u00bb color=\u00a0\u00bbdefault\u00a0\u00bb align=\u00a0\u00bbcenter\u00a0\u00bb i_align=\u00a0\u00bbright\u00a0\u00bb i_icon_fontawesome=\u00a0\u00bbfa fa-copyright\u00a0\u00bb add_icon=\u00a0\u00bbtrue\u00a0\u00bb css=\u00a0\u00bb.vc_custom_1624877790226{margin-top: -5px !important;}\u00a0\u00bb link=\u00a0\u00bburl:https%3A%2F%2Fboowiki.info%2Fart%2Fguerre-en-1796%2Fbataille-de-rovereto.html||target:%20_blank|\u00a0\u00bb][vc_icon icon_fontawesome=\u00a0\u00bbfa fa-map-marker\u00a0\u00bb size=\u00a0\u00bbsm\u00a0\u00bb align=\u00a0\u00bbcenter\u00a0\u00bb link=\u00a0\u00bburl:https%3A%2F%2Fwww.westpoint.edu%2Fhistory%2FSiteAssets%2FSitePages%2FNapoleonic%2520War%2FNap06.gif|title:Bataille%20de%20Bassano%20-%20Campagne%20Italie%20(1796-1797)|target:%20_blank|rel:nofollow\u00a0\u00bb css=\u00a0\u00bb.vc_custom_1544629092965{margin-top: -20px !important;margin-bottom: -10px !important;}\u00a0\u00bb][\/vc_column_inner][vc_column_inner width=\u00a0\u00bb1\/3&Prime;][vc_single_image image=\u00a0\u00bb3284&Prime; img_size=\u00a0\u00bbfull\u00a0\u00bb onclick=\u00a0\u00bblink_image\u00a0\u00bb css=\u00a0\u00bb.vc_custom_1519897722089{margin-bottom: -10px !important;}\u00a0\u00bb][vc_btn title=\u00a0\u00bbBataille du Pont d&rsquo;Arcole &#8211; 15-17 novembre 1796 &#8211; Horace Vernet &#8211; Christie&rsquo;s (Londres)\u00a0\u00bb style=\u00a0\u00bbclassic\u00a0\u00bb shape=\u00a0\u00bbsquare\u00a0\u00bb color=\u00a0\u00bbdefault\u00a0\u00bb align=\u00a0\u00bbcenter\u00a0\u00bb i_align=\u00a0\u00bbright\u00a0\u00bb i_icon_fontawesome=\u00a0\u00bbfa fa-copyright\u00a0\u00bb add_icon=\u00a0\u00bbtrue\u00a0\u00bb css=\u00a0\u00bb.vc_custom_1544630435052{margin-top: -5px !important;}\u00a0\u00bb link=\u00a0\u00bburl:https%3A%2F%2Ffr.wikipedia.org%2Fwiki%2FBataille_du_pont_d%2527Arcole%23%2Fmedia%2FFile%3ALa_Bataille_du_Pont_d%2527Arcole.jpg||target:%20_blank|\u00a0\u00bb][vc_icon icon_fontawesome=\u00a0\u00bbfa fa-map-marker\u00a0\u00bb size=\u00a0\u00bbsm\u00a0\u00bb align=\u00a0\u00bbcenter\u00a0\u00bb link=\u00a0\u00bburl:https%3A%2F%2Fwww.westpoint.edu%2Fhistory%2FSiteAssets%2FSitePages%2FNapoleonic%2520War%2FNap08.gif|title:Bataille%20du%20Pont%20d&rsquo;Arcole%20-%20Campagne%20d&rsquo;Italie%20(1796-1797)||\u00a0\u00bb css=\u00a0\u00bb.vc_custom_1544629165960{margin-top: -20px !important;margin-bottom: -10px !important;}\u00a0\u00bb][\/vc_column_inner][vc_column_inner width=\u00a0\u00bb1\/3&Prime;][vc_single_image image=\u00a0\u00bb3288&Prime; img_size=\u00a0\u00bbfull\u00a0\u00bb onclick=\u00a0\u00bblink_image\u00a0\u00bb css=\u00a0\u00bb.vc_custom_1519897733899{margin-bottom: -10px !important;}\u00a0\u00bb][vc_btn title=\u00a0\u00bbBataille de Rivoli &#8211; 13-14 janvier 1797 &#8211; Felix Philippoteaux &#8211; Ch. Versailles (France)\u00a0\u00bb style=\u00a0\u00bbclassic\u00a0\u00bb shape=\u00a0\u00bbsquare\u00a0\u00bb color=\u00a0\u00bbdefault\u00a0\u00bb align=\u00a0\u00bbcenter\u00a0\u00bb i_align=\u00a0\u00bbright\u00a0\u00bb i_icon_fontawesome=\u00a0\u00bbfa fa-copyright\u00a0\u00bb add_icon=\u00a0\u00bbtrue\u00a0\u00bb css=\u00a0\u00bb.vc_custom_1544629927161{margin-top: -5px !important;}\u00a0\u00bb link=\u00a0\u00bburl:https%3A%2F%2Ffr.wikipedia.org%2Fwiki%2FBataille_de_Rivoli_(1797)%23%2Fmedia%2FFile%3ANapoleon_at_the_Battle_of_Rivoli.jpg||target:%20_blank|rel:nofollow\u00a0\u00bb][vc_icon icon_fontawesome=\u00a0\u00bbfa fa-map-marker\u00a0\u00bb size=\u00a0\u00bbsm\u00a0\u00bb align=\u00a0\u00bbcenter\u00a0\u00bb link=\u00a0\u00bburl:https%3A%2F%2Fwww.westpoint.edu%2Fhistory%2FSiteAssets%2FSitePages%2FNapoleonic%2520War%2FNap09.gif|title:Bataille%20de%20Rivoli%20-%20Campagne%20dItalie%20(1796-1797)|target:%20_blank|rel:nofollow\u00a0\u00bb css=\u00a0\u00bb.vc_custom_1544629231798{margin-top: -20px !important;margin-bottom: -10px !important;}\u00a0\u00bb][\/vc_column_inner][\/vc_row_inner][vc_row_inner][vc_column_inner width=\u00a0\u00bb1\/3&Prime;][vc_single_image image=\u00a0\u00bb3281&Prime; img_size=\u00a0\u00bbfull\u00a0\u00bb onclick=\u00a0\u00bblink_image\u00a0\u00bb css=\u00a0\u00bb.vc_custom_1519897740817{margin-bottom: -10px !important;}\u00a0\u00bb][vc_btn title=\u00a0\u00bbBataille de La Favorite &#8211; 16 janvier 1797 &#8211; Carle Vernet &#8211; Conservation inconnue.\u00a0\u00bb style=\u00a0\u00bbclassic\u00a0\u00bb shape=\u00a0\u00bbsquare\u00a0\u00bb color=\u00a0\u00bbwhite\u00a0\u00bb align=\u00a0\u00bbcenter\u00a0\u00bb i_align=\u00a0\u00bbright\u00a0\u00bb i_icon_fontawesome=\u00a0\u00bbfa fa-copyright\u00a0\u00bb add_icon=\u00a0\u00bbtrue\u00a0\u00bb css=\u00a0\u00bb.vc_custom_1624876451827{margin-top: -5px !important;}\u00a0\u00bb link=\u00a0\u00bburl:https%3A%2F%2Ffr.wikipedia.org%2Fwiki%2FBataille_de_La_Favorite%23%2Fmedia%2FFile%3AFavorite.JPG||target:%20_blank|rel:nofollow\u00a0\u00bb][vc_icon icon_fontawesome=\u00a0\u00bbfa fa-map-marker\u00a0\u00bb color=\u00a0\u00bbwhite\u00a0\u00bb size=\u00a0\u00bbsm\u00a0\u00bb align=\u00a0\u00bbcenter\u00a0\u00bb link=\u00a0\u00bb|||\u00a0\u00bb css=\u00a0\u00bb.vc_custom_1544629307854{margin-top: -20px !important;margin-bottom: -10px !important;}\u00a0\u00bb][\/vc_column_inner][vc_column_inner width=\u00a0\u00bb1\/3&Prime;][vc_single_image image=\u00a0\u00bb3292&Prime; img_size=\u00a0\u00bbfull\u00a0\u00bb onclick=\u00a0\u00bblink_image\u00a0\u00bb css=\u00a0\u00bb.vc_custom_1776783689147{margin-bottom: -10px !important;}\u00a0\u00bb][vc_btn title=\u00a0\u00bbPassage du Tagliamento \u00e0 Valvasone  &#8211; 16 mars 1797 &#8211; Prosper Lafaye &#8211; Conservation inconnue.\u00a0\u00bb style=\u00a0\u00bbclassic\u00a0\u00bb shape=\u00a0\u00bbsquare\u00a0\u00bb color=\u00a0\u00bbwhite\u00a0\u00bb align=\u00a0\u00bbcenter\u00a0\u00bb i_align=\u00a0\u00bbright\u00a0\u00bb i_icon_fontawesome=\u00a0\u00bbfa fa-copyright\u00a0\u00bb add_icon=\u00a0\u00bbtrue\u00a0\u00bb css=\u00a0\u00bb.vc_custom_1624876465709{margin-top: -5px !important;}\u00a0\u00bb link=\u00a0\u00bburl:https%3A%2F%2Ffr.wikipedia.org%2Fwiki%2FBataille_de_Valvasone%23%2Fmedia%2FFile%3ALafaye_Valvasone-.jpg||target:%20_blank|rel:nofollow\u00a0\u00bb][vc_icon icon_fontawesome=\u00a0\u00bbfa fa-map-marker\u00a0\u00bb color=\u00a0\u00bborange\u00a0\u00bb size=\u00a0\u00bbsm\u00a0\u00bb align=\u00a0\u00bbcenter\u00a0\u00bb link=\u00a0\u00bburl:https%3A%2F%2Fwww.viamichelin.fr%2Fweb%2FCartes-plans%3Ftid%3Dcity-78784-ita|title:Valvasone%2C%20Italie|target:%20_blank|rel:nofollow\u00a0\u00bb css=\u00a0\u00bb.vc_custom_1544630416716{margin-top: -20px !important;margin-bottom: 5px !important;}\u00a0\u00bb][\/vc_column_inner][vc_column_inner width=\u00a0\u00bb1\/3&Prime;][\/vc_column_inner][\/vc_row_inner][\/vc_column][\/vc_row][vc_row][vc_column][vc_empty_space][\/vc_column][\/vc_row][vc_row][vc_column][vc_btn title=\u00a0\u00bbCONS\u00c9QUENCES\u00a0\u00bb style=\u00a0\u00bbclassic\u00a0\u00bb shape=\u00a0\u00bbsquare\u00a0\u00bb color=\u00a0\u00bbinverse\u00a0\u00bb size=\u00a0\u00bblg\u00a0\u00bb align=\u00a0\u00bbcenter\u00a0\u00bb button_block=\u00a0\u00bbtrue\u00a0\u00bb css=\u00a0\u00bb.vc_custom_1624869002501{margin-top: -5px !important;margin-left: -5px !important;}\u00a0\u00bb link=\u00a0\u00bb||target:%20_blank|\u00a0\u00bb][vc_row_inner][vc_column_inner width=\u00a0\u00bb1\/2&Prime;][vc_single_image image=\u00a0\u00bb3282&Prime; img_size=\u00a0\u00bbfull\u00a0\u00bb alignment=\u00a0\u00bbcenter\u00a0\u00bb css=\u00a0\u00bb.vc_custom_1624868907625{margin-bottom: -10px !important;}\u00a0\u00bb][vc_btn title=\u00a0\u00bbTrait\u00e9 de Leoben &#8211;  Guillaume Guillon-Lethi\u00e8re  &#8211; 18 avril 1797 &#8211; Ch\u00e2teau de Versailles (France)\u00a0\u00bb style=\u00a0\u00bbclassic\u00a0\u00bb shape=\u00a0\u00bbsquare\u00a0\u00bb color=\u00a0\u00bbmulled-wine\u00a0\u00bb size=\u00a0\u00bblg\u00a0\u00bb align=\u00a0\u00bbcenter\u00a0\u00bb i_align=\u00a0\u00bbright\u00a0\u00bb i_icon_fontawesome=\u00a0\u00bbfa fa-copyright\u00a0\u00bb button_block=\u00a0\u00bbtrue\u00a0\u00bb add_icon=\u00a0\u00bbtrue\u00a0\u00bb css=\u00a0\u00bb.vc_custom_1624868776977{margin-top: -5px !important;margin-left: -5px !important;}\u00a0\u00bb link=\u00a0\u00bburl:https%3A%2F%2Ffr.wikipedia.org%2Fwiki%2FTrait%25C3%25A9_de_Leoben%23%2Fmedia%2FFichier%3AGuillon_Lethi%25C3%25A8re_-_Trait%25C3%25A9_de_Leoben%2C_17_avril_1797.jpg||target:%20_blank|\u00a0\u00bb][vc_column_text]<\/p>\n<table width=\"485\">\n<tbody>\n<tr>\n<td width=\"90\"><strong>Parties<\/strong><\/td>\n<td width=\"195\">R\u00e9publique fran\u00e7aise<\/td>\n<td width=\"195\">Saint-Empire, Archiduch\u00e9 d&rsquo;Autriche<\/td>\n<\/tr>\n<tr>\n<td width=\"90\"><strong>Signataires<\/strong><\/td>\n<td width=\"195\">Le g\u00e9n\u00e9ral en chef de l&rsquo;arm\u00e9e fran\u00e7aise en Italie : Bonaparte (Fr)<\/p>\n<p>&nbsp;<\/td>\n<td width=\"195\">Les diplomates : Friedrich, comte de Merveldt (Aut), Maruis de Gallo (Napolitain), Baron de St-Vincent<\/td>\n<\/tr>\n<tr>\n<td width=\"90\"><strong>Nature<\/strong><\/td>\n<td colspan=\"2\" width=\"391\">Trait\u00e9 de paix (accord pr\u00e9liminaire, qui sera confirm\u00e9 par le trait\u00e9 de Campo Formio<\/td>\n<\/tr>\n<tr>\n<td width=\"90\"><strong>Cons\u00e9quences<\/strong><\/td>\n<td colspan=\"2\" width=\"391\">D\u00e9membrement de la R\u00e9publique de Venise qui perd son statut d\u2019\u00c9tat ind\u00e9pendant.<\/p>\n<p>La France \u00e9change \u00e0 l\u2019Autriche ses possessions v\u00e9nitiennes d\u2019Istrie et de Dalmatie, contre les Pays-Bas autrichiens et la Lombardie.<\/td>\n<\/tr>\n<\/tbody>\n<\/table>\n<p>[\/vc_column_text][\/vc_column_inner][vc_column_inner width=\u00a0\u00bb1\/2&Prime;][vc_single_image image=\u00a0\u00bb3291&Prime; img_size=\u00a0\u00bbfull\u00a0\u00bb alignment=\u00a0\u00bbcenter\u00a0\u00bb css=\u00a0\u00bb.vc_custom_1624868220955{margin-bottom: -10px !important;}\u00a0\u00bb][vc_btn title=\u00a0\u00bb Trait\u00e9 de Campo-Formio entre la R\u00e9publique fran\u00e7aise, repr\u00e9sent\u00e9e par Napol\u00e9on Bonaparte, et l&rsquo;Autriche, repr\u00e9sent\u00e9e par Martius Mastrilli, Louis de Cobenzl, Maximilien de Mervelot et Ignace de Degelmann. Acte r\u00e9dig\u00e9 en fran\u00e7ais, dat\u00e9 du 17 octobre 1797, \u00e0 Campo-Formio (Italie) &#8211; Archives Nationales, Paris (France)\u00a0\u00bb style=\u00a0\u00bbclassic\u00a0\u00bb shape=\u00a0\u00bbsquare\u00a0\u00bb color=\u00a0\u00bbmulled-wine\u00a0\u00bb size=\u00a0\u00bblg\u00a0\u00bb align=\u00a0\u00bbcenter\u00a0\u00bb i_align=\u00a0\u00bbright\u00a0\u00bb i_icon_fontawesome=\u00a0\u00bbfa fa-copyright\u00a0\u00bb button_block=\u00a0\u00bbtrue\u00a0\u00bb add_icon=\u00a0\u00bbtrue\u00a0\u00bb css=\u00a0\u00bb.vc_custom_1624873168029{margin-top: -5px !important;margin-left: -5px !important;}\u00a0\u00bb link=\u00a0\u00bburl:https%3A%2F%2Ffr.wikipedia.org%2Fwiki%2FTrait%25C3%25A9_de_Campo-Formio%23%2Fmedia%2FFichier%3ATrait%25C3%25A9_de_Campo-Formio_12_sur_12_-_Archives_Nationales_-_AE-III-50bis.jpg||target:%20_blank|\u00a0\u00bb][vc_column_text]<\/p>\n<table width=\"485\">\n<tbody>\n<tr>\n<td width=\"90\"><strong>Parties<\/strong><\/td>\n<td width=\"195\">R\u00e9publique fran\u00e7aise<\/td>\n<td width=\"195\">L\u2019Empereur, Fran\u00e7ois II du Saint-Empire, roi de Hongrie et de Boh\u00eame<\/td>\n<\/tr>\n<tr>\n<td width=\"90\"><strong>Signataires<\/strong><\/td>\n<td width=\"195\">Le g\u00e9n\u00e9ral en chef de l\u2019arm\u00e9e fran\u00e7aise en Italie, repr\u00e9sentant la R\u00e9publique fran\u00e7aise : Napol\u00e9on Bonaparte (Fr)<\/p>\n<p>&nbsp;<\/td>\n<td width=\"195\">Le comte Louis de Cobentzel, repr\u00e9sentant de l\u2019empereur Fran\u00e7ois II du Saint-Empire<\/td>\n<\/tr>\n<tr>\n<td width=\"90\"><strong>Nature<\/strong><\/td>\n<td colspan=\"2\" width=\"391\">Trait\u00e9 de paix d\u00e9finitif qui met fin \u00e0 4 ans et demi de guerre franco-autrichienne<\/td>\n<\/tr>\n<tr>\n<td width=\"90\"><strong>Cons\u00e9quences<\/strong><\/td>\n<td colspan=\"2\" width=\"391\"><em>Les souverainet\u00e9s sur la R\u00e9publique de Venise, sur l&rsquo;Istrie et sur la Dalmatie sont c\u00e9d\u00e9es \u00e0 l\u2019Autriche qui reconna\u00eet la R\u00e9publique cisalpine et la R\u00e9publique ligurienne r\u00e9cemment cr\u00e9\u00e9es. La France annexe les provinces belges du Saint-Empire et repousse sa fronti\u00e8re sur le Rhin. Les bateaux fran\u00e7ais peuvent naviguer librement sur le Rhin, la Moselle et la Meuse. La France re\u00e7oit \u00e9galement les \u00eeles Ioniennes (Corfou, Zakynthos, C\u00e9phalonie). La lib\u00e9ration du g\u00e9n\u00e9ral de La Fayette est aussi l&rsquo;une des conditions du trait\u00e9.<\/em><\/td>\n<\/tr>\n<\/tbody>\n<\/table>\n<p>[\/vc_column_text][\/vc_column_inner][\/vc_row_inner][\/vc_column][\/vc_row]<\/p>\n","protected":false},"excerpt":{"rendered":"<p>[vc_row full_width=\u00a0\u00bbstretch_row\u00a0\u00bb css=\u00a0\u00bb.vc_custom_1519929301374{background-color: #376092 !important;}\u00a0\u00bb][vc_column width=\u00a0\u00bb1\/2&Prime;][vc_column_text] SYNOPSIS BELLLIGERANTS R\u00e9publique fran\u00e7aise contre l&rsquo;Empire d&rsquo;Autriche et le Royaume de Sardaigne et leurs alli\u00e9s DATE 24&nbsp;mars&nbsp;1796&nbsp;&#8211;&nbsp;7&nbsp;avril&nbsp;1797 LIEU Italie du nord, Archiduch\u00e9 d&rsquo;Autriche R\u00c9SULTATS Victoire fran\u00e7aise CONS\u00c9QUENCES Trait\u00e9 de Campo-Formio Dissolution de la Premi\u00e8re<\/p>\n","protected":false},"author":1,"featured_media":0,"parent":0,"menu_order":0,"comment_status":"closed","ping_status":"closed","template":"","meta":{"footnotes":""},"class_list":["post-3343","page","type-page","status-publish","hentry"],"yoast_head":"<!-- This site is optimized with the Yoast SEO plugin v22.8 - https:\/\/yoast.com\/wordpress\/plugins\/seo\/ -->\n<title>Campagne d&#039;Italie (1796-1797) - L&#039;Histoire est un roman...<\/title>\n<meta name=\"robots\" content=\"index, follow, max-snippet:-1, max-image-preview:large, max-video-preview:-1\" \/>\n<link rel=\"canonical\" href=\"https:\/\/aline-voinot.com\/index.php\/campagne-ditalie-1796-1797\/\" \/>\n<meta property=\"og:locale\" content=\"fr_FR\" \/>\n<meta property=\"og:type\" content=\"article\" \/>\n<meta property=\"og:title\" content=\"Campagne d&#039;Italie (1796-1797) - L&#039;Histoire est un roman...\" \/>\n<meta property=\"og:description\" content=\"[vc_row full_width=\u00a0\u00bbstretch_row\u00a0\u00bb css=\u00a0\u00bb.vc_custom_1519929301374{background-color: #376092 !important;}\u00a0\u00bb][vc_column width=\u00a0\u00bb1\/2&Prime;][vc_column_text] SYNOPSIS BELLLIGERANTS R\u00e9publique fran\u00e7aise contre l&rsquo;Empire d&rsquo;Autriche et le Royaume de Sardaigne et leurs alli\u00e9s DATE 24&nbsp;mars&nbsp;1796&nbsp;&#8211;&nbsp;7&nbsp;avril&nbsp;1797 LIEU Italie du nord, Archiduch\u00e9 d&rsquo;Autriche R\u00c9SULTATS Victoire fran\u00e7aise CONS\u00c9QUENCES Trait\u00e9 de Campo-Formio Dissolution de la Premi\u00e8re\" \/>\n<meta property=\"og:url\" content=\"https:\/\/aline-voinot.com\/index.php\/campagne-ditalie-1796-1797\/\" \/>\n<meta property=\"og:site_name\" content=\"L&#039;Histoire est un roman...\" \/>\n<meta property=\"article:modified_time\" content=\"2026-04-21T15:03:53+00:00\" \/>\n<meta name=\"twitter:card\" content=\"summary_large_image\" \/>\n<meta name=\"twitter:label1\" content=\"Dur\u00e9e de lecture estim\u00e9e\" \/>\n\t<meta name=\"twitter:data1\" content=\"5 minutes\" \/>\n<script type=\"application\/ld+json\" class=\"yoast-schema-graph\">{\"@context\":\"https:\/\/schema.org\",\"@graph\":[{\"@type\":\"WebPage\",\"@id\":\"https:\/\/aline-voinot.com\/index.php\/campagne-ditalie-1796-1797\/\",\"url\":\"https:\/\/aline-voinot.com\/index.php\/campagne-ditalie-1796-1797\/\",\"name\":\"Campagne d'Italie (1796-1797) - L&#039;Histoire est un roman...\",\"isPartOf\":{\"@id\":\"https:\/\/aline-voinot.com\/#website\"},\"datePublished\":\"2018-03-02T11:12:47+00:00\",\"dateModified\":\"2026-04-21T15:03:53+00:00\",\"breadcrumb\":{\"@id\":\"https:\/\/aline-voinot.com\/index.php\/campagne-ditalie-1796-1797\/#breadcrumb\"},\"inLanguage\":\"fr-FR\",\"potentialAction\":[{\"@type\":\"ReadAction\",\"target\":[\"https:\/\/aline-voinot.com\/index.php\/campagne-ditalie-1796-1797\/\"]}]},{\"@type\":\"BreadcrumbList\",\"@id\":\"https:\/\/aline-voinot.com\/index.php\/campagne-ditalie-1796-1797\/#breadcrumb\",\"itemListElement\":[{\"@type\":\"ListItem\",\"position\":1,\"name\":\"Accueil\",\"item\":\"https:\/\/aline-voinot.com\/\"},{\"@type\":\"ListItem\",\"position\":2,\"name\":\"Campagne d&rsquo;Italie (1796-1797)\"}]},{\"@type\":\"WebSite\",\"@id\":\"https:\/\/aline-voinot.com\/#website\",\"url\":\"https:\/\/aline-voinot.com\/\",\"name\":\"L&#039;Histoire est un roman...\",\"description\":\"&quot;Destins connus, destins crois\u00e9s&quot; la premi\u00e8re encyclop\u00e9die romanc\u00e9e...\",\"potentialAction\":[{\"@type\":\"SearchAction\",\"target\":{\"@type\":\"EntryPoint\",\"urlTemplate\":\"https:\/\/aline-voinot.com\/?s={search_term_string}\"},\"query-input\":\"required name=search_term_string\"}],\"inLanguage\":\"fr-FR\"}]}<\/script>\n<!-- \/ Yoast SEO plugin. -->","yoast_head_json":{"title":"Campagne d'Italie (1796-1797) - L&#039;Histoire est un roman...","robots":{"index":"index","follow":"follow","max-snippet":"max-snippet:-1","max-image-preview":"max-image-preview:large","max-video-preview":"max-video-preview:-1"},"canonical":"https:\/\/aline-voinot.com\/index.php\/campagne-ditalie-1796-1797\/","og_locale":"fr_FR","og_type":"article","og_title":"Campagne d'Italie (1796-1797) - L&#039;Histoire est un roman...","og_description":"[vc_row full_width=\u00a0\u00bbstretch_row\u00a0\u00bb css=\u00a0\u00bb.vc_custom_1519929301374{background-color: #376092 !important;}\u00a0\u00bb][vc_column width=\u00a0\u00bb1\/2&Prime;][vc_column_text] SYNOPSIS BELLLIGERANTS R\u00e9publique fran\u00e7aise contre l&rsquo;Empire d&rsquo;Autriche et le Royaume de Sardaigne et leurs alli\u00e9s DATE 24&nbsp;mars&nbsp;1796&nbsp;&#8211;&nbsp;7&nbsp;avril&nbsp;1797 LIEU Italie du nord, Archiduch\u00e9 d&rsquo;Autriche R\u00c9SULTATS Victoire fran\u00e7aise CONS\u00c9QUENCES Trait\u00e9 de Campo-Formio Dissolution de la Premi\u00e8re","og_url":"https:\/\/aline-voinot.com\/index.php\/campagne-ditalie-1796-1797\/","og_site_name":"L&#039;Histoire est un roman...","article_modified_time":"2026-04-21T15:03:53+00:00","twitter_card":"summary_large_image","twitter_misc":{"Dur\u00e9e de lecture estim\u00e9e":"5 minutes"},"schema":{"@context":"https:\/\/schema.org","@graph":[{"@type":"WebPage","@id":"https:\/\/aline-voinot.com\/index.php\/campagne-ditalie-1796-1797\/","url":"https:\/\/aline-voinot.com\/index.php\/campagne-ditalie-1796-1797\/","name":"Campagne d'Italie (1796-1797) - L&#039;Histoire est un roman...","isPartOf":{"@id":"https:\/\/aline-voinot.com\/#website"},"datePublished":"2018-03-02T11:12:47+00:00","dateModified":"2026-04-21T15:03:53+00:00","breadcrumb":{"@id":"https:\/\/aline-voinot.com\/index.php\/campagne-ditalie-1796-1797\/#breadcrumb"},"inLanguage":"fr-FR","potentialAction":[{"@type":"ReadAction","target":["https:\/\/aline-voinot.com\/index.php\/campagne-ditalie-1796-1797\/"]}]},{"@type":"BreadcrumbList","@id":"https:\/\/aline-voinot.com\/index.php\/campagne-ditalie-1796-1797\/#breadcrumb","itemListElement":[{"@type":"ListItem","position":1,"name":"Accueil","item":"https:\/\/aline-voinot.com\/"},{"@type":"ListItem","position":2,"name":"Campagne d&rsquo;Italie (1796-1797)"}]},{"@type":"WebSite","@id":"https:\/\/aline-voinot.com\/#website","url":"https:\/\/aline-voinot.com\/","name":"L&#039;Histoire est un roman...","description":"&quot;Destins connus, destins crois\u00e9s&quot; la premi\u00e8re encyclop\u00e9die romanc\u00e9e...","potentialAction":[{"@type":"SearchAction","target":{"@type":"EntryPoint","urlTemplate":"https:\/\/aline-voinot.com\/?s={search_term_string}"},"query-input":"required name=search_term_string"}],"inLanguage":"fr-FR"}]}},"_links":{"self":[{"href":"https:\/\/aline-voinot.com\/index.php\/wp-json\/wp\/v2\/pages\/3343","targetHints":{"allow":["GET"]}}],"collection":[{"href":"https:\/\/aline-voinot.com\/index.php\/wp-json\/wp\/v2\/pages"}],"about":[{"href":"https:\/\/aline-voinot.com\/index.php\/wp-json\/wp\/v2\/types\/page"}],"author":[{"embeddable":true,"href":"https:\/\/aline-voinot.com\/index.php\/wp-json\/wp\/v2\/users\/1"}],"replies":[{"embeddable":true,"href":"https:\/\/aline-voinot.com\/index.php\/wp-json\/wp\/v2\/comments?post=3343"}],"version-history":[{"count":1,"href":"https:\/\/aline-voinot.com\/index.php\/wp-json\/wp\/v2\/pages\/3343\/revisions"}],"predecessor-version":[{"id":37013,"href":"https:\/\/aline-voinot.com\/index.php\/wp-json\/wp\/v2\/pages\/3343\/revisions\/37013"}],"wp:attachment":[{"href":"https:\/\/aline-voinot.com\/index.php\/wp-json\/wp\/v2\/media?parent=3343"}],"curies":[{"name":"wp","href":"https:\/\/api.w.org\/{rel}","templated":true}]}}