{"id":34671,"date":"2023-01-01T16:18:10","date_gmt":"2023-01-01T15:18:10","guid":{"rendered":"https:\/\/aline-voinot.com\/?page_id=34671"},"modified":"2023-02-10T12:44:10","modified_gmt":"2023-02-10T11:44:10","slug":"juliette-recamier-2","status":"publish","type":"page","link":"https:\/\/aline-voinot.com\/index.php\/juliette-recamier-2\/","title":{"rendered":"Juliette R\u00e9camier"},"content":{"rendered":"<p>[vc_row full_width=\u00a0\u00bbstretch_row\u00a0\u00bb css=\u00a0\u00bb.vc_custom_1513000693114{background-color: #272727 !important;}\u00a0\u00bb][vc_column width=\u00a0\u00bb1\/4&Prime;][vc_single_image image=\u00a0\u00bb284&Prime; img_size=\u00a0\u00bb250 x 295&Prime; alignment=\u00a0\u00bbcenter\u00a0\u00bb][\/vc_column][vc_column width=\u00a0\u00bb1\/4&Prime;][vc_column_text css=\u00a0\u00bb.vc_custom_1676029444267{margin-bottom: -10px !important;}\u00a0\u00bb]<\/p>\n<h6 class=\"header-post-title-class\"><span style=\"color: #999999;\">Lyon (1777) &#8211;\u00a0<\/span><span style=\"color: #999999;\">Paris (1849) d\u00e9c\u00e9d\u00e9e \u00e0 72 ans<\/span><\/h6>\n<h6><\/h6>\n<h6 class=\"header-post-title-class\"><span style=\"color: #999999;\">Salonni\u00e8re, femme d\u2019esprit<\/span><\/h6>\n<h6><\/h6>\n<h6><span style=\"color: #999999;\">Fran\u00e7aise<\/span><\/h6>\n<p>[\/vc_column_text][vc_row_inner css=\u00a0\u00bb.vc_custom_1546273567036{margin-top: 15px !important;}\u00a0\u00bb][vc_column_inner width=\u00a0\u00bb1\/4&Prime;][vc_btn title=\u00a0\u00bbTome 1&Prime; color=\u00a0\u00bbdanger\u00a0\u00bb size=\u00a0\u00bbsm\u00a0\u00bb][\/vc_column_inner][vc_column_inner width=\u00a0\u00bb1\/4&Prime;][vc_btn title=\u00a0\u00bbTome 2&Prime; color=\u00a0\u00bbprimary\u00a0\u00bb size=\u00a0\u00bbsm\u00a0\u00bb][\/vc_column_inner][vc_column_inner width=\u00a0\u00bb1\/4&Prime;][vc_btn title=\u00a0\u00bbTome 3&Prime; color=\u00a0\u00bbgreen\u00a0\u00bb size=\u00a0\u00bbsm\u00a0\u00bb][\/vc_column_inner][vc_column_inner width=\u00a0\u00bb1\/4&Prime;][vc_btn title=\u00a0\u00bbTome 4&Prime; color=\u00a0\u00bbwarning\u00a0\u00bb size=\u00a0\u00bbsm\u00a0\u00bb][\/vc_column_inner][\/vc_row_inner][\/vc_column][vc_column width=\u00a0\u00bb1\/4&Prime;][vc_btn title=\u00a0\u00bbPortraits\u00a0\u00bb color=\u00a0\u00bbdanger\u00a0\u00bb size=\u00a0\u00bblg\u00a0\u00bb align=\u00a0\u00bbcenter\u00a0\u00bb button_block=\u00a0\u00bbtrue\u00a0\u00bb link=\u00a0\u00bburl:http%3A%2F%2Faline-voinot.com%2Findex.php%2Fjuliette-recamier-2%2F|||\u00a0\u00bb][vc_btn title=\u00a0\u00bbR\u00e9sidences\u00a0\u00bb size=\u00a0\u00bblg\u00a0\u00bb align=\u00a0\u00bbcenter\u00a0\u00bb button_block=\u00a0\u00bbtrue\u00a0\u00bb link=\u00a0\u00bburl:https%3A%2F%2Faline-voinot.com%2Findex.php%2Fresidences-de-juliette-recamier%2F|||\u00a0\u00bb][vc_btn title=\u00a0\u00bbR\u00e9seau Social\u00a0\u00bb size=\u00a0\u00bblg\u00a0\u00bb align=\u00a0\u00bbcenter\u00a0\u00bb button_block=\u00a0\u00bbtrue\u00a0\u00bb link=\u00a0\u00bburl:http%3A%2F%2Faline-voinot.com%2Findex.php%2Freseau-social-de-juliette-recamier%2F|||\u00a0\u00bb][vc_btn title=\u00a0\u00bbG\u00e9n\u00e9alogie\u00a0\u00bb size=\u00a0\u00bblg\u00a0\u00bb align=\u00a0\u00bbcenter\u00a0\u00bb button_block=\u00a0\u00bbtrue\u00a0\u00bb link=\u00a0\u00bburl:http%3A%2F%2Faline-voinot.com%2Findex.php%2Fgenealogie-de-juliette-recamier%2F|||\u00a0\u00bb][\/vc_column][vc_column width=\u00a0\u00bb1\/4&Prime;][vc_btn title=\u00a0\u00bbMobilier\u00a0\u00bb size=\u00a0\u00bblg\u00a0\u00bb align=\u00a0\u00bbcenter\u00a0\u00bb button_block=\u00a0\u00bbtrue\u00a0\u00bb link=\u00a0\u00bburl:http%3A%2F%2Faline-voinot.com%2Findex.php%2Fmobilier-de-juliette-recamier%2F|||\u00a0\u00bb][vc_btn title=\u00a0\u00bbS\u00e9pulture\u00a0\u00bb size=\u00a0\u00bblg\u00a0\u00bb align=\u00a0\u00bbcenter\u00a0\u00bb button_block=\u00a0\u00bbtrue\u00a0\u00bb link=\u00a0\u00bburl:http%3A%2F%2Faline-voinot.com%2Findex.php%2Fsepulture-de-juliette-recamier|||\u00a0\u00bb][vc_btn title=\u00a0\u00bbWikipedia\u00a0\u00bb size=\u00a0\u00bblg\u00a0\u00bb align=\u00a0\u00bbcenter\u00a0\u00bb button_block=\u00a0\u00bbtrue\u00a0\u00bb link=\u00a0\u00bburl:https%3A%2F%2Ffr.wikipedia.org%2Fwiki%2FJuliette_R%25C3%25A9camier||target:%20_blank|rel:nofollow\u00a0\u00bb][vc_btn title=\u00a0\u00bbH\u00e9ritage\u00a0\u00bb size=\u00a0\u00bblg\u00a0\u00bb align=\u00a0\u00bbcenter\u00a0\u00bb button_block=\u00a0\u00bbtrue\u00a0\u00bb link=\u00a0\u00bburl:http%3A%2F%2Faline-voinot.com%2Findex.php%2Fheritage-de-juliette-recamier%2F|||\u00a0\u00bb][\/vc_column][\/vc_row][vc_row][vc_column][\/vc_column][\/vc_row][vc_row][vc_column width=\u00a0\u00bb1\/4&Prime;][vc_btn title=\u00a0\u00bbVers 20 ans\u00a0\u00bb shape=\u00a0\u00bbsquare\u00a0\u00bb color=\u00a0\u00bbmulled-wine\u00a0\u00bb size=\u00a0\u00bbsm\u00a0\u00bb align=\u00a0\u00bbcenter\u00a0\u00bb button_block=\u00a0\u00bbtrue\u00a0\u00bb link=\u00a0\u00bb||target:%20_blank|rel:nofollow\u00a0\u00bb css=\u00a0\u00bb.vc_custom_1672580597231{margin-bottom: -5px !important;}\u00a0\u00bb][vc_single_image image=\u00a0\u00bb34684&Prime; img_size=\u00a0\u00bb350X350&Prime; alignment=\u00a0\u00bbcenter\u00a0\u00bb onclick=\u00a0\u00bblink_image\u00a0\u00bb css=\u00a0\u00bb.vc_custom_1672600266578{margin-bottom: -20px !important;}\u00a0\u00bb][vc_btn title=\u00a0\u00bbPortrait de Juliette R\u00e9camier &#8211; vers 1805 &#8211; Nicolas Jacques d&rsquo;apr\u00e8s Fran\u00e7ois G\u00e9rard &#8211; Lieu de conservation inconnu\u00a0\u00bb shape=\u00a0\u00bbsquare\u00a0\u00bb color=\u00a0\u00bbmulled-wine\u00a0\u00bb size=\u00a0\u00bblg\u00a0\u00bb align=\u00a0\u00bbcenter\u00a0\u00bb i_align=\u00a0\u00bbright\u00a0\u00bb i_icon_fontawesome=\u00a0\u00bbfa fa-eye\u00a0\u00bb add_icon=\u00a0\u00bbtrue\u00a0\u00bb link=\u00a0\u00bburl:https%3A%2F%2Fcommons.wikimedia.org%2Fwiki%2FFile%3AJuliette-R%25C3%25A9camier-2.JPG%23%2Fmedia%2FFile%3AJuliette-R%25C3%25A9camier-2.JPG||target:%20_blank|\u00a0\u00bb css=\u00a0\u00bb.vc_custom_1672600378258{margin-top: -5px !important;}\u00a0\u00bb][\/vc_column][vc_column width=\u00a0\u00bb1\/4&Prime;][vc_btn title=\u00a0\u00bbVers 30 ans\u00a0\u00bb shape=\u00a0\u00bbsquare\u00a0\u00bb color=\u00a0\u00bbmulled-wine\u00a0\u00bb size=\u00a0\u00bbsm\u00a0\u00bb align=\u00a0\u00bbcenter\u00a0\u00bb button_block=\u00a0\u00bbtrue\u00a0\u00bb link=\u00a0\u00bb||target:%20_blank|rel:nofollow\u00a0\u00bb css=\u00a0\u00bb.vc_custom_1672580621197{margin-bottom: -5px !important;}\u00a0\u00bb][vc_single_image image=\u00a0\u00bb280&Prime; img_size=\u00a0\u00bb350X350&Prime; alignment=\u00a0\u00bbcenter\u00a0\u00bb onclick=\u00a0\u00bblink_image\u00a0\u00bb css=\u00a0\u00bb.vc_custom_1672586653504{margin-bottom: -20px !important;}\u00a0\u00bb][vc_btn title=\u00a0\u00bbJeanne-Fran\u00e7ois-Julie-Ad\u00e9la\u00efde Bernard, dite Madame R\u00e9camier &#8211; Eulalie Morin n\u00e9e Cornillaud &#8211; Mus\u00e9e  national des ch\u00e2teaux de Versailles\u00a0\u00bb shape=\u00a0\u00bbsquare\u00a0\u00bb color=\u00a0\u00bbmulled-wine\u00a0\u00bb size=\u00a0\u00bblg\u00a0\u00bb align=\u00a0\u00bbcenter\u00a0\u00bb i_align=\u00a0\u00bbright\u00a0\u00bb i_icon_fontawesome=\u00a0\u00bbfa fa-eye\u00a0\u00bb add_icon=\u00a0\u00bbtrue\u00a0\u00bb link=\u00a0\u00bburl:https%3A%2F%2Fcommons.wikimedia.org%2Fwiki%2FFile%3AEulalie_Morin%2C_%2522Portrait_de_Juliette_R%25C3%25A9camier%2522.png||target:%20_blank|\u00a0\u00bb css=\u00a0\u00bb.vc_custom_1672595177798{margin-top: -5px !important;}\u00a0\u00bb][vc_btn title=\u00a0\u00bbTableau refus\u00e9 au salon de 1799&Prime; shape=\u00a0\u00bbsquare\u00a0\u00bb color=\u00a0\u00bbdefault\u00a0\u00bb size=\u00a0\u00bblg\u00a0\u00bb align=\u00a0\u00bbright\u00a0\u00bb link=\u00a0\u00bb||target:%20_blank|\u00a0\u00bb css=\u00a0\u00bb.vc_custom_1672595159420{margin-top: -15px !important;}\u00a0\u00bb][\/vc_column][vc_column width=\u00a0\u00bb1\/4&Prime;][vc_btn title=\u00a0\u00bbVers 32 ans\u00a0\u00bb shape=\u00a0\u00bbsquare\u00a0\u00bb color=\u00a0\u00bbmulled-wine\u00a0\u00bb size=\u00a0\u00bbsm\u00a0\u00bb align=\u00a0\u00bbcenter\u00a0\u00bb button_block=\u00a0\u00bbtrue\u00a0\u00bb link=\u00a0\u00bb||target:%20_blank|rel:nofollow\u00a0\u00bb css=\u00a0\u00bb.vc_custom_1672580666154{margin-bottom: -5px !important;}\u00a0\u00bb][vc_single_image image=\u00a0\u00bb34681&Prime; img_size=\u00a0\u00bb350X350&Prime; alignment=\u00a0\u00bbcenter\u00a0\u00bb onclick=\u00a0\u00bblink_image\u00a0\u00bb css=\u00a0\u00bb.vc_custom_1672596083523{margin-bottom: -20px !important;}\u00a0\u00bb][vc_btn title=\u00a0\u00bbPortrait de Juliette R\u00e9camier &#8211; vers 1805 &#8211; Attribution \u00e0 Fran\u00e7ois G\u00e9rard, mais contest\u00e9 &#8211; Lieu de conservation inconnu\u00a0\u00bb shape=\u00a0\u00bbsquare\u00a0\u00bb color=\u00a0\u00bbmulled-wine\u00a0\u00bb size=\u00a0\u00bblg\u00a0\u00bb align=\u00a0\u00bbcenter\u00a0\u00bb i_align=\u00a0\u00bbright\u00a0\u00bb i_icon_fontawesome=\u00a0\u00bbfa fa-eye\u00a0\u00bb add_icon=\u00a0\u00bbtrue\u00a0\u00bb link=\u00a0\u00bburl:https%3A%2F%2Fes.wikipedia.org%2Fwiki%2FArchivo%3ARecamier_with_Lyre.jpeg%23%2Fmedia%2FArchivo%3ARecamier_with_Lyre.jpeg||target:%20_blank|\u00a0\u00bb css=\u00a0\u00bb.vc_custom_1672595895098{margin-top: -5px !important;}\u00a0\u00bb][\/vc_column][vc_column width=\u00a0\u00bb1\/4&Prime;][vc_btn title=\u00a0\u00bbVers 35 ans\u00a0\u00bb shape=\u00a0\u00bbsquare\u00a0\u00bb color=\u00a0\u00bbmulled-wine\u00a0\u00bb size=\u00a0\u00bbsm\u00a0\u00bb align=\u00a0\u00bbcenter\u00a0\u00bb button_block=\u00a0\u00bbtrue\u00a0\u00bb link=\u00a0\u00bb||target:%20_blank|rel:nofollow\u00a0\u00bb css=\u00a0\u00bb.vc_custom_1672580678784{margin-bottom: -5px !important;}\u00a0\u00bb][vc_single_image image=\u00a0\u00bb34682&Prime; img_size=\u00a0\u00bb350X350&Prime; alignment=\u00a0\u00bbcenter\u00a0\u00bb onclick=\u00a0\u00bblink_image\u00a0\u00bb css=\u00a0\u00bb.vc_custom_1672599977187{margin-bottom: -20px !important;}\u00a0\u00bb][vc_btn title=\u00a0\u00bbPortrait de Juliette R\u00e9camier &#8211; 1801 &#8211; Jean-Baptiste Jacques Augustin &#8211; Mus\u00e9e du Louvre, Paris (France)\u00a0\u00bb shape=\u00a0\u00bbsquare\u00a0\u00bb color=\u00a0\u00bbmulled-wine\u00a0\u00bb size=\u00a0\u00bblg\u00a0\u00bb align=\u00a0\u00bbcenter\u00a0\u00bb i_align=\u00a0\u00bbright\u00a0\u00bb i_icon_fontawesome=\u00a0\u00bbfa fa-eye\u00a0\u00bb add_icon=\u00a0\u00bbtrue\u00a0\u00bb link=\u00a0\u00bburl:https%3A%2F%2Fcommons.wikimedia.org%2Fwiki%2FFile%3AMme_Recamier_by_Augustin.jpg%3Fuselang%3Dfr%23%2Fmedia%2FFile%3AMme_Recamier_by_Augustin.jpg||target:%20_blank|\u00a0\u00bb css=\u00a0\u00bb.vc_custom_1672600091901{margin-top: -5px !important;}\u00a0\u00bb][\/vc_column][\/vc_row][vc_row][vc_column width=\u00a0\u00bb1\/4&Prime;][vc_btn title=\u00a0\u00bbVers 40 ans\u00a0\u00bb shape=\u00a0\u00bbsquare\u00a0\u00bb color=\u00a0\u00bbmulled-wine\u00a0\u00bb size=\u00a0\u00bbsm\u00a0\u00bb align=\u00a0\u00bbcenter\u00a0\u00bb button_block=\u00a0\u00bbtrue\u00a0\u00bb link=\u00a0\u00bb||target:%20_blank|rel:nofollow\u00a0\u00bb css=\u00a0\u00bb.vc_custom_1672580581277{margin-bottom: -5px !important;}\u00a0\u00bb][vc_single_image image=\u00a0\u00bb281&Prime; img_size=\u00a0\u00bb350X350&Prime; alignment=\u00a0\u00bbcenter\u00a0\u00bb onclick=\u00a0\u00bblink_image\u00a0\u00bb css=\u00a0\u00bb.vc_custom_1672586888765{margin-bottom: -20px !important;}\u00a0\u00bb][vc_btn title=\u00a0\u00bbPortrait de Juliette R\u00e9camier &#8211; 1802 &#8211; Richard Cosway &#8211; Collection priv\u00e9e\u00a0\u00bb shape=\u00a0\u00bbsquare\u00a0\u00bb color=\u00a0\u00bbmulled-wine\u00a0\u00bb size=\u00a0\u00bblg\u00a0\u00bb align=\u00a0\u00bbcenter\u00a0\u00bb i_align=\u00a0\u00bbright\u00a0\u00bb i_icon_fontawesome=\u00a0\u00bbfa fa-eye\u00a0\u00bb add_icon=\u00a0\u00bbtrue\u00a0\u00bb link=\u00a0\u00bburl:https%3A%2F%2Fcommons.wikimedia.org%2Fwiki%2FFile%3AJuliette_Recamier%2C_par_Richard_Cosway%2C_d%25C3%25A9but_19%25C3%25A8meS.jpg%23%2Fmedia%2FFile%3AJuliette_Recamier%2C_par_Richard_Cosway%2C_d%25C3%25A9but_19%25C3%25A8meS.jpg||target:%20_blank|\u00a0\u00bb css=\u00a0\u00bb.vc_custom_1672595186109{margin-top: -5px !important;}\u00a0\u00bb][\/vc_column][vc_column width=\u00a0\u00bb1\/4&Prime;][vc_btn title=\u00a0\u00bbVers 45 ans\u00a0\u00bb shape=\u00a0\u00bbsquare\u00a0\u00bb color=\u00a0\u00bbmulled-wine\u00a0\u00bb size=\u00a0\u00bbsm\u00a0\u00bb align=\u00a0\u00bbcenter\u00a0\u00bb button_block=\u00a0\u00bbtrue\u00a0\u00bb link=\u00a0\u00bb||target:%20_blank|rel:nofollow\u00a0\u00bb css=\u00a0\u00bb.vc_custom_1672580560813{margin-bottom: -5px !important;}\u00a0\u00bb][vc_single_image image=\u00a0\u00bb284&Prime; img_size=\u00a0\u00bb350X350&Prime; alignment=\u00a0\u00bbcenter\u00a0\u00bb onclick=\u00a0\u00bblink_image\u00a0\u00bb css=\u00a0\u00bb.vc_custom_1672586913433{margin-bottom: -20px !important;}\u00a0\u00bb][vc_btn title=\u00a0\u00bbPortrait de Juliette R\u00e9camier &#8211; 1807 &#8211; Firmin Massot &#8211; Mus\u00e9e des Beaux-Arts de Lyon (France)\u00a0\u00bb shape=\u00a0\u00bbsquare\u00a0\u00bb color=\u00a0\u00bbmulled-wine\u00a0\u00bb size=\u00a0\u00bblg\u00a0\u00bb align=\u00a0\u00bbcenter\u00a0\u00bb i_align=\u00a0\u00bbright\u00a0\u00bb i_icon_fontawesome=\u00a0\u00bbfa fa-eye\u00a0\u00bb add_icon=\u00a0\u00bbtrue\u00a0\u00bb link=\u00a0\u00bburl:https%3A%2F%2Ffr.wikipedia.org%2Fwiki%2FFichier%3AJuliette_R%25C3%25A9camier%2C_par_Firmin_Massot%2C_1807.jpg%23%2Fmedia%2FFichier%3AJuliette_R%25C3%25A9camier%2C_par_Firmin_Massot%2C_1807.jpg||target:%20_blank|\u00a0\u00bb css=\u00a0\u00bb.vc_custom_1672595510794{margin-top: -5px !important;}\u00a0\u00bb][\/vc_column][vc_column width=\u00a0\u00bb1\/4&Prime;][vc_btn title=\u00a0\u00bbVers 45 ans\u00a0\u00bb shape=\u00a0\u00bbsquare\u00a0\u00bb color=\u00a0\u00bbmulled-wine\u00a0\u00bb size=\u00a0\u00bbsm\u00a0\u00bb align=\u00a0\u00bbcenter\u00a0\u00bb button_block=\u00a0\u00bbtrue\u00a0\u00bb link=\u00a0\u00bb||target:%20_blank|rel:nofollow\u00a0\u00bb css=\u00a0\u00bb.vc_custom_1672580560813{margin-bottom: -5px !important;}\u00a0\u00bb][vc_single_image image=\u00a0\u00bb270&Prime; img_size=\u00a0\u00bb350X350&Prime; alignment=\u00a0\u00bbcenter\u00a0\u00bb onclick=\u00a0\u00bblink_image\u00a0\u00bb css=\u00a0\u00bb.vc_custom_1672587545501{margin-bottom: -20px !important;}\u00a0\u00bb][vc_btn title=\u00a0\u00bbPortrait de Juliette R\u00e9camier &#8211; 1800 &#8211; Jacques-Louis David &#8211; Mus\u00e9e du Louvre, Paris (France)\u00a0\u00bb shape=\u00a0\u00bbsquare\u00a0\u00bb color=\u00a0\u00bbmulled-wine\u00a0\u00bb size=\u00a0\u00bblg\u00a0\u00bb align=\u00a0\u00bbcenter\u00a0\u00bb i_align=\u00a0\u00bbright\u00a0\u00bb i_icon_fontawesome=\u00a0\u00bbfa fa-eye\u00a0\u00bb add_icon=\u00a0\u00bbtrue\u00a0\u00bb link=\u00a0\u00bburl:https%3A%2F%2Fcommons.wikimedia.org%2Fwiki%2FFile%3AMadame_R%25C3%25A9camier%2C_n%25C3%25A9e_Julie_(dite_Juliette)_Bernard_-_Jacques-Louis_David_-_Mus%25C3%25A9e_duLouvre_Peintures_INV_3708.jpg%23%2Fmedia%2FFile%3AMadame_R%25C3%25A9camier%2C_n%25C3%25A9e_Julie_(dite_Juliette)_Bernard_-_Jacques-Louis_David_-_Mus%25C3%25A9e_duLouvre_Peintures_INV_3708.jpg||target:%20_blank|\u00a0\u00bb css=\u00a0\u00bb.vc_custom_1672595235670{margin-top: -5px !important;}\u00a0\u00bb][\/vc_column][vc_column width=\u00a0\u00bb1\/4&Prime;][vc_btn title=\u00a0\u00bbVers 45 ans\u00a0\u00bb shape=\u00a0\u00bbsquare\u00a0\u00bb color=\u00a0\u00bbmulled-wine\u00a0\u00bb size=\u00a0\u00bbsm\u00a0\u00bb align=\u00a0\u00bbcenter\u00a0\u00bb button_block=\u00a0\u00bbtrue\u00a0\u00bb link=\u00a0\u00bb||target:%20_blank|rel:nofollow\u00a0\u00bb css=\u00a0\u00bb.vc_custom_1672580560813{margin-bottom: -5px !important;}\u00a0\u00bb][vc_single_image image=\u00a0\u00bb272&Prime; img_size=\u00a0\u00bb350X350&Prime; alignment=\u00a0\u00bbcenter\u00a0\u00bb onclick=\u00a0\u00bblink_image\u00a0\u00bb css=\u00a0\u00bb.vc_custom_1672587645942{margin-bottom: -20px !important;}\u00a0\u00bb][vc_btn title=\u00a0\u00bbSalon de Juliette R\u00e9camier &#8211; vers 1802 &#8211; William Quiller Orchard  &#8211; Collection priv\u00e9e\u00a0\u00bb shape=\u00a0\u00bbsquare\u00a0\u00bb color=\u00a0\u00bbmulled-wine\u00a0\u00bb size=\u00a0\u00bblg\u00a0\u00bb align=\u00a0\u00bbcenter\u00a0\u00bb i_align=\u00a0\u00bbright\u00a0\u00bb i_icon_fontawesome=\u00a0\u00bbfa fa-eye\u00a0\u00bb add_icon=\u00a0\u00bbtrue\u00a0\u00bb link=\u00a0\u00bb||target:%20_blank|\u00a0\u00bb css=\u00a0\u00bb.vc_custom_1672595250464{margin-top: -5px !important;}\u00a0\u00bb][vc_btn title=\u00a0\u00bbOn reconnait Mme de Stael \u00e0 droite, Talleyrand avec sa cane, et Chateaubriand, de dos parlant avec Juliette\u00a0\u00bb shape=\u00a0\u00bbsquare\u00a0\u00bb color=\u00a0\u00bbdefault\u00a0\u00bb size=\u00a0\u00bblg\u00a0\u00bb align=\u00a0\u00bbcenter\u00a0\u00bb link=\u00a0\u00bb||target:%20_blank|\u00a0\u00bb css=\u00a0\u00bb.vc_custom_1672595266077{margin-top: -5px !important;}\u00a0\u00bb][\/vc_column][\/vc_row][vc_row][vc_column width=\u00a0\u00bb1\/4&Prime;][vc_btn title=\u00a0\u00bbVers 40 ans\u00a0\u00bb shape=\u00a0\u00bbsquare\u00a0\u00bb color=\u00a0\u00bbmulled-wine\u00a0\u00bb size=\u00a0\u00bbsm\u00a0\u00bb align=\u00a0\u00bbcenter\u00a0\u00bb button_block=\u00a0\u00bbtrue\u00a0\u00bb link=\u00a0\u00bb||target:%20_blank|rel:nofollow\u00a0\u00bb css=\u00a0\u00bb.vc_custom_1672580581277{margin-bottom: -5px !important;}\u00a0\u00bb][vc_single_image image=\u00a0\u00bb275&Prime; img_size=\u00a0\u00bb350X350&Prime; alignment=\u00a0\u00bbcenter\u00a0\u00bb onclick=\u00a0\u00bblink_image\u00a0\u00bb css=\u00a0\u00bb.vc_custom_1672587664870{margin-bottom: -20px !important;}\u00a0\u00bb][vc_btn title=\u00a0\u00bbLe salon de Madame R\u00e9camier \u00e0 l&rsquo;Abbaye-aux-Bois &#8211; 1826 &#8211; Fran\u00e7ois-Louis Dejuinne &#8211; Mus\u00e9e du Louvre, pi\u00e8ce 557, Paris (France)\u00a0\u00bb shape=\u00a0\u00bbsquare\u00a0\u00bb color=\u00a0\u00bbmulled-wine\u00a0\u00bb size=\u00a0\u00bblg\u00a0\u00bb align=\u00a0\u00bbcenter\u00a0\u00bb i_align=\u00a0\u00bbright\u00a0\u00bb i_icon_fontawesome=\u00a0\u00bbfa fa-eye\u00a0\u00bb add_icon=\u00a0\u00bbtrue\u00a0\u00bb link=\u00a0\u00bburl:https%3A%2F%2Fcommons.wikimedia.org%2Fwiki%2FFile%3AJuliette_R%25C3%25A9camier_(1777-1849)_C.jpg%23%2Fmedia%2FFile%3AJuliette_R%25C3%25A9camier_(1777-1849)_C.jpg||target:%20_blank|\u00a0\u00bb css=\u00a0\u00bb.vc_custom_1672595287999{margin-top: -5px !important;}\u00a0\u00bb][\/vc_column][vc_column width=\u00a0\u00bb1\/4&Prime;][vc_btn title=\u00a0\u00bbVers 45 ans\u00a0\u00bb shape=\u00a0\u00bbsquare\u00a0\u00bb color=\u00a0\u00bbmulled-wine\u00a0\u00bb size=\u00a0\u00bbsm\u00a0\u00bb align=\u00a0\u00bbcenter\u00a0\u00bb button_block=\u00a0\u00bbtrue\u00a0\u00bb link=\u00a0\u00bb||target:%20_blank|rel:nofollow\u00a0\u00bb css=\u00a0\u00bb.vc_custom_1672580560813{margin-bottom: -5px !important;}\u00a0\u00bb][vc_single_image image=\u00a0\u00bb286&Prime; img_size=\u00a0\u00bb350X350&Prime; alignment=\u00a0\u00bbcenter\u00a0\u00bb onclick=\u00a0\u00bblink_image\u00a0\u00bb css=\u00a0\u00bb.vc_custom_1672587689570{margin-bottom: -20px !important;}\u00a0\u00bb][vc_btn title=\u00a0\u00bbPortrait de Juliette R\u00e9camier &#8211; 1805 &#8211; Fran\u00e7ois G\u00e9rard &#8211; Mus\u00e9e Carnavalet, Paris (France)\u00a0\u00bb shape=\u00a0\u00bbsquare\u00a0\u00bb color=\u00a0\u00bbmulled-wine\u00a0\u00bb size=\u00a0\u00bblg\u00a0\u00bb align=\u00a0\u00bbcenter\u00a0\u00bb i_align=\u00a0\u00bbright\u00a0\u00bb i_icon_fontawesome=\u00a0\u00bbfa fa-eye\u00a0\u00bb add_icon=\u00a0\u00bbtrue\u00a0\u00bb link=\u00a0\u00bburl:https%3A%2F%2Fcommons.wikimedia.org%2Fwiki%2FFile%3AJuliette_R%25C3%25A9camier_fulllength.JPG%23%2Fmedia%2FFile%3AJuliette_R%25C3%25A9camier_fulllength.JPG||target:%20_blank|\u00a0\u00bb css=\u00a0\u00bb.vc_custom_1672595295404{margin-top: -5px !important;}\u00a0\u00bb][\/vc_column][vc_column width=\u00a0\u00bb1\/4&Prime;][vc_btn title=\u00a0\u00bbVers 45 ans\u00a0\u00bb shape=\u00a0\u00bbsquare\u00a0\u00bb color=\u00a0\u00bbmulled-wine\u00a0\u00bb size=\u00a0\u00bbsm\u00a0\u00bb align=\u00a0\u00bbcenter\u00a0\u00bb button_block=\u00a0\u00bbtrue\u00a0\u00bb link=\u00a0\u00bb||target:%20_blank|rel:nofollow\u00a0\u00bb css=\u00a0\u00bb.vc_custom_1672580560813{margin-bottom: -5px !important;}\u00a0\u00bb][vc_single_image image=\u00a0\u00bb289&Prime; img_size=\u00a0\u00bb350X350&Prime; alignment=\u00a0\u00bbcenter\u00a0\u00bb onclick=\u00a0\u00bblink_image\u00a0\u00bb css=\u00a0\u00bb.vc_custom_1672587749091{margin-bottom: -20px !important;}\u00a0\u00bb][vc_btn title=\u00a0\u00bbPortrait de Juliette R\u00e9camier &#8211; 1820 &#8211; Fran\u00e7ois G\u00e9rard &#8211; Museo Glauco Lombardi, Parme (Italie)\u00a0\u00bb shape=\u00a0\u00bbsquare\u00a0\u00bb color=\u00a0\u00bbmulled-wine\u00a0\u00bb size=\u00a0\u00bblg\u00a0\u00bb align=\u00a0\u00bbcenter\u00a0\u00bb i_align=\u00a0\u00bbright\u00a0\u00bb i_icon_fontawesome=\u00a0\u00bbfa fa-eye\u00a0\u00bb add_icon=\u00a0\u00bbtrue\u00a0\u00bb link=\u00a0\u00bburl:https%3A%2F%2Fcommons.wikimedia.org%2Fwiki%2FFile%3AGerard_Juliette_Recamier.jpg%23%2Fmedia%2FFile%3AGerard_Juliette_Recamier.jpg||target:%20_blank|\u00a0\u00bb css=\u00a0\u00bb.vc_custom_1672595315920{margin-top: -5px !important;}\u00a0\u00bb][\/vc_column][vc_column width=\u00a0\u00bb1\/4&Prime;][vc_btn title=\u00a0\u00bbVers 45 ans\u00a0\u00bb shape=\u00a0\u00bbsquare\u00a0\u00bb color=\u00a0\u00bbmulled-wine\u00a0\u00bb size=\u00a0\u00bbsm\u00a0\u00bb align=\u00a0\u00bbcenter\u00a0\u00bb button_block=\u00a0\u00bbtrue\u00a0\u00bb link=\u00a0\u00bb||target:%20_blank|rel:nofollow\u00a0\u00bb css=\u00a0\u00bb.vc_custom_1672580560813{margin-bottom: -5px !important;}\u00a0\u00bb][vc_single_image image=\u00a0\u00bb290&Prime; img_size=\u00a0\u00bb350X350&Prime; alignment=\u00a0\u00bbcenter\u00a0\u00bb onclick=\u00a0\u00bblink_image\u00a0\u00bb css=\u00a0\u00bb.vc_custom_1672587770357{margin-bottom: -20px !important;}\u00a0\u00bb][vc_btn title=\u00a0\u00bbPortrait de Juliette R\u00e9camier &#8211; 1825 &#8211; \t Antoine-Jean Gros  &#8211; Galerie Strossmayer des ma\u00eetres anciens, Zagreb (Croatie)\u00a0\u00bb shape=\u00a0\u00bbsquare\u00a0\u00bb color=\u00a0\u00bbmulled-wine\u00a0\u00bb size=\u00a0\u00bblg\u00a0\u00bb align=\u00a0\u00bbcenter\u00a0\u00bb i_align=\u00a0\u00bbright\u00a0\u00bb i_icon_fontawesome=\u00a0\u00bbfa fa-eye\u00a0\u00bb add_icon=\u00a0\u00bbtrue\u00a0\u00bb link=\u00a0\u00bburl:https%3A%2F%2Fcommons.wikimedia.org%2Fwiki%2FFile%3AGros_Jean_Antoine_Portrait_of_Mademoiselle_Recamier.jpg%23%2Fmedia%2FFile%3AGros_Jean_Antoine_Portrait_of_Mademoiselle_Recamier.jpg||target:%20_blank|\u00a0\u00bb css=\u00a0\u00bb.vc_custom_1672595341366{margin-top: -5px !important;}\u00a0\u00bb][vc_btn title=\u00a0\u00bbJean RAPP est d\u00e9c\u00e9d\u00e9 \u00e0 48 ans &#8211; voir sa s\u00e9pulture\u00a0\u00bb shape=\u00a0\u00bbsquare\u00a0\u00bb color=\u00a0\u00bbmulled-wine\u00a0\u00bb size=\u00a0\u00bblg\u00a0\u00bb align=\u00a0\u00bbcenter\u00a0\u00bb i_align=\u00a0\u00bbright\u00a0\u00bb i_icon_fontawesome=\u00a0\u00bbfa fa-eye\u00a0\u00bb add_icon=\u00a0\u00bbtrue\u00a0\u00bb link=\u00a0\u00bburl:http%3A%2F%2Faline-voinot.com%2Findex.php%2Fsepulture-de-jean-rapp%2F||target:%20_blank|rel:nofollow\u00a0\u00bb css=\u00a0\u00bb.vc_custom_1672595349207{margin-top: -5px !important;}\u00a0\u00bb][\/vc_column][\/vc_row]<\/p>\n","protected":false},"excerpt":{"rendered":"<p>[vc_row full_width=\u00a0\u00bbstretch_row\u00a0\u00bb css=\u00a0\u00bb.vc_custom_1513000693114{background-color: #272727 !important;}\u00a0\u00bb][vc_column width=\u00a0\u00bb1\/4&Prime;][vc_single_image image=\u00a0\u00bb284&Prime; img_size=\u00a0\u00bb250 x 295&Prime; alignment=\u00a0\u00bbcenter\u00a0\u00bb][\/vc_column][vc_column width=\u00a0\u00bb1\/4&Prime;][vc_column_text css=\u00a0\u00bb.vc_custom_1676029444267{margin-bottom: -10px !important;}\u00a0\u00bb] Lyon (1777) &#8211;\u00a0Paris (1849) d\u00e9c\u00e9d\u00e9e \u00e0 72 ans Salonni\u00e8re, femme d\u2019esprit Fran\u00e7aise [\/vc_column_text][vc_row_inner css=\u00a0\u00bb.vc_custom_1546273567036{margin-top: 15px !important;}\u00a0\u00bb][vc_column_inner width=\u00a0\u00bb1\/4&Prime;][vc_btn title=\u00a0\u00bbTome 1&Prime; color=\u00a0\u00bbdanger\u00a0\u00bb size=\u00a0\u00bbsm\u00a0\u00bb][\/vc_column_inner][vc_column_inner width=\u00a0\u00bb1\/4&Prime;][vc_btn title=\u00a0\u00bbTome 2&Prime; color=\u00a0\u00bbprimary\u00a0\u00bb<\/p>\n","protected":false},"author":1,"featured_media":0,"parent":0,"menu_order":0,"comment_status":"closed","ping_status":"closed","template":"","meta":{"footnotes":""},"class_list":["post-34671","page","type-page","status-publish","hentry"],"yoast_head":"<!-- This site is optimized with the Yoast SEO plugin v22.8 - https:\/\/yoast.com\/wordpress\/plugins\/seo\/ -->\n<title>Juliette R\u00e9camier - L&#039;Histoire est un roman...<\/title>\n<meta name=\"robots\" content=\"index, follow, max-snippet:-1, max-image-preview:large, max-video-preview:-1\" \/>\n<link rel=\"canonical\" href=\"https:\/\/aline-voinot.com\/index.php\/juliette-recamier-2\/\" \/>\n<meta property=\"og:locale\" content=\"fr_FR\" \/>\n<meta property=\"og:type\" content=\"article\" \/>\n<meta property=\"og:title\" content=\"Juliette R\u00e9camier - L&#039;Histoire est un roman...\" \/>\n<meta property=\"og:description\" content=\"[vc_row full_width=\u00a0\u00bbstretch_row\u00a0\u00bb css=\u00a0\u00bb.vc_custom_1513000693114{background-color: #272727 !important;}\u00a0\u00bb][vc_column width=\u00a0\u00bb1\/4&Prime;][vc_single_image image=\u00a0\u00bb284&Prime; img_size=\u00a0\u00bb250 x 295&Prime; alignment=\u00a0\u00bbcenter\u00a0\u00bb][\/vc_column][vc_column width=\u00a0\u00bb1\/4&Prime;][vc_column_text css=\u00a0\u00bb.vc_custom_1676029444267{margin-bottom: -10px !important;}\u00a0\u00bb] Lyon (1777) &#8211;\u00a0Paris (1849) d\u00e9c\u00e9d\u00e9e \u00e0 72 ans Salonni\u00e8re, femme d\u2019esprit Fran\u00e7aise [\/vc_column_text][vc_row_inner css=\u00a0\u00bb.vc_custom_1546273567036{margin-top: 15px !important;}\u00a0\u00bb][vc_column_inner width=\u00a0\u00bb1\/4&Prime;][vc_btn title=\u00a0\u00bbTome 1&Prime; color=\u00a0\u00bbdanger\u00a0\u00bb size=\u00a0\u00bbsm\u00a0\u00bb][\/vc_column_inner][vc_column_inner width=\u00a0\u00bb1\/4&Prime;][vc_btn title=\u00a0\u00bbTome 2&Prime; color=\u00a0\u00bbprimary\u00a0\u00bb\" \/>\n<meta property=\"og:url\" content=\"https:\/\/aline-voinot.com\/index.php\/juliette-recamier-2\/\" \/>\n<meta property=\"og:site_name\" content=\"L&#039;Histoire est un roman...\" \/>\n<meta property=\"article:modified_time\" content=\"2023-02-10T11:44:10+00:00\" \/>\n<meta name=\"twitter:card\" content=\"summary_large_image\" \/>\n<script type=\"application\/ld+json\" class=\"yoast-schema-graph\">{\"@context\":\"https:\/\/schema.org\",\"@graph\":[{\"@type\":\"WebPage\",\"@id\":\"https:\/\/aline-voinot.com\/index.php\/juliette-recamier-2\/\",\"url\":\"https:\/\/aline-voinot.com\/index.php\/juliette-recamier-2\/\",\"name\":\"Juliette R\u00e9camier - L&#039;Histoire est un roman...\",\"isPartOf\":{\"@id\":\"https:\/\/aline-voinot.com\/#website\"},\"datePublished\":\"2023-01-01T15:18:10+00:00\",\"dateModified\":\"2023-02-10T11:44:10+00:00\",\"breadcrumb\":{\"@id\":\"https:\/\/aline-voinot.com\/index.php\/juliette-recamier-2\/#breadcrumb\"},\"inLanguage\":\"fr-FR\",\"potentialAction\":[{\"@type\":\"ReadAction\",\"target\":[\"https:\/\/aline-voinot.com\/index.php\/juliette-recamier-2\/\"]}]},{\"@type\":\"BreadcrumbList\",\"@id\":\"https:\/\/aline-voinot.com\/index.php\/juliette-recamier-2\/#breadcrumb\",\"itemListElement\":[{\"@type\":\"ListItem\",\"position\":1,\"name\":\"Accueil\",\"item\":\"https:\/\/aline-voinot.com\/\"},{\"@type\":\"ListItem\",\"position\":2,\"name\":\"Juliette R\u00e9camier\"}]},{\"@type\":\"WebSite\",\"@id\":\"https:\/\/aline-voinot.com\/#website\",\"url\":\"https:\/\/aline-voinot.com\/\",\"name\":\"L&#039;Histoire est un roman...\",\"description\":\"&quot;Destins connus, destins crois\u00e9s&quot; la premi\u00e8re encyclop\u00e9die romanc\u00e9e...\",\"potentialAction\":[{\"@type\":\"SearchAction\",\"target\":{\"@type\":\"EntryPoint\",\"urlTemplate\":\"https:\/\/aline-voinot.com\/?s={search_term_string}\"},\"query-input\":\"required name=search_term_string\"}],\"inLanguage\":\"fr-FR\"}]}<\/script>\n<!-- \/ Yoast SEO plugin. -->","yoast_head_json":{"title":"Juliette R\u00e9camier - L&#039;Histoire est un roman...","robots":{"index":"index","follow":"follow","max-snippet":"max-snippet:-1","max-image-preview":"max-image-preview:large","max-video-preview":"max-video-preview:-1"},"canonical":"https:\/\/aline-voinot.com\/index.php\/juliette-recamier-2\/","og_locale":"fr_FR","og_type":"article","og_title":"Juliette R\u00e9camier - L&#039;Histoire est un roman...","og_description":"[vc_row full_width=\u00a0\u00bbstretch_row\u00a0\u00bb css=\u00a0\u00bb.vc_custom_1513000693114{background-color: #272727 !important;}\u00a0\u00bb][vc_column width=\u00a0\u00bb1\/4&Prime;][vc_single_image image=\u00a0\u00bb284&Prime; img_size=\u00a0\u00bb250 x 295&Prime; alignment=\u00a0\u00bbcenter\u00a0\u00bb][\/vc_column][vc_column width=\u00a0\u00bb1\/4&Prime;][vc_column_text css=\u00a0\u00bb.vc_custom_1676029444267{margin-bottom: -10px !important;}\u00a0\u00bb] Lyon (1777) &#8211;\u00a0Paris (1849) d\u00e9c\u00e9d\u00e9e \u00e0 72 ans Salonni\u00e8re, femme d\u2019esprit Fran\u00e7aise [\/vc_column_text][vc_row_inner css=\u00a0\u00bb.vc_custom_1546273567036{margin-top: 15px !important;}\u00a0\u00bb][vc_column_inner width=\u00a0\u00bb1\/4&Prime;][vc_btn title=\u00a0\u00bbTome 1&Prime; color=\u00a0\u00bbdanger\u00a0\u00bb size=\u00a0\u00bbsm\u00a0\u00bb][\/vc_column_inner][vc_column_inner width=\u00a0\u00bb1\/4&Prime;][vc_btn title=\u00a0\u00bbTome 2&Prime; color=\u00a0\u00bbprimary\u00a0\u00bb","og_url":"https:\/\/aline-voinot.com\/index.php\/juliette-recamier-2\/","og_site_name":"L&#039;Histoire est un roman...","article_modified_time":"2023-02-10T11:44:10+00:00","twitter_card":"summary_large_image","schema":{"@context":"https:\/\/schema.org","@graph":[{"@type":"WebPage","@id":"https:\/\/aline-voinot.com\/index.php\/juliette-recamier-2\/","url":"https:\/\/aline-voinot.com\/index.php\/juliette-recamier-2\/","name":"Juliette R\u00e9camier - L&#039;Histoire est un roman...","isPartOf":{"@id":"https:\/\/aline-voinot.com\/#website"},"datePublished":"2023-01-01T15:18:10+00:00","dateModified":"2023-02-10T11:44:10+00:00","breadcrumb":{"@id":"https:\/\/aline-voinot.com\/index.php\/juliette-recamier-2\/#breadcrumb"},"inLanguage":"fr-FR","potentialAction":[{"@type":"ReadAction","target":["https:\/\/aline-voinot.com\/index.php\/juliette-recamier-2\/"]}]},{"@type":"BreadcrumbList","@id":"https:\/\/aline-voinot.com\/index.php\/juliette-recamier-2\/#breadcrumb","itemListElement":[{"@type":"ListItem","position":1,"name":"Accueil","item":"https:\/\/aline-voinot.com\/"},{"@type":"ListItem","position":2,"name":"Juliette R\u00e9camier"}]},{"@type":"WebSite","@id":"https:\/\/aline-voinot.com\/#website","url":"https:\/\/aline-voinot.com\/","name":"L&#039;Histoire est un roman...","description":"&quot;Destins connus, destins crois\u00e9s&quot; la premi\u00e8re encyclop\u00e9die romanc\u00e9e...","potentialAction":[{"@type":"SearchAction","target":{"@type":"EntryPoint","urlTemplate":"https:\/\/aline-voinot.com\/?s={search_term_string}"},"query-input":"required name=search_term_string"}],"inLanguage":"fr-FR"}]}},"_links":{"self":[{"href":"https:\/\/aline-voinot.com\/index.php\/wp-json\/wp\/v2\/pages\/34671","targetHints":{"allow":["GET"]}}],"collection":[{"href":"https:\/\/aline-voinot.com\/index.php\/wp-json\/wp\/v2\/pages"}],"about":[{"href":"https:\/\/aline-voinot.com\/index.php\/wp-json\/wp\/v2\/types\/page"}],"author":[{"embeddable":true,"href":"https:\/\/aline-voinot.com\/index.php\/wp-json\/wp\/v2\/users\/1"}],"replies":[{"embeddable":true,"href":"https:\/\/aline-voinot.com\/index.php\/wp-json\/wp\/v2\/comments?post=34671"}],"version-history":[{"count":11,"href":"https:\/\/aline-voinot.com\/index.php\/wp-json\/wp\/v2\/pages\/34671\/revisions"}],"predecessor-version":[{"id":35623,"href":"https:\/\/aline-voinot.com\/index.php\/wp-json\/wp\/v2\/pages\/34671\/revisions\/35623"}],"wp:attachment":[{"href":"https:\/\/aline-voinot.com\/index.php\/wp-json\/wp\/v2\/media?parent=34671"}],"curies":[{"name":"wp","href":"https:\/\/api.w.org\/{rel}","templated":true}]}}