{"id":3623,"date":"2018-03-09T23:02:41","date_gmt":"2018-03-09T22:02:41","guid":{"rendered":"http:\/\/aline-voinot.com\/?page_id=3623"},"modified":"2021-06-22T20:47:30","modified_gmt":"2021-06-22T18:47:30","slug":"campagne-de-belgique","status":"publish","type":"page","link":"https:\/\/aline-voinot.com\/index.php\/campagne-de-belgique\/","title":{"rendered":"Campagne de Belgique"},"content":{"rendered":"<p>[vc_row full_width=\u00a0\u00bbstretch_row\u00a0\u00bb css=\u00a0\u00bb.vc_custom_1519929301374{background-color: #376092 !important;}\u00a0\u00bb][vc_column width=\u00a0\u00bb1\/2&Prime;][vc_row_inner][vc_column_inner css=\u00a0\u00bb.vc_custom_1519814829730{padding-right: 50px !important;}\u00a0\u00bb][vc_column_text]<\/p>\n<h6 style=\"text-align: center;\"><span style=\"color: #ffffff;\">SYNOPSIS<\/span><\/h6>\n<table>\n<tbody>\n<tr>\n<td width=\"88\"><span style=\"color: #ffffff;\"><strong>BELLLIGERANTS<\/strong><\/span><\/td>\n<td width=\"366\"><span style=\"color: #ffffff;\">Empire fran\u00e7ais contre Empires Russe, Autrichien, Royaumes Angleterre, Prusse, Conf\u00e9d\u00e9ration germanique<\/span><\/td>\n<\/tr>\n<tr>\n<td width=\"88\"><span style=\"color: #ffffff;\"><strong>DATE<\/strong><\/span><\/td>\n<td width=\"366\"><span style=\"color: #ffffff;\">15 juin au 20 juin 1815<\/span><\/td>\n<\/tr>\n<tr>\n<td width=\"88\"><span style=\"color: #ffffff;\"><strong>LIEU<\/strong><\/span><\/td>\n<td width=\"366\"><span style=\"color: #ffffff;\">France, Belgique<\/span><\/td>\n<\/tr>\n<tr>\n<td width=\"88\"><span style=\"color: #ffffff;\"><strong>CAUSUS BELLI<\/strong><\/span><\/td>\n<td width=\"366\"><span style=\"color: #ffffff;\">Les coalis\u00e9s le d\u00e9clarent Napol\u00e9on \u00ab\u00a0ennemi public num\u00e9ro 1\u00a0\u00bb . L&rsquo;objectif est de le neutraliser pour qu&rsquo;il cesse de menacer l&rsquo;Europe<\/span><\/td>\n<\/tr>\n<tr>\n<td width=\"88\"><span style=\"color: #ffffff;\"><strong>CONTEXTE<\/strong><\/span><\/td>\n<td width=\"366\"><span style=\"color: #ffffff;\">Tandis que le Congr\u00e8s de Vienne touche \u00e0 sa fin, les diplomates apprennent le d\u00e9barquement de Napol\u00e9on \u00e0 Golfe Juan le 1er mars. Louis XVII s&rsquo;est r\u00e9fugi\u00e9 en Belgique. Napol\u00e9on d\u00e9cide d&rsquo;attaquer les Prussiens en Belgique, avant d&rsquo;\u00e9liminer Anglais, Autrichiens puis Russes. Mais son arm\u00e9e est sous dimensionn\u00e9e et inexp\u00e9riment\u00e9e par rapport aux arm\u00e9es coalis\u00e9es<\/span><\/td>\n<\/tr>\n<tr>\n<td width=\"88\"><span style=\"color: #ffffff;\"><strong>R\u00c9SULTATS<\/strong><\/span><\/td>\n<td width=\"366\"><span style=\"color: #ffffff;\">Victoire d\u00e9cisive des coalis\u00e9s<\/span><\/td>\n<\/tr>\n<tr>\n<td width=\"88\"><span style=\"color: #ffffff;\"><strong>CONS\u00c9QUENCES<\/strong><\/span><\/td>\n<td width=\"366\">\n<ul>\n<li><span style=\"color: #ffffff;\">Seconde abdication de Napol\u00e9on<\/span><\/li>\n<li><span style=\"color: #ffffff;\">Napol\u00e9on se rend aux Anglais et sera exil\u00e9 sur l&rsquo;\u00eele Sainte-H\u00e9l\u00e8ne<\/span><\/li>\n<li><span style=\"color: #ffffff;\">Fin d\u00e9finitive de l&rsquo;\u00e8re napol\u00e9onienne<\/span><\/li>\n<li><span style=\"color: #ffffff;\">Seconde restauration, retour de Louis XVIII sur le tr\u00f4ne de France<\/span><\/li>\n<\/ul>\n<\/td>\n<\/tr>\n<\/tbody>\n<\/table>\n<p>[\/vc_column_text][\/vc_column_inner][\/vc_row_inner][\/vc_column][vc_column width=\u00a0\u00bb1\/4&Prime;][vc_column_text]<\/p>\n<h6 style=\"text-align: center;\"><span style=\"color: #ffffff;\">EMPIRE FRAN\u00c7AIS<\/span><\/h6>\n<p style=\"text-align: center;\"><span style=\"color: #ffffff;\">124 000 hommes<\/span><\/p>\n<p style=\"text-align: center;\"><span style=\"color: #ffffff;\">dont 47 000 tu\u00e9s<\/span><\/p>\n<p>[\/vc_column_text][vc_btn title=\u00a0\u00bbPrincipaux commandants\u00a0\u00bb shape=\u00a0\u00bbsquare\u00a0\u00bb color=\u00a0\u00bbmulled-wine\u00a0\u00bb size=\u00a0\u00bblg\u00a0\u00bb align=\u00a0\u00bbcenter\u00a0\u00bb i_align=\u00a0\u00bbright\u00a0\u00bb i_type=\u00a0\u00bbentypo\u00a0\u00bb i_icon_entypo=\u00a0\u00bbentypo-icon entypo-icon-user\u00a0\u00bb button_block=\u00a0\u00bbtrue\u00a0\u00bb add_icon=\u00a0\u00bbtrue\u00a0\u00bb][vc_column_text]<\/p>\n<ul>\n<li><span style=\"color: #ffffff;\"><a style=\"color: #ffffff;\" title=\"\" href=\"https:\/\/aline-voinot.com\/index.php\/napoleon-bonaparte\/\">Napol\u00e9on\u00a0<abbr class=\"abbr\" title=\"premier\">I<sup>er<\/sup><\/abbr><\/a><\/span><\/li>\n<li><span style=\"color: #ffffff;\"><a style=\"color: #ffffff;\" title=\"Michel Ney\" href=\"https:\/\/aline-voinot.com\/index.php\/michel-ney-duc-delchingen-prince-de-la-moskowa\/\">Michel Ney<\/a><\/span><\/li>\n<li><span style=\"color: #ffffff;\"><a style=\"color: #ffffff;\" title=\"Emmanuel de Grouchy\" href=\"https:\/\/aline-voinot.com\/index.php\/emmanuel-de-grouchy\/\">Emmanuel de Grouchy<\/a><\/span><\/li>\n<li><span style=\"color: #ffffff;\"><a style=\"color: #ffffff;\" title=\"Louis Nicolas Davout\" href=\"https:\/\/fr.wikipedia.org\/wiki\/Louis_Nicolas_Davout\">Louis Nicolas Davout<\/a><\/span><\/li>\n<li><span style=\"color: #ffffff;\"><a style=\"color: #ffffff;\" title=\"R\u00e9my Joseph Isidore Exelmans\" href=\"https:\/\/fr.wikipedia.org\/wiki\/R%C3%A9my_Joseph_Isidore_Exelmans\">Isidore Exelmans<\/a><\/span><\/li>\n<\/ul>\n<p>[\/vc_column_text][vc_btn title=\u00a0\u00bbTome 1&Prime; color=\u00a0\u00bbdanger\u00a0\u00bb size=\u00a0\u00bbxs\u00a0\u00bb][\/vc_column][vc_column width=\u00a0\u00bb1\/4&Prime;][vc_column_text]<\/p>\n<h6 style=\"text-align: center;\"><span style=\"color: #ffffff;\">SEPTI\u00c8ME COALITION<\/span><\/h6>\n<p style=\"text-align: center;\"><span style=\"color: #ffffff;\">220 000 hommes <\/span><\/p>\n<p style=\"text-align: center;\"><span style=\"color: #ffffff;\">dont 60 000 tu\u00e9s<\/span><\/p>\n<p>[\/vc_column_text][vc_btn title=\u00a0\u00bbPrincipaux commandants\u00a0\u00bb shape=\u00a0\u00bbsquare\u00a0\u00bb color=\u00a0\u00bbmulled-wine\u00a0\u00bb size=\u00a0\u00bblg\u00a0\u00bb align=\u00a0\u00bbcenter\u00a0\u00bb i_align=\u00a0\u00bbright\u00a0\u00bb i_type=\u00a0\u00bbentypo\u00a0\u00bb i_icon_entypo=\u00a0\u00bbentypo-icon entypo-icon-user\u00a0\u00bb button_block=\u00a0\u00bbtrue\u00a0\u00bb add_icon=\u00a0\u00bbtrue\u00a0\u00bb][vc_column_text]<\/p>\n<ul>\n<li><span style=\"color: #ffffff;\"><a style=\"color: #ffffff;\" title=\"\" href=\"https:\/\/aline-voinot.com\/index.php\/arthur-wellesley-duc-de-wellington\/\">Arthur Wellesley de Wellington<\/a><\/span><\/li>\n<li><span style=\"color: #ffffff;\"><a style=\"color: #ffffff;\" title=\"Gebhard Leberecht von Bl\u00fccher\" href=\"https:\/\/fr.wikipedia.org\/wiki\/Gebhard_Leberecht_von_Bl%C3%BCcher\">Gebhard von Bl\u00fccher<\/a><\/span><\/li>\n<li><span style=\"color: #ffffff;\"><a style=\"color: #ffffff;\" title=\"Johann von Thielmann\" href=\"https:\/\/fr.wikipedia.org\/wiki\/Johann_von_Thielmann\">Johann von Thielmann<\/a><\/span><\/li>\n<li><span style=\"color: #ffffff;\"><a style=\"color: #ffffff;\" title=\"Guillaume II (roi des Pays-Bas)\" href=\"https:\/\/fr.wikipedia.org\/wiki\/Guillaume_II_(roi_des_Pays-Bas)\">Guillaume d&rsquo;Orange<\/a><\/span><\/li>\n<li><span style=\"color: #ffffff;\"><a style=\"color: #ffffff;\" title=\"Fr\u00e9d\u00e9ric-Guillaume de Brunswick-Wolfenb\u00fcttel\" href=\"https:\/\/fr.wikipedia.org\/wiki\/Fr%C3%A9d%C3%A9ric-Guillaume_de_Brunswick-Wolfenb%C3%BCttel\">Fr\u00e9d\u00e9ric-Guillaume de Brunswick-Wolfenb\u00fcttel<\/a><\/span><\/li>\n<\/ul>\n<p>[\/vc_column_text][\/vc_column][\/vc_row][vc_row][vc_column][vc_row_inner][vc_column_inner width=\u00a0\u00bb1\/3&Prime;][vc_single_image image=\u00a0\u00bb24120&Prime; img_size=\u00a0\u00bbfull\u00a0\u00bb onclick=\u00a0\u00bblink_image\u00a0\u00bb css=\u00a0\u00bb.vc_custom_1591980847793{margin-bottom: -10px !important;}\u00a0\u00bb][vc_btn title=\u00a0\u00bbNapole\u0301on quittant l&rsquo;i\u0302le d&rsquo;Elbe, 26 fe\u0301vrier 1815 &#8211; Joseph Beaume &#8211; Muse\u0301e naval et napole\u0301onien du Cap d&rsquo;Antibes (France)\u00a0\u00bb style=\u00a0\u00bbclassic\u00a0\u00bb shape=\u00a0\u00bbsquare\u00a0\u00bb color=\u00a0\u00bbdefault\u00a0\u00bb align=\u00a0\u00bbcenter\u00a0\u00bb i_align=\u00a0\u00bbright\u00a0\u00bb i_icon_fontawesome=\u00a0\u00bbfa fa-eye\u00a0\u00bb button_block=\u00a0\u00bbtrue\u00a0\u00bb add_icon=\u00a0\u00bbtrue\u00a0\u00bb css=\u00a0\u00bb.vc_custom_1591981333668{margin-top: -5px !important;margin-left: -5px !important;}\u00a0\u00bb link=\u00a0\u00bburl:https%3A%2F%2Ffr.wikipedia.org%2Fwiki%2FSepti%25C3%25A8me_Coalition%23%2Fmedia%2FFichier%3ABeaume_-_Napol%25C3%25A9on_Ier_quittant_l&rsquo;%25C3%25AEle_d&rsquo;Elbe_-_1836.jpg||target:%20_blank|\u00a0\u00bb][\/vc_column_inner][vc_column_inner width=\u00a0\u00bb1\/3&Prime;][vc_single_image image=\u00a0\u00bb24119&Prime; img_size=\u00a0\u00bbfull\u00a0\u00bb alignment=\u00a0\u00bbcenter\u00a0\u00bb onclick=\u00a0\u00bblink_image\u00a0\u00bb css=\u00a0\u00bb.vc_custom_1591980870280{margin-bottom: -10px !important;}\u00a0\u00bb][vc_btn title=\u00a0\u00bbBataille de Ligny &#8211; 16 juin 1815 &#8211; Ernest Crofts &#8211; Lieu de conservation inconnu\u00a0\u00bb style=\u00a0\u00bbclassic\u00a0\u00bb shape=\u00a0\u00bbsquare\u00a0\u00bb color=\u00a0\u00bbdefault\u00a0\u00bb align=\u00a0\u00bbcenter\u00a0\u00bb i_align=\u00a0\u00bbright\u00a0\u00bb i_icon_fontawesome=\u00a0\u00bbfa fa-eye\u00a0\u00bb add_icon=\u00a0\u00bbtrue\u00a0\u00bb css=\u00a0\u00bb.vc_custom_1522067589449{margin-top: -5px !important;margin-left: -5px !important;}\u00a0\u00bb link=\u00a0\u00bb||target:%20_blank|\u00a0\u00bb][\/vc_column_inner][vc_column_inner width=\u00a0\u00bb1\/3&Prime;][vc_single_image image=\u00a0\u00bb24121&Prime; img_size=\u00a0\u00bbfull\u00a0\u00bb alignment=\u00a0\u00bbcenter\u00a0\u00bb onclick=\u00a0\u00bblink_image\u00a0\u00bb css=\u00a0\u00bb.vc_custom_1591980892983{margin-bottom: -10px !important;}\u00a0\u00bb][vc_btn title=\u00a0\u00bbBataille des Quatre-Bras &#8211; 16 juin 1815 &#8211; Auteur et lieu de conservation inconnu\u00a0\u00bb style=\u00a0\u00bbclassic\u00a0\u00bb shape=\u00a0\u00bbsquare\u00a0\u00bb color=\u00a0\u00bbdefault\u00a0\u00bb align=\u00a0\u00bbcenter\u00a0\u00bb i_align=\u00a0\u00bbright\u00a0\u00bb i_icon_fontawesome=\u00a0\u00bbfa fa-eye\u00a0\u00bb add_icon=\u00a0\u00bbtrue\u00a0\u00bb css=\u00a0\u00bb.vc_custom_1591978719335{margin-top: -5px !important;margin-left: -5px !important;}\u00a0\u00bb link=\u00a0\u00bburl:https%3A%2F%2Ffr.wikipedia.org%2Fwiki%2FBataille_des_Quatre_Bras%23%2Fmedia%2FFichier%3AWollen%2C_Battle_of_Quatre_Bras.jpg||target:%20_blank|\u00a0\u00bb][\/vc_column_inner][\/vc_row_inner][vc_row_inner][vc_column_inner width=\u00a0\u00bb1\/3&Prime;][vc_single_image image=\u00a0\u00bb24122&Prime; img_size=\u00a0\u00bbfull\u00a0\u00bb onclick=\u00a0\u00bblink_image\u00a0\u00bb css=\u00a0\u00bb.vc_custom_1591980826929{margin-bottom: -10px !important;}\u00a0\u00bb][vc_btn title=\u00a0\u00bbLa Bataille de Waterloo -18 juin 1815 &#8211; Cle\u0301ment-Auguste Andrieux &#8211; Muse\u0301e du cha\u0302teau de Versailles (France)\u00a0\u00bb style=\u00a0\u00bbclassic\u00a0\u00bb shape=\u00a0\u00bbsquare\u00a0\u00bb color=\u00a0\u00bbdefault\u00a0\u00bb align=\u00a0\u00bbcenter\u00a0\u00bb i_align=\u00a0\u00bbright\u00a0\u00bb i_icon_fontawesome=\u00a0\u00bbfa fa-eye\u00a0\u00bb add_icon=\u00a0\u00bbtrue\u00a0\u00bb css=\u00a0\u00bb.vc_custom_1591978514251{margin-top: -5px !important;margin-left: -5px !important;}\u00a0\u00bb link=\u00a0\u00bburl:https%3A%2F%2Fwww.wikidata.org%2Fwiki%2FQ2724511%23%2Fmedia%2FFile%3ASadler%2C_Battle_of_Waterloo.jpg||target:%20_blank|\u00a0\u00bb][\/vc_column_inner][vc_column_inner width=\u00a0\u00bb1\/3&Prime;][vc_single_image image=\u00a0\u00bb24123&Prime; img_size=\u00a0\u00bbfull\u00a0\u00bb onclick=\u00a0\u00bblink_image\u00a0\u00bb css=\u00a0\u00bb.vc_custom_1591980836868{margin-bottom: -10px !important;}\u00a0\u00bb][vc_btn title=\u00a0\u00bbBatterie d&rsquo;artillerie suisse pendant le sie\u0300ge de Huningue &#8211; 26 juin 1815 &#8211; Paul \u00a0\u00bb style=\u00a0\u00bbclassic\u00a0\u00bb shape=\u00a0\u00bbsquare\u00a0\u00bb color=\u00a0\u00bbdefault\u00a0\u00bb align=\u00a0\u00bbcenter\u00a0\u00bb i_align=\u00a0\u00bbright\u00a0\u00bb i_icon_fontawesome=\u00a0\u00bbfa fa-eye\u00a0\u00bb add_icon=\u00a0\u00bbtrue\u00a0\u00bb css=\u00a0\u00bb.vc_custom_1591978911998{margin-top: -5px !important;margin-left: -5px !important;}\u00a0\u00bb link=\u00a0\u00bburl:https%3A%2F%2Ffr.wikipedia.org%2Fwiki%2FSi%25C3%25A8ges_de_Huningue_pendant_les_guerres_de_la_R%25C3%25A9volution_fran%25C3%25A7aise_et_du_Premier_Empire%23%2Fmedia%2FFichier%3AZuercher_Batterie_Belagerung_Hueningen.jpg||target:%20_blank|\u00a0\u00bb][\/vc_column_inner][vc_column_inner width=\u00a0\u00bb1\/3&Prime;][\/vc_column_inner][\/vc_row_inner][\/vc_column][\/vc_row][vc_row][vc_column][vc_btn title=\u00a0\u00bbCONS\u00c9QUENCES\u00a0\u00bb shape=\u00a0\u00bbsquare\u00a0\u00bb color=\u00a0\u00bbinverse\u00a0\u00bb size=\u00a0\u00bblg\u00a0\u00bb align=\u00a0\u00bbcenter\u00a0\u00bb button_block=\u00a0\u00bbtrue\u00a0\u00bb][vc_btn title=\u00a0\u00bbLE CONGR\u00c8S DE VIENNE\u00a0\u00bb shape=\u00a0\u00bbsquare\u00a0\u00bb color=\u00a0\u00bbdanger\u00a0\u00bb size=\u00a0\u00bblg\u00a0\u00bb align=\u00a0\u00bbcenter\u00a0\u00bb button_block=\u00a0\u00bbtrue\u00a0\u00bb][\/vc_column][\/vc_row][vc_row][vc_column][vc_column_text]Le\u00a0<b>congr\u00e8s de Vienne<\/b> eut lieu \u00e0 Vienne (Autriche) du 18 septembre 1814 au 9 juin 1815. Il dura plus que pr\u00e9vu \u00e0 cause de l&rsquo;\u00e9chapp\u00e9e de Napol\u00e9on de l&rsquo;\u00eele d&rsquo;Elbe. Les repr\u00e9sentants des pays vainqueurs et vaincus se sont r\u00e9unis pour d\u00e9cider du sort de chacun. C&rsquo;est le premier grand congr\u00e8s international regroupant les repr\u00e9sentants de plusieurs puissances.<\/p>\n<p>Les pays vainqueurs de <a title=\"Napol\u00e9on Ier\" href=\"https:\/\/fr.wikipedia.org\/wiki\/Napol%C3%A9on_Ier\">Napol\u00e9on\u00a0<abbr class=\"abbr\" title=\"premier\">I<sup>er<\/sup><\/abbr><\/a> ainsi que les autres \u00c9tats europ\u00e9ens se r\u00e9unissent pour r\u00e9diger et signer les conditions de la paix et donc d\u00e9terminer les fronti\u00e8res et tenter d&rsquo;\u00e9tablir un nouvel ordre pacifique. Le congr\u00e8s de Vienne permet \u00e9galement la discussion sur la libre circulation navale, l&rsquo;abolition de la\u00a0<a title=\"Traites n\u00e9gri\u00e8res\" href=\"https:\/\/fr.wikipedia.org\/wiki\/Traites_n%C3%A9gri%C3%A8res\">traite n\u00e9gri\u00e8re<\/a>\u00a0(et non pas de l&rsquo;<a title=\"Esclavage\" href=\"https:\/\/fr.wikipedia.org\/wiki\/Esclavage\">esclavage<\/a>, qui persiste cependant),et la mise en avant de la <a title=\"Neutralit\u00e9 perp\u00e9tuelle de la Suisse\" href=\"https:\/\/fr.wikipedia.org\/wiki\/Neutralit%C3%A9_perp%C3%A9tuelle_de_la_Suisse\">neutralit\u00e9 de la Suisse<\/a>\u00a0et de la\u00a0<a title=\"Zone neutralis\u00e9e de Savoie\" href=\"https:\/\/fr.wikipedia.org\/wiki\/Zone_neutralis%C3%A9e_de_Savoie\">neutralit\u00e9 de la Savoie<\/a>.[\/vc_column_text][\/vc_column][\/vc_row][vc_row][vc_column width=\u00a0\u00bb1\/2&Prime;][vc_single_image image=\u00a0\u00bb19786&Prime; img_size=\u00a0\u00bbfull\u00a0\u00bb onclick=\u00a0\u00bblink_image\u00a0\u00bb css=\u00a0\u00bb.vc_custom_1591980960707{margin-bottom: -10px !important;}\u00a0\u00bb][\/vc_column][vc_column width=\u00a0\u00bb1\/2&Prime;][vc_single_image image=\u00a0\u00bb19771&Prime; img_size=\u00a0\u00bbfull\u00a0\u00bb onclick=\u00a0\u00bblink_image\u00a0\u00bb css=\u00a0\u00bb.vc_custom_1591981294757{margin-bottom: -10px !important;}\u00a0\u00bb][\/vc_column][\/vc_row][vc_row][vc_column][vc_btn title=\u00a0\u00bbLe congr\u00e8s de Vienne &#8211; 18 septembre 1814 au 9 juin 1815 &#8211; Jean-Baptiste Isabey &#8211; Lieu de conservation inconnu\u00a0\u00bb style=\u00a0\u00bbclassic\u00a0\u00bb shape=\u00a0\u00bbsquare\u00a0\u00bb color=\u00a0\u00bbdefault\u00a0\u00bb size=\u00a0\u00bblg\u00a0\u00bb align=\u00a0\u00bbcenter\u00a0\u00bb i_align=\u00a0\u00bbright\u00a0\u00bb i_icon_fontawesome=\u00a0\u00bbfa fa-eye\u00a0\u00bb button_block=\u00a0\u00bbtrue\u00a0\u00bb add_icon=\u00a0\u00bbtrue\u00a0\u00bb css=\u00a0\u00bb.vc_custom_1591981492453{margin-top: -5px !important;margin-left: -5px !important;}\u00a0\u00bb link=\u00a0\u00bburl:https%3A%2F%2Fwww.wikidata.org%2Fwiki%2FQ2724511%23%2Fmedia%2FFile%3ASadler%2C_Battle_of_Waterloo.jpg||target:%20_blank|\u00a0\u00bb][\/vc_column][\/vc_row][vc_row][vc_column][vc_column_text]Congr\u00e8s de Vienne &#8211; Isabay &#8211; Repr\u00e9sent\u00e9 sur le tableau &#8211; <a href=\"https:\/\/aline-voinot.com\/index.php\/arthur-wellesley-duc-de-wellington\/\">Duc de Wellington<\/a> (UK), 2. Joaquim Lobo da Silveira (Portugal) 3. Antonio Saldanha da Gama (Portugal) 4. Comte L\u00f6wenhielm (Sweden) 5. Jean de Noailles (France), 6. Prince de Metternich (Austriche), 7. Dupin de Elder (France), 8. Comte Nesselrode (Russie), 9.Duc de Palmela (Portugal), 10.Vicomte Castlereagh (UK), 11. Duc de Dalberg (France) 12. Ignaz Heinrich von Wessenberg (Confederation du Rhin), 13. Andreas Razumovsky (Russie), 14.Charles Stewart, 3e Marquis de Londonderry (UK), 15.Pedro Gomez Labrador, Marquis de Labrador (Espagne), 16.Richard Le Poer Trench, 2nd Earl of Clancarty (UK) ,17.Wacken (Recorder), 18.Friedrich von Gentz (Secr\u00e9taire du Congres), 19.Baron Friedrich Wilhelm Christian Karl Ferdinand von Humboldt (Prusse), 20.William Schaw Cathcart, 1st Earl Cathcart (UK) 21.Prince Karl August von Hardenberg, 22.<a href=\"https:\/\/aline-voinot.com\/index.php\/charles-maurice-de-talleyrand\/\">Talleyrand<\/a> (France), 23.Comte Gustav Ernst de Stackelberg (Russie), 24.probablement <a href=\"https:\/\/aline-voinot.com\/index.php\/francois-ier-dautriche\/\">Francois II<\/a>, Empereur d&rsquo;Autriche, 25.Comte Wenzel Anton Kaunitz[\/vc_column_text][\/vc_column][\/vc_row][vc_row][vc_column width=\u00a0\u00bb1\/3&Prime;][vc_custom_heading text=\u00a0\u00bbContexte\u00a0\u00bb font_container=\u00a0\u00bbtag:h2|text_align:center\u00a0\u00bb google_fonts=\u00a0\u00bbfont_family:Voces%3Aregular|font_style:400%20regular%3A400%3Anormal\u00a0\u00bb][vc_column_text]<\/p>\n<ul>\n<li>En 1813, la sixi\u00e8me coalition prend l&rsquo;ascendant\u00a0 sur Napol\u00e9on Ier<\/li>\n<li>Paris est envahi par les alli\u00e9s le <time class=\"nowrap\" datetime=\"1814-03-31\" data-sort-value=\"1814-03-31\">31 mars 1814<\/time> et les mar\u00e9chaux forcent l&rsquo;Empereur \u00e0 abdiquer<\/li>\n<li>Le S\u00e9nat proclame <a title=\"Louis XVIII\" href=\"https:\/\/aline-voinot.com\/index.php\/louis-xviii-louis-stanislas-xavier-de-france\/\"><span class=\"nowrap\">Louis\u00a0<abbr class=\"abbr\" title=\"18\"><span class=\"romain\">XVIII<\/span><\/abbr><\/span><\/a><span class=\"nowrap\"><abbr class=\"abbr\" title=\"18\"><span class=\"romain\"> roi de France. Ce dernier rentre en France et arrive au ch\u00e2teau des Tuileries<\/span><\/abbr><\/span><\/li>\n<li>Le trait\u00e9 de Paris du <time class=\"nowrap\" datetime=\"1814-05-30\" data-sort-value=\"1814-05-30\">30 mai 1814 <\/time>r\u00e8gle en partie le sort de la France, car un congr\u00e8s doit se r\u00e9unir \u00e0 Vienne pour r\u00e9gler le sort des territoires repris \u00e0 Napol\u00e9on, congr\u00e8s qui d\u00e9bute le <time class=\"nowrap\" datetime=\"1814-11-01\" data-sort-value=\"1814-11-01\"><abbr class=\"abbr\" title=\"premier\">1<sup>er<\/sup><\/abbr>\u00a0novembre 1814<\/time><\/li>\n<li><sup id=\"cite_ref-P404_1-2\" class=\"reference\"><\/sup>Le congr\u00e8s se poursuit pendant les Cent-Jours<\/li>\n<li>Apr\u00e8s la bataille de Waterloo, Napol\u00e9on abdique pour la seconde fois de mani\u00e8re d\u00e9finitive<\/li>\n<li>La France se voit inflig\u00e9e un second trait\u00e9 de Paris beaucoup plus s\u00e9v\u00e8re que celui de 1814<\/li>\n<\/ul>\n<p>[\/vc_column_text][\/vc_column][vc_column width=\u00a0\u00bb1\/3&Prime;][vc_custom_heading text=\u00a0\u00bbRed\u00e9finition des fronti\u00e8res\u00a0\u00bb font_container=\u00a0\u00bbtag:h2|text_align:center\u00a0\u00bb google_fonts=\u00a0\u00bbfont_family:Voces%3Aregular|font_style:400%20regular%3A400%3Anormal\u00a0\u00bb][vc_single_image image=\u00a0\u00bb24128&Prime; img_size=\u00a0\u00bbfull\u00a0\u00bb onclick=\u00a0\u00bblink_image\u00a0\u00bb css=\u00a0\u00bb.vc_custom_1591982563108{margin-bottom: -10px !important;}\u00a0\u00bb][vc_btn title=\u00a0\u00bbL&rsquo;Europe en 1815 &#8211; Situation politique apr\u00e8s le Congress de Vienna en June 1815 &#8211; Red\u00e9finition des fronti\u00e8res &#8211; d&rsquo;apr\u00e8s Alexander Altenhof\u00a0\u00bb style=\u00a0\u00bbclassic\u00a0\u00bb shape=\u00a0\u00bbsquare\u00a0\u00bb color=\u00a0\u00bbdefault\u00a0\u00bb size=\u00a0\u00bblg\u00a0\u00bb align=\u00a0\u00bbcenter\u00a0\u00bb i_align=\u00a0\u00bbright\u00a0\u00bb i_icon_fontawesome=\u00a0\u00bbfa fa-eye\u00a0\u00bb button_block=\u00a0\u00bbtrue\u00a0\u00bb add_icon=\u00a0\u00bbtrue\u00a0\u00bb css=\u00a0\u00bb.vc_custom_1591982686065{margin-top: -5px !important;margin-left: -5px !important;}\u00a0\u00bb link=\u00a0\u00bburl:https%3A%2F%2Ffr.wikipedia.org%2Fwiki%2FCongr%25C3%25A8s_de_Vienne%23%2Fmedia%2FFichier%3AEurope_1815_map_en.png||target:%20_blank|\u00a0\u00bb][\/vc_column][vc_column width=\u00a0\u00bb1\/3&Prime;][vc_custom_heading text=\u00a0\u00bbCons\u00e9quences\u00a0\u00bb font_container=\u00a0\u00bbtag:h2|text_align:center\u00a0\u00bb google_fonts=\u00a0\u00bbfont_family:Voces%3Aregular|font_style:400%20regular%3A400%3Anormal\u00a0\u00bb][vc_column_text]<\/p>\n<ul>\n<li>Retour des rois l\u00e9gitimes dans leurs royaumes, sans tenir compte \u00ab\u00a0du droit des nationalit\u00e9\u00a0\u00bb. L&rsquo;Allemagne libre et unifi\u00e9e tant souhait\u00e9e par le peuple ne se fera pas, de m\u00eame que l&rsquo;unification des territoires italiens, ce qui laisse place \u00e0 des r\u00e9voltes qui secoueront l&rsquo;Europe trente ans plus tard<\/li>\n<li>Red\u00e9finition des fronti\u00e8res des \u00c9tats europ\u00e9ens<\/li>\n<li>Discussion sur la libre circulation navale<\/li>\n<li>Abolition de la traite n\u00e9gri\u00e8re (et non pas de l&rsquo;esclavage qui persiste en particulier aux \u00c9tats-Unis).<\/li>\n<\/ul>\n<p>[\/vc_column_text][\/vc_column][\/vc_row][vc_row][vc_column width=\u00a0\u00bb1\/2&Prime;][vc_custom_heading text=\u00a0\u00bbL&rsquo;Allemagne reste morcel\u00e9e\u00a0\u00bb font_container=\u00a0\u00bbtag:h2|text_align:center\u00a0\u00bb google_fonts=\u00a0\u00bbfont_family:Voces%3Aregular|font_style:400%20regular%3A400%3Anormal\u00a0\u00bb][vc_single_image image=\u00a0\u00bb24141&Prime; img_size=\u00a0\u00bbfull\u00a0\u00bb onclick=\u00a0\u00bblink_image\u00a0\u00bb css=\u00a0\u00bb.vc_custom_1591987072849{margin-bottom: -10px !important;}\u00a0\u00bb][vc_btn title=\u00a0\u00bbLa division politique de l&rsquo;Allemagne et la Conf\u00e9d\u00e9ration germanique apr\u00e8s le Congr\u00e8s de Vienne\u00a0\u00bb style=\u00a0\u00bbclassic\u00a0\u00bb shape=\u00a0\u00bbsquare\u00a0\u00bb color=\u00a0\u00bbdefault\u00a0\u00bb size=\u00a0\u00bblg\u00a0\u00bb align=\u00a0\u00bbcenter\u00a0\u00bb i_align=\u00a0\u00bbright\u00a0\u00bb i_icon_fontawesome=\u00a0\u00bbfa fa-eye\u00a0\u00bb button_block=\u00a0\u00bbtrue\u00a0\u00bb add_icon=\u00a0\u00bbtrue\u00a0\u00bb css=\u00a0\u00bb.vc_custom_1591986798781{margin-top: -5px !important;margin-left: -5px !important;}\u00a0\u00bb link=\u00a0\u00bburl:https%3A%2F%2Ffr.vikidia.org%2Fwiki%2FCongr%25C3%25A8s_de_Vienne%23%2Fmedia%2FFile%3ADeutscher_Bund.png||target:%20_blank|\u00a0\u00bb][\/vc_column][vc_column width=\u00a0\u00bb1\/2&Prime;][vc_custom_heading text=\u00a0\u00bbLes territoires italiens ne seront pas unifi\u00e9s\u00a0\u00bb font_container=\u00a0\u00bbtag:h2|text_align:center\u00a0\u00bb google_fonts=\u00a0\u00bbfont_family:Voces%3Aregular|font_style:400%20regular%3A400%3Anormal\u00a0\u00bb][vc_single_image image=\u00a0\u00bb24142&Prime; img_size=\u00a0\u00bb400&#215;590&Prime; alignment=\u00a0\u00bbcenter\u00a0\u00bb onclick=\u00a0\u00bblink_image\u00a0\u00bb css=\u00a0\u00bb.vc_custom_1591987248764{margin-bottom: -10px !important;}\u00a0\u00bb][vc_btn title=\u00a0\u00bbLa division territoriale de l&rsquo;Italie en 1859, avant l&rsquo;unification italienne &#8211; d&rsquo;apr\u00e8s Alexandrin\u00a0\u00bb style=\u00a0\u00bbclassic\u00a0\u00bb shape=\u00a0\u00bbsquare\u00a0\u00bb color=\u00a0\u00bbdefault\u00a0\u00bb size=\u00a0\u00bblg\u00a0\u00bb align=\u00a0\u00bbcenter\u00a0\u00bb i_align=\u00a0\u00bbright\u00a0\u00bb i_icon_fontawesome=\u00a0\u00bbfa fa-eye\u00a0\u00bb button_block=\u00a0\u00bbtrue\u00a0\u00bb add_icon=\u00a0\u00bbtrue\u00a0\u00bb css=\u00a0\u00bb.vc_custom_1591987301284{margin-top: -5px !important;margin-left: -5px !important;}\u00a0\u00bb link=\u00a0\u00bburl:https%3A%2F%2Ffr.vikidia.org%2Fwiki%2FCongr%25C3%25A8s_de_Vienne%23%2Fmedia%2FFile%3AItalie_1859.jpg||target:%20_blank|\u00a0\u00bb][\/vc_column][\/vc_row]<\/p>\n","protected":false},"excerpt":{"rendered":"<p>[vc_row full_width=\u00a0\u00bbstretch_row\u00a0\u00bb css=\u00a0\u00bb.vc_custom_1519929301374{background-color: #376092 !important;}\u00a0\u00bb][vc_column width=\u00a0\u00bb1\/2&Prime;][vc_row_inner][vc_column_inner css=\u00a0\u00bb.vc_custom_1519814829730{padding-right: 50px !important;}\u00a0\u00bb][vc_column_text] SYNOPSIS BELLLIGERANTS Empire fran\u00e7ais contre Empires Russe, Autrichien, Royaumes Angleterre, Prusse, Conf\u00e9d\u00e9ration germanique DATE 15 juin au 20 juin 1815 LIEU France, Belgique CAUSUS BELLI Les coalis\u00e9s le d\u00e9clarent Napol\u00e9on \u00ab\u00a0ennemi<\/p>\n","protected":false},"author":1,"featured_media":0,"parent":0,"menu_order":0,"comment_status":"closed","ping_status":"closed","template":"","meta":{"footnotes":""},"class_list":["post-3623","page","type-page","status-publish","hentry"],"yoast_head":"<!-- This site is optimized with the Yoast SEO plugin v22.8 - https:\/\/yoast.com\/wordpress\/plugins\/seo\/ -->\n<title>Campagne de Belgique - L&#039;Histoire est un roman...<\/title>\n<meta name=\"robots\" content=\"index, follow, max-snippet:-1, max-image-preview:large, max-video-preview:-1\" \/>\n<link rel=\"canonical\" href=\"https:\/\/aline-voinot.com\/index.php\/campagne-de-belgique\/\" \/>\n<meta property=\"og:locale\" content=\"fr_FR\" \/>\n<meta property=\"og:type\" content=\"article\" \/>\n<meta property=\"og:title\" content=\"Campagne de Belgique - L&#039;Histoire est un roman...\" \/>\n<meta property=\"og:description\" content=\"[vc_row full_width=\u00a0\u00bbstretch_row\u00a0\u00bb css=\u00a0\u00bb.vc_custom_1519929301374{background-color: #376092 !important;}\u00a0\u00bb][vc_column width=\u00a0\u00bb1\/2&Prime;][vc_row_inner][vc_column_inner css=\u00a0\u00bb.vc_custom_1519814829730{padding-right: 50px !important;}\u00a0\u00bb][vc_column_text] SYNOPSIS BELLLIGERANTS Empire fran\u00e7ais contre Empires Russe, Autrichien, Royaumes Angleterre, Prusse, Conf\u00e9d\u00e9ration germanique DATE 15 juin au 20 juin 1815 LIEU France, Belgique CAUSUS BELLI Les coalis\u00e9s le d\u00e9clarent Napol\u00e9on \u00ab\u00a0ennemi\" \/>\n<meta property=\"og:url\" content=\"https:\/\/aline-voinot.com\/index.php\/campagne-de-belgique\/\" \/>\n<meta property=\"og:site_name\" content=\"L&#039;Histoire est un roman...\" \/>\n<meta property=\"article:modified_time\" content=\"2021-06-22T18:47:30+00:00\" \/>\n<meta name=\"twitter:card\" content=\"summary_large_image\" \/>\n<meta name=\"twitter:label1\" content=\"Dur\u00e9e de lecture estim\u00e9e\" \/>\n\t<meta name=\"twitter:data1\" content=\"10 minutes\" \/>\n<script type=\"application\/ld+json\" class=\"yoast-schema-graph\">{\"@context\":\"https:\/\/schema.org\",\"@graph\":[{\"@type\":\"WebPage\",\"@id\":\"https:\/\/aline-voinot.com\/index.php\/campagne-de-belgique\/\",\"url\":\"https:\/\/aline-voinot.com\/index.php\/campagne-de-belgique\/\",\"name\":\"Campagne de Belgique - L&#039;Histoire est un roman...\",\"isPartOf\":{\"@id\":\"https:\/\/aline-voinot.com\/#website\"},\"datePublished\":\"2018-03-09T22:02:41+00:00\",\"dateModified\":\"2021-06-22T18:47:30+00:00\",\"breadcrumb\":{\"@id\":\"https:\/\/aline-voinot.com\/index.php\/campagne-de-belgique\/#breadcrumb\"},\"inLanguage\":\"fr-FR\",\"potentialAction\":[{\"@type\":\"ReadAction\",\"target\":[\"https:\/\/aline-voinot.com\/index.php\/campagne-de-belgique\/\"]}]},{\"@type\":\"BreadcrumbList\",\"@id\":\"https:\/\/aline-voinot.com\/index.php\/campagne-de-belgique\/#breadcrumb\",\"itemListElement\":[{\"@type\":\"ListItem\",\"position\":1,\"name\":\"Accueil\",\"item\":\"https:\/\/aline-voinot.com\/\"},{\"@type\":\"ListItem\",\"position\":2,\"name\":\"Campagne de Belgique\"}]},{\"@type\":\"WebSite\",\"@id\":\"https:\/\/aline-voinot.com\/#website\",\"url\":\"https:\/\/aline-voinot.com\/\",\"name\":\"L&#039;Histoire est un roman...\",\"description\":\"&quot;Destins connus, destins crois\u00e9s&quot; la premi\u00e8re encyclop\u00e9die romanc\u00e9e...\",\"potentialAction\":[{\"@type\":\"SearchAction\",\"target\":{\"@type\":\"EntryPoint\",\"urlTemplate\":\"https:\/\/aline-voinot.com\/?s={search_term_string}\"},\"query-input\":\"required name=search_term_string\"}],\"inLanguage\":\"fr-FR\"}]}<\/script>\n<!-- \/ Yoast SEO plugin. -->","yoast_head_json":{"title":"Campagne de Belgique - L&#039;Histoire est un roman...","robots":{"index":"index","follow":"follow","max-snippet":"max-snippet:-1","max-image-preview":"max-image-preview:large","max-video-preview":"max-video-preview:-1"},"canonical":"https:\/\/aline-voinot.com\/index.php\/campagne-de-belgique\/","og_locale":"fr_FR","og_type":"article","og_title":"Campagne de Belgique - L&#039;Histoire est un roman...","og_description":"[vc_row full_width=\u00a0\u00bbstretch_row\u00a0\u00bb css=\u00a0\u00bb.vc_custom_1519929301374{background-color: #376092 !important;}\u00a0\u00bb][vc_column width=\u00a0\u00bb1\/2&Prime;][vc_row_inner][vc_column_inner css=\u00a0\u00bb.vc_custom_1519814829730{padding-right: 50px !important;}\u00a0\u00bb][vc_column_text] SYNOPSIS BELLLIGERANTS Empire fran\u00e7ais contre Empires Russe, Autrichien, Royaumes Angleterre, Prusse, Conf\u00e9d\u00e9ration germanique DATE 15 juin au 20 juin 1815 LIEU France, Belgique CAUSUS BELLI Les coalis\u00e9s le d\u00e9clarent Napol\u00e9on \u00ab\u00a0ennemi","og_url":"https:\/\/aline-voinot.com\/index.php\/campagne-de-belgique\/","og_site_name":"L&#039;Histoire est un roman...","article_modified_time":"2021-06-22T18:47:30+00:00","twitter_card":"summary_large_image","twitter_misc":{"Dur\u00e9e de lecture estim\u00e9e":"10 minutes"},"schema":{"@context":"https:\/\/schema.org","@graph":[{"@type":"WebPage","@id":"https:\/\/aline-voinot.com\/index.php\/campagne-de-belgique\/","url":"https:\/\/aline-voinot.com\/index.php\/campagne-de-belgique\/","name":"Campagne de Belgique - L&#039;Histoire est un roman...","isPartOf":{"@id":"https:\/\/aline-voinot.com\/#website"},"datePublished":"2018-03-09T22:02:41+00:00","dateModified":"2021-06-22T18:47:30+00:00","breadcrumb":{"@id":"https:\/\/aline-voinot.com\/index.php\/campagne-de-belgique\/#breadcrumb"},"inLanguage":"fr-FR","potentialAction":[{"@type":"ReadAction","target":["https:\/\/aline-voinot.com\/index.php\/campagne-de-belgique\/"]}]},{"@type":"BreadcrumbList","@id":"https:\/\/aline-voinot.com\/index.php\/campagne-de-belgique\/#breadcrumb","itemListElement":[{"@type":"ListItem","position":1,"name":"Accueil","item":"https:\/\/aline-voinot.com\/"},{"@type":"ListItem","position":2,"name":"Campagne de Belgique"}]},{"@type":"WebSite","@id":"https:\/\/aline-voinot.com\/#website","url":"https:\/\/aline-voinot.com\/","name":"L&#039;Histoire est un roman...","description":"&quot;Destins connus, destins crois\u00e9s&quot; la premi\u00e8re encyclop\u00e9die romanc\u00e9e...","potentialAction":[{"@type":"SearchAction","target":{"@type":"EntryPoint","urlTemplate":"https:\/\/aline-voinot.com\/?s={search_term_string}"},"query-input":"required name=search_term_string"}],"inLanguage":"fr-FR"}]}},"_links":{"self":[{"href":"https:\/\/aline-voinot.com\/index.php\/wp-json\/wp\/v2\/pages\/3623","targetHints":{"allow":["GET"]}}],"collection":[{"href":"https:\/\/aline-voinot.com\/index.php\/wp-json\/wp\/v2\/pages"}],"about":[{"href":"https:\/\/aline-voinot.com\/index.php\/wp-json\/wp\/v2\/types\/page"}],"author":[{"embeddable":true,"href":"https:\/\/aline-voinot.com\/index.php\/wp-json\/wp\/v2\/users\/1"}],"replies":[{"embeddable":true,"href":"https:\/\/aline-voinot.com\/index.php\/wp-json\/wp\/v2\/comments?post=3623"}],"version-history":[{"count":0,"href":"https:\/\/aline-voinot.com\/index.php\/wp-json\/wp\/v2\/pages\/3623\/revisions"}],"wp:attachment":[{"href":"https:\/\/aline-voinot.com\/index.php\/wp-json\/wp\/v2\/media?parent=3623"}],"curies":[{"name":"wp","href":"https:\/\/api.w.org\/{rel}","templated":true}]}}