{"id":3749,"date":"2018-03-10T23:38:32","date_gmt":"2018-03-10T22:38:32","guid":{"rendered":"http:\/\/aline-voinot.com\/?page_id=3749"},"modified":"2021-06-22T20:25:27","modified_gmt":"2021-06-22T18:25:27","slug":"campagne-de-pologne","status":"publish","type":"page","link":"https:\/\/aline-voinot.com\/index.php\/campagne-de-pologne\/","title":{"rendered":"Campagne de Pologne"},"content":{"rendered":"<p>[vc_row full_width=\u00a0\u00bbstretch_row\u00a0\u00bb css=\u00a0\u00bb.vc_custom_1519929301374{background-color: #376092 !important;}\u00a0\u00bb][vc_column width=\u00a0\u00bb1\/2&Prime;][vc_column_text]<\/p>\n<h6 style=\"text-align: center;\"><span style=\"color: #ffffff;\">SYNOPSIS<\/span><\/h6>\n<table>\n<tbody>\n<tr>\n<td width=\"88\"><span style=\"color: #ffffff;\"><strong>BELLLIG\u00c9RANTS<\/strong><\/span><\/td>\n<td width=\"365\"><span style=\"color: #ffffff;\">Empire fran\u00e7ais contre la quatri\u00e8me coalition men\u00e9e par le Royaume-Uni de Grande-Bretagne et d\u2019Irlande et ses alli\u00e9s\u00a0: l\u2019Empire russe, le Royaume de Su\u00e8de et la Prusse<\/span><\/td>\n<\/tr>\n<tr>\n<td width=\"88\"><span style=\"color: #ffffff;\"><strong>DATE<\/strong><\/span><\/td>\n<td width=\"365\"><span style=\"color: #ffffff;\">1806 &#8211; 1807<\/span><\/td>\n<\/tr>\n<tr>\n<td width=\"88\"><span style=\"color: #ffffff;\"><strong>LIEU<\/strong><\/span><\/td>\n<td width=\"365\"><span style=\"color: #ffffff;\">Europe<\/span><\/td>\n<\/tr>\n<tr>\n<td width=\"88\"><span style=\"color: #ffffff;\"><strong>CAUSUS BELLI<\/strong><\/span><\/td>\n<td width=\"365\"><span style=\"color: #ffffff;\">La Prusse n\u2019acceptant pas la r\u00e9organisation de la Prusse par Napol\u00e9on Ier, elle rejoint les diff\u00e9rents \u00e9tats, d\u00e9j\u00e0 en guerre avec l\u2019Empire fran\u00e7ais.<\/span><\/td>\n<\/tr>\n<tr>\n<td width=\"88\"><span style=\"color: #ffffff;\"><strong>CONTEXTE<\/strong><\/span><\/td>\n<td width=\"365\"><span style=\"color: #ffffff;\">La campagne de Pologne correspond \u00e0 la seconde \u00e9tape de la quatri\u00e8me coalition<\/span><\/td>\n<\/tr>\n<tr>\n<td width=\"88\"><span style=\"color: #ffffff;\"><strong>R\u00c9SULTATS<\/strong><\/span><\/td>\n<td width=\"365\"><span style=\"color: #ffffff;\">Victoire fran\u00e7aise<\/span><\/td>\n<\/tr>\n<tr>\n<td width=\"88\"><span style=\"color: #ffffff;\"><strong>CONS\u00c9QUENCES<\/strong><\/span><\/td>\n<td width=\"365\"><span style=\"color: #ffffff;\">Trait\u00e9 de Tilsit<\/span><\/td>\n<\/tr>\n<\/tbody>\n<\/table>\n<p>[\/vc_column_text][\/vc_column][vc_column width=\u00a0\u00bb1\/4&Prime;][vc_column_text]<\/p>\n<h6 style=\"text-align: center;\"><span style=\"color: #ffffff;\">PREMIER EMPIRE FRAN\u00c7AIS<\/span><\/h6>\n<p style=\"text-align: center;\"><span style=\"color: #ffffff;\">&#8211;<\/span><\/p>\n<p>[\/vc_column_text][vc_btn title=\u00a0\u00bbPrincipaux commandants\u00a0\u00bb color=\u00a0\u00bbmulled-wine\u00a0\u00bb size=\u00a0\u00bblg\u00a0\u00bb align=\u00a0\u00bbcenter\u00a0\u00bb i_align=\u00a0\u00bbright\u00a0\u00bb i_type=\u00a0\u00bbentypo\u00a0\u00bb i_icon_entypo=\u00a0\u00bbentypo-icon entypo-icon-user\u00a0\u00bb button_block=\u00a0\u00bbtrue\u00a0\u00bb add_icon=\u00a0\u00bbtrue\u00a0\u00bb][vc_column_text]<span style=\"color: #ffffff;\">Napl\u00e9on Ier<\/span><br \/>\n<span style=\"color: #ffffff;\">Jean Lannes (France)<\/span><br \/>\n<span style=\"color: #ffffff;\">Anne Jean Marie Ren\u00e9 Savary (France)<\/span><br \/>\n<span style=\"color: #ffffff;\">Fran\u00e7ois-Joseph Lefebvre (France)<\/span><br \/>\n<span style=\"color: #ffffff;\">Michel Ney (France)<\/span>[\/vc_column_text][vc_btn title=\u00a0\u00bbTome 1&Prime; color=\u00a0\u00bbdanger\u00a0\u00bb size=\u00a0\u00bbxs\u00a0\u00bb][\/vc_column][vc_column width=\u00a0\u00bb1\/4&Prime;][vc_column_text]<\/p>\n<h6 style=\"text-align: center;\"><span style=\"color: #ffffff;\">QUATRI\u00c8ME COALITION<\/span><\/h6>\n<p style=\"text-align: center;\"><span style=\"color: #ffffff;\">&#8211;<\/span><\/p>\n<p>[\/vc_column_text][vc_btn title=\u00a0\u00bbPrincipaux commandants\u00a0\u00bb color=\u00a0\u00bbmulled-wine\u00a0\u00bb size=\u00a0\u00bblg\u00a0\u00bb align=\u00a0\u00bbcenter\u00a0\u00bb i_align=\u00a0\u00bbright\u00a0\u00bb i_type=\u00a0\u00bbentypo\u00a0\u00bb i_icon_entypo=\u00a0\u00bbentypo-icon entypo-icon-user\u00a0\u00bb button_block=\u00a0\u00bbtrue\u00a0\u00bb add_icon=\u00a0\u00bbtrue\u00a0\u00bb][vc_column_text]<span style=\"color: #ffffff;\">Alexandre Ier (Russe)<\/span><br \/>\n<span style=\"color: #ffffff;\">Pierre de Bragation (Russe)<\/span><br \/>\n<span style=\"color: #ffffff;\">Levin von Bennigsen (Hanovre)<\/span><br \/>\n<span style=\"color: #ffffff;\">Anton von L&rsquo;Estocq (Prussien)<\/span><br \/>\n<span style=\"color: #ffffff;\">Ivan Essen (Russe)<\/span><br \/>\n<span style=\"color: #ffffff;\">Nikola\u00ef Kamenski (Russe)<\/span><br \/>\n<span style=\"color: #ffffff;\">Fredrich von Kalckreuth (Prussien)<\/span><\/p>\n<p>&nbsp;[\/vc_column_text][\/vc_column][\/vc_row][vc_row][vc_column][vc_column_text]Finaliser tableaux et liens boutons&nbsp; cartes[\/vc_column_text][vc_row_inner][vc_column_inner width=\u00a0\u00bb1\/3&Prime;][vc_single_image image=\u00a0\u00bb23855&Prime; img_size=\u00a0\u00bb450X300&Prime; onclick=\u00a0\u00bblink_image\u00a0\u00bb css=\u00a0\u00bb.vc_custom_1591522130125{margin-bottom: -10px !important;}\u00a0\u00bb][vc_btn title=\u00a0\u00bbBataille d&rsquo;Eylau &#8211; 8 fe\u0301vrier 1807 &#8211; Napole\u0301on a\u0300 la Bataille d&rsquo;Eylau par Antoine -Jean Gros-Muse\u0301e d&rsquo;Art de Toledo, Ohio (USA)\u00a0\u00bb style=\u00a0\u00bbclassic\u00a0\u00bb shape=\u00a0\u00bbsquare\u00a0\u00bb color=\u00a0\u00bbdefault\u00a0\u00bb align=\u00a0\u00bbcenter\u00a0\u00bb i_align=\u00a0\u00bbright\u00a0\u00bb i_icon_fontawesome=\u00a0\u00bbfa fa-eye\u00a0\u00bb add_icon=\u00a0\u00bbtrue\u00a0\u00bb css=\u00a0\u00bb.vc_custom_1591522145451{margin-top: -5px !important;margin-left: -5px !important;}\u00a0\u00bb link=\u00a0\u00bburl:https%3A%2F%2Ffr.wikipedia.org%2Fwiki%2FBataille_d%2527Eylau%23%2Fmedia%2FFile%3AAntoine-Jean_Gros_-_Napoleon_on_the_Battlefield_of_Eylau_-_Google_Art_Project.jpg||target:%20_blank|\u00a0\u00bb][\/vc_column_inner][vc_column_inner width=\u00a0\u00bb1\/3&Prime;][vc_single_image image=\u00a0\u00bb23865&Prime; img_size=\u00a0\u00bbfull\u00a0\u00bb onclick=\u00a0\u00bblink_image\u00a0\u00bb css=\u00a0\u00bb.vc_custom_1591522166193{margin-bottom: -10px !important;}\u00a0\u00bb][vc_btn title=\u00a0\u00bbSi\u00e8ge de Dantzig (actuelle Gda\u0144sk) &#8211; du 19 mars au 24 mai 1807 &#8211; vue ge\u0301ne\u0301rale de la ville et installation d&rsquo;une batterie d&rsquo;artillerie -Constant Bourgeois &#8211; Muse\u0301e du cha\u0302teau de Versailles (Fr)\u00a0\u00bb style=\u00a0\u00bbclassic\u00a0\u00bb shape=\u00a0\u00bbsquare\u00a0\u00bb color=\u00a0\u00bbdefault\u00a0\u00bb align=\u00a0\u00bbcenter\u00a0\u00bb i_align=\u00a0\u00bbright\u00a0\u00bb i_icon_fontawesome=\u00a0\u00bbfa fa-eye\u00a0\u00bb add_icon=\u00a0\u00bbtrue\u00a0\u00bb css=\u00a0\u00bb.vc_custom_1591522174644{margin-top: -5px !important;margin-left: -5px !important;}\u00a0\u00bb link=\u00a0\u00bburl:http%3A%2F%2Fwww2.culture.gouv.fr%2Fpublic%2Fmistral%2Fjoconde_fr%3FACTION%3DRETROUVER%26FIELD_1%3DDOMN%26VALUE_1%3D%26FIELD_2%3DCtyob%26VALUE_2%3D%26FIELD_3%3DAUTR%26VALUE_3%3D%26FIELD_4%3DClieu%26VALUE_4%3D%26FIELD_5%3DREPR%26VALUE_5%3D%26FIELD_6%3DCdate%26VALUE_6%3D%26FIELD_7%3DDECV%26VALUE_7%3D%26FIELD_8%3DLOCA%26VALUE_8%3D%26FIELD_9%3DMat%25e9riaux%252ftechniques%26VALUE_9%3D%26FIELD_10%3DTitre%26VALUE_10%3Ddantzig%26NUMBER%3D1%26GRP%3D0%26REQ%3D%2528%2528dantzig%2529%2520%253aTITR%2520%2529%26USRNAME%3Dnobody%26USRPWD%3D4%2524%252534P%26SPEC%3D5%26SYN%3D1%26IMLY%3D%26MAX1%3D1%26MAX2%3D1%26MAX3%3D200%26DOM%3DAll||target:%20_blank|\u00a0\u00bb][\/vc_column_inner][vc_column_inner width=\u00a0\u00bb1\/3&Prime;][vc_single_image image=\u00a0\u00bb23862&Prime; img_size=\u00a0\u00bbfull\u00a0\u00bb onclick=\u00a0\u00bblink_image\u00a0\u00bb css=\u00a0\u00bb.vc_custom_1591522186540{margin-bottom: -10px !important;}\u00a0\u00bb][vc_btn title=\u00a0\u00bbBatailles d&rsquo;Heilsberg &#8211; 10 juin 1807 &#8211; Hussards prussiens capturent le drapeau du 55e re\u0301giment d&rsquo;infanterie &#8211; Richard Kno\u0308tel &#8211; Die Ko\u0308nigin Luise in 50 Bildern fu\u0308r Jung und Alt de C. Ro\u0308chling, R. Kno\u0308tel, W. Friedrich, Berlin (Allemagne)\u00a0\u00bb style=\u00a0\u00bbclassic\u00a0\u00bb shape=\u00a0\u00bbsquare\u00a0\u00bb color=\u00a0\u00bbdefault\u00a0\u00bb align=\u00a0\u00bbcenter\u00a0\u00bb i_align=\u00a0\u00bbright\u00a0\u00bb i_icon_fontawesome=\u00a0\u00bbfa fa-eye\u00a0\u00bb add_icon=\u00a0\u00bbtrue\u00a0\u00bb css=\u00a0\u00bb.vc_custom_1591522193698{margin-top: -5px !important;margin-left: -5px !important;}\u00a0\u00bb link=\u00a0\u00bburl:https%3A%2F%2Ffr.wikipedia.org%2Fwiki%2FBataille_d%2527Heilsberg%23%2Fmedia%2FFile%3ASchlacht_bei_Heilsberg_1807.png||target:%20_blank|\u00a0\u00bb][\/vc_column_inner][\/vc_row_inner][vc_row_inner][vc_column_inner width=\u00a0\u00bb1\/3&Prime;][vc_single_image image=\u00a0\u00bb23861&Prime; img_size=\u00a0\u00bbfull\u00a0\u00bb onclick=\u00a0\u00bblink_image\u00a0\u00bb css=\u00a0\u00bb.vc_custom_1591522111252{margin-bottom: -10px !important;}\u00a0\u00bb][vc_btn title=\u00a0\u00bbBataille de Friedland &#8211; 14 juin 1807 &#8211; Napole\u0301on a\u0300 Friedland donnant ses instructions a\u0300 Oudinot &#8211; Horace Vernet &#8211; Lieu de conservation inconnu\u00a0\u00bb style=\u00a0\u00bbclassic\u00a0\u00bb shape=\u00a0\u00bbsquare\u00a0\u00bb color=\u00a0\u00bbdefault\u00a0\u00bb align=\u00a0\u00bbcenter\u00a0\u00bb i_align=\u00a0\u00bbright\u00a0\u00bb i_icon_fontawesome=\u00a0\u00bbfa fa-eye\u00a0\u00bb add_icon=\u00a0\u00bbtrue\u00a0\u00bb css=\u00a0\u00bb.vc_custom_1591522117494{margin-top: -5px !important;margin-left: -5px !important;}\u00a0\u00bb link=\u00a0\u00bburl:https%3A%2F%2Ffr.wikipedia.org%2Fwiki%2FBataille_de_Friedland%23%2Fmedia%2FFile%3ANapoleon_friedland.jpg||target:%20_blank|\u00a0\u00bb][\/vc_column_inner][vc_column_inner width=\u00a0\u00bb1\/3&Prime;][\/vc_column_inner][vc_column_inner width=\u00a0\u00bb1\/3&Prime;][vc_single_image image=\u00a0\u00bb3596&Prime; img_size=\u00a0\u00bbfull\u00a0\u00bb onclick=\u00a0\u00bbcustom_link\u00a0\u00bb img_link_target=\u00a0\u00bb_blank\u00a0\u00bb css=\u00a0\u00bb.vc_custom_1520670842484{margin-bottom: -10px !important;}\u00a0\u00bb link=\u00a0\u00bbhttp:\/\/www.culture.gouv.fr\/public\/mistral\/joconde_fr?ACTION=RETROUVER&amp;FIELD_98=REPR&amp;VALUE_98=%27Bavi%e8re%27&amp;NUMBER=2&amp;GRP=0&amp;REQ=%28%28%27Bavi%e8re%27%29%20%3aREPR%20%29&amp;USRNAME=nobody&amp;USRPWD=4%24%2534P&amp;SPEC=5&amp;SYN=1&amp;IMLY=&amp;MAX1=1&amp;MAX2=1&amp;MAX3=200&amp;DOM=All\u00a0\u00bb][\/vc_column_inner][\/vc_row_inner][vc_column_text css=\u00a0\u00bb.vc_custom_1520807437407{padding-top: 10px !important;padding-bottom: 10px !important;background-color: #272727 !important;}\u00a0\u00bb]<\/p>\n<p style=\"text-align: center;\"><span style=\"color: #ffffff;\">R\u00c9SULTAT &#8211; TRAIT\u00c9 DE TILSIT<\/span><\/p>\n<p>[\/vc_column_text][vc_column_text]Napol\u00e9on est au sommet de sa gloire. Le 25 juin 1809, <a title=\"Alexandre Ier (empereur de Russie)\" href=\"https:\/\/aline-voinot.com\/index.php\/alexandre-romanov-dit-alexandre-ier\/\">Alexandre I<sup>er<\/sup><\/a> vaincu et Napol\u00e9on Ier vainqueur, se rencontrent pour la premi\u00e8re fois sur un radeau construit au milieu du fleuve Niemen. Ils signeront le trait\u00e9 de Tilsit, deux jours plus tard. Un second trait\u00e9 de Tilsit est sign\u00e9 avec le roi de Prusse.<\/p>\n<p>Ces trait\u00e9s mettent fin aux guerres de la 4\u00e8me coalition La Prusse est la grande perdante. Elle c\u00e8de la moiti\u00e9 de son territoire, ce qui permettra \u00e0 Napol\u00e9on de restaurer la Pologne,\u00a0 avec la naissance du Duch\u00e9 de Varsovie \u00e9chu au roi de Saxe. Une autre partie de ces terres est attribu\u00e9e \u00e0 la Russie. Un nouveau royaume de Westphalie est offert \u00e0 J\u00e9rome Bonaparte qui a \u00e9pous\u00e9 Catherine de Wurtemberg.[\/vc_column_text][vc_row_inner][vc_column_inner width=\u00a0\u00bb1\/3&Prime;][vc_single_image image=\u00a0\u00bb23860&Prime; img_size=\u00a0\u00bbfull\u00a0\u00bb alignment=\u00a0\u00bbcenter\u00a0\u00bb onclick=\u00a0\u00bblink_image\u00a0\u00bb css=\u00a0\u00bb.vc_custom_1591522234459{margin-bottom: -10px !important;}\u00a0\u00bb][vc_btn title=\u00a0\u00bbTrait\u00e9 de Tilsit &#8211; 25 juin 1807 &#8211; Entrevue de Napole\u0301on Ier et d&rsquo;Alexandre Ier sur le Niemen &#8211; Adolphe Roehn &#8211; Muse\u0301e du cha\u0302teau de Versailles (France)\u00a0\u00bb style=\u00a0\u00bbclassic\u00a0\u00bb shape=\u00a0\u00bbsquare\u00a0\u00bb color=\u00a0\u00bbdefault\u00a0\u00bb align=\u00a0\u00bbcenter\u00a0\u00bb i_align=\u00a0\u00bbright\u00a0\u00bb i_icon_fontawesome=\u00a0\u00bbfa fa-eye\u00a0\u00bb add_icon=\u00a0\u00bbtrue\u00a0\u00bb css=\u00a0\u00bb.vc_custom_1591522240791{margin-top: -5px !important;margin-left: -5px !important;}\u00a0\u00bb link=\u00a0\u00bburl:https%3A%2F%2Ffr.wikipedia.org%2Fwiki%2FTrait%25C3%25A9s_de_Tilsit%23%2Fmedia%2FFile%3ATilsitz_1807.JPG||target:%20_blank|\u00a0\u00bb][\/vc_column_inner][vc_column_inner width=\u00a0\u00bb1\/3&Prime;][vc_empty_space][vc_single_image image=\u00a0\u00bb23867&Prime; img_size=\u00a0\u00bbfull\u00a0\u00bb alignment=\u00a0\u00bbcenter\u00a0\u00bb onclick=\u00a0\u00bblink_image\u00a0\u00bb css=\u00a0\u00bb.vc_custom_1591522258410{margin-bottom: -10px !important;}\u00a0\u00bb][vc_btn title=\u00a0\u00bbTraite\u0301s de Tilsit &#8211; 7 et 9 juillet 1807 &#8211; Adieux de Napole\u0301on et d&rsquo;Alexandre apre\u0300s la paix de Tilsit, le 9 juillet 1807 &#8211; Gioacchino Serangeli &#8211; muse\u0301e Cha\u0302teau de Versailles (France)\u00a0\u00bb style=\u00a0\u00bbclassic\u00a0\u00bb shape=\u00a0\u00bbsquare\u00a0\u00bb color=\u00a0\u00bbdefault\u00a0\u00bb align=\u00a0\u00bbcenter\u00a0\u00bb i_align=\u00a0\u00bbright\u00a0\u00bb i_icon_fontawesome=\u00a0\u00bbfa fa-eye\u00a0\u00bb add_icon=\u00a0\u00bbtrue\u00a0\u00bb css=\u00a0\u00bb.vc_custom_1591522275169{margin-top: -5px !important;margin-left: -5px !important;}\u00a0\u00bb link=\u00a0\u00bburl:https%3A%2F%2Ffr.wikipedia.org%2Fwiki%2FTrait%25C3%25A9s_de_Tilsit%23%2Fmedia%2FFile%3ASerangeli_-_Adieux_de_Napol%25C3%25A9on_et_d%2527Alexandre_apr%25C3%25A8s_la_paix_de_Tilsitt_(9_juillet_1807).jpg||target:%20_blank|\u00a0\u00bb][\/vc_column_inner][vc_column_inner width=\u00a0\u00bb1\/3&Prime;][vc_single_image image=\u00a0\u00bb23874&Prime; img_size=\u00a0\u00bbfull\u00a0\u00bb alignment=\u00a0\u00bbcenter\u00a0\u00bb onclick=\u00a0\u00bblink_image\u00a0\u00bb css=\u00a0\u00bb.vc_custom_1591523900215{margin-bottom: -10px !important;}\u00a0\u00bb][vc_btn title=\u00a0\u00bbTraite\u0301s de Tilsit &#8211; 7 juillet 1807- Napole\u0301on Ier et ALexandre Ier sur le Niemen -\u00ab\u00a0 Illustration pour le livre de L\u00e9on Tolsto\u00ef \u00abGuerre et paix\u00bb.\u00a0\u00bb style=\u00a0\u00bbclassic\u00a0\u00bb shape=\u00a0\u00bbsquare\u00a0\u00bb color=\u00a0\u00bbdefault\u00a0\u00bb align=\u00a0\u00bbcenter\u00a0\u00bb i_align=\u00a0\u00bbright\u00a0\u00bb i_icon_fontawesome=\u00a0\u00bbfa fa-eye\u00a0\u00bb add_icon=\u00a0\u00bbtrue\u00a0\u00bb css=\u00a0\u00bb.vc_custom_1591523858290{margin-top: -5px !important;margin-left: -5px !important;}\u00a0\u00bb link=\u00a0\u00bburl:https%3A%2F%2Fcommons.wikimedia.org%2Fwiki%2FCategory%3ATreaty_of_Tilsit%23%2Fmedia%2FFile%3A%25D0%259D%25D0%25B0%25D0%25BF%25D0%25BE%25D0%25BB%25D0%25B5%25D0%25BE%25D0%25BD_%25D0%25B8_%25D0%2590%25D0%25BB%25D0%25B5%25D0%25BA%25D1%2581%25D0%25B0%25D0%25BD%25D0%25B4%25D1%2580_%25D0%25B2_%25D0%25A2%25D0%25B8%25D0%25BB%25D1%258C%25D0%25B7%25D0%25B8%25D1%2582%25D0%25B5.jpeg||target:%20_blank|\u00a0\u00bb][\/vc_column_inner][\/vc_row_inner][vc_row_inner][vc_column_inner width=\u00a0\u00bb1\/3&Prime;][vc_single_image image=\u00a0\u00bb23875&Prime; img_size=\u00a0\u00bbfull\u00a0\u00bb alignment=\u00a0\u00bbcenter\u00a0\u00bb onclick=\u00a0\u00bblink_image\u00a0\u00bb css=\u00a0\u00bb.vc_custom_1591524035572{margin-bottom: -10px !important;}\u00a0\u00bb][vc_btn title=\u00a0\u00bbTraite\u0301s de Tilsit &#8211; 9 juillet 1807- Napole\u0301on a\u0300 Tilsit avec le roi et la reine de Prusse &#8211; Auteur et lieu de conservation inconnu\u00a0\u00bb style=\u00a0\u00bbclassic\u00a0\u00bb shape=\u00a0\u00bbsquare\u00a0\u00bb color=\u00a0\u00bbdefault\u00a0\u00bb align=\u00a0\u00bbcenter\u00a0\u00bb i_align=\u00a0\u00bbright\u00a0\u00bb i_icon_fontawesome=\u00a0\u00bbfa fa-eye\u00a0\u00bb add_icon=\u00a0\u00bbtrue\u00a0\u00bb css=\u00a0\u00bb.vc_custom_1591524054374{margin-top: -5px !important;margin-left: -5px !important;}\u00a0\u00bb link=\u00a0\u00bburl:https%3A%2F%2Fcommons.wikimedia.org%2Fwiki%2FCategory%3ATreaty_of_Tilsit%23%2Fmedia%2FFile%3ANicolas_Gosse_-_Napoleon_receives_the_Queen_of_Prussia_at_Tilsit%2C_July_6%2C_1807.jpg||target:%20_blank|\u00a0\u00bb][\/vc_column_inner][vc_column_inner width=\u00a0\u00bb1\/3&Prime;][vc_single_image image=\u00a0\u00bb23863&Prime; img_size=\u00a0\u00bbfull\u00a0\u00bb onclick=\u00a0\u00bblink_image\u00a0\u00bb css=\u00a0\u00bb.vc_custom_1591522101206{margin-bottom: -10px !important;}\u00a0\u00bb][vc_btn title=\u00a0\u00bbNapol\u00e9on remet la Constitution au Grand duch\u00e9 de Varsovie &#8211; 1807 &#8211; Marcello Bacciarelli &#8211; Lieu de conservation inconnu\u00a0\u00bb style=\u00a0\u00bbclassic\u00a0\u00bb shape=\u00a0\u00bbsquare\u00a0\u00bb color=\u00a0\u00bbdefault\u00a0\u00bb align=\u00a0\u00bbcenter\u00a0\u00bb i_align=\u00a0\u00bbright\u00a0\u00bb i_icon_fontawesome=\u00a0\u00bbfa fa-eye\u00a0\u00bb add_icon=\u00a0\u00bbtrue\u00a0\u00bb css=\u00a0\u00bb.vc_custom_1591522085774{margin-top: -5px !important;margin-left: -5px !important;}\u00a0\u00bb link=\u00a0\u00bburl:https%3A%2F%2Ffr.wikipedia.org%2Fwiki%2FCampagne_de_Prusse_et_de_Pologne%23%2Fmedia%2FFichier%3ANap1807.JPG||target:%20_blank|\u00a0\u00bb][\/vc_column_inner][vc_column_inner width=\u00a0\u00bb1\/3&Prime;][vc_single_image image=\u00a0\u00bb23856&Prime; img_size=\u00a0\u00bbfull\u00a0\u00bb alignment=\u00a0\u00bbcenter\u00a0\u00bb onclick=\u00a0\u00bblink_image\u00a0\u00bb css=\u00a0\u00bb.vc_custom_1591523216794{margin-bottom: -10px !important;}\u00a0\u00bb][vc_btn title=\u00a0\u00bbEntr\u00e9e du Prince J\u00e9r\u00f4me \u00e0 Breslau le 7 janvier 1807 &#8211; Vincenzo Poiret, d&rsquo;apr\u00e8s Horace Vernet &#8211; Date et lieu de conservation inconnus\u00a0\u00bb style=\u00a0\u00bbclassic\u00a0\u00bb shape=\u00a0\u00bbsquare\u00a0\u00bb color=\u00a0\u00bbdefault\u00a0\u00bb align=\u00a0\u00bbcenter\u00a0\u00bb i_align=\u00a0\u00bbright\u00a0\u00bb i_icon_fontawesome=\u00a0\u00bbfa fa-eye\u00a0\u00bb add_icon=\u00a0\u00bbtrue\u00a0\u00bb css=\u00a0\u00bb.vc_custom_1591524221912{margin-top: -5px !important;margin-left: -5px !important;}\u00a0\u00bb link=\u00a0\u00bburl:https%3A%2F%2Ffr.wikipedia.org%2Fwiki%2FTrait%25C3%25A9s_de_Tilsit%23%2Fmedia%2FFile%3ASerangeli_-_Adieux_de_Napol%25C3%25A9on_et_d%2527Alexandre_apr%25C3%25A8s_la_paix_de_Tilsitt_(9_juillet_1807).jpg||target:%20_blank|\u00a0\u00bb][\/vc_column_inner][\/vc_row_inner][\/vc_column][\/vc_row]<\/p>\n","protected":false},"excerpt":{"rendered":"<p>[vc_row full_width=\u00a0\u00bbstretch_row\u00a0\u00bb css=\u00a0\u00bb.vc_custom_1519929301374{background-color: #376092 !important;}\u00a0\u00bb][vc_column width=\u00a0\u00bb1\/2&Prime;][vc_column_text] SYNOPSIS BELLLIG\u00c9RANTS Empire fran\u00e7ais contre la quatri\u00e8me coalition men\u00e9e par le Royaume-Uni de Grande-Bretagne et d\u2019Irlande et ses alli\u00e9s\u00a0: l\u2019Empire russe, le Royaume de Su\u00e8de et la Prusse DATE 1806 &#8211; 1807 LIEU Europe<\/p>\n","protected":false},"author":1,"featured_media":0,"parent":0,"menu_order":0,"comment_status":"closed","ping_status":"closed","template":"","meta":{"footnotes":""},"class_list":["post-3749","page","type-page","status-publish","hentry"],"yoast_head":"<!-- This site is optimized with the Yoast SEO plugin v22.8 - https:\/\/yoast.com\/wordpress\/plugins\/seo\/ -->\n<title>Campagne de Pologne - L&#039;Histoire est un roman...<\/title>\n<meta name=\"robots\" content=\"index, follow, max-snippet:-1, max-image-preview:large, max-video-preview:-1\" \/>\n<link rel=\"canonical\" href=\"https:\/\/aline-voinot.com\/index.php\/campagne-de-pologne\/\" \/>\n<meta property=\"og:locale\" content=\"fr_FR\" \/>\n<meta property=\"og:type\" content=\"article\" \/>\n<meta property=\"og:title\" content=\"Campagne de Pologne - L&#039;Histoire est un roman...\" \/>\n<meta property=\"og:description\" content=\"[vc_row full_width=\u00a0\u00bbstretch_row\u00a0\u00bb css=\u00a0\u00bb.vc_custom_1519929301374{background-color: #376092 !important;}\u00a0\u00bb][vc_column width=\u00a0\u00bb1\/2&Prime;][vc_column_text] SYNOPSIS BELLLIG\u00c9RANTS Empire fran\u00e7ais contre la quatri\u00e8me coalition men\u00e9e par le Royaume-Uni de Grande-Bretagne et d\u2019Irlande et ses alli\u00e9s\u00a0: l\u2019Empire russe, le Royaume de Su\u00e8de et la Prusse DATE 1806 &#8211; 1807 LIEU Europe\" \/>\n<meta property=\"og:url\" content=\"https:\/\/aline-voinot.com\/index.php\/campagne-de-pologne\/\" \/>\n<meta property=\"og:site_name\" content=\"L&#039;Histoire est un roman...\" \/>\n<meta property=\"article:modified_time\" content=\"2021-06-22T18:25:27+00:00\" \/>\n<meta name=\"twitter:card\" content=\"summary_large_image\" \/>\n<meta name=\"twitter:label1\" content=\"Dur\u00e9e de lecture estim\u00e9e\" \/>\n\t<meta name=\"twitter:data1\" content=\"9 minutes\" \/>\n<script type=\"application\/ld+json\" class=\"yoast-schema-graph\">{\"@context\":\"https:\/\/schema.org\",\"@graph\":[{\"@type\":\"WebPage\",\"@id\":\"https:\/\/aline-voinot.com\/index.php\/campagne-de-pologne\/\",\"url\":\"https:\/\/aline-voinot.com\/index.php\/campagne-de-pologne\/\",\"name\":\"Campagne de Pologne - L&#039;Histoire est un roman...\",\"isPartOf\":{\"@id\":\"https:\/\/aline-voinot.com\/#website\"},\"datePublished\":\"2018-03-10T22:38:32+00:00\",\"dateModified\":\"2021-06-22T18:25:27+00:00\",\"breadcrumb\":{\"@id\":\"https:\/\/aline-voinot.com\/index.php\/campagne-de-pologne\/#breadcrumb\"},\"inLanguage\":\"fr-FR\",\"potentialAction\":[{\"@type\":\"ReadAction\",\"target\":[\"https:\/\/aline-voinot.com\/index.php\/campagne-de-pologne\/\"]}]},{\"@type\":\"BreadcrumbList\",\"@id\":\"https:\/\/aline-voinot.com\/index.php\/campagne-de-pologne\/#breadcrumb\",\"itemListElement\":[{\"@type\":\"ListItem\",\"position\":1,\"name\":\"Accueil\",\"item\":\"https:\/\/aline-voinot.com\/\"},{\"@type\":\"ListItem\",\"position\":2,\"name\":\"Campagne de Pologne\"}]},{\"@type\":\"WebSite\",\"@id\":\"https:\/\/aline-voinot.com\/#website\",\"url\":\"https:\/\/aline-voinot.com\/\",\"name\":\"L&#039;Histoire est un roman...\",\"description\":\"&quot;Destins connus, destins crois\u00e9s&quot; la premi\u00e8re encyclop\u00e9die romanc\u00e9e...\",\"potentialAction\":[{\"@type\":\"SearchAction\",\"target\":{\"@type\":\"EntryPoint\",\"urlTemplate\":\"https:\/\/aline-voinot.com\/?s={search_term_string}\"},\"query-input\":\"required name=search_term_string\"}],\"inLanguage\":\"fr-FR\"}]}<\/script>\n<!-- \/ Yoast SEO plugin. -->","yoast_head_json":{"title":"Campagne de Pologne - L&#039;Histoire est un roman...","robots":{"index":"index","follow":"follow","max-snippet":"max-snippet:-1","max-image-preview":"max-image-preview:large","max-video-preview":"max-video-preview:-1"},"canonical":"https:\/\/aline-voinot.com\/index.php\/campagne-de-pologne\/","og_locale":"fr_FR","og_type":"article","og_title":"Campagne de Pologne - L&#039;Histoire est un roman...","og_description":"[vc_row full_width=\u00a0\u00bbstretch_row\u00a0\u00bb css=\u00a0\u00bb.vc_custom_1519929301374{background-color: #376092 !important;}\u00a0\u00bb][vc_column width=\u00a0\u00bb1\/2&Prime;][vc_column_text] SYNOPSIS BELLLIG\u00c9RANTS Empire fran\u00e7ais contre la quatri\u00e8me coalition men\u00e9e par le Royaume-Uni de Grande-Bretagne et d\u2019Irlande et ses alli\u00e9s\u00a0: l\u2019Empire russe, le Royaume de Su\u00e8de et la Prusse DATE 1806 &#8211; 1807 LIEU Europe","og_url":"https:\/\/aline-voinot.com\/index.php\/campagne-de-pologne\/","og_site_name":"L&#039;Histoire est un roman...","article_modified_time":"2021-06-22T18:25:27+00:00","twitter_card":"summary_large_image","twitter_misc":{"Dur\u00e9e de lecture estim\u00e9e":"9 minutes"},"schema":{"@context":"https:\/\/schema.org","@graph":[{"@type":"WebPage","@id":"https:\/\/aline-voinot.com\/index.php\/campagne-de-pologne\/","url":"https:\/\/aline-voinot.com\/index.php\/campagne-de-pologne\/","name":"Campagne de Pologne - L&#039;Histoire est un roman...","isPartOf":{"@id":"https:\/\/aline-voinot.com\/#website"},"datePublished":"2018-03-10T22:38:32+00:00","dateModified":"2021-06-22T18:25:27+00:00","breadcrumb":{"@id":"https:\/\/aline-voinot.com\/index.php\/campagne-de-pologne\/#breadcrumb"},"inLanguage":"fr-FR","potentialAction":[{"@type":"ReadAction","target":["https:\/\/aline-voinot.com\/index.php\/campagne-de-pologne\/"]}]},{"@type":"BreadcrumbList","@id":"https:\/\/aline-voinot.com\/index.php\/campagne-de-pologne\/#breadcrumb","itemListElement":[{"@type":"ListItem","position":1,"name":"Accueil","item":"https:\/\/aline-voinot.com\/"},{"@type":"ListItem","position":2,"name":"Campagne de Pologne"}]},{"@type":"WebSite","@id":"https:\/\/aline-voinot.com\/#website","url":"https:\/\/aline-voinot.com\/","name":"L&#039;Histoire est un roman...","description":"&quot;Destins connus, destins crois\u00e9s&quot; la premi\u00e8re encyclop\u00e9die romanc\u00e9e...","potentialAction":[{"@type":"SearchAction","target":{"@type":"EntryPoint","urlTemplate":"https:\/\/aline-voinot.com\/?s={search_term_string}"},"query-input":"required name=search_term_string"}],"inLanguage":"fr-FR"}]}},"_links":{"self":[{"href":"https:\/\/aline-voinot.com\/index.php\/wp-json\/wp\/v2\/pages\/3749","targetHints":{"allow":["GET"]}}],"collection":[{"href":"https:\/\/aline-voinot.com\/index.php\/wp-json\/wp\/v2\/pages"}],"about":[{"href":"https:\/\/aline-voinot.com\/index.php\/wp-json\/wp\/v2\/types\/page"}],"author":[{"embeddable":true,"href":"https:\/\/aline-voinot.com\/index.php\/wp-json\/wp\/v2\/users\/1"}],"replies":[{"embeddable":true,"href":"https:\/\/aline-voinot.com\/index.php\/wp-json\/wp\/v2\/comments?post=3749"}],"version-history":[{"count":0,"href":"https:\/\/aline-voinot.com\/index.php\/wp-json\/wp\/v2\/pages\/3749\/revisions"}],"wp:attachment":[{"href":"https:\/\/aline-voinot.com\/index.php\/wp-json\/wp\/v2\/media?parent=3749"}],"curies":[{"name":"wp","href":"https:\/\/api.w.org\/{rel}","templated":true}]}}