{"id":4325,"date":"2018-03-29T00:20:01","date_gmt":"2018-03-28T22:20:01","guid":{"rendered":"http:\/\/aline-voinot.com\/?page_id=4325"},"modified":"2022-11-11T11:14:44","modified_gmt":"2022-11-11T10:14:44","slug":"jean-andoche-junot","status":"publish","type":"page","link":"https:\/\/aline-voinot.com\/index.php\/jean-andoche-junot\/","title":{"rendered":"Jean-Andoche JUNOT, duc d\u2019ABRANT\u00c8S"},"content":{"rendered":"<p>[vc_row full_width=\u00a0\u00bbstretch_row\u00a0\u00bb css=\u00a0\u00bb.vc_custom_1513000693114{background-color: #272727 !important;}\u00a0\u00bb][vc_column width=\u00a0\u00bb1\/4&Prime;][vc_single_image image=\u00a0\u00bb1605&Prime; img_size=\u00a0\u00bb250 x 295&Prime; alignment=\u00a0\u00bbcenter\u00a0\u00bb][\/vc_column][vc_column width=\u00a0\u00bb1\/4&Prime;][vc_column_text css=\u00a0\u00bb.vc_custom_1546258179996{margin-bottom: -10px !important;}\u00a0\u00bb]<\/p>\n<h6><span style=\"color: #999999;\">Bussy-le-Grand, C\u00f4te-d&rsquo;Or (1771) &#8211; Montbard, C\u00f4te-d&rsquo;Or (1813) d\u00e9c\u00e9d\u00e9 \u00e0 42 ans<\/span><\/h6>\n<h6><\/h6>\n<h6><span style=\"color: #999999;\">G\u00e9n\u00e9ral du Premier empire fran\u00e7ais<\/span><\/h6>\n<h6><\/h6>\n<h6><span style=\"color: #999999;\">Fran\u00e7ais<\/span><\/h6>\n<p>[\/vc_column_text][vc_row_inner css=\u00a0\u00bb.vc_custom_1546258220985{margin-top: 15px !important;}\u00a0\u00bb][vc_column_inner width=\u00a0\u00bb1\/4&Prime;][vc_btn title=\u00a0\u00bbTome 1&Prime; color=\u00a0\u00bbdanger\u00a0\u00bb size=\u00a0\u00bbsm\u00a0\u00bb][\/vc_column_inner][vc_column_inner width=\u00a0\u00bb1\/4&Prime;][vc_btn title=\u00a0\u00bbTome 2&Prime; color=\u00a0\u00bbprimary\u00a0\u00bb size=\u00a0\u00bbsm\u00a0\u00bb][\/vc_column_inner][vc_column_inner width=\u00a0\u00bb1\/4&Prime;][vc_btn title=\u00a0\u00bbTome 3&Prime; color=\u00a0\u00bbgreen\u00a0\u00bb size=\u00a0\u00bbsm\u00a0\u00bb][\/vc_column_inner][vc_column_inner width=\u00a0\u00bb1\/4&Prime;][vc_btn title=\u00a0\u00bbTome 4&Prime; color=\u00a0\u00bbwarning\u00a0\u00bb size=\u00a0\u00bbsm\u00a0\u00bb][\/vc_column_inner][\/vc_row_inner][\/vc_column][vc_column width=\u00a0\u00bb1\/4&Prime;][vc_btn title=\u00a0\u00bbPortraits\u00a0\u00bb color=\u00a0\u00bbdanger\u00a0\u00bb size=\u00a0\u00bblg\u00a0\u00bb align=\u00a0\u00bbcenter\u00a0\u00bb button_block=\u00a0\u00bbtrue\u00a0\u00bb link=\u00a0\u00bburl:http%3A%2F%2Faline-voinot.com%2Findex.php%2Fjean-andoche-junot%2F|||\u00a0\u00bb][vc_btn title=\u00a0\u00bbR\u00e9sidences\u00a0\u00bb size=\u00a0\u00bblg\u00a0\u00bb align=\u00a0\u00bbcenter\u00a0\u00bb button_block=\u00a0\u00bbtrue\u00a0\u00bb link=\u00a0\u00bburl:http%3A%2F%2Faline-voinot.com%2Findex.php%2Fresidences-de-jean-andoche-junot%2F|||\u00a0\u00bb][vc_btn title=\u00a0\u00bbR\u00e9seau Social\u00a0\u00bb size=\u00a0\u00bblg\u00a0\u00bb align=\u00a0\u00bbcenter\u00a0\u00bb button_block=\u00a0\u00bbtrue\u00a0\u00bb link=\u00a0\u00bburl:http%3A%2F%2Faline-voinot.com%2Findex.php%2Freseau-social-de-jean-andoche-junot%2F|||\u00a0\u00bb][vc_btn title=\u00a0\u00bbG\u00e9n\u00e9alogie\u00a0\u00bb size=\u00a0\u00bblg\u00a0\u00bb align=\u00a0\u00bbcenter\u00a0\u00bb button_block=\u00a0\u00bbtrue\u00a0\u00bb link=\u00a0\u00bburl:http%3A%2F%2Faline-voinot.com%2Findex.php%2Fgenealogie-de-jean-andoche-junot%2F|||\u00a0\u00bb][\/vc_column][vc_column width=\u00a0\u00bb1\/4&Prime;][vc_btn title=\u00a0\u00bb\u0152uvres\u00a0\u00bb size=\u00a0\u00bblg\u00a0\u00bb align=\u00a0\u00bbcenter\u00a0\u00bb button_block=\u00a0\u00bbtrue\u00a0\u00bb link=\u00a0\u00bburl:http%3A%2F%2Faline-voinot.com%2Findex.php%2Foeuvres-de-jean-andoche-junot%2F|||\u00a0\u00bb][vc_btn title=\u00a0\u00bbS\u00e9pulture\u00a0\u00bb size=\u00a0\u00bblg\u00a0\u00bb align=\u00a0\u00bbcenter\u00a0\u00bb button_block=\u00a0\u00bbtrue\u00a0\u00bb link=\u00a0\u00bburl:http%3A%2F%2Faline-voinot.com%2Findex.php%2Fsepulture-de-jean-andoche-junot%2F|||\u00a0\u00bb][vc_btn title=\u00a0\u00bbWikipedia\u00a0\u00bb size=\u00a0\u00bblg\u00a0\u00bb align=\u00a0\u00bbcenter\u00a0\u00bb button_block=\u00a0\u00bbtrue\u00a0\u00bb link=\u00a0\u00bburl:https%3A%2F%2Ffr.wikipedia.org%2Fwiki%2FJean-Andoche_Junot||target:%20_blank|rel:nofollow\u00a0\u00bb][vc_btn title=\u00a0\u00bbH\u00e9ritage\u00a0\u00bb size=\u00a0\u00bblg\u00a0\u00bb align=\u00a0\u00bbcenter\u00a0\u00bb button_block=\u00a0\u00bbtrue\u00a0\u00bb link=\u00a0\u00bburl:http%3A%2F%2Faline-voinot.com%2Findex.php%2Fheritage-de-jean-andoche-junot%2F|||\u00a0\u00bb][\/vc_column][\/vc_row][vc_row][vc_column][vc_empty_space][vc_btn title=\u00a0\u00bbPORTRAITS\u00a0\u00bb shape=\u00a0\u00bbsquare\u00a0\u00bb color=\u00a0\u00bbinverse\u00a0\u00bb size=\u00a0\u00bblg\u00a0\u00bb align=\u00a0\u00bbcenter\u00a0\u00bb button_block=\u00a0\u00bbtrue\u00a0\u00bb link=\u00a0\u00bb||target:%20_blank|rel:nofollow\u00a0\u00bb css=\u00a0\u00bb.vc_custom_1546530715539{margin-top: -5px !important;}\u00a0\u00bb][\/vc_column][\/vc_row][vc_row][vc_column width=\u00a0\u00bb1\/4&Prime;][vc_btn title=\u00a0\u00bbVers 25 ans\u00a0\u00bb shape=\u00a0\u00bbsquare\u00a0\u00bb color=\u00a0\u00bbmulled-wine\u00a0\u00bb size=\u00a0\u00bbsm\u00a0\u00bb align=\u00a0\u00bbcenter\u00a0\u00bb button_block=\u00a0\u00bbtrue\u00a0\u00bb link=\u00a0\u00bb||target:%20_blank|rel:nofollow\u00a0\u00bb css=\u00a0\u00bb.vc_custom_1668161203482{margin-bottom: -5px !important;}\u00a0\u00bb][vc_single_image image=\u00a0\u00bb32272&Prime; img_size=\u00a0\u00bb350X350&Prime; alignment=\u00a0\u00bbcenter\u00a0\u00bb onclick=\u00a0\u00bblink_image\u00a0\u00bb css=\u00a0\u00bb.vc_custom_1668159358059{margin-bottom: -20px !important;}\u00a0\u00bb][vc_btn title=\u00a0\u00bbPortrait du g\u00e9n\u00e9ral Junot &#8211; 1796 &#8211; Andrea Appiani &#8211; catalogue en ligne de la vente du 16 juin 2020 \u00e0 Drouot, lot 38 , Paris (France)\u00a0\u00bb shape=\u00a0\u00bbsquare\u00a0\u00bb color=\u00a0\u00bbmulled-wine\u00a0\u00bb align=\u00a0\u00bbcenter\u00a0\u00bb i_align=\u00a0\u00bbright\u00a0\u00bb i_icon_fontawesome=\u00a0\u00bbfa fa-eye\u00a0\u00bb add_icon=\u00a0\u00bbtrue\u00a0\u00bb link=\u00a0\u00bburl:https%3A%2F%2Fcommons.wikimedia.org%2Fwiki%2FFile%3AJunot%2C_par_Appiani.png%23%2Fmedia%2FFile%3AJunot%2C_par_Appiani.png||target:%20_blank|\u00a0\u00bb css=\u00a0\u00bb.vc_custom_1668159671149{margin-top: -5px !important;}\u00a0\u00bb][\/vc_column][vc_column width=\u00a0\u00bb1\/4&Prime;][vc_btn title=\u00a0\u00bbVers 28 ans\u00a0\u00bb shape=\u00a0\u00bbsquare\u00a0\u00bb color=\u00a0\u00bbmulled-wine\u00a0\u00bb size=\u00a0\u00bbsm\u00a0\u00bb align=\u00a0\u00bbcenter\u00a0\u00bb button_block=\u00a0\u00bbtrue\u00a0\u00bb link=\u00a0\u00bb||target:%20_blank|rel:nofollow\u00a0\u00bb css=\u00a0\u00bb.vc_custom_1668161217947{margin-bottom: -5px !important;}\u00a0\u00bb][vc_single_image image=\u00a0\u00bb32269&Prime; img_size=\u00a0\u00bb350X350&Prime; alignment=\u00a0\u00bbcenter\u00a0\u00bb onclick=\u00a0\u00bblink_image\u00a0\u00bb css=\u00a0\u00bb.vc_custom_1668159386495{margin-bottom: -20px !important;}\u00a0\u00bb][vc_btn title=\u00a0\u00bbJean-Andoche Junot, duc d&rsquo;Abrant\u00e8s &#8211; Ecole Gros &#8211; Date et lieu de conservation inconnus\u00a0\u00bb shape=\u00a0\u00bbsquare\u00a0\u00bb color=\u00a0\u00bbmulled-wine\u00a0\u00bb align=\u00a0\u00bbcenter\u00a0\u00bb i_align=\u00a0\u00bbright\u00a0\u00bb i_icon_fontawesome=\u00a0\u00bbfa fa-eye\u00a0\u00bb add_icon=\u00a0\u00bbtrue\u00a0\u00bb link=\u00a0\u00bburl:https%3A%2F%2Fwww.google.com%2Fimgres%3Fimgurl%3Dhttps%253A%252F%252Fimg.over-blog-kiwi.com%252F3%252F03%252F84%252F17%252F20200817%252Fob_ba6c1f_ecole-gros-junot-osenat-20121117.png%26imgrefurl%3Dhttp%253A%252F%252Fabrantes.over-blog.com%252F2020%252F07%252Fjunot-en-1796-aide-de-camp-par-andrea-appiani.html%26tbnid%3DXklb4s1zP_j2IM%26vet%3D10CEwQMyiIAWoXChMI0I7WmOil-wIVAAAAAB0AAAAAEAI..i%26docid%3D0NSsJ40nY_qTLM%26w%3D398%26h%3D598%26q%3Djunot%2520duc%2520d%2527abrantes%26ved%3D0CEwQMyiIAWoXChMI0I7WmOil-wIVAAAAAB0AAAAAEAI||target:%20_blank|\u00a0\u00bb css=\u00a0\u00bb.vc_custom_1668160066714{margin-top: -5px !important;}\u00a0\u00bb][\/vc_column][vc_column width=\u00a0\u00bb1\/4&Prime;][vc_btn title=\u00a0\u00bbVers 29 ans\u00a0\u00bb shape=\u00a0\u00bbsquare\u00a0\u00bb color=\u00a0\u00bbmulled-wine\u00a0\u00bb size=\u00a0\u00bbsm\u00a0\u00bb align=\u00a0\u00bbcenter\u00a0\u00bb button_block=\u00a0\u00bbtrue\u00a0\u00bb link=\u00a0\u00bb||target:%20_blank|rel:nofollow\u00a0\u00bb css=\u00a0\u00bb.vc_custom_1668161294963{margin-bottom: -5px !important;}\u00a0\u00bb][vc_single_image image=\u00a0\u00bb21721&Prime; img_size=\u00a0\u00bb350X350&Prime; alignment=\u00a0\u00bbcenter\u00a0\u00bb onclick=\u00a0\u00bblink_image\u00a0\u00bb css=\u00a0\u00bb.vc_custom_1589237449177{margin-bottom: -20px !important;}\u00a0\u00bb][vc_btn title=\u00a0\u00bbJean-Andoche Junot, g\u00e9n\u00e9ral de division du Premier Empire et duc d&rsquo;Abrant\u00e8s &#8211;  Vincent-Nicolas Raverat &#8211; Mus\u00e9e de l&rsquo;Arm\u00e9e, Paris (France)\u00a0\u00bb shape=\u00a0\u00bbsquare\u00a0\u00bb color=\u00a0\u00bbmulled-wine\u00a0\u00bb align=\u00a0\u00bbcenter\u00a0\u00bb i_align=\u00a0\u00bbright\u00a0\u00bb i_icon_fontawesome=\u00a0\u00bbfa fa-eye\u00a0\u00bb add_icon=\u00a0\u00bbtrue\u00a0\u00bb link=\u00a0\u00bburl:https%3A%2F%2Fcommons.wikimedia.org%2Fwiki%2FFile%3AJean-Andoche_Junot.jpg%23%2Fmedia%2FFile%3AJean-Andoche_Junot.jpg||target:%20_blank|\u00a0\u00bb css=\u00a0\u00bb.vc_custom_1668161241492{margin-top: -5px !important;}\u00a0\u00bb][\/vc_column][vc_column width=\u00a0\u00bb1\/4&Prime;][vc_btn title=\u00a0\u00bbVers 29 ans\u00a0\u00bb shape=\u00a0\u00bbsquare\u00a0\u00bb color=\u00a0\u00bbmulled-wine\u00a0\u00bb size=\u00a0\u00bbsm\u00a0\u00bb align=\u00a0\u00bbcenter\u00a0\u00bb button_block=\u00a0\u00bbtrue\u00a0\u00bb link=\u00a0\u00bb||target:%20_blank|rel:nofollow\u00a0\u00bb css=\u00a0\u00bb.vc_custom_1668161294963{margin-bottom: -5px !important;}\u00a0\u00bb][vc_single_image image=\u00a0\u00bb21723&Prime; img_size=\u00a0\u00bb350X350&Prime; alignment=\u00a0\u00bbcenter\u00a0\u00bb onclick=\u00a0\u00bblink_image\u00a0\u00bb css=\u00a0\u00bb.vc_custom_1589237464808{margin-bottom: -20px !important;}\u00a0\u00bb][vc_btn title=\u00a0\u00bbJean-Andoche Junot, duc d&rsquo;Abrant\u00e8s &#8211;  Henri F\u00e9lix Emmanuel Philippoteaux -Ch\u00e2teau de Versailles (France)\u00a0\u00bb shape=\u00a0\u00bbsquare\u00a0\u00bb color=\u00a0\u00bbmulled-wine\u00a0\u00bb align=\u00a0\u00bbcenter\u00a0\u00bb i_align=\u00a0\u00bbright\u00a0\u00bb i_icon_fontawesome=\u00a0\u00bbfa fa-eye\u00a0\u00bb add_icon=\u00a0\u00bbtrue\u00a0\u00bb link=\u00a0\u00bburl:https%3A%2F%2Fcommons.wikimedia.org%2Fwiki%2FFile%3AGeneral_Jean_Andoche_Junot.jpg%23%2Fmedia%2FFile%3AGeneral_Jean_Andoche_Junot.jpg||target:%20_blank|\u00a0\u00bb css=\u00a0\u00bb.vc_custom_1668158340552{margin-top: -5px !important;}\u00a0\u00bb][\/vc_column][\/vc_row][vc_row][vc_column width=\u00a0\u00bb1\/4&Prime;][vc_btn title=\u00a0\u00bbVers 29 ans\u00a0\u00bb shape=\u00a0\u00bbsquare\u00a0\u00bb color=\u00a0\u00bbmulled-wine\u00a0\u00bb size=\u00a0\u00bbsm\u00a0\u00bb align=\u00a0\u00bbcenter\u00a0\u00bb button_block=\u00a0\u00bbtrue\u00a0\u00bb link=\u00a0\u00bb||target:%20_blank|rel:nofollow\u00a0\u00bb css=\u00a0\u00bb.vc_custom_1668161262064{margin-bottom: -5px !important;}\u00a0\u00bb][vc_single_image image=\u00a0\u00bb21720&Prime; img_size=\u00a0\u00bb350X350&Prime; alignment=\u00a0\u00bbcenter\u00a0\u00bb onclick=\u00a0\u00bblink_image\u00a0\u00bb css=\u00a0\u00bb.vc_custom_1589237439860{margin-bottom: -20px !important;}\u00a0\u00bb][vc_btn title=\u00a0\u00bbLa Duchesse d&rsquo;Abrant\u00e8s et le G\u00e9n\u00e9ral Junot &#8211; 1800 &#8211;  Marguerite G\u00e9rard &#8211; Johnny van Haeften Gallery, London (Royaume-Uni)\u00a0\u00bb shape=\u00a0\u00bbsquare\u00a0\u00bb color=\u00a0\u00bbmulled-wine\u00a0\u00bb align=\u00a0\u00bbcenter\u00a0\u00bb i_align=\u00a0\u00bbright\u00a0\u00bb i_icon_fontawesome=\u00a0\u00bbfa fa-eye\u00a0\u00bb add_icon=\u00a0\u00bbtrue\u00a0\u00bb link=\u00a0\u00bburl:https%3A%2F%2Fcommons.wikimedia.org%2Fwiki%2FFile%3AMarguerite_G%25C3%25A9rard_-_La_Duchesse_Abrantes_et_le_General_Junot.jpg%23%2Fmedia%2FFile%3AMarguerite_G%25C3%25A9rard_-_La_Duchesse_Abrantes_et_le_General_Junot.jpg||target:%20_blank|\u00a0\u00bb css=\u00a0\u00bb.vc_custom_1668158585280{margin-top: -5px !important;}\u00a0\u00bb][\/vc_column][vc_column width=\u00a0\u00bb1\/4&Prime;][vc_btn title=\u00a0\u00bbVers 30 ans\u00a0\u00bb shape=\u00a0\u00bbsquare\u00a0\u00bb color=\u00a0\u00bbmulled-wine\u00a0\u00bb size=\u00a0\u00bbsm\u00a0\u00bb align=\u00a0\u00bbcenter\u00a0\u00bb button_block=\u00a0\u00bbtrue\u00a0\u00bb link=\u00a0\u00bb||target:%20_blank|rel:nofollow\u00a0\u00bb css=\u00a0\u00bb.vc_custom_1668161282459{margin-bottom: -5px !important;}\u00a0\u00bb][vc_single_image image=\u00a0\u00bb21726&Prime; img_size=\u00a0\u00bb350X350&Prime; alignment=\u00a0\u00bbcenter\u00a0\u00bb onclick=\u00a0\u00bblink_image\u00a0\u00bb css=\u00a0\u00bb.vc_custom_1589237496911{margin-bottom: -20px !important;}\u00a0\u00bb][vc_btn title=\u00a0\u00bbJean-Andoche Junot, duc d&rsquo;Abrant\u00e8s &#8211; Rochereaux &#8211; Lieu de conservation inconnu\u00a0\u00bb shape=\u00a0\u00bbsquare\u00a0\u00bb color=\u00a0\u00bbmulled-wine\u00a0\u00bb align=\u00a0\u00bbcenter\u00a0\u00bb i_align=\u00a0\u00bbright\u00a0\u00bb i_icon_fontawesome=\u00a0\u00bbfa fa-eye\u00a0\u00bb add_icon=\u00a0\u00bbtrue\u00a0\u00bb link=\u00a0\u00bburl:https%3A%2F%2Ffr.wikipedia.org%2Fwiki%2FArm%25C3%25A9e_de_Portugal%23%2Fmedia%2FFichier%3ARocheraux_-_Jean-Andoche_Junot%2C_duc_d&rsquo;Arrant%25C3%25A8s%2C_n%25C3%25A9_le_24_septembre_1771_%25C3%25A0_Bussy-le-grand.jpg||target:%20_blank|\u00a0\u00bb css=\u00a0\u00bb.vc_custom_1668159952141{margin-top: -5px !important;}\u00a0\u00bb][\/vc_column][vc_column width=\u00a0\u00bb1\/4&Prime;][vc_btn title=\u00a0\u00bbVers 35 ans\u00a0\u00bb shape=\u00a0\u00bbsquare\u00a0\u00bb color=\u00a0\u00bbmulled-wine\u00a0\u00bb size=\u00a0\u00bbsm\u00a0\u00bb align=\u00a0\u00bbcenter\u00a0\u00bb button_block=\u00a0\u00bbtrue\u00a0\u00bb link=\u00a0\u00bb||target:%20_blank|rel:nofollow\u00a0\u00bb css=\u00a0\u00bb.vc_custom_1668161334997{margin-bottom: -5px !important;}\u00a0\u00bb][vc_single_image image=\u00a0\u00bb32273&Prime; img_size=\u00a0\u00bb350X350&Prime; alignment=\u00a0\u00bbcenter\u00a0\u00bb onclick=\u00a0\u00bblink_image\u00a0\u00bb css=\u00a0\u00bb.vc_custom_1668161674025{margin-bottom: -20px !important;}\u00a0\u00bb][vc_btn title=\u00a0\u00bbJean-Andoche Junot, duc d&rsquo;Abrant\u00e8s &#8211; Ann\u00e9e, auteur et lieu de conservation inconnus\u00a0\u00bb shape=\u00a0\u00bbsquare\u00a0\u00bb color=\u00a0\u00bbmulled-wine\u00a0\u00bb align=\u00a0\u00bbcenter\u00a0\u00bb i_align=\u00a0\u00bbright\u00a0\u00bb i_icon_fontawesome=\u00a0\u00bbfa fa-eye\u00a0\u00bb add_icon=\u00a0\u00bbtrue\u00a0\u00bb link=\u00a0\u00bburl:https%3A%2F%2Fwww.google.com%2Fimgres%3Fimgurl%3Dhttp%253A%252F%252Fupload.wikimedia.org%252Fwikipedia%252Fcommons%252Fthumb%252F4%252F44%252FJulie_Volpeli%2525C3%2525A8re_%252528d%252527apr%2525C3%2525A8s_G%2525C3%2525A9rard%252529_-_Le_mar%2525C3%2525A9chal_Lannes_%2525281769-1809%252529%25252C_1834.jpg%252F220px-Julie_Volpeli%2525C3%2525A8re_%252528d%252527apr%2525C3%2525A8s_G%2525C3%2525A9rard%252529_-_Le_mar%2525C3%2525A9chal_Lannes_%2525281769-1809%252529%25252C_1834.jpg%26imgrefurl%3Dhttp%253A%252F%252Fjeanmarieborghino.fr%252Fjean-andoche-junot-junot-la-tempete-duc-dabrantes%252F%26tbnid%3DfzlBjgeP_fDFyM%26vet%3D12ahUKEwio3b2U6KX7AhWNvicCHYWPBKAQxiAoB3oECAAQJQ..i%26docid%3D1EIbmG3GRvjl5M%26w%3D220%26h%3D278%26itg%3D1%26q%3Djunot%2520duc%2520d%2527abrantes%26ved%3D2ahUKEwio3b2U6KX7AhWNvicCHYWPBKAQxiAoB3oECAAQJQ||target:%20_blank|\u00a0\u00bb css=\u00a0\u00bb.vc_custom_1668160256273{margin-top: -5px !important;}\u00a0\u00bb][\/vc_column][vc_column width=\u00a0\u00bb1\/4&Prime;][vc_btn title=\u00a0\u00bbVers 38 ans\u00a0\u00bb shape=\u00a0\u00bbsquare\u00a0\u00bb color=\u00a0\u00bbmulled-wine\u00a0\u00bb size=\u00a0\u00bbsm\u00a0\u00bb align=\u00a0\u00bbcenter\u00a0\u00bb button_block=\u00a0\u00bbtrue\u00a0\u00bb link=\u00a0\u00bb||target:%20_blank|rel:nofollow\u00a0\u00bb css=\u00a0\u00bb.vc_custom_1668161503540{margin-bottom: -5px !important;}\u00a0\u00bb][vc_single_image image=\u00a0\u00bb32270&Prime; img_size=\u00a0\u00bb350X350&Prime; alignment=\u00a0\u00bbcenter\u00a0\u00bb onclick=\u00a0\u00bblink_image\u00a0\u00bb css=\u00a0\u00bb.vc_custom_1668159411034{margin-bottom: -20px !important;}\u00a0\u00bb][vc_btn title=\u00a0\u00bbJean-Andoche Junot, duc d\u2019Abrant\u00e8s, dit \u00ab la Temp\u00eate \u00bb &#8211; Ann\u00e9e, Auteur et lieu de conservation inconnus\u00a0\u00bb shape=\u00a0\u00bbsquare\u00a0\u00bb color=\u00a0\u00bbmulled-wine\u00a0\u00bb align=\u00a0\u00bbcenter\u00a0\u00bb i_align=\u00a0\u00bbright\u00a0\u00bb i_icon_fontawesome=\u00a0\u00bbfa fa-eye\u00a0\u00bb add_icon=\u00a0\u00bbtrue\u00a0\u00bb link=\u00a0\u00bburl:https%3A%2F%2Fwww.pinterest.fr%2Fpin%2F10414642863978598%2F||target:%20_blank|\u00a0\u00bb css=\u00a0\u00bb.vc_custom_1668159105848{margin-top: -5px !important;}\u00a0\u00bb][\/vc_column][\/vc_row][vc_row][vc_column width=\u00a0\u00bb1\/4&Prime;][\/vc_column][vc_column width=\u00a0\u00bb1\/4&Prime;][\/vc_column][vc_column width=\u00a0\u00bb1\/4&Prime;][\/vc_column][vc_column width=\u00a0\u00bb1\/4&Prime;][vc_btn title=\u00a0\u00bbJean-Andoche JUNOT est d\u00e9c\u00e9d\u00e9 \u00e0 42 ans &#8211; voir sa s\u00e9pulture\u00a0\u00bb shape=\u00a0\u00bbsquare\u00a0\u00bb color=\u00a0\u00bbmulled-wine\u00a0\u00bb align=\u00a0\u00bbcenter\u00a0\u00bb i_align=\u00a0\u00bbright\u00a0\u00bb i_icon_fontawesome=\u00a0\u00bbfa fa-eye\u00a0\u00bb add_icon=\u00a0\u00bbtrue\u00a0\u00bb link=\u00a0\u00bburl:http%3A%2F%2Faline-voinot.com%2Findex.php%2Fsepulture-de-jean-andoche-junot%2F||target:%20_blank|rel:nofollow\u00a0\u00bb css=\u00a0\u00bb.vc_custom_1589237413225{margin-top: -5px !important;}\u00a0\u00bb][\/vc_column][\/vc_row]<\/p>\n","protected":false},"excerpt":{"rendered":"<p>[vc_row full_width=\u00a0\u00bbstretch_row\u00a0\u00bb css=\u00a0\u00bb.vc_custom_1513000693114{background-color: #272727 !important;}\u00a0\u00bb][vc_column width=\u00a0\u00bb1\/4&Prime;][vc_single_image image=\u00a0\u00bb1605&Prime; img_size=\u00a0\u00bb250 x 295&Prime; alignment=\u00a0\u00bbcenter\u00a0\u00bb][\/vc_column][vc_column width=\u00a0\u00bb1\/4&Prime;][vc_column_text css=\u00a0\u00bb.vc_custom_1546258179996{margin-bottom: -10px !important;}\u00a0\u00bb] Bussy-le-Grand, C\u00f4te-d&rsquo;Or (1771) &#8211; Montbard, C\u00f4te-d&rsquo;Or (1813) d\u00e9c\u00e9d\u00e9 \u00e0 42 ans G\u00e9n\u00e9ral du Premier empire fran\u00e7ais Fran\u00e7ais [\/vc_column_text][vc_row_inner css=\u00a0\u00bb.vc_custom_1546258220985{margin-top: 15px !important;}\u00a0\u00bb][vc_column_inner width=\u00a0\u00bb1\/4&Prime;][vc_btn title=\u00a0\u00bbTome 1&Prime; color=\u00a0\u00bbdanger\u00a0\u00bb<\/p>\n","protected":false},"author":1,"featured_media":0,"parent":0,"menu_order":0,"comment_status":"closed","ping_status":"closed","template":"","meta":{"footnotes":""},"class_list":["post-4325","page","type-page","status-publish","hentry"],"yoast_head":"<!-- This site is optimized with the Yoast SEO plugin v22.8 - https:\/\/yoast.com\/wordpress\/plugins\/seo\/ -->\n<title>Jean-Andoche JUNOT, duc d\u2019ABRANT\u00c8S - L&#039;Histoire est un roman...<\/title>\n<meta name=\"robots\" content=\"index, follow, max-snippet:-1, max-image-preview:large, max-video-preview:-1\" \/>\n<link rel=\"canonical\" href=\"https:\/\/aline-voinot.com\/index.php\/jean-andoche-junot\/\" \/>\n<meta property=\"og:locale\" content=\"fr_FR\" \/>\n<meta property=\"og:type\" content=\"article\" \/>\n<meta property=\"og:title\" content=\"Jean-Andoche JUNOT, duc d\u2019ABRANT\u00c8S - L&#039;Histoire est un roman...\" \/>\n<meta property=\"og:description\" content=\"[vc_row full_width=\u00a0\u00bbstretch_row\u00a0\u00bb css=\u00a0\u00bb.vc_custom_1513000693114{background-color: #272727 !important;}\u00a0\u00bb][vc_column width=\u00a0\u00bb1\/4&Prime;][vc_single_image image=\u00a0\u00bb1605&Prime; img_size=\u00a0\u00bb250 x 295&Prime; alignment=\u00a0\u00bbcenter\u00a0\u00bb][\/vc_column][vc_column width=\u00a0\u00bb1\/4&Prime;][vc_column_text css=\u00a0\u00bb.vc_custom_1546258179996{margin-bottom: -10px !important;}\u00a0\u00bb] Bussy-le-Grand, C\u00f4te-d&rsquo;Or (1771) &#8211; Montbard, C\u00f4te-d&rsquo;Or (1813) d\u00e9c\u00e9d\u00e9 \u00e0 42 ans G\u00e9n\u00e9ral du Premier empire fran\u00e7ais Fran\u00e7ais [\/vc_column_text][vc_row_inner css=\u00a0\u00bb.vc_custom_1546258220985{margin-top: 15px !important;}\u00a0\u00bb][vc_column_inner width=\u00a0\u00bb1\/4&Prime;][vc_btn title=\u00a0\u00bbTome 1&Prime; color=\u00a0\u00bbdanger\u00a0\u00bb\" \/>\n<meta property=\"og:url\" content=\"https:\/\/aline-voinot.com\/index.php\/jean-andoche-junot\/\" \/>\n<meta property=\"og:site_name\" content=\"L&#039;Histoire est un roman...\" \/>\n<meta property=\"article:modified_time\" content=\"2022-11-11T10:14:44+00:00\" \/>\n<meta name=\"twitter:card\" content=\"summary_large_image\" \/>\n<meta name=\"twitter:label1\" content=\"Dur\u00e9e de lecture estim\u00e9e\" \/>\n\t<meta name=\"twitter:data1\" content=\"8 minutes\" \/>\n<script type=\"application\/ld+json\" class=\"yoast-schema-graph\">{\"@context\":\"https:\/\/schema.org\",\"@graph\":[{\"@type\":\"WebPage\",\"@id\":\"https:\/\/aline-voinot.com\/index.php\/jean-andoche-junot\/\",\"url\":\"https:\/\/aline-voinot.com\/index.php\/jean-andoche-junot\/\",\"name\":\"Jean-Andoche JUNOT, duc d\u2019ABRANT\u00c8S - L&#039;Histoire est un roman...\",\"isPartOf\":{\"@id\":\"https:\/\/aline-voinot.com\/#website\"},\"datePublished\":\"2018-03-28T22:20:01+00:00\",\"dateModified\":\"2022-11-11T10:14:44+00:00\",\"breadcrumb\":{\"@id\":\"https:\/\/aline-voinot.com\/index.php\/jean-andoche-junot\/#breadcrumb\"},\"inLanguage\":\"fr-FR\",\"potentialAction\":[{\"@type\":\"ReadAction\",\"target\":[\"https:\/\/aline-voinot.com\/index.php\/jean-andoche-junot\/\"]}]},{\"@type\":\"BreadcrumbList\",\"@id\":\"https:\/\/aline-voinot.com\/index.php\/jean-andoche-junot\/#breadcrumb\",\"itemListElement\":[{\"@type\":\"ListItem\",\"position\":1,\"name\":\"Accueil\",\"item\":\"https:\/\/aline-voinot.com\/\"},{\"@type\":\"ListItem\",\"position\":2,\"name\":\"Jean-Andoche JUNOT, duc d\u2019ABRANT\u00c8S\"}]},{\"@type\":\"WebSite\",\"@id\":\"https:\/\/aline-voinot.com\/#website\",\"url\":\"https:\/\/aline-voinot.com\/\",\"name\":\"L&#039;Histoire est un roman...\",\"description\":\"&quot;Destins connus, destins crois\u00e9s&quot; la premi\u00e8re encyclop\u00e9die romanc\u00e9e...\",\"potentialAction\":[{\"@type\":\"SearchAction\",\"target\":{\"@type\":\"EntryPoint\",\"urlTemplate\":\"https:\/\/aline-voinot.com\/?s={search_term_string}\"},\"query-input\":\"required name=search_term_string\"}],\"inLanguage\":\"fr-FR\"}]}<\/script>\n<!-- \/ Yoast SEO plugin. -->","yoast_head_json":{"title":"Jean-Andoche JUNOT, duc d\u2019ABRANT\u00c8S - L&#039;Histoire est un roman...","robots":{"index":"index","follow":"follow","max-snippet":"max-snippet:-1","max-image-preview":"max-image-preview:large","max-video-preview":"max-video-preview:-1"},"canonical":"https:\/\/aline-voinot.com\/index.php\/jean-andoche-junot\/","og_locale":"fr_FR","og_type":"article","og_title":"Jean-Andoche JUNOT, duc d\u2019ABRANT\u00c8S - L&#039;Histoire est un roman...","og_description":"[vc_row full_width=\u00a0\u00bbstretch_row\u00a0\u00bb css=\u00a0\u00bb.vc_custom_1513000693114{background-color: #272727 !important;}\u00a0\u00bb][vc_column width=\u00a0\u00bb1\/4&Prime;][vc_single_image image=\u00a0\u00bb1605&Prime; img_size=\u00a0\u00bb250 x 295&Prime; alignment=\u00a0\u00bbcenter\u00a0\u00bb][\/vc_column][vc_column width=\u00a0\u00bb1\/4&Prime;][vc_column_text css=\u00a0\u00bb.vc_custom_1546258179996{margin-bottom: -10px !important;}\u00a0\u00bb] Bussy-le-Grand, C\u00f4te-d&rsquo;Or (1771) &#8211; Montbard, C\u00f4te-d&rsquo;Or (1813) d\u00e9c\u00e9d\u00e9 \u00e0 42 ans G\u00e9n\u00e9ral du Premier empire fran\u00e7ais Fran\u00e7ais [\/vc_column_text][vc_row_inner css=\u00a0\u00bb.vc_custom_1546258220985{margin-top: 15px !important;}\u00a0\u00bb][vc_column_inner width=\u00a0\u00bb1\/4&Prime;][vc_btn title=\u00a0\u00bbTome 1&Prime; color=\u00a0\u00bbdanger\u00a0\u00bb","og_url":"https:\/\/aline-voinot.com\/index.php\/jean-andoche-junot\/","og_site_name":"L&#039;Histoire est un roman...","article_modified_time":"2022-11-11T10:14:44+00:00","twitter_card":"summary_large_image","twitter_misc":{"Dur\u00e9e de lecture estim\u00e9e":"8 minutes"},"schema":{"@context":"https:\/\/schema.org","@graph":[{"@type":"WebPage","@id":"https:\/\/aline-voinot.com\/index.php\/jean-andoche-junot\/","url":"https:\/\/aline-voinot.com\/index.php\/jean-andoche-junot\/","name":"Jean-Andoche JUNOT, duc d\u2019ABRANT\u00c8S - L&#039;Histoire est un roman...","isPartOf":{"@id":"https:\/\/aline-voinot.com\/#website"},"datePublished":"2018-03-28T22:20:01+00:00","dateModified":"2022-11-11T10:14:44+00:00","breadcrumb":{"@id":"https:\/\/aline-voinot.com\/index.php\/jean-andoche-junot\/#breadcrumb"},"inLanguage":"fr-FR","potentialAction":[{"@type":"ReadAction","target":["https:\/\/aline-voinot.com\/index.php\/jean-andoche-junot\/"]}]},{"@type":"BreadcrumbList","@id":"https:\/\/aline-voinot.com\/index.php\/jean-andoche-junot\/#breadcrumb","itemListElement":[{"@type":"ListItem","position":1,"name":"Accueil","item":"https:\/\/aline-voinot.com\/"},{"@type":"ListItem","position":2,"name":"Jean-Andoche JUNOT, duc d\u2019ABRANT\u00c8S"}]},{"@type":"WebSite","@id":"https:\/\/aline-voinot.com\/#website","url":"https:\/\/aline-voinot.com\/","name":"L&#039;Histoire est un roman...","description":"&quot;Destins connus, destins crois\u00e9s&quot; la premi\u00e8re encyclop\u00e9die romanc\u00e9e...","potentialAction":[{"@type":"SearchAction","target":{"@type":"EntryPoint","urlTemplate":"https:\/\/aline-voinot.com\/?s={search_term_string}"},"query-input":"required name=search_term_string"}],"inLanguage":"fr-FR"}]}},"_links":{"self":[{"href":"https:\/\/aline-voinot.com\/index.php\/wp-json\/wp\/v2\/pages\/4325","targetHints":{"allow":["GET"]}}],"collection":[{"href":"https:\/\/aline-voinot.com\/index.php\/wp-json\/wp\/v2\/pages"}],"about":[{"href":"https:\/\/aline-voinot.com\/index.php\/wp-json\/wp\/v2\/types\/page"}],"author":[{"embeddable":true,"href":"https:\/\/aline-voinot.com\/index.php\/wp-json\/wp\/v2\/users\/1"}],"replies":[{"embeddable":true,"href":"https:\/\/aline-voinot.com\/index.php\/wp-json\/wp\/v2\/comments?post=4325"}],"version-history":[{"count":0,"href":"https:\/\/aline-voinot.com\/index.php\/wp-json\/wp\/v2\/pages\/4325\/revisions"}],"wp:attachment":[{"href":"https:\/\/aline-voinot.com\/index.php\/wp-json\/wp\/v2\/media?parent=4325"}],"curies":[{"name":"wp","href":"https:\/\/api.w.org\/{rel}","templated":true}]}}