{"id":4463,"date":"2018-03-29T10:23:08","date_gmt":"2018-03-29T08:23:08","guid":{"rendered":"http:\/\/aline-voinot.com\/?page_id=4463"},"modified":"2022-12-30T12:11:37","modified_gmt":"2022-12-30T11:11:37","slug":"jean-charles-pichegru","status":"publish","type":"page","link":"https:\/\/aline-voinot.com\/index.php\/jean-charles-pichegru\/","title":{"rendered":"Jean-Charles Pichegru"},"content":{"rendered":"<p>[vc_row full_width=\u00a0\u00bbstretch_row\u00a0\u00bb css=\u00a0\u00bb.vc_custom_1513000693114{background-color: #272727 !important;}\u00a0\u00bb][vc_column width=\u00a0\u00bb1\/4&Prime;][vc_single_image image=\u00a0\u00bb1796&Prime; img_size=\u00a0\u00bb250 x 295&Prime; alignment=\u00a0\u00bbcenter\u00a0\u00bb][\/vc_column][vc_column width=\u00a0\u00bb1\/4&Prime;][vc_column_text css=\u00a0\u00bb.vc_custom_1546271293563{margin-bottom: -10px !important;}\u00a0\u00bb]<\/p>\n<h6><span style=\"color: #999999;\">Planches-pr\u00e8s-Arbois, Jura (1761) &#8211; Paris (1804), d\u00e9c\u00e9d\u00e9 \u00e0 43 ans<\/span><\/h6>\n<h6><\/h6>\n<h6><span style=\"color: #999999;\">G\u00e9n\u00e9ral de division de la R\u00e9volution fran\u00e7aise (Artillerie)<\/span><\/h6>\n<h6><\/h6>\n<h6><span style=\"color: #999999;\">Fran\u00e7ais<\/span><\/h6>\n<p>[\/vc_column_text][vc_row_inner css=\u00a0\u00bb.vc_custom_1546271364724{margin-top: 40px !important;}\u00a0\u00bb][vc_column_inner width=\u00a0\u00bb1\/4&Prime;][vc_btn title=\u00a0\u00bbTome 1&Prime; color=\u00a0\u00bbdanger\u00a0\u00bb size=\u00a0\u00bbsm\u00a0\u00bb][\/vc_column_inner][vc_column_inner width=\u00a0\u00bb1\/4&Prime;][vc_btn title=\u00a0\u00bbTome 2&Prime; color=\u00a0\u00bbprimary\u00a0\u00bb size=\u00a0\u00bbsm\u00a0\u00bb][\/vc_column_inner][vc_column_inner width=\u00a0\u00bb1\/4&Prime;][vc_btn title=\u00a0\u00bbTome 3&Prime; color=\u00a0\u00bbgreen\u00a0\u00bb size=\u00a0\u00bbsm\u00a0\u00bb][\/vc_column_inner][vc_column_inner width=\u00a0\u00bb1\/4&Prime;][vc_btn title=\u00a0\u00bbTome 4&Prime; color=\u00a0\u00bbwarning\u00a0\u00bb size=\u00a0\u00bbsm\u00a0\u00bb][\/vc_column_inner][\/vc_row_inner][\/vc_column][vc_column width=\u00a0\u00bb1\/4&Prime;][vc_btn title=\u00a0\u00bbPortraits\u00a0\u00bb color=\u00a0\u00bbdanger\u00a0\u00bb size=\u00a0\u00bblg\u00a0\u00bb align=\u00a0\u00bbcenter\u00a0\u00bb button_block=\u00a0\u00bbtrue\u00a0\u00bb link=\u00a0\u00bburl:http%3A%2F%2Faline-voinot.com%2Findex.php%2Fjean-charles-pichegru%2F|||\u00a0\u00bb][vc_btn title=\u00a0\u00bbR\u00e9sidences\u00a0\u00bb size=\u00a0\u00bblg\u00a0\u00bb align=\u00a0\u00bbcenter\u00a0\u00bb button_block=\u00a0\u00bbtrue\u00a0\u00bb link=\u00a0\u00bburl:http%3A%2F%2Faline-voinot.com%2Findex.php%2Fresidences-de-jean-charles-pichegru%2F|||\u00a0\u00bb][vc_btn title=\u00a0\u00bbR\u00e9seau Social\u00a0\u00bb size=\u00a0\u00bblg\u00a0\u00bb align=\u00a0\u00bbcenter\u00a0\u00bb button_block=\u00a0\u00bbtrue\u00a0\u00bb link=\u00a0\u00bburl:http%3A%2F%2Faline-voinot.com%2Findex.php%2Freseau-social-de-jean-charles-pichegru%2F|||\u00a0\u00bb][vc_btn title=\u00a0\u00bbG\u00e9n\u00e9alogie\u00a0\u00bb size=\u00a0\u00bblg\u00a0\u00bb align=\u00a0\u00bbcenter\u00a0\u00bb button_block=\u00a0\u00bbtrue\u00a0\u00bb link=\u00a0\u00bburl:http%3A%2F%2Faline-voinot.com%2Findex.php%2Fgenealogie-de-jean-charles-pichegru%2F|||\u00a0\u00bb][\/vc_column][vc_column width=\u00a0\u00bb1\/4&Prime;][vc_btn title=\u00a0\u00bb\u0152uvres\u00a0\u00bb size=\u00a0\u00bblg\u00a0\u00bb align=\u00a0\u00bbcenter\u00a0\u00bb button_block=\u00a0\u00bbtrue\u00a0\u00bb link=\u00a0\u00bburl:http%3A%2F%2Faline-voinot.com%2Findex.php%2Foeuvres-de-jean-charles-pichegru%2F|||\u00a0\u00bb][vc_btn title=\u00a0\u00bbS\u00e9pulture\u00a0\u00bb size=\u00a0\u00bblg\u00a0\u00bb align=\u00a0\u00bbcenter\u00a0\u00bb button_block=\u00a0\u00bbtrue\u00a0\u00bb link=\u00a0\u00bburl:http%3A%2F%2Faline-voinot.com%2Findex.php%2Fsepulture-de-jean-charles-pichegru%2F|||\u00a0\u00bb][vc_btn title=\u00a0\u00bbWikipedia\u00a0\u00bb size=\u00a0\u00bblg\u00a0\u00bb align=\u00a0\u00bbcenter\u00a0\u00bb button_block=\u00a0\u00bbtrue\u00a0\u00bb link=\u00a0\u00bburl:https%3A%2F%2Ffr.wikipedia.org%2Fwiki%2FJean-Charles_Pichegru||target:%20_blank|rel:nofollow\u00a0\u00bb][vc_btn title=\u00a0\u00bbH\u00e9ritage\u00a0\u00bb size=\u00a0\u00bblg\u00a0\u00bb align=\u00a0\u00bbcenter\u00a0\u00bb button_block=\u00a0\u00bbtrue\u00a0\u00bb link=\u00a0\u00bburl:http%3A%2F%2Faline-voinot.com%2Findex.php%2Fheritage-de-jean-charles-pichegru%2F|||\u00a0\u00bb][\/vc_column][\/vc_row][vc_row][vc_column][\/vc_column][\/vc_row][vc_row][vc_column width=\u00a0\u00bb1\/4&Prime;][vc_btn title=\u00a0\u00bbVers 25 ans\u00a0\u00bb shape=\u00a0\u00bbsquare\u00a0\u00bb color=\u00a0\u00bbmulled-wine\u00a0\u00bb size=\u00a0\u00bbsm\u00a0\u00bb align=\u00a0\u00bbcenter\u00a0\u00bb button_block=\u00a0\u00bbtrue\u00a0\u00bb link=\u00a0\u00bb||target:%20_blank|rel:nofollow\u00a0\u00bb css=\u00a0\u00bb.vc_custom_1672398679225{margin-bottom: -5px !important;}\u00a0\u00bb][vc_single_image image=\u00a0\u00bb22177&Prime; img_size=\u00a0\u00bb350X350&Prime; alignment=\u00a0\u00bbcenter\u00a0\u00bb onclick=\u00a0\u00bblink_image\u00a0\u00bb css=\u00a0\u00bb.vc_custom_1589369697327{margin-bottom: -20px !important;}\u00a0\u00bb][vc_btn title=\u00a0\u00bbJean-Charles Pichegru &#8211; 1860 &#8211;  John Hoppner &#8211; History of Europe from the Commencement of the French Revolution to the Restoration of the Bourbons in MDCCCXV by Archibald Alison. Edinburgh &#038; London: William Blackwood, vol. 4&Prime; shape=\u00a0\u00bbsquare\u00a0\u00bb color=\u00a0\u00bbmulled-wine\u00a0\u00bb align=\u00a0\u00bbcenter\u00a0\u00bb i_align=\u00a0\u00bbright\u00a0\u00bb i_icon_fontawesome=\u00a0\u00bbfa fa-eye\u00a0\u00bb add_icon=\u00a0\u00bbtrue\u00a0\u00bb link=\u00a0\u00bburl:https%3A%2F%2Fcommons.wikimedia.org%2Fwiki%2FFile%3AHoppner-Charles_Pichegru.jpg%23%2Fmedia%2FFile%3AHoppner-Charles_Pichegru.jpg||target:%20_blank|\u00a0\u00bb css=\u00a0\u00bb.vc_custom_1672398366068{margin-top: -5px !important;}\u00a0\u00bb][\/vc_column][vc_column width=\u00a0\u00bb1\/4&Prime;][vc_btn title=\u00a0\u00bbVers 28 ans\u00a0\u00bb shape=\u00a0\u00bbsquare\u00a0\u00bb color=\u00a0\u00bbmulled-wine\u00a0\u00bb size=\u00a0\u00bbsm\u00a0\u00bb align=\u00a0\u00bbcenter\u00a0\u00bb button_block=\u00a0\u00bbtrue\u00a0\u00bb link=\u00a0\u00bb||target:%20_blank|rel:nofollow\u00a0\u00bb css=\u00a0\u00bb.vc_custom_1672398669668{margin-bottom: -5px !important;}\u00a0\u00bb][vc_single_image image=\u00a0\u00bb22176&Prime; img_size=\u00a0\u00bb350X350&Prime; alignment=\u00a0\u00bbcenter\u00a0\u00bb onclick=\u00a0\u00bblink_image\u00a0\u00bb css=\u00a0\u00bb.vc_custom_1589369705296{margin-bottom: -20px !important;}\u00a0\u00bb][vc_btn title=\u00a0\u00bbJean-Charles Pichegru &#8211; XIXe si\u00e8cle &#8211; H. Rousseau (Dessinateur), E.Thomas (Graveur) &#8211; Grands hommes et grands faits de la R\u00e9volution fran\u00e7aise, \u00c9diteur Furne, Jouvet &#038; Cie, \u00e9diteurs 89-1804, \u00c9\u00a0\u00bb shape=\u00a0\u00bbsquare\u00a0\u00bb color=\u00a0\u00bbmulled-wine\u00a0\u00bb align=\u00a0\u00bbcenter\u00a0\u00bb i_align=\u00a0\u00bbright\u00a0\u00bb i_icon_fontawesome=\u00a0\u00bbfa fa-eye\u00a0\u00bb add_icon=\u00a0\u00bbtrue\u00a0\u00bb link=\u00a0\u00bburl:https%3A%2F%2Fcommons.wikimedia.org%2Fwiki%2FFile%3AAduC_188_Pichegru_(J.C.%2C_1761-1804).JPG%23%2Fmedia%2FFile%3AAduC_188_Pichegru_(J.C.%2C_1761-1804).JPG||target:%20_blank|\u00a0\u00bb css=\u00a0\u00bb.vc_custom_1672398397146{margin-top: -5px !important;}\u00a0\u00bb][\/vc_column][vc_column width=\u00a0\u00bb1\/4&Prime;][vc_btn title=\u00a0\u00bbVers 37 ans\u00a0\u00bb shape=\u00a0\u00bbsquare\u00a0\u00bb color=\u00a0\u00bbmulled-wine\u00a0\u00bb size=\u00a0\u00bbsm\u00a0\u00bb align=\u00a0\u00bbcenter\u00a0\u00bb button_block=\u00a0\u00bbtrue\u00a0\u00bb link=\u00a0\u00bb||target:%20_blank|rel:nofollow\u00a0\u00bb css=\u00a0\u00bb.vc_custom_1672398661116{margin-bottom: -5px !important;}\u00a0\u00bb][vc_single_image image=\u00a0\u00bb34548&Prime; img_size=\u00a0\u00bb350X350&Prime; alignment=\u00a0\u00bbcenter\u00a0\u00bb onclick=\u00a0\u00bblink_image\u00a0\u00bb css=\u00a0\u00bb.vc_custom_1672397316721{margin-bottom: -20px !important;}\u00a0\u00bb][vc_btn title=\u00a0\u00bbJean-Charles Pichegru &#8211; 1795 &#8211; Charles Howard Hodges (Graveur) &#8211; Rijksmuseum, Amsterdam (Pays-Bas)\u00a0\u00bb shape=\u00a0\u00bbsquare\u00a0\u00bb color=\u00a0\u00bbmulled-wine\u00a0\u00bb align=\u00a0\u00bbcenter\u00a0\u00bb i_align=\u00a0\u00bbright\u00a0\u00bb i_icon_fontawesome=\u00a0\u00bbfa fa-eye\u00a0\u00bb add_icon=\u00a0\u00bbtrue\u00a0\u00bb link=\u00a0\u00bburl:https%3A%2F%2Fcommons.wikimedia.org%2Fwiki%2FFile%3APortret_van_generaal_Charles_Pichegru%2C_RP-P-1906-1749.jpg%23%2Fmedia%2FFile%3APortret_van_generaal_Charles_Pichegru%2C_RP-P-1906-1749.jpg||target:%20_blank|\u00a0\u00bb css=\u00a0\u00bb.vc_custom_1672397973869{margin-top: -5px !important;}\u00a0\u00bb][\/vc_column][vc_column width=\u00a0\u00bb1\/4&Prime;][vc_btn title=\u00a0\u00bbVers 38 ans\u00a0\u00bb shape=\u00a0\u00bbsquare\u00a0\u00bb color=\u00a0\u00bbmulled-wine\u00a0\u00bb size=\u00a0\u00bbsm\u00a0\u00bb align=\u00a0\u00bbcenter\u00a0\u00bb button_block=\u00a0\u00bbtrue\u00a0\u00bb link=\u00a0\u00bb||target:%20_blank|rel:nofollow\u00a0\u00bb css=\u00a0\u00bb.vc_custom_1672398651831{margin-bottom: -5px !important;}\u00a0\u00bb][vc_single_image image=\u00a0\u00bb22178&Prime; img_size=\u00a0\u00bb350X350&Prime; alignment=\u00a0\u00bbcenter\u00a0\u00bb onclick=\u00a0\u00bblink_image\u00a0\u00bb css=\u00a0\u00bb.vc_custom_1589369728002{margin-bottom: -20px !important;}\u00a0\u00bb][vc_btn title=\u00a0\u00bbJean-Charles Pichegru &#8211; avant 1862 &#8211; Alexandre francois Caminade &#8211; Lieu de conservation inconnu\u00a0\u00bb shape=\u00a0\u00bbsquare\u00a0\u00bb color=\u00a0\u00bbmulled-wine\u00a0\u00bb align=\u00a0\u00bbcenter\u00a0\u00bb i_align=\u00a0\u00bbright\u00a0\u00bb i_icon_fontawesome=\u00a0\u00bbfa fa-eye\u00a0\u00bb add_icon=\u00a0\u00bbtrue\u00a0\u00bb link=\u00a0\u00bburl:https%3A%2F%2Fcommons.wikimedia.org%2Fwiki%2FFile%3AJean-Charles_Pichegru2.jpg%23%2Fmedia%2FFile%3AJean-Charles_Pichegru2.jpg||target:%20_blank|\u00a0\u00bb css=\u00a0\u00bb.vc_custom_1672398591676{margin-top: -5px !important;}\u00a0\u00bb][\/vc_column][\/vc_row][vc_row][vc_column width=\u00a0\u00bb1\/4&Prime;][vc_btn title=\u00a0\u00bbVers 40 ans\u00a0\u00bb shape=\u00a0\u00bbsquare\u00a0\u00bb color=\u00a0\u00bbmulled-wine\u00a0\u00bb size=\u00a0\u00bbsm\u00a0\u00bb align=\u00a0\u00bbcenter\u00a0\u00bb button_block=\u00a0\u00bbtrue\u00a0\u00bb link=\u00a0\u00bb||target:%20_blank|rel:nofollow\u00a0\u00bb css=\u00a0\u00bb.vc_custom_1672398640081{margin-bottom: -5px !important;}\u00a0\u00bb][vc_single_image image=\u00a0\u00bb22180&Prime; img_size=\u00a0\u00bb350X350&Prime; alignment=\u00a0\u00bbcenter\u00a0\u00bb onclick=\u00a0\u00bblink_image\u00a0\u00bb css=\u00a0\u00bb.vc_custom_1589369751933{margin-bottom: -20px !important;}\u00a0\u00bb][vc_btn title=\u00a0\u00bbJean-Charles Pichegru &#8211; XIXe si\u00e8cle &#8211; Mus\u00e9e national des ch\u00e2teaux de Versailles et de Trianon (France)\u00a0\u00bb shape=\u00a0\u00bbsquare\u00a0\u00bb color=\u00a0\u00bbmulled-wine\u00a0\u00bb align=\u00a0\u00bbcenter\u00a0\u00bb i_align=\u00a0\u00bbright\u00a0\u00bb i_icon_fontawesome=\u00a0\u00bbfa fa-eye\u00a0\u00bb add_icon=\u00a0\u00bbtrue\u00a0\u00bb link=\u00a0\u00bburl:https%3A%2F%2Fupload.wikimedia.org%2Fwikipedia%2Fcommons%2F6%2F67%2FG%25C3%25A9n%25C3%25A9ral_JEAN_CHARLES_PICHEGRU.jpg%3Fuselang%3Dfr||target:%20_blank|\u00a0\u00bb css=\u00a0\u00bb.vc_custom_1672397725318{margin-top: -5px !important;}\u00a0\u00bb][\/vc_column][vc_column width=\u00a0\u00bb1\/4&Prime;][vc_btn title=\u00a0\u00bbVers 42 ans\u00a0\u00bb shape=\u00a0\u00bbsquare\u00a0\u00bb color=\u00a0\u00bbmulled-wine\u00a0\u00bb size=\u00a0\u00bbsm\u00a0\u00bb align=\u00a0\u00bbcenter\u00a0\u00bb button_block=\u00a0\u00bbtrue\u00a0\u00bb link=\u00a0\u00bb||target:%20_blank|rel:nofollow\u00a0\u00bb css=\u00a0\u00bb.vc_custom_1672398631849{margin-bottom: -5px !important;}\u00a0\u00bb][vc_single_image image=\u00a0\u00bb34547&Prime; img_size=\u00a0\u00bb350X350&Prime; alignment=\u00a0\u00bbcenter\u00a0\u00bb onclick=\u00a0\u00bblink_image\u00a0\u00bb css=\u00a0\u00bb.vc_custom_1672397271514{margin-bottom: -20px !important;}\u00a0\u00bb][vc_btn title=\u00a0\u00bbJean-Charles Pichegru &#8211; 1865 &#8211; Charles-Aim\u00e9 Forestier &#8211; Histoire de la R\u00e9volution fran\u00e7aise, Adolphe Thiers\u00a0\u00bb shape=\u00a0\u00bbsquare\u00a0\u00bb color=\u00a0\u00bbmulled-wine\u00a0\u00bb align=\u00a0\u00bbcenter\u00a0\u00bb i_align=\u00a0\u00bbright\u00a0\u00bb i_icon_fontawesome=\u00a0\u00bbfa fa-eye\u00a0\u00bb add_icon=\u00a0\u00bbtrue\u00a0\u00bb link=\u00a0\u00bburl:https%3A%2F%2Fcommons.wikimedia.org%2Fwiki%2FFile%3APichegru.jpg%23%2Fmedia%2FFile%3APichegru.jpg||target:%20_blank|\u00a0\u00bb css=\u00a0\u00bb.vc_custom_1672398484383{margin-top: -5px !important;}\u00a0\u00bb][\/vc_column][vc_column width=\u00a0\u00bb1\/4&Prime;][vc_btn title=\u00a0\u00bbVers 42 ans\u00a0\u00bb shape=\u00a0\u00bbsquare\u00a0\u00bb color=\u00a0\u00bbmulled-wine\u00a0\u00bb size=\u00a0\u00bbsm\u00a0\u00bb align=\u00a0\u00bbcenter\u00a0\u00bb button_block=\u00a0\u00bbtrue\u00a0\u00bb link=\u00a0\u00bb||target:%20_blank|rel:nofollow\u00a0\u00bb css=\u00a0\u00bb.vc_custom_1672398623839{margin-bottom: -5px !important;}\u00a0\u00bb][vc_single_image image=\u00a0\u00bb34549&Prime; img_size=\u00a0\u00bb350X350&Prime; alignment=\u00a0\u00bbcenter\u00a0\u00bb onclick=\u00a0\u00bblink_image\u00a0\u00bb css=\u00a0\u00bb.vc_custom_1672396955849{margin-bottom: -20px !important;}\u00a0\u00bb][vc_btn title=\u00a0\u00bbJean-Charles Pichegru &#8211; XIXe si\u00e8cle &#8211; Pierre Charles Coqueret d&rsquo;apr\u00e8s Hilaire Ledru &#8211; Mus\u00e9e national des ch\u00e2teaux de Malmaison (France)\u00a0\u00bb shape=\u00a0\u00bbsquare\u00a0\u00bb color=\u00a0\u00bbmulled-wine\u00a0\u00bb align=\u00a0\u00bbcenter\u00a0\u00bb i_align=\u00a0\u00bbright\u00a0\u00bb i_icon_fontawesome=\u00a0\u00bbfa fa-eye\u00a0\u00bb add_icon=\u00a0\u00bbtrue\u00a0\u00bb link=\u00a0\u00bburl:https%3A%2F%2Fcommons.wikimedia.org%2Fwiki%2FFile%3APierre-Charles_Coqueret_-_Pichegru.jpg%23%2Fmedia%2FFile%3APierre-Charles_Coqueret_-_Pichegru.jpg||target:%20_blank|\u00a0\u00bb css=\u00a0\u00bb.vc_custom_1672398150623{margin-top: -5px !important;}\u00a0\u00bb][\/vc_column][vc_column width=\u00a0\u00bb1\/4&Prime;][vc_btn title=\u00a0\u00bbVers 43 ans\u00a0\u00bb shape=\u00a0\u00bbsquare\u00a0\u00bb color=\u00a0\u00bbmulled-wine\u00a0\u00bb size=\u00a0\u00bbsm\u00a0\u00bb align=\u00a0\u00bbcenter\u00a0\u00bb button_block=\u00a0\u00bbtrue\u00a0\u00bb link=\u00a0\u00bb||target:%20_blank|rel:nofollow\u00a0\u00bb css=\u00a0\u00bb.vc_custom_1672398611992{margin-bottom: -5px !important;}\u00a0\u00bb][vc_single_image image=\u00a0\u00bb22184&Prime; img_size=\u00a0\u00bb350X350&Prime; alignment=\u00a0\u00bbcenter\u00a0\u00bb onclick=\u00a0\u00bblink_image\u00a0\u00bb css=\u00a0\u00bb.vc_custom_1589369845997{margin-bottom: -20px !important;}\u00a0\u00bb][vc_btn title=\u00a0\u00bbLa Mort de Pichegru &#8211; 1891 &#8211; Fortun\u00e9 M\u00e9aulle (Gravure), d&rsquo;apr\u00e8s un dessin d&rsquo;Henri Meyer d&rsquo;apr\u00e8s la toile de Georges Moreau de Tours &#8211; Suppl\u00e9ment illustr\u00e9 du Petit Journal, 4 avril 1891, Gallica, BNF, Paris (France)\u00a0\u00bb shape=\u00a0\u00bbsquare\u00a0\u00bb color=\u00a0\u00bbmulled-wine\u00a0\u00bb align=\u00a0\u00bbcenter\u00a0\u00bb i_align=\u00a0\u00bbright\u00a0\u00bb i_icon_fontawesome=\u00a0\u00bbfa fa-eye\u00a0\u00bb add_icon=\u00a0\u00bbtrue\u00a0\u00bb link=\u00a0\u00bburl:https%3A%2F%2Ffr.wikipedia.org%2Fwiki%2FCharles_Pichegru%23%2Fmedia%2FFichier%3APichegru_par_Moreau_de_Tours.jpg||target:%20_blank|\u00a0\u00bb css=\u00a0\u00bb.vc_custom_1672397140704{margin-top: -5px !important;}\u00a0\u00bb][vc_btn title=\u00a0\u00bbJean-Charles PICHEGRU est d\u00e9c\u00e9d\u00e9 \u00e0 43 ans &#8211; voir sa s\u00e9pulture\u00a0\u00bb shape=\u00a0\u00bbsquare\u00a0\u00bb color=\u00a0\u00bbmulled-wine\u00a0\u00bb align=\u00a0\u00bbcenter\u00a0\u00bb i_align=\u00a0\u00bbright\u00a0\u00bb i_icon_fontawesome=\u00a0\u00bbfa fa-eye\u00a0\u00bb add_icon=\u00a0\u00bbtrue\u00a0\u00bb link=\u00a0\u00bburl:http%3A%2F%2Faline-voinot.com%2Findex.php%2Fsepulture-de-jean-charles-pichegru%2F||target:%20_blank|rel:nofollow\u00a0\u00bb css=\u00a0\u00bb.vc_custom_1589369957560{margin-top: -5px !important;}\u00a0\u00bb][\/vc_column][\/vc_row]<\/p>\n","protected":false},"excerpt":{"rendered":"<p>[vc_row full_width=\u00a0\u00bbstretch_row\u00a0\u00bb css=\u00a0\u00bb.vc_custom_1513000693114{background-color: #272727 !important;}\u00a0\u00bb][vc_column width=\u00a0\u00bb1\/4&Prime;][vc_single_image image=\u00a0\u00bb1796&Prime; img_size=\u00a0\u00bb250 x 295&Prime; alignment=\u00a0\u00bbcenter\u00a0\u00bb][\/vc_column][vc_column width=\u00a0\u00bb1\/4&Prime;][vc_column_text css=\u00a0\u00bb.vc_custom_1546271293563{margin-bottom: -10px !important;}\u00a0\u00bb] Planches-pr\u00e8s-Arbois, Jura (1761) &#8211; Paris (1804), d\u00e9c\u00e9d\u00e9 \u00e0 43 ans G\u00e9n\u00e9ral de division de la R\u00e9volution fran\u00e7aise (Artillerie) Fran\u00e7ais [\/vc_column_text][vc_row_inner css=\u00a0\u00bb.vc_custom_1546271364724{margin-top: 40px !important;}\u00a0\u00bb][vc_column_inner width=\u00a0\u00bb1\/4&Prime;][vc_btn title=\u00a0\u00bbTome<\/p>\n","protected":false},"author":1,"featured_media":0,"parent":0,"menu_order":0,"comment_status":"closed","ping_status":"closed","template":"","meta":{"footnotes":""},"class_list":["post-4463","page","type-page","status-publish","hentry"],"yoast_head":"<!-- This site is optimized with the Yoast SEO plugin v22.8 - https:\/\/yoast.com\/wordpress\/plugins\/seo\/ -->\n<title>Jean-Charles Pichegru - L&#039;Histoire est un roman...<\/title>\n<meta name=\"robots\" content=\"index, follow, max-snippet:-1, max-image-preview:large, max-video-preview:-1\" \/>\n<link rel=\"canonical\" href=\"https:\/\/aline-voinot.com\/index.php\/jean-charles-pichegru\/\" \/>\n<meta property=\"og:locale\" content=\"fr_FR\" \/>\n<meta property=\"og:type\" content=\"article\" \/>\n<meta property=\"og:title\" content=\"Jean-Charles Pichegru - L&#039;Histoire est un roman...\" \/>\n<meta property=\"og:description\" content=\"[vc_row full_width=\u00a0\u00bbstretch_row\u00a0\u00bb css=\u00a0\u00bb.vc_custom_1513000693114{background-color: #272727 !important;}\u00a0\u00bb][vc_column width=\u00a0\u00bb1\/4&Prime;][vc_single_image image=\u00a0\u00bb1796&Prime; img_size=\u00a0\u00bb250 x 295&Prime; alignment=\u00a0\u00bbcenter\u00a0\u00bb][\/vc_column][vc_column width=\u00a0\u00bb1\/4&Prime;][vc_column_text css=\u00a0\u00bb.vc_custom_1546271293563{margin-bottom: -10px !important;}\u00a0\u00bb] Planches-pr\u00e8s-Arbois, Jura (1761) &#8211; Paris (1804), d\u00e9c\u00e9d\u00e9 \u00e0 43 ans G\u00e9n\u00e9ral de division de la R\u00e9volution fran\u00e7aise (Artillerie) Fran\u00e7ais [\/vc_column_text][vc_row_inner css=\u00a0\u00bb.vc_custom_1546271364724{margin-top: 40px !important;}\u00a0\u00bb][vc_column_inner width=\u00a0\u00bb1\/4&Prime;][vc_btn title=\u00a0\u00bbTome\" \/>\n<meta property=\"og:url\" content=\"https:\/\/aline-voinot.com\/index.php\/jean-charles-pichegru\/\" \/>\n<meta property=\"og:site_name\" content=\"L&#039;Histoire est un roman...\" \/>\n<meta property=\"article:modified_time\" content=\"2022-12-30T11:11:37+00:00\" \/>\n<meta name=\"twitter:card\" content=\"summary_large_image\" \/>\n<meta name=\"twitter:label1\" content=\"Dur\u00e9e de lecture estim\u00e9e\" \/>\n\t<meta name=\"twitter:data1\" content=\"7 minutes\" \/>\n<script type=\"application\/ld+json\" class=\"yoast-schema-graph\">{\"@context\":\"https:\/\/schema.org\",\"@graph\":[{\"@type\":\"WebPage\",\"@id\":\"https:\/\/aline-voinot.com\/index.php\/jean-charles-pichegru\/\",\"url\":\"https:\/\/aline-voinot.com\/index.php\/jean-charles-pichegru\/\",\"name\":\"Jean-Charles Pichegru - L&#039;Histoire est un roman...\",\"isPartOf\":{\"@id\":\"https:\/\/aline-voinot.com\/#website\"},\"datePublished\":\"2018-03-29T08:23:08+00:00\",\"dateModified\":\"2022-12-30T11:11:37+00:00\",\"breadcrumb\":{\"@id\":\"https:\/\/aline-voinot.com\/index.php\/jean-charles-pichegru\/#breadcrumb\"},\"inLanguage\":\"fr-FR\",\"potentialAction\":[{\"@type\":\"ReadAction\",\"target\":[\"https:\/\/aline-voinot.com\/index.php\/jean-charles-pichegru\/\"]}]},{\"@type\":\"BreadcrumbList\",\"@id\":\"https:\/\/aline-voinot.com\/index.php\/jean-charles-pichegru\/#breadcrumb\",\"itemListElement\":[{\"@type\":\"ListItem\",\"position\":1,\"name\":\"Accueil\",\"item\":\"https:\/\/aline-voinot.com\/\"},{\"@type\":\"ListItem\",\"position\":2,\"name\":\"Jean-Charles Pichegru\"}]},{\"@type\":\"WebSite\",\"@id\":\"https:\/\/aline-voinot.com\/#website\",\"url\":\"https:\/\/aline-voinot.com\/\",\"name\":\"L&#039;Histoire est un roman...\",\"description\":\"&quot;Destins connus, destins crois\u00e9s&quot; la premi\u00e8re encyclop\u00e9die romanc\u00e9e...\",\"potentialAction\":[{\"@type\":\"SearchAction\",\"target\":{\"@type\":\"EntryPoint\",\"urlTemplate\":\"https:\/\/aline-voinot.com\/?s={search_term_string}\"},\"query-input\":\"required name=search_term_string\"}],\"inLanguage\":\"fr-FR\"}]}<\/script>\n<!-- \/ Yoast SEO plugin. -->","yoast_head_json":{"title":"Jean-Charles Pichegru - L&#039;Histoire est un roman...","robots":{"index":"index","follow":"follow","max-snippet":"max-snippet:-1","max-image-preview":"max-image-preview:large","max-video-preview":"max-video-preview:-1"},"canonical":"https:\/\/aline-voinot.com\/index.php\/jean-charles-pichegru\/","og_locale":"fr_FR","og_type":"article","og_title":"Jean-Charles Pichegru - L&#039;Histoire est un roman...","og_description":"[vc_row full_width=\u00a0\u00bbstretch_row\u00a0\u00bb css=\u00a0\u00bb.vc_custom_1513000693114{background-color: #272727 !important;}\u00a0\u00bb][vc_column width=\u00a0\u00bb1\/4&Prime;][vc_single_image image=\u00a0\u00bb1796&Prime; img_size=\u00a0\u00bb250 x 295&Prime; alignment=\u00a0\u00bbcenter\u00a0\u00bb][\/vc_column][vc_column width=\u00a0\u00bb1\/4&Prime;][vc_column_text css=\u00a0\u00bb.vc_custom_1546271293563{margin-bottom: -10px !important;}\u00a0\u00bb] Planches-pr\u00e8s-Arbois, Jura (1761) &#8211; Paris (1804), d\u00e9c\u00e9d\u00e9 \u00e0 43 ans G\u00e9n\u00e9ral de division de la R\u00e9volution fran\u00e7aise (Artillerie) Fran\u00e7ais [\/vc_column_text][vc_row_inner css=\u00a0\u00bb.vc_custom_1546271364724{margin-top: 40px !important;}\u00a0\u00bb][vc_column_inner width=\u00a0\u00bb1\/4&Prime;][vc_btn title=\u00a0\u00bbTome","og_url":"https:\/\/aline-voinot.com\/index.php\/jean-charles-pichegru\/","og_site_name":"L&#039;Histoire est un roman...","article_modified_time":"2022-12-30T11:11:37+00:00","twitter_card":"summary_large_image","twitter_misc":{"Dur\u00e9e de lecture estim\u00e9e":"7 minutes"},"schema":{"@context":"https:\/\/schema.org","@graph":[{"@type":"WebPage","@id":"https:\/\/aline-voinot.com\/index.php\/jean-charles-pichegru\/","url":"https:\/\/aline-voinot.com\/index.php\/jean-charles-pichegru\/","name":"Jean-Charles Pichegru - L&#039;Histoire est un roman...","isPartOf":{"@id":"https:\/\/aline-voinot.com\/#website"},"datePublished":"2018-03-29T08:23:08+00:00","dateModified":"2022-12-30T11:11:37+00:00","breadcrumb":{"@id":"https:\/\/aline-voinot.com\/index.php\/jean-charles-pichegru\/#breadcrumb"},"inLanguage":"fr-FR","potentialAction":[{"@type":"ReadAction","target":["https:\/\/aline-voinot.com\/index.php\/jean-charles-pichegru\/"]}]},{"@type":"BreadcrumbList","@id":"https:\/\/aline-voinot.com\/index.php\/jean-charles-pichegru\/#breadcrumb","itemListElement":[{"@type":"ListItem","position":1,"name":"Accueil","item":"https:\/\/aline-voinot.com\/"},{"@type":"ListItem","position":2,"name":"Jean-Charles Pichegru"}]},{"@type":"WebSite","@id":"https:\/\/aline-voinot.com\/#website","url":"https:\/\/aline-voinot.com\/","name":"L&#039;Histoire est un roman...","description":"&quot;Destins connus, destins crois\u00e9s&quot; la premi\u00e8re encyclop\u00e9die romanc\u00e9e...","potentialAction":[{"@type":"SearchAction","target":{"@type":"EntryPoint","urlTemplate":"https:\/\/aline-voinot.com\/?s={search_term_string}"},"query-input":"required name=search_term_string"}],"inLanguage":"fr-FR"}]}},"_links":{"self":[{"href":"https:\/\/aline-voinot.com\/index.php\/wp-json\/wp\/v2\/pages\/4463","targetHints":{"allow":["GET"]}}],"collection":[{"href":"https:\/\/aline-voinot.com\/index.php\/wp-json\/wp\/v2\/pages"}],"about":[{"href":"https:\/\/aline-voinot.com\/index.php\/wp-json\/wp\/v2\/types\/page"}],"author":[{"embeddable":true,"href":"https:\/\/aline-voinot.com\/index.php\/wp-json\/wp\/v2\/users\/1"}],"replies":[{"embeddable":true,"href":"https:\/\/aline-voinot.com\/index.php\/wp-json\/wp\/v2\/comments?post=4463"}],"version-history":[{"count":4,"href":"https:\/\/aline-voinot.com\/index.php\/wp-json\/wp\/v2\/pages\/4463\/revisions"}],"predecessor-version":[{"id":34553,"href":"https:\/\/aline-voinot.com\/index.php\/wp-json\/wp\/v2\/pages\/4463\/revisions\/34553"}],"wp:attachment":[{"href":"https:\/\/aline-voinot.com\/index.php\/wp-json\/wp\/v2\/media?parent=4463"}],"curies":[{"name":"wp","href":"https:\/\/api.w.org\/{rel}","templated":true}]}}