{"id":6721,"date":"2018-12-26T09:52:39","date_gmt":"2018-12-26T08:52:39","guid":{"rendered":"http:\/\/aline-voinot.com\/?page_id=6721"},"modified":"2023-03-14T16:38:59","modified_gmt":"2023-03-14T15:38:59","slug":"residences-de-louis-antoine-henri-de-bourbon-conde-dit-duc-denghien","status":"publish","type":"page","link":"https:\/\/aline-voinot.com\/index.php\/residences-de-louis-antoine-henri-de-bourbon-conde-dit-duc-denghien\/","title":{"rendered":"R\u00e9sidences de Louis-Antoine-Henri de Bourbon Cond\u00e9, dit Duc d&rsquo;Enghien"},"content":{"rendered":"<p>[vc_row full_width=\u00a0\u00bbstretch_row\u00a0\u00bb css=\u00a0\u00bb.vc_custom_1513000693114{background-color: #272727 !important;}\u00a0\u00bb][vc_column width=\u00a0\u00bb1\/6&Prime;][vc_single_image image=\u00a0\u00bb1576&Prime; img_size=\u00a0\u00bb150X150&Prime; alignment=\u00a0\u00bbcenter\u00a0\u00bb][\/vc_column][vc_column width=\u00a0\u00bb1\/6&Prime;][vc_btn title=\u00a0\u00bbPortraits\u00a0\u00bb color=\u00a0\u00bbdefault\u00a0\u00bb size=\u00a0\u00bblg\u00a0\u00bb align=\u00a0\u00bbcenter\u00a0\u00bb button_block=\u00a0\u00bbtrue\u00a0\u00bb link=\u00a0\u00bburl:http%3A%2F%2Faline-voinot.com%2Findex.php%2Flouis-antoine-henri-de-bourbon-conde-dit-duc-denghien%2F|||\u00a0\u00bb][vc_btn title=\u00a0\u00bbR\u00e9sidences\u00a0\u00bb color=\u00a0\u00bbdanger\u00a0\u00bb size=\u00a0\u00bblg\u00a0\u00bb align=\u00a0\u00bbcenter\u00a0\u00bb button_block=\u00a0\u00bbtrue\u00a0\u00bb link=\u00a0\u00bburl:http%3A%2F%2Faline-voinot.com%2Findex.php%2Fresidences-de-louis-antoine-henri-de-bourbon-conde-dit-duc-denghien%2F|||\u00a0\u00bb][\/vc_column][vc_column width=\u00a0\u00bb1\/6&Prime;][vc_btn title=\u00a0\u00bbR\u00e9seau Social\u00a0\u00bb size=\u00a0\u00bblg\u00a0\u00bb align=\u00a0\u00bbcenter\u00a0\u00bb button_block=\u00a0\u00bbtrue\u00a0\u00bb link=\u00a0\u00bburl:http%3A%2F%2Faline-voinot.com%2Findex.php%2Freseau-social-de-louis-antoine-henri-de-bourbon-conde-dit-duc-denghien%2F|||\u00a0\u00bb][vc_btn title=\u00a0\u00bbG\u00e9n\u00e9alogie\u00a0\u00bb size=\u00a0\u00bblg\u00a0\u00bb align=\u00a0\u00bbcenter\u00a0\u00bb button_block=\u00a0\u00bbtrue\u00a0\u00bb link=\u00a0\u00bburl:http%3A%2F%2Faline-voinot.com%2Findex.php%2Fgenealogie-de-louis-antoine-henri-de-bourbon-conde-dit-duc-denghien%2F|||\u00a0\u00bb][\/vc_column][vc_column width=\u00a0\u00bb1\/6&Prime;][vc_btn title=\u00a0\u00bb\u00c9v\u00e9nements\u00a0\u00bb size=\u00a0\u00bblg\u00a0\u00bb align=\u00a0\u00bbcenter\u00a0\u00bb button_block=\u00a0\u00bbtrue\u00a0\u00bb link=\u00a0\u00bburl:http%3A%2F%2Faline-voinot.com%2Findex.php%2Fevenements-de-louis-antoine-henri-de-bourbon-conde-dit-duc-denghien%2F|||\u00a0\u00bb][vc_btn title=\u00a0\u00bbS\u00e9pulture\u00a0\u00bb size=\u00a0\u00bblg\u00a0\u00bb align=\u00a0\u00bbcenter\u00a0\u00bb button_block=\u00a0\u00bbtrue\u00a0\u00bb link=\u00a0\u00bburl:http%3A%2F%2Faline-voinot.com%2Findex.php%2Fsepulture-de-louis-antoine-henri-de-bourbon-conde-dit-duc-denghien%2F|||\u00a0\u00bb][\/vc_column][vc_column width=\u00a0\u00bb1\/6&Prime;][vc_btn title=\u00a0\u00bbWikipedia\u00a0\u00bb size=\u00a0\u00bblg\u00a0\u00bb align=\u00a0\u00bbcenter\u00a0\u00bb button_block=\u00a0\u00bbtrue\u00a0\u00bb link=\u00a0\u00bburl:https%3A%2F%2Ffr.wikipedia.org%2Fwiki%2FLouis-Antoine_de_Bourbon-Cond%25C3%25A9||target:%20_blank|rel:nofollow\u00a0\u00bb][vc_btn title=\u00a0\u00bbH\u00e9ritage\u00a0\u00bb size=\u00a0\u00bblg\u00a0\u00bb align=\u00a0\u00bbcenter\u00a0\u00bb button_block=\u00a0\u00bbtrue\u00a0\u00bb link=\u00a0\u00bburl:http%3A%2F%2Faline-voinot.com%2Findex.php%2Fheritage-de-louis-antoine-henri-de-bourbon-conde-dit-duc-denghien%2F|||\u00a0\u00bb][\/vc_column][vc_column width=\u00a0\u00bb1\/6&Prime;][\/vc_column][\/vc_row][vc_row][vc_column][vc_btn title=\u00a0\u00bbCh\u00e2teau natal de Chantilly &#8211; 60500 Chantilly &#8211; Cliquez sur ce lien pour visite\u00a0\u00bb shape=\u00a0\u00bbsquare\u00a0\u00bb color=\u00a0\u00bbinverse\u00a0\u00bb size=\u00a0\u00bblg\u00a0\u00bb align=\u00a0\u00bbcenter\u00a0\u00bb i_align=\u00a0\u00bbright\u00a0\u00bb i_icon_fontawesome=\u00a0\u00bbfa fa-eye\u00a0\u00bb button_block=\u00a0\u00bbtrue\u00a0\u00bb add_icon=\u00a0\u00bbtrue\u00a0\u00bb link=\u00a0\u00bburl:https%3A%2F%2Fchateaudechantilly.fr%2Fpreparer-ma-visite%2F||target:%20_blank|rel:nofollow\u00a0\u00bb][vc_btn title=\u00a0\u00bbLouis-Antoine-Henri de Bourbon-Cond\u00e9 naquit le 2 ao\u00fbt 1772 \u00e0 Chantilly\u00a0\u00bb shape=\u00a0\u00bbsquare\u00a0\u00bb color=\u00a0\u00bbdefault\u00a0\u00bb size=\u00a0\u00bblg\u00a0\u00bb align=\u00a0\u00bbcenter\u00a0\u00bb button_block=\u00a0\u00bbtrue\u00a0\u00bb link=\u00a0\u00bb||target:%20_blank|rel:nofollow\u00a0\u00bb][vc_single_image image=\u00a0\u00bb36092&Prime; img_size=\u00a0\u00bb900&#215;300&Prime; alignment=\u00a0\u00bbcenter\u00a0\u00bb onclick=\u00a0\u00bblink_image\u00a0\u00bb css=\u00a0\u00bb.vc_custom_1678807168421{margin-bottom: -15px !important;}\u00a0\u00bb][vc_btn title=\u00a0\u00bbL&rsquo;entr\u00e9e du ch\u00e2teau, surveill\u00e9e par la statue \u00e9questre d&rsquo;Anne de Montmorency &#8211; Photographie Tango7174 (2008) &#8211; Travail personnel\u00a0\u00bb shape=\u00a0\u00bbsquare\u00a0\u00bb size=\u00a0\u00bblg\u00a0\u00bb align=\u00a0\u00bbcenter\u00a0\u00bb i_align=\u00a0\u00bbright\u00a0\u00bb i_icon_fontawesome=\u00a0\u00bbfa fa-eye\u00a0\u00bb button_block=\u00a0\u00bbtrue\u00a0\u00bb add_icon=\u00a0\u00bbtrue\u00a0\u00bb link=\u00a0\u00bburl:https%3A%2F%2Ffr.wikipedia.org%2Fwiki%2FCh%25C3%25A2teau_de_Chantilly%23%2Fmedia%2FFichier%3AChantilly1_tango7174.jpg||target:%20_blank|rel:nofollow\u00a0\u00bb][vc_single_image image=\u00a0\u00bb36091&Prime; img_size=\u00a0\u00bb900&#215;300&Prime; alignment=\u00a0\u00bbcenter\u00a0\u00bb onclick=\u00a0\u00bblink_image\u00a0\u00bb css=\u00a0\u00bb.vc_custom_1678807183282{margin-bottom: -15px !important;}\u00a0\u00bb][vc_btn title=\u00a0\u00bbPanorama de l&rsquo;entr\u00e9e du ch\u00e2teau de Chantilly &#8211; Photographie Inocybe\/piero d&rsquo;Houin (2014) &#8211; Travail personnel\u00a0\u00bb shape=\u00a0\u00bbsquare\u00a0\u00bb size=\u00a0\u00bblg\u00a0\u00bb align=\u00a0\u00bbcenter\u00a0\u00bb i_align=\u00a0\u00bbright\u00a0\u00bb i_icon_fontawesome=\u00a0\u00bbfa fa-eye\u00a0\u00bb button_block=\u00a0\u00bbtrue\u00a0\u00bb add_icon=\u00a0\u00bbtrue\u00a0\u00bb link=\u00a0\u00bburl:https%3A%2F%2Ffr.wikipedia.org%2Fwiki%2FCh%25C3%25A2teau_de_Chantilly%23%2Fmedia%2FFichier%3AChateau_de_Chantilly_panorama.jpg||target:%20_blank|rel:nofollow\u00a0\u00bb][vc_row_inner css=\u00a0\u00bb.vc_custom_1549217795167{border-top-width: 1px !important;border-right-width: 1px !important;border-bottom-width: 1px !important;border-left-width: 1px !important;border-radius: 1px !important;}\u00a0\u00bb][vc_column_inner width=\u00a0\u00bb1\/4&Prime;][vc_single_image image=\u00a0\u00bb36087&Prime; img_size=\u00a0\u00bb450X450&Prime; onclick=\u00a0\u00bblink_image\u00a0\u00bb css=\u00a0\u00bb.vc_custom_1678806605000{margin-bottom: -15px !important;}\u00a0\u00bb][vc_btn title=\u00a0\u00bbVue g\u00e9n\u00e9rale du ch\u00e2teau depuis l&rsquo;entr\u00e9e du parc &#8211; Photographie Jebulon (2011) &#8211; Travail personnel\u00a0\u00bb shape=\u00a0\u00bbsquare\u00a0\u00bb size=\u00a0\u00bblg\u00a0\u00bb align=\u00a0\u00bbcenter\u00a0\u00bb i_align=\u00a0\u00bbright\u00a0\u00bb i_icon_fontawesome=\u00a0\u00bbfa fa-eye\u00a0\u00bb button_block=\u00a0\u00bbtrue\u00a0\u00bb add_icon=\u00a0\u00bbtrue\u00a0\u00bb link=\u00a0\u00bburl:https%3A%2F%2Ffr.wikipedia.org%2Fwiki%2FCh%25C3%25A2teau_de_Chantilly%23%2Fmedia%2FFichier%3ACh%25C3%25A2teau_de_Chantilly_2.jpg||target:%20_blank|rel:nofollow\u00a0\u00bb][\/vc_column_inner][vc_column_inner width=\u00a0\u00bb1\/4&Prime;][vc_single_image image=\u00a0\u00bb36090&Prime; img_size=\u00a0\u00bb350X350&Prime; onclick=\u00a0\u00bblink_image\u00a0\u00bb css=\u00a0\u00bb.vc_custom_1678806616718{margin-bottom: -15px !important;}\u00a0\u00bb][vc_btn title=\u00a0\u00bbVue de l&rsquo;autre c\u00f4t\u00e9 du ch\u00e2teau de Chantilly &#8211; Photographie Arnaud 25 (2006) &#8211; Travail personnel\u00a0\u00bb shape=\u00a0\u00bbsquare\u00a0\u00bb size=\u00a0\u00bblg\u00a0\u00bb align=\u00a0\u00bbcenter\u00a0\u00bb i_align=\u00a0\u00bbright\u00a0\u00bb i_icon_fontawesome=\u00a0\u00bbfa fa-eye\u00a0\u00bb button_block=\u00a0\u00bbtrue\u00a0\u00bb add_icon=\u00a0\u00bbtrue\u00a0\u00bb link=\u00a0\u00bburl:https%3A%2F%2Ffr.wikipedia.org%2Fwiki%2FCh%25C3%25A2teau_de_Chantilly%23%2Fmedia%2FFichier%3AChateau_de_Chantilly.jpg||target:%20_blank|rel:nofollow\u00a0\u00bb][\/vc_column_inner][vc_column_inner width=\u00a0\u00bb1\/4&Prime;][vc_single_image image=\u00a0\u00bb36094&Prime; img_size=\u00a0\u00bb450X450&Prime; onclick=\u00a0\u00bblink_image\u00a0\u00bb css=\u00a0\u00bb.vc_custom_1678806633044{margin-bottom: -15px !important;}\u00a0\u00bb][vc_btn title=\u00a0\u00bbLa fa\u00e7ade nord du ch\u00e2teau &#8211; Photographie LPLT (2011) &#8211; Travail personnel\u00a0\u00bb shape=\u00a0\u00bbsquare\u00a0\u00bb size=\u00a0\u00bblg\u00a0\u00bb align=\u00a0\u00bbcenter\u00a0\u00bb i_align=\u00a0\u00bbright\u00a0\u00bb i_icon_fontawesome=\u00a0\u00bbfa fa-eye\u00a0\u00bb button_block=\u00a0\u00bbtrue\u00a0\u00bb add_icon=\u00a0\u00bbtrue\u00a0\u00bb link=\u00a0\u00bburl:https%3A%2F%2Ffr.wikipedia.org%2Fwiki%2FCh%25C3%25A2teau_de_Chantilly%23%2Fmedia%2FFichier%3ACh%25C3%25A2teau_de_Chantilly_3.JPG||target:%20_blank|rel:nofollow\u00a0\u00bb][\/vc_column_inner][vc_column_inner width=\u00a0\u00bb1\/4&Prime;][vc_single_image image=\u00a0\u00bb36097&Prime; img_size=\u00a0\u00bb450X450&Prime; onclick=\u00a0\u00bblink_image\u00a0\u00bb css=\u00a0\u00bb.vc_custom_1678806644605{margin-bottom: -15px !important;}\u00a0\u00bb][vc_btn title=\u00a0\u00bbLes jardins et le parc du Ch\u00e2teau de Chantilly, vus du ciel &#8211; Photographie Pierre-Alain Bandinelli (2015) &#8211; Travail personnel\u00a0\u00bb shape=\u00a0\u00bbsquare\u00a0\u00bb size=\u00a0\u00bblg\u00a0\u00bb align=\u00a0\u00bbcenter\u00a0\u00bb i_align=\u00a0\u00bbright\u00a0\u00bb i_icon_fontawesome=\u00a0\u00bbfa fa-eye\u00a0\u00bb button_block=\u00a0\u00bbtrue\u00a0\u00bb add_icon=\u00a0\u00bbtrue\u00a0\u00bb link=\u00a0\u00bburl:https%3A%2F%2Ffr.wikipedia.org%2Fwiki%2FCh%25C3%25A2teau_de_Chantilly%23%2Fmedia%2FFichier%3AParc-du-Ch%25C3%25A2teau-de-Chantilly.JPG||target:%20_blank|rel:nofollow\u00a0\u00bb][\/vc_column_inner][\/vc_row_inner][vc_row_inner css=\u00a0\u00bb.vc_custom_1549217795167{border-top-width: 1px !important;border-right-width: 1px !important;border-bottom-width: 1px !important;border-left-width: 1px !important;border-radius: 1px !important;}\u00a0\u00bb][vc_column_inner width=\u00a0\u00bb1\/4&Prime;][vc_single_image image=\u00a0\u00bb36093&Prime; img_size=\u00a0\u00bb450X450&Prime; onclick=\u00a0\u00bblink_image\u00a0\u00bb css=\u00a0\u00bb.vc_custom_1678806672095{margin-bottom: -15px !important;}\u00a0\u00bb][vc_btn title=\u00a0\u00bbLe vestibule d&rsquo;honneur &#8211; Photographie Tango7174 (2008) &#8211; Travail personnel\u00a0\u00bb shape=\u00a0\u00bbsquare\u00a0\u00bb size=\u00a0\u00bblg\u00a0\u00bb align=\u00a0\u00bbcenter\u00a0\u00bb i_align=\u00a0\u00bbright\u00a0\u00bb i_icon_fontawesome=\u00a0\u00bbfa fa-eye\u00a0\u00bb button_block=\u00a0\u00bbtrue\u00a0\u00bb add_icon=\u00a0\u00bbtrue\u00a0\u00bb link=\u00a0\u00bburl:https%3A%2F%2Ffr.wikipedia.org%2Fwiki%2FCh%25C3%25A2teau_de_Chantilly%23%2Fmedia%2FFichier%3AChantilly2_tango7174.jpg||target:%20_blank|rel:nofollow\u00a0\u00bb][\/vc_column_inner][vc_column_inner width=\u00a0\u00bb1\/4&Prime;][vc_single_image image=\u00a0\u00bb36089&Prime; img_size=\u00a0\u00bb350X350&Prime; onclick=\u00a0\u00bblink_image\u00a0\u00bb css=\u00a0\u00bb.vc_custom_1678806682589{margin-bottom: -15px !important;}\u00a0\u00bb][vc_btn title=\u00a0\u00bbLe cabinet des Livres &#8211; Photographie Tango7174 (2008) &#8211; Travail personnel\u00a0\u00bb shape=\u00a0\u00bbsquare\u00a0\u00bb size=\u00a0\u00bblg\u00a0\u00bb align=\u00a0\u00bbcenter\u00a0\u00bb i_align=\u00a0\u00bbright\u00a0\u00bb i_icon_fontawesome=\u00a0\u00bbfa fa-eye\u00a0\u00bb button_block=\u00a0\u00bbtrue\u00a0\u00bb add_icon=\u00a0\u00bbtrue\u00a0\u00bb link=\u00a0\u00bburl:https%3A%2F%2Ffr.wikipedia.org%2Fwiki%2FCh%25C3%25A2teau_de_Chantilly%23%2Fmedia%2FFichier%3AChantilly3_tango7174.jpg||target:%20_blank|rel:nofollow\u00a0\u00bb][\/vc_column_inner][vc_column_inner width=\u00a0\u00bb1\/4&Prime;][vc_single_image image=\u00a0\u00bb36088&Prime; img_size=\u00a0\u00bb450X450&Prime; onclick=\u00a0\u00bblink_image\u00a0\u00bb css=\u00a0\u00bb.vc_custom_1678806692248{margin-bottom: -15px !important;}\u00a0\u00bb][vc_btn title=\u00a0\u00bbAll\u00e9e des Philosophes dans le parc &#8211; Photographie Andr\u00e9 Le N\u00f4tre (2011) &#8211; Travail personnel\u00a0\u00bb shape=\u00a0\u00bbsquare\u00a0\u00bb size=\u00a0\u00bblg\u00a0\u00bb align=\u00a0\u00bbcenter\u00a0\u00bb i_align=\u00a0\u00bbright\u00a0\u00bb i_icon_fontawesome=\u00a0\u00bbfa fa-eye\u00a0\u00bb button_block=\u00a0\u00bbtrue\u00a0\u00bb add_icon=\u00a0\u00bbtrue\u00a0\u00bb link=\u00a0\u00bburl:https%3A%2F%2Ffr.wikipedia.org%2Fwiki%2FCh%25C3%25A2teau_de_Chantilly%23%2Fmedia%2FFichier%3AAll%25C3%25A9e_des_philosophes_ch%25C3%25A2teau_Chantilly.jpg||target:%20_blank|rel:nofollow\u00a0\u00bb][\/vc_column_inner][vc_column_inner width=\u00a0\u00bb1\/4&Prime;][vc_gmaps link=\u00a0\u00bb#E-8_JTNDaWZyYW1lJTIwc3JjJTNEJTIyaHR0cHMlM0ElMkYlMkZ3d3cuZ29vZ2xlLmNvbSUyRm1hcHMlMkZlbWJlZCUzRnBiJTNEJTIxMW0xOCUyMTFtMTIlMjExbTMlMjExZDIwODY0LjY4MDUxODQxOTA1JTIxMmQyLjQ2OTk3NTg0MTYyOTQ1MSUyMTNkNDkuMTc5OTcyNDI5NzY3NjUlMjEybTMlMjExZjAlMjEyZjAlMjEzZjAlMjEzbTIlMjExaTEwMjQlMjEyaTc2OCUyMTRmMTMuMSUyMTNtMyUyMTFtMiUyMTFzMHg0N2U2NDgxZTM0MmM2NjcxJTI1M0EweDRiZTZmOWRmYjkxMjQ2OTUlMjEyc0NoJTI1QzMlMjVBMnRlYXUlMjUyMGRlJTI1MjBDaGFudGlsbHklMjE1ZTAlMjEzbTIlMjExc2ZyJTIxMnNmciUyMTR2MTY3ODgwNzQ1MzM4MiUyMTVtMiUyMTFzZnIlMjEyc2ZyJTIyJTIwd2lkdGglM0QlMjI2MDAlMjIlMjBoZWlnaHQlM0QlMjI0NTAlMjIlMjBzdHlsZSUzRCUyMmJvcmRlciUzQTAlM0IlMjIlMjBhbGxvd2Z1bGxzY3JlZW4lM0QlMjIlMjIlMjBsb2FkaW5nJTNEJTIybGF6eSUyMiUyMHJlZmVycmVycG9saWN5JTNEJTIybm8tcmVmZXJyZXItd2hlbi1kb3duZ3JhZGUlMjIlM0UlM0MlMkZpZnJhbWUlM0U=\u00a0\u00bb size=\u00a0\u00bb350&Prime;][\/vc_column_inner][\/vc_row_inner][\/vc_column][\/vc_row][vc_row][\/vc_row][vc_row][vc_column][vc_btn title=\u00a0\u00bbCh\u00e2teau d&rsquo;Ettenheim &#8211; Rohanstra\u00dfe 21, 77955 Ettenheim, Allemagne\u00a0\u00bb shape=\u00a0\u00bbsquare\u00a0\u00bb color=\u00a0\u00bbdanger\u00a0\u00bb size=\u00a0\u00bblg\u00a0\u00bb align=\u00a0\u00bbcenter\u00a0\u00bb button_block=\u00a0\u00bbtrue\u00a0\u00bb link=\u00a0\u00bb||target:%20_blank|rel:nofollow\u00a0\u00bb][vc_btn title=\u00a0\u00bbC&rsquo;est dans ce ch\u00e2teau que le duc d&rsquo;Enghien fut enlev\u00e9 par les hommes de Caulaincourt sur ordre de Napol\u00e9on Bonaparte. Charles-Maurice Talleyrand \u00e9tait \u00e0 l&rsquo;initiative de cet enl\u00e8vement, convaincu que le jeune duc conspirait contre Bonaparte.\u00a0\u00bb shape=\u00a0\u00bbsquare\u00a0\u00bb color=\u00a0\u00bbdefault\u00a0\u00bb size=\u00a0\u00bblg\u00a0\u00bb align=\u00a0\u00bbcenter\u00a0\u00bb button_block=\u00a0\u00bbtrue\u00a0\u00bb link=\u00a0\u00bb||target:%20_blank|rel:nofollow\u00a0\u00bb][vc_row_inner css=\u00a0\u00bb.vc_custom_1549217795167{border-top-width: 1px !important;border-right-width: 1px !important;border-bottom-width: 1px !important;border-left-width: 1px !important;border-radius: 1px !important;}\u00a0\u00bb][vc_column_inner width=\u00a0\u00bb1\/4&Prime;][vc_single_image image=\u00a0\u00bb36098&Prime; img_size=\u00a0\u00bb450X450&Prime; onclick=\u00a0\u00bblink_image\u00a0\u00bb css=\u00a0\u00bb.vc_custom_1678807606750{margin-bottom: -15px !important;}\u00a0\u00bb][vc_btn title=\u00a0\u00bbFa\u00e7ade rue &#8211; Photographie Aline Fanton (2023) &#8211; Source Google Map\u00a0\u00bb shape=\u00a0\u00bbsquare\u00a0\u00bb size=\u00a0\u00bblg\u00a0\u00bb align=\u00a0\u00bbcenter\u00a0\u00bb i_align=\u00a0\u00bbright\u00a0\u00bb i_icon_fontawesome=\u00a0\u00bbfa fa-eye\u00a0\u00bb button_block=\u00a0\u00bbtrue\u00a0\u00bb add_icon=\u00a0\u00bbtrue\u00a0\u00bb link=\u00a0\u00bburl:https%3A%2F%2Fwww.google.fr%2Fmaps%2F%4048.2532603%2C7.8111086%2C3a%2C75y%2C69.59h%2C85.92t%2Fdata%3D!3m8!1e1!3m6!1sAF1QipPlP1Y8jLdREIz29kiJSOIvbbGSn-niVnlyBOi1!2e10!3e11!6shttps%3A%252F%252Flh5.googleusercontent.com%252Fp%252FAF1QipPlP1Y8jLdREIz29kiJSOIvbbGSn-niVnlyBOi1%253Dw203-h100-k-no-pi-0-ya72.38839-ro-0-fo100!7i6000!8i3000||target:%20_blank|rel:nofollow\u00a0\u00bb][\/vc_column_inner][vc_column_inner width=\u00a0\u00bb1\/4&Prime;][\/vc_column_inner][vc_column_inner width=\u00a0\u00bb1\/4&Prime;][\/vc_column_inner][vc_column_inner width=\u00a0\u00bb1\/4&Prime;][vc_gmaps link=\u00a0\u00bb#E-8_JTNDaWZyYW1lJTIwc3JjJTNEJTIyaHR0cHMlM0ElMkYlMkZ3d3cuZ29vZ2xlLmNvbSUyRm1hcHMlMkZlbWJlZCUzRnBiJTNEJTIxMW0xNCUyMTFtOCUyMTFtMyUyMTFkMTA2MzQuNzg5MjI3MTI5NjQ2JTIxMmQxNi4zNjIyOTI0JTIxM2Q0OC4yMTI0NDYlMjEzbTIlMjExaTEwMjQlMjEyaTc2OCUyMTRmMTMuMSUyMTNtMyUyMTFtMiUyMTFzMHgwJTI1M0EweGRmZmI0OTc4Nzk5OGU5ZjMlMjEyc1dpZW4lMkJNdXNldW0lMkJCZWV0aG92ZW4lMkJQYXNxdWFsYXRpaGF1cyUyMTVlMCUyMTNtMiUyMTFzZnIlMjEyc2ZyJTIxNHYxNTQ5MjIxMTA2NzE3JTIyJTIwd2lkdGglM0QlMjI2MDAlMjIlMjBoZWlnaHQlM0QlMjI0NTAlMjIlMjBmcmFtZWJvcmRlciUzRCUyMjAlMjIlMjBzdHlsZSUzRCUyMmJvcmRlciUzQTAlMjIlMjBhbGxvd2Z1bGxzY3JlZW4lM0UlM0MlMkZpZnJhbWUlM0U=\u00a0\u00bb size=\u00a0\u00bb350&Prime;][\/vc_column_inner][\/vc_row_inner][\/vc_column][\/vc_row][vc_row][vc_column][vc_btn title=\u00a0\u00bbCh\u00e2teau de Vincennes &#8211;  Av. de Paris, 94300 Vincennes (France) &#8211; Cliquez sur ce lien pour visites\u00a0\u00bb shape=\u00a0\u00bbsquare\u00a0\u00bb color=\u00a0\u00bbinverse\u00a0\u00bb size=\u00a0\u00bblg\u00a0\u00bb align=\u00a0\u00bbcenter\u00a0\u00bb i_align=\u00a0\u00bbright\u00a0\u00bb i_icon_fontawesome=\u00a0\u00bbfa fa-eye\u00a0\u00bb button_block=\u00a0\u00bbtrue\u00a0\u00bb add_icon=\u00a0\u00bbtrue\u00a0\u00bb link=\u00a0\u00bburl:https%3A%2F%2Fwww.chateau-de-vincennes.fr%2FPreparer-sa-visite%2FInformations-pratiques2||target:%20_blank|rel:nofollow\u00a0\u00bb][vc_btn title=\u00a0\u00bbLe duc d&rsquo;Enghien fut fusill\u00e9 dans l&rsquo;enceinte du ch\u00e2teau de Vincennes le 21 mars 1804.\u00a0\u00bb shape=\u00a0\u00bbsquare\u00a0\u00bb color=\u00a0\u00bbdefault\u00a0\u00bb size=\u00a0\u00bblg\u00a0\u00bb align=\u00a0\u00bbcenter\u00a0\u00bb button_block=\u00a0\u00bbtrue\u00a0\u00bb link=\u00a0\u00bb||target:%20_blank|rel:nofollow\u00a0\u00bb][vc_row_inner css=\u00a0\u00bb.vc_custom_1549217795167{border-top-width: 1px !important;border-right-width: 1px !important;border-bottom-width: 1px !important;border-left-width: 1px !important;border-radius: 1px !important;}\u00a0\u00bb][vc_column_inner width=\u00a0\u00bb1\/4&Prime;][vc_single_image image=\u00a0\u00bb36128&Prime; img_size=\u00a0\u00bb450X450&Prime; onclick=\u00a0\u00bblink_image\u00a0\u00bb css=\u00a0\u00bb.vc_custom_1678808280066{margin-bottom: -15px !important;}\u00a0\u00bb][vc_btn title=\u00a0\u00bbDonjon, ch\u00e2teau de Vincennes- Photographie Ignis (2006) &#8211; Travail personnel\u00a0\u00bb shape=\u00a0\u00bbsquare\u00a0\u00bb size=\u00a0\u00bblg\u00a0\u00bb align=\u00a0\u00bbcenter\u00a0\u00bb i_align=\u00a0\u00bbright\u00a0\u00bb i_icon_fontawesome=\u00a0\u00bbfa fa-eye\u00a0\u00bb button_block=\u00a0\u00bbtrue\u00a0\u00bb add_icon=\u00a0\u00bbtrue\u00a0\u00bb link=\u00a0\u00bburl:https%3A%2F%2Fcommons.wikimedia.org%2Fwiki%2FFile%3ACh%25C3%25A2teau_de_Vincennes_Paris_FRA_002.jpg%23%2Fmedia%2FFile%3ACh%25C3%25A2teau_de_Vincennes_Paris_FRA_002.jpg||target:%20_blank|rel:nofollow\u00a0\u00bb][\/vc_column_inner][vc_column_inner width=\u00a0\u00bb1\/4&Prime;][vc_single_image image=\u00a0\u00bb36100&Prime; img_size=\u00a0\u00bb350X350&Prime; onclick=\u00a0\u00bblink_image\u00a0\u00bb css=\u00a0\u00bb.vc_custom_1678807824423{margin-bottom: -15px !important;}\u00a0\u00bb][vc_btn title=\u00a0\u00bbTour et foss\u00e9, ch\u00e2teau de Vincennes- Photographie Ibex73 (2018) &#8211; Travail personnel\u00a0\u00bb shape=\u00a0\u00bbsquare\u00a0\u00bb size=\u00a0\u00bblg\u00a0\u00bb align=\u00a0\u00bbcenter\u00a0\u00bb i_align=\u00a0\u00bbright\u00a0\u00bb i_icon_fontawesome=\u00a0\u00bbfa fa-eye\u00a0\u00bb button_block=\u00a0\u00bbtrue\u00a0\u00bb add_icon=\u00a0\u00bbtrue\u00a0\u00bb link=\u00a0\u00bburl:https%3A%2F%2Fcommons.wikimedia.org%2Fwiki%2FFile%3ATour_du_village%2C_Ch%25C3%25A2teau_de_Vincennes_(3).jpg%23%2Fmedia%2FFile%3ATour_du_village%2C_Ch%25C3%25A2teau_de_Vincennes_(3).jpg||target:%20_blank|rel:nofollow\u00a0\u00bb][\/vc_column_inner][vc_column_inner width=\u00a0\u00bb1\/4&Prime;][vc_single_image image=\u00a0\u00bb18258&Prime; img_size=\u00a0\u00bb450X450&Prime; onclick=\u00a0\u00bblink_image\u00a0\u00bb css=\u00a0\u00bb.vc_custom_1678807903815{margin-bottom: -15px !important;}\u00a0\u00bb][vc_btn title=\u00a0\u00bbLieu d&rsquo;ex\u00e9cution du Duc d&rsquo;Enghien, fosses du Ch\u00e2teau de Vincennes &#8211; Photographie Parisette (2008) &#8211; Travail personnel\u00a0\u00bb shape=\u00a0\u00bbsquare\u00a0\u00bb size=\u00a0\u00bblg\u00a0\u00bb align=\u00a0\u00bbcenter\u00a0\u00bb i_align=\u00a0\u00bbright\u00a0\u00bb i_icon_fontawesome=\u00a0\u00bbfa fa-eye\u00a0\u00bb button_block=\u00a0\u00bbtrue\u00a0\u00bb add_icon=\u00a0\u00bbtrue\u00a0\u00bb link=\u00a0\u00bburl:https%3A%2F%2Ffr.wikipedia.org%2Fwiki%2FAffaire_du_duc_d%2527Enghien%23%2Fmedia%2FFichier%3ACh%25C3%25A2teaudeVincennes_Monument_duc_d&rsquo;Enghien.jpg||target:%20_blank|rel:nofollow\u00a0\u00bb][\/vc_column_inner][vc_column_inner width=\u00a0\u00bb1\/4&Prime;][vc_gmaps link=\u00a0\u00bb#E-8_JTNDaWZyYW1lJTIwc3JjJTNEJTIyaHR0cHMlM0ElMkYlMkZ3d3cuZ29vZ2xlLmNvbSUyRm1hcHMlMkZlbWJlZCUzRnBiJTNEJTIxMW0xOCUyMTFtMTIlMjExbTMlMjExZDI2MjUuODIwMTk5NTM0NTMyNSUyMTJkMi40MzExMTYxMzQ4ODc2OTI0JTIxM2Q0OC44NDI1NjgxOTk5OTk5OSUyMTJtMyUyMTFmMCUyMTJmMCUyMTNmMCUyMTNtMiUyMTFpMTAyNCUyMTJpNzY4JTIxNGYxMy4xJTIxM20zJTIxMW0yJTIxMXMweDQ3ZTY3MmJjZTNmODgxNjklMjUzQTB4ZGQwMjI2NTQzNzM0NjdjNyUyMTJzQ2glMjVDMyUyNUEydGVhdSUyNTIwZGUlMjUyMFZpbmNlbm5lcyUyMTVlMCUyMTNtMiUyMTFzZnIlMjEyc2ZyJTIxNHYxNjc4ODA3ODg1MjU0JTIxNW0yJTIxMXNmciUyMTJzZnIlMjIlMjB3aWR0aCUzRCUyMjYwMCUyMiUyMGhlaWdodCUzRCUyMjQ1MCUyMiUyMHN0eWxlJTNEJTIyYm9yZGVyJTNBMCUzQiUyMiUyMGFsbG93ZnVsbHNjcmVlbiUzRCUyMiUyMiUyMGxvYWRpbmclM0QlMjJsYXp5JTIyJTIwcmVmZXJyZXJwb2xpY3klM0QlMjJuby1yZWZlcnJlci13aGVuLWRvd25ncmFkZSUyMiUzRSUzQyUyRmlmcmFtZSUzRQ==\u00a0\u00bb size=\u00a0\u00bb350&Prime;][\/vc_column_inner][\/vc_row_inner][\/vc_column][\/vc_row][vc_row][\/vc_row]<\/p>\n","protected":false},"excerpt":{"rendered":"<p>[vc_row full_width=\u00a0\u00bbstretch_row\u00a0\u00bb css=\u00a0\u00bb.vc_custom_1513000693114{background-color: #272727 !important;}\u00a0\u00bb][vc_column width=\u00a0\u00bb1\/6&Prime;][vc_single_image image=\u00a0\u00bb1576&Prime; img_size=\u00a0\u00bb150X150&Prime; alignment=\u00a0\u00bbcenter\u00a0\u00bb][\/vc_column][vc_column width=\u00a0\u00bb1\/6&Prime;][vc_btn title=\u00a0\u00bbPortraits\u00a0\u00bb color=\u00a0\u00bbdefault\u00a0\u00bb size=\u00a0\u00bblg\u00a0\u00bb align=\u00a0\u00bbcenter\u00a0\u00bb button_block=\u00a0\u00bbtrue\u00a0\u00bb link=\u00a0\u00bburl:http%3A%2F%2Faline-voinot.com%2Findex.php%2Flouis-antoine-henri-de-bourbon-conde-dit-duc-denghien%2F|||\u00a0\u00bb][vc_btn title=\u00a0\u00bbR\u00e9sidences\u00a0\u00bb color=\u00a0\u00bbdanger\u00a0\u00bb size=\u00a0\u00bblg\u00a0\u00bb align=\u00a0\u00bbcenter\u00a0\u00bb button_block=\u00a0\u00bbtrue\u00a0\u00bb link=\u00a0\u00bburl:http%3A%2F%2Faline-voinot.com%2Findex.php%2Fresidences-de-louis-antoine-henri-de-bourbon-conde-dit-duc-denghien%2F|||\u00a0\u00bb][\/vc_column][vc_column width=\u00a0\u00bb1\/6&Prime;][vc_btn title=\u00a0\u00bbR\u00e9seau Social\u00a0\u00bb size=\u00a0\u00bblg\u00a0\u00bb align=\u00a0\u00bbcenter\u00a0\u00bb button_block=\u00a0\u00bbtrue\u00a0\u00bb link=\u00a0\u00bburl:http%3A%2F%2Faline-voinot.com%2Findex.php%2Freseau-social-de-louis-antoine-henri-de-bourbon-conde-dit-duc-denghien%2F|||\u00a0\u00bb][vc_btn title=\u00a0\u00bbG\u00e9n\u00e9alogie\u00a0\u00bb size=\u00a0\u00bblg\u00a0\u00bb align=\u00a0\u00bbcenter\u00a0\u00bb button_block=\u00a0\u00bbtrue\u00a0\u00bb link=\u00a0\u00bburl:http%3A%2F%2Faline-voinot.com%2Findex.php%2Fgenealogie-de-louis-antoine-henri-de-bourbon-conde-dit-duc-denghien%2F|||\u00a0\u00bb][\/vc_column][vc_column width=\u00a0\u00bb1\/6&Prime;][vc_btn title=\u00a0\u00bb\u00c9v\u00e9nements\u00a0\u00bb size=\u00a0\u00bblg\u00a0\u00bb align=\u00a0\u00bbcenter\u00a0\u00bb button_block=\u00a0\u00bbtrue\u00a0\u00bb link=\u00a0\u00bburl:http%3A%2F%2Faline-voinot.com%2Findex.php%2Fevenements-de-louis-antoine-henri-de-bourbon-conde-dit-duc-denghien%2F|||\u00a0\u00bb][vc_btn<\/p>\n","protected":false},"author":1,"featured_media":0,"parent":0,"menu_order":0,"comment_status":"closed","ping_status":"closed","template":"","meta":{"footnotes":""},"class_list":["post-6721","page","type-page","status-publish","hentry"],"yoast_head":"<!-- This site is optimized with the Yoast SEO plugin v22.8 - https:\/\/yoast.com\/wordpress\/plugins\/seo\/ -->\n<title>R\u00e9sidences de Louis-Antoine-Henri de Bourbon Cond\u00e9, dit Duc d&#039;Enghien - L&#039;Histoire est un roman...<\/title>\n<meta name=\"robots\" content=\"index, follow, max-snippet:-1, max-image-preview:large, max-video-preview:-1\" \/>\n<link rel=\"canonical\" href=\"https:\/\/aline-voinot.com\/index.php\/residences-de-louis-antoine-henri-de-bourbon-conde-dit-duc-denghien\/\" \/>\n<meta property=\"og:locale\" content=\"fr_FR\" \/>\n<meta property=\"og:type\" content=\"article\" \/>\n<meta property=\"og:title\" content=\"R\u00e9sidences de Louis-Antoine-Henri de Bourbon Cond\u00e9, dit Duc d&#039;Enghien - L&#039;Histoire est un roman...\" \/>\n<meta property=\"og:description\" content=\"[vc_row full_width=\u00a0\u00bbstretch_row\u00a0\u00bb css=\u00a0\u00bb.vc_custom_1513000693114{background-color: #272727 !important;}\u00a0\u00bb][vc_column width=\u00a0\u00bb1\/6&Prime;][vc_single_image image=\u00a0\u00bb1576&Prime; img_size=\u00a0\u00bb150X150&Prime; alignment=\u00a0\u00bbcenter\u00a0\u00bb][\/vc_column][vc_column width=\u00a0\u00bb1\/6&Prime;][vc_btn title=\u00a0\u00bbPortraits\u00a0\u00bb color=\u00a0\u00bbdefault\u00a0\u00bb size=\u00a0\u00bblg\u00a0\u00bb align=\u00a0\u00bbcenter\u00a0\u00bb button_block=\u00a0\u00bbtrue\u00a0\u00bb link=\u00a0\u00bburl:http%3A%2F%2Faline-voinot.com%2Findex.php%2Flouis-antoine-henri-de-bourbon-conde-dit-duc-denghien%2F|||\u00a0\u00bb][vc_btn title=\u00a0\u00bbR\u00e9sidences\u00a0\u00bb color=\u00a0\u00bbdanger\u00a0\u00bb size=\u00a0\u00bblg\u00a0\u00bb align=\u00a0\u00bbcenter\u00a0\u00bb button_block=\u00a0\u00bbtrue\u00a0\u00bb link=\u00a0\u00bburl:http%3A%2F%2Faline-voinot.com%2Findex.php%2Fresidences-de-louis-antoine-henri-de-bourbon-conde-dit-duc-denghien%2F|||\u00a0\u00bb][\/vc_column][vc_column width=\u00a0\u00bb1\/6&Prime;][vc_btn title=\u00a0\u00bbR\u00e9seau Social\u00a0\u00bb size=\u00a0\u00bblg\u00a0\u00bb align=\u00a0\u00bbcenter\u00a0\u00bb button_block=\u00a0\u00bbtrue\u00a0\u00bb link=\u00a0\u00bburl:http%3A%2F%2Faline-voinot.com%2Findex.php%2Freseau-social-de-louis-antoine-henri-de-bourbon-conde-dit-duc-denghien%2F|||\u00a0\u00bb][vc_btn title=\u00a0\u00bbG\u00e9n\u00e9alogie\u00a0\u00bb size=\u00a0\u00bblg\u00a0\u00bb align=\u00a0\u00bbcenter\u00a0\u00bb button_block=\u00a0\u00bbtrue\u00a0\u00bb link=\u00a0\u00bburl:http%3A%2F%2Faline-voinot.com%2Findex.php%2Fgenealogie-de-louis-antoine-henri-de-bourbon-conde-dit-duc-denghien%2F|||\u00a0\u00bb][\/vc_column][vc_column width=\u00a0\u00bb1\/6&Prime;][vc_btn title=\u00a0\u00bb\u00c9v\u00e9nements\u00a0\u00bb size=\u00a0\u00bblg\u00a0\u00bb align=\u00a0\u00bbcenter\u00a0\u00bb button_block=\u00a0\u00bbtrue\u00a0\u00bb link=\u00a0\u00bburl:http%3A%2F%2Faline-voinot.com%2Findex.php%2Fevenements-de-louis-antoine-henri-de-bourbon-conde-dit-duc-denghien%2F|||\u00a0\u00bb][vc_btn\" \/>\n<meta property=\"og:url\" content=\"https:\/\/aline-voinot.com\/index.php\/residences-de-louis-antoine-henri-de-bourbon-conde-dit-duc-denghien\/\" \/>\n<meta property=\"og:site_name\" content=\"L&#039;Histoire est un roman...\" \/>\n<meta property=\"article:modified_time\" content=\"2023-03-14T15:38:59+00:00\" \/>\n<meta name=\"twitter:card\" content=\"summary_large_image\" \/>\n<meta name=\"twitter:label1\" content=\"Dur\u00e9e de lecture estim\u00e9e\" \/>\n\t<meta name=\"twitter:data1\" content=\"1 minute\" \/>\n<script type=\"application\/ld+json\" class=\"yoast-schema-graph\">{\"@context\":\"https:\/\/schema.org\",\"@graph\":[{\"@type\":\"WebPage\",\"@id\":\"https:\/\/aline-voinot.com\/index.php\/residences-de-louis-antoine-henri-de-bourbon-conde-dit-duc-denghien\/\",\"url\":\"https:\/\/aline-voinot.com\/index.php\/residences-de-louis-antoine-henri-de-bourbon-conde-dit-duc-denghien\/\",\"name\":\"R\u00e9sidences de Louis-Antoine-Henri de Bourbon Cond\u00e9, dit Duc d'Enghien - L&#039;Histoire est un roman...\",\"isPartOf\":{\"@id\":\"https:\/\/aline-voinot.com\/#website\"},\"datePublished\":\"2018-12-26T08:52:39+00:00\",\"dateModified\":\"2023-03-14T15:38:59+00:00\",\"breadcrumb\":{\"@id\":\"https:\/\/aline-voinot.com\/index.php\/residences-de-louis-antoine-henri-de-bourbon-conde-dit-duc-denghien\/#breadcrumb\"},\"inLanguage\":\"fr-FR\",\"potentialAction\":[{\"@type\":\"ReadAction\",\"target\":[\"https:\/\/aline-voinot.com\/index.php\/residences-de-louis-antoine-henri-de-bourbon-conde-dit-duc-denghien\/\"]}]},{\"@type\":\"BreadcrumbList\",\"@id\":\"https:\/\/aline-voinot.com\/index.php\/residences-de-louis-antoine-henri-de-bourbon-conde-dit-duc-denghien\/#breadcrumb\",\"itemListElement\":[{\"@type\":\"ListItem\",\"position\":1,\"name\":\"Accueil\",\"item\":\"https:\/\/aline-voinot.com\/\"},{\"@type\":\"ListItem\",\"position\":2,\"name\":\"R\u00e9sidences de Louis-Antoine-Henri de Bourbon Cond\u00e9, dit Duc d&rsquo;Enghien\"}]},{\"@type\":\"WebSite\",\"@id\":\"https:\/\/aline-voinot.com\/#website\",\"url\":\"https:\/\/aline-voinot.com\/\",\"name\":\"L&#039;Histoire est un roman...\",\"description\":\"&quot;Destins connus, destins crois\u00e9s&quot; la premi\u00e8re encyclop\u00e9die romanc\u00e9e...\",\"potentialAction\":[{\"@type\":\"SearchAction\",\"target\":{\"@type\":\"EntryPoint\",\"urlTemplate\":\"https:\/\/aline-voinot.com\/?s={search_term_string}\"},\"query-input\":\"required name=search_term_string\"}],\"inLanguage\":\"fr-FR\"}]}<\/script>\n<!-- \/ Yoast SEO plugin. -->","yoast_head_json":{"title":"R\u00e9sidences de Louis-Antoine-Henri de Bourbon Cond\u00e9, dit Duc d'Enghien - L&#039;Histoire est un roman...","robots":{"index":"index","follow":"follow","max-snippet":"max-snippet:-1","max-image-preview":"max-image-preview:large","max-video-preview":"max-video-preview:-1"},"canonical":"https:\/\/aline-voinot.com\/index.php\/residences-de-louis-antoine-henri-de-bourbon-conde-dit-duc-denghien\/","og_locale":"fr_FR","og_type":"article","og_title":"R\u00e9sidences de Louis-Antoine-Henri de Bourbon Cond\u00e9, dit Duc d'Enghien - L&#039;Histoire est un roman...","og_description":"[vc_row full_width=\u00a0\u00bbstretch_row\u00a0\u00bb css=\u00a0\u00bb.vc_custom_1513000693114{background-color: #272727 !important;}\u00a0\u00bb][vc_column width=\u00a0\u00bb1\/6&Prime;][vc_single_image image=\u00a0\u00bb1576&Prime; img_size=\u00a0\u00bb150X150&Prime; alignment=\u00a0\u00bbcenter\u00a0\u00bb][\/vc_column][vc_column width=\u00a0\u00bb1\/6&Prime;][vc_btn title=\u00a0\u00bbPortraits\u00a0\u00bb color=\u00a0\u00bbdefault\u00a0\u00bb size=\u00a0\u00bblg\u00a0\u00bb align=\u00a0\u00bbcenter\u00a0\u00bb button_block=\u00a0\u00bbtrue\u00a0\u00bb link=\u00a0\u00bburl:http%3A%2F%2Faline-voinot.com%2Findex.php%2Flouis-antoine-henri-de-bourbon-conde-dit-duc-denghien%2F|||\u00a0\u00bb][vc_btn title=\u00a0\u00bbR\u00e9sidences\u00a0\u00bb color=\u00a0\u00bbdanger\u00a0\u00bb size=\u00a0\u00bblg\u00a0\u00bb align=\u00a0\u00bbcenter\u00a0\u00bb button_block=\u00a0\u00bbtrue\u00a0\u00bb link=\u00a0\u00bburl:http%3A%2F%2Faline-voinot.com%2Findex.php%2Fresidences-de-louis-antoine-henri-de-bourbon-conde-dit-duc-denghien%2F|||\u00a0\u00bb][\/vc_column][vc_column width=\u00a0\u00bb1\/6&Prime;][vc_btn title=\u00a0\u00bbR\u00e9seau Social\u00a0\u00bb size=\u00a0\u00bblg\u00a0\u00bb align=\u00a0\u00bbcenter\u00a0\u00bb button_block=\u00a0\u00bbtrue\u00a0\u00bb link=\u00a0\u00bburl:http%3A%2F%2Faline-voinot.com%2Findex.php%2Freseau-social-de-louis-antoine-henri-de-bourbon-conde-dit-duc-denghien%2F|||\u00a0\u00bb][vc_btn title=\u00a0\u00bbG\u00e9n\u00e9alogie\u00a0\u00bb size=\u00a0\u00bblg\u00a0\u00bb align=\u00a0\u00bbcenter\u00a0\u00bb button_block=\u00a0\u00bbtrue\u00a0\u00bb link=\u00a0\u00bburl:http%3A%2F%2Faline-voinot.com%2Findex.php%2Fgenealogie-de-louis-antoine-henri-de-bourbon-conde-dit-duc-denghien%2F|||\u00a0\u00bb][\/vc_column][vc_column width=\u00a0\u00bb1\/6&Prime;][vc_btn title=\u00a0\u00bb\u00c9v\u00e9nements\u00a0\u00bb size=\u00a0\u00bblg\u00a0\u00bb align=\u00a0\u00bbcenter\u00a0\u00bb button_block=\u00a0\u00bbtrue\u00a0\u00bb link=\u00a0\u00bburl:http%3A%2F%2Faline-voinot.com%2Findex.php%2Fevenements-de-louis-antoine-henri-de-bourbon-conde-dit-duc-denghien%2F|||\u00a0\u00bb][vc_btn","og_url":"https:\/\/aline-voinot.com\/index.php\/residences-de-louis-antoine-henri-de-bourbon-conde-dit-duc-denghien\/","og_site_name":"L&#039;Histoire est un roman...","article_modified_time":"2023-03-14T15:38:59+00:00","twitter_card":"summary_large_image","twitter_misc":{"Dur\u00e9e de lecture estim\u00e9e":"1 minute"},"schema":{"@context":"https:\/\/schema.org","@graph":[{"@type":"WebPage","@id":"https:\/\/aline-voinot.com\/index.php\/residences-de-louis-antoine-henri-de-bourbon-conde-dit-duc-denghien\/","url":"https:\/\/aline-voinot.com\/index.php\/residences-de-louis-antoine-henri-de-bourbon-conde-dit-duc-denghien\/","name":"R\u00e9sidences de Louis-Antoine-Henri de Bourbon Cond\u00e9, dit Duc d'Enghien - L&#039;Histoire est un roman...","isPartOf":{"@id":"https:\/\/aline-voinot.com\/#website"},"datePublished":"2018-12-26T08:52:39+00:00","dateModified":"2023-03-14T15:38:59+00:00","breadcrumb":{"@id":"https:\/\/aline-voinot.com\/index.php\/residences-de-louis-antoine-henri-de-bourbon-conde-dit-duc-denghien\/#breadcrumb"},"inLanguage":"fr-FR","potentialAction":[{"@type":"ReadAction","target":["https:\/\/aline-voinot.com\/index.php\/residences-de-louis-antoine-henri-de-bourbon-conde-dit-duc-denghien\/"]}]},{"@type":"BreadcrumbList","@id":"https:\/\/aline-voinot.com\/index.php\/residences-de-louis-antoine-henri-de-bourbon-conde-dit-duc-denghien\/#breadcrumb","itemListElement":[{"@type":"ListItem","position":1,"name":"Accueil","item":"https:\/\/aline-voinot.com\/"},{"@type":"ListItem","position":2,"name":"R\u00e9sidences de Louis-Antoine-Henri de Bourbon Cond\u00e9, dit Duc d&rsquo;Enghien"}]},{"@type":"WebSite","@id":"https:\/\/aline-voinot.com\/#website","url":"https:\/\/aline-voinot.com\/","name":"L&#039;Histoire est un roman...","description":"&quot;Destins connus, destins crois\u00e9s&quot; la premi\u00e8re encyclop\u00e9die romanc\u00e9e...","potentialAction":[{"@type":"SearchAction","target":{"@type":"EntryPoint","urlTemplate":"https:\/\/aline-voinot.com\/?s={search_term_string}"},"query-input":"required name=search_term_string"}],"inLanguage":"fr-FR"}]}},"_links":{"self":[{"href":"https:\/\/aline-voinot.com\/index.php\/wp-json\/wp\/v2\/pages\/6721","targetHints":{"allow":["GET"]}}],"collection":[{"href":"https:\/\/aline-voinot.com\/index.php\/wp-json\/wp\/v2\/pages"}],"about":[{"href":"https:\/\/aline-voinot.com\/index.php\/wp-json\/wp\/v2\/types\/page"}],"author":[{"embeddable":true,"href":"https:\/\/aline-voinot.com\/index.php\/wp-json\/wp\/v2\/users\/1"}],"replies":[{"embeddable":true,"href":"https:\/\/aline-voinot.com\/index.php\/wp-json\/wp\/v2\/comments?post=6721"}],"version-history":[{"count":11,"href":"https:\/\/aline-voinot.com\/index.php\/wp-json\/wp\/v2\/pages\/6721\/revisions"}],"predecessor-version":[{"id":36129,"href":"https:\/\/aline-voinot.com\/index.php\/wp-json\/wp\/v2\/pages\/6721\/revisions\/36129"}],"wp:attachment":[{"href":"https:\/\/aline-voinot.com\/index.php\/wp-json\/wp\/v2\/media?parent=6721"}],"curies":[{"name":"wp","href":"https:\/\/api.w.org\/{rel}","templated":true}]}}