{"id":8195,"date":"2018-12-27T19:31:03","date_gmt":"2018-12-27T18:31:03","guid":{"rendered":"http:\/\/aline-voinot.com\/?page_id=8195"},"modified":"2020-03-21T12:18:49","modified_gmt":"2020-03-21T11:18:49","slug":"reseau-social-de-louis-antoine-henri-de-bourbon-conde-dit-duc-denghien","status":"publish","type":"page","link":"https:\/\/aline-voinot.com\/index.php\/reseau-social-de-louis-antoine-henri-de-bourbon-conde-dit-duc-denghien\/","title":{"rendered":"R\u00e9seau social de Louis-Antoine-Henri de Bourbon Cond\u00e9, dit Duc d\u2019Enghien"},"content":{"rendered":"<p>[vc_row full_width=\u00a0\u00bbstretch_row\u00a0\u00bb css=\u00a0\u00bb.vc_custom_1513000693114{background-color: #272727 !important;}\u00a0\u00bb][vc_column width=\u00a0\u00bb1\/6&Prime;][vc_single_image image=\u00a0\u00bb1576&Prime; img_size=\u00a0\u00bb150X150&Prime; alignment=\u00a0\u00bbcenter\u00a0\u00bb][\/vc_column][vc_column width=\u00a0\u00bb1\/6&Prime;][vc_btn title=\u00a0\u00bbPortraits\u00a0\u00bb color=\u00a0\u00bbdefault\u00a0\u00bb size=\u00a0\u00bblg\u00a0\u00bb align=\u00a0\u00bbcenter\u00a0\u00bb button_block=\u00a0\u00bbtrue\u00a0\u00bb link=\u00a0\u00bburl:http%3A%2F%2Faline-voinot.com%2Findex.php%2Flouis-antoine-henri-de-bourbon-conde-dit-duc-denghien%2F|||\u00a0\u00bb][vc_btn title=\u00a0\u00bbR\u00e9sidences\u00a0\u00bb size=\u00a0\u00bblg\u00a0\u00bb align=\u00a0\u00bbcenter\u00a0\u00bb button_block=\u00a0\u00bbtrue\u00a0\u00bb link=\u00a0\u00bburl:http%3A%2F%2Faline-voinot.com%2Findex.php%2Fresidences-de-louis-antoine-henri-de-bourbon-conde-dit-duc-denghien%2F|||\u00a0\u00bb][\/vc_column][vc_column width=\u00a0\u00bb1\/6&Prime;][vc_btn title=\u00a0\u00bbR\u00e9seau Social\u00a0\u00bb color=\u00a0\u00bbdanger\u00a0\u00bb size=\u00a0\u00bblg\u00a0\u00bb align=\u00a0\u00bbcenter\u00a0\u00bb button_block=\u00a0\u00bbtrue\u00a0\u00bb link=\u00a0\u00bburl:http%3A%2F%2Faline-voinot.com%2Findex.php%2Freseau-social-de-louis-antoine-henri-de-bourbon-conde-dit-duc-denghien%2F|||\u00a0\u00bb][vc_btn title=\u00a0\u00bbG\u00e9n\u00e9alogie\u00a0\u00bb size=\u00a0\u00bblg\u00a0\u00bb align=\u00a0\u00bbcenter\u00a0\u00bb button_block=\u00a0\u00bbtrue\u00a0\u00bb link=\u00a0\u00bburl:http%3A%2F%2Faline-voinot.com%2Findex.php%2Fgenealogie-de-louis-antoine-henri-de-bourbon-conde-dit-duc-denghien%2F|||\u00a0\u00bb][\/vc_column][vc_column width=\u00a0\u00bb1\/6&Prime;][vc_btn title=\u00a0\u00bb\u00c9v\u00e9nements\u00a0\u00bb size=\u00a0\u00bblg\u00a0\u00bb align=\u00a0\u00bbcenter\u00a0\u00bb button_block=\u00a0\u00bbtrue\u00a0\u00bb link=\u00a0\u00bburl:http%3A%2F%2Faline-voinot.com%2Findex.php%2Fevenements-de-louis-antoine-henri-de-bourbon-conde-dit-duc-denghien%2F|||\u00a0\u00bb][vc_btn title=\u00a0\u00bbS\u00e9pulture\u00a0\u00bb size=\u00a0\u00bblg\u00a0\u00bb align=\u00a0\u00bbcenter\u00a0\u00bb button_block=\u00a0\u00bbtrue\u00a0\u00bb link=\u00a0\u00bburl:http%3A%2F%2Faline-voinot.com%2Findex.php%2Fsepulture-de-louis-antoine-henri-de-bourbon-conde-dit-duc-denghien%2F|||\u00a0\u00bb][\/vc_column][vc_column width=\u00a0\u00bb1\/6&Prime;][vc_btn title=\u00a0\u00bbWikipedia\u00a0\u00bb size=\u00a0\u00bblg\u00a0\u00bb align=\u00a0\u00bbcenter\u00a0\u00bb button_block=\u00a0\u00bbtrue\u00a0\u00bb link=\u00a0\u00bburl:https%3A%2F%2Ffr.wikipedia.org%2Fwiki%2FLouis-Antoine_de_Bourbon-Cond%25C3%25A9||target:%20_blank|rel:nofollow\u00a0\u00bb][vc_btn title=\u00a0\u00bbH\u00e9ritage\u00a0\u00bb size=\u00a0\u00bblg\u00a0\u00bb align=\u00a0\u00bbcenter\u00a0\u00bb button_block=\u00a0\u00bbtrue\u00a0\u00bb link=\u00a0\u00bburl:http%3A%2F%2Faline-voinot.com%2Findex.php%2Fheritage-de-louis-antoine-henri-de-bourbon-conde-dit-duc-denghien%2F|||\u00a0\u00bb][\/vc_column][vc_column width=\u00a0\u00bb1\/6&Prime;][\/vc_column][\/vc_row][vc_row][vc_column][vc_btn title=\u00a0\u00bbPAGE EN CONSTRUCTION &#8211; PATIENCE !!!!! \u00a0\u00bb color=\u00a0\u00bbdanger\u00a0\u00bb align=\u00a0\u00bbcenter\u00a0\u00bb i_type=\u00a0\u00bbopeniconic\u00a0\u00bb i_icon_openiconic=\u00a0\u00bbvc-oi vc-oi-cog\u00a0\u00bb button_block=\u00a0\u00bbtrue\u00a0\u00bb add_icon=\u00a0\u00bbtrue\u00a0\u00bb][vc_btn title=\u00a0\u00bbQUI SONT SES AMIS PR\u00d4CHES?\u00a0\u00bb color=\u00a0\u00bbinverse\u00a0\u00bb align=\u00a0\u00bbcenter\u00a0\u00bb button_block=\u00a0\u00bbtrue\u00a0\u00bb][vc_column_text css=\u00a0\u00bb.vc_custom_1518283718772{margin-right: -10px !important;margin-left: -10px !important;padding-top: 10px !important;padding-right: 50px !important;padding-bottom: 10px !important;padding-left: 50px !important;}\u00a0\u00bb]<\/p>\n<p>Apprenez \u00e0 les reconnaitre. Vous d\u00e9couvrirez leurs noms en survolant avec votre souris sur les diff\u00e9rents portraits<br \/>\n            <div class=\"oxi-addons-container noLightbox oxi-image-hover-wrapper-148 \" id=\"oxi-image-hover-wrapper-148\">\n                <div class=\"oxi-addons-row\">\n                                <div class=\"oxi-image-hover-style oxi-image-hover-style-32 oxi-bt-col-lg-3 oxi-bt-col-md-6 oxi-bt-col-sm-12                         \" >\n                <div class=\"oxi-image-hover-style-general\">\n                    <div class=\"oxi-image-hover oxi-image-general-hover oxi-image-general-hover-style-32 oxi-image-general-hover-148-8796\">\n                                                    <div class=\"oxi-image-hover-figure\">\n                                <div class=\"oxi-image-hover-image\">\n                                    <img decoding=\"async\" src=\"https:\/\/aline-voinot.com\/wp-content\/uploads\/2018\/01\/16napoleonbonaparte.jpg\" >\n                                <\/div>\n                                <div class=\"oxi-image-hover-figure-caption\">\n                                    <div class=\"oxi-image-hover-caption-tab   image-hover-align-center-center\">\n                                                                                    <h3 class=\"oxi-image-hover-heading                                                                                          \">Napol\u00e9on\u00a0\u00a0BONAPARTE<\/h3>\n                                                                                            <div class=\"oxi-image-hover-button  \">\n                                                <a  href=\"https:\/\/aline-voinot.com\/index.php\/napoleon-bonaparte\/\" target=\"_blank\" class=\"oxi-image-btn\">Dans ses m\u00e9moires, Bonaparte indiqua que Talleyrand l'avait d\u00e9cid\u00e9 \u00e0 arr\u00eater le duc d'Enghien, mais revendiqua l'ex\u00e9cution comme sa d\u00e9cision personnelle. L\u2019importance du r\u00f4le de Talleyrand dans l\u2019ex\u00e9cution du duc d\u2019Enghien suscita un d\u00e9bat \u00e0 la Restauration, date \u00e0 laquelle, Talleyrand fit dispara\u00eetre tous les documents se rapportant \u00e0 cette affaire. Il nia par la suite avoir pris part \u00e0 cette ex\u00e9cution, dans une annexe de ses m\u00e9moires.<\/a>\n                                            <\/div>\n                                                                                <\/div>\n                                <\/div>\n                            <\/div>\n                                                <\/div>\n                <\/div>\n                            <\/div> \n                        <div class=\"oxi-image-hover-style oxi-image-hover-style-32 oxi-bt-col-lg-3 oxi-bt-col-md-6 oxi-bt-col-sm-12                         \" >\n                <div class=\"oxi-image-hover-style-general\">\n                    <div class=\"oxi-image-hover oxi-image-general-hover oxi-image-general-hover-style-32 oxi-image-general-hover-148-8797\">\n                                                    <div class=\"oxi-image-hover-figure\">\n                                <div class=\"oxi-image-hover-image\">\n                                    <img decoding=\"async\" src=\"https:\/\/aline-voinot.com\/wp-content\/uploads\/2019\/11\/PP5V-Cadoudal-Georges-W.jpg\" >\n                                <\/div>\n                                <div class=\"oxi-image-hover-figure-caption\">\n                                    <div class=\"oxi-image-hover-caption-tab   image-hover-align-center-center\">\n                                                                                    <h3 class=\"oxi-image-hover-heading                                                                                          \">Georges\u00a0 CADOUDAL<\/h3>\n                                                                                            <div class=\"oxi-image-hover-button  \">\n                                                <a  href=\"https:\/\/aline-voinot.com\/index.php\/georges-cadoudal\/\" target=\"_blank\" rel=\"nofollow\" class=\"oxi-image-btn\">CadoudCadoudal r\u00e9fugi\u00e9 en Angleterre apr\u00e8s l\u2019attentat de la rue Saint-Nicaise organisa un nouveau complot contre Bonaparte en 1804. Pichegru devait prendre la t\u00eate du gouvernement et proclamer Louis XVIII roi de France, le duc d\u2019Enghien devait \u00eatre pr\u00e9sent\u00e9 aux arm\u00e9es par Moreau. La conspiration fut d\u00e9jou\u00e9e, les conspirateurs arr\u00eat\u00e9s. Le duc d\u2019Enghien fut ex\u00e9cut\u00e9, Pichegru se suicida dans sa cellule, Moreau s\u2019exila aux \u00c9tats-Unis et Cadoudal fut guillotin\u00e9. Il fut fait Mar\u00e9chal de France \u00e0 titre posthume et sa famille fut anoblie par Louis XVIII.al, g\u00e9n\u00e9ral Chouan, avait organis\u00e9 plusieurs attentats contre Napol\u00e9on. Le premier fut l\u2019attentat de la rue Saint-Nicaise en 1800, le second fut un complot visait \u00e0 \u00e9liminer Bonaparte et proclamer Louis XVIII sur le tr\u00f4ne de France. Fouch\u00e9 d\u00e9joua le complot. Le duc d\u2019Enghien et Cadoudal furent ex\u00e9cut\u00e9s, Pichegru se suicida dans sa cellule et Moreau s\u2019exila aux Etats-Unis. Louis XVIII fit Cadoudal Mar\u00e9chal de France \u00e0 titre posthume et anoblit sa famille \u00e0 la restauration<\/a>\n                                            <\/div>\n                                                                                <\/div>\n                                <\/div>\n                            <\/div>\n                                                <\/div>\n                <\/div>\n                            <\/div> \n                        <div class=\"oxi-image-hover-style oxi-image-hover-style-32 oxi-bt-col-lg-3 oxi-bt-col-md-6 oxi-bt-col-sm-12                         \" >\n                <div class=\"oxi-image-hover-style-general\">\n                    <div class=\"oxi-image-hover oxi-image-general-hover oxi-image-general-hover-style-32 oxi-image-general-hover-148-8798\">\n                                                    <div class=\"oxi-image-hover-figure\">\n                                <div class=\"oxi-image-hover-image\">\n                                    <img decoding=\"async\" src=\"https:\/\/aline-voinot.com\/wp-content\/uploads\/2018\/02\/PPV-PICHEGRU.jpg\" >\n                                <\/div>\n                                <div class=\"oxi-image-hover-figure-caption\">\n                                    <div class=\"oxi-image-hover-caption-tab   image-hover-align-center-center\">\n                                                                                    <h3 class=\"oxi-image-hover-heading                                                                                          \">Jean- Charles\u00a0 PICHEGRU<\/h3>\n                                                                                            <div class=\"oxi-image-hover-button  \">\n                                                <a  href=\"https:\/\/aline-voinot.com\/index.php\/jean-charles-pichegru\/\" target=\"_blank\" rel=\"nofollow\" class=\"oxi-image-btn\">Professeur de math\u00e9matique de Napol\u00e9on \u00e0 l\u2019\u00e9cole militaire de Brienne, Pichegru participa \u00e0 la guerre d\u2019ind\u00e9pendance des \u00c9tats-Unis. Robespierre favorisa \u00e0 sa promotion. G\u00e9n\u00e9ral en chef des arm\u00e9es de Sambre-et-Meuse en 1795, il fut l\u2019ami de Moreau et de monarchistes, ce qui le conduisit \u00e0 devenir royaliste. Il participa \u00e0 la conspiration de Cadoudal. D\u00e9nonc\u00e9 et arr\u00eat\u00e9 par Fouch\u00e9 il fut emprisonn\u00e9. Officiellement, il sera retrouv\u00e9 suicid\u00e9 dans sa cellule.<\/a>\n                                            <\/div>\n                                                                                <\/div>\n                                <\/div>\n                            <\/div>\n                                                <\/div>\n                <\/div>\n                            <\/div> \n                        <div class=\"oxi-image-hover-style oxi-image-hover-style-32 oxi-bt-col-lg-3 oxi-bt-col-md-6 oxi-bt-col-sm-12                         \" >\n                <div class=\"oxi-image-hover-style-general\">\n                    <div class=\"oxi-image-hover oxi-image-general-hover oxi-image-general-hover-style-32 oxi-image-general-hover-148-8799\">\n                                                    <div class=\"oxi-image-hover-figure\">\n                                <div class=\"oxi-image-hover-image\">\n                                    <img decoding=\"async\" src=\"https:\/\/aline-voinot.com\/wp-content\/uploads\/2018\/01\/PPV-MOREAU.jpg\" >\n                                <\/div>\n                                <div class=\"oxi-image-hover-figure-caption\">\n                                    <div class=\"oxi-image-hover-caption-tab   image-hover-align-center-center\">\n                                                                                    <h3 class=\"oxi-image-hover-heading                                                                                          \">Jean Victor Marie\u00a0MOREAU<\/h3>\n                                                                                            <div class=\"oxi-image-hover-button  \">\n                                                <a  href=\"https:\/\/aline-voinot.com\/index.php\/jean-victor-marie-moreau\/\" target=\"_blank\" rel=\"nofollow\" class=\"oxi-image-btn\">Moreau fut l\u2019ancien aide de camp de Pichegru, ils rest\u00e8rent amis. Moreau fut enr\u00f4l\u00e9 en 1804, dans le complot Cadoudal visant \u00e0 \u00e9liminer Bonaparte et proclamer Louis XVIII roi de France. Pichegru \u00e9tait charg\u00e9 de prendre la t\u00eate du gouvernement et Moreau devait pr\u00e9senter le duc d\u2019Enghien aux arm\u00e9es. Fouch\u00e9 d\u00e9joua le complot. Le duc d\u2019Enghien et Cadoudal furent ex\u00e9cut\u00e9s, Pichegru se suicida dans sa cellule. Le peine de Moreau fut convertie en exil, pays qu\u2019il gagna avec l\u2019aide de Fouch\u00e9, car les deux hommes \u00e9taient proches.<\/a>\n                                            <\/div>\n                                                                                <\/div>\n                                <\/div>\n                            <\/div>\n                                                <\/div>\n                <\/div>\n                            <\/div> \n                        <div class=\"oxi-image-hover-style oxi-image-hover-style-32 oxi-bt-col-lg-3 oxi-bt-col-md-6 oxi-bt-col-sm-12                         \" >\n                <div class=\"oxi-image-hover-style-general\">\n                    <div class=\"oxi-image-hover oxi-image-general-hover oxi-image-general-hover-style-32 oxi-image-general-hover-148-8800\">\n                                                    <div class=\"oxi-image-hover-figure\">\n                                <div class=\"oxi-image-hover-image\">\n                                    <img decoding=\"async\" src=\"https:\/\/aline-voinot.com\/wp-content\/uploads\/2018\/02\/PPV2-TALLEYRAND.jpg\" >\n                                <\/div>\n                                <div class=\"oxi-image-hover-figure-caption\">\n                                    <div class=\"oxi-image-hover-caption-tab   image-hover-align-center-center\">\n                                                                                    <h3 class=\"oxi-image-hover-heading                                                                                          \">Charles- Maurice de TALLEYRAND, Diplomate, Politicien<\/h3>\n                                                                                            <div class=\"oxi-image-hover-button  \">\n                                                <a  href=\"https:\/\/aline-voinot.com\/index.php\/charles-maurice-de-talleyrand\/\" target=\"_blank\" rel=\"nofollow\" class=\"oxi-image-btn\">L\u2019importance du r\u00f4le de Talleyrand dans l\u2019ex\u00e9cution du duc d\u2019Enghien suscita un d\u00e9bat \u00e0 la Restauration, date \u00e0 laquelle, Talleyrand fit dispara\u00eetre tous les documents se rapportant \u00e0 cette affaire. Il nia par la suite avoir pris part \u00e0 cette ex\u00e9cution, dans une annexe de ses m\u00e9moires.<\/a>\n                                            <\/div>\n                                                                                <\/div>\n                                <\/div>\n                            <\/div>\n                                                <\/div>\n                <\/div>\n                            <\/div> \n                        <div class=\"oxi-image-hover-style oxi-image-hover-style-32 oxi-bt-col-lg-3 oxi-bt-col-md-6 oxi-bt-col-sm-12                         \" >\n                <div class=\"oxi-image-hover-style-general\">\n                    <div class=\"oxi-image-hover oxi-image-general-hover oxi-image-general-hover-style-32 oxi-image-general-hover-148-8801\">\n                                                    <div class=\"oxi-image-hover-figure\">\n                                <div class=\"oxi-image-hover-image\">\n                                    <img decoding=\"async\" src=\"https:\/\/aline-voinot.com\/wp-content\/uploads\/2018\/02\/PP1V-Savary_5403.jpg\" >\n                                <\/div>\n                                <div class=\"oxi-image-hover-figure-caption\">\n                                    <div class=\"oxi-image-hover-caption-tab   image-hover-align-center-center\">\n                                                                                    <h3 class=\"oxi-image-hover-heading                                                                                          \">Anne Jean Marie Ren\u00e9\u00a0SAVARY<\/h3>\n                                                                                            <div class=\"oxi-image-hover-button  \">\n                                                <a  href=\"https:\/\/aline-voinot.com\/index.php\/anne-jean-marie-rene-savary\/\" target=\"_blank\" rel=\"nofollow\" class=\"oxi-image-btn\">Selon Savary, Talleyrand joua le r\u00f4le d\u2019instigateur dans l\u2019ex\u00e9cution du duc d\u2019Enghien suscita un d\u00e9bat \u00e0 la Restauration, date \u00e0 laquelle, Talleyrand fit dispara\u00eetre tous les documents se rapportant \u00e0 cette affaire. Le duc avait demand\u00e9 de voir Napol\u00e9on, mais Savary le lui aurait refus\u00e9. Il fut fusill\u00e9 les foss\u00e9s du ch\u00e2teau de Vincennes par un piquet de gendarmes d'\u00e9lite, en pr\u00e9sence de Savary leur commandant. Savary consacre plusieurs pages de ses m\u00e9moires au r\u00e9cit des \u00e9v\u00e9nements ayant conduit \u00e0 cette ex\u00e9cution et s'y donne un r\u00f4le tr\u00e8s secondaire.<\/a>\n                                            <\/div>\n                                                                                <\/div>\n                                <\/div>\n                            <\/div>\n                                                <\/div>\n                <\/div>\n                            <\/div> \n                        <div class=\"oxi-image-hover-style oxi-image-hover-style-32 oxi-bt-col-lg-3 oxi-bt-col-md-6 oxi-bt-col-sm-12                         \" >\n                <div class=\"oxi-image-hover-style-general\">\n                    <div class=\"oxi-image-hover oxi-image-general-hover oxi-image-general-hover-style-32 oxi-image-general-hover-148-8802\">\n                                                    <div class=\"oxi-image-hover-figure\">\n                                <div class=\"oxi-image-hover-image\">\n                                    <img decoding=\"async\" src=\"https:\/\/aline-voinot.com\/wp-content\/uploads\/2018\/01\/PPV-Fouche\u0301-400-520-1-.jpg\" >\n                                <\/div>\n                                <div class=\"oxi-image-hover-figure-caption\">\n                                    <div class=\"oxi-image-hover-caption-tab   image-hover-align-center-center\">\n                                                                                    <h3 class=\"oxi-image-hover-heading                                                                                          \">Joseph\u00a0FOUCH\u00c9<\/h3>\n                                                                                            <div class=\"oxi-image-hover-button  \">\n                                                <a  href=\"https:\/\/aline-voinot.com\/index.php\/joseph-fouche\/\" target=\"_blank\" rel=\"nofollow\" class=\"oxi-image-btn\">Fouch\u00e9 et Savary d\u00e9jou\u00e8rent la conspiration de Cadoudal, tous les participants furent arr\u00eat\u00e9s. Cadoudal devait \u00e9liminer Bonaparte, Pichegru \u00e9tait charg\u00e9 de prendre la t\u00eate du gouvernement et de proclamer Louis XVIII roi de France, Moreau devait pr\u00e9senter le duc d\u2019Enghien aux arm\u00e9es. Le duc d\u2019Enghien et Cadoudal furent ex\u00e9cut\u00e9s, Pichegru se suicida dans sa cellule. Ami de Moreau, Fouch\u00e9 l\u2019aida \u00e0 convertir sa peine de prison en exil et l\u2019aida \u00e0 gagner les \u00c9tats-Unis.<\/a>\n                                            <\/div>\n                                                                                <\/div>\n                                <\/div>\n                            <\/div>\n                                                <\/div>\n                <\/div>\n                            <\/div> \n                        <div class=\"oxi-image-hover-style oxi-image-hover-style-32 oxi-bt-col-lg-3 oxi-bt-col-md-6 oxi-bt-col-sm-12                         \" >\n                <div class=\"oxi-image-hover-style-general\">\n                    <div class=\"oxi-image-hover oxi-image-general-hover oxi-image-general-hover-style-32 oxi-image-general-hover-148-8803\">\n                                                    <div class=\"oxi-image-hover-figure\">\n                                <div class=\"oxi-image-hover-image\">\n                                    <img decoding=\"async\" src=\"https:\/\/aline-voinot.com\/wp-content\/uploads\/2018\/01\/PP2bisV-Cambaceres-.jpg\" >\n                                <\/div>\n                                <div class=\"oxi-image-hover-figure-caption\">\n                                    <div class=\"oxi-image-hover-caption-tab   image-hover-align-center-center\">\n                                                                                    <h3 class=\"oxi-image-hover-heading                                                                                          \">Jean- Jacques R\u00e9gis de\u00a0 CAMBAC\u00c9R\u00c8S, Second Consul<\/h3>\n                                                                                            <div class=\"oxi-image-hover-button  \">\n                                                <a  href=\"https:\/\/aline-voinot.com\/index.php\/jean-jacques-regis-de-cambaceres\/\" target=\"_blank\" rel=\"nofollow\" class=\"oxi-image-btn\">Le duc d\u2019Enghien, dernier descendant de la maison des Cond\u00e9, fut enr\u00f4l\u00e9 dans le complot Cadoudal. Fouch\u00e9 d\u00e9joua cette conspiration. Elle visait \u00e0 \u00e9liminer Bonaparte, Pichegru \u00e9tait charg\u00e9 de prendre la t\u00eate du gouvernement et de proclamer Louis XVIII roi de France et Moreau devait pr\u00e9senter le duc d\u2019Enghien aux arm\u00e9es. Le duc d\u2019Enghien fut ex\u00e9cut\u00e9 sans vrai proc\u00e8s. Cambac\u00e9r\u00e8s oppos\u00e9 \u00e0 son ex\u00e9cution tenta tout pour convaincre Napol\u00e9on de l\u2019\u00e9pargner, mais Talleyrand \u00e0 l\u2019origine de cette arrestation, l\u2019emporta.<\/a>\n                                            <\/div>\n                                                                                <\/div>\n                                <\/div>\n                            <\/div>\n                                                <\/div>\n                <\/div>\n                            <\/div> \n                        <div class=\"oxi-image-hover-style oxi-image-hover-style-32 oxi-bt-col-lg-3 oxi-bt-col-md-6 oxi-bt-col-sm-12                         \" >\n                <div class=\"oxi-image-hover-style-general\">\n                    <div class=\"oxi-image-hover oxi-image-general-hover oxi-image-general-hover-style-32 oxi-image-general-hover-148-8804\">\n                                                    <div class=\"oxi-image-hover-figure\">\n                                <div class=\"oxi-image-hover-image\">\n                                    <img decoding=\"async\" src=\"https:\/\/aline-voinot.com\/wp-content\/uploads\/2018\/01\/PPV-Louis-XVIII.-400-520jpg.jpg\" >\n                                <\/div>\n                                <div class=\"oxi-image-hover-figure-caption\">\n                                    <div class=\"oxi-image-hover-caption-tab   image-hover-align-center-center\">\n                                                                                    <h3 class=\"oxi-image-hover-heading                                                                                          \">LOUIS XVIII<\/h3>\n                                                                                            <div class=\"oxi-image-hover-content  \">Lien de parent\u00e9<\/div>\n                                                                                        <div class=\"oxi-image-hover-button  \">\n                                                <a  href=\"https:\/\/aline-voinot.com\/index.php\/louis-xviii-louis-stanislas-xavier-de-france\/\" target=\"_blank\" rel=\"nofollow\" class=\"oxi-image-btn\">Le duc d\u2019Enghien, dernier descendant de la maison des Cond\u00e9, fut enr\u00f4l\u00e9 dans le complot Cadoudal. Fouch\u00e9 d\u00e9joua cette conspiration. Elle visait \u00e0 \u00e9liminer Bonaparte et proclamer Louis XVIII sur le tr\u00f4ne de France. Pichegru \u00e9tait charg\u00e9 de prendre la t\u00eate du gouvernement, tandis que Moreau devait pr\u00e9senter le duc d\u2019Enghien aux arm\u00e9es. Fouch\u00e9 d\u00e9joua le complot. Le duc d\u2019Enghien et Cadoudal furent ex\u00e9cut\u00e9s, Pichegru se suicida dans sa cellule. <\/a>\n                                            <\/div>\n                                                                                <\/div>\n                                <\/div>\n                            <\/div>\n                                                <\/div>\n                <\/div>\n                            <\/div> \n                        <div class=\"oxi-image-hover-style oxi-image-hover-style-32 oxi-bt-col-lg-3 oxi-bt-col-md-6 oxi-bt-col-sm-12                         \" >\n                <div class=\"oxi-image-hover-style-general\">\n                    <div class=\"oxi-image-hover oxi-image-general-hover oxi-image-general-hover-style-32 oxi-image-general-hover-148-8805\">\n                                                    <div class=\"oxi-image-hover-figure\">\n                                <div class=\"oxi-image-hover-image\">\n                                    <img decoding=\"async\" src=\"https:\/\/aline-voinot.com\/wp-content\/uploads\/2018\/01\/PP2V-Lafayette-400-520.jpg\" >\n                                <\/div>\n                                <div class=\"oxi-image-hover-figure-caption\">\n                                    <div class=\"oxi-image-hover-caption-tab   image-hover-align-center-center\">\n                                                                                    <h3 class=\"oxi-image-hover-heading                                                                                          \">Gilbert du MOTIER de\u00a0La FAYETTE, Militaire<\/h3>\n                                                                                            <div class=\"oxi-image-hover-button  \">\n                                                <a  href=\"https:\/\/aline-voinot.com\/index.php\/gilbert-du-motier-de-la-fayette\/\" target=\"_blank\" rel=\"nofollow\" class=\"oxi-image-btn\">Durant le Consulat et l'Empire, Lafayette ne fut pas employ\u00e9 par Napol\u00e9on qui se m\u00e9fiait de lui. Il \u00e9tait le seul personnage du Consulat et de l'Empire \u00e0 se sentir libre de dire ce qu'il pensait, ne craignant aucunes repr\u00e9sailles. Il fut l\u2019une des rares personnes \u00e0 voter contre le Consulat \u00e0 vie et \u00e0 s\u2019offusquer publiquement de l\u2019ex\u00e9cution du Duc d\u2019Enghien.<\/a>\n                                            <\/div>\n                                                                                <\/div>\n                                <\/div>\n                            <\/div>\n                                                <\/div>\n                <\/div>\n                            <\/div> \n                        <div class=\"oxi-image-hover-style oxi-image-hover-style-32 oxi-bt-col-lg-3 oxi-bt-col-md-6 oxi-bt-col-sm-12                         \" >\n                <div class=\"oxi-image-hover-style-general\">\n                    <div class=\"oxi-image-hover oxi-image-general-hover oxi-image-general-hover-style-32 oxi-image-general-hover-148-8806\">\n                                                    <div class=\"oxi-image-hover-figure\">\n                                <div class=\"oxi-image-hover-image\">\n                                    <img decoding=\"async\" src=\"https:\/\/aline-voinot.com\/wp-content\/uploads\/2018\/01\/PP2V-Barras-400-520.jpg\" >\n                                <\/div>\n                                <div class=\"oxi-image-hover-figure-caption\">\n                                    <div class=\"oxi-image-hover-caption-tab   image-hover-align-center-center\">\n                                                                                    <h3 class=\"oxi-image-hover-heading                                                                                          \">Paul\u00a0BARRAS, Politicien, Directeur<\/h3>\n                                                                                            <div class=\"oxi-image-hover-button  \">\n                                                <a  href=\"https:\/\/aline-voinot.com\/index.php\/paul-barras\/\" target=\"_blank\" rel=\"nofollow\" class=\"oxi-image-btn\">Selon Barras, Talleyrand conseilla \u00e0 Bonaparte \u00ab de mettre, entre les Bourbons et lui, un fleuve de sang \u00bb. L\u2019importance du r\u00f4le de Talleyrand dans l\u2019ex\u00e9cution du duc d\u2019Enghien suscita un d\u00e9bat \u00e0 la Restauration, date \u00e0 laquelle, Talleyrand fit dispara\u00eetre tous les documents se rapportant \u00e0 cette affaire. Il nia par la suite avoir pris part \u00e0 cette ex\u00e9cution, dans une annexe de ses m\u00e9moires.<\/a>\n                                            <\/div>\n                                                                                <\/div>\n                                <\/div>\n                            <\/div>\n                                                <\/div>\n                <\/div>\n                            <\/div> \n                        <div class=\"oxi-image-hover-style oxi-image-hover-style-32 oxi-bt-col-lg-3 oxi-bt-col-md-6 oxi-bt-col-sm-12                         \" >\n                <div class=\"oxi-image-hover-style-general\">\n                    <div class=\"oxi-image-hover oxi-image-general-hover oxi-image-general-hover-style-32 oxi-image-general-hover-148-8807\">\n                                                    <div class=\"oxi-image-hover-figure\">\n                                <div class=\"oxi-image-hover-image\">\n                                    <img decoding=\"async\" src=\"https:\/\/aline-voinot.com\/wp-content\/uploads\/2018\/01\/PPV-Chateaubriand-400-520.jpg\" >\n                                <\/div>\n                                <div class=\"oxi-image-hover-figure-caption\">\n                                    <div class=\"oxi-image-hover-caption-tab   image-hover-align-center-center\">\n                                                                                    <h3 class=\"oxi-image-hover-heading                                                                                          \">Fran\u00e7ois-Ren\u00e9\u00a0CHATEAUBRIAND<\/h3>\n                                                                                            <div class=\"oxi-image-hover-button  \">\n                                                <a  href=\"https:\/\/aline-voinot.com\/index.php\/francois-rene-chateaubriand\/\" target=\"_blank\" rel=\"nofollow\" class=\"oxi-image-btn\">Selon Chateaubriand, Talleyrand inspira le crime du Duc d\u2019Enghien. Le 21 mars, alors que l'arrestation du duc n'est pas encore connue, Talleyrand d\u00e9clara \u00e0 l'assistance, \u00e0 deux heures du matin : \u00ab Le dernier Cond\u00e9 a cess\u00e9 d'exister \u00bb. L\u2019importance du r\u00f4le de Talleyrand dans l\u2019ex\u00e9cution du duc d\u2019Enghien suscita un d\u00e9bat \u00e0 la Restauration, date \u00e0 laquelle, Talleyrand fit dispara\u00eetre tous les documents se rapportant \u00e0 cette affaire. Il nia par la suite avoir pris part \u00e0 cette ex\u00e9cution.<\/a>\n                                            <\/div>\n                                                                                <\/div>\n                                <\/div>\n                            <\/div>\n                                                <\/div>\n                <\/div>\n                            <\/div> \n                            <\/div>\n            <\/div>\n","protected":false},"excerpt":{"rendered":"<p>[vc_row full_width=\u00a0\u00bbstretch_row\u00a0\u00bb css=\u00a0\u00bb.vc_custom_1513000693114{background-color: #272727 !important;}\u00a0\u00bb][vc_column width=\u00a0\u00bb1\/6&Prime;][vc_single_image image=\u00a0\u00bb1576&Prime; img_size=\u00a0\u00bb150X150&Prime; alignment=\u00a0\u00bbcenter\u00a0\u00bb][\/vc_column][vc_column width=\u00a0\u00bb1\/6&Prime;][vc_btn title=\u00a0\u00bbPortraits\u00a0\u00bb color=\u00a0\u00bbdefault\u00a0\u00bb size=\u00a0\u00bblg\u00a0\u00bb align=\u00a0\u00bbcenter\u00a0\u00bb button_block=\u00a0\u00bbtrue\u00a0\u00bb link=\u00a0\u00bburl:http%3A%2F%2Faline-voinot.com%2Findex.php%2Flouis-antoine-henri-de-bourbon-conde-dit-duc-denghien%2F|||\u00a0\u00bb][vc_btn title=\u00a0\u00bbR\u00e9sidences\u00a0\u00bb size=\u00a0\u00bblg\u00a0\u00bb align=\u00a0\u00bbcenter\u00a0\u00bb button_block=\u00a0\u00bbtrue\u00a0\u00bb link=\u00a0\u00bburl:http%3A%2F%2Faline-voinot.com%2Findex.php%2Fresidences-de-louis-antoine-henri-de-bourbon-conde-dit-duc-denghien%2F|||\u00a0\u00bb][\/vc_column][vc_column width=\u00a0\u00bb1\/6&Prime;][vc_btn title=\u00a0\u00bbR\u00e9seau Social\u00a0\u00bb color=\u00a0\u00bbdanger\u00a0\u00bb size=\u00a0\u00bblg\u00a0\u00bb align=\u00a0\u00bbcenter\u00a0\u00bb button_block=\u00a0\u00bbtrue\u00a0\u00bb link=\u00a0\u00bburl:http%3A%2F%2Faline-voinot.com%2Findex.php%2Freseau-social-de-louis-antoine-henri-de-bourbon-conde-dit-duc-denghien%2F|||\u00a0\u00bb][vc_btn title=\u00a0\u00bbG\u00e9n\u00e9alogie\u00a0\u00bb size=\u00a0\u00bblg\u00a0\u00bb align=\u00a0\u00bbcenter\u00a0\u00bb button_block=\u00a0\u00bbtrue\u00a0\u00bb link=\u00a0\u00bburl:http%3A%2F%2Faline-voinot.com%2Findex.php%2Fgenealogie-de-louis-antoine-henri-de-bourbon-conde-dit-duc-denghien%2F|||\u00a0\u00bb][\/vc_column][vc_column width=\u00a0\u00bb1\/6&Prime;][vc_btn title=\u00a0\u00bb\u00c9v\u00e9nements\u00a0\u00bb size=\u00a0\u00bblg\u00a0\u00bb align=\u00a0\u00bbcenter\u00a0\u00bb button_block=\u00a0\u00bbtrue\u00a0\u00bb link=\u00a0\u00bburl:http%3A%2F%2Faline-voinot.com%2Findex.php%2Fevenements-de-louis-antoine-henri-de-bourbon-conde-dit-duc-denghien%2F|||\u00a0\u00bb][vc_btn<\/p>\n","protected":false},"author":1,"featured_media":0,"parent":0,"menu_order":0,"comment_status":"closed","ping_status":"closed","template":"","meta":{"footnotes":""},"class_list":["post-8195","page","type-page","status-publish","hentry"],"yoast_head":"<!-- This site is optimized with the Yoast SEO plugin v22.8 - https:\/\/yoast.com\/wordpress\/plugins\/seo\/ -->\n<title>R\u00e9seau social de Louis-Antoine-Henri de Bourbon Cond\u00e9, dit Duc d\u2019Enghien - L&#039;Histoire est un roman...<\/title>\n<meta name=\"robots\" content=\"index, follow, max-snippet:-1, max-image-preview:large, max-video-preview:-1\" \/>\n<link rel=\"canonical\" href=\"https:\/\/aline-voinot.com\/index.php\/reseau-social-de-louis-antoine-henri-de-bourbon-conde-dit-duc-denghien\/\" \/>\n<meta property=\"og:locale\" content=\"fr_FR\" \/>\n<meta property=\"og:type\" content=\"article\" \/>\n<meta property=\"og:title\" content=\"R\u00e9seau social de Louis-Antoine-Henri de Bourbon Cond\u00e9, dit Duc d\u2019Enghien - L&#039;Histoire est un roman...\" \/>\n<meta property=\"og:description\" content=\"[vc_row full_width=\u00a0\u00bbstretch_row\u00a0\u00bb css=\u00a0\u00bb.vc_custom_1513000693114{background-color: #272727 !important;}\u00a0\u00bb][vc_column width=\u00a0\u00bb1\/6&Prime;][vc_single_image image=\u00a0\u00bb1576&Prime; img_size=\u00a0\u00bb150X150&Prime; alignment=\u00a0\u00bbcenter\u00a0\u00bb][\/vc_column][vc_column width=\u00a0\u00bb1\/6&Prime;][vc_btn title=\u00a0\u00bbPortraits\u00a0\u00bb color=\u00a0\u00bbdefault\u00a0\u00bb size=\u00a0\u00bblg\u00a0\u00bb align=\u00a0\u00bbcenter\u00a0\u00bb button_block=\u00a0\u00bbtrue\u00a0\u00bb link=\u00a0\u00bburl:http%3A%2F%2Faline-voinot.com%2Findex.php%2Flouis-antoine-henri-de-bourbon-conde-dit-duc-denghien%2F|||\u00a0\u00bb][vc_btn title=\u00a0\u00bbR\u00e9sidences\u00a0\u00bb size=\u00a0\u00bblg\u00a0\u00bb align=\u00a0\u00bbcenter\u00a0\u00bb button_block=\u00a0\u00bbtrue\u00a0\u00bb link=\u00a0\u00bburl:http%3A%2F%2Faline-voinot.com%2Findex.php%2Fresidences-de-louis-antoine-henri-de-bourbon-conde-dit-duc-denghien%2F|||\u00a0\u00bb][\/vc_column][vc_column width=\u00a0\u00bb1\/6&Prime;][vc_btn title=\u00a0\u00bbR\u00e9seau Social\u00a0\u00bb color=\u00a0\u00bbdanger\u00a0\u00bb size=\u00a0\u00bblg\u00a0\u00bb align=\u00a0\u00bbcenter\u00a0\u00bb button_block=\u00a0\u00bbtrue\u00a0\u00bb link=\u00a0\u00bburl:http%3A%2F%2Faline-voinot.com%2Findex.php%2Freseau-social-de-louis-antoine-henri-de-bourbon-conde-dit-duc-denghien%2F|||\u00a0\u00bb][vc_btn title=\u00a0\u00bbG\u00e9n\u00e9alogie\u00a0\u00bb size=\u00a0\u00bblg\u00a0\u00bb align=\u00a0\u00bbcenter\u00a0\u00bb button_block=\u00a0\u00bbtrue\u00a0\u00bb link=\u00a0\u00bburl:http%3A%2F%2Faline-voinot.com%2Findex.php%2Fgenealogie-de-louis-antoine-henri-de-bourbon-conde-dit-duc-denghien%2F|||\u00a0\u00bb][\/vc_column][vc_column width=\u00a0\u00bb1\/6&Prime;][vc_btn title=\u00a0\u00bb\u00c9v\u00e9nements\u00a0\u00bb size=\u00a0\u00bblg\u00a0\u00bb align=\u00a0\u00bbcenter\u00a0\u00bb button_block=\u00a0\u00bbtrue\u00a0\u00bb link=\u00a0\u00bburl:http%3A%2F%2Faline-voinot.com%2Findex.php%2Fevenements-de-louis-antoine-henri-de-bourbon-conde-dit-duc-denghien%2F|||\u00a0\u00bb][vc_btn\" \/>\n<meta property=\"og:url\" content=\"https:\/\/aline-voinot.com\/index.php\/reseau-social-de-louis-antoine-henri-de-bourbon-conde-dit-duc-denghien\/\" \/>\n<meta property=\"og:site_name\" content=\"L&#039;Histoire est un roman...\" \/>\n<meta property=\"article:modified_time\" content=\"2020-03-21T11:18:49+00:00\" \/>\n<meta name=\"twitter:card\" content=\"summary_large_image\" \/>\n<meta name=\"twitter:label1\" content=\"Dur\u00e9e de lecture estim\u00e9e\" \/>\n\t<meta name=\"twitter:data1\" content=\"2 minutes\" \/>\n<script type=\"application\/ld+json\" class=\"yoast-schema-graph\">{\"@context\":\"https:\/\/schema.org\",\"@graph\":[{\"@type\":\"WebPage\",\"@id\":\"https:\/\/aline-voinot.com\/index.php\/reseau-social-de-louis-antoine-henri-de-bourbon-conde-dit-duc-denghien\/\",\"url\":\"https:\/\/aline-voinot.com\/index.php\/reseau-social-de-louis-antoine-henri-de-bourbon-conde-dit-duc-denghien\/\",\"name\":\"R\u00e9seau social de Louis-Antoine-Henri de Bourbon Cond\u00e9, dit Duc d\u2019Enghien - L&#039;Histoire est un roman...\",\"isPartOf\":{\"@id\":\"https:\/\/aline-voinot.com\/#website\"},\"datePublished\":\"2018-12-27T18:31:03+00:00\",\"dateModified\":\"2020-03-21T11:18:49+00:00\",\"breadcrumb\":{\"@id\":\"https:\/\/aline-voinot.com\/index.php\/reseau-social-de-louis-antoine-henri-de-bourbon-conde-dit-duc-denghien\/#breadcrumb\"},\"inLanguage\":\"fr-FR\",\"potentialAction\":[{\"@type\":\"ReadAction\",\"target\":[\"https:\/\/aline-voinot.com\/index.php\/reseau-social-de-louis-antoine-henri-de-bourbon-conde-dit-duc-denghien\/\"]}]},{\"@type\":\"BreadcrumbList\",\"@id\":\"https:\/\/aline-voinot.com\/index.php\/reseau-social-de-louis-antoine-henri-de-bourbon-conde-dit-duc-denghien\/#breadcrumb\",\"itemListElement\":[{\"@type\":\"ListItem\",\"position\":1,\"name\":\"Accueil\",\"item\":\"https:\/\/aline-voinot.com\/\"},{\"@type\":\"ListItem\",\"position\":2,\"name\":\"R\u00e9seau social de Louis-Antoine-Henri de Bourbon Cond\u00e9, dit Duc d\u2019Enghien\"}]},{\"@type\":\"WebSite\",\"@id\":\"https:\/\/aline-voinot.com\/#website\",\"url\":\"https:\/\/aline-voinot.com\/\",\"name\":\"L&#039;Histoire est un roman...\",\"description\":\"&quot;Destins connus, destins crois\u00e9s&quot; la premi\u00e8re encyclop\u00e9die romanc\u00e9e...\",\"potentialAction\":[{\"@type\":\"SearchAction\",\"target\":{\"@type\":\"EntryPoint\",\"urlTemplate\":\"https:\/\/aline-voinot.com\/?s={search_term_string}\"},\"query-input\":\"required name=search_term_string\"}],\"inLanguage\":\"fr-FR\"}]}<\/script>\n<!-- \/ Yoast SEO plugin. -->","yoast_head_json":{"title":"R\u00e9seau social de Louis-Antoine-Henri de Bourbon Cond\u00e9, dit Duc d\u2019Enghien - L&#039;Histoire est un roman...","robots":{"index":"index","follow":"follow","max-snippet":"max-snippet:-1","max-image-preview":"max-image-preview:large","max-video-preview":"max-video-preview:-1"},"canonical":"https:\/\/aline-voinot.com\/index.php\/reseau-social-de-louis-antoine-henri-de-bourbon-conde-dit-duc-denghien\/","og_locale":"fr_FR","og_type":"article","og_title":"R\u00e9seau social de Louis-Antoine-Henri de Bourbon Cond\u00e9, dit Duc d\u2019Enghien - L&#039;Histoire est un roman...","og_description":"[vc_row full_width=\u00a0\u00bbstretch_row\u00a0\u00bb css=\u00a0\u00bb.vc_custom_1513000693114{background-color: #272727 !important;}\u00a0\u00bb][vc_column width=\u00a0\u00bb1\/6&Prime;][vc_single_image image=\u00a0\u00bb1576&Prime; img_size=\u00a0\u00bb150X150&Prime; alignment=\u00a0\u00bbcenter\u00a0\u00bb][\/vc_column][vc_column width=\u00a0\u00bb1\/6&Prime;][vc_btn title=\u00a0\u00bbPortraits\u00a0\u00bb color=\u00a0\u00bbdefault\u00a0\u00bb size=\u00a0\u00bblg\u00a0\u00bb align=\u00a0\u00bbcenter\u00a0\u00bb button_block=\u00a0\u00bbtrue\u00a0\u00bb link=\u00a0\u00bburl:http%3A%2F%2Faline-voinot.com%2Findex.php%2Flouis-antoine-henri-de-bourbon-conde-dit-duc-denghien%2F|||\u00a0\u00bb][vc_btn title=\u00a0\u00bbR\u00e9sidences\u00a0\u00bb size=\u00a0\u00bblg\u00a0\u00bb align=\u00a0\u00bbcenter\u00a0\u00bb button_block=\u00a0\u00bbtrue\u00a0\u00bb link=\u00a0\u00bburl:http%3A%2F%2Faline-voinot.com%2Findex.php%2Fresidences-de-louis-antoine-henri-de-bourbon-conde-dit-duc-denghien%2F|||\u00a0\u00bb][\/vc_column][vc_column width=\u00a0\u00bb1\/6&Prime;][vc_btn title=\u00a0\u00bbR\u00e9seau Social\u00a0\u00bb color=\u00a0\u00bbdanger\u00a0\u00bb size=\u00a0\u00bblg\u00a0\u00bb align=\u00a0\u00bbcenter\u00a0\u00bb button_block=\u00a0\u00bbtrue\u00a0\u00bb link=\u00a0\u00bburl:http%3A%2F%2Faline-voinot.com%2Findex.php%2Freseau-social-de-louis-antoine-henri-de-bourbon-conde-dit-duc-denghien%2F|||\u00a0\u00bb][vc_btn title=\u00a0\u00bbG\u00e9n\u00e9alogie\u00a0\u00bb size=\u00a0\u00bblg\u00a0\u00bb align=\u00a0\u00bbcenter\u00a0\u00bb button_block=\u00a0\u00bbtrue\u00a0\u00bb link=\u00a0\u00bburl:http%3A%2F%2Faline-voinot.com%2Findex.php%2Fgenealogie-de-louis-antoine-henri-de-bourbon-conde-dit-duc-denghien%2F|||\u00a0\u00bb][\/vc_column][vc_column width=\u00a0\u00bb1\/6&Prime;][vc_btn title=\u00a0\u00bb\u00c9v\u00e9nements\u00a0\u00bb size=\u00a0\u00bblg\u00a0\u00bb align=\u00a0\u00bbcenter\u00a0\u00bb button_block=\u00a0\u00bbtrue\u00a0\u00bb link=\u00a0\u00bburl:http%3A%2F%2Faline-voinot.com%2Findex.php%2Fevenements-de-louis-antoine-henri-de-bourbon-conde-dit-duc-denghien%2F|||\u00a0\u00bb][vc_btn","og_url":"https:\/\/aline-voinot.com\/index.php\/reseau-social-de-louis-antoine-henri-de-bourbon-conde-dit-duc-denghien\/","og_site_name":"L&#039;Histoire est un roman...","article_modified_time":"2020-03-21T11:18:49+00:00","twitter_card":"summary_large_image","twitter_misc":{"Dur\u00e9e de lecture estim\u00e9e":"2 minutes"},"schema":{"@context":"https:\/\/schema.org","@graph":[{"@type":"WebPage","@id":"https:\/\/aline-voinot.com\/index.php\/reseau-social-de-louis-antoine-henri-de-bourbon-conde-dit-duc-denghien\/","url":"https:\/\/aline-voinot.com\/index.php\/reseau-social-de-louis-antoine-henri-de-bourbon-conde-dit-duc-denghien\/","name":"R\u00e9seau social de Louis-Antoine-Henri de Bourbon Cond\u00e9, dit Duc d\u2019Enghien - L&#039;Histoire est un roman...","isPartOf":{"@id":"https:\/\/aline-voinot.com\/#website"},"datePublished":"2018-12-27T18:31:03+00:00","dateModified":"2020-03-21T11:18:49+00:00","breadcrumb":{"@id":"https:\/\/aline-voinot.com\/index.php\/reseau-social-de-louis-antoine-henri-de-bourbon-conde-dit-duc-denghien\/#breadcrumb"},"inLanguage":"fr-FR","potentialAction":[{"@type":"ReadAction","target":["https:\/\/aline-voinot.com\/index.php\/reseau-social-de-louis-antoine-henri-de-bourbon-conde-dit-duc-denghien\/"]}]},{"@type":"BreadcrumbList","@id":"https:\/\/aline-voinot.com\/index.php\/reseau-social-de-louis-antoine-henri-de-bourbon-conde-dit-duc-denghien\/#breadcrumb","itemListElement":[{"@type":"ListItem","position":1,"name":"Accueil","item":"https:\/\/aline-voinot.com\/"},{"@type":"ListItem","position":2,"name":"R\u00e9seau social de Louis-Antoine-Henri de Bourbon Cond\u00e9, dit Duc d\u2019Enghien"}]},{"@type":"WebSite","@id":"https:\/\/aline-voinot.com\/#website","url":"https:\/\/aline-voinot.com\/","name":"L&#039;Histoire est un roman...","description":"&quot;Destins connus, destins crois\u00e9s&quot; la premi\u00e8re encyclop\u00e9die romanc\u00e9e...","potentialAction":[{"@type":"SearchAction","target":{"@type":"EntryPoint","urlTemplate":"https:\/\/aline-voinot.com\/?s={search_term_string}"},"query-input":"required name=search_term_string"}],"inLanguage":"fr-FR"}]}},"_links":{"self":[{"href":"https:\/\/aline-voinot.com\/index.php\/wp-json\/wp\/v2\/pages\/8195","targetHints":{"allow":["GET"]}}],"collection":[{"href":"https:\/\/aline-voinot.com\/index.php\/wp-json\/wp\/v2\/pages"}],"about":[{"href":"https:\/\/aline-voinot.com\/index.php\/wp-json\/wp\/v2\/types\/page"}],"author":[{"embeddable":true,"href":"https:\/\/aline-voinot.com\/index.php\/wp-json\/wp\/v2\/users\/1"}],"replies":[{"embeddable":true,"href":"https:\/\/aline-voinot.com\/index.php\/wp-json\/wp\/v2\/comments?post=8195"}],"version-history":[{"count":0,"href":"https:\/\/aline-voinot.com\/index.php\/wp-json\/wp\/v2\/pages\/8195\/revisions"}],"wp:attachment":[{"href":"https:\/\/aline-voinot.com\/index.php\/wp-json\/wp\/v2\/media?parent=8195"}],"curies":[{"name":"wp","href":"https:\/\/api.w.org\/{rel}","templated":true}]}}